{"id":71,"date":"2015-08-09T13:39:31","date_gmt":"2015-08-09T11:39:31","guid":{"rendered":"http:\/\/www.eremos.eu\/?page_id=71"},"modified":"2016-11-22T16:14:06","modified_gmt":"2016-11-22T14:14:06","slug":"veneto","status":"publish","type":"page","link":"https:\/\/eremos.eu\/index.php\/veneto\/","title":{"rendered":"Veneto (21)"},"content":{"rendered":"<p>&nbsp;<\/p>\n<h3><span style=\"color: #0000ff;\"><strong>COLLI BERICI<\/strong><\/span><\/h3>\n<p><strong>EREMO DI SAN CASSIANO<\/strong> (Chiesa-romitorio semirupestre &#8211; XVII secolo)<br \/>\n<a href=\"https:\/\/eremos.eu\/wp-content\/uploads\/2015\/08\/san-cassiano-1.jpg\"><img loading=\"lazy\" decoding=\"async\" class=\"alignright size-medium wp-image-4966\" src=\"https:\/\/eremos.eu\/wp-content\/uploads\/2015\/08\/san-cassiano-1-190x300.jpg\" alt=\"san cassiano 1\" width=\"190\" height=\"300\" srcset=\"https:\/\/eremos.eu\/wp-content\/uploads\/2015\/08\/san-cassiano-1-190x300.jpg 190w, https:\/\/eremos.eu\/wp-content\/uploads\/2015\/08\/san-cassiano-1.jpg 526w\" sizes=\"auto, (max-width: 190px) 100vw, 190px\" \/><\/a><\/p>\n<p>Localit\u00e0: <strong>Lumignano di Longare<\/strong> (VI)<\/p>\n<p style=\"text-align: justify;\">L\u2019edificio che vediamo oggi \u00e8 stato costruito probabilmente nel XVII secolo a ridosso di una parete rocciosa e inglobando i resti dell\u2019antica chiesa di San Cassiano eretta tra il VI ed VII secolo. Si trovava in corrispondenza di un covolo, o grande grotta, con funzione di abside e chiuso da murature. Legate al luogo di culto e messe in luce nel corso dei secoli sono le tredici sepolture scolpite nella roccia, di cui dieci ancora visibili. L\u2019attuale chiesa, a cui si accede dalla scalinata posta sul lato nord dell\u2019edificio, corrisponde ad una cappella pi\u00f9 antica, quella del Santo Sepolcro, un tempo distinta dalla chiesa di San Cassiano. Il complesso religioso divenne propriet\u00e0 privata della famiglia padovana dei Dottori dal XVII secolo fino alla fine del XVIII, allorquando pass\u00f2 a Nicol\u00f2 Leoni che nel 1825 lo cedette alla famiglia Da Schio cui appartiene tutt\u2019ora.<\/p>\n<p style=\"text-align: justify;\"><a href=\"https:\/\/eremos.eu\/wp-content\/uploads\/2015\/08\/1a17.jpg\"><img loading=\"lazy\" decoding=\"async\" class=\"alignleft wp-image-4961 size-medium\" src=\"https:\/\/eremos.eu\/wp-content\/uploads\/2015\/08\/1a17-300x225.jpg\" alt=\"1a\" width=\"300\" height=\"225\" srcset=\"https:\/\/eremos.eu\/wp-content\/uploads\/2015\/08\/1a17-300x225.jpg 300w, https:\/\/eremos.eu\/wp-content\/uploads\/2015\/08\/1a17.jpg 500w\" sizes=\"auto, (max-width: 300px) 100vw, 300px\" \/><\/a><\/p>\n<p><a href=\"https:\/\/eremos.eu\/wp-content\/uploads\/2015\/08\/san-cassiano-21.jpg\"><img loading=\"lazy\" decoding=\"async\" class=\"wp-image-4964 alignnone\" src=\"https:\/\/eremos.eu\/wp-content\/uploads\/2015\/08\/san-cassiano-21-300x210.jpg\" alt=\"san cassiano 2\" width=\"322\" height=\"225\" srcset=\"https:\/\/eremos.eu\/wp-content\/uploads\/2015\/08\/san-cassiano-21-300x210.jpg 300w, https:\/\/eremos.eu\/wp-content\/uploads\/2015\/08\/san-cassiano-21-1024x715.jpg 1024w, https:\/\/eremos.eu\/wp-content\/uploads\/2015\/08\/san-cassiano-21.jpg 1031w\" sizes=\"auto, (max-width: 322px) 100vw, 322px\" \/><\/a><\/p>\n<hr \/>\n<p><strong>EREMO DI SANTA TECLA IN MONTE<\/strong> (Romitorio rupestre &#8211; XII-XIII secolo)<\/p>\n<p><a href=\"https:\/\/eremos.eu\/wp-content\/uploads\/2015\/08\/280.jpg\"><img loading=\"lazy\" decoding=\"async\" class=\"alignright wp-image-4967\" src=\"https:\/\/eremos.eu\/wp-content\/uploads\/2015\/08\/280-300x224.jpg\" alt=\"2\" width=\"281\" height=\"210\" srcset=\"https:\/\/eremos.eu\/wp-content\/uploads\/2015\/08\/280-300x224.jpg 300w, https:\/\/eremos.eu\/wp-content\/uploads\/2015\/08\/280.jpg 502w\" sizes=\"auto, (max-width: 281px) 100vw, 281px\" \/><\/a>Localit\u00e0: <strong>Lumignano di Longare<\/strong> (VI)<\/p>\n<p style=\"text-align: justify;\">Le origini dell\u2019eremo di Santa Tecla in Monte, costituito da due cavit\u00e0 (covoli) adiacenti che si aprono sotto una piccola scarpata rocciosa, sono piuttosto vaghe. Il pi\u00f9 antico documento risalente al 1236 attesta l\u2019esistenza di un monastero femminile dedicato alla Santa (forse del VII-VIII secolo), dotato di una poderosa muraglia di venti piedi poi demolita, per arrivare agli inizi del \u2019500 con l\u2019insediamento di monaci eremiti che vi resteranno fino alla soppressione napoleonica.<\/p>\n<hr \/>\n<p style=\"text-align: justify;\"><strong>GROTTA DI SAN BERNARDINO<\/strong> (Romitorio rupestre &#8211; XV secolo)<\/p>\n<p>Localit\u00e0: <strong>Mossano<\/strong> (VI)<a href=\"https:\/\/eremos.eu\/wp-content\/uploads\/2015\/08\/san-bernardino.jpg\"><img loading=\"lazy\" decoding=\"async\" class=\"alignright size-medium wp-image-4970\" src=\"https:\/\/eremos.eu\/wp-content\/uploads\/2015\/08\/san-bernardino-200x300.jpg\" alt=\"san bernardino\" width=\"200\" height=\"300\" srcset=\"https:\/\/eremos.eu\/wp-content\/uploads\/2015\/08\/san-bernardino-200x300.jpg 200w, https:\/\/eremos.eu\/wp-content\/uploads\/2015\/08\/san-bernardino.jpg 665w\" sizes=\"auto, (max-width: 200px) 100vw, 200px\" \/><\/a><\/p>\n<p style=\"text-align: justify;\">La grotta, gi\u00e0 luogo di romitaggio dal XV secolo, deve il suo nome, secondo la tradizione, all&#8217;ospitalit\u00e0 offerta proprio a San Bernardino da Siena. All&#8217;inizio del XVI secolo questa cavit\u00e0, come le altre dei Colli Berici, venne fortificata e trasformata in rifugio per le popolazioni locali quando l&#8217;entroterra della Serenissima era sottoposto alle scorrerie delle milizie imperiali. Di quegli anni \u00e8 l\u2019episodio storico che l\u2019ha resa tristemente celebre: l&#8217;eccidio (vennero soffocati con il fumo 1.200 persone) che vi si consum\u00f2. All\u2019interno, nella parete destra, pochi metri oltre il muro, si trova scolpita una <i>Madonna con Bambino <\/i>che testimonia l&#8217;uso di questa cavit\u00e0 anche come chiesa. Ma nella grotta di San Bernardino si ritrovano anche testimonianze preistoriche del territorio vicentino; il luogo \u00e8 stato, infatti, protagonista di numerose campagne di scavi che hanno messo in luce materiali molto interessanti e fanno datare gli strati pi\u00f9 profondi tra 250.000 e 150.000 anni.<\/p>\n<p><a href=\"https:\/\/eremos.eu\/wp-content\/uploads\/2015\/08\/360.jpg\"><img loading=\"lazy\" decoding=\"async\" class=\"alignleft wp-image-4968 size-medium\" src=\"https:\/\/eremos.eu\/wp-content\/uploads\/2015\/08\/360-300x201.jpg\" alt=\"3\" width=\"300\" height=\"201\" srcset=\"https:\/\/eremos.eu\/wp-content\/uploads\/2015\/08\/360-300x201.jpg 300w, https:\/\/eremos.eu\/wp-content\/uploads\/2015\/08\/360.jpg 501w\" sizes=\"auto, (max-width: 300px) 100vw, 300px\" \/><\/a><\/p>\n<p><a href=\"https:\/\/eremos.eu\/wp-content\/uploads\/2015\/08\/3b11.jpg\"><img loading=\"lazy\" decoding=\"async\" class=\"wp-image-4969 alignnone\" src=\"https:\/\/eremos.eu\/wp-content\/uploads\/2015\/08\/3b11-300x200.jpg\" alt=\"3b\" width=\"302\" height=\"201\" srcset=\"https:\/\/eremos.eu\/wp-content\/uploads\/2015\/08\/3b11-300x200.jpg 300w, https:\/\/eremos.eu\/wp-content\/uploads\/2015\/08\/3b11.jpg 503w\" sizes=\"auto, (max-width: 302px) 100vw, 302px\" \/><\/a><\/p>\n<hr \/>\n<p><strong>EREMO DI SAN DONATO AL COVOLO<\/strong> (Cenobio rupestre &#8211; XIII secolo)<\/p>\n<p>Localit\u00e0: <strong>Pozzolo di Villaga<\/strong> (VI)<\/p>\n<p style=\"text-align: justify;\">Del luogo suggestivo, dove un tempo si trovava un antico convento, rimangono sole le tracce delle fondamenta a ridosso della parete rocciosa. L&#8217;antica chiesa aveva l&#8217;abside che faceva tutt&#8217;uno con il covolo (grotta). Del romitorio si ha notizia sin dal 1240, quando divenne un monastero benedettino femminile. Probabilmente il complesso monastico di San Donato del Covolo venne abitato fino alle soppressioni ecclesiastiche volute da Venezia nel XVII secolo ed infine del tutto abbandonato e gi\u00e0 in rovina con le confische napoleoniche di inizio ottocento. Tuttavia alcuni antri riparati da muri furono adibiti a case rupestri abitate nel corso dell&#8217;Ottocento e, forse, anche fino ad inizio Novecento. L\u2019intera area del monte Tondo di Villaga venne requisita per scopi militari non solo durante la Grande Guerra ma anche dai tedeschi, nel corso dell\u2019ultimo conflitto mondiale, che sfregiarono del tutto il complesso demolendo le vecchie strutture murarie del convento.<\/p>\n<p style=\"text-align: justify;\"><a href=\"https:\/\/eremos.eu\/wp-content\/uploads\/2015\/08\/480.jpg\"><img loading=\"lazy\" decoding=\"async\" class=\"alignleft size-medium wp-image-4971\" src=\"https:\/\/eremos.eu\/wp-content\/uploads\/2015\/08\/480-300x224.jpg\" alt=\"4\" width=\"300\" height=\"224\" srcset=\"https:\/\/eremos.eu\/wp-content\/uploads\/2015\/08\/480-300x224.jpg 300w, https:\/\/eremos.eu\/wp-content\/uploads\/2015\/08\/480.jpg 502w\" sizes=\"auto, (max-width: 300px) 100vw, 300px\" \/><\/a><a href=\"https:\/\/eremos.eu\/wp-content\/uploads\/2015\/08\/4a15.jpg\"><img loading=\"lazy\" decoding=\"async\" class=\"size-medium wp-image-4972 alignnone\" src=\"https:\/\/eremos.eu\/wp-content\/uploads\/2015\/08\/4a15-300x225.jpg\" alt=\"4a\" width=\"300\" height=\"225\" srcset=\"https:\/\/eremos.eu\/wp-content\/uploads\/2015\/08\/4a15-300x225.jpg 300w, https:\/\/eremos.eu\/wp-content\/uploads\/2015\/08\/4a15.jpg 501w\" sizes=\"auto, (max-width: 300px) 100vw, 300px\" \/><\/a><\/p>\n<hr \/>\n<h3><span style=\"color: #0000ff;\"><strong>COLLI EUGANEI<\/strong><\/span><\/h3>\n<p><strong>EREMO DI SANT&#8217;ANTONIO ABATE DEL COVOLO<\/strong> (Chiesa e romitorio rupestre &#8211; XIII secolo)<\/p>\n<p>Localit\u00e0: <strong>Teolo<\/strong> (PD) \u00a0 \u00a0 \u00a0 \u00a0 \u00a0 \u00a0 \u00a0 \u00a0 \u00a0 \u00a0 \u00a0 \u00a0 \u00a0 \u00a0 \u00a0 \u00a0 \u00a0 Sub-area: <span style=\"color: #0000ff;\">Parco Regionale dei Colli Euganei<\/span><\/p>\n<p style=\"text-align: justify;\"><a href=\"https:\/\/eremos.eu\/wp-content\/uploads\/2015\/08\/grotta-santantonio.jpg\"><img loading=\"lazy\" decoding=\"async\" class=\"alignright wp-image-4975 size-medium\" src=\"https:\/\/eremos.eu\/wp-content\/uploads\/2015\/08\/grotta-santantonio-300x182.jpg\" alt=\"grotta-santantonio\" width=\"300\" height=\"182\" srcset=\"https:\/\/eremos.eu\/wp-content\/uploads\/2015\/08\/grotta-santantonio-300x182.jpg 300w, https:\/\/eremos.eu\/wp-content\/uploads\/2015\/08\/grotta-santantonio.jpg 720w\" sizes=\"auto, (max-width: 300px) 100vw, 300px\" \/><\/a>Presso il covolo (grotta) dei Colli Euganei, che una pia tradizione indicava come il luogo in cui avrebbe condotto vita eremitica santa Felicita, forse agli inizi\u00a0del XIII secolo venne fondato l\u2019eremo di Sant\u2019Antonio Abate, ancorch\u00e9 l\u2019esistenza della comunit\u00e0 \u00e8 documentata a partire dalla prima met\u00e0 del secolo XIV. Del 1300 \u00e8 sicuramente la statua della Madonna, scolpita in pietra d\u2019Avesa, che \u00e8 arrivata fino a noi. Nel 1405 fu unito al monastero padovano di Ognissanti e in seguito donato al monastero di Santa Giustina di Padova. Della primitiva chiesa restano solo alcuni conci, qualche base o cornice di colonne quadrate, inglobate nelle mura della costruzione attuale, peraltro, di recente restaurata.<\/p>\n<p style=\"text-align: justify;\"><a href=\"https:\/\/eremos.eu\/wp-content\/uploads\/2015\/08\/550.jpg\"><img loading=\"lazy\" decoding=\"async\" class=\"alignleft wp-image-4973 size-medium\" src=\"https:\/\/eremos.eu\/wp-content\/uploads\/2015\/08\/550-300x201.jpg\" alt=\"5\" width=\"300\" height=\"201\" srcset=\"https:\/\/eremos.eu\/wp-content\/uploads\/2015\/08\/550-300x201.jpg 300w, https:\/\/eremos.eu\/wp-content\/uploads\/2015\/08\/550.jpg 504w\" sizes=\"auto, (max-width: 300px) 100vw, 300px\" \/><\/a><a href=\"https:\/\/eremos.eu\/wp-content\/uploads\/2015\/08\/5a15.jpg\"><img loading=\"lazy\" decoding=\"async\" class=\"alignnone wp-image-4974\" src=\"https:\/\/eremos.eu\/wp-content\/uploads\/2015\/08\/5a15-300x200.jpg\" alt=\"5a\" width=\"301\" height=\"201\" srcset=\"https:\/\/eremos.eu\/wp-content\/uploads\/2015\/08\/5a15-300x200.jpg 300w, https:\/\/eremos.eu\/wp-content\/uploads\/2015\/08\/5a15.jpg 502w\" sizes=\"auto, (max-width: 301px) 100vw, 301px\" \/><\/a><\/p>\n<hr \/>\n<p><strong>EREMO DI MONTE RUA<\/strong> (Complesso cenobitico &#8211; XIV secolo)<\/p>\n<p>Localit\u00e0: <strong>Torreglia<\/strong> (PD) \u00a0 \u00a0 \u00a0 \u00a0 \u00a0 \u00a0 \u00a0 \u00a0 \u00a0 \u00a0 \u00a0\u00a0Sub-area: <span style=\"color: #0000ff;\">Parco Regionale dei Colli Euganei<\/span><\/p>\n<p style=\"text-align: justify;\"><a href=\"https:\/\/eremos.eu\/wp-content\/uploads\/2015\/08\/monte-rua.jpg\"><img loading=\"lazy\" decoding=\"async\" class=\"alignright size-medium wp-image-4976\" src=\"https:\/\/eremos.eu\/wp-content\/uploads\/2015\/08\/monte-rua-300x195.jpg\" alt=\"monte rua\" width=\"300\" height=\"195\" srcset=\"https:\/\/eremos.eu\/wp-content\/uploads\/2015\/08\/monte-rua-300x195.jpg 300w, https:\/\/eremos.eu\/wp-content\/uploads\/2015\/08\/monte-rua.jpg 575w\" sizes=\"auto, (max-width: 300px) 100vw, 300px\" \/><\/a>L\u2019eremo camaldolese di Santa Maria Annunziata \u00e8 sorto nel 1334 sul monte Rua, nel cuore dei colli Euganei. Dal 1537 il piccolo eremo iniziale si ampli\u00f2 e divenne un polo spirituale per tutto il Veneto. Fu soppresso nel 1806 in base alle leggi napoleoniche e riaperto solo nel 1863 grazie a Padre Emiliano dell\u2019ordine camaldolese.\u00a0 Quale tipico eremo di clausura consta di una chiesetta, con pitture murali del XVII secolo, attorniata da quattordici celle a forma di casette e risalenti al 1530. Ogni cella \u00e8 costituita da una cameretta per il riposo, uno studiolo, una cappella con altare, un bagno e una legnaia; all\u2019esterno, poi, c\u2019\u00e8 sempre un piccolo orto recintato da un muretto. Molto suggestiva \u00e8 la passeggiata attorno alla cinta muraria in pietra lunga 1.400 metri.<\/p>\n<p style=\"text-align: justify;\"><a href=\"https:\/\/eremos.eu\/wp-content\/uploads\/2015\/08\/eremo-monte-rua-6_14.jpg\"><img loading=\"lazy\" decoding=\"async\" class=\"alignleft wp-image-4977 size-medium\" src=\"https:\/\/eremos.eu\/wp-content\/uploads\/2015\/08\/eremo-monte-rua-6_14-300x212.jpg\" alt=\"eremo-monte-rua-6_14\" width=\"300\" height=\"212\" srcset=\"https:\/\/eremos.eu\/wp-content\/uploads\/2015\/08\/eremo-monte-rua-6_14-300x212.jpg 300w, https:\/\/eremos.eu\/wp-content\/uploads\/2015\/08\/eremo-monte-rua-6_14-1024x725.jpg 1024w, https:\/\/eremos.eu\/wp-content\/uploads\/2015\/08\/eremo-monte-rua-6_14.jpg 1280w\" sizes=\"auto, (max-width: 300px) 100vw, 300px\" \/><\/a><a href=\"https:\/\/eremos.eu\/wp-content\/uploads\/2015\/08\/Eremo-Camaldolese-di-Monte-Rua_chiesa.jpg\"><img loading=\"lazy\" decoding=\"async\" class=\"wp-image-4978 alignnone\" src=\"https:\/\/eremos.eu\/wp-content\/uploads\/2015\/08\/Eremo-Camaldolese-di-Monte-Rua_chiesa-300x199.jpg\" alt=\"Eremo-Camaldolese-di-Monte-Rua_chiesa\" width=\"319\" height=\"212\" srcset=\"https:\/\/eremos.eu\/wp-content\/uploads\/2015\/08\/Eremo-Camaldolese-di-Monte-Rua_chiesa-300x199.jpg 300w, https:\/\/eremos.eu\/wp-content\/uploads\/2015\/08\/Eremo-Camaldolese-di-Monte-Rua_chiesa-1024x680.jpg 1024w, https:\/\/eremos.eu\/wp-content\/uploads\/2015\/08\/Eremo-Camaldolese-di-Monte-Rua_chiesa.jpg 1600w\" sizes=\"auto, (max-width: 319px) 100vw, 319px\" \/><\/a><\/p>\n<hr \/>\n<h3><span style=\"color: #0000ff;\"><strong>FELTRINO<\/strong><\/span><\/h3>\n<p><strong><a href=\"https:\/\/eremos.eu\/wp-content\/uploads\/2015\/08\/747.jpg\"><img loading=\"lazy\" decoding=\"async\" class=\"alignright wp-image-4985\" src=\"https:\/\/eremos.eu\/wp-content\/uploads\/2015\/08\/747-191x300.jpg\" alt=\"7\" width=\"147\" height=\"230\" srcset=\"https:\/\/eremos.eu\/wp-content\/uploads\/2015\/08\/747-191x300.jpg 191w, https:\/\/eremos.eu\/wp-content\/uploads\/2015\/08\/747.jpg 298w\" sizes=\"auto, (max-width: 147px) 100vw, 147px\" \/><\/a>COVOLO DI SAN MICHELE<\/strong> (Oratorio semirupestre &#8211; XV-XVII secolo)<\/p>\n<p>Localit\u00e0: <strong>Fonzaso<\/strong> (BL)<\/p>\n<p style=\"text-align: justify;\">Il covolo di San Michele, situato in una nicchia della parete rocciosa alle spalle del paese di Fonzaso, \u00e8 un piccolo oratorio di epoca incerta affiancato da una dimora merlata (casa del custode o guardiano del fuoco). Nella chiesa \u00e8 ancora visibile l\u2019affresco dell\u2019<i>Occhio Divino <\/i>ed una tela raffigurante San Michele. Il custode o guardiano del fuoco aveva il compito di vigilare sul paese, edificato interamente in legno, e dare l\u2019allarme in caso di incendio.<\/p>\n<p><a href=\"https:\/\/eremos.eu\/wp-content\/uploads\/2015\/08\/03-fonzaso-chiesa-di-san-michel2.jpg\"><img loading=\"lazy\" decoding=\"async\" class=\"alignleft wp-image-4983 size-medium\" src=\"https:\/\/eremos.eu\/wp-content\/uploads\/2015\/08\/03-fonzaso-chiesa-di-san-michel2-300x223.jpg\" alt=\"03-fonzaso-chiesa-di-san-michel\" width=\"300\" height=\"223\" srcset=\"https:\/\/eremos.eu\/wp-content\/uploads\/2015\/08\/03-fonzaso-chiesa-di-san-michel2-300x223.jpg 300w, https:\/\/eremos.eu\/wp-content\/uploads\/2015\/08\/03-fonzaso-chiesa-di-san-michel2-1024x761.jpg 1024w, https:\/\/eremos.eu\/wp-content\/uploads\/2015\/08\/03-fonzaso-chiesa-di-san-michel2.jpg 1256w\" sizes=\"auto, (max-width: 300px) 100vw, 300px\" \/><\/a><\/p>\n<p><a href=\"https:\/\/eremos.eu\/wp-content\/uploads\/2015\/08\/7a16.jpg\"><img loading=\"lazy\" decoding=\"async\" class=\"wp-image-4980 alignnone\" src=\"https:\/\/eremos.eu\/wp-content\/uploads\/2015\/08\/7a16-300x225.jpg\" alt=\"7a\" width=\"298\" height=\"223\" srcset=\"https:\/\/eremos.eu\/wp-content\/uploads\/2015\/08\/7a16-300x225.jpg 300w, https:\/\/eremos.eu\/wp-content\/uploads\/2015\/08\/7a16.jpg 499w\" sizes=\"auto, (max-width: 298px) 100vw, 298px\" \/><\/a><\/p>\n<hr \/>\n<h3><span style=\"color: #0000ff;\"><strong>GARDA VERONESE<\/strong><\/span><\/h3>\n<p><strong>EREMO DI SAN GIORGIO<\/strong> (Complesso cenobitico &#8211; XVII secolo)<\/p>\n<p><a href=\"https:\/\/eremos.eu\/wp-content\/uploads\/2015\/08\/san-giorgio.jpg\"><img loading=\"lazy\" decoding=\"async\" class=\"alignright size-medium wp-image-4987\" src=\"https:\/\/eremos.eu\/wp-content\/uploads\/2015\/08\/san-giorgio-300x300.jpg\" alt=\"san giorgio\" width=\"300\" height=\"300\" srcset=\"https:\/\/eremos.eu\/wp-content\/uploads\/2015\/08\/san-giorgio-300x300.jpg 300w, https:\/\/eremos.eu\/wp-content\/uploads\/2015\/08\/san-giorgio-150x150.jpg 150w, https:\/\/eremos.eu\/wp-content\/uploads\/2015\/08\/san-giorgio.jpg 400w\" sizes=\"auto, (max-width: 300px) 100vw, 300px\" \/><\/a>Localit\u00e0: <strong>Bardolino<\/strong> (VR)<\/p>\n<p style=\"text-align: justify;\">L\u2019eremo di San Giorgio si trova sull\u2019omonimo promontorio che domina il tratto di costa orientale del lago di Garda, nella stessa posizione panoramica in cui, tra l&#8217;862 ed il 1532, vi era la chiesetta di San Giorgio. E furono alcuni monaci camaldolesi provenienti dall&#8217;eremo di monte Rua ad insediarsi nel 1665 ed a fondarlo. Dopo una lunga e buia pausa di due secoli (a partire dal 1810, data della soppressione napoleonica), nel 1993 si favorisce il definitivo ritorno dell\u2019ordine benedettino e quindi della sua conservazione. Oltre alla chiesa di San Giorgio, che custodisce una preziosa tela di Palma il Giovane raffigurante san Romualdo, fondatore dell&#8217;ordine camaldolese, la zona di clausura \u00e8 formata da otto celle disposte su file parallele ed ognuna con un orticello privato.<\/p>\n<p style=\"text-align: justify;\"><a href=\"https:\/\/eremos.eu\/wp-content\/uploads\/2015\/08\/Eremo-San-Giorgio-31.jpg\"><img loading=\"lazy\" decoding=\"async\" class=\"alignleft wp-image-4990 size-medium\" src=\"https:\/\/eremos.eu\/wp-content\/uploads\/2015\/08\/Eremo-San-Giorgio-31-300x210.jpg\" alt=\"Eremo-San-Giorgio-3\" width=\"300\" height=\"210\" srcset=\"https:\/\/eremos.eu\/wp-content\/uploads\/2015\/08\/Eremo-San-Giorgio-31-300x210.jpg 300w, https:\/\/eremos.eu\/wp-content\/uploads\/2015\/08\/Eremo-San-Giorgio-31.jpg 443w\" sizes=\"auto, (max-width: 300px) 100vw, 300px\" \/><\/a><\/p>\n<p><a href=\"https:\/\/eremos.eu\/wp-content\/uploads\/2015\/08\/san-giorgio-bard.jpg\"><img loading=\"lazy\" decoding=\"async\" class=\"wp-image-4989 alignnone\" src=\"https:\/\/eremos.eu\/wp-content\/uploads\/2015\/08\/san-giorgio-bard-300x200.jpg\" alt=\"san giorgio bard\" width=\"315\" height=\"210\" srcset=\"https:\/\/eremos.eu\/wp-content\/uploads\/2015\/08\/san-giorgio-bard-300x200.jpg 300w, https:\/\/eremos.eu\/wp-content\/uploads\/2015\/08\/san-giorgio-bard.jpg 1024w\" sizes=\"auto, (max-width: 315px) 100vw, 315px\" \/><\/a><\/p>\n<hr \/>\n<p><strong>EREMO DEI SANTI BENIGNO E CARO<\/strong> (Chiesa-romitorio &#8211; XIV secolo)<\/p>\n<p>Localit\u00e0: <strong>Cassone di Malcesine<\/strong> (VR)<\/p>\n<p style=\"text-align: justify;\">L\u2019eremo dei Santi Benigno e Caro, ad un paio d\u2019ore di cammino dalla frazione Cassone di Malcesine, \u00e8 stato fondato nel 1315 in ricordo dei due santi eremiti che tra l\u2019VIII ed il IX secolo vissero in preghiera e penitenza in una grotta vicina. Va da s\u00e9 che la conformazione attuale in rifugio con cappella \u00e8 frutto di una radicale risistemazione dell\u2019antica chiesetta effettuata alla fine del XIX secolo.<\/p>\n<p style=\"text-align: justify;\"><a href=\"https:\/\/eremos.eu\/wp-content\/uploads\/2015\/08\/eremo-san-benigno-caro-360gardalife.jpg\"><img loading=\"lazy\" decoding=\"async\" class=\"alignleft wp-image-4991 size-medium\" src=\"https:\/\/eremos.eu\/wp-content\/uploads\/2015\/08\/eremo-san-benigno-caro-360gardalife-300x179.jpg\" alt=\"eremo-san-benigno-caro-360gardalife\" width=\"300\" height=\"179\" srcset=\"https:\/\/eremos.eu\/wp-content\/uploads\/2015\/08\/eremo-san-benigno-caro-360gardalife-300x179.jpg 300w, https:\/\/eremos.eu\/wp-content\/uploads\/2015\/08\/eremo-san-benigno-caro-360gardalife.jpg 838w\" sizes=\"auto, (max-width: 300px) 100vw, 300px\" \/><\/a><\/p>\n<p><a href=\"https:\/\/eremos.eu\/wp-content\/uploads\/2015\/08\/9a18.jpg\"><img loading=\"lazy\" decoding=\"async\" class=\"wp-image-4993 alignnone\" src=\"https:\/\/eremos.eu\/wp-content\/uploads\/2015\/08\/9a18-300x168.jpg\" alt=\"9a\" width=\"320\" height=\"179\" srcset=\"https:\/\/eremos.eu\/wp-content\/uploads\/2015\/08\/9a18-300x168.jpg 300w, https:\/\/eremos.eu\/wp-content\/uploads\/2015\/08\/9a18.jpg 431w\" sizes=\"auto, (max-width: 320px) 100vw, 320px\" \/><\/a><\/p>\n<hr \/>\n<h3><span style=\"color: #0000ff;\"><strong>MARCA TREVIGIANA<\/strong><\/span><\/h3>\n<p><strong>EREMO DI SAN GALLO<\/strong> (Chiesa-romitorio &#8211; XV secolo)<\/p>\n<p>Localit\u00e0: <strong>Farra di Soligo<\/strong> (TV) \u00a0 \u00a0 \u00a0 \u00a0 \u00a0 \u00a0 \u00a0 \u00a0 \u00a0 \u00a0 Sub-area: <span style=\"color: #0000ff;\">Quartier del Piave<\/span><\/p>\n<p style=\"text-align: justify;\">Secondo la tradizione l\u2019eremo di San Gallo sarebbe stato eretto intorno al 1430 da frate Egidio di Lombardia, sulle rovine del castello caminese distrutto nel 1378, per quanto la chiesetta per\u00f2 sia gi\u00e0 citata nel testamento del 1383 di Jacobino da Miane. In passato il luogo di romitaggio era meta di pellegrini e vi ricevevano la benedizione i bambini che non riuscivano ad addormentarsi.<\/p>\n<p><a href=\"https:\/\/eremos.eu\/wp-content\/uploads\/2015\/08\/1038.jpg\"><img loading=\"lazy\" decoding=\"async\" class=\"alignleft size-medium wp-image-4994\" src=\"https:\/\/eremos.eu\/wp-content\/uploads\/2015\/08\/1038-300x199.jpg\" alt=\"10\" width=\"300\" height=\"199\" srcset=\"https:\/\/eremos.eu\/wp-content\/uploads\/2015\/08\/1038-300x199.jpg 300w, https:\/\/eremos.eu\/wp-content\/uploads\/2015\/08\/1038.jpg 501w\" sizes=\"auto, (max-width: 300px) 100vw, 300px\" \/><\/a><a href=\"https:\/\/eremos.eu\/wp-content\/uploads\/2015\/08\/10a14.jpg\"><img loading=\"lazy\" decoding=\"async\" class=\"size-medium wp-image-4995 alignnone\" src=\"https:\/\/eremos.eu\/wp-content\/uploads\/2015\/08\/10a14-300x201.jpg\" alt=\"10a\" width=\"300\" height=\"201\" srcset=\"https:\/\/eremos.eu\/wp-content\/uploads\/2015\/08\/10a14-300x201.jpg 300w, https:\/\/eremos.eu\/wp-content\/uploads\/2015\/08\/10a14.jpg 500w\" sizes=\"auto, (max-width: 300px) 100vw, 300px\" \/><\/a><\/p>\n<hr \/>\n<p><strong>GROTTA DI SAN GIROLAMO<\/strong> (Romitorio rupestre &#8211; XIV secolo)<\/p>\n<p>Localit\u00e0: <strong>Nervesa della Battaglia<\/strong> (TV) \u00a0 \u00a0 \u00a0 \u00a0 \u00a0 \u00a0 \u00a0 \u00a0 \u00a0 \u00a0 \u00a0 \u00a0 \u00a0 \u00a0 \u00a0 Sub-area: <span style=\"color: #0000ff;\">Il Montello<\/span><\/p>\n<p style=\"text-align: justify;\"><a href=\"https:\/\/eremos.eu\/wp-content\/uploads\/2015\/08\/san-girolamo.jpg\"><img loading=\"lazy\" decoding=\"async\" class=\"alignleft wp-image-4996\" src=\"https:\/\/eremos.eu\/wp-content\/uploads\/2015\/08\/san-girolamo-225x300.jpg\" alt=\"san girolamo\" width=\"180\" height=\"240\" srcset=\"https:\/\/eremos.eu\/wp-content\/uploads\/2015\/08\/san-girolamo-225x300.jpg 225w, https:\/\/eremos.eu\/wp-content\/uploads\/2015\/08\/san-girolamo.jpg 236w\" sizes=\"auto, (max-width: 180px) 100vw, 180px\" \/><\/a><a href=\"https:\/\/eremos.eu\/wp-content\/uploads\/2015\/08\/11a14.jpg\"><img loading=\"lazy\" decoding=\"async\" class=\"alignright wp-image-4997\" src=\"https:\/\/eremos.eu\/wp-content\/uploads\/2015\/08\/11a14.jpg\" alt=\"11a\" width=\"159\" height=\"240\" \/><\/a>La grotta di San Girolamo \u00e8 la cavit\u00e0 naturale del Montello dove nella prima met\u00e0 del Trecento ha vissuto da eremita un certo Giovanni proveniente dalla val di Fassa. La grotta \u00e8 altres\u00ec importante perch\u00e9 da l\u00ec sorger\u00e0 un vero e proprio monastero, la certosa di San Girolamo, che sotto la direzione camaldolese acquisir\u00e0 un significativo potere in tutta la zona. Con le soppressioni napoleoniche, per\u00f2, il monastero viene soppresso e finisce per andare in rovina, addirittura senza lasciare traccia della sua esistenza.<\/p>\n<hr \/>\n<p><strong>EREMO DI SANT&#8217;ALBERTO<\/strong> (Chiesa e romitorio &#8211; XV secolo)<\/p>\n<p>Localit\u00e0: <strong>San Pietro di Barbozza di Valdobbiadene<\/strong> (TV)<\/p>\n<p style=\"text-align: justify;\"><a href=\"https:\/\/eremos.eu\/wp-content\/uploads\/2015\/08\/Chiesa-di-Sant-Alberto-San-Pietro-di-Barbozza.jpg\"><img loading=\"lazy\" decoding=\"async\" class=\"alignright size-medium wp-image-4998\" src=\"https:\/\/eremos.eu\/wp-content\/uploads\/2015\/08\/Chiesa-di-Sant-Alberto-San-Pietro-di-Barbozza-300x225.jpg\" alt=\"Chiesa-di-Sant'-Alberto-San-Pietro-di-Barbozza\" width=\"300\" height=\"225\" srcset=\"https:\/\/eremos.eu\/wp-content\/uploads\/2015\/08\/Chiesa-di-Sant-Alberto-San-Pietro-di-Barbozza-300x225.jpg 300w, https:\/\/eremos.eu\/wp-content\/uploads\/2015\/08\/Chiesa-di-Sant-Alberto-San-Pietro-di-Barbozza.jpg 800w\" sizes=\"auto, (max-width: 300px) 100vw, 300px\" \/><\/a>Quello di Sant\u2019Alberto \u00e8 un antico luogo di culto e pellegrinaggio, soprattutto nel periodo estivo, quando si invocava la pioggia nei momenti di siccit\u00e0. La prima documentazione ufficiale risale al 1488 ma l\u2019eremo viene menzionato anche in epoca successiva, nel 1658, per lavori di ristrutturazione, e pi\u00f9 tardi, nel 1706, per ricordare l\u2019opera dell&#8217;eremita fra\u2019 Giuseppe Pilla, che qui venne sepolto, come testimonia la lapide tombale posta all&#8217;ingresso della chiesa. Nel 1864 fu edificato l&#8217;attuale coro e, dopo un anno, fu aggiunto il campanile. Il 1866 segn\u00f2 l&#8217;inizio della tradizione di benedire l&#8217;acqua con la reliquia di Sant&#8217;Alberto, mentre nel 1932 furono eseguiti altri lavori di abbellimento e consolidamento. Poco a monte della chiesetta vi \u00e8 la \u201ccasa dell&#8217;eremita\u201d: \u00e8 stata abitata fino agli anni Cinquanta quando venne a mancare l&#8217;ultima eremita. L&#8217;alloggio, dopo un attento restauro, \u00e8 diventato oggi luogo di soggiorni.<\/p>\n<hr \/>\n<h3><span style=\"color: #0000ff;\"><strong>VAL D&#8217;ILLASI<\/strong><\/span><\/h3>\n<p><strong>EREMO DI SAN MORO<\/strong> (Chiesa-romitorio &#8211; XIV secolo)<\/p>\n<p>Localit\u00e0: <strong>San Mauro di Saline<\/strong> (VR) \u00a0 \u00a0 \u00a0 \u00a0 \u00a0 \u00a0 \u00a0 \u00a0 \u00a0 \u00a0 \u00a0 \u00a0 \u00a0 \u00a0 \u00a0 \u00a0 \u00a0 \u00a0 Sub-area: <span style=\"color: #0000ff;\">Monti Lessini<\/span><\/p>\n<p style=\"text-align: justify;\">L\u2019eremo di San Leonardo, meglio conosciuto come eremo di San Moro, \u00e8 situato a 881 metri sull\u2019omonimo monte ed \u00e8 stato fondato nel 1388 sopra una precedente chiesetta-monastero del 1145. La chiesa, in stile romanico, consta di tre navate e tre absidi rettangolari, ed il porticato era destinato ad ospitare i pellegrini. Il campanile \u00e8 a pianta quadrata con quattro bifore, mentre sopra la porta d\u2019ingresso, \u00e8 ancora visibile un affresco del XIV secolo che raffigura la <i>Madonna con Bambino assieme a San Leonardo e devoti<\/i>; ma ve ne sono altri all\u2019interno del XVII e XVIII secolo. La chiesa ha beneficiato di un recente restauro.<\/p>\n<p><a href=\"https:\/\/eremos.eu\/wp-content\/uploads\/2015\/08\/1327.jpg\"><img loading=\"lazy\" decoding=\"async\" class=\"alignleft wp-image-5001 size-medium\" src=\"https:\/\/eremos.eu\/wp-content\/uploads\/2015\/08\/1327-300x201.jpg\" alt=\"13\" width=\"300\" height=\"201\" srcset=\"https:\/\/eremos.eu\/wp-content\/uploads\/2015\/08\/1327-300x201.jpg 300w, https:\/\/eremos.eu\/wp-content\/uploads\/2015\/08\/1327.jpg 504w\" sizes=\"auto, (max-width: 300px) 100vw, 300px\" \/><\/a><a href=\"https:\/\/eremos.eu\/wp-content\/uploads\/2015\/08\/13a13.jpg\"><img loading=\"lazy\" decoding=\"async\" class=\"alignnone wp-image-5002\" src=\"https:\/\/eremos.eu\/wp-content\/uploads\/2015\/08\/13a13-300x200.jpg\" alt=\"13a\" width=\"301\" height=\"201\" srcset=\"https:\/\/eremos.eu\/wp-content\/uploads\/2015\/08\/13a13-300x200.jpg 300w, https:\/\/eremos.eu\/wp-content\/uploads\/2015\/08\/13a13.jpg 502w\" sizes=\"auto, (max-width: 301px) 100vw, 301px\" \/><\/a><\/p>\n<hr \/>\n<h3><span style=\"color: #0000ff;\"><strong>VALLE DEL BRENTA<\/strong><\/span><\/h3>\n<p><strong>EREMO DI SAN BOVO<\/strong> (Cappella-romitorio &#8211; XVIII secolo)<\/p>\n<p>Localit\u00e0: <strong>Bassano del Grappa<\/strong> (VI)<\/p>\n<p style=\"text-align: justify;\">Quello di San Bovo \u00e8 un piccolo oratorio con annessa cella eremitica situato sulla cresta sommitale d\u2019una delle alture sovrastanti Bassano del Grappa. Bench\u00e9 si ha notizia dell\u2019eremo solo a partire dal 1742, l\u2019origine del luogo di culto \u00e8 sicuramente assai pi\u00f9 antica, come testimoniano i graffiti sui due lastroni presenti nell\u2019area antistante l\u2019eremo. Si tratta di graffiti cruciformi di epoche diverse (dall\u2019et\u00e0 del ferro a quella medievale) accompagnati a segni alfabetici d\u2019origine etrusca. Per questo, e per i tanti altri ritrovamenti fossili, il luogo veniva citato nella letteratura scientifica del 1800 come il \u201cparadiso dei geologi\u201d.<\/p>\n<p><a href=\"https:\/\/eremos.eu\/wp-content\/uploads\/2015\/08\/1422.jpg\"><img loading=\"lazy\" decoding=\"async\" class=\"alignleft size-medium wp-image-5003\" src=\"https:\/\/eremos.eu\/wp-content\/uploads\/2015\/08\/1422-300x201.jpg\" alt=\"14\" width=\"300\" height=\"201\" srcset=\"https:\/\/eremos.eu\/wp-content\/uploads\/2015\/08\/1422-300x201.jpg 300w, https:\/\/eremos.eu\/wp-content\/uploads\/2015\/08\/1422.jpg 501w\" sizes=\"auto, (max-width: 300px) 100vw, 300px\" \/><\/a><\/p>\n<p><a href=\"https:\/\/eremos.eu\/wp-content\/uploads\/2015\/08\/14a14.jpg\"><img loading=\"lazy\" decoding=\"async\" class=\"wp-image-5004 size-medium alignnone\" src=\"https:\/\/eremos.eu\/wp-content\/uploads\/2015\/08\/14a14-300x201.jpg\" alt=\"14a\" width=\"300\" height=\"201\" srcset=\"https:\/\/eremos.eu\/wp-content\/uploads\/2015\/08\/14a14-300x201.jpg 300w, https:\/\/eremos.eu\/wp-content\/uploads\/2015\/08\/14a14.jpg 500w\" sizes=\"auto, (max-width: 300px) 100vw, 300px\" \/><\/a><\/p>\n<hr \/>\n<p><strong>CELLA DELLA VISIONE<\/strong> (Cella eremitica &#8211; XIV secolo)<\/p>\n<p>Localit\u00e0:<strong> Camposampiero<\/strong> (PD)<\/p>\n<p style=\"text-align: justify;\"><a href=\"https:\/\/eremos.eu\/wp-content\/uploads\/2015\/08\/1524.jpg\"><img loading=\"lazy\" decoding=\"async\" class=\"alignleft size-full wp-image-5006\" src=\"https:\/\/eremos.eu\/wp-content\/uploads\/2015\/08\/1524.jpg\" alt=\"15\" width=\"165\" height=\"276\" \/><\/a>La cosiddetta \u201cCella della Visione\u201d \u00e8 il romitorio dell\u2019antico convento di San Giovanni Battista in cui Sant\u2019Antonio dimor\u00f2 nel corso del suo breve soggiorno a Camposampiero e dove, secondo la tradizione, il Santo ha avuto la grazia di vedere ed accogliere fra le braccia Ges\u00f9 Bambino. Sempre in questa umile cella il 13 Giugno 1231, a seguito di un collasso e presentendo l\u2019imminente morte, il Santo chiese ai confratelli di venir condotto a Padova, dove non arriver\u00e0 a causa di un secondo e <a href=\"https:\/\/eremos.eu\/wp-content\/uploads\/2015\/08\/15a11.jpg\"><img loading=\"lazy\" decoding=\"async\" class=\"alignright wp-image-5007\" src=\"https:\/\/eremos.eu\/wp-content\/uploads\/2015\/08\/15a11.jpg\" alt=\"15a\" width=\"247\" height=\"230\" \/><\/a>letale collasso che lo colpir\u00e0 durante il trasporto su un carro trainato da buoi. Da quel momento, nonostante i vari rifacimenti ed ampliamenti che via via la inglobarono e la trasformarono in cappellina, la cella \u00e8 stata oggetto di un\u2019incessante devozione. Tuttavia solo alla fine degli anni Novanta, dei lavori di ristrutturazione e restauro hanno permesso di far riemergere il primitivo e sobrio assetto medievale del romitorio, con la finestrella ed il giaciglio: la tavola di pioppo (protetta da una teca di cristallo) su cui \u00e8 impresso il corpo del Santo.<\/p>\n<hr \/>\n<p style=\"text-align: justify;\"><strong>EREMO DI SAN PIETRO<\/strong> (Chiesa-romitorio &#8211; XV secolo)<\/p>\n<p style=\"text-align: justify;\">Localit\u00e0: <strong>Mason Vicentino<\/strong> (VI)<\/p>\n<p style=\"text-align: justify;\"><a href=\"https:\/\/eremos.eu\/wp-content\/uploads\/2015\/08\/1616.jpg\"><img loading=\"lazy\" decoding=\"async\" class=\"alignright size-full wp-image-5008\" src=\"https:\/\/eremos.eu\/wp-content\/uploads\/2015\/08\/1616.jpg\" alt=\"16\" width=\"260\" height=\"195\" \/><\/a>L\u2019eremo di San Pietro si trova nelle colline tra Mason e San Giorgio, immerso nel verde degli ulivi e dei ciliegi. Per quanto la sua origine sia antecedente all\u2019anno Mille e sia stato riedificato nel 1400, gi\u00e0 a partire da met\u00e0 del 1600 appariva completamente abbandonato. Nel XVIII secolo, grazie anche alla solitaria natura del luogo, ricomincia ad ospitare numerosi eremiti, prima di passare dopo il 1861 in mano privata. Completamente restaurato nel 1957 dai padri francescani, che attualmente lo\u00a0 dirigono, ha saputo riappropriarsi dell\u2019antico splendore. All\u2019interno sono ancora gelosamente custoditi due reliquiari di San Pietro Apostolo e della Santa Croce.<\/p>\n<hr \/>\n<p><strong>EREMO DI SAN GIORGIO<\/strong> (Chiesa-romitorio &#8211; XVII secolo)<\/p>\n<p style=\"text-align: justify;\">Localit\u00e0: <strong>Solagna<\/strong> (VI)<\/p>\n<p style=\"text-align: justify;\">Sin dal 1634 \u00e8 testimoniata la presenza di uno o due eremiti che abitano nelle celle costruite a ridosso della chiesa di San Giorgio; ma \u00e8 probabile che il luogo sacro sia stato abitato gi\u00e0 da molto prima. Sulla spianata sono presenti, oltre all\u2019eremo con la chiesa, un porticato con camino per le braci e, all\u2019estremit\u00e0 orientale, un\u2019antica ghiacciaia trasformata in cappelletta con la statua di San Francesco.<\/p>\n<p><a href=\"https:\/\/eremos.eu\/wp-content\/uploads\/2015\/08\/1715.jpg\"><img loading=\"lazy\" decoding=\"async\" class=\"alignleft wp-image-5009\" src=\"https:\/\/eremos.eu\/wp-content\/uploads\/2015\/08\/1715.jpg\" alt=\"17\" width=\"300\" height=\"182\" \/><\/a><\/p>\n<p style=\"text-align: justify;\"><a href=\"https:\/\/eremos.eu\/wp-content\/uploads\/2015\/08\/Eremo-di-San-Giorgio-a-Solagna-Cresta-SanGiorgio-F301.jpg\"><img loading=\"lazy\" decoding=\"async\" class=\"wp-image-5012 alignnone\" src=\"https:\/\/eremos.eu\/wp-content\/uploads\/2015\/08\/Eremo-di-San-Giorgio-a-Solagna-Cresta-SanGiorgio-F301-300x174.jpg\" alt=\"Eremo-di-San-Giorgio-a-Solagna-Cresta-SanGiorgio-F30\" width=\"314\" height=\"182\" srcset=\"https:\/\/eremos.eu\/wp-content\/uploads\/2015\/08\/Eremo-di-San-Giorgio-a-Solagna-Cresta-SanGiorgio-F301-300x174.jpg 300w, https:\/\/eremos.eu\/wp-content\/uploads\/2015\/08\/Eremo-di-San-Giorgio-a-Solagna-Cresta-SanGiorgio-F301.jpg 600w\" sizes=\"auto, (max-width: 314px) 100vw, 314px\" \/><\/a><\/p>\n<hr \/>\n<h3 style=\"text-align: justify;\"><span style=\"color: #0000ff;\"><strong>VALLE DEL PIAVE<\/strong><\/span><\/h3>\n<p style=\"text-align: justify;\"><strong>GROTTA DI SANTA BARBARA<\/strong> (Santuario rupestre &#8211; XX secolo)<\/p>\n<p style=\"text-align: justify;\">Localit\u00e0: <strong>Schievenin di Quero Vas<\/strong> (BL)<\/p>\n<p style=\"text-align: justify;\">La grotta di Santa Barbara, in fondo all\u2019abitato di Schievenin, \u00e8 la chiesetta rupestre ricavata agli inizi del secolo scorso da una spelonca naturale, grazie al lavoro ed alla devozione dei valligiani. Ci si arriva tramite una bellissima <a href=\"https:\/\/eremos.eu\/wp-content\/uploads\/2015\/08\/1814.jpg\"><img loading=\"lazy\" decoding=\"async\" class=\"alignright wp-image-5014\" src=\"https:\/\/eremos.eu\/wp-content\/uploads\/2015\/08\/1814-175x300.jpg\" alt=\"18\" width=\"178\" height=\"305\" srcset=\"https:\/\/eremos.eu\/wp-content\/uploads\/2015\/08\/1814-175x300.jpg 175w, https:\/\/eremos.eu\/wp-content\/uploads\/2015\/08\/1814.jpg 201w\" sizes=\"auto, (max-width: 178px) 100vw, 178px\" \/><\/a>scalinata in pietra e, all&#8217;interno, si pu\u00f2 ammirare l&#8217;altare in pietra e la statua della Santa, protettrice dei minatori, suggestivamente incastonata in una nicchia della roccia.<\/p>\n<p><a href=\"https:\/\/eremos.eu\/wp-content\/uploads\/2015\/08\/18a13.jpg\"><img loading=\"lazy\" decoding=\"async\" class=\"size-medium wp-image-5013 alignnone\" src=\"https:\/\/eremos.eu\/wp-content\/uploads\/2015\/08\/18a13-300x216.jpg\" alt=\"18a\" width=\"300\" height=\"216\" srcset=\"https:\/\/eremos.eu\/wp-content\/uploads\/2015\/08\/18a13-300x216.jpg 300w, https:\/\/eremos.eu\/wp-content\/uploads\/2015\/08\/18a13.jpg 1018w\" sizes=\"auto, (max-width: 300px) 100vw, 300px\" \/><\/a><\/p>\n<hr \/>\n<p style=\"text-align: justify;\"><strong>EREMO DI SAN MAURO<\/strong> (Chiesa-romitorio &#8211; XIV-XVI secolo)<\/p>\n<p style=\"text-align: justify;\">Localit\u00e0: <strong>Santa Giustina<\/strong> (BL) \u00a0 \u00a0 \u00a0 \u00a0 \u00a0 \u00a0 Sub-area: <span style=\"color: #0000ff;\">Parco Nazionale delle Dolomiti Bellunesi<\/span><\/p>\n<p style=\"text-align: justify;\">L\u2019origine dell\u2019eremo di San Mauro, adagiato a 1.175 metri sul versante orientale del monte Palmar (Dolomiti Bellunesi), \u00e8 alquanto oscura. La leggenda racconta che il luogo sia stato scelto dagli uccelli che aiutarono il Santo trasportando lass\u00f9 il materiale da costruzione dal fondovalle. La sua datazione, seppure\u00a0approssimativa, pu\u00f2 fissarsi tra il XIV ed il XVI secolo.<\/p>\n<p style=\"text-align: justify;\"><a href=\"https:\/\/eremos.eu\/wp-content\/uploads\/2015\/08\/1913.jpg\"><img loading=\"lazy\" decoding=\"async\" class=\"alignleft wp-image-5015 size-full\" src=\"https:\/\/eremos.eu\/wp-content\/uploads\/2015\/08\/1913.jpg\" alt=\"19\" width=\"259\" height=\"194\" \/><\/a><a href=\"https:\/\/eremos.eu\/wp-content\/uploads\/2015\/08\/19a13.jpg\"><img loading=\"lazy\" decoding=\"async\" class=\"wp-image-5016 alignnone\" src=\"https:\/\/eremos.eu\/wp-content\/uploads\/2015\/08\/19a13-300x200.jpg\" alt=\"19a\" width=\"291\" height=\"194\" srcset=\"https:\/\/eremos.eu\/wp-content\/uploads\/2015\/08\/19a13-300x200.jpg 300w, https:\/\/eremos.eu\/wp-content\/uploads\/2015\/08\/19a13.jpg 597w\" sizes=\"auto, (max-width: 291px) 100vw, 291px\" \/><\/a><\/p>\n<hr \/>\n<h3 style=\"text-align: justify;\"><span style=\"color: #0000ff;\"><strong>VALLE DELL&#8217;ORSA<\/strong><\/span><\/h3>\n<p style=\"text-align: justify;\"><strong>SANTUARIO DELLA MADONNA DELLA CORONA<\/strong> (Chiesa semirupestre &#8211; XVII secolo)<\/p>\n<p style=\"text-align: justify;\">Localit\u00e0: <strong>Ferrara di Monte Baldo<\/strong> (VR) \u00a0 \u00a0 \u00a0 \u00a0 \u00a0 \u00a0 \u00a0 \u00a0 \u00a0 \u00a0 \u00a0 \u00a0 \u00a0 \u00a0 \u00a0 \u00a0 \u00a0 \u00a0 \u00a0 \u00a0 \u00a0 Sub-area: <span style=\"color: #0000ff;\">Monte Baldo<\/span><\/p>\n<p style=\"text-align: justify;\"><a href=\"https:\/\/eremos.eu\/wp-content\/uploads\/2015\/08\/corona.jpg\"><img loading=\"lazy\" decoding=\"async\" class=\"alignright size-medium wp-image-5017\" src=\"https:\/\/eremos.eu\/wp-content\/uploads\/2015\/08\/corona-221x300.jpg\" alt=\"corona\" width=\"221\" height=\"300\" srcset=\"https:\/\/eremos.eu\/wp-content\/uploads\/2015\/08\/corona-221x300.jpg 221w, https:\/\/eremos.eu\/wp-content\/uploads\/2015\/08\/corona.jpg 368w\" sizes=\"auto, (max-width: 221px) 100vw, 221px\" \/><\/a>Il santuario della Madonna della Corona, dove la \u201ccorona\u201d \u00e8 quella formata dalle pareti rocciose che cingono il terrazzo inaccessibile e strapiombante a 775 metri di quota sopra la val d&#8217;Adige, \u00e8 senza dubbio tra le architetture religiose pi\u00f9 ardite. Vi si venera la Madonna dell&#8217;Addolorata, rappresentata da una statua di pietra del 1432 che gi\u00e0 a partire dal 1530, con l\u2019inaugurazione di una prima chiesetta, \u00e8 capace di richiamare numerosissimi pellegrini, come testimonia l&#8217;imponente mole di ex-voto giunta fino a noi. Tuttavia \u00e8 plausibile ritenere che l&#8217;inaccessibile anfratto sia stato frequentato fin dall\u2019XI secolo da eremiti, infatti si hanno notizie di un romitorio stabile sia nel 1139 che nel 1437. Il vero e proprio santuario viene edificato nel 1600, soprattutto per far fronte al crescente afflusso di pellegrini. Per ovviare poi al problema dell\u2019accesso, fino ad allora alquanto avventuroso e pericoloso, viene realizzato un ponte di pietra, detto &#8216;ponte del Tiglio&#8217;, e scavata una scalinata nella viva roccia. Al di l\u00e0 degli ampliamenti e dei rifacimenti successivi, un ultimo intervento negli anni Settanta ha radicalmente restaurato l\u2019intero complesso s\u00ec da renderlo pi\u00f9 fruibile e funzionale per i tantissimi visitatori che per tutto l\u2019anno vi si recano.<\/p>\n<p><a href=\"https:\/\/eremos.eu\/wp-content\/uploads\/2015\/08\/Santuario-Madonna-della-Corona-Ferrara-Monte-Baldo-Foto-121.jpg\"><img loading=\"lazy\" decoding=\"async\" class=\"alignleft wp-image-5018 size-medium\" src=\"https:\/\/eremos.eu\/wp-content\/uploads\/2015\/08\/Santuario-Madonna-della-Corona-Ferrara-Monte-Baldo-Foto-121-300x225.jpg\" alt=\"Santuario-Madonna-della-Corona-Ferrara-Monte-Baldo-Foto-121\" width=\"300\" height=\"225\" srcset=\"https:\/\/eremos.eu\/wp-content\/uploads\/2015\/08\/Santuario-Madonna-della-Corona-Ferrara-Monte-Baldo-Foto-121-300x225.jpg 300w, https:\/\/eremos.eu\/wp-content\/uploads\/2015\/08\/Santuario-Madonna-della-Corona-Ferrara-Monte-Baldo-Foto-121.jpg 500w\" sizes=\"auto, (max-width: 300px) 100vw, 300px\" \/><\/a><\/p>\n<p style=\"text-align: justify;\"><a href=\"https:\/\/eremos.eu\/wp-content\/uploads\/2015\/08\/Santuario-Madonna-della-Corona-Ferrara-Monte-Baldo-Foto-107.jpg\"><img loading=\"lazy\" decoding=\"async\" class=\"wp-image-5019 size-medium alignnone\" src=\"https:\/\/eremos.eu\/wp-content\/uploads\/2015\/08\/Santuario-Madonna-della-Corona-Ferrara-Monte-Baldo-Foto-107-300x225.jpg\" alt=\"Santuario-Madonna-della-Corona-Ferrara-Monte-Baldo-Foto-107\" width=\"300\" height=\"225\" srcset=\"https:\/\/eremos.eu\/wp-content\/uploads\/2015\/08\/Santuario-Madonna-della-Corona-Ferrara-Monte-Baldo-Foto-107-300x225.jpg 300w, https:\/\/eremos.eu\/wp-content\/uploads\/2015\/08\/Santuario-Madonna-della-Corona-Ferrara-Monte-Baldo-Foto-107.jpg 500w\" sizes=\"auto, (max-width: 300px) 100vw, 300px\" \/><\/a><\/p>\n<p style=\"text-align: justify;\"><a href=\"https:\/\/eremos.eu\/wp-content\/uploads\/2015\/08\/20b11.jpg\"><img loading=\"lazy\" decoding=\"async\" class=\"alignleft wp-image-5020 size-medium\" src=\"https:\/\/eremos.eu\/wp-content\/uploads\/2015\/08\/20b11-300x225.jpg\" alt=\"20b\" width=\"300\" height=\"225\" srcset=\"https:\/\/eremos.eu\/wp-content\/uploads\/2015\/08\/20b11-300x225.jpg 300w, https:\/\/eremos.eu\/wp-content\/uploads\/2015\/08\/20b11.jpg 351w\" sizes=\"auto, (max-width: 300px) 100vw, 300px\" \/><\/a><\/p>\n<p style=\"text-align: justify;\"><a href=\"https:\/\/eremos.eu\/wp-content\/uploads\/2015\/08\/sentiero122.jpg\"><img loading=\"lazy\" decoding=\"async\" class=\"wp-image-5021 size-medium alignnone\" src=\"https:\/\/eremos.eu\/wp-content\/uploads\/2015\/08\/sentiero122-300x225.jpg\" alt=\"sentiero122\" width=\"300\" height=\"225\" srcset=\"https:\/\/eremos.eu\/wp-content\/uploads\/2015\/08\/sentiero122-300x225.jpg 300w, https:\/\/eremos.eu\/wp-content\/uploads\/2015\/08\/sentiero122.jpg 500w\" sizes=\"auto, (max-width: 300px) 100vw, 300px\" \/><\/a><\/p>\n<hr \/>\n<h3><span style=\"color: #0000ff;\"><strong>VALPOLICELLA<\/strong><\/span><\/h3>\n<p><strong>EREMO DI SAN ROCCHETTO<\/strong> (Chiesa-romitorio &#8211; IX-XII secolo)<\/p>\n<p>Localit\u00e0: <strong>Quinzano di Verona<\/strong> (VR)<\/p>\n<p style=\"text-align: justify;\">La storia dell\u2019eremo di San Rocchetto va fatta risalire all\u2019eremita Alessandro, destinato a divenire vescovo di Verona, che scelse il monte Cavro come luogo ideale per il suo ritiro spirituale. Alcuni secoli dopo, all\u2019epoca delle crociate, sul sacro sito venne edificato un santuario divenuto ben presto meta di devoti pellegrinaggi in ricordo di sant\u2019Alessandro.<\/p>\n<p><a href=\"https:\/\/eremos.eu\/wp-content\/uploads\/2015\/08\/rocchet.jpg\"><img loading=\"lazy\" decoding=\"async\" class=\"alignleft wp-image-5024 size-medium\" src=\"https:\/\/eremos.eu\/wp-content\/uploads\/2015\/08\/rocchet-300x198.jpg\" alt=\"rocchet\" width=\"300\" height=\"198\" srcset=\"https:\/\/eremos.eu\/wp-content\/uploads\/2015\/08\/rocchet-300x198.jpg 300w, https:\/\/eremos.eu\/wp-content\/uploads\/2015\/08\/rocchet.jpg 558w\" sizes=\"auto, (max-width: 300px) 100vw, 300px\" \/><\/a><a href=\"https:\/\/eremos.eu\/wp-content\/uploads\/2015\/08\/rocchett1.jpg\"><img loading=\"lazy\" decoding=\"async\" class=\"wp-image-5025 alignnone\" src=\"https:\/\/eremos.eu\/wp-content\/uploads\/2015\/08\/rocchett1-300x200.jpg\" alt=\"rocchett1\" width=\"297\" height=\"198\" srcset=\"https:\/\/eremos.eu\/wp-content\/uploads\/2015\/08\/rocchett1-300x200.jpg 300w, https:\/\/eremos.eu\/wp-content\/uploads\/2015\/08\/rocchett1.jpg 1024w\" sizes=\"auto, (max-width: 297px) 100vw, 297px\" \/><\/a><\/p>\n<p><a href=\"https:\/\/eremos.eu\/wp-content\/uploads\/2015\/08\/rocchet2.jpg\"><img loading=\"lazy\" decoding=\"async\" class=\"alignleft wp-image-5026 size-medium\" src=\"https:\/\/eremos.eu\/wp-content\/uploads\/2015\/08\/rocchet2-300x200.jpg\" alt=\"rocchet2\" width=\"300\" height=\"200\" srcset=\"https:\/\/eremos.eu\/wp-content\/uploads\/2015\/08\/rocchet2-300x200.jpg 300w, https:\/\/eremos.eu\/wp-content\/uploads\/2015\/08\/rocchet2.jpg 500w\" sizes=\"auto, (max-width: 300px) 100vw, 300px\" \/><\/a><a href=\"https:\/\/eremos.eu\/wp-content\/uploads\/2015\/08\/rocchet23.jpg\"><img loading=\"lazy\" decoding=\"async\" class=\"wp-image-5027 size-medium alignnone\" src=\"https:\/\/eremos.eu\/wp-content\/uploads\/2015\/08\/rocchet23-300x200.jpg\" alt=\"rocchet23\" width=\"300\" height=\"200\" srcset=\"https:\/\/eremos.eu\/wp-content\/uploads\/2015\/08\/rocchet23-300x200.jpg 300w, https:\/\/eremos.eu\/wp-content\/uploads\/2015\/08\/rocchet23.jpg 1024w\" sizes=\"auto, (max-width: 300px) 100vw, 300px\" \/><\/a><\/p>\n<hr \/>\n<p>&nbsp;<\/p>\n<p>&nbsp;<\/p>\n","protected":false},"excerpt":{"rendered":"<p>&nbsp; COLLI BERICI EREMO DI SAN CASSIANO (Chiesa-romitorio semirupestre &#8211; XVII secolo) Localit\u00e0: Lumignano di Longare (VI) L\u2019edificio che vediamo oggi \u00e8 stato costruito probabilmente nel XVII secolo a ridosso di una parete rocciosa e inglobando i resti dell\u2019antica chiesa di San Cassiano eretta tra il VI ed VII secolo&#8230;.<\/p>\n","protected":false},"author":1,"featured_media":0,"parent":0,"menu_order":0,"comment_status":"open","ping_status":"closed","template":"","meta":{"footnotes":""},"class_list":["post-71","page","type-page","status-publish","hentry"],"_links":{"self":[{"href":"https:\/\/eremos.eu\/index.php\/wp-json\/wp\/v2\/pages\/71","targetHints":{"allow":["GET"]}}],"collection":[{"href":"https:\/\/eremos.eu\/index.php\/wp-json\/wp\/v2\/pages"}],"about":[{"href":"https:\/\/eremos.eu\/index.php\/wp-json\/wp\/v2\/types\/page"}],"author":[{"embeddable":true,"href":"https:\/\/eremos.eu\/index.php\/wp-json\/wp\/v2\/users\/1"}],"replies":[{"embeddable":true,"href":"https:\/\/eremos.eu\/index.php\/wp-json\/wp\/v2\/comments?post=71"}],"version-history":[{"count":5,"href":"https:\/\/eremos.eu\/index.php\/wp-json\/wp\/v2\/pages\/71\/revisions"}],"predecessor-version":[{"id":6135,"href":"https:\/\/eremos.eu\/index.php\/wp-json\/wp\/v2\/pages\/71\/revisions\/6135"}],"wp:attachment":[{"href":"https:\/\/eremos.eu\/index.php\/wp-json\/wp\/v2\/media?parent=71"}],"curies":[{"name":"wp","href":"https:\/\/api.w.org\/{rel}","templated":true}]}}