{"id":65,"date":"2015-08-09T13:39:01","date_gmt":"2015-08-09T11:39:01","guid":{"rendered":"http:\/\/www.eremos.eu\/?page_id=65"},"modified":"2016-11-22T16:13:28","modified_gmt":"2016-11-22T14:13:28","slug":"umbria","status":"publish","type":"page","link":"https:\/\/eremos.eu\/index.php\/umbria\/","title":{"rendered":"Umbria (68)"},"content":{"rendered":"<p>&nbsp;<\/p>\n<h3><span style=\"color: #0000ff;\"><strong>EUGUBINO<\/strong><\/span><\/h3>\n<p><strong>EREMO DI SAN PIETRO IN VIGNETO<\/strong> (Complesso cenobitico &#8211; XIV secolo)<\/p>\n<p>Localit\u00e0: <strong>Gubbio<\/strong> (PG)<\/p>\n<p style=\"text-align: justify;\">L\u2019eremo di San Pietro in Vigneto si trova su un piccolo colle lungo la strada che collega Gubbio a Perugia. Faceva parte di un complesso architettonico piuttosto articolato che comprendeva una chiesa, un fortilizio, un monastero ed un ospedale. Inizialmente venne realizzata la chiesa a cui, dopo il 1336, furono aggiunte una torre ed un edificio fortificato, in quanto si trovava in uno dei confini pi\u00f9 &#8220;caldi&#8221; del territorio eugubino, s\u00ec da assomigliare pi\u00f9 ad una roccaforte che ad un vero e proprio complesso religioso. Via via vennero aggregati l\u2019ospedale per i pellegrini e le strutture abitative per i monaci benedettini. La chiesetta, che conserva affreschi del XV secolo, \u00e8 stata restaurata assieme alle altre strutture negli anni \u201890.<\/p>\n<p style=\"text-align: justify;\"><a href=\"https:\/\/eremos.eu\/wp-content\/uploads\/2015\/08\/1106.jpg\"><img loading=\"lazy\" decoding=\"async\" class=\"alignleft wp-image-4665 size-full\" src=\"https:\/\/eremos.eu\/wp-content\/uploads\/2015\/08\/1106.jpg\" alt=\"1\" width=\"260\" height=\"183\" \/><\/a><a href=\"https:\/\/eremos.eu\/wp-content\/uploads\/2015\/08\/1a15.jpg\"><img loading=\"lazy\" decoding=\"async\" class=\"wp-image-4664 alignnone\" src=\"https:\/\/eremos.eu\/wp-content\/uploads\/2015\/08\/1a15.jpg\" alt=\"1a\" width=\"275\" height=\"183\" \/><\/a><\/p>\n<hr \/>\n<p><strong>EREMO DI SANT&#8217;AMBROGIO<\/strong> (Complesso cenobitico &#8211; XIV secolo)<\/p>\n<p>Localit\u00e0: <strong>Gubbio<\/strong> (PG)<\/p>\n<p style=\"text-align: justify;\"><a href=\"https:\/\/eremos.eu\/wp-content\/uploads\/2015\/08\/santambrogio.jpg\"><img loading=\"lazy\" decoding=\"async\" class=\"alignright size-medium wp-image-4666\" src=\"https:\/\/eremos.eu\/wp-content\/uploads\/2015\/08\/santambrogio-300x201.jpg\" alt=\"sant'ambrogio\" width=\"300\" height=\"201\" srcset=\"https:\/\/eremos.eu\/wp-content\/uploads\/2015\/08\/santambrogio-300x201.jpg 300w, https:\/\/eremos.eu\/wp-content\/uploads\/2015\/08\/santambrogio.jpg 1024w\" sizes=\"auto, (max-width: 300px) 100vw, 300px\" \/><\/a>L\u2019eremo di Sant\u2019Ambrogio, situato alle pendici del monte Foce, sulle balze rocciose della gola del Bottaccione, viene fondato nel 1331 ed elevato a ruolo di monastero nel 1342 dal vescovo eugubino Pietro Gabrielli allo scopo di raggruppare tutti gli\u00a0 eremiti sparsi nel territorio e privi di una comune regola. Alla stessa epoca risalirebbe anche l\u2019attuale chiesa, dedicata a sant\u2019Ambrogio, ancorch\u00e9 si tratta del rifacimento di un&#8217;altra pi\u00f9 antica. Vi hanno vissuto personalit\u00e0 insigni, come il beato Arcangelo Canetoli, che qui mor\u00ec nel 1513 e la cui cella \u00e8 stata recuperata in seguito alla recente ristrutturazione dell\u2019intero complesso, ed il filosofo eugubino Agostino Steuco. La chiesa conserva, tra le altre opere d\u2019arte, una tela di Annibale Beni del Settecento ed un pregevole affresco trecentesco raffigurante la <i>Crocifissione<\/i>.<\/p>\n<p><a href=\"https:\/\/eremos.eu\/wp-content\/uploads\/2015\/08\/2b13.jpg\"><img loading=\"lazy\" decoding=\"async\" class=\"alignleft wp-image-4667 size-medium\" src=\"https:\/\/eremos.eu\/wp-content\/uploads\/2015\/08\/2b13-300x201.jpg\" alt=\"2b\" width=\"300\" height=\"201\" srcset=\"https:\/\/eremos.eu\/wp-content\/uploads\/2015\/08\/2b13-300x201.jpg 300w, https:\/\/eremos.eu\/wp-content\/uploads\/2015\/08\/2b13.jpg 793w\" sizes=\"auto, (max-width: 300px) 100vw, 300px\" \/><\/a><a href=\"https:\/\/eremos.eu\/wp-content\/uploads\/2015\/08\/2a15.jpg\"><img loading=\"lazy\" decoding=\"async\" class=\"wp-image-4668 alignnone\" src=\"https:\/\/eremos.eu\/wp-content\/uploads\/2015\/08\/2a15-300x200.jpg\" alt=\"2a\" width=\"301\" height=\"201\" srcset=\"https:\/\/eremos.eu\/wp-content\/uploads\/2015\/08\/2a15-300x200.jpg 300w, https:\/\/eremos.eu\/wp-content\/uploads\/2015\/08\/2a15.jpg 790w\" sizes=\"auto, (max-width: 301px) 100vw, 301px\" \/><\/a><\/p>\n<p><a href=\"https:\/\/eremos.eu\/wp-content\/uploads\/2015\/08\/ambrogio-2.jpg\"><img loading=\"lazy\" decoding=\"async\" class=\"alignleft size-medium wp-image-4669\" src=\"https:\/\/eremos.eu\/wp-content\/uploads\/2015\/08\/ambrogio-2-300x200.jpg\" alt=\"ambrogio 2\" width=\"300\" height=\"200\" srcset=\"https:\/\/eremos.eu\/wp-content\/uploads\/2015\/08\/ambrogio-2-300x200.jpg 300w, https:\/\/eremos.eu\/wp-content\/uploads\/2015\/08\/ambrogio-2.jpg 550w\" sizes=\"auto, (max-width: 300px) 100vw, 300px\" \/><\/a><\/p>\n<p><a href=\"https:\/\/eremos.eu\/wp-content\/uploads\/2015\/08\/ambrogio-3.jpg\"><img loading=\"lazy\" decoding=\"async\" class=\"size-medium wp-image-4670 alignnone\" src=\"https:\/\/eremos.eu\/wp-content\/uploads\/2015\/08\/ambrogio-3-300x200.jpg\" alt=\"ambrogio 3\" width=\"300\" height=\"200\" srcset=\"https:\/\/eremos.eu\/wp-content\/uploads\/2015\/08\/ambrogio-3-300x200.jpg 300w, https:\/\/eremos.eu\/wp-content\/uploads\/2015\/08\/ambrogio-3.jpg 550w\" sizes=\"auto, (max-width: 300px) 100vw, 300px\" \/><\/a><\/p>\n<hr \/>\n<p><strong><a href=\"https:\/\/eremos.eu\/wp-content\/uploads\/2015\/08\/3a16.jpg\"><img loading=\"lazy\" decoding=\"async\" class=\"alignright wp-image-4671\" src=\"https:\/\/eremos.eu\/wp-content\/uploads\/2015\/08\/3a16.jpg\" alt=\"3a\" width=\"170\" height=\"255\" \/><\/a>GROTTA DI SANT&#8217;AGNESE<\/strong> (Romitorio rupestre &#8211; III-IV secolo)<\/p>\n<p>Localit\u00e0: <strong>Gubbio<\/strong> (PG)<\/p>\n<p style=\"text-align: justify;\">La grotta di Sant\u2019Agnese, anticamente denominata Sant\u2019Agata sub Grotta, sorge alla base della fenditura di un costone roccioso strapiombante del monte Ingino e presenta all\u2019interno una piccola edicola sacra probabilmente utilizzata dagli eremiti. Ma la grotta \u00e8 soprattutto famosa per alcuni misteriosi graffiti o scritte rupestri presenti sulle pareti. \u00a0 \u00a0 \u00a0 \u00a0 \u00a0 \u00a0 \u00a0 \u00a0 \u00a0 \u00a0 \u00a0 \u00a0 \u00a0 \u00a0 \u00a0 \u00a0 \u00a0 \u00a0 \u00a0 \u00a0 \u00a0 \u00a0 \u00a0 \u00a0 \u00a0 <span style=\"color: #ffffff;\">mmmmmmmmmmmmmmmmmmmmmmm \u00a0 \u00a0 \u00a0 \u00a0 \u00a0 \u00a0 \u00a0 \u00a0 \u00a0 \u00a0 \u00a0 mmmmmmmmmmm<\/span><\/p>\n<hr \/>\n<p><strong>GROTTA DI SANTA CECILIA EREMITA<\/strong> (Romitorio rupestre &#8211; XIII secolo)<\/p>\n<p>Localit\u00e0: <strong>Gubbio<\/strong> (PG)<\/p>\n<p style=\"text-align: justify;\"><a href=\"https:\/\/eremos.eu\/wp-content\/uploads\/2015\/08\/4b6.jpg\"><img loading=\"lazy\" decoding=\"async\" class=\"alignright size-medium wp-image-4674\" src=\"https:\/\/eremos.eu\/wp-content\/uploads\/2015\/08\/4b6-300x198.jpg\" alt=\"4b\" width=\"300\" height=\"198\" srcset=\"https:\/\/eremos.eu\/wp-content\/uploads\/2015\/08\/4b6-300x198.jpg 300w, https:\/\/eremos.eu\/wp-content\/uploads\/2015\/08\/4b6-1024x677.jpg 1024w, https:\/\/eremos.eu\/wp-content\/uploads\/2015\/08\/4b6.jpg 1045w\" sizes=\"auto, (max-width: 300px) 100vw, 300px\" \/><\/a>La grotta di Santa Cecilia Eremita si trova in una stretta gola tra le alture che circondano Gubbio, nei pressi della chiesetta eretta pi\u00f9 avanti in suo onore. E\u2019 il luogo dove la Santa di Montelovesco nel Duecento, alla stregua delle altre famose mistiche umbre come Chiara d\u2019Assisi, Chiara da Montefalco, Giovanna d\u2019Orvieto e Angela da Foligno, visse in stretto eremitaggio, divenendo ben presto un riferimento di spiritualit\u00e0 e santit\u00e0 per le popolazioni locali grazie alla capacit\u00e0 di veggenza e, soprattutto, di guarigione dei bambini. Ancora oggi l\u2019acqua sorgiva, che sgorga da una delle vasche (o tazze) dove la Santa soleva bagnarsi, \u00e8 ritenuta terapeutica.<\/p>\n<p><a href=\"https:\/\/eremos.eu\/wp-content\/uploads\/2015\/08\/470.jpg\"><img loading=\"lazy\" decoding=\"async\" class=\"alignleft size-medium wp-image-4672\" src=\"https:\/\/eremos.eu\/wp-content\/uploads\/2015\/08\/470-300x200.jpg\" alt=\"4\" width=\"300\" height=\"200\" srcset=\"https:\/\/eremos.eu\/wp-content\/uploads\/2015\/08\/470-300x200.jpg 300w, https:\/\/eremos.eu\/wp-content\/uploads\/2015\/08\/470-1024x682.jpg 1024w, https:\/\/eremos.eu\/wp-content\/uploads\/2015\/08\/470.jpg 1095w\" sizes=\"auto, (max-width: 300px) 100vw, 300px\" \/><\/a><a href=\"https:\/\/eremos.eu\/wp-content\/uploads\/2015\/08\/4a14.jpg\"><img loading=\"lazy\" decoding=\"async\" class=\"size-medium wp-image-4673 alignnone\" src=\"https:\/\/eremos.eu\/wp-content\/uploads\/2015\/08\/4a14-300x198.jpg\" alt=\"4a\" width=\"300\" height=\"198\" srcset=\"https:\/\/eremos.eu\/wp-content\/uploads\/2015\/08\/4a14-300x198.jpg 300w, https:\/\/eremos.eu\/wp-content\/uploads\/2015\/08\/4a14-1024x677.jpg 1024w, https:\/\/eremos.eu\/wp-content\/uploads\/2015\/08\/4a14.jpg 1095w\" sizes=\"auto, (max-width: 300px) 100vw, 300px\" \/><\/a><\/p>\n<hr \/>\n<h3><span style=\"color: #0000ff;\"><strong>MONTE CUCCO<\/strong><\/span><\/h3>\n<p><strong>GROTTA DI SAN DON\u00ccNO<\/strong> (Romitorio rupestre &#8211; VI-VII secolo)<\/p>\n<p><a href=\"https:\/\/eremos.eu\/wp-content\/uploads\/2015\/08\/5a14.jpg\"><img loading=\"lazy\" decoding=\"async\" class=\"alignright size-medium wp-image-4675\" src=\"https:\/\/eremos.eu\/wp-content\/uploads\/2015\/08\/5a14-300x182.jpg\" alt=\"5a\" width=\"300\" height=\"182\" srcset=\"https:\/\/eremos.eu\/wp-content\/uploads\/2015\/08\/5a14-300x182.jpg 300w, https:\/\/eremos.eu\/wp-content\/uploads\/2015\/08\/5a14.jpg 862w\" sizes=\"auto, (max-width: 300px) 100vw, 300px\" \/><\/a>Localit\u00e0: <strong>Costacciaro<\/strong> (PG)<\/p>\n<p>Sub-area: <span style=\"color: #0000ff;\">Parco Regionale del Monte Cucco<\/span><\/p>\n<p style=\"text-align: justify;\">La grotta di San Don\u00ecno \u00e8 la modesta ma asciutta cavit\u00e0 carsica che si apre alle pendici delle \u201cbalze della Pignola\u201d sul monte Cucco, secondo la tradizione, abitata per un certo tempo dal Santo eremita di Citt\u00e0 di Castello vissuto tra il VI ed il VII secolo.<\/p>\n<hr \/>\n<p><strong>GROTTA DI SANT&#8217;AGNESE<\/strong> (Romitorio rupestre &#8211; XIII secolo)<\/p>\n<p>Localit\u00e0: <strong>Costacciaro<\/strong> (PG) \u00a0 \u00a0 \u00a0 \u00a0 \u00a0 \u00a0 \u00a0 \u00a0 \u00a0 \u00a0 \u00a0 \u00a0 \u00a0 \u00a0 \u00a0 \u00a0 \u00a0 \u00a0 \u00a0 \u00a0 \u00a0 \u00a0 \u00a0 \u00a0 Sub-area: <span style=\"color: #0000ff;\">Parco Regionale del Monte Cucco<\/span><\/p>\n<p style=\"text-align: justify;\"><a href=\"https:\/\/eremos.eu\/wp-content\/uploads\/2015\/08\/648.jpg\"><img loading=\"lazy\" decoding=\"async\" class=\"alignleft size-medium wp-image-4677\" src=\"https:\/\/eremos.eu\/wp-content\/uploads\/2015\/08\/648-300x154.jpg\" alt=\"6\" width=\"300\" height=\"154\" srcset=\"https:\/\/eremos.eu\/wp-content\/uploads\/2015\/08\/648-300x154.jpg 300w, https:\/\/eremos.eu\/wp-content\/uploads\/2015\/08\/648.jpg 311w\" sizes=\"auto, (max-width: 300px) 100vw, 300px\" \/><\/a>La grotta di Sant\u2019Agnese, che si apre a 1.050 metri d\u2019altitudine, lungo il suggestivo versante occidentale del monte Cucco, \u00e8 di fatto l\u2019ampia spelonca carsica dove, secondo la tradizione popolare, avrebbe dimorato per alcuni anni la pastorella eremita Agnese da Costacciaro, poi divenuta santa. Infatti, nonostante le fosse severamente proibito dal padre di persistere in questo <a href=\"https:\/\/eremos.eu\/wp-content\/uploads\/2015\/08\/6b10.jpg\"><img loading=\"lazy\" decoding=\"async\" class=\"alignright wp-image-4676\" src=\"https:\/\/eremos.eu\/wp-content\/uploads\/2015\/08\/6b10.jpg\" alt=\"6b\" width=\"227\" height=\"170\" \/><\/a>rigido e pericoloso stile di vita, solo una fortissima vocazione religiosa poteva spingere la fanciulla a ritirarsi in penitenza in quell\u2019impervio luogo. Dai resti ancora visibili, la grotta era gi\u00e0 stata abitata in tempi remoti e, in una data epoca, trasformata anche in tempio cristiano, ospitando una grande acquasantiera o base d\u2019altare e, pi\u00f9 avanti, una modesta cella eremitica in pietra acconcia, forse destinata ad accogliere ed a proteggere la nostra Agnese.<\/p>\n<hr \/>\n<p style=\"text-align: justify;\"><strong>EREMO DI SAN GIROLAMO DI\u00a0MONTE CUCCO<\/strong> (Cenobio\u00a0semirupestre &#8211; XI secolo)<\/p>\n<p>Localit\u00e0: <strong>Scheggia e Pascelupo<\/strong> (PG)<\/p>\n<p><a href=\"https:\/\/eremos.eu\/wp-content\/uploads\/2015\/08\/739.jpg\"><img loading=\"lazy\" decoding=\"async\" class=\"alignright size-medium wp-image-4679\" src=\"https:\/\/eremos.eu\/wp-content\/uploads\/2015\/08\/739-300x225.jpg\" alt=\"7\" width=\"300\" height=\"225\" srcset=\"https:\/\/eremos.eu\/wp-content\/uploads\/2015\/08\/739-300x225.jpg 300w, https:\/\/eremos.eu\/wp-content\/uploads\/2015\/08\/739.jpg 496w\" sizes=\"auto, (max-width: 300px) 100vw, 300px\" \/><\/a>Sub-area: <span style=\"color: #0000ff;\">Parco Regionale del Monte Cucco<\/span><\/p>\n<p style=\"text-align: justify;\">L\u2019eremo di San Girolamo di Monte Cucco o di Pascelupo si trova abbarbicato a 565 metri sulle pareti scoscese del versante orientale dell\u2019omonima montagna. E\u2019 stato edificato nell\u2019XI secolo attorno alle suggestive celle ipogee che si affacciavano sullo strapiombo gi\u00e0 abitate dai monaci eremiti. Nel 1520 acquisisce una certa ufficialit\u00e0 grazie al beato camaldolese Paolo Giustiniani diventando, poco pi\u00f9 tardi, il primo eremo a far parte della congregazione camaldolese di Monte Corona che, ancora oggi, dopo un opportuno restauro, lo gestisce.<\/p>\n<p><a href=\"https:\/\/eremos.eu\/wp-content\/uploads\/2015\/08\/7b10.jpg\"><img loading=\"lazy\" decoding=\"async\" class=\"alignleft wp-image-4680 size-medium\" src=\"https:\/\/eremos.eu\/wp-content\/uploads\/2015\/08\/7b10-300x225.jpg\" alt=\"7b\" width=\"300\" height=\"225\" srcset=\"https:\/\/eremos.eu\/wp-content\/uploads\/2015\/08\/7b10-300x225.jpg 300w, https:\/\/eremos.eu\/wp-content\/uploads\/2015\/08\/7b10.jpg 454w\" sizes=\"auto, (max-width: 300px) 100vw, 300px\" \/><\/a><a href=\"https:\/\/eremos.eu\/wp-content\/uploads\/2015\/08\/7c7.jpg\"><img loading=\"lazy\" decoding=\"async\" class=\"wp-image-4681 alignnone\" src=\"https:\/\/eremos.eu\/wp-content\/uploads\/2015\/08\/7c7-300x226.jpg\" alt=\"7c\" width=\"299\" height=\"225\" srcset=\"https:\/\/eremos.eu\/wp-content\/uploads\/2015\/08\/7c7-300x226.jpg 300w, https:\/\/eremos.eu\/wp-content\/uploads\/2015\/08\/7c7.jpg 636w\" sizes=\"auto, (max-width: 299px) 100vw, 299px\" \/><\/a><\/p>\n<p><a href=\"https:\/\/eremos.eu\/wp-content\/uploads\/2015\/08\/7d3.jpg\"><img loading=\"lazy\" decoding=\"async\" class=\"alignleft wp-image-4682 size-medium\" src=\"https:\/\/eremos.eu\/wp-content\/uploads\/2015\/08\/7d3-300x226.jpg\" alt=\"7d\" width=\"300\" height=\"226\" srcset=\"https:\/\/eremos.eu\/wp-content\/uploads\/2015\/08\/7d3-300x226.jpg 300w, https:\/\/eremos.eu\/wp-content\/uploads\/2015\/08\/7d3.jpg 637w\" sizes=\"auto, (max-width: 300px) 100vw, 300px\" \/><\/a><a href=\"https:\/\/eremos.eu\/wp-content\/uploads\/2015\/08\/7e1.jpg\"><img loading=\"lazy\" decoding=\"async\" class=\"wp-image-4683 alignnone\" src=\"https:\/\/eremos.eu\/wp-content\/uploads\/2015\/08\/7e1-300x227.jpg\" alt=\"7e\" width=\"299\" height=\"226\" srcset=\"https:\/\/eremos.eu\/wp-content\/uploads\/2015\/08\/7e1-300x227.jpg 300w, https:\/\/eremos.eu\/wp-content\/uploads\/2015\/08\/7e1.jpg 634w\" sizes=\"auto, (max-width: 299px) 100vw, 299px\" \/><\/a><\/p>\n<hr \/>\n<p><strong>EREMO DEI SANTI EMILIANO E BARTOLOMEO IN CONGIUNTOLI<\/strong> (Complesso cenobitico &#8211; XI secolo)<\/p>\n<p>Localit\u00e0: <strong>Scheggia e Pascelupo<\/strong> (PG) \u00a0 \u00a0 \u00a0 \u00a0 \u00a0 \u00a0 \u00a0 \u00a0 \u00a0 \u00a0 \u00a0 \u00a0 Sub-area: <span style=\"color: #0000ff;\">Parco Regionale del Monte Cucco<\/span><\/p>\n<p style=\"text-align: justify;\"><a href=\"https:\/\/eremos.eu\/wp-content\/uploads\/2015\/08\/838.jpg\"><img loading=\"lazy\" decoding=\"async\" class=\"alignright size-medium wp-image-4685\" src=\"https:\/\/eremos.eu\/wp-content\/uploads\/2015\/08\/838-300x201.jpg\" alt=\"8\" width=\"300\" height=\"201\" srcset=\"https:\/\/eremos.eu\/wp-content\/uploads\/2015\/08\/838-300x201.jpg 300w, https:\/\/eremos.eu\/wp-content\/uploads\/2015\/08\/838.jpg 691w\" sizes=\"auto, (max-width: 300px) 100vw, 300px\" \/><\/a>L\u2019eremo dei Sant\u2019Emiliano e San Bartolomeo in Congiuntoli, comprendente anche la badia, si trova ai piedi del monte Aguzzo, lungo l\u2019antica strada che collega Scheggia a Sassoferrato, alla confluenza del Rio Freddo con il Sentino, da qui il nome &#8220;in congiuntoli&#8221;. L\u2019eremo, che originariamente constava di una piccola chiesa con un monastero benedettino, venne frequentato anche da san Domenico Loricato tra il 1030 ed il 1050 prima del trasferimento in quello di San Vicino. Il cenobio \u00e8 stato poi abbandonato dai monaci nel 1596, anno in cui i cistercensi si staccarono dagli abati accomandatari. La chiesa di Sant\u2019Emiliano, a due navate, \u00e8 un edificio in pietre bianche squadrate con pilastri ottagonali che sorreggono gli archi romanici corredati di capitelli semplici e lineari. Degne di nota, alcune finestre di stile romanico che si amalgamano perfettamente con quelle gotiche trilobate.<\/p>\n<p><a href=\"https:\/\/eremos.eu\/wp-content\/uploads\/2015\/08\/8a15.jpg\"><img loading=\"lazy\" decoding=\"async\" class=\"alignleft wp-image-4686 size-medium\" src=\"https:\/\/eremos.eu\/wp-content\/uploads\/2015\/08\/8a15-300x186.jpg\" alt=\"8a\" width=\"300\" height=\"186\" srcset=\"https:\/\/eremos.eu\/wp-content\/uploads\/2015\/08\/8a15-300x186.jpg 300w, https:\/\/eremos.eu\/wp-content\/uploads\/2015\/08\/8a15.jpg 589w\" sizes=\"auto, (max-width: 300px) 100vw, 300px\" \/><\/a><\/p>\n<p><a href=\"https:\/\/eremos.eu\/wp-content\/uploads\/2015\/08\/8d2.jpg\"><img loading=\"lazy\" decoding=\"async\" class=\"alignnone wp-image-5934\" src=\"https:\/\/eremos.eu\/wp-content\/uploads\/2015\/08\/8d2-300x181.jpg\" alt=\"8d\" width=\"308\" height=\"186\" srcset=\"https:\/\/eremos.eu\/wp-content\/uploads\/2015\/08\/8d2-300x181.jpg 300w, https:\/\/eremos.eu\/wp-content\/uploads\/2015\/08\/8d2-1024x618.jpg 1024w, https:\/\/eremos.eu\/wp-content\/uploads\/2015\/08\/8d2.jpg 1186w\" sizes=\"auto, (max-width: 308px) 100vw, 308px\" \/><\/a><\/p>\n<p><a href=\"https:\/\/eremos.eu\/wp-content\/uploads\/2015\/08\/8c6.jpg\"><img loading=\"lazy\" decoding=\"async\" class=\"alignleft wp-image-4688 size-medium\" src=\"https:\/\/eremos.eu\/wp-content\/uploads\/2015\/08\/8c6-300x200.jpg\" alt=\"8c\" width=\"300\" height=\"200\" srcset=\"https:\/\/eremos.eu\/wp-content\/uploads\/2015\/08\/8c6-300x200.jpg 300w, https:\/\/eremos.eu\/wp-content\/uploads\/2015\/08\/8c6.jpg 618w\" sizes=\"auto, (max-width: 300px) 100vw, 300px\" \/><\/a><\/p>\n<p><a href=\"https:\/\/eremos.eu\/wp-content\/uploads\/2015\/08\/8b10.jpg\"><img loading=\"lazy\" decoding=\"async\" class=\"wp-image-4690 alignnone\" src=\"https:\/\/eremos.eu\/wp-content\/uploads\/2015\/08\/8b10-300x214.jpg\" alt=\"8b\" width=\"280\" height=\"200\" srcset=\"https:\/\/eremos.eu\/wp-content\/uploads\/2015\/08\/8b10-300x214.jpg 300w, https:\/\/eremos.eu\/wp-content\/uploads\/2015\/08\/8b10-1024x731.jpg 1024w, https:\/\/eremos.eu\/wp-content\/uploads\/2015\/08\/8b10.jpg 1044w\" sizes=\"auto, (max-width: 280px) 100vw, 280px\" \/><\/a><\/p>\n<hr \/>\n<p><strong><a href=\"https:\/\/eremos.eu\/wp-content\/uploads\/2015\/08\/9a16.jpg\"><img loading=\"lazy\" decoding=\"async\" class=\"alignright wp-image-4692\" src=\"https:\/\/eremos.eu\/wp-content\/uploads\/2015\/08\/9a16-227x300.jpg\" alt=\"9a\" width=\"189\" height=\"250\" srcset=\"https:\/\/eremos.eu\/wp-content\/uploads\/2015\/08\/9a16-227x300.jpg 227w, https:\/\/eremos.eu\/wp-content\/uploads\/2015\/08\/9a16.jpg 531w\" sizes=\"auto, (max-width: 189px) 100vw, 189px\" \/><\/a>GROTTA DEL BEATO TOMASSO<\/strong> (Romitorio rupestre &#8211; XIII secolo)<\/p>\n<p>Localit\u00e0: <strong>Scheggia e Pascelupo<\/strong> (PG)<\/p>\n<p>Sub-area: <span style=\"color: #0000ff;\">Parco Regionale del Monte Cucco<\/span><\/p>\n<p style=\"text-align: justify;\">La grotta del Beato Tomasso di Costacciaro si trova ai piedi della cascata del torrente Rio Freddo, denominata \u201cpiscia di san Girolamo\u201d, in un pendio scosceso e strapiombante del monte Cucco, ed \u00e8 la piccola cella dove, secondo la tradizione, il Santo si \u00e8 ritirato in eremitaggio per 65 anni fino alla sua morte nel 1337.<\/p>\n<hr \/>\n<p><strong>EREMO DI SANTA MARIA DI SITRIA<\/strong> (Complesso cenobitico &#8211; XI secolo)<\/p>\n<p>Localit\u00e0: <strong>Isola Fossara di Scheggia e Pascelupo<\/strong> (PG)<\/p>\n<p>Sub-area: <span style=\"color: #0000ff;\">Parco Regionale del Monte Cucco<\/span><\/p>\n<p style=\"text-align: justify;\"><a href=\"https:\/\/eremos.eu\/wp-content\/uploads\/2015\/08\/10a13.jpg\"><img loading=\"lazy\" decoding=\"async\" class=\"alignright size-medium wp-image-4693\" src=\"https:\/\/eremos.eu\/wp-content\/uploads\/2015\/08\/10a13-300x199.jpg\" alt=\"10a\" width=\"300\" height=\"199\" srcset=\"https:\/\/eremos.eu\/wp-content\/uploads\/2015\/08\/10a13-300x199.jpg 300w, https:\/\/eremos.eu\/wp-content\/uploads\/2015\/08\/10a13.jpg 790w\" sizes=\"auto, (max-width: 300px) 100vw, 300px\" \/><\/a>L\u2019eremo o abbazia di Santa Maria di Sitria si trova nel parco del monte Cucco, nella stretta valle del fosso Artino, al confine con le Marche. La sua nascita si deve a san Romualdo che, dapprima, nel 1014 costruisce l\u2019eremo, formato da semplici celle in pietra e legno, e poi, tra il 1018 ed il 1021, il monastero. A parte san Romualdo vi hanno soggiornato ospiti illustri, come san Pier Damiani, san Domenico Loricato, sant\u2019Albertino da Montone ed il beato Tomasso da Costacciaro. La chiesa a navata unica, ancora ben conservata e visitabile, \u00e8 di stile romanico-gotico, con una copertura a volta ogivale in pietra ed un altare con archetti trilobati. L\u2019abside \u00e8 impreziosita da un affresco del XVII secolo raffigurante la <i>Crocifissione<\/i> e la cripta sottostante presenta una volta sorretta da una colonna di granito con capitello, quasi sicuramente di epoca romana. Di fianco alla cripta \u00e8 indicata la cosiddetta \u201cprigione di san Romualdo\u201d, l&#8217;angusta cella in cui il Santo venne rinchiuso per sei mesi dai suoi stessi confratelli; mentre l\u2019annesso cenobio, con la sala capitolare e le altre celle dei monaci, in piedi fino al 1930, \u00e8 oramai fatiscente e quasi completamente distrutto.<\/p>\n<p style=\"text-align: justify;\"><a href=\"https:\/\/eremos.eu\/wp-content\/uploads\/2015\/08\/1037.jpg\"><img loading=\"lazy\" decoding=\"async\" class=\"alignleft wp-image-4696 size-medium\" src=\"https:\/\/eremos.eu\/wp-content\/uploads\/2015\/08\/1037-300x194.jpg\" alt=\"10\" width=\"300\" height=\"194\" srcset=\"https:\/\/eremos.eu\/wp-content\/uploads\/2015\/08\/1037-300x194.jpg 300w, https:\/\/eremos.eu\/wp-content\/uploads\/2015\/08\/1037.jpg 454w\" sizes=\"auto, (max-width: 300px) 100vw, 300px\" \/><\/a><a href=\"https:\/\/eremos.eu\/wp-content\/uploads\/2015\/08\/10c9.jpg\"><img loading=\"lazy\" decoding=\"async\" class=\"wp-image-4695 alignnone\" src=\"https:\/\/eremos.eu\/wp-content\/uploads\/2015\/08\/10c9-300x187.jpg\" alt=\"10c\" width=\"311\" height=\"194\" srcset=\"https:\/\/eremos.eu\/wp-content\/uploads\/2015\/08\/10c9-300x187.jpg 300w, https:\/\/eremos.eu\/wp-content\/uploads\/2015\/08\/10c9.jpg 790w\" sizes=\"auto, (max-width: 311px) 100vw, 311px\" \/><\/a><\/p>\n<p><a href=\"https:\/\/eremos.eu\/wp-content\/uploads\/2015\/08\/10b11.jpg\"><img loading=\"lazy\" decoding=\"async\" class=\"alignleft wp-image-4697 size-medium\" src=\"https:\/\/eremos.eu\/wp-content\/uploads\/2015\/08\/10b11-300x201.jpg\" alt=\"10b\" width=\"300\" height=\"201\" srcset=\"https:\/\/eremos.eu\/wp-content\/uploads\/2015\/08\/10b11-300x201.jpg 300w, https:\/\/eremos.eu\/wp-content\/uploads\/2015\/08\/10b11.jpg 793w\" sizes=\"auto, (max-width: 300px) 100vw, 300px\" \/><\/a><a href=\"https:\/\/eremos.eu\/wp-content\/uploads\/2015\/08\/10d2.jpg\"><img loading=\"lazy\" decoding=\"async\" class=\"wp-image-4698 size-medium alignnone\" src=\"https:\/\/eremos.eu\/wp-content\/uploads\/2015\/08\/10d2-300x201.jpg\" alt=\"10d\" width=\"300\" height=\"201\" srcset=\"https:\/\/eremos.eu\/wp-content\/uploads\/2015\/08\/10d2-300x201.jpg 300w, https:\/\/eremos.eu\/wp-content\/uploads\/2015\/08\/10d2.jpg 793w\" sizes=\"auto, (max-width: 300px) 100vw, 300px\" \/><\/a><\/p>\n<hr \/>\n<h3><span style=\"color: #0000ff;\"><strong>MONTE SUBASIO<\/strong><\/span><\/h3>\n<p><strong>EREMO DELLE CARCERI<\/strong> (Complesso cenobitico &#8211; XIII secolo)<\/p>\n<p>Localit\u00e0: <strong>Assisi<\/strong> (PG) \u00a0 \u00a0 \u00a0 \u00a0 \u00a0 \u00a0 \u00a0 \u00a0 \u00a0 \u00a0 \u00a0 \u00a0 \u00a0 Sub-area: <span style=\"color: #0000ff;\">Parco Regionale del Monte Subasio<\/span><\/p>\n<p style=\"text-align: justify;\">L\u2019eremo delle Carceri, situato in una posizione privilegiata nel bel mezzo di una lecceta secolare alle pendici del monte Subasio, \u00e8 sorto nel luogo scelto da san Francesco e dai suoi adepti per ritirarsi in preghiera e meditazione. Nel 1400 viene ampliato da san Bernardino da Siena con la realizzazione della chiesa di Santa Maria delle Carceri oltre ad un piccolo convento. Ben conservato nel tempo, nonostante l\u2019ininterrotto pellegrinaggio, ancora oggi \u00e8 possibile apprezzare l\u2019austera semplicit\u00e0 dei suoi ambienti, come il chiostrino, il refettorio e le cellette dei frati.<\/p>\n<p><a href=\"https:\/\/eremos.eu\/wp-content\/uploads\/2015\/08\/1128.jpg\"><img loading=\"lazy\" decoding=\"async\" class=\"alignleft wp-image-4699 size-medium\" src=\"https:\/\/eremos.eu\/wp-content\/uploads\/2015\/08\/1128-300x204.jpg\" alt=\"11\" width=\"300\" height=\"204\" srcset=\"https:\/\/eremos.eu\/wp-content\/uploads\/2015\/08\/1128-300x204.jpg 300w, https:\/\/eremos.eu\/wp-content\/uploads\/2015\/08\/1128.jpg 716w\" sizes=\"auto, (max-width: 300px) 100vw, 300px\" \/><\/a><a href=\"https:\/\/eremos.eu\/wp-content\/uploads\/2015\/08\/11a13.jpg\"><img loading=\"lazy\" decoding=\"async\" class=\"wp-image-4700 alignnone\" src=\"https:\/\/eremos.eu\/wp-content\/uploads\/2015\/08\/11a13-300x200.jpg\" alt=\"11a\" width=\"307\" height=\"204\" srcset=\"https:\/\/eremos.eu\/wp-content\/uploads\/2015\/08\/11a13-300x200.jpg 300w, https:\/\/eremos.eu\/wp-content\/uploads\/2015\/08\/11a13.jpg 553w\" sizes=\"auto, (max-width: 307px) 100vw, 307px\" \/><\/a><\/p>\n<p><a href=\"https:\/\/eremos.eu\/wp-content\/uploads\/2015\/08\/11b10.jpg\"><img loading=\"lazy\" decoding=\"async\" class=\"alignleft wp-image-4701 size-medium\" src=\"https:\/\/eremos.eu\/wp-content\/uploads\/2015\/08\/11b10-300x200.jpg\" alt=\"11b\" width=\"300\" height=\"200\" srcset=\"https:\/\/eremos.eu\/wp-content\/uploads\/2015\/08\/11b10-300x200.jpg 300w, https:\/\/eremos.eu\/wp-content\/uploads\/2015\/08\/11b10.jpg 496w\" sizes=\"auto, (max-width: 300px) 100vw, 300px\" \/><\/a><a href=\"https:\/\/eremos.eu\/wp-content\/uploads\/2015\/08\/11c6.jpg\"><img loading=\"lazy\" decoding=\"async\" class=\"wp-image-4702 size-medium alignnone\" src=\"https:\/\/eremos.eu\/wp-content\/uploads\/2015\/08\/11c6-300x200.jpg\" alt=\"11c\" width=\"300\" height=\"200\" srcset=\"https:\/\/eremos.eu\/wp-content\/uploads\/2015\/08\/11c6-300x200.jpg 300w, https:\/\/eremos.eu\/wp-content\/uploads\/2015\/08\/11c6-1024x682.jpg 1024w, https:\/\/eremos.eu\/wp-content\/uploads\/2015\/08\/11c6.jpg 1194w\" sizes=\"auto, (max-width: 300px) 100vw, 300px\" \/><\/a><\/p>\n<p><a href=\"https:\/\/eremos.eu\/wp-content\/uploads\/2015\/08\/11d5.jpg\"><img loading=\"lazy\" decoding=\"async\" class=\"alignleft wp-image-4703 size-medium\" src=\"https:\/\/eremos.eu\/wp-content\/uploads\/2015\/08\/11d5-300x224.jpg\" alt=\"11d\" width=\"300\" height=\"224\" srcset=\"https:\/\/eremos.eu\/wp-content\/uploads\/2015\/08\/11d5-300x224.jpg 300w, https:\/\/eremos.eu\/wp-content\/uploads\/2015\/08\/11d5.jpg 676w\" sizes=\"auto, (max-width: 300px) 100vw, 300px\" \/><\/a><a href=\"https:\/\/eremos.eu\/wp-content\/uploads\/2015\/08\/11e4.jpg\"><img loading=\"lazy\" decoding=\"async\" class=\"wp-image-4704 alignnone\" src=\"https:\/\/eremos.eu\/wp-content\/uploads\/2015\/08\/11e4-300x228.jpg\" alt=\"11e\" width=\"295\" height=\"224\" srcset=\"https:\/\/eremos.eu\/wp-content\/uploads\/2015\/08\/11e4-300x228.jpg 300w, https:\/\/eremos.eu\/wp-content\/uploads\/2015\/08\/11e4.jpg 694w\" sizes=\"auto, (max-width: 295px) 100vw, 295px\" \/><\/a><\/p>\n<hr \/>\n<p><strong>GROTTA DI SAN FRANCESCO AL SUBASIO<\/strong> (Romitorio rupestre &#8211; XIII secolo)<\/p>\n<p>Localit\u00e0: <strong>Assisi<\/strong> (PG) \u00a0 \u00a0 \u00a0 \u00a0 \u00a0 \u00a0 \u00a0 \u00a0 \u00a0 \u00a0 \u00a0 \u00a0 \u00a0 Sub-area: <span style=\"color: #0000ff;\">Parco Regionale del Monte Subasio<\/span><\/p>\n<p style=\"text-align: justify;\">La grotta di San Francesco, all\u2019entrata del bosco sottostante l\u2019Eremo delle Carceri, non \u00e8 solo la dimora abituale del Santo d\u2019Assisi in una delle tante cavit\u00e0 naturali del monte Subasio ma \u00e8 soprattutto il nucleo originario di quello che poi verr\u00e0 edificato, diventando il primo ed il pi\u00f9 suggestivo degli eremi francescani. Nei pressi della grotta si ritrova ancora un leccio secolare ed una buca nel terreno da cui si pu\u00f2 intravvedere il fondo del burrone o, secondo la tradizione, dell\u2019abisso demoniaco.<\/p>\n<p><a href=\"https:\/\/eremos.eu\/wp-content\/uploads\/2015\/08\/1223.jpg\"><img loading=\"lazy\" decoding=\"async\" class=\"alignleft wp-image-4705 size-medium\" src=\"https:\/\/eremos.eu\/wp-content\/uploads\/2015\/08\/1223-300x224.jpg\" alt=\"12\" width=\"300\" height=\"224\" srcset=\"https:\/\/eremos.eu\/wp-content\/uploads\/2015\/08\/1223-300x224.jpg 300w, https:\/\/eremos.eu\/wp-content\/uploads\/2015\/08\/1223.jpg 995w\" sizes=\"auto, (max-width: 300px) 100vw, 300px\" \/><\/a><a href=\"https:\/\/eremos.eu\/wp-content\/uploads\/2015\/08\/12a14.jpg\"><img loading=\"lazy\" decoding=\"async\" class=\"wp-image-4706 alignnone\" src=\"https:\/\/eremos.eu\/wp-content\/uploads\/2015\/08\/12a14-300x223.jpg\" alt=\"12a\" width=\"301\" height=\"224\" srcset=\"https:\/\/eremos.eu\/wp-content\/uploads\/2015\/08\/12a14-300x223.jpg 300w, https:\/\/eremos.eu\/wp-content\/uploads\/2015\/08\/12a14.jpg 546w\" sizes=\"auto, (max-width: 301px) 100vw, 301px\" \/><\/a><\/p>\n<p><a href=\"https:\/\/eremos.eu\/wp-content\/uploads\/2015\/08\/12b13.jpg\"><img loading=\"lazy\" decoding=\"async\" class=\"alignleft wp-image-4709 size-medium\" src=\"https:\/\/eremos.eu\/wp-content\/uploads\/2015\/08\/12b13-300x200.jpg\" alt=\"12b\" width=\"300\" height=\"200\" srcset=\"https:\/\/eremos.eu\/wp-content\/uploads\/2015\/08\/12b13-300x200.jpg 300w, https:\/\/eremos.eu\/wp-content\/uploads\/2015\/08\/12b13.jpg 716w\" sizes=\"auto, (max-width: 300px) 100vw, 300px\" \/><\/a><a href=\"https:\/\/eremos.eu\/wp-content\/uploads\/2015\/08\/12c9.jpg\"><img loading=\"lazy\" decoding=\"async\" class=\"wp-image-4708 alignnone\" src=\"https:\/\/eremos.eu\/wp-content\/uploads\/2015\/08\/12c9.jpg\" alt=\"12c\" width=\"301\" height=\"200\" \/><\/a><\/p>\n<hr \/>\n<p><strong>GROTTA DI FRATE BERNARDO<\/strong> (Romitorio rupestre &#8211; XIII secolo)<\/p>\n<p>Localit\u00e0: <strong>Assisi<\/strong> (PG) \u00a0 \u00a0 \u00a0 \u00a0 \u00a0 \u00a0 \u00a0 \u00a0 \u00a0 \u00a0 \u00a0 \u00a0 \u00a0 Sub-area: <span style=\"color: #0000ff;\">Parco Regionale del Monte Subasio<\/span><\/p>\n<p style=\"text-align: justify;\">La grotta di Frate Bernardo da Quintavalle si trova nel bosco poco al disotto dell\u2019Eremo delle Carceri, assieme alle altre cavit\u00e0 naturali del monte Subasio abitate dai primi, fedeli compagni del Santo d\u2019Assisi. All\u2019interno \u00e8 custodito un semplice e delizioso altarino in pietra.<\/p>\n<p><a href=\"https:\/\/eremos.eu\/wp-content\/uploads\/2015\/08\/1326.jpg\"><img loading=\"lazy\" decoding=\"async\" class=\"alignleft wp-image-4712 size-medium\" src=\"https:\/\/eremos.eu\/wp-content\/uploads\/2015\/08\/1326-300x216.jpg\" alt=\"13\" width=\"300\" height=\"216\" srcset=\"https:\/\/eremos.eu\/wp-content\/uploads\/2015\/08\/1326-300x216.jpg 300w, https:\/\/eremos.eu\/wp-content\/uploads\/2015\/08\/1326.jpg 710w\" sizes=\"auto, (max-width: 300px) 100vw, 300px\" \/><\/a><a href=\"https:\/\/eremos.eu\/wp-content\/uploads\/2015\/08\/13a12.jpg\"><img loading=\"lazy\" decoding=\"async\" class=\"wp-image-4711 alignnone\" src=\"https:\/\/eremos.eu\/wp-content\/uploads\/2015\/08\/13a12-300x224.jpg\" alt=\"13a\" width=\"290\" height=\"216\" srcset=\"https:\/\/eremos.eu\/wp-content\/uploads\/2015\/08\/13a12-300x224.jpg 300w, https:\/\/eremos.eu\/wp-content\/uploads\/2015\/08\/13a12.jpg 716w\" sizes=\"auto, (max-width: 290px) 100vw, 290px\" \/><\/a><\/p>\n<p><a href=\"https:\/\/eremos.eu\/wp-content\/uploads\/2015\/08\/13b10.jpg\"><img loading=\"lazy\" decoding=\"async\" class=\"alignleft wp-image-4713 size-medium\" src=\"https:\/\/eremos.eu\/wp-content\/uploads\/2015\/08\/13b10-300x223.jpg\" alt=\"13b\" width=\"300\" height=\"223\" srcset=\"https:\/\/eremos.eu\/wp-content\/uploads\/2015\/08\/13b10-300x223.jpg 300w, https:\/\/eremos.eu\/wp-content\/uploads\/2015\/08\/13b10.jpg 815w\" sizes=\"auto, (max-width: 300px) 100vw, 300px\" \/><\/a><a href=\"https:\/\/eremos.eu\/wp-content\/uploads\/2015\/08\/13c7.jpg\"><img loading=\"lazy\" decoding=\"async\" class=\"wp-image-4714 alignnone\" src=\"https:\/\/eremos.eu\/wp-content\/uploads\/2015\/08\/13c7-300x224.jpg\" alt=\"13c\" width=\"299\" height=\"223\" srcset=\"https:\/\/eremos.eu\/wp-content\/uploads\/2015\/08\/13c7-300x224.jpg 300w, https:\/\/eremos.eu\/wp-content\/uploads\/2015\/08\/13c7.jpg 716w\" sizes=\"auto, (max-width: 299px) 100vw, 299px\" \/><\/a><\/p>\n<hr \/>\n<p><strong>GROTTA DI FRATE LEONE<\/strong> (Romitorio rupestre &#8211; XIII secolo)<\/p>\n<p>Localit\u00e0: <strong>Assisi<\/strong> (PG) \u00a0 \u00a0 \u00a0 \u00a0 \u00a0 \u00a0 \u00a0 \u00a0 \u00a0 \u00a0 \u00a0 \u00a0 \u00a0 Sub-area: <span style=\"color: #0000ff;\">Parco Regionale del Monte Subasio<\/span><\/p>\n<p style=\"text-align: justify;\">La grotta di Frate Leone si trova nel bosco poco al disotto dell\u2019Eremo delle Carceri, assieme alle altre cavit\u00e0 naturali del monte Subasio abitate dai primi, fedeli compagni del Santo\u00a0 d\u2019Assisi.<\/p>\n<p><a href=\"https:\/\/eremos.eu\/wp-content\/uploads\/2015\/08\/14a13.jpg\"><img loading=\"lazy\" decoding=\"async\" class=\"alignleft wp-image-4715 size-medium\" src=\"https:\/\/eremos.eu\/wp-content\/uploads\/2015\/08\/14a13-300x224.jpg\" alt=\"14a\" width=\"300\" height=\"224\" srcset=\"https:\/\/eremos.eu\/wp-content\/uploads\/2015\/08\/14a13-300x224.jpg 300w, https:\/\/eremos.eu\/wp-content\/uploads\/2015\/08\/14a13.jpg 793w\" sizes=\"auto, (max-width: 300px) 100vw, 300px\" \/><\/a><a href=\"https:\/\/eremos.eu\/wp-content\/uploads\/2015\/08\/14b10.jpg\"><img loading=\"lazy\" decoding=\"async\" class=\"wp-image-4716 alignnone\" src=\"https:\/\/eremos.eu\/wp-content\/uploads\/2015\/08\/14b10-300x226.jpg\" alt=\"14b\" width=\"298\" height=\"224\" srcset=\"https:\/\/eremos.eu\/wp-content\/uploads\/2015\/08\/14b10-300x226.jpg 300w, https:\/\/eremos.eu\/wp-content\/uploads\/2015\/08\/14b10-1024x770.jpg 1024w, https:\/\/eremos.eu\/wp-content\/uploads\/2015\/08\/14b10.jpg 1045w\" sizes=\"auto, (max-width: 298px) 100vw, 298px\" \/><\/a><\/p>\n<hr \/>\n<p><strong>GROTTA DI FRATE SILVESTRO<\/strong> (Romitorio rupestre &#8211; XIII secolo)<\/p>\n<p>Localit\u00e0: <strong>Assisi<\/strong> (PG) \u00a0 \u00a0 \u00a0 \u00a0 \u00a0 \u00a0 \u00a0 \u00a0 \u00a0 \u00a0 \u00a0 \u00a0 \u00a0 Sub-area: <span style=\"color: #0000ff;\">Parco Regionale del Monte Subasio<\/span><\/p>\n<p style=\"text-align: justify;\">La grotta di Frate Silvestro si trova nel bosco poco al disotto dell\u2019Eremo delle Carceri, assieme alle altre cavit\u00e0 naturali del monte Subasio abitate dai primi, fedeli compagni del Santo d\u2019Assisi.<\/p>\n<p><a href=\"https:\/\/eremos.eu\/wp-content\/uploads\/2015\/08\/1523.jpg\"><img loading=\"lazy\" decoding=\"async\" class=\"alignleft wp-image-4717 size-medium\" src=\"https:\/\/eremos.eu\/wp-content\/uploads\/2015\/08\/1523-300x225.jpg\" alt=\"15\" width=\"300\" height=\"225\" srcset=\"https:\/\/eremos.eu\/wp-content\/uploads\/2015\/08\/1523-300x225.jpg 300w, https:\/\/eremos.eu\/wp-content\/uploads\/2015\/08\/1523.jpg 818w\" sizes=\"auto, (max-width: 300px) 100vw, 300px\" \/><\/a><a href=\"https:\/\/eremos.eu\/wp-content\/uploads\/2015\/08\/15b11.jpg\"><img loading=\"lazy\" decoding=\"async\" class=\"wp-image-4718 size-medium alignnone\" src=\"https:\/\/eremos.eu\/wp-content\/uploads\/2015\/08\/15b11-300x225.jpg\" alt=\"15b\" width=\"300\" height=\"225\" srcset=\"https:\/\/eremos.eu\/wp-content\/uploads\/2015\/08\/15b11-300x225.jpg 300w, https:\/\/eremos.eu\/wp-content\/uploads\/2015\/08\/15b11.jpg 811w\" sizes=\"auto, (max-width: 300px) 100vw, 300px\" \/><\/a><\/p>\n<hr \/>\n<p><strong>GROTTA DI FRATE ANTONIO DA STRONCONE<\/strong> (Romitorio rupestre &#8211; XIII secolo)<\/p>\n<p>Localit\u00e0: <strong>Assisi<\/strong> (PG) \u00a0 \u00a0 \u00a0 \u00a0 \u00a0 \u00a0 \u00a0 \u00a0 \u00a0 \u00a0 \u00a0 \u00a0 \u00a0 Sub-area: <span style=\"color: #0000ff;\">Parco Regionale del Monte Subasio<\/span><\/p>\n<p style=\"text-align: justify;\">La grotta di Frate Antonio da Stroncone si trova nel bosco poco al disotto dell\u2019Eremo delle Carceri, assieme alle altre cavit\u00e0 naturali del monte Subasio abitate dai primi, fedeli compagni del Santo d\u2019Assisi.<\/p>\n<hr \/>\n<p><strong>GROTTA DI FRATE ANDREA DA SPELLO<\/strong> (Romitorio rupestre &#8211; XIII secolo)<\/p>\n<p>Localit\u00e0: <strong>Assisi<\/strong> (PG) \u00a0 \u00a0 \u00a0 \u00a0 \u00a0 \u00a0 \u00a0 \u00a0 \u00a0 \u00a0 \u00a0 \u00a0 \u00a0 Sub-area: <span style=\"color: #0000ff;\">Parco Regionale del Monte Subasio<\/span><\/p>\n<p style=\"text-align: justify;\">La grotta di Frate Andrea da Spello si trova nel bosco poco al disotto dell\u2019Eremo delle Carceri, assieme alle altre cavit\u00e0 naturali del monte Subasio abitate dai primi, fedeli compagni del Santo d\u2019Assisi.<\/p>\n<hr \/>\n<p><strong>GROTTA DI FRATE RUFINO<\/strong> (Romitorio rupestre &#8211; XIII secolo)<\/p>\n<p>Localit\u00e0: <strong>Assisi<\/strong> (PG) \u00a0 \u00a0 \u00a0 \u00a0 \u00a0 \u00a0 \u00a0 \u00a0 \u00a0 \u00a0 \u00a0 \u00a0 \u00a0 Sub-area:<span style=\"color: #0000ff;\"> Parco Regionale del Monte Subasio<\/span><\/p>\n<p style=\"text-align: justify;\">La grotta di Frate Rufino si trova nel bosco poco al disotto dell\u2019Eremo delle Carceri, assieme alle altre cavit\u00e0 naturali del monte Subasio abitate dai primi, fedeli compagni del Santo d\u2019Assisi.<\/p>\n<hr \/>\n<p><strong>GROTTA DI SAN FRANCESCO A CERQUA ROSSA<\/strong> (Romitorio rupestre &#8211; XIII secolo)<\/p>\n<p>Localit\u00e0: <strong>Armenzano di Assisi<\/strong> (PG)<\/p>\n<p><a href=\"https:\/\/eremos.eu\/wp-content\/uploads\/2015\/08\/19a12.jpg\"><img loading=\"lazy\" decoding=\"async\" class=\"alignright wp-image-4719\" src=\"https:\/\/eremos.eu\/wp-content\/uploads\/2015\/08\/19a12-300x225.jpg\" alt=\"19a\" width=\"287\" height=\"215\" srcset=\"https:\/\/eremos.eu\/wp-content\/uploads\/2015\/08\/19a12-300x225.jpg 300w, https:\/\/eremos.eu\/wp-content\/uploads\/2015\/08\/19a12.jpg 809w\" sizes=\"auto, (max-width: 287px) 100vw, 287px\" \/><\/a>Sub-area: <span style=\"color: #0000ff;\">Parco Regionale del Monte Subasio<\/span><\/p>\n<p style=\"text-align: justify;\">Quella chiamata \u201cgrotta di San Francesco\u201d si trova sulla strada che da Armenzano scende al borgo di Nottiano, nella gola del Fosso Vettoio e in prossimit\u00e0 della sorgente dell\u2019Acqua Gelata. Siamo nel versante nord-est del monte Subasio ed \u00e8 questo uno dei luoghi prediletti dal Santo per riposare (dopo qualcuna delle sue numerose peregrinazioni) ritirandosi a meditare. La tradizione vuole che i segni delle sue ginocchia siano tutt\u2019ora visibili sulla nuda roccia.<\/p>\n<hr \/>\n<p style=\"text-align: justify;\"><strong><a href=\"https:\/\/eremos.eu\/wp-content\/uploads\/2015\/08\/20c5.jpg\"><img loading=\"lazy\" decoding=\"async\" class=\"alignright wp-image-4724\" src=\"https:\/\/eremos.eu\/wp-content\/uploads\/2015\/08\/20c5-300x300.jpg\" alt=\"20c\" width=\"270\" height=\"270\" srcset=\"https:\/\/eremos.eu\/wp-content\/uploads\/2015\/08\/20c5-300x300.jpg 300w, https:\/\/eremos.eu\/wp-content\/uploads\/2015\/08\/20c5-150x150.jpg 150w, https:\/\/eremos.eu\/wp-content\/uploads\/2015\/08\/20c5.jpg 301w\" sizes=\"auto, (max-width: 270px) 100vw, 270px\" \/><\/a>SACRO TUGURIO<\/strong> (Dimora eremitica &#8211; XIII secolo)<\/p>\n<p style=\"text-align: justify;\">Localit\u00e0: <strong>Rivotorto<\/strong> (PG)<\/p>\n<p style=\"text-align: justify;\">Sub-area: <span style=\"color: #0000ff;\">Parco Regionale del Monte Subasio<\/span><\/p>\n<p style=\"text-align: justify;\">Il Sacro Tugurio, gelosamente custodito all\u2019interno del santuario di Santa Maria di Rivotorto, si vuole che sia stato tra le prime dimore di san Francesco e dei suoi seguaci prima di trasferirsi nei pressi della Porziuncola. Quello attuale si compone di due abitazioni contigue piuttosto basse originariamente in pietra e frasche ma pi\u00f9 avanti ristrutturate.<\/p>\n<p><a href=\"https:\/\/eremos.eu\/wp-content\/uploads\/2015\/08\/2015.jpg\"><img loading=\"lazy\" decoding=\"async\" class=\"alignleft wp-image-4723 size-medium\" src=\"https:\/\/eremos.eu\/wp-content\/uploads\/2015\/08\/2015-300x202.jpg\" alt=\"20\" width=\"300\" height=\"202\" srcset=\"https:\/\/eremos.eu\/wp-content\/uploads\/2015\/08\/2015-300x202.jpg 300w, https:\/\/eremos.eu\/wp-content\/uploads\/2015\/08\/2015.jpg 641w\" sizes=\"auto, (max-width: 300px) 100vw, 300px\" \/><\/a><a href=\"https:\/\/eremos.eu\/wp-content\/uploads\/2015\/08\/20a15.jpg\"><img loading=\"lazy\" decoding=\"async\" class=\"wp-image-4721 alignnone\" src=\"https:\/\/eremos.eu\/wp-content\/uploads\/2015\/08\/20a15.jpg\" alt=\"20a\" width=\"269\" height=\"202\" \/><\/a><\/p>\n<hr \/>\n<p><strong><a href=\"https:\/\/eremos.eu\/wp-content\/uploads\/2015\/08\/21b8.jpg\"><img loading=\"lazy\" decoding=\"async\" class=\"alignright wp-image-4725\" src=\"https:\/\/eremos.eu\/wp-content\/uploads\/2015\/08\/21b8-202x300.jpg\" alt=\"21b\" width=\"175\" height=\"260\" srcset=\"https:\/\/eremos.eu\/wp-content\/uploads\/2015\/08\/21b8-202x300.jpg 202w, https:\/\/eremos.eu\/wp-content\/uploads\/2015\/08\/21b8.jpg 534w\" sizes=\"auto, (max-width: 175px) 100vw, 175px\" \/><\/a>EREMO DI SANT&#8217;ONOFRIO<\/strong> (Chiesa-romitorio &#8211; XV secolo)<\/p>\n<p>Localit\u00e0: <strong>Spello<\/strong> (PG)<\/p>\n<p>Sub-area: <span style=\"color: #0000ff;\">Parco Regionale del Monte Subasio<\/span><\/p>\n<p style=\"text-align: justify;\">Il piccolo eremo di Sant\u2019Onofrio, alle pendici orientali del monte Subasio e sorto intorno al Trecento come romitorio benedettino, vanta una storia piuttosto travagliata con passaggi di mano, concessioni, demolizione e ricostruzione fino ad arrivare agli scorsi anni Settanta in cui, con le sembianze di una casa colonica, viene affidato in gestione ad una piccola comunit\u00e0 di eremiti laici.<\/p>\n<p><a href=\"https:\/\/eremos.eu\/wp-content\/uploads\/2015\/08\/2116.jpg\"><img loading=\"lazy\" decoding=\"async\" class=\"alignleft wp-image-4726 size-medium\" src=\"https:\/\/eremos.eu\/wp-content\/uploads\/2015\/08\/2116-300x200.jpg\" alt=\"21\" width=\"300\" height=\"200\" srcset=\"https:\/\/eremos.eu\/wp-content\/uploads\/2015\/08\/2116-300x200.jpg 300w, https:\/\/eremos.eu\/wp-content\/uploads\/2015\/08\/2116.jpg 793w\" sizes=\"auto, (max-width: 300px) 100vw, 300px\" \/><\/a><a href=\"https:\/\/eremos.eu\/wp-content\/uploads\/2015\/08\/21c8.jpg\"><img loading=\"lazy\" decoding=\"async\" class=\"wp-image-4727 alignnone\" src=\"https:\/\/eremos.eu\/wp-content\/uploads\/2015\/08\/21c8-300x202.jpg\" alt=\"21c\" width=\"298\" height=\"200\" srcset=\"https:\/\/eremos.eu\/wp-content\/uploads\/2015\/08\/21c8-300x202.jpg 300w, https:\/\/eremos.eu\/wp-content\/uploads\/2015\/08\/21c8.jpg 790w\" sizes=\"auto, (max-width: 298px) 100vw, 298px\" \/><\/a><\/p>\n<hr \/>\n<p><strong>EREMO DI SAN SILVESTRO A COLLEPINO<\/strong> (Ruderi di complesso cenobitico &#8211; XI secolo)<\/p>\n<p>Localit\u00e0: <strong>Collepino di Spello<\/strong> (PG) \u00a0 \u00a0 \u00a0 \u00a0 \u00a0 \u00a0 \u00a0Sub-area: <span style=\"color: #0000ff;\">Parco Regionale del Monte Subasio<\/span><\/p>\n<p style=\"text-align: justify;\"><a href=\"https:\/\/eremos.eu\/wp-content\/uploads\/2015\/08\/2212.jpg\"><img loading=\"lazy\" decoding=\"async\" class=\"alignright size-full wp-image-4728\" src=\"https:\/\/eremos.eu\/wp-content\/uploads\/2015\/08\/2212.jpg\" alt=\"22\" width=\"273\" height=\"181\" \/><\/a>L\u2019eremo di San Silvestro a Collepino, adagiato su un fianco del monte Subasio, \u00e8 stato eretto nel 1025 da san Romualdo allo scopo di costituire un cenobio camaldolese. L\u2019abbazia romanica, divenuta ben presto un importante centro culturale e spirituale, ha accolto tra gli altri personaggi illustri san Francesco d\u2019Assisi, che prediligeva la vita ascetica di quei monaci che avevano fatto del Subasio la loro terra d\u2019elezione. Della distruzione papale del 1535 rimangono solo la torre, la sagoma di un\u2019abside e buona parte della chiesa.<\/p>\n<p><a href=\"https:\/\/eremos.eu\/wp-content\/uploads\/2015\/08\/22a7.jpg\"><img loading=\"lazy\" decoding=\"async\" class=\"alignleft wp-image-4729 size-medium\" src=\"https:\/\/eremos.eu\/wp-content\/uploads\/2015\/08\/22a7-300x213.jpg\" alt=\"22a\" width=\"300\" height=\"213\" srcset=\"https:\/\/eremos.eu\/wp-content\/uploads\/2015\/08\/22a7-300x213.jpg 300w, https:\/\/eremos.eu\/wp-content\/uploads\/2015\/08\/22a7.jpg 584w\" sizes=\"auto, (max-width: 300px) 100vw, 300px\" \/><\/a><a href=\"https:\/\/eremos.eu\/wp-content\/uploads\/2015\/08\/22c5.jpg\"><img loading=\"lazy\" decoding=\"async\" class=\"wp-image-4730 alignnone\" src=\"https:\/\/eremos.eu\/wp-content\/uploads\/2015\/08\/22c5.jpg\" alt=\"22c\" width=\"266\" height=\"213\" \/><\/a><\/p>\n<hr \/>\n<h3><span style=\"color: #0000ff;\"><strong>MONTI MARTANI<\/strong><\/span><\/h3>\n<p><strong>ROMITA DI CESI<\/strong> (Complesso cenobitico &#8211; XIII secolo)<\/p>\n<p>Localit\u00e0: <strong>Cesi di Terni<\/strong> (TR)<\/p>\n<p style=\"text-align: justify;\"><a href=\"https:\/\/eremos.eu\/wp-content\/uploads\/2015\/08\/23d1.jpg\"><img loading=\"lazy\" decoding=\"async\" class=\"alignright wp-image-4735 size-medium\" src=\"https:\/\/eremos.eu\/wp-content\/uploads\/2015\/08\/23d1-199x300.jpg\" alt=\"23d\" width=\"199\" height=\"300\" srcset=\"https:\/\/eremos.eu\/wp-content\/uploads\/2015\/08\/23d1-199x300.jpg 199w, https:\/\/eremos.eu\/wp-content\/uploads\/2015\/08\/23d1.jpg 497w\" sizes=\"auto, (max-width: 199px) 100vw, 199px\" \/><\/a>La romita di Cesi o eremo di Portaria \u00e8 il grande complesso conventuale che si trova a circa 800 metri d\u2019altezza su un fianco del monte Torre Maggiore, lungo la strada che in passato attraversava i monti Martani collegando Carsul\u00e6 a Spoleto. Qui, in un anfratto della montagna, probabilmente gi\u00e0 nel IV secolo, esisteva un eremo dove si erano ritirati i santi eremiti siriaci Procolo e Volusiano; ed \u00e8 lo stesso luogo nel quale venne eretta una cappella con funzioni di riparo per una piccola comunit\u00e0 di monaci benedettini e di culto per i pastori transumanti. Il convento, originariamente una piccola chiesa, venne fondato nel 1213 da san Francesco che per un certo periodo abit\u00f2 in una grotta vicina. Dalla chiesetta prese via via corpo, per dimensioni ed importanza, il nucleo conventuale e la presenza di frati si fece nel tempo sempre pi\u00f9 numerosa fino a raggiungere anche i trenta componenti. Ma l\u2019aspetto attuale si deve a san Bernardino da Siena, che vi arriv\u00f2 nel 1420. Al di l\u00e0 dei tanti prodigi a cui il luogo \u00e8 legato, la tradizione vuole che proprio qui san Francesco abbia steso un primo abbozzo del famoso \u201cCantico di frate sole\u201d.<\/p>\n<p><a href=\"https:\/\/eremos.eu\/wp-content\/uploads\/2015\/08\/eremita_di_cesi.jpg\"><img loading=\"lazy\" decoding=\"async\" class=\"alignleft wp-image-4731 size-medium\" src=\"https:\/\/eremos.eu\/wp-content\/uploads\/2015\/08\/eremita_di_cesi-300x224.jpg\" alt=\"eremita_di_cesi\" width=\"300\" height=\"224\" srcset=\"https:\/\/eremos.eu\/wp-content\/uploads\/2015\/08\/eremita_di_cesi-300x224.jpg 300w, https:\/\/eremos.eu\/wp-content\/uploads\/2015\/08\/eremita_di_cesi.jpg 1000w\" sizes=\"auto, (max-width: 300px) 100vw, 300px\" \/><\/a><a href=\"https:\/\/eremos.eu\/wp-content\/uploads\/2015\/08\/cesi.jpg\"><img loading=\"lazy\" decoding=\"async\" class=\"wp-image-4732 alignnone\" src=\"https:\/\/eremos.eu\/wp-content\/uploads\/2015\/08\/cesi-300x225.jpg\" alt=\"cesi\" width=\"299\" height=\"224\" srcset=\"https:\/\/eremos.eu\/wp-content\/uploads\/2015\/08\/cesi-300x225.jpg 300w, https:\/\/eremos.eu\/wp-content\/uploads\/2015\/08\/cesi.jpg 500w\" sizes=\"auto, (max-width: 299px) 100vw, 299px\" \/><\/a><\/p>\n<p><a href=\"https:\/\/eremos.eu\/wp-content\/uploads\/2015\/08\/23e1.jpg\"><img loading=\"lazy\" decoding=\"async\" class=\"alignleft wp-image-4733 size-medium\" src=\"https:\/\/eremos.eu\/wp-content\/uploads\/2015\/08\/23e1-300x200.jpg\" alt=\"23e\" width=\"300\" height=\"200\" srcset=\"https:\/\/eremos.eu\/wp-content\/uploads\/2015\/08\/23e1-300x200.jpg 300w, https:\/\/eremos.eu\/wp-content\/uploads\/2015\/08\/23e1.jpg 760w\" sizes=\"auto, (max-width: 300px) 100vw, 300px\" \/><\/a><\/p>\n<p><a href=\"https:\/\/eremos.eu\/wp-content\/uploads\/2015\/08\/romita_cesi1.jpg\"><img loading=\"lazy\" decoding=\"async\" class=\"wp-image-4736 alignnone\" src=\"https:\/\/eremos.eu\/wp-content\/uploads\/2015\/08\/romita_cesi1-300x202.jpg\" alt=\"romita_cesi\" width=\"297\" height=\"200\" srcset=\"https:\/\/eremos.eu\/wp-content\/uploads\/2015\/08\/romita_cesi1-300x202.jpg 300w, https:\/\/eremos.eu\/wp-content\/uploads\/2015\/08\/romita_cesi1.jpg 800w\" sizes=\"auto, (max-width: 297px) 100vw, 297px\" \/><\/a><\/p>\n<hr \/>\n<h3><span style=\"color: #0000ff;\"><strong>PIANA DI CASTELLUCCIO<\/strong><\/span><\/h3>\n<p><strong>LA ROMITORIA DI SAN LORENZO<\/strong> (Ruderi di romitorio &#8211; XIV-XV secolo)<\/p>\n<p><a href=\"https:\/\/eremos.eu\/wp-content\/uploads\/2015\/08\/24a8.jpg\"><img loading=\"lazy\" decoding=\"async\" class=\"alignright wp-image-4738\" src=\"https:\/\/eremos.eu\/wp-content\/uploads\/2015\/08\/24a8-300x224.jpg\" alt=\"24a\" width=\"267\" height=\"200\" srcset=\"https:\/\/eremos.eu\/wp-content\/uploads\/2015\/08\/24a8-300x224.jpg 300w, https:\/\/eremos.eu\/wp-content\/uploads\/2015\/08\/24a8.jpg 512w\" sizes=\"auto, (max-width: 267px) 100vw, 267px\" \/><\/a>Localit\u00e0: <strong>Castelluccio di Norcia<\/strong> (PG)<\/p>\n<p>Sub-area: <span style=\"color: #0000ff;\">Parco Nazionale dei Monti Sibillini<\/span><\/p>\n<p style=\"text-align: justify;\">I pochi\u00a0ruderi della romitoria di San Lorenzo si trovano su una altura sperduta e solitaria dei monti Sibillini, oltre il valico di Portella del Vao. Dell\u2019antico e semplice edificio in pietra che, secondo la tradizione, sarebbe stato utilizzato come romitorio nei tempi passati, ormai rimangono solo alcuni spezzoni del muro perimetrale.<\/p>\n<hr \/>\n<h3><span style=\"color: #0000ff;\"><strong>TADINATE<\/strong><\/span><\/h3>\n<p><strong><a href=\"https:\/\/eremos.eu\/wp-content\/uploads\/2015\/08\/25a9.jpg\"><img loading=\"lazy\" decoding=\"async\" class=\"alignright wp-image-4741\" src=\"https:\/\/eremos.eu\/wp-content\/uploads\/2015\/08\/25a9-213x300.jpg\" alt=\"25a\" width=\"142\" height=\"200\" srcset=\"https:\/\/eremos.eu\/wp-content\/uploads\/2015\/08\/25a9-213x300.jpg 213w, https:\/\/eremos.eu\/wp-content\/uploads\/2015\/08\/25a9.jpg 588w\" sizes=\"auto, (max-width: 142px) 100vw, 142px\" \/><\/a>EREMO DI SANTO MARZIO<\/strong> (Chiesa-romitorio &#8211; XIII secolo)<\/p>\n<p>Localit\u00e0: <strong>Gualdo Tadino<\/strong> (PG)<\/p>\n<p style=\"text-align: justify;\">L\u2019eremo di Santo Marzio, nella storica localit\u00e0 di Valdigorgo alle pendici del monte Serrasanta, viene fondato nel 1219 dallo stesso beato, tra i primi eremiti francescani gualdesi e, qualche anno pi\u00f9 avanti (1224), si onorer\u00e0 di ospitare il Santo di Assisi. In stato di totale abbandono e rovina gi\u00e0 nel Seicento, la chiesetta \u00e8 stata pazientemente ricostruita nel recente dopoguerra.<\/p>\n<p style=\"text-align: justify;\"><a href=\"https:\/\/eremos.eu\/wp-content\/uploads\/2015\/08\/2512.jpg\"><img loading=\"lazy\" decoding=\"async\" class=\"alignleft wp-image-4739 size-medium\" src=\"https:\/\/eremos.eu\/wp-content\/uploads\/2015\/08\/2512-300x225.jpg\" alt=\"25\" width=\"300\" height=\"225\" srcset=\"https:\/\/eremos.eu\/wp-content\/uploads\/2015\/08\/2512-300x225.jpg 300w, https:\/\/eremos.eu\/wp-content\/uploads\/2015\/08\/2512.jpg 763w\" sizes=\"auto, (max-width: 300px) 100vw, 300px\" \/><\/a><a href=\"https:\/\/eremos.eu\/wp-content\/uploads\/2015\/08\/25b9.jpg\"><img loading=\"lazy\" decoding=\"async\" class=\"wp-image-4740 alignnone\" src=\"https:\/\/eremos.eu\/wp-content\/uploads\/2015\/08\/25b9-300x224.jpg\" alt=\"25b\" width=\"301\" height=\"225\" srcset=\"https:\/\/eremos.eu\/wp-content\/uploads\/2015\/08\/25b9-300x224.jpg 300w, https:\/\/eremos.eu\/wp-content\/uploads\/2015\/08\/25b9.jpg 763w\" sizes=\"auto, (max-width: 301px) 100vw, 301px\" \/><\/a><\/p>\n<hr \/>\n<p><strong>EREMO DI SERRASANTA<\/strong> (Chiesa-romitorio &#8211; XI secolo)<\/p>\n<p>Localit\u00e0: <strong>Gualdo Tadino<\/strong> (PG)<\/p>\n<p style=\"text-align: justify;\">L&#8217;eremo di Serrasanta sorge a 1.348 metri su un\u2019altura dominante la Valsorda ed \u00e8 un romitorio benedettino dell\u2019XI secolo. Di recente completamente ristrutturato, con funzioni anche di rifugio, dalla confraternita della Santissima Trinit\u00e0, in passato ha ospitato tra i tanti eremiti anche san Francesco d&#8217;Assisi. All\u2019interno della chiesa: una copia fedele all&#8217;originale della pregevole pala robbiana in ceramica della <i>Santissima<\/i> <i>Trinit\u00e0<\/i> del 1528 (l\u2019originale \u00e8 opportunamente conservato presso la chiesa di San Francesco di Gualdo Tadino) ed un altare realizzato con un pilastro romanico proveniente da san Facondino.<\/p>\n<p><a href=\"https:\/\/eremos.eu\/wp-content\/uploads\/2015\/08\/2611.jpg\"><img loading=\"lazy\" decoding=\"async\" class=\"alignleft wp-image-4742 size-full\" src=\"https:\/\/eremos.eu\/wp-content\/uploads\/2015\/08\/2611.jpg\" alt=\"26\" width=\"274\" height=\"181\" \/><\/a><a href=\"https:\/\/eremos.eu\/wp-content\/uploads\/2015\/08\/26a8.jpg\"><img loading=\"lazy\" decoding=\"async\" class=\"wp-image-4743 alignnone\" src=\"https:\/\/eremos.eu\/wp-content\/uploads\/2015\/08\/26a8.jpg\" alt=\"26a\" width=\"293\" height=\"181\" \/><\/a><\/p>\n<hr \/>\n<p><strong><a href=\"https:\/\/eremos.eu\/wp-content\/uploads\/2015\/08\/2711.jpg\"><img loading=\"lazy\" decoding=\"async\" class=\"alignright wp-image-4744\" src=\"https:\/\/eremos.eu\/wp-content\/uploads\/2015\/08\/2711-201x300.jpg\" alt=\"27\" width=\"154\" height=\"230\" srcset=\"https:\/\/eremos.eu\/wp-content\/uploads\/2015\/08\/2711-201x300.jpg 201w, https:\/\/eremos.eu\/wp-content\/uploads\/2015\/08\/2711.jpg 446w\" sizes=\"auto, (max-width: 154px) 100vw, 154px\" \/><\/a>EREMO DEL BEATO ANGELO<\/strong> (Chiesa-romitorio &#8211; XIII secolo)<\/p>\n<p>Localit\u00e0: <strong>Capodacqua di Gualdo Tadino<\/strong> (PG)<\/p>\n<p style=\"text-align: justify;\">L\u2019eremo del Beato Angelo \u00e8, in realt\u00e0, la chiesetta edificata intorno al Cinquecento sulla grotta nei pressi del rio Romore dove il Santo, copatrono di Gualdo Tadino, intorno al 1324-1325 si ritir\u00f2 in solitudine fino alla sua morte. La chiesa, che agli inizi del Novecento verr\u00e0 anche adibita a luogo di sepoltura dei frati cappuccini del vicino convento, conserva tutt\u2019ora all\u2019interno dei preziosi affreschi di Matteo da Gualdo, come l\u2019<i>Annunciazione<\/i>, il beato Angelo ed un san Facondino.<\/p>\n<p style=\"text-align: justify;\"><a href=\"https:\/\/eremos.eu\/wp-content\/uploads\/2015\/08\/27a11.jpg\"><img loading=\"lazy\" decoding=\"async\" class=\"alignleft wp-image-4745 size-medium\" src=\"https:\/\/eremos.eu\/wp-content\/uploads\/2015\/08\/27a11-300x201.jpg\" alt=\"27a\" width=\"300\" height=\"201\" srcset=\"https:\/\/eremos.eu\/wp-content\/uploads\/2015\/08\/27a11-300x201.jpg 300w, https:\/\/eremos.eu\/wp-content\/uploads\/2015\/08\/27a11.jpg 454w\" sizes=\"auto, (max-width: 300px) 100vw, 300px\" \/><\/a><a href=\"https:\/\/eremos.eu\/wp-content\/uploads\/2015\/08\/27b7.jpg\"><img loading=\"lazy\" decoding=\"async\" class=\"wp-image-4746 alignnone\" src=\"https:\/\/eremos.eu\/wp-content\/uploads\/2015\/08\/27b7-300x193.jpg\" alt=\"27b\" width=\"313\" height=\"201\" srcset=\"https:\/\/eremos.eu\/wp-content\/uploads\/2015\/08\/27b7-300x193.jpg 300w, https:\/\/eremos.eu\/wp-content\/uploads\/2015\/08\/27b7.jpg 790w\" sizes=\"auto, (max-width: 313px) 100vw, 313px\" \/><\/a><\/p>\n<hr \/>\n<h3><span style=\"color: #0000ff;\"><strong>VALLE DEL CHIASCIO<\/strong><\/span><\/h3>\n<p><strong>EREMO DI SANTA MARIA IN ARCE<\/strong> (Complesso cenobitico &#8211; XIV secolo)<\/p>\n<p>Localit\u00e0: <strong>Rocca Sant&#8217;Angelo di Assisi<\/strong> (PG)<\/p>\n<p style=\"text-align: justify;\"><a href=\"https:\/\/eremos.eu\/wp-content\/uploads\/2015\/08\/28b7.jpg\"><img loading=\"lazy\" decoding=\"async\" class=\"alignright size-medium wp-image-4748\" src=\"https:\/\/eremos.eu\/wp-content\/uploads\/2015\/08\/28b7-300x201.jpg\" alt=\"28b\" width=\"300\" height=\"201\" srcset=\"https:\/\/eremos.eu\/wp-content\/uploads\/2015\/08\/28b7-300x201.jpg 300w, https:\/\/eremos.eu\/wp-content\/uploads\/2015\/08\/28b7.jpg 793w\" sizes=\"auto, (max-width: 300px) 100vw, 300px\" \/><\/a>L\u2019eremo di Santa Maria in Arce o della Rocchicciola, situato fuori Assisi in prossimit\u00e0 della diruta Rocca Sant\u2019Angelo, \u00e8 sicuramente uno dei conventi francescani pi\u00f9 antichi dell\u2019Umbria. E grazie al fatto di trovarsi in un luogo isolato e lontano dalla citt\u00e0 \u00e8 stato utilizzato dai primi frati dell\u2019ordine francescano come vero e proprio romitorio. Malgrado le trasformazioni ed i rimaneggiamenti susseguitisi nel corso degli anni, della trecentesca struttura possiamo ancora ammirare l\u2019originario impianto ed il chiostro. Al contrario sono stati proditoriamente conservati gli affreschi (dal XIV al XVI secolo) che, ancora oggi, impreziosiscono le pareti della chiesa.<\/p>\n<p><a href=\"https:\/\/eremos.eu\/wp-content\/uploads\/2015\/08\/28a10.jpg\"><img loading=\"lazy\" decoding=\"async\" class=\"alignleft wp-image-4752 size-medium\" src=\"https:\/\/eremos.eu\/wp-content\/uploads\/2015\/08\/28a10-300x202.jpg\" alt=\"28a\" width=\"300\" height=\"202\" srcset=\"https:\/\/eremos.eu\/wp-content\/uploads\/2015\/08\/28a10-300x202.jpg 300w, https:\/\/eremos.eu\/wp-content\/uploads\/2015\/08\/28a10.jpg 790w\" sizes=\"auto, (max-width: 300px) 100vw, 300px\" \/><\/a><\/p>\n<p><a href=\"https:\/\/eremos.eu\/wp-content\/uploads\/2015\/08\/28e1.jpg\"><img loading=\"lazy\" decoding=\"async\" class=\"wp-image-4749 alignnone\" src=\"https:\/\/eremos.eu\/wp-content\/uploads\/2015\/08\/28e1-300x209.jpg\" alt=\"28e\" width=\"290\" height=\"202\" srcset=\"https:\/\/eremos.eu\/wp-content\/uploads\/2015\/08\/28e1-300x209.jpg 300w, https:\/\/eremos.eu\/wp-content\/uploads\/2015\/08\/28e1.jpg 719w\" sizes=\"auto, (max-width: 290px) 100vw, 290px\" \/><\/a><\/p>\n<p><a href=\"https:\/\/eremos.eu\/wp-content\/uploads\/2015\/08\/28c5.jpg\"><img loading=\"lazy\" decoding=\"async\" class=\"alignleft wp-image-4750 size-medium\" src=\"https:\/\/eremos.eu\/wp-content\/uploads\/2015\/08\/28c5-300x202.jpg\" alt=\"28c\" width=\"300\" height=\"202\" srcset=\"https:\/\/eremos.eu\/wp-content\/uploads\/2015\/08\/28c5-300x202.jpg 300w, https:\/\/eremos.eu\/wp-content\/uploads\/2015\/08\/28c5.jpg 790w\" sizes=\"auto, (max-width: 300px) 100vw, 300px\" \/><\/a><a href=\"https:\/\/eremos.eu\/wp-content\/uploads\/2015\/08\/28d2.jpg\"><img loading=\"lazy\" decoding=\"async\" class=\"wp-image-4751 alignnone\" src=\"https:\/\/eremos.eu\/wp-content\/uploads\/2015\/08\/28d2-300x201.jpg\" alt=\"28d\" width=\"302\" height=\"202\" srcset=\"https:\/\/eremos.eu\/wp-content\/uploads\/2015\/08\/28d2-300x201.jpg 300w, https:\/\/eremos.eu\/wp-content\/uploads\/2015\/08\/28d2.jpg 793w\" sizes=\"auto, (max-width: 302px) 100vw, 302px\" \/><\/a><\/p>\n<hr \/>\n<h3><span style=\"color: #0000ff;\"><strong>VALNERINA<\/strong><\/span><\/h3>\n<p><strong>EREMO DELLA MADONNA DELLO SCOGLIO<\/strong> (Chiesa e romitorio semirupestri &#8211; XVI secolo)<\/p>\n<p>Localit\u00e0: <strong>Casteldilago di Arrone<\/strong> (TR) \u00a0 \u00a0 \u00a0 \u00a0 \u00a0 \u00a0 \u00a0 \u00a0\u00a0Sub-area: <span style=\"color: #0000ff;\">Parco Regionale del Nera<\/span><\/p>\n<p style=\"text-align: justify;\">L\u2019eremo di Santa Maria dello Scoglio si trova in Valnerina, sotto una strapiombante balza rocciosa, lungo l\u2019antico tratturo che congiunge Casteldilago alla Forcella. Il santuario \u00e8 costruito attorno al dipinto sulla nuda roccia, appena sopra l\u2019altare maggiore, della <i>Madonna con Bambino<\/i> apparsa, secondo la leggenda, nel XVI secolo ad un nobiluomo. Alla chiesa, a navata unica con volta a crociera, \u00e8 adiacente un piccolo romitorio da tempo abbandonato.<\/p>\n<p><a href=\"https:\/\/eremos.eu\/wp-content\/uploads\/2015\/08\/madsco.jpg\"><img loading=\"lazy\" decoding=\"async\" class=\"alignleft wp-image-4758 size-medium\" src=\"https:\/\/eremos.eu\/wp-content\/uploads\/2015\/08\/madsco-300x208.jpg\" alt=\"madsco\" width=\"300\" height=\"208\" srcset=\"https:\/\/eremos.eu\/wp-content\/uploads\/2015\/08\/madsco-300x208.jpg 300w, https:\/\/eremos.eu\/wp-content\/uploads\/2015\/08\/madsco.jpg 1024w\" sizes=\"auto, (max-width: 300px) 100vw, 300px\" \/><\/a><\/p>\n<p><a href=\"https:\/\/eremos.eu\/wp-content\/uploads\/2015\/08\/29b9.jpg\"><img loading=\"lazy\" decoding=\"async\" class=\"wp-image-4755 alignnone\" src=\"https:\/\/eremos.eu\/wp-content\/uploads\/2015\/08\/29b9-300x201.jpg\" alt=\"29b\" width=\"311\" height=\"208\" srcset=\"https:\/\/eremos.eu\/wp-content\/uploads\/2015\/08\/29b9-300x201.jpg 300w, https:\/\/eremos.eu\/wp-content\/uploads\/2015\/08\/29b9.jpg 763w\" sizes=\"auto, (max-width: 311px) 100vw, 311px\" \/><\/a><\/p>\n<p><a href=\"https:\/\/eremos.eu\/wp-content\/uploads\/2015\/08\/29a9.jpg\"><img loading=\"lazy\" decoding=\"async\" class=\"alignleft wp-image-4754 size-medium\" src=\"https:\/\/eremos.eu\/wp-content\/uploads\/2015\/08\/29a9-300x200.jpg\" alt=\"29a\" width=\"300\" height=\"200\" srcset=\"https:\/\/eremos.eu\/wp-content\/uploads\/2015\/08\/29a9-300x200.jpg 300w, https:\/\/eremos.eu\/wp-content\/uploads\/2015\/08\/29a9.jpg 760w\" sizes=\"auto, (max-width: 300px) 100vw, 300px\" \/><\/a><a href=\"https:\/\/eremos.eu\/wp-content\/uploads\/2015\/08\/29c9.jpg\"><img loading=\"lazy\" decoding=\"async\" class=\"wp-image-4756 size-medium alignnone\" src=\"https:\/\/eremos.eu\/wp-content\/uploads\/2015\/08\/29c9-300x200.jpg\" alt=\"29c\" width=\"300\" height=\"200\" srcset=\"https:\/\/eremos.eu\/wp-content\/uploads\/2015\/08\/29c9-300x200.jpg 300w, https:\/\/eremos.eu\/wp-content\/uploads\/2015\/08\/29c9.jpg 760w\" sizes=\"auto, (max-width: 300px) 100vw, 300px\" \/><\/a><\/p>\n<hr \/>\n<p><strong>EREMO DI SAN MARCO<\/strong> (Ruderi di chiesa e romitorio semirupestri &#8211; XI-XII secolo)<\/p>\n<p>Localit\u00e0: <strong>Giappiedi di Cascia<\/strong> (PG)<\/p>\n<p style=\"text-align: justify;\">Quello di San Marco era un piccolo eremo con annessa chiesuola situato all\u2019interno della cinta muraria dell\u2019antico castello di Paterno e rimasto in piedi per diversi secoli nonostante la distruzione di quest\u2019ultimo. Attualmente si possono solo rinvenire tra le rocce alcuni spezzoni di mura e lembi di affreschi sfuggiti al deprecabile e becero vandalismo.<\/p>\n<p style=\"text-align: justify;\"><a href=\"https:\/\/eremos.eu\/wp-content\/uploads\/2015\/08\/309.jpg\"><img loading=\"lazy\" decoding=\"async\" class=\"alignleft wp-image-4760 size-medium\" src=\"https:\/\/eremos.eu\/wp-content\/uploads\/2015\/08\/309-300x201.jpg\" alt=\"30\" width=\"300\" height=\"201\" srcset=\"https:\/\/eremos.eu\/wp-content\/uploads\/2015\/08\/309-300x201.jpg 300w, https:\/\/eremos.eu\/wp-content\/uploads\/2015\/08\/309.jpg 793w\" sizes=\"auto, (max-width: 300px) 100vw, 300px\" \/><\/a><a href=\"https:\/\/eremos.eu\/wp-content\/uploads\/2015\/08\/30a8.jpg\"><img loading=\"lazy\" decoding=\"async\" class=\"wp-image-4761 alignnone\" src=\"https:\/\/eremos.eu\/wp-content\/uploads\/2015\/08\/30a8-300x202.jpg\" alt=\"30a\" width=\"299\" height=\"201\" srcset=\"https:\/\/eremos.eu\/wp-content\/uploads\/2015\/08\/30a8-300x202.jpg 300w, https:\/\/eremos.eu\/wp-content\/uploads\/2015\/08\/30a8.jpg 790w\" sizes=\"auto, (max-width: 299px) 100vw, 299px\" \/><\/a><\/p>\n<p><a href=\"https:\/\/eremos.eu\/wp-content\/uploads\/2015\/08\/30b4.jpg\"><img loading=\"lazy\" decoding=\"async\" class=\"alignleft wp-image-4762 size-medium\" src=\"https:\/\/eremos.eu\/wp-content\/uploads\/2015\/08\/30b4-300x201.jpg\" alt=\"30b\" width=\"300\" height=\"201\" srcset=\"https:\/\/eremos.eu\/wp-content\/uploads\/2015\/08\/30b4-300x201.jpg 300w, https:\/\/eremos.eu\/wp-content\/uploads\/2015\/08\/30b4.jpg 793w\" sizes=\"auto, (max-width: 300px) 100vw, 300px\" \/><\/a><a href=\"https:\/\/eremos.eu\/wp-content\/uploads\/2015\/08\/30c3.jpg\"><img loading=\"lazy\" decoding=\"async\" class=\"wp-image-4763 alignnone\" src=\"https:\/\/eremos.eu\/wp-content\/uploads\/2015\/08\/30c3-300x200.jpg\" alt=\"30c\" width=\"301\" height=\"201\" srcset=\"https:\/\/eremos.eu\/wp-content\/uploads\/2015\/08\/30c3-300x200.jpg 300w, https:\/\/eremos.eu\/wp-content\/uploads\/2015\/08\/30c3.jpg 790w\" sizes=\"auto, (max-width: 301px) 100vw, 301px\" \/><\/a><\/p>\n<p><img loading=\"lazy\" decoding=\"async\" class=\"alignleft wp-image-4764\" src=\"https:\/\/eremos.eu\/wp-content\/uploads\/2015\/08\/30d-202x300.jpg\" alt=\"30d\" width=\"195\" height=\"290\" srcset=\"https:\/\/eremos.eu\/wp-content\/uploads\/2015\/08\/30d-202x300.jpg 202w, https:\/\/eremos.eu\/wp-content\/uploads\/2015\/08\/30d.jpg 534w\" sizes=\"auto, (max-width: 195px) 100vw, 195px\" \/><a href=\"https:\/\/eremos.eu\/wp-content\/uploads\/2015\/08\/30e.jpg\"><img loading=\"lazy\" decoding=\"async\" class=\"alignleft wp-image-4765\" src=\"https:\/\/eremos.eu\/wp-content\/uploads\/2015\/08\/30e-202x300.jpg\" alt=\"30e\" width=\"195\" height=\"290\" srcset=\"https:\/\/eremos.eu\/wp-content\/uploads\/2015\/08\/30e-202x300.jpg 202w, https:\/\/eremos.eu\/wp-content\/uploads\/2015\/08\/30e.jpg 534w\" sizes=\"auto, (max-width: 195px) 100vw, 195px\" \/><\/a><a href=\"https:\/\/eremos.eu\/wp-content\/uploads\/2015\/08\/30f.jpg\"><img loading=\"lazy\" decoding=\"async\" class=\"alignnone wp-image-4766\" src=\"https:\/\/eremos.eu\/wp-content\/uploads\/2015\/08\/30f-201x300.jpg\" alt=\"30f\" width=\"194\" height=\"290\" srcset=\"https:\/\/eremos.eu\/wp-content\/uploads\/2015\/08\/30f-201x300.jpg 201w, https:\/\/eremos.eu\/wp-content\/uploads\/2015\/08\/30f.jpg 531w\" sizes=\"auto, (max-width: 194px) 100vw, 194px\" \/><\/a><\/p>\n<hr \/>\n<p><strong><a href=\"https:\/\/eremos.eu\/wp-content\/uploads\/2015\/08\/3116.jpg\"><img loading=\"lazy\" decoding=\"async\" class=\"alignright size-medium wp-image-4767\" src=\"https:\/\/eremos.eu\/wp-content\/uploads\/2015\/08\/3116-225x300.jpg\" alt=\"31\" width=\"225\" height=\"300\" srcset=\"https:\/\/eremos.eu\/wp-content\/uploads\/2015\/08\/3116-225x300.jpg 225w, https:\/\/eremos.eu\/wp-content\/uploads\/2015\/08\/3116.jpg 610w\" sizes=\"auto, (max-width: 225px) 100vw, 225px\" \/><\/a>GROTTA D&#8217;ORO<\/strong> (Santuario rupestre &#8211; XV Secolo)<\/p>\n<p>Localit\u00e0: <strong>Roccaporena di Cascia<\/strong> (PG)<\/p>\n<p style=\"text-align: justify;\">La Grotta d\u2019Oro \u00e8 la cavit\u00e0 semicircolare che si apre sulla rupe dirimpetto alla balza o scoglio sovrastante Roccaporena. Secondo la leggenda la ninfa veggente Porrina proprio da quella grotta era solita vaticinare: \u201c<i>Da queste balze rocciose luminer\u00e0\u00a0 una luce divina. Verr\u00e0 alla luce una pietra preziosa, la Margherita, che briller\u00e0 e sar\u00e0 la pi\u00f9 grande e superer\u00e0 le terre e i mari. L\u2019umilt\u00e0 vincer\u00e0 la vanit\u00e0. Qui accorreranno le genti da ogni luogo a osannare il Dio eterno. E da questa misera valle avr\u00e0 nome sacro al mondo<\/i>\u201d. Dalla ninfa prese il nome il borgo che poi dar\u00e0 i natali a Rita e la grotta diverr\u00e0 il luogo prediletto dalla Santa per ritirarsi in preghiera.<\/p>\n<p><a href=\"https:\/\/eremos.eu\/wp-content\/uploads\/2015\/08\/31a7.jpg\"><img loading=\"lazy\" decoding=\"async\" class=\"alignleft wp-image-4768 size-medium\" src=\"https:\/\/eremos.eu\/wp-content\/uploads\/2015\/08\/31a7-300x224.jpg\" alt=\"31a\" width=\"300\" height=\"224\" srcset=\"https:\/\/eremos.eu\/wp-content\/uploads\/2015\/08\/31a7-300x224.jpg 300w, https:\/\/eremos.eu\/wp-content\/uploads\/2015\/08\/31a7-1024x765.jpg 1024w, https:\/\/eremos.eu\/wp-content\/uploads\/2015\/08\/31a7.jpg 1045w\" sizes=\"auto, (max-width: 300px) 100vw, 300px\" \/><\/a><a href=\"https:\/\/eremos.eu\/wp-content\/uploads\/2015\/08\/31b7.jpg\"><img loading=\"lazy\" decoding=\"async\" class=\"wp-image-4769 alignnone\" src=\"https:\/\/eremos.eu\/wp-content\/uploads\/2015\/08\/31b7-300x225.jpg\" alt=\"31b\" width=\"299\" height=\"224\" srcset=\"https:\/\/eremos.eu\/wp-content\/uploads\/2015\/08\/31b7-300x225.jpg 300w, https:\/\/eremos.eu\/wp-content\/uploads\/2015\/08\/31b7.jpg 496w\" sizes=\"auto, (max-width: 299px) 100vw, 299px\" \/><\/a><\/p>\n<hr \/>\n<p><strong>EREMO DI SANT&#8217;EGIDIO<\/strong> (Ruderi di romitorio semirupestre &#8211; XII secolo)<\/p>\n<p>Localit\u00e0: <strong>Castellonalto di Ferentillo<\/strong> (TR) \u00a0 \u00a0 \u00a0 \u00a0 \u00a0 \u00a0 \u00a0 \u00a0 \u00a0 \u00a0 \u00a0 \u00a0\u00a0Sub-area: <span style=\"color: #0000ff;\">Parco Regionale del Nera<\/span><\/p>\n<p style=\"text-align: justify;\">I ruderi dell\u2019eremo di Sant\u2019Egidio si trovano in una piega del monte Beretta, nei pressi del fossato Salto del Cieco e <a href=\"https:\/\/eremos.eu\/wp-content\/uploads\/2015\/08\/3311.jpg\"><img loading=\"lazy\" decoding=\"async\" class=\"alignright wp-image-4775\" src=\"https:\/\/eremos.eu\/wp-content\/uploads\/2015\/08\/3311-226x300.jpg\" alt=\"33\" width=\"248\" height=\"330\" srcset=\"https:\/\/eremos.eu\/wp-content\/uploads\/2015\/08\/3311-226x300.jpg 226w, https:\/\/eremos.eu\/wp-content\/uploads\/2015\/08\/3311.jpg 633w\" sizes=\"auto, (max-width: 248px) 100vw, 248px\" \/><\/a>dell\u2019abitato di Castellonalto. Dell\u2019antico romitorio duecentesco, sempre pi\u00f9 soffocato dalla fitta vegetazione, rimangono tratti murari della facciata ed un altarino in pietra sotto la volta architravata della chiesuola.<\/p>\n<p style=\"text-align: justify;\"><a href=\"https:\/\/eremos.eu\/wp-content\/uploads\/2015\/08\/33b6.jpg\"><img loading=\"lazy\" decoding=\"async\" class=\"size-medium wp-image-4774 alignnone\" src=\"https:\/\/eremos.eu\/wp-content\/uploads\/2015\/08\/33b6-300x225.jpg\" alt=\"33b\" width=\"300\" height=\"225\" srcset=\"https:\/\/eremos.eu\/wp-content\/uploads\/2015\/08\/33b6-300x225.jpg 300w, https:\/\/eremos.eu\/wp-content\/uploads\/2015\/08\/33b6.jpg 790w\" sizes=\"auto, (max-width: 300px) 100vw, 300px\" \/><\/a><\/p>\n<p><a href=\"https:\/\/eremos.eu\/wp-content\/uploads\/2015\/08\/33c4.jpg\"><img loading=\"lazy\" decoding=\"async\" class=\"alignleft wp-image-4776 size-medium\" src=\"https:\/\/eremos.eu\/wp-content\/uploads\/2015\/08\/33c4-300x224.jpg\" alt=\"33c\" width=\"300\" height=\"224\" srcset=\"https:\/\/eremos.eu\/wp-content\/uploads\/2015\/08\/33c4-300x224.jpg 300w, https:\/\/eremos.eu\/wp-content\/uploads\/2015\/08\/33c4.jpg 793w\" sizes=\"auto, (max-width: 300px) 100vw, 300px\" \/><\/a><a href=\"https:\/\/eremos.eu\/wp-content\/uploads\/2015\/08\/33d2.jpg\"><img loading=\"lazy\" decoding=\"async\" class=\"wp-image-4777 alignnone\" src=\"https:\/\/eremos.eu\/wp-content\/uploads\/2015\/08\/33d2-300x225.jpg\" alt=\"33d\" width=\"298\" height=\"224\" srcset=\"https:\/\/eremos.eu\/wp-content\/uploads\/2015\/08\/33d2-300x225.jpg 300w, https:\/\/eremos.eu\/wp-content\/uploads\/2015\/08\/33d2.jpg 790w\" sizes=\"auto, (max-width: 298px) 100vw, 298px\" \/><\/a><\/p>\n<hr \/>\n<p><strong>LA ROMITORIA DI MONTE SOLENNE<\/strong> (Romitorio rupestre &#8211; VI secolo)<\/p>\n<p><a href=\"https:\/\/eremos.eu\/wp-content\/uploads\/2015\/08\/3410.jpg\"><img loading=\"lazy\" decoding=\"async\" class=\"alignright size-medium wp-image-4778\" src=\"https:\/\/eremos.eu\/wp-content\/uploads\/2015\/08\/3410-300x200.jpg\" alt=\"34\" width=\"300\" height=\"200\" srcset=\"https:\/\/eremos.eu\/wp-content\/uploads\/2015\/08\/3410-300x200.jpg 300w, https:\/\/eremos.eu\/wp-content\/uploads\/2015\/08\/3410.jpg 595w\" sizes=\"auto, (max-width: 300px) 100vw, 300px\" \/><\/a>Localit\u00e0: <strong>Macenano di Ferentillo<\/strong> (TR)<\/p>\n<p>Sub-area: <span style=\"color: #0000ff;\">Parco Regionale del Nera<\/span><\/p>\n<p style=\"text-align: justify;\">La Romitoria \u00e8 la dimora eremitica scavata nella roccia, alle pendici del Monte Solenne, dai due monaci anacoreti orientali, Giovanni e Lazzaro, venuti in Italia agli inizi del VI secolo. E proprio sul luogo di sepoltura dei due santi verr\u00e0 pi\u00f9 avanti edificata l\u2019abbazia di San Pietro in Valle che oggi possiamo ammirare.<\/p>\n<p><a href=\"https:\/\/eremos.eu\/wp-content\/uploads\/2015\/08\/34a6.jpg\"><img loading=\"lazy\" decoding=\"async\" class=\"alignleft wp-image-4779 size-medium\" src=\"https:\/\/eremos.eu\/wp-content\/uploads\/2015\/08\/34a6-300x202.jpg\" alt=\"34a\" width=\"300\" height=\"202\" srcset=\"https:\/\/eremos.eu\/wp-content\/uploads\/2015\/08\/34a6-300x202.jpg 300w, https:\/\/eremos.eu\/wp-content\/uploads\/2015\/08\/34a6.jpg 603w\" sizes=\"auto, (max-width: 300px) 100vw, 300px\" \/><\/a><a href=\"https:\/\/eremos.eu\/wp-content\/uploads\/2015\/08\/34b4.jpg\"><img loading=\"lazy\" decoding=\"async\" class=\"wp-image-4780 alignnone\" src=\"https:\/\/eremos.eu\/wp-content\/uploads\/2015\/08\/34b4-300x200.jpg\" alt=\"34b\" width=\"303\" height=\"202\" srcset=\"https:\/\/eremos.eu\/wp-content\/uploads\/2015\/08\/34b4-300x200.jpg 300w, https:\/\/eremos.eu\/wp-content\/uploads\/2015\/08\/34b4.jpg 713w\" sizes=\"auto, (max-width: 303px) 100vw, 303px\" \/><\/a><\/p>\n<hr \/>\n<p><strong>EREMO DI SAN MICHELE<\/strong> (Ruderi di chiesa-romitorio semirupestre &#8211; VII-VIII secolo)<\/p>\n<p>Localit\u00e0: <strong>Monterivoso di Ferentillo<\/strong> (TR) \u00a0 \u00a0 \u00a0 \u00a0 \u00a0 \u00a0 \u00a0 \u00a0 \u00a0 \u00a0 Sub-area: <span style=\"color: #0000ff;\">Parco Regionale del Nera<\/span><\/p>\n<p style=\"text-align: justify;\">I poveri resti dell\u2019antico eremo di San Michele giacciono sulla cima dell\u2019omonimo monte, in posizione strategicamente dominante su gran parte della Valnerina, da un lato e dall\u2019altro, sull\u2019intera valle di Castellone. Della piccola struttura arroccata sulla cresta rocciosa, nonostante il crollo del tetto (a botte) e di alcune pareti, rimangono ancora in piedi l\u2019abside e parte della nicchia che accoglieva l\u2019altare.<\/p>\n<p><a href=\"https:\/\/eremos.eu\/wp-content\/uploads\/2015\/08\/3214.jpg\"><img loading=\"lazy\" decoding=\"async\" class=\"alignleft wp-image-4770 size-medium\" src=\"https:\/\/eremos.eu\/wp-content\/uploads\/2015\/08\/3214-300x224.jpg\" alt=\"32\" width=\"300\" height=\"224\" srcset=\"https:\/\/eremos.eu\/wp-content\/uploads\/2015\/08\/3214-300x224.jpg 300w, https:\/\/eremos.eu\/wp-content\/uploads\/2015\/08\/3214.jpg 660w\" sizes=\"auto, (max-width: 300px) 100vw, 300px\" \/><\/a><a href=\"https:\/\/eremos.eu\/wp-content\/uploads\/2015\/08\/32a8.jpg\"><img loading=\"lazy\" decoding=\"async\" class=\"wp-image-4771 alignnone\" src=\"https:\/\/eremos.eu\/wp-content\/uploads\/2015\/08\/32a8-300x226.jpg\" alt=\"32a\" width=\"297\" height=\"224\" srcset=\"https:\/\/eremos.eu\/wp-content\/uploads\/2015\/08\/32a8-300x226.jpg 300w, https:\/\/eremos.eu\/wp-content\/uploads\/2015\/08\/32a8.jpg 656w\" sizes=\"auto, (max-width: 297px) 100vw, 297px\" \/><\/a><\/p>\n<p><a href=\"https:\/\/eremos.eu\/wp-content\/uploads\/2015\/08\/32b8.jpg\"><img loading=\"lazy\" decoding=\"async\" class=\"alignleft wp-image-4772 size-medium\" src=\"https:\/\/eremos.eu\/wp-content\/uploads\/2015\/08\/32b8-300x225.jpg\" alt=\"32b\" width=\"300\" height=\"225\" srcset=\"https:\/\/eremos.eu\/wp-content\/uploads\/2015\/08\/32b8-300x225.jpg 300w, https:\/\/eremos.eu\/wp-content\/uploads\/2015\/08\/32b8.jpg 660w\" sizes=\"auto, (max-width: 300px) 100vw, 300px\" \/><\/a><a href=\"https:\/\/eremos.eu\/wp-content\/uploads\/2015\/08\/32c5.jpg\"><img loading=\"lazy\" decoding=\"async\" class=\"wp-image-4773 alignnone\" src=\"https:\/\/eremos.eu\/wp-content\/uploads\/2015\/08\/32c5-300x226.jpg\" alt=\"32c\" width=\"299\" height=\"225\" srcset=\"https:\/\/eremos.eu\/wp-content\/uploads\/2015\/08\/32c5-300x226.jpg 300w, https:\/\/eremos.eu\/wp-content\/uploads\/2015\/08\/32c5.jpg 656w\" sizes=\"auto, (max-width: 299px) 100vw, 299px\" \/><\/a><\/p>\n<hr \/>\n<p><strong>EREMO DI SAN GIOVANNI DEGLI SCOPPI<\/strong> (Ruderi di chiesa e\u00a0romitorio\u00a0rupestre &#8211; XIII secolo)<\/p>\n<p><a href=\"https:\/\/eremos.eu\/wp-content\/uploads\/2015\/08\/3510.jpg\"><img loading=\"lazy\" decoding=\"async\" class=\"alignright wp-image-4781\" src=\"https:\/\/eremos.eu\/wp-content\/uploads\/2015\/08\/3510-300x198.jpg\" alt=\"35\" width=\"242\" height=\"160\" srcset=\"https:\/\/eremos.eu\/wp-content\/uploads\/2015\/08\/3510-300x198.jpg 300w, https:\/\/eremos.eu\/wp-content\/uploads\/2015\/08\/3510-1024x676.jpg 1024w, https:\/\/eremos.eu\/wp-content\/uploads\/2015\/08\/3510.jpg 1217w\" sizes=\"auto, (max-width: 242px) 100vw, 242px\" \/><\/a>Localit\u00e0: <strong>Narni<\/strong> (TR)<\/p>\n<p style=\"text-align: justify;\">L\u2019eremo di San Giovanni degli Scoppi sorgeva sul monte Santa Croce nelle gole del Nera, a ridosso di un contrafforte roccioso sulla destra orografica dello stesso fiume. Come per gli altri eremi presenti nella montagna, al suo retro si apre la primitiva grotta che probabilmente ospitava l\u2019antico romitorio ipogeo.<\/p>\n<hr \/>\n<p><strong><a href=\"https:\/\/eremos.eu\/wp-content\/uploads\/2015\/08\/3610.jpg\"><img loading=\"lazy\" decoding=\"async\" class=\"alignright wp-image-4782\" src=\"https:\/\/eremos.eu\/wp-content\/uploads\/2015\/08\/3610-247x300.jpg\" alt=\"36\" width=\"206\" height=\"250\" srcset=\"https:\/\/eremos.eu\/wp-content\/uploads\/2015\/08\/3610-247x300.jpg 247w, https:\/\/eremos.eu\/wp-content\/uploads\/2015\/08\/3610.jpg 300w\" sizes=\"auto, (max-width: 206px) 100vw, 206px\" \/><\/a>EREMO DI SAN JACO<\/strong> (Ruderi di chiesa e romitorio rupestre &#8211; XIII secolo)<\/p>\n<p>Localit\u00e0: <strong>Narni<\/strong> (TR)<\/p>\n<p style=\"text-align: justify;\">L\u2019eremo di San Jaco, gi\u00e0 noto nel medioevo come San Giacomo degli Scoppi, si affaccia sulle gole del Nera e fa parte degli eremi presenti sul monte Santa Croce; anche in questo caso, in compagnia di un romitorio ipogeo retrostante. \u00a0 \u00a0 \u00a0 \u00a0 \u00a0 \u00a0 \u00a0 \u00a0 \u00a0 \u00a0 \u00a0 \u00a0 \u00a0 \u00a0 \u00a0 \u00a0 \u00a0 \u00a0 \u00a0 \u00a0 \u00a0 \u00a0 \u00a0 \u00a0 \u00a0 \u00a0 \u00a0 \u00a0 \u00a0 \u00a0 \u00a0 \u00a0 \u00a0 \u00a0 \u00a0 <span style=\"color: #ffffff;\">mmmmmmmmmmmmmmmmmmm \u00a0 \u00a0 \u00a0 \u00a0 \u00a0 \u00a0 \u00a0 \u00a0 \u00a0 \u00a0 \u00a0 \u00a0 \u00a0 \u00a0 \u00a0 \u00a0 \u00a0 \u00a0 \u00a0 \u00a0 \u00a0 \u00a0mmmmmmmmmmmmmm \u00a0 \u00a0 \u00a0 \u00a0 \u00a0 \u00a0 \u00a0 \u00a0 \u00a0 \u00a0 \u00a0 \u00a0 \u00a0 \u00a0 \u00a0 \u00a0 \u00a0 \u00a0 \u00a0 \u00a0 \u00a0 \u00a0 \u00a0 \u00a0 mmmmmmmmm<\/span><\/p>\n<hr \/>\n<p><strong>SACELLO DEI SANTI GIOVENALE E CASSIO<\/strong> (Cappella rupestre &#8211; VI secolo)<\/p>\n<p>Localit\u00e0: <strong>Narni<\/strong> (TR)<\/p>\n<p style=\"text-align: justify;\">Si tratta della cappella rupestre della seconda met\u00e0 del VI secolo contenente i corpi dei Santi Giovenale, Massimo e Cassio inglobata nel IX secolo in un santuario. Qualche secolo pi\u00f9 avanti (XIV), per custodire opportunamente il sacello dei Santi Giovenale e Cassio, patroni di Narni, verr\u00e0 aggiunta\/creata un\u2019apposita, quarta navata alle tre originarie della chiesa. Degni di nota, il mosaico, gli affreschi, le statue lignee, il pavimento cosmatesco e, soprattutto, il sarcofago di san Giovenale (VII secolo) in pietra arenaria situato nella grotta nascosta dietro l\u2019altare che ancora oggi possiamo apprezzare.<\/p>\n<p style=\"text-align: justify;\"><a href=\"https:\/\/eremos.eu\/wp-content\/uploads\/2015\/08\/378.jpg\"><img loading=\"lazy\" decoding=\"async\" class=\"alignleft wp-image-4783 size-medium\" src=\"https:\/\/eremos.eu\/wp-content\/uploads\/2015\/08\/378-300x224.jpg\" alt=\"37\" width=\"300\" height=\"224\" srcset=\"https:\/\/eremos.eu\/wp-content\/uploads\/2015\/08\/378-300x224.jpg 300w, https:\/\/eremos.eu\/wp-content\/uploads\/2015\/08\/378.jpg 637w\" sizes=\"auto, (max-width: 300px) 100vw, 300px\" \/><\/a><a href=\"https:\/\/eremos.eu\/wp-content\/uploads\/2015\/08\/37a7.jpg\"><img loading=\"lazy\" decoding=\"async\" class=\"wp-image-4784 alignnone\" src=\"https:\/\/eremos.eu\/wp-content\/uploads\/2015\/08\/37a7-300x225.jpg\" alt=\"37a\" width=\"299\" height=\"224\" srcset=\"https:\/\/eremos.eu\/wp-content\/uploads\/2015\/08\/37a7-300x225.jpg 300w, https:\/\/eremos.eu\/wp-content\/uploads\/2015\/08\/37a7.jpg 634w\" sizes=\"auto, (max-width: 299px) 100vw, 299px\" \/><\/a><\/p>\n<p><a href=\"https:\/\/eremos.eu\/wp-content\/uploads\/2015\/08\/37b9.jpg\"><img loading=\"lazy\" decoding=\"async\" class=\"alignleft wp-image-4785 size-medium\" src=\"https:\/\/eremos.eu\/wp-content\/uploads\/2015\/08\/37b9-300x224.jpg\" alt=\"37b\" width=\"300\" height=\"224\" srcset=\"https:\/\/eremos.eu\/wp-content\/uploads\/2015\/08\/37b9-300x224.jpg 300w, https:\/\/eremos.eu\/wp-content\/uploads\/2015\/08\/37b9.jpg 637w\" sizes=\"auto, (max-width: 300px) 100vw, 300px\" \/><\/a><a href=\"https:\/\/eremos.eu\/wp-content\/uploads\/2015\/08\/37c7.jpg\"><img loading=\"lazy\" decoding=\"async\" class=\"wp-image-4786 alignnone\" src=\"https:\/\/eremos.eu\/wp-content\/uploads\/2015\/08\/37c7-300x225.jpg\" alt=\"37c\" width=\"298\" height=\"224\" srcset=\"https:\/\/eremos.eu\/wp-content\/uploads\/2015\/08\/37c7-300x225.jpg 300w, https:\/\/eremos.eu\/wp-content\/uploads\/2015\/08\/37c7.jpg 634w\" sizes=\"auto, (max-width: 298px) 100vw, 298px\" \/><\/a><\/p>\n<hr \/>\n<p><strong>SPECO DI SAN FRANCESCO<\/strong> (Cenobio e romitorio rupestre &#8211; XI-XIII secolo)<\/p>\n<p>Localit\u00e0: <strong>Sant&#8217;Urbano di Narni<\/strong> (TR)<\/p>\n<p style=\"text-align: justify;\"><a href=\"https:\/\/eremos.eu\/wp-content\/uploads\/2015\/08\/speco-1.jpg\"><img loading=\"lazy\" decoding=\"async\" class=\"alignright size-medium wp-image-4796\" src=\"https:\/\/eremos.eu\/wp-content\/uploads\/2015\/08\/speco-1-225x300.jpg\" alt=\"speco 1\" width=\"225\" height=\"300\" srcset=\"https:\/\/eremos.eu\/wp-content\/uploads\/2015\/08\/speco-1-225x300.jpg 225w, https:\/\/eremos.eu\/wp-content\/uploads\/2015\/08\/speco-1.jpg 270w\" sizes=\"auto, (max-width: 225px) 100vw, 225px\" \/><\/a>Lo speco di San Francesco, sicuramente uno dei santuari pi\u00f9 importanti del francescanesimo, nelle vicinanze di Narni a circa 600 metri d\u2019altitudine, \u00e8 stato fondato dallo stesso san Francesco sul luogo gi\u00e0 occupato dall\u2019eremo benedettino di Sant\u2019Urbano risalente all\u2019anno Mille ma soprattutto, in prossimit\u00e0 della fenditura o speco, quella profonda spaccatura della roccia dove era solito rintanarsi in preghiera. Ed \u00e8 anche importante perch\u00e9 rispecchia appieno il pensiero del \u201cpoverello\u201d che non pretendeva architetture particolari ma un luogo \u201cdal forte carattere e dal chiaro scopo\u201d. Il santuario comprende la piccola chiesa con un crocifisso ligneo cinquecentesco e un tabernacolo del \u2018600; il chiostro quattrocentesco da cui si accede alla cappella di San Silvestro<i>;<\/i> l&#8217;oratorio, originario del preesistente eremo, con l\u2019abside affrescata da dipinti trecenteschi; il refettorio di san Bernardino del \u2018400, dove si conservano le antiche tavole e un lavello in pietra. Al piano superiore trovano invece posto le celle del convento di san Bernardino<i>, <\/i>per i novizi. Prima soppresso e poi riaperto, solo dal 1942 il santuario \u00e8 nuovamente abitato dai frati.<\/p>\n<p><a href=\"https:\/\/eremos.eu\/wp-content\/uploads\/2015\/08\/s.urbano.jpg\"><img loading=\"lazy\" decoding=\"async\" class=\"alignleft wp-image-4789 size-medium\" src=\"https:\/\/eremos.eu\/wp-content\/uploads\/2015\/08\/s.urbano-300x225.jpg\" alt=\"s.urbano\" width=\"300\" height=\"225\" srcset=\"https:\/\/eremos.eu\/wp-content\/uploads\/2015\/08\/s.urbano-300x225.jpg 300w, https:\/\/eremos.eu\/wp-content\/uploads\/2015\/08\/s.urbano-1024x768.jpg 1024w, https:\/\/eremos.eu\/wp-content\/uploads\/2015\/08\/s.urbano.jpg 1600w\" sizes=\"auto, (max-width: 300px) 100vw, 300px\" \/><\/a><a href=\"https:\/\/eremos.eu\/wp-content\/uploads\/2015\/08\/s.urbano-1.jpg\"><img loading=\"lazy\" decoding=\"async\" class=\"wp-image-4790 size-medium alignnone\" src=\"https:\/\/eremos.eu\/wp-content\/uploads\/2015\/08\/s.urbano-1-300x225.jpg\" alt=\"s.urbano 1\" width=\"300\" height=\"225\" srcset=\"https:\/\/eremos.eu\/wp-content\/uploads\/2015\/08\/s.urbano-1-300x225.jpg 300w, https:\/\/eremos.eu\/wp-content\/uploads\/2015\/08\/s.urbano-1.jpg 640w\" sizes=\"auto, (max-width: 300px) 100vw, 300px\" \/><\/a><\/p>\n<p><a href=\"https:\/\/eremos.eu\/wp-content\/uploads\/2015\/08\/s.-urbano-21.jpg\"><img loading=\"lazy\" decoding=\"async\" class=\"alignleft wp-image-4793 size-medium\" src=\"https:\/\/eremos.eu\/wp-content\/uploads\/2015\/08\/s.-urbano-21-300x203.jpg\" alt=\"s. urbano 2\" width=\"300\" height=\"203\" srcset=\"https:\/\/eremos.eu\/wp-content\/uploads\/2015\/08\/s.-urbano-21-300x203.jpg 300w, https:\/\/eremos.eu\/wp-content\/uploads\/2015\/08\/s.-urbano-21.jpg 360w\" sizes=\"auto, (max-width: 300px) 100vw, 300px\" \/><\/a><a href=\"https:\/\/eremos.eu\/wp-content\/uploads\/2015\/08\/38c4.jpg\"><img loading=\"lazy\" decoding=\"async\" class=\"wp-image-4792 alignnone\" src=\"https:\/\/eremos.eu\/wp-content\/uploads\/2015\/08\/38c4-300x200.jpg\" alt=\"38c\" width=\"304\" height=\"203\" srcset=\"https:\/\/eremos.eu\/wp-content\/uploads\/2015\/08\/38c4-300x200.jpg 300w, https:\/\/eremos.eu\/wp-content\/uploads\/2015\/08\/38c4.jpg 790w\" sizes=\"auto, (max-width: 304px) 100vw, 304px\" \/><\/a><\/p>\n<p><a href=\"https:\/\/eremos.eu\/wp-content\/uploads\/2015\/08\/38d2.jpg\"><img loading=\"lazy\" decoding=\"async\" class=\"alignleft wp-image-4794 size-medium\" src=\"https:\/\/eremos.eu\/wp-content\/uploads\/2015\/08\/38d2-300x201.jpg\" alt=\"38d\" width=\"300\" height=\"201\" srcset=\"https:\/\/eremos.eu\/wp-content\/uploads\/2015\/08\/38d2-300x201.jpg 300w, https:\/\/eremos.eu\/wp-content\/uploads\/2015\/08\/38d2.jpg 793w\" sizes=\"auto, (max-width: 300px) 100vw, 300px\" \/><\/a><a href=\"https:\/\/eremos.eu\/wp-content\/uploads\/2015\/08\/38e1.jpg\"><img loading=\"lazy\" decoding=\"async\" class=\"wp-image-4795 size-medium alignnone\" src=\"https:\/\/eremos.eu\/wp-content\/uploads\/2015\/08\/38e1-300x201.jpg\" alt=\"38e\" width=\"300\" height=\"201\" srcset=\"https:\/\/eremos.eu\/wp-content\/uploads\/2015\/08\/38e1-300x201.jpg 300w, https:\/\/eremos.eu\/wp-content\/uploads\/2015\/08\/38e1.jpg 994w\" sizes=\"auto, (max-width: 300px) 100vw, 300px\" \/><\/a><\/p>\n<hr \/>\n<p><strong>ROMITORIO DI SAN CLAUDIO<\/strong> (Complesso cenobitico semirupestre &#8211; XIV secolo)<\/p>\n<p>Localit\u00e0: <strong>Serravalle di Norcia<\/strong> (TR)<\/p>\n<p style=\"text-align: justify;\">Il romitorio o abbazia (de Gripta) di San Claudio, aggrappato ad un\u2019altura sovrastante Serravalle di Norcia, ha origini molto antiche e probabilmente legate a precedenti insediamenti eremitici del V secolo. E\u2019 costituito da una chiesa addossata alla parete di roccia con campanile del \u2019300, ben sei altari e vari affreschi cinquecenteschi; e da un edificio separato in muratura con aperture ad arco. La suggestiva e privilegiata posizione lo inserisce tra le maggiori testimonianze benedettine in Valnerina. Ma nonostante un recente tentativo di restauro la struttura \u00e8 ritornata ad uno stato di completo abbandono e di inevitabile crollo.<\/p>\n<p><a href=\"https:\/\/eremos.eu\/wp-content\/uploads\/2015\/08\/3911.jpg\"><img loading=\"lazy\" decoding=\"async\" class=\"alignleft wp-image-4798 size-medium\" src=\"https:\/\/eremos.eu\/wp-content\/uploads\/2015\/08\/3911-300x190.jpg\" alt=\"39\" width=\"300\" height=\"190\" srcset=\"https:\/\/eremos.eu\/wp-content\/uploads\/2015\/08\/3911-300x190.jpg 300w, https:\/\/eremos.eu\/wp-content\/uploads\/2015\/08\/3911.jpg 439w\" sizes=\"auto, (max-width: 300px) 100vw, 300px\" \/><\/a><\/p>\n<p><a href=\"https:\/\/eremos.eu\/wp-content\/uploads\/2015\/08\/39a10.jpg\"><img loading=\"lazy\" decoding=\"async\" class=\"wp-image-4800 alignnone\" src=\"https:\/\/eremos.eu\/wp-content\/uploads\/2015\/08\/39a10-300x183.jpg\" alt=\"39a\" width=\"312\" height=\"190\" srcset=\"https:\/\/eremos.eu\/wp-content\/uploads\/2015\/08\/39a10-300x183.jpg 300w, https:\/\/eremos.eu\/wp-content\/uploads\/2015\/08\/39a10.jpg 790w\" sizes=\"auto, (max-width: 312px) 100vw, 312px\" \/><\/a><\/p>\n<p><a href=\"https:\/\/eremos.eu\/wp-content\/uploads\/2015\/08\/39b6.jpg\"><img loading=\"lazy\" decoding=\"async\" class=\"alignleft wp-image-4801 size-medium\" src=\"https:\/\/eremos.eu\/wp-content\/uploads\/2015\/08\/39b6-300x199.jpg\" alt=\"39b\" width=\"300\" height=\"199\" srcset=\"https:\/\/eremos.eu\/wp-content\/uploads\/2015\/08\/39b6-300x199.jpg 300w, https:\/\/eremos.eu\/wp-content\/uploads\/2015\/08\/39b6.jpg 793w\" sizes=\"auto, (max-width: 300px) 100vw, 300px\" \/><\/a><a href=\"https:\/\/eremos.eu\/wp-content\/uploads\/2015\/08\/39c4.jpg\"><img loading=\"lazy\" decoding=\"async\" class=\"wp-image-4802 alignnone\" src=\"https:\/\/eremos.eu\/wp-content\/uploads\/2015\/08\/39c4-300x200.jpg\" alt=\"39c\" width=\"298\" height=\"199\" srcset=\"https:\/\/eremos.eu\/wp-content\/uploads\/2015\/08\/39c4-300x200.jpg 300w, https:\/\/eremos.eu\/wp-content\/uploads\/2015\/08\/39c4.jpg 790w\" sizes=\"auto, (max-width: 298px) 100vw, 298px\" \/><\/a><\/p>\n<hr \/>\n<p><strong>EREMO DI POGGIODOMO<\/strong> (Cenobio rupestre &#8211; VII secolo)<\/p>\n<p>Localit\u00e0: <strong>Roccatamburo di Poggiodomo<\/strong> (PG)<\/p>\n<p style=\"text-align: justify;\"><a href=\"https:\/\/eremos.eu\/wp-content\/uploads\/2015\/08\/poggiod.png\"><img loading=\"lazy\" decoding=\"async\" class=\"alignright wp-image-4810 size-medium\" src=\"https:\/\/eremos.eu\/wp-content\/uploads\/2015\/08\/poggiod-202x300.png\" alt=\"poggiod\" width=\"202\" height=\"300\" srcset=\"https:\/\/eremos.eu\/wp-content\/uploads\/2015\/08\/poggiod-202x300.png 202w, https:\/\/eremos.eu\/wp-content\/uploads\/2015\/08\/poggiod-688x1024.png 688w, https:\/\/eremos.eu\/wp-content\/uploads\/2015\/08\/poggiod.png 800w\" sizes=\"auto, (max-width: 202px) 100vw, 202px\" \/><\/a>L\u2019eremo della Madonna della Stella, meglio conosciuto come eremo di Poggiodomo, si trova nei pressi dell\u2019abitato di Roccatamburo. Sorto nel VII secolo come cella monastica benedettina, venne successivamente trasformato in un monastero dedicato a San Benedetto nelle Gole o nelle Valli. Attorno al 1308 gli agostiniani, che vi resteranno per un paio di secoli, scavarono nella vicina parete rocciosa una ventina di piccole celle, ancora parzialmente visibili, istituendo un oratorio centrale con il nome di Santa Croce in Val di Noce. La chiesa, le cui pareti affrescate nel 1416, sono di scuola umbra con evidente influsso senese, venne restaurata una prima volta nel 1525. Nei secoli successivi, si sono aggiunte le decorazioni a graffiti di altri pittori, come Alessandro da Bologna (1539), Simone da Leonessa (1560), Michelangelo da Narni (1613) e Avenerio da Norcia (1630). Rimasto abbandonato per oltre un secolo, l\u2019eremo \u00e8 stato ripristinato nel 1833 e affidato ad eremiti volontari che ancora oggi lo custodiscono.<\/p>\n<p><a href=\"https:\/\/eremos.eu\/wp-content\/uploads\/2015\/08\/4011.jpg\"><img loading=\"lazy\" decoding=\"async\" class=\"alignleft wp-image-4803 size-medium\" src=\"https:\/\/eremos.eu\/wp-content\/uploads\/2015\/08\/4011-300x198.jpg\" alt=\"40\" width=\"300\" height=\"198\" srcset=\"https:\/\/eremos.eu\/wp-content\/uploads\/2015\/08\/4011-300x198.jpg 300w, https:\/\/eremos.eu\/wp-content\/uploads\/2015\/08\/4011.jpg 448w\" sizes=\"auto, (max-width: 300px) 100vw, 300px\" \/><\/a><a href=\"https:\/\/eremos.eu\/wp-content\/uploads\/2015\/08\/40a8.jpg\"><img loading=\"lazy\" decoding=\"async\" class=\"wp-image-4804 alignnone\" src=\"https:\/\/eremos.eu\/wp-content\/uploads\/2015\/08\/40a8-300x202.jpg\" alt=\"40a\" width=\"295\" height=\"198\" srcset=\"https:\/\/eremos.eu\/wp-content\/uploads\/2015\/08\/40a8-300x202.jpg 300w, https:\/\/eremos.eu\/wp-content\/uploads\/2015\/08\/40a8.jpg 790w\" sizes=\"auto, (max-width: 295px) 100vw, 295px\" \/><\/a><\/p>\n<p><a href=\"https:\/\/eremos.eu\/wp-content\/uploads\/2015\/08\/40b6.jpg\"><img loading=\"lazy\" decoding=\"async\" class=\"alignleft wp-image-4805 size-medium\" src=\"https:\/\/eremos.eu\/wp-content\/uploads\/2015\/08\/40b6-300x210.jpg\" alt=\"40b\" width=\"300\" height=\"210\" srcset=\"https:\/\/eremos.eu\/wp-content\/uploads\/2015\/08\/40b6-300x210.jpg 300w, https:\/\/eremos.eu\/wp-content\/uploads\/2015\/08\/40b6.jpg 757w\" sizes=\"auto, (max-width: 300px) 100vw, 300px\" \/><\/a><\/p>\n<p><a href=\"https:\/\/eremos.eu\/wp-content\/uploads\/2015\/08\/40x.jpg\"><img loading=\"lazy\" decoding=\"async\" class=\"wp-image-4807 alignnone\" src=\"https:\/\/eremos.eu\/wp-content\/uploads\/2015\/08\/40x-300x200.jpg\" alt=\"40x\" width=\"315\" height=\"210\" srcset=\"https:\/\/eremos.eu\/wp-content\/uploads\/2015\/08\/40x-300x200.jpg 300w, https:\/\/eremos.eu\/wp-content\/uploads\/2015\/08\/40x.jpg 800w\" sizes=\"auto, (max-width: 315px) 100vw, 315px\" \/><\/a><\/p>\n<p><a href=\"https:\/\/eremos.eu\/wp-content\/uploads\/2015\/08\/40d2.jpg\"><img loading=\"lazy\" decoding=\"async\" class=\"alignleft wp-image-4808 size-medium\" src=\"https:\/\/eremos.eu\/wp-content\/uploads\/2015\/08\/40d2-300x201.jpg\" alt=\"40d\" width=\"300\" height=\"201\" srcset=\"https:\/\/eremos.eu\/wp-content\/uploads\/2015\/08\/40d2-300x201.jpg 300w, https:\/\/eremos.eu\/wp-content\/uploads\/2015\/08\/40d2.jpg 793w\" sizes=\"auto, (max-width: 300px) 100vw, 300px\" \/><\/a><a href=\"https:\/\/eremos.eu\/wp-content\/uploads\/2015\/08\/40e1.jpg\"><img loading=\"lazy\" decoding=\"async\" class=\"alignnone wp-image-4809\" src=\"https:\/\/eremos.eu\/wp-content\/uploads\/2015\/08\/40e1-300x202.jpg\" alt=\"40e\" width=\"299\" height=\"201\" srcset=\"https:\/\/eremos.eu\/wp-content\/uploads\/2015\/08\/40e1-300x202.jpg 300w, https:\/\/eremos.eu\/wp-content\/uploads\/2015\/08\/40e1.jpg 790w\" sizes=\"auto, (max-width: 299px) 100vw, 299px\" \/><\/a><\/p>\n<hr \/>\n<p><strong>EREMO DI SANT&#8217;ANTONIO<\/strong> (Cappella-romitorio semirupestre &#8211; XII secolo)<\/p>\n<p>Localit\u00e0: <strong>Polino<\/strong> (TR) \u00a0 \u00a0 \u00a0 \u00a0 \u00a0 \u00a0 \u00a0 \u00a0 \u00a0 \u00a0 \u00a0 \u00a0 \u00a0 \u00a0 \u00a0 \u00a0 \u00a0Sub-area: <span style=\"color: #0000ff;\">Parco Regionale del Nera<\/span><\/p>\n<p style=\"text-align: justify;\">Quello di Sant\u2019Antonio \u00e8 il piccolo eremo scavato nella roccia calcarea del colle della Croce, proprio di fronte l\u2019abitato di Polino, lungo il \u201csentiero dei romei\u201d, l\u2019antica mulattiera utilizzata dai pellegrini che si recavano a Roma, intorno al 1100, per quanto l\u2019attuale facciata con un semplice campanile a vela risalga al Cinquecento. L\u2019interno del luogo di culto \u00e8 costituito da due ambienti: uno, pi\u00f9 antico e rupestre, con altare ed immagine di Antonio abate, <a href=\"https:\/\/eremos.eu\/wp-content\/uploads\/2015\/08\/41d1.jpg\"><img loading=\"lazy\" decoding=\"async\" class=\"alignright wp-image-4812\" src=\"https:\/\/eremos.eu\/wp-content\/uploads\/2015\/08\/41d1-201x300.jpg\" alt=\"41d\" width=\"208\" height=\"310\" srcset=\"https:\/\/eremos.eu\/wp-content\/uploads\/2015\/08\/41d1-201x300.jpg 201w, https:\/\/eremos.eu\/wp-content\/uploads\/2015\/08\/41d1.jpg 531w\" sizes=\"auto, (max-width: 208px) 100vw, 208px\" \/><\/a>accompagnato da due affreschi parietali della <i>Madonna con Bambino<\/i> e di un ennesimo barbuto Antonio abate databili tra il XIII ed il XIV secolo; e l\u2019altro antistante, in muratura e voltato a botte, con altare e statua di sant\u2019Antonio da Padova.<\/p>\n<p><a href=\"https:\/\/eremos.eu\/wp-content\/uploads\/2015\/08\/4116.jpg\"><img loading=\"lazy\" decoding=\"async\" class=\"size-medium wp-image-4811 alignnone\" src=\"https:\/\/eremos.eu\/wp-content\/uploads\/2015\/08\/4116-300x201.jpg\" alt=\"41\" width=\"300\" height=\"201\" srcset=\"https:\/\/eremos.eu\/wp-content\/uploads\/2015\/08\/4116-300x201.jpg 300w, https:\/\/eremos.eu\/wp-content\/uploads\/2015\/08\/4116.jpg 793w\" sizes=\"auto, (max-width: 300px) 100vw, 300px\" \/><\/a><\/p>\n<p><a href=\"https:\/\/eremos.eu\/wp-content\/uploads\/2015\/08\/41b7.jpg\"><img loading=\"lazy\" decoding=\"async\" class=\"alignleft wp-image-4813 size-medium\" src=\"https:\/\/eremos.eu\/wp-content\/uploads\/2015\/08\/41b7-300x200.jpg\" alt=\"41b\" width=\"300\" height=\"200\" srcset=\"https:\/\/eremos.eu\/wp-content\/uploads\/2015\/08\/41b7-300x200.jpg 300w, https:\/\/eremos.eu\/wp-content\/uploads\/2015\/08\/41b7.jpg 793w\" sizes=\"auto, (max-width: 300px) 100vw, 300px\" \/><\/a><a href=\"https:\/\/eremos.eu\/wp-content\/uploads\/2015\/08\/41c4.jpg\"><img loading=\"lazy\" decoding=\"async\" class=\"wp-image-4814 alignnone\" src=\"https:\/\/eremos.eu\/wp-content\/uploads\/2015\/08\/41c4-300x201.jpg\" alt=\"41c\" width=\"299\" height=\"200\" srcset=\"https:\/\/eremos.eu\/wp-content\/uploads\/2015\/08\/41c4-300x201.jpg 300w, https:\/\/eremos.eu\/wp-content\/uploads\/2015\/08\/41c4.jpg 793w\" sizes=\"auto, (max-width: 299px) 100vw, 299px\" \/><\/a><\/p>\n<hr \/>\n<p><strong>GROTTE DI SANT&#8217;EUTIZIO E SAN FIORENZO<\/strong> (Romitori rupestri &#8211; V secolo)<\/p>\n<p>Localit\u00e0: <strong>Preci<\/strong> (PG) \u00a0 \u00a0 \u00a0 \u00a0 \u00a0 \u00a0 \u00a0 \u00a0 \u00a0 \u00a0 \u00a0 \u00a0 \u00a0 \u00a0 \u00a0Sub-area: <span style=\"color: #0000ff;\">Parco Nazionale dei Monti Sibillini<\/span><\/p>\n<p style=\"text-align: justify;\">Le grotte di Sant\u2019Eutizio e di San Fiorenzo, situate un po\u2019 pi\u00f9 in alto, quasi a sovrastare l\u2019omonima, importante abbazia, sono il luogo della Valcastoriana dove i Santi anacoreti siriaci, assieme ad un gruppo di altri monaci, si rifugiarono una volta giunti in Italia. Da questo primitivo insediamento, per iniziativa dei santi Spes, Eutizio e Fiorenzo, sarebbe sorto nel 470 il cenobio che poi nel corso degli anni si \u00e8 sviluppato fino a divenire quella magnifica abbazia, caposaldo del monachesimo occidentale, che tutt\u2019oggi possiamo ammirare.<\/p>\n<p><a href=\"https:\/\/eremos.eu\/wp-content\/uploads\/2015\/08\/4214.jpg\"><img loading=\"lazy\" decoding=\"async\" class=\"alignleft wp-image-4815 size-medium\" src=\"https:\/\/eremos.eu\/wp-content\/uploads\/2015\/08\/4214-300x201.jpg\" alt=\"42\" width=\"300\" height=\"201\" srcset=\"https:\/\/eremos.eu\/wp-content\/uploads\/2015\/08\/4214-300x201.jpg 300w, https:\/\/eremos.eu\/wp-content\/uploads\/2015\/08\/4214.jpg 793w\" sizes=\"auto, (max-width: 300px) 100vw, 300px\" \/><\/a><a href=\"https:\/\/eremos.eu\/wp-content\/uploads\/2015\/08\/42a10.jpg\"><img loading=\"lazy\" decoding=\"async\" class=\"wp-image-4816 size-medium alignnone\" src=\"https:\/\/eremos.eu\/wp-content\/uploads\/2015\/08\/42a10-300x201.jpg\" alt=\"42a\" width=\"300\" height=\"201\" srcset=\"https:\/\/eremos.eu\/wp-content\/uploads\/2015\/08\/42a10-300x201.jpg 300w, https:\/\/eremos.eu\/wp-content\/uploads\/2015\/08\/42a10.jpg 790w\" sizes=\"auto, (max-width: 300px) 100vw, 300px\" \/><\/a><\/p>\n<p><a href=\"https:\/\/eremos.eu\/wp-content\/uploads\/2015\/08\/42b10.jpg\"><img loading=\"lazy\" decoding=\"async\" class=\"alignleft wp-image-4817 size-medium\" src=\"https:\/\/eremos.eu\/wp-content\/uploads\/2015\/08\/42b10-300x201.jpg\" alt=\"42b\" width=\"300\" height=\"201\" srcset=\"https:\/\/eremos.eu\/wp-content\/uploads\/2015\/08\/42b10-300x201.jpg 300w, https:\/\/eremos.eu\/wp-content\/uploads\/2015\/08\/42b10.jpg 793w\" sizes=\"auto, (max-width: 300px) 100vw, 300px\" \/><\/a><a href=\"https:\/\/eremos.eu\/wp-content\/uploads\/2015\/08\/42c7.jpg\"><img loading=\"lazy\" decoding=\"async\" class=\"alignnone wp-image-4818\" src=\"https:\/\/eremos.eu\/wp-content\/uploads\/2015\/08\/42c7-300x197.jpg\" alt=\"42c\" width=\"306\" height=\"201\" srcset=\"https:\/\/eremos.eu\/wp-content\/uploads\/2015\/08\/42c7-300x197.jpg 300w, https:\/\/eremos.eu\/wp-content\/uploads\/2015\/08\/42c7.jpg 477w\" sizes=\"auto, (max-width: 306px) 100vw, 306px\" \/><\/a><\/p>\n<hr \/>\n<p><strong>EREMO DI SANT&#8217;ANTONIO DI GAVELLI<\/strong> (Romitorio rupestre &#8211; XIII secolo)<\/p>\n<p>Localit\u00e0: <strong>Gavelli di Sant&#8217;Anatolia di Narco<\/strong> (PG) \u00a0 \u00a0 \u00a0 \u00a0 \u00a0 \u00a0 \u00a0 \u00a0 Sub-area: <span style=\"color: #0000ff;\">Parco Regionale del Nera<\/span><\/p>\n<p style=\"text-align: justify;\">L&#8217;eremo di Sant&#8217;Antonio, incastonato in una profonda gola della montagna dell\u2019Eremita e dedicato a sant\u2019Antonio Abate, \u00e8 l\u2019antico romitorio rupestre dov\u2019\u00e8 vissuto e morto il beato Benedetto nella seconda met\u00e0 del Duecento. <a href=\"https:\/\/eremos.eu\/wp-content\/uploads\/2015\/08\/43a10.jpg\"><img loading=\"lazy\" decoding=\"async\" class=\"alignright wp-image-4820\" src=\"https:\/\/eremos.eu\/wp-content\/uploads\/2015\/08\/43a10-201x300.jpg\" alt=\"43a\" width=\"208\" height=\"310\" srcset=\"https:\/\/eremos.eu\/wp-content\/uploads\/2015\/08\/43a10-201x300.jpg 201w, https:\/\/eremos.eu\/wp-content\/uploads\/2015\/08\/43a10.jpg 531w\" sizes=\"auto, (max-width: 208px) 100vw, 208px\" \/><\/a>Nonostante la devozione per il santo da parte dei pochi abitanti di Gavelli, l\u2019eremo purtroppo versa in stato di totale e desolante abbandono, con buona parte della vecchia struttura muraria crollata o pericolante.<\/p>\n<p><a href=\"https:\/\/eremos.eu\/wp-content\/uploads\/2015\/08\/4312.jpg\"><img loading=\"lazy\" decoding=\"async\" class=\"size-medium wp-image-4819 alignnone\" src=\"https:\/\/eremos.eu\/wp-content\/uploads\/2015\/08\/4312-300x201.jpg\" alt=\"43\" width=\"300\" height=\"201\" srcset=\"https:\/\/eremos.eu\/wp-content\/uploads\/2015\/08\/4312-300x201.jpg 300w, https:\/\/eremos.eu\/wp-content\/uploads\/2015\/08\/4312.jpg 793w\" sizes=\"auto, (max-width: 300px) 100vw, 300px\" \/><\/a><\/p>\n<p><a href=\"https:\/\/eremos.eu\/wp-content\/uploads\/2015\/08\/43b7.jpg\"><img loading=\"lazy\" decoding=\"async\" class=\"alignleft wp-image-4821 size-medium\" src=\"https:\/\/eremos.eu\/wp-content\/uploads\/2015\/08\/43b7-300x201.jpg\" alt=\"43b\" width=\"300\" height=\"201\" srcset=\"https:\/\/eremos.eu\/wp-content\/uploads\/2015\/08\/43b7-300x201.jpg 300w, https:\/\/eremos.eu\/wp-content\/uploads\/2015\/08\/43b7.jpg 793w\" sizes=\"auto, (max-width: 300px) 100vw, 300px\" \/><\/a><a href=\"https:\/\/eremos.eu\/wp-content\/uploads\/2015\/08\/43c6.jpg\"><img loading=\"lazy\" decoding=\"async\" class=\"wp-image-4822 alignnone\" src=\"https:\/\/eremos.eu\/wp-content\/uploads\/2015\/08\/43c6-300x202.jpg\" alt=\"43c\" width=\"299\" height=\"201\" srcset=\"https:\/\/eremos.eu\/wp-content\/uploads\/2015\/08\/43c6-300x202.jpg 300w, https:\/\/eremos.eu\/wp-content\/uploads\/2015\/08\/43c6.jpg 790w\" sizes=\"auto, (max-width: 299px) 100vw, 299px\" \/><\/a><\/p>\n<p><a href=\"https:\/\/eremos.eu\/wp-content\/uploads\/2015\/08\/43d2.jpg\"><img loading=\"lazy\" decoding=\"async\" class=\"alignleft wp-image-4823 size-medium\" src=\"https:\/\/eremos.eu\/wp-content\/uploads\/2015\/08\/43d2-300x201.jpg\" alt=\"43d\" width=\"300\" height=\"201\" srcset=\"https:\/\/eremos.eu\/wp-content\/uploads\/2015\/08\/43d2-300x201.jpg 300w, https:\/\/eremos.eu\/wp-content\/uploads\/2015\/08\/43d2.jpg 793w\" sizes=\"auto, (max-width: 300px) 100vw, 300px\" \/><\/a><a href=\"https:\/\/eremos.eu\/wp-content\/uploads\/2015\/08\/43e1.jpg\"><img loading=\"lazy\" decoding=\"async\" class=\"wp-image-4824 alignnone\" src=\"https:\/\/eremos.eu\/wp-content\/uploads\/2015\/08\/43e1-300x202.jpg\" alt=\"43e\" width=\"299\" height=\"201\" srcset=\"https:\/\/eremos.eu\/wp-content\/uploads\/2015\/08\/43e1-300x202.jpg 300w, https:\/\/eremos.eu\/wp-content\/uploads\/2015\/08\/43e1.jpg 790w\" sizes=\"auto, (max-width: 299px) 100vw, 299px\" \/><\/a><\/p>\n<hr \/>\n<p><strong><a href=\"https:\/\/eremos.eu\/wp-content\/uploads\/2015\/08\/44b6.jpg\"><img loading=\"lazy\" decoding=\"async\" class=\"alignright wp-image-4827\" src=\"https:\/\/eremos.eu\/wp-content\/uploads\/2015\/08\/44b6-201x300.jpg\" alt=\"44b\" width=\"174\" height=\"260\" srcset=\"https:\/\/eremos.eu\/wp-content\/uploads\/2015\/08\/44b6-201x300.jpg 201w, https:\/\/eremos.eu\/wp-content\/uploads\/2015\/08\/44b6.jpg 531w\" sizes=\"auto, (max-width: 174px) 100vw, 174px\" \/><\/a>EREMO DI SAN PATERNIANO<\/strong> (Chiesa e romitorio &#8211; XIII-XIV secolo)<\/p>\n<p>Localit\u00e0: <strong>Cammoro di Sellano<\/strong> (PG)<\/p>\n<p style=\"text-align: justify;\">L\u2019eremo di San Paterniano, alle pendici del monte Cammoro, presso le sorgenti del torrente Fauvella, in un\u2019ampia radura contornata da una secolare faggeta, sorge sul luogo dove la tradizione vuole che il Santo abbia trascorso in eremitaggio un lungo periodo della sua vita. La piccola chiesa di origine romanica del XIV secolo, eretta in suo onore, \u00e8 provvista sul retro di una piccola cella in cui hanno dimorato diversi eremiti religiosi e laici fino ai primi decenni del \u2019900. Dopo un lungo periodo di abbandono, negli anni \u201890 l\u2019eremo \u00e8 stato restaurato dalla comunit\u00e0 locale che provvede anche alla sua manutenzione.<\/p>\n<p><a href=\"https:\/\/eremos.eu\/wp-content\/uploads\/2015\/08\/4413.jpg\"><img loading=\"lazy\" decoding=\"async\" class=\"alignleft wp-image-4825 size-medium\" src=\"https:\/\/eremos.eu\/wp-content\/uploads\/2015\/08\/4413-300x201.jpg\" alt=\"44\" width=\"300\" height=\"201\" srcset=\"https:\/\/eremos.eu\/wp-content\/uploads\/2015\/08\/4413-300x201.jpg 300w, https:\/\/eremos.eu\/wp-content\/uploads\/2015\/08\/4413.jpg 793w\" sizes=\"auto, (max-width: 300px) 100vw, 300px\" \/><\/a><a href=\"https:\/\/eremos.eu\/wp-content\/uploads\/2015\/08\/44a7.jpg\"><img loading=\"lazy\" decoding=\"async\" class=\"wp-image-4826 size-medium alignnone\" src=\"https:\/\/eremos.eu\/wp-content\/uploads\/2015\/08\/44a7-300x201.jpg\" alt=\"44a\" width=\"300\" height=\"201\" srcset=\"https:\/\/eremos.eu\/wp-content\/uploads\/2015\/08\/44a7-300x201.jpg 300w, https:\/\/eremos.eu\/wp-content\/uploads\/2015\/08\/44a7.jpg 793w\" sizes=\"auto, (max-width: 300px) 100vw, 300px\" \/><\/a><\/p>\n<hr \/>\n<p><strong><a href=\"https:\/\/eremos.eu\/wp-content\/uploads\/2015\/08\/45b6.jpg\"><img loading=\"lazy\" decoding=\"async\" class=\"alignright wp-image-4831\" src=\"https:\/\/eremos.eu\/wp-content\/uploads\/2015\/08\/45b6-202x300.jpg\" alt=\"45b\" width=\"182\" height=\"270\" srcset=\"https:\/\/eremos.eu\/wp-content\/uploads\/2015\/08\/45b6-202x300.jpg 202w, https:\/\/eremos.eu\/wp-content\/uploads\/2015\/08\/45b6.jpg 534w\" sizes=\"auto, (max-width: 182px) 100vw, 182px\" \/><\/a>GROTTA DEL BEATO GIOLO<\/strong> (Romitorio rupestre &#8211; XIII secolo)<\/p>\n<p>Localit\u00e0: <strong>Forfi di Sellano<\/strong> (PG)<\/p>\n<p style=\"text-align: justify;\">La grotta del Beato Giolo si trova in una impervia piega del monte Jugo nei pressi di Forfi, una piccola frazione di Sellano. La tradizione vuole che proprio in questo pertugio il Santo sia stato in grado di portare della brace ardente, ricevuta in carit\u00e0, senza bruciare la tonaca in cui era avvolta. Alla sua morte, nel 1315, gli abitanti di Sellano riuscirono a trovare la sua grotta ed a prendersi cura delle sue venerate spoglie. Ancora oggi i numerosi pellegrini che vi giungono attraverso l\u2019angusto sentierino usano bagnarsi con l\u2019acqua che stilla dalla pietra, da sempre ritenuta terapeutica per le infermit\u00e0.<\/p>\n<p><a href=\"https:\/\/eremos.eu\/wp-content\/uploads\/2015\/08\/4511.jpg\"><img loading=\"lazy\" decoding=\"async\" class=\"alignleft wp-image-4830 size-medium\" src=\"https:\/\/eremos.eu\/wp-content\/uploads\/2015\/08\/4511-300x176.jpg\" alt=\"45\" width=\"300\" height=\"176\" srcset=\"https:\/\/eremos.eu\/wp-content\/uploads\/2015\/08\/4511-300x176.jpg 300w, https:\/\/eremos.eu\/wp-content\/uploads\/2015\/08\/4511.jpg 793w\" sizes=\"auto, (max-width: 300px) 100vw, 300px\" \/><\/a><a href=\"https:\/\/eremos.eu\/wp-content\/uploads\/2015\/08\/45a7.jpg\"><img loading=\"lazy\" decoding=\"async\" class=\"wp-image-4829 alignnone\" src=\"https:\/\/eremos.eu\/wp-content\/uploads\/2015\/08\/45a7.jpg\" alt=\"45a\" width=\"254\" height=\"176\" \/><\/a><\/p>\n<hr \/>\n<p><strong>EREMO DI SAN GIROLAMO<\/strong> (Chiesa ed ex romitorio &#8211; XIII-XIV secolo)<\/p>\n<p>Localit\u00e0: <strong>Spoleto<\/strong> (PG)<\/p>\n<p style=\"text-align: justify;\">L\u2019eremo di San Girolamo, non molto lontano da quello di Sant\u2019Onofrio, \u00e8 formato da una chiesetta e da una modesta struttura con cortile interno che lascia prefigurare un piccolo cenobio. Per quanto gi\u00e0 attestato da documenti e visite pastorali a met\u00e0 del Cinquecento, le sue origini tuttavia vanno fatte risalire di qualche secolo per la presenza di alcuni affreschi di scuola giottesca dei primi decenni del \u2018300, come la <i>Crocifissione<\/i> (il Cristo viene raffigurato tra san Girolamo con la Maddalena a destra e la Madonna con il Battista a sinistra) che compare sopra l\u2019altare o i santi <a href=\"https:\/\/eremos.eu\/wp-content\/uploads\/2015\/08\/46b10.jpg\"><img loading=\"lazy\" decoding=\"async\" class=\"alignright wp-image-4833\" src=\"https:\/\/eremos.eu\/wp-content\/uploads\/2015\/08\/46b10-200x300.jpg\" alt=\"46b\" width=\"220\" height=\"330\" srcset=\"https:\/\/eremos.eu\/wp-content\/uploads\/2015\/08\/46b10-200x300.jpg 200w, https:\/\/eremos.eu\/wp-content\/uploads\/2015\/08\/46b10.jpg 540w\" sizes=\"auto, (max-width: 220px) 100vw, 220px\" \/><\/a>Nicola, Girolamo e Onofrio dipinti all\u2019interno di tre archi che ne decorano la parte frontale. Tanto l\u2019eremo quanto gli affreschi interni sono stati oggetto di una recente opera restauratrice\/conservativa grazie alla sensibilit\u00e0 del nuovo (privato) proprietario.<\/p>\n<p><a href=\"https:\/\/eremos.eu\/wp-content\/uploads\/2015\/08\/4610.jpg\"><img loading=\"lazy\" decoding=\"async\" class=\"wp-image-4832 size-medium alignnone\" src=\"https:\/\/eremos.eu\/wp-content\/uploads\/2015\/08\/4610-300x200.jpg\" alt=\"46\" width=\"300\" height=\"200\" srcset=\"https:\/\/eremos.eu\/wp-content\/uploads\/2015\/08\/4610-300x200.jpg 300w, https:\/\/eremos.eu\/wp-content\/uploads\/2015\/08\/4610.jpg 793w\" sizes=\"auto, (max-width: 300px) 100vw, 300px\" \/><\/a><\/p>\n<p><a href=\"https:\/\/eremos.eu\/wp-content\/uploads\/2015\/08\/46d2.jpg\"><img loading=\"lazy\" decoding=\"async\" class=\"alignleft wp-image-4834 size-medium\" src=\"https:\/\/eremos.eu\/wp-content\/uploads\/2015\/08\/46d2-300x199.jpg\" alt=\"46d\" width=\"300\" height=\"199\" srcset=\"https:\/\/eremos.eu\/wp-content\/uploads\/2015\/08\/46d2-300x199.jpg 300w, https:\/\/eremos.eu\/wp-content\/uploads\/2015\/08\/46d2.jpg 790w\" sizes=\"auto, (max-width: 300px) 100vw, 300px\" \/><\/a><\/p>\n<p><a href=\"https:\/\/eremos.eu\/wp-content\/uploads\/2015\/08\/46c7.jpg\"><img loading=\"lazy\" decoding=\"async\" class=\"wp-image-4837 alignnone\" src=\"https:\/\/eremos.eu\/wp-content\/uploads\/2015\/08\/46c7-300x211.jpg\" alt=\"46c\" width=\"283\" height=\"199\" srcset=\"https:\/\/eremos.eu\/wp-content\/uploads\/2015\/08\/46c7-300x211.jpg 300w, https:\/\/eremos.eu\/wp-content\/uploads\/2015\/08\/46c7.jpg 793w\" sizes=\"auto, (max-width: 283px) 100vw, 283px\" \/><\/a><\/p>\n<hr \/>\n<p><strong>EREMO DI SANT&#8217;ONOFRIO<\/strong> (Chiesa e romitorio &#8211; XIV secolo)<\/p>\n<p>Localit\u00e0: <strong>Spoleto<\/strong> (PG)<\/p>\n<p style=\"text-align: justify;\"><a href=\"https:\/\/eremos.eu\/wp-content\/uploads\/2015\/08\/47e4.jpg\"><img loading=\"lazy\" decoding=\"async\" class=\"alignright wp-image-4844\" src=\"https:\/\/eremos.eu\/wp-content\/uploads\/2015\/08\/47e4-283x300.jpg\" alt=\"47e\" width=\"265\" height=\"280\" srcset=\"https:\/\/eremos.eu\/wp-content\/uploads\/2015\/08\/47e4-283x300.jpg 283w, https:\/\/eremos.eu\/wp-content\/uploads\/2015\/08\/47e4.jpg 770w\" sizes=\"auto, (max-width: 265px) 100vw, 265px\" \/><\/a>Il primitivo eremo di Sant\u2019Onofrio, in un luogo isolato nei pressi di una sorgente (fonte sacra) appena fuori dall\u2019abitato, comprendeva una chiesuola e un romitorio formato da tre modesti ed umidi ambienti. Nulla a che vedere con quello attuale costituito da una chiesa superiore ed una inferiore ma che, tuttavia, conserva buona parte dell\u2019originario, quattrocentesco corredo pittorico. Ancora oggi possiamo quindi ammirare gli affreschi che decorano le pareti della prima, come la <i>Crocifissione tra i santi Onofrio, Girolamo e la Vergine Maria<\/i>, a sinistra, e <i>Giovanni Evangelista e Barnaba<\/i>, a destra; e l\u2019altra <i>Crocifissione con la Madonna, san Giovanni Evangelista e Maria Maddalena <\/i>nel presbiterio della seconda, accompagnata da una raffigurazione iconografica di \u201cSant\u2019Onofrio morente assieme ai (mitici) leoni\u201d.<\/p>\n<p style=\"text-align: justify;\"><a href=\"https:\/\/eremos.eu\/wp-content\/uploads\/2015\/08\/4711.jpg\"><img loading=\"lazy\" decoding=\"async\" class=\"alignleft size-medium wp-image-4838\" src=\"https:\/\/eremos.eu\/wp-content\/uploads\/2015\/08\/4711-201x300.jpg\" alt=\"47\" width=\"201\" height=\"300\" srcset=\"https:\/\/eremos.eu\/wp-content\/uploads\/2015\/08\/4711-201x300.jpg 201w, https:\/\/eremos.eu\/wp-content\/uploads\/2015\/08\/4711.jpg 543w\" sizes=\"auto, (max-width: 201px) 100vw, 201px\" \/><\/a><a href=\"https:\/\/eremos.eu\/wp-content\/uploads\/2015\/08\/47d5.jpg\"><img loading=\"lazy\" decoding=\"async\" class=\"alignleft size-medium wp-image-4839\" src=\"https:\/\/eremos.eu\/wp-content\/uploads\/2015\/08\/47d5-225x300.jpg\" alt=\"47d\" width=\"225\" height=\"300\" srcset=\"https:\/\/eremos.eu\/wp-content\/uploads\/2015\/08\/47d5-225x300.jpg 225w, https:\/\/eremos.eu\/wp-content\/uploads\/2015\/08\/47d5.jpg 588w\" sizes=\"auto, (max-width: 225px) 100vw, 225px\" \/><\/a><a href=\"https:\/\/eremos.eu\/wp-content\/uploads\/2015\/08\/47b5.jpg\"><img loading=\"lazy\" decoding=\"async\" class=\"size-medium wp-image-4840 alignnone\" src=\"https:\/\/eremos.eu\/wp-content\/uploads\/2015\/08\/47b5-176x300.jpg\" alt=\"47b\" width=\"176\" height=\"300\" srcset=\"https:\/\/eremos.eu\/wp-content\/uploads\/2015\/08\/47b5-176x300.jpg 176w, https:\/\/eremos.eu\/wp-content\/uploads\/2015\/08\/47b5.jpg 475w\" sizes=\"auto, (max-width: 176px) 100vw, 176px\" \/><\/a><\/p>\n<p><a href=\"https:\/\/eremos.eu\/wp-content\/uploads\/2015\/08\/47a8.jpg\"><img loading=\"lazy\" decoding=\"async\" class=\"alignleft wp-image-4841 size-medium\" src=\"https:\/\/eremos.eu\/wp-content\/uploads\/2015\/08\/47a8-300x201.jpg\" alt=\"47a\" width=\"300\" height=\"201\" srcset=\"https:\/\/eremos.eu\/wp-content\/uploads\/2015\/08\/47a8-300x201.jpg 300w, https:\/\/eremos.eu\/wp-content\/uploads\/2015\/08\/47a8.jpg 790w\" sizes=\"auto, (max-width: 300px) 100vw, 300px\" \/><\/a><\/p>\n<p><a href=\"https:\/\/eremos.eu\/wp-content\/uploads\/2015\/08\/47c7.jpg\"><img loading=\"lazy\" decoding=\"async\" class=\"wp-image-4843 size-medium alignnone\" src=\"https:\/\/eremos.eu\/wp-content\/uploads\/2015\/08\/47c7-300x201.jpg\" alt=\"47c\" width=\"300\" height=\"201\" srcset=\"https:\/\/eremos.eu\/wp-content\/uploads\/2015\/08\/47c7-300x201.jpg 300w, https:\/\/eremos.eu\/wp-content\/uploads\/2015\/08\/47c7.jpg 793w\" sizes=\"auto, (max-width: 300px) 100vw, 300px\" \/><\/a><\/p>\n<hr \/>\n<p><strong><a href=\"https:\/\/eremos.eu\/wp-content\/uploads\/2015\/08\/48b8.jpg\"><img loading=\"lazy\" decoding=\"async\" class=\"alignright wp-image-4845\" src=\"https:\/\/eremos.eu\/wp-content\/uploads\/2015\/08\/48b8.jpg\" alt=\"48b\" width=\"181\" height=\"240\" \/><\/a>EREMO DI MONTELUCO<\/strong> (Complesso cenobitico &#8211; XIII secolo)<\/p>\n<p>Localit\u00e0: <strong>Monteluco di Spoleto<\/strong> (PG)<\/p>\n<p style=\"text-align: justify;\">L\u2019eremo di Monteluco, monte sacro perch\u00e9 abitato da eremiti sin dal primo millennio del cristianesimo, \u00e8 un cenobio francescano del 1218, da quando san Francesco vi edific\u00f2 una chiesetta dedicata a Santa Caterina ed un primo nucleo di cellette in muratura, visibili ancora oggi. Nell\u2019eremo, come nelle grotte presenti nell\u2019adiacente \u201cbosco sacro\u201d, \u00e8 testimoniata la presenza, oltre che dello stesso san Francesco, di sant\u2019Antonio da Padova, san Bonaventura e san Bernardino da Siena.<\/p>\n<p><a href=\"https:\/\/eremos.eu\/wp-content\/uploads\/2015\/08\/4812.jpg\"><img loading=\"lazy\" decoding=\"async\" class=\"alignleft wp-image-4849 size-medium\" src=\"https:\/\/eremos.eu\/wp-content\/uploads\/2015\/08\/4812-300x200.jpg\" alt=\"48\" width=\"300\" height=\"200\" srcset=\"https:\/\/eremos.eu\/wp-content\/uploads\/2015\/08\/4812-300x200.jpg 300w, https:\/\/eremos.eu\/wp-content\/uploads\/2015\/08\/4812.jpg 318w\" sizes=\"auto, (max-width: 300px) 100vw, 300px\" \/><\/a><\/p>\n<p><a href=\"https:\/\/eremos.eu\/wp-content\/uploads\/2015\/08\/48a8.jpg\"><img loading=\"lazy\" decoding=\"async\" class=\"wp-image-4847 alignnone\" src=\"https:\/\/eremos.eu\/wp-content\/uploads\/2015\/08\/48a8-300x201.jpg\" alt=\"48a\" width=\"299\" height=\"200\" srcset=\"https:\/\/eremos.eu\/wp-content\/uploads\/2015\/08\/48a8-300x201.jpg 300w, https:\/\/eremos.eu\/wp-content\/uploads\/2015\/08\/48a8.jpg 790w\" sizes=\"auto, (max-width: 299px) 100vw, 299px\" \/><\/a><\/p>\n<p><a href=\"https:\/\/eremos.eu\/wp-content\/uploads\/2015\/08\/48c5.jpg\"><img loading=\"lazy\" decoding=\"async\" class=\"alignleft wp-image-4851 size-medium\" src=\"https:\/\/eremos.eu\/wp-content\/uploads\/2015\/08\/48c5-300x201.jpg\" alt=\"48c\" width=\"300\" height=\"201\" srcset=\"https:\/\/eremos.eu\/wp-content\/uploads\/2015\/08\/48c5-300x201.jpg 300w, https:\/\/eremos.eu\/wp-content\/uploads\/2015\/08\/48c5.jpg 793w\" sizes=\"auto, (max-width: 300px) 100vw, 300px\" \/><\/a><\/p>\n<p><a href=\"https:\/\/eremos.eu\/wp-content\/uploads\/2015\/08\/48d3.jpg\"><img loading=\"lazy\" decoding=\"async\" class=\"alignnone wp-image-4852\" src=\"https:\/\/eremos.eu\/wp-content\/uploads\/2015\/08\/48d3.jpg\" alt=\"48d\" width=\"197\" height=\"201\" \/><\/a><\/p>\n<hr \/>\n<p><strong>EREMI DEL BOSCO SACRO<\/strong> (Romitori rupestri &#8211; VI-XIII secolo)<\/p>\n<p>Localit\u00e0: <strong>Monteluco di Spoleto<\/strong> (PG)<\/p>\n<p style=\"text-align: justify;\"><a href=\"https:\/\/eremos.eu\/wp-content\/uploads\/2015\/08\/49e2.jpg\"><img loading=\"lazy\" decoding=\"async\" class=\"alignright size-full wp-image-4861\" src=\"https:\/\/eremos.eu\/wp-content\/uploads\/2015\/08\/49e2.jpg\" alt=\"49e\" width=\"292\" height=\"171\" \/><\/a>Il Bosco Sacro d\u00e0 il nome all\u2019intera montagna e deriva dal termine latino <i>lucus<\/i>, ossia \u2018bosco sacro a Giove\u2019<i>, <\/i>quasi a comprovare l&#8217;importanza religiosa di questo luogo sin dai tempi antichi. D\u2019altro canto, all\u2019ingresso del bosco si ritrova una copia lapidea della cosiddetta <i>Lex luci spoletina<\/i>, primo esempio di norme forestali su pietra del tardo III secolo a.C., che stabilisce le pene per la sua eventuale profanazione. Il bosco sacro \u00e8 caratterizzato dalla presenza di una lecceta d\u2019alto fusto sempreverde &#8211; secondo recenti studi, addirittura millenaria &#8211; e dalle diverse celle eremitiche che occupano le minuscole grotte nascoste qui e l\u00e0 tra gli speroni rocciosi. Sono i romitori abitati anticamente da anacoreti siriaci, come sant\u2019Isacco di Antiochia, e pi\u00f9 avanti da eremiti francescani, come sant\u2019Antonio da Padova ed il beato Francesco da Pavia.<\/p>\n<p style=\"text-align: justify;\"><a href=\"https:\/\/eremos.eu\/wp-content\/uploads\/2015\/08\/4912.jpg\"><img loading=\"lazy\" decoding=\"async\" class=\"alignleft wp-image-4860 size-medium\" src=\"https:\/\/eremos.eu\/wp-content\/uploads\/2015\/08\/4912-300x214.jpg\" alt=\"49\" width=\"300\" height=\"214\" srcset=\"https:\/\/eremos.eu\/wp-content\/uploads\/2015\/08\/4912-300x214.jpg 300w, https:\/\/eremos.eu\/wp-content\/uploads\/2015\/08\/4912.jpg 716w\" sizes=\"auto, (max-width: 300px) 100vw, 300px\" \/><\/a><\/p>\n<p style=\"text-align: justify;\"><a href=\"https:\/\/eremos.eu\/wp-content\/uploads\/2015\/08\/49a10.jpg\"><img loading=\"lazy\" decoding=\"async\" class=\"wp-image-4853 alignnone\" src=\"https:\/\/eremos.eu\/wp-content\/uploads\/2015\/08\/49a10-300x215.jpg\" alt=\"49a\" width=\"299\" height=\"214\" srcset=\"https:\/\/eremos.eu\/wp-content\/uploads\/2015\/08\/49a10-300x215.jpg 300w, https:\/\/eremos.eu\/wp-content\/uploads\/2015\/08\/49a10-1024x733.jpg 1024w, https:\/\/eremos.eu\/wp-content\/uploads\/2015\/08\/49a10.jpg 1199w\" sizes=\"auto, (max-width: 299px) 100vw, 299px\" \/><\/a><\/p>\n<p style=\"text-align: justify;\"><a href=\"https:\/\/eremos.eu\/wp-content\/uploads\/2015\/08\/49b8.jpg\"><img loading=\"lazy\" decoding=\"async\" class=\"alignleft wp-image-4855 size-medium\" src=\"https:\/\/eremos.eu\/wp-content\/uploads\/2015\/08\/49b8-300x218.jpg\" alt=\"49b\" width=\"300\" height=\"218\" srcset=\"https:\/\/eremos.eu\/wp-content\/uploads\/2015\/08\/49b8-300x218.jpg 300w, https:\/\/eremos.eu\/wp-content\/uploads\/2015\/08\/49b8.jpg 793w\" sizes=\"auto, (max-width: 300px) 100vw, 300px\" \/><\/a><\/p>\n<p style=\"text-align: justify;\"><a href=\"https:\/\/eremos.eu\/wp-content\/uploads\/2015\/08\/eremoantonipadova.jpg\"><img loading=\"lazy\" decoding=\"async\" class=\"wp-image-4859 alignnone\" src=\"https:\/\/eremos.eu\/wp-content\/uploads\/2015\/08\/eremoantonipadova-300x214.jpg\" alt=\"eremoantonipadova\" width=\"305\" height=\"218\" srcset=\"https:\/\/eremos.eu\/wp-content\/uploads\/2015\/08\/eremoantonipadova-300x214.jpg 300w, https:\/\/eremos.eu\/wp-content\/uploads\/2015\/08\/eremoantonipadova-1024x731.jpg 1024w, https:\/\/eremos.eu\/wp-content\/uploads\/2015\/08\/eremoantonipadova.jpg 1196w\" sizes=\"auto, (max-width: 305px) 100vw, 305px\" \/><\/a><\/p>\n<p style=\"text-align: justify;\"><a href=\"https:\/\/eremos.eu\/wp-content\/uploads\/2015\/08\/49c3.jpg\"><img loading=\"lazy\" decoding=\"async\" class=\"alignleft wp-image-4856 size-medium\" src=\"https:\/\/eremos.eu\/wp-content\/uploads\/2015\/08\/49c3-300x215.jpg\" alt=\"49c\" width=\"300\" height=\"215\" srcset=\"https:\/\/eremos.eu\/wp-content\/uploads\/2015\/08\/49c3-300x215.jpg 300w, https:\/\/eremos.eu\/wp-content\/uploads\/2015\/08\/49c3-1024x733.jpg 1024w, https:\/\/eremos.eu\/wp-content\/uploads\/2015\/08\/49c3.jpg 1199w\" sizes=\"auto, (max-width: 300px) 100vw, 300px\" \/><\/a><\/p>\n<p><a href=\"https:\/\/eremos.eu\/wp-content\/uploads\/2015\/08\/49d3.jpg\"><img loading=\"lazy\" decoding=\"async\" class=\"wp-image-4858 alignnone\" src=\"https:\/\/eremos.eu\/wp-content\/uploads\/2015\/08\/49d3-300x212.jpg\" alt=\"49d\" width=\"304\" height=\"215\" srcset=\"https:\/\/eremos.eu\/wp-content\/uploads\/2015\/08\/49d3-300x212.jpg 300w, https:\/\/eremos.eu\/wp-content\/uploads\/2015\/08\/49d3.jpg 756w\" sizes=\"auto, (max-width: 304px) 100vw, 304px\" \/><\/a><\/p>\n<hr \/>\n<p><strong>EREMO DI SAN MICHELE ARCANGELO<\/strong> (Romitorio rupestre &#8211; XIII secolo)<\/p>\n<p>Localit\u00e0: <strong>Monteluco di Spoleto<\/strong> (PG)<\/p>\n<p style=\"text-align: justify;\">L\u2019eremo di San Michele Arcangelo, ora all\u2019interno di una villa privata, costituito da tre profondi anfratti naturali, uno dei quali svolgeva le funzioni di oratorio, rappresenta un <i>unicum<\/i> tra i tanti romitori un tempo esistenti sulla montagna spoletina. Era infatti un insediamento di donne eremite (o recluse, incarcerate) in un luogo tradizionalmente riservato a soli uomini e faceva parte di quel movimento femminile non monastico che, a partire dal XIII secolo, vedr\u00e0 sorgere tra Monteluco e Montefalco numerosi eremi ma, proprio perch\u00e9 inviso all\u2019autorit\u00e0 ecclesiastica, destinato ad esaurirsi nell\u2019arco di qualche decennio.<\/p>\n<p style=\"text-align: justify;\"><a href=\"https:\/\/eremos.eu\/wp-content\/uploads\/2015\/08\/509.jpg\"><img loading=\"lazy\" decoding=\"async\" class=\"alignleft wp-image-4862 size-medium\" src=\"https:\/\/eremos.eu\/wp-content\/uploads\/2015\/08\/509-300x199.jpg\" alt=\"50\" width=\"300\" height=\"199\" srcset=\"https:\/\/eremos.eu\/wp-content\/uploads\/2015\/08\/509-300x199.jpg 300w, https:\/\/eremos.eu\/wp-content\/uploads\/2015\/08\/509.jpg 763w\" sizes=\"auto, (max-width: 300px) 100vw, 300px\" \/><\/a><a href=\"https:\/\/eremos.eu\/wp-content\/uploads\/2015\/08\/50a9.jpg\"><img loading=\"lazy\" decoding=\"async\" class=\"wp-image-4863 size-medium alignnone\" src=\"https:\/\/eremos.eu\/wp-content\/uploads\/2015\/08\/50a9-300x199.jpg\" alt=\"50a\" width=\"300\" height=\"199\" srcset=\"https:\/\/eremos.eu\/wp-content\/uploads\/2015\/08\/50a9-300x199.jpg 300w, https:\/\/eremos.eu\/wp-content\/uploads\/2015\/08\/50a9.jpg 763w\" sizes=\"auto, (max-width: 300px) 100vw, 300px\" \/><\/a><\/p>\n<hr \/>\n<p><strong>EREMO DI SANT&#8217;ANTIMO<\/strong> (Romitorio rupestre &#8211; III-IV secolo)<\/p>\n<p>Localit\u00e0: <strong>Monteluco di Spoleto<\/strong> (PG)<\/p>\n<p style=\"text-align: justify;\">L\u2019eremo di Sant\u2019Antimo si trova immerso tra i boschi secolari del Monteluco, ancorch\u00e9 inglobato in un albergo attualmente chiuso. Dell\u2019antico romitorio, testimonianza dei primi insediamenti eremitici nella montagna, \u00e8 ancora visibile la piccola grotta con altarino, nicchie e croci dove il monaco anacoreta siriaco dimor\u00f2 sul finire del III secolo dopo l\u2019arrivo in Italia.<\/p>\n<hr \/>\n<p style=\"text-align: justify;\"><strong>EREMO DI SANT&#8217;ANTONIO<\/strong> (Ruderi di chiesa-romitorio semirupestre &#8211; V-VI secolo)<\/p>\n<p style=\"text-align: justify;\">Localit\u00e0: <strong>Vallo di Nera<\/strong> (PG) \u00a0 \u00a0 \u00a0 \u00a0 \u00a0 \u00a0 \u00a0 \u00a0 \u00a0 \u00a0 \u00a0 \u00a0Sub-area: <span style=\"color: #0000ff;\">Parco Regionale del Nera<\/span><\/p>\n<p style=\"text-align: justify;\">Quel che rimane dell&#8217;eremo di Sant\u2019Antonio, ancorch\u00e9 abitato fino a tutto l\u2019Ottocento, si trova lungo l\u2019antica strada che collegava Vallo di Nera a Castel San Felice. Le sue origini vanno sicuramente fatte risalire alle comunit\u00e0 di monaci anacoreti siriaci che tra il V ed il VI secolo si insediarono tra le montagne della Valnerina. I ruderi del romitorio nascosti nell\u2019invadente boscaglia lasciano individuare la primitiva struttura con l\u2019ambiente cultuale in muratura addossato a quello eremitico in rupe.<\/p>\n<p><a href=\"https:\/\/eremos.eu\/wp-content\/uploads\/2015\/08\/5215.jpg\"><img loading=\"lazy\" decoding=\"async\" class=\"alignleft wp-image-4864 size-medium\" src=\"https:\/\/eremos.eu\/wp-content\/uploads\/2015\/08\/5215-300x201.jpg\" alt=\"52\" width=\"300\" height=\"201\" srcset=\"https:\/\/eremos.eu\/wp-content\/uploads\/2015\/08\/5215-300x201.jpg 300w, https:\/\/eremos.eu\/wp-content\/uploads\/2015\/08\/5215.jpg 793w\" sizes=\"auto, (max-width: 300px) 100vw, 300px\" \/><\/a><a href=\"https:\/\/eremos.eu\/wp-content\/uploads\/2015\/08\/52a9.jpg\"><img loading=\"lazy\" decoding=\"async\" class=\"wp-image-4865 alignnone\" src=\"https:\/\/eremos.eu\/wp-content\/uploads\/2015\/08\/52a9-300x200.jpg\" alt=\"52a\" width=\"301\" height=\"201\" srcset=\"https:\/\/eremos.eu\/wp-content\/uploads\/2015\/08\/52a9-300x200.jpg 300w, https:\/\/eremos.eu\/wp-content\/uploads\/2015\/08\/52a9.jpg 790w\" sizes=\"auto, (max-width: 301px) 100vw, 301px\" \/><\/a><\/p>\n<p><a href=\"https:\/\/eremos.eu\/wp-content\/uploads\/2015\/08\/52b8.jpg\"><img loading=\"lazy\" decoding=\"async\" class=\"alignleft wp-image-4866 size-medium\" src=\"https:\/\/eremos.eu\/wp-content\/uploads\/2015\/08\/52b8-300x201.jpg\" alt=\"52b\" width=\"300\" height=\"201\" srcset=\"https:\/\/eremos.eu\/wp-content\/uploads\/2015\/08\/52b8-300x201.jpg 300w, https:\/\/eremos.eu\/wp-content\/uploads\/2015\/08\/52b8.jpg 793w\" sizes=\"auto, (max-width: 300px) 100vw, 300px\" \/><\/a><a href=\"https:\/\/eremos.eu\/wp-content\/uploads\/2015\/08\/52c6.jpg\"><img loading=\"lazy\" decoding=\"async\" class=\"wp-image-4867 alignnone\" src=\"https:\/\/eremos.eu\/wp-content\/uploads\/2015\/08\/52c6-300x202.jpg\" alt=\"52c\" width=\"299\" height=\"201\" srcset=\"https:\/\/eremos.eu\/wp-content\/uploads\/2015\/08\/52c6-300x202.jpg 300w, https:\/\/eremos.eu\/wp-content\/uploads\/2015\/08\/52c6.jpg 790w\" sizes=\"auto, (max-width: 299px) 100vw, 299px\" \/><\/a><\/p>\n<hr \/>\n<h3><span style=\"color: #0000ff;\"><strong>VALTIBERINA<\/strong><\/span><\/h3>\n<p><strong>GROTTA DI SAN FRANCESCO IN PANTANELLI<\/strong> (Cenobio e romitorio rupestre &#8211; XIII secolo)<\/p>\n<p>Localit\u00e0: <strong>Baschi<\/strong> (TR)<\/p>\n<p style=\"text-align: justify;\">La grotta di San Francesco, la cavit\u00e0 naturale d\u2019una rupe adiacente al convento di Sant\u2019Angelo in Pantanelli, \u00e8 sicuramente uno dei romitori dei tempi del Santo. Le sue origini, infatti, sono strettamente legate al poverello d\u2019Assisi ed alla donazione del luogo in mezzo ai boschi fattagli nel 1218 dai signori di Baschi, e la grotta era il luogo che questi utilizzava per riposarsi quando passava da quelle parti. Il romitorio ha ospitato fra\u2019 Jacopone da Todi, san Bernardino da Siena, che lo restaur\u00f2 e lo ampli\u00f2 nel \u2018400, ed il beato Ambrogio da Milano. L\u2019assetto attuale del <a href=\"https:\/\/eremos.eu\/wp-content\/uploads\/2015\/08\/53c5.jpg\"><img loading=\"lazy\" decoding=\"async\" class=\"alignright wp-image-4869\" src=\"https:\/\/eremos.eu\/wp-content\/uploads\/2015\/08\/53c5-201x300.jpg\" alt=\"53c\" width=\"208\" height=\"310\" srcset=\"https:\/\/eremos.eu\/wp-content\/uploads\/2015\/08\/53c5-201x300.jpg 201w, https:\/\/eremos.eu\/wp-content\/uploads\/2015\/08\/53c5.jpg 531w\" sizes=\"auto, (max-width: 208px) 100vw, 208px\" \/><\/a>complesso \u00e8 per\u00f2 quello del 1703, nonostante gli abbandoni, le temporanee trasformazioni e gli inevitabili restauri che l\u2019hanno interessato. Di un certo pregio sono gli affreschi quattrocenteschi di scuola umbra all\u2019interno della chiesa.<\/p>\n<p><a href=\"https:\/\/eremos.eu\/wp-content\/uploads\/2015\/08\/53b2.jpg\"><img loading=\"lazy\" decoding=\"async\" class=\"size-medium wp-image-4868 alignnone\" src=\"https:\/\/eremos.eu\/wp-content\/uploads\/2015\/08\/53b2-300x201.jpg\" alt=\"53b\" width=\"300\" height=\"201\" srcset=\"https:\/\/eremos.eu\/wp-content\/uploads\/2015\/08\/53b2-300x201.jpg 300w, https:\/\/eremos.eu\/wp-content\/uploads\/2015\/08\/53b2.jpg 793w\" sizes=\"auto, (max-width: 300px) 100vw, 300px\" \/><\/a><\/p>\n<p><a href=\"https:\/\/eremos.eu\/wp-content\/uploads\/2015\/08\/5311.jpg\"><img loading=\"lazy\" decoding=\"async\" class=\"alignleft wp-image-4870 size-medium\" src=\"https:\/\/eremos.eu\/wp-content\/uploads\/2015\/08\/5311-300x201.jpg\" alt=\"53\" width=\"300\" height=\"201\" srcset=\"https:\/\/eremos.eu\/wp-content\/uploads\/2015\/08\/5311-300x201.jpg 300w, https:\/\/eremos.eu\/wp-content\/uploads\/2015\/08\/5311.jpg 793w\" sizes=\"auto, (max-width: 300px) 100vw, 300px\" \/><\/a><a href=\"https:\/\/eremos.eu\/wp-content\/uploads\/2015\/08\/53a8.jpg\"><img loading=\"lazy\" decoding=\"async\" class=\"wp-image-4871 alignnone\" src=\"https:\/\/eremos.eu\/wp-content\/uploads\/2015\/08\/53a8-300x202.jpg\" alt=\"53a\" width=\"299\" height=\"201\" srcset=\"https:\/\/eremos.eu\/wp-content\/uploads\/2015\/08\/53a8-300x202.jpg 300w, https:\/\/eremos.eu\/wp-content\/uploads\/2015\/08\/53a8.jpg 790w\" sizes=\"auto, (max-width: 299px) 100vw, 299px\" \/><\/a><\/p>\n<hr \/>\n<p><strong>EREMO DELLA PASQUARELLA<\/strong> (Chiesa e romitorio rupestre &#8211; VI-XI secolo)<\/p>\n<p>Localit\u00e0: <strong>Acqualoreto di Baschi<\/strong> (TR)<\/p>\n<p style=\"text-align: justify;\">L\u2019eremo della Pasquarella, situato nell\u2019omonimo vallone, lungo la strada tra Todi e Baschi che costeggia il lago di Corbara, \u00e8 un piccolo santuario di stile romanico fondato nel corso dell\u2019XI secolo da san Romualdo che prende il nome dall&#8217;affresco quattrocentesco interno alla chiesetta e raffigurante l&#8217;Epifania o piccola Pasqua. Per quanto l\u2019insediamento eremitico da parte di anacoreti siriaci nelle grotte dell\u2019area circostante risalga a qualche secolo prima (VI-VII). Tornando alla Pasquarella si sa che fino a tutto l\u2019Ottocento \u00e8 stato abitato e curato da monaci eremiti camaldolesi.<\/p>\n<p style=\"text-align: justify;\"><a href=\"https:\/\/eremos.eu\/wp-content\/uploads\/2015\/08\/549.jpg\"><img loading=\"lazy\" decoding=\"async\" class=\"alignleft wp-image-4872 size-medium\" src=\"https:\/\/eremos.eu\/wp-content\/uploads\/2015\/08\/549-300x201.jpg\" alt=\"54\" width=\"300\" height=\"201\" srcset=\"https:\/\/eremos.eu\/wp-content\/uploads\/2015\/08\/549-300x201.jpg 300w, https:\/\/eremos.eu\/wp-content\/uploads\/2015\/08\/549.jpg 793w\" sizes=\"auto, (max-width: 300px) 100vw, 300px\" \/><\/a><a href=\"https:\/\/eremos.eu\/wp-content\/uploads\/2015\/08\/54a9.jpg\"><img loading=\"lazy\" decoding=\"async\" class=\"wp-image-4873 alignnone\" src=\"https:\/\/eremos.eu\/wp-content\/uploads\/2015\/08\/54a9-300x202.jpg\" alt=\"54a\" width=\"299\" height=\"201\" srcset=\"https:\/\/eremos.eu\/wp-content\/uploads\/2015\/08\/54a9-300x202.jpg 300w, https:\/\/eremos.eu\/wp-content\/uploads\/2015\/08\/54a9.jpg 790w\" sizes=\"auto, (max-width: 299px) 100vw, 299px\" \/><\/a><\/p>\n<p><a href=\"https:\/\/eremos.eu\/wp-content\/uploads\/2015\/08\/54b5.jpg\"><img loading=\"lazy\" decoding=\"async\" class=\"alignleft wp-image-4874 size-medium\" src=\"https:\/\/eremos.eu\/wp-content\/uploads\/2015\/08\/54b5-300x201.jpg\" alt=\"54b\" width=\"300\" height=\"201\" srcset=\"https:\/\/eremos.eu\/wp-content\/uploads\/2015\/08\/54b5-300x201.jpg 300w, https:\/\/eremos.eu\/wp-content\/uploads\/2015\/08\/54b5.jpg 793w\" sizes=\"auto, (max-width: 300px) 100vw, 300px\" \/><\/a><a href=\"https:\/\/eremos.eu\/wp-content\/uploads\/2015\/08\/54c6.jpg\"><img loading=\"lazy\" decoding=\"async\" class=\"wp-image-4875 alignnone\" src=\"https:\/\/eremos.eu\/wp-content\/uploads\/2015\/08\/54c6-300x202.jpg\" alt=\"54c\" width=\"299\" height=\"201\" srcset=\"https:\/\/eremos.eu\/wp-content\/uploads\/2015\/08\/54c6-300x202.jpg 300w, https:\/\/eremos.eu\/wp-content\/uploads\/2015\/08\/54c6.jpg 790w\" sizes=\"auto, (max-width: 299px) 100vw, 299px\" \/><\/a><\/p>\n<p><a href=\"https:\/\/eremos.eu\/wp-content\/uploads\/2015\/08\/54d4.jpg\"><img loading=\"lazy\" decoding=\"async\" class=\"alignleft wp-image-4876 size-medium\" src=\"https:\/\/eremos.eu\/wp-content\/uploads\/2015\/08\/54d4-300x201.jpg\" alt=\"54d\" width=\"300\" height=\"201\" srcset=\"https:\/\/eremos.eu\/wp-content\/uploads\/2015\/08\/54d4-300x201.jpg 300w, https:\/\/eremos.eu\/wp-content\/uploads\/2015\/08\/54d4.jpg 793w\" sizes=\"auto, (max-width: 300px) 100vw, 300px\" \/><\/a><a href=\"https:\/\/eremos.eu\/wp-content\/uploads\/2015\/08\/54e4.jpg\"><img loading=\"lazy\" decoding=\"async\" class=\"wp-image-4877 alignnone\" src=\"https:\/\/eremos.eu\/wp-content\/uploads\/2015\/08\/54e4-300x202.jpg\" alt=\"54e\" width=\"299\" height=\"201\" srcset=\"https:\/\/eremos.eu\/wp-content\/uploads\/2015\/08\/54e4-300x202.jpg 300w, https:\/\/eremos.eu\/wp-content\/uploads\/2015\/08\/54e4.jpg 790w\" sizes=\"auto, (max-width: 299px) 100vw, 299px\" \/><\/a><\/p>\n<hr \/>\n<p><strong>EREMO DEL BUONRIPOSO<\/strong> (Cenobio e romitorio rupestre &#8211; VIII-XIII secolo)<\/p>\n<p>Localit\u00e0: <strong>Citt\u00e0 di Castello<\/strong> (PG)<\/p>\n<p style=\"text-align: justify;\">L\u2019eremo del Buonriposo, poco distante da Citt\u00e0 di Castello, quasi si nasconde tra i folti boschi di castagneti del colle di Sant\u2019Angiolino, alla destra del Tevere. Qui esisteva gi\u00e0 un romitorio, costituito da alcune grotte naturali, rifugio adatto alla preghiera e alla vita contemplativa chiamato Santa Croce di Nuvole. Ma sembra che abbia mutuato la denominazione attuale di Buonriposo dallo stesso san Francesco, allorquando nel 1213 fermatosi a riposarsi per un po\u2019 di tempo in quella pace durante una delle continue peregrinazioni da Assisi alla Verna, non pot\u00e9 che esclamare: <i>\u201cOh, che buon riposo\u201d, <\/i>ed \u00e8 tutt\u2019ora individuabile la cella ove questi dimor\u00f2. Nonostante la travagliata, secolare storia, l\u2019eremo del Buonriposo \u00e8 rimasto per lo pi\u00f9 sotto la direzione francescana e sempre assai vitale, ospitando tra gli altri sant\u2019Antonio da Padova, san Bonaventura da Bagnoregio, san Bernardino da Siena e, per lungo tempo, il beato <a href=\"https:\/\/eremos.eu\/wp-content\/uploads\/2015\/08\/55b7.jpg\"><img loading=\"lazy\" decoding=\"async\" class=\"alignright size-medium wp-image-4879\" src=\"https:\/\/eremos.eu\/wp-content\/uploads\/2015\/08\/55b7-300x201.jpg\" alt=\"55b\" width=\"300\" height=\"201\" srcset=\"https:\/\/eremos.eu\/wp-content\/uploads\/2015\/08\/55b7-300x201.jpg 300w, https:\/\/eremos.eu\/wp-content\/uploads\/2015\/08\/55b7.jpg 397w\" sizes=\"auto, (max-width: 300px) 100vw, 300px\" \/><\/a>Francesco da Pavia. Nel 1864 la piccola famiglia francescana viene definitivamente allontanata ed il complesso ceduto a privati. Di un certo interesse il chiostro, ampliato nel 1352 quando l\u2019eremo viene trasformato in convento, e la cappella che, sia pure oltraggiata dalle trasformazioni barocche del 1641, lascia tuttavia immaginare la purezza dello stile e degli affreschi originari. Dal primitivo romitorio \u00e8 tutt\u2019ora possibile accedere alla grotta cosiddetta \u2018del diavolo\u2019, dove, secondo la tradizione, san Francesco \u00e8 stato pi\u00f9 volte tentato da apparizioni demoniache.<\/p>\n<p style=\"text-align: justify;\"><a href=\"https:\/\/eremos.eu\/wp-content\/uploads\/2015\/08\/5511.jpg\"><img loading=\"lazy\" decoding=\"async\" class=\"alignleft wp-image-4878 size-medium\" src=\"https:\/\/eremos.eu\/wp-content\/uploads\/2015\/08\/5511-300x225.jpg\" alt=\"55\" width=\"300\" height=\"225\" srcset=\"https:\/\/eremos.eu\/wp-content\/uploads\/2015\/08\/5511-300x225.jpg 300w, https:\/\/eremos.eu\/wp-content\/uploads\/2015\/08\/5511.jpg 453w\" sizes=\"auto, (max-width: 300px) 100vw, 300px\" \/><\/a><\/p>\n<p style=\"text-align: justify;\"><a href=\"https:\/\/eremos.eu\/wp-content\/uploads\/2015\/08\/55a9.jpg\"><img loading=\"lazy\" decoding=\"async\" class=\"wp-image-4880 alignnone\" src=\"https:\/\/eremos.eu\/wp-content\/uploads\/2015\/08\/55a9-300x297.jpg\" alt=\"55a\" width=\"227\" height=\"225\" srcset=\"https:\/\/eremos.eu\/wp-content\/uploads\/2015\/08\/55a9-300x297.jpg 300w, https:\/\/eremos.eu\/wp-content\/uploads\/2015\/08\/55a9-150x150.jpg 150w, https:\/\/eremos.eu\/wp-content\/uploads\/2015\/08\/55a9.jpg 309w\" sizes=\"auto, (max-width: 227px) 100vw, 227px\" \/><\/a><\/p>\n<hr \/>\n<p style=\"text-align: justify;\"><strong>ROMITORIO DI SAN SALVATORE A MONTE MALBE<\/strong> (Complesso cenobitico &#8211; XII secolo)<\/p>\n<p>Localit\u00e0: <strong>Corciano<\/strong> (PG)<\/p>\n<p style=\"text-align: justify;\">Il romitorio di San Salvatore, adagiato sulla fiancata nord della montagna (520 m\/slm) in una localit\u00e0 chiamata \u201ccolle della Trinit\u00e0\u201d e gi\u00e0 attestato in documenti catastali del 1139 quale possedimento del monastero di Fonte Avellana, per qualche secolo viene frequentato dai cosiddetti \u201cfraticelli eretici\u201d fino a tornare definitivamente nelle mani degli avellaniti (XVI secolo). Edificato sicuramente intorno all\u2019anno Mille, consta di una chiesa mononavata ripartita in due campate da una grande arcata con conca absidale e cripta sottostante. Ben poco rimane, invece, del corredo decorativo e l\u2019unico affresco assai poco leggibile con un san Sebastiano si intravvede appena lungo la navata in prossimit\u00e0 dell\u2019ingresso.<\/p>\n<p><a href=\"https:\/\/eremos.eu\/wp-content\/uploads\/2015\/08\/569.jpg\"><img loading=\"lazy\" decoding=\"async\" class=\"alignleft wp-image-4881 size-medium\" src=\"https:\/\/eremos.eu\/wp-content\/uploads\/2015\/08\/569-300x201.jpg\" alt=\"56\" width=\"300\" height=\"201\" srcset=\"https:\/\/eremos.eu\/wp-content\/uploads\/2015\/08\/569-300x201.jpg 300w, https:\/\/eremos.eu\/wp-content\/uploads\/2015\/08\/569.jpg 793w\" sizes=\"auto, (max-width: 300px) 100vw, 300px\" \/><\/a><a href=\"https:\/\/eremos.eu\/wp-content\/uploads\/2015\/08\/56a6.jpg\"><img loading=\"lazy\" decoding=\"async\" class=\"wp-image-4882 alignnone\" src=\"https:\/\/eremos.eu\/wp-content\/uploads\/2015\/08\/56a6-300x202.jpg\" alt=\"56a\" width=\"299\" height=\"201\" srcset=\"https:\/\/eremos.eu\/wp-content\/uploads\/2015\/08\/56a6-300x202.jpg 300w, https:\/\/eremos.eu\/wp-content\/uploads\/2015\/08\/56a6.jpg 790w\" sizes=\"auto, (max-width: 299px) 100vw, 299px\" \/><\/a><\/p>\n<p><a href=\"https:\/\/eremos.eu\/wp-content\/uploads\/2015\/08\/56b4.jpg\"><img loading=\"lazy\" decoding=\"async\" class=\"alignleft wp-image-4883 size-medium\" src=\"https:\/\/eremos.eu\/wp-content\/uploads\/2015\/08\/56b4-300x224.jpg\" alt=\"56b\" width=\"300\" height=\"224\" srcset=\"https:\/\/eremos.eu\/wp-content\/uploads\/2015\/08\/56b4-300x224.jpg 300w, https:\/\/eremos.eu\/wp-content\/uploads\/2015\/08\/56b4.jpg 716w\" sizes=\"auto, (max-width: 300px) 100vw, 300px\" \/><\/a><a href=\"https:\/\/eremos.eu\/wp-content\/uploads\/2015\/08\/56c4.jpg\"><img loading=\"lazy\" decoding=\"async\" class=\"wp-image-4884 alignnone\" src=\"https:\/\/eremos.eu\/wp-content\/uploads\/2015\/08\/56c4-300x225.jpg\" alt=\"56c\" width=\"299\" height=\"224\" srcset=\"https:\/\/eremos.eu\/wp-content\/uploads\/2015\/08\/56c4-300x225.jpg 300w, https:\/\/eremos.eu\/wp-content\/uploads\/2015\/08\/56c4.jpg 713w\" sizes=\"auto, (max-width: 299px) 100vw, 299px\" \/><\/a><\/p>\n<hr \/>\n<p><strong>EREMO DI SANTA MARIA DELLA SPINETA<\/strong> (Chiesa-romitorio &#8211; XIII secolo)<\/p>\n<p>Localit\u00e0: <strong>Santa Maria della Spineta di Fratta Todina<\/strong> (PG)<\/p>\n<p style=\"text-align: justify;\"><a href=\"https:\/\/eremos.eu\/wp-content\/uploads\/2015\/08\/5711.jpg\"><img loading=\"lazy\" decoding=\"async\" class=\"alignright size-medium wp-image-4885\" src=\"https:\/\/eremos.eu\/wp-content\/uploads\/2015\/08\/5711-300x239.jpg\" alt=\"57\" width=\"300\" height=\"239\" srcset=\"https:\/\/eremos.eu\/wp-content\/uploads\/2015\/08\/5711-300x239.jpg 300w, https:\/\/eremos.eu\/wp-content\/uploads\/2015\/08\/5711.jpg 454w\" sizes=\"auto, (max-width: 300px) 100vw, 300px\" \/><\/a>L\u2019eremo di Santa Maria della Spineta, ubicato in un punto elevato e panoramico nei dintorni di Fratta Todina, risale al 1291 ma pu\u00f2 essere considerato a ragione uno tra i pi\u00f9 antichi insediamenti francescani. Secondo la tradizione, infatti, san Francesco scelse quel luogo impervio e pieno di rovi per costituire uno dei primi romitori con delle povere capanne di fango e frasche. Negli anni successivi alla peste del 1348, un nobile orvietano al posto di quelle capanne realizz\u00f2 una pi\u00f9 elegante costruzione in pietra, di cui per\u00f2 rimane soltanto il pregevole chiostro. L\u2019attuale chiesa dedicata alla Vergine Assunta risale invece alla fine del XVIII secolo.<\/p>\n<p><a href=\"https:\/\/eremos.eu\/wp-content\/uploads\/2015\/08\/57a9.jpg\"><img loading=\"lazy\" decoding=\"async\" class=\"alignleft wp-image-4888 size-medium\" src=\"https:\/\/eremos.eu\/wp-content\/uploads\/2015\/08\/57a9-300x184.jpg\" alt=\"57a\" width=\"300\" height=\"184\" srcset=\"https:\/\/eremos.eu\/wp-content\/uploads\/2015\/08\/57a9-300x184.jpg 300w, https:\/\/eremos.eu\/wp-content\/uploads\/2015\/08\/57a9-1024x627.jpg 1024w, https:\/\/eremos.eu\/wp-content\/uploads\/2015\/08\/57a9.jpg 1199w\" sizes=\"auto, (max-width: 300px) 100vw, 300px\" \/><\/a><\/p>\n<p><a href=\"https:\/\/eremos.eu\/wp-content\/uploads\/2015\/08\/57b3.jpg\"><img loading=\"lazy\" decoding=\"async\" class=\"wp-image-4887 alignnone\" src=\"https:\/\/eremos.eu\/wp-content\/uploads\/2015\/08\/57b3.jpg\" alt=\"57b\" width=\"298\" height=\"184\" \/><\/a><\/p>\n<hr \/>\n<p><strong>EREMO DI SANTA ILLUMINATA<\/strong> (Ruderi di cenobio e romitorio rupestre &#8211; XI secolo)<\/p>\n<p>Localit\u00e0: <strong>Guardea<\/strong> (TR)<\/p>\n<p style=\"text-align: justify;\"><a href=\"https:\/\/eremos.eu\/wp-content\/uploads\/2015\/08\/58d1.jpg\"><img loading=\"lazy\" decoding=\"async\" class=\"alignright size-medium wp-image-4890\" src=\"https:\/\/eremos.eu\/wp-content\/uploads\/2015\/08\/58d1-300x224.jpg\" alt=\"58d\" width=\"300\" height=\"224\" srcset=\"https:\/\/eremos.eu\/wp-content\/uploads\/2015\/08\/58d1-300x224.jpg 300w, https:\/\/eremos.eu\/wp-content\/uploads\/2015\/08\/58d1.jpg 793w\" sizes=\"auto, (max-width: 300px) 100vw, 300px\" \/><\/a>I ruderi dell\u2019eremo di Santa Illuminata di Marruto, il complesso monastico fondato oltre mille anni fa da san Romualdo nel luogo dove la Santa si era riparata per sfuggire alle persecuzioni romane, si trovano nei pressi di Guardea, alle pendici del monte Civitelle, distrutti dal tempo e divorati dalla vegetazione. Di fronte, invece, \u00e8 rimasta pressoch\u00e9 intatta la grotta dove san Francesco era solito dimorare quando veniva da queste parti, con il venerato letto di pietra che ricalca le forme del suo corpo. Nel convento hanno vissuto parecchi beati francescani, come Giovanni d\u2019Avellino, Giovanni d\u2019Alviano, Giovanni Tientalbene ed il pi\u00f9 famoso beato Pascuccio. La presenza dell\u2019ultimo eremita \u00e8 attestata nei primi anni del 1800.<\/p>\n<p><a href=\"https:\/\/eremos.eu\/wp-content\/uploads\/2015\/08\/589.jpg\"><img loading=\"lazy\" decoding=\"async\" class=\"alignleft wp-image-4891 size-medium\" src=\"https:\/\/eremos.eu\/wp-content\/uploads\/2015\/08\/589-300x201.jpg\" alt=\"58\" width=\"300\" height=\"201\" srcset=\"https:\/\/eremos.eu\/wp-content\/uploads\/2015\/08\/589-300x201.jpg 300w, https:\/\/eremos.eu\/wp-content\/uploads\/2015\/08\/589.jpg 793w\" sizes=\"auto, (max-width: 300px) 100vw, 300px\" \/><\/a><a href=\"https:\/\/eremos.eu\/wp-content\/uploads\/2015\/08\/58c2.jpg\"><img loading=\"lazy\" decoding=\"async\" class=\"wp-image-4892 size-medium alignnone\" src=\"https:\/\/eremos.eu\/wp-content\/uploads\/2015\/08\/58c2-300x201.jpg\" alt=\"58c\" width=\"300\" height=\"201\" srcset=\"https:\/\/eremos.eu\/wp-content\/uploads\/2015\/08\/58c2-300x201.jpg 300w, https:\/\/eremos.eu\/wp-content\/uploads\/2015\/08\/58c2.jpg 496w\" sizes=\"auto, (max-width: 300px) 100vw, 300px\" \/><\/a><\/p>\n<p><a href=\"https:\/\/eremos.eu\/wp-content\/uploads\/2015\/08\/58b4.jpg\"><img loading=\"lazy\" decoding=\"async\" class=\"alignleft wp-image-4893\" src=\"https:\/\/eremos.eu\/wp-content\/uploads\/2015\/08\/58b4-202x300.jpg\" alt=\"58b\" width=\"195\" height=\"290\" srcset=\"https:\/\/eremos.eu\/wp-content\/uploads\/2015\/08\/58b4-202x300.jpg 202w, https:\/\/eremos.eu\/wp-content\/uploads\/2015\/08\/58b4.jpg 534w\" sizes=\"auto, (max-width: 195px) 100vw, 195px\" \/><\/a><\/p>\n<p><a href=\"https:\/\/eremos.eu\/wp-content\/uploads\/2015\/08\/58e1.jpg\"><img loading=\"lazy\" decoding=\"async\" class=\"alignleft wp-image-4895\" src=\"https:\/\/eremos.eu\/wp-content\/uploads\/2015\/08\/58e1-201x300.jpg\" alt=\"58e\" width=\"194\" height=\"290\" srcset=\"https:\/\/eremos.eu\/wp-content\/uploads\/2015\/08\/58e1-201x300.jpg 201w, https:\/\/eremos.eu\/wp-content\/uploads\/2015\/08\/58e1.jpg 531w\" sizes=\"auto, (max-width: 194px) 100vw, 194px\" \/><\/a><a href=\"https:\/\/eremos.eu\/wp-content\/uploads\/2015\/08\/58f1.jpg\"><img loading=\"lazy\" decoding=\"async\" class=\"wp-image-4894 alignnone\" src=\"https:\/\/eremos.eu\/wp-content\/uploads\/2015\/08\/58f1-201x300.jpg\" alt=\"58f\" width=\"194\" height=\"290\" srcset=\"https:\/\/eremos.eu\/wp-content\/uploads\/2015\/08\/58f1-201x300.jpg 201w, https:\/\/eremos.eu\/wp-content\/uploads\/2015\/08\/58f1.jpg 531w\" sizes=\"auto, (max-width: 194px) 100vw, 194px\" \/><\/a><\/p>\n<hr \/>\n<p><strong>CELLA DELLA BEATA COLOMBA<\/strong> (Cella eremitica &#8211; XV secolo)<\/p>\n<p>Localit\u00e0: <strong>Perugia<\/strong> (PG)<\/p>\n<p style=\"text-align: justify;\">La\u00a0cella della Beata Colomba o, meglio, la fedele ricostruzione dell\u2019originaria cella dove visse e mor\u00ec, si trova oggi nell\u2019omonimo monastero perugino. Al suo interno, completamente in legno, sono gelosamente custodite\u00a0 suppellettili e reliquie originali oltre a svariati oggetti pi\u00f9 o meno sacri, come il dipinto del <i>Cristo portacroce<\/i>, una tavola con l\u2019immagine della Santa o anche un asciugamani, un tovagliolo, una mantella, una camicia e altre cose personali.<\/p>\n<p><a href=\"https:\/\/eremos.eu\/wp-content\/uploads\/2015\/08\/5910.jpg\"><img loading=\"lazy\" decoding=\"async\" class=\"alignleft wp-image-4896 size-medium\" src=\"https:\/\/eremos.eu\/wp-content\/uploads\/2015\/08\/5910-300x223.jpg\" alt=\"59\" width=\"300\" height=\"223\" srcset=\"https:\/\/eremos.eu\/wp-content\/uploads\/2015\/08\/5910-300x223.jpg 300w, https:\/\/eremos.eu\/wp-content\/uploads\/2015\/08\/5910.jpg 812w\" sizes=\"auto, (max-width: 300px) 100vw, 300px\" \/><\/a><a href=\"https:\/\/eremos.eu\/wp-content\/uploads\/2015\/08\/59a5.jpg\"><img loading=\"lazy\" decoding=\"async\" class=\"wp-image-4897 alignnone\" src=\"https:\/\/eremos.eu\/wp-content\/uploads\/2015\/08\/59a5-300x224.jpg\" alt=\"59a\" width=\"299\" height=\"223\" srcset=\"https:\/\/eremos.eu\/wp-content\/uploads\/2015\/08\/59a5-300x224.jpg 300w, https:\/\/eremos.eu\/wp-content\/uploads\/2015\/08\/59a5.jpg 916w\" sizes=\"auto, (max-width: 299px) 100vw, 299px\" \/><\/a><\/p>\n<hr \/>\n<p><strong>CELLA DEL BEATO EGIDIO<\/strong> (Cappella-romitorio &#8211; XIII secolo)<\/p>\n<p><a href=\"https:\/\/eremos.eu\/wp-content\/uploads\/2015\/08\/60b7.jpg\"><img loading=\"lazy\" decoding=\"async\" class=\"alignright wp-image-4898\" src=\"https:\/\/eremos.eu\/wp-content\/uploads\/2015\/08\/60b7-296x300.jpg\" alt=\"60b\" width=\"256\" height=\"260\" srcset=\"https:\/\/eremos.eu\/wp-content\/uploads\/2015\/08\/60b7-296x300.jpg 296w, https:\/\/eremos.eu\/wp-content\/uploads\/2015\/08\/60b7.jpg 594w\" sizes=\"auto, (max-width: 256px) 100vw, 256px\" \/><\/a>Localit\u00e0: <strong>Perugia-Monteripido<\/strong> (PG)<\/p>\n<p style=\"text-align: justify;\">La cella del Beato Egidio, ora trasformata in una piccola cappella con una trecentesca <i>Crocifissione<\/i>, si trova incorporata dietro l\u2019abside della chiesa di quello che un tempo era conosciuto come il romitorio di San Francesco ed in seguito denominato convento di Monteripido o del monte di Sant\u2019Egidio. Il convento \u00e8 adagiato sopra una collina appena fuori dalle mura di Perugia, in una zona circondata da cipressi, e la cella \u00e8 quella in cui Egidio, il terzo compagno di san Francesco, dimor\u00f2 fino alla morte nel 1262. La chiesa attuale, ricostruita alla fine del XIX secolo, conserva al suo interno dei magnifici dipinti di scuola umbra, ma sono anche interessanti i tre chiostri ed il refettorio con affreschi del Cinquecento.<\/p>\n<p><a href=\"https:\/\/eremos.eu\/wp-content\/uploads\/2015\/08\/6012.jpg\"><img loading=\"lazy\" decoding=\"async\" class=\"alignleft wp-image-4899 size-medium\" src=\"https:\/\/eremos.eu\/wp-content\/uploads\/2015\/08\/6012-300x200.jpg\" alt=\"60\" width=\"300\" height=\"200\" srcset=\"https:\/\/eremos.eu\/wp-content\/uploads\/2015\/08\/6012-300x200.jpg 300w, https:\/\/eremos.eu\/wp-content\/uploads\/2015\/08\/6012.jpg 793w\" sizes=\"auto, (max-width: 300px) 100vw, 300px\" \/><\/a><a href=\"https:\/\/eremos.eu\/wp-content\/uploads\/2015\/08\/60a10.jpg\"><img loading=\"lazy\" decoding=\"async\" class=\"wp-image-4900 alignnone\" src=\"https:\/\/eremos.eu\/wp-content\/uploads\/2015\/08\/60a10.jpg\" alt=\"60a\" width=\"237\" height=\"200\" \/><\/a><\/p>\n<hr \/>\n<p><strong>EREMO DI MONTE CORONA<\/strong> (Complesso cenobitico &#8211; XVI secolo)<\/p>\n<p>Localit\u00e0: <strong>Umbertide<\/strong> (PG)<\/p>\n<p style=\"text-align: justify;\">L&#8217;eremo di Monte Corona si trova sulla cima dell\u2019omonimo monte, immerso in un bosco di castagni ed abeti, a poche centinaia di metri dall\u2019abbazia o badia di San Salvatore. La sua costruzione risale al XVI secolo per iniziativa dei padri camaldolesi e coronesi. Il complesso originario era composto dalla chiesa cinquecentesca e dalle casette dei monaci che, con la soppressione degli ordini religiosi, costituiranno un sicuro rifugio durante le guerre. Dopo un periodo di totale abbandono, nel 1981, l&#8217;eremo \u00e8 stato interamente ristrutturato e riaperto nel 1990 come monastero ad\u00a0\u00a0 opera e cura di una confraternita religiosa di clausura.<\/p>\n<p style=\"text-align: justify;\"><a href=\"https:\/\/eremos.eu\/wp-content\/uploads\/2015\/08\/6115.jpg\"><img loading=\"lazy\" decoding=\"async\" class=\"alignleft wp-image-4901 size-medium\" src=\"https:\/\/eremos.eu\/wp-content\/uploads\/2015\/08\/6115-300x199.jpg\" alt=\"61\" width=\"300\" height=\"199\" srcset=\"https:\/\/eremos.eu\/wp-content\/uploads\/2015\/08\/6115-300x199.jpg 300w, https:\/\/eremos.eu\/wp-content\/uploads\/2015\/08\/6115.jpg 912w\" sizes=\"auto, (max-width: 300px) 100vw, 300px\" \/><\/a><\/p>\n<p><a href=\"https:\/\/eremos.eu\/wp-content\/uploads\/2015\/08\/61a9.jpg\"><img loading=\"lazy\" decoding=\"async\" class=\"wp-image-4903 alignnone\" src=\"https:\/\/eremos.eu\/wp-content\/uploads\/2015\/08\/61a9-300x204.jpg\" alt=\"61a\" width=\"292\" height=\"199\" srcset=\"https:\/\/eremos.eu\/wp-content\/uploads\/2015\/08\/61a9-300x204.jpg 300w, https:\/\/eremos.eu\/wp-content\/uploads\/2015\/08\/61a9.jpg 496w\" sizes=\"auto, (max-width: 292px) 100vw, 292px\" \/><\/a><\/p>\n<p><a href=\"https:\/\/eremos.eu\/wp-content\/uploads\/2015\/08\/61b4.jpg\"><img loading=\"lazy\" decoding=\"async\" class=\"alignleft wp-image-4906 size-medium\" src=\"https:\/\/eremos.eu\/wp-content\/uploads\/2015\/08\/61b4-300x200.jpg\" alt=\"61b\" width=\"300\" height=\"200\" srcset=\"https:\/\/eremos.eu\/wp-content\/uploads\/2015\/08\/61b4-300x200.jpg 300w, https:\/\/eremos.eu\/wp-content\/uploads\/2015\/08\/61b4.jpg 496w\" sizes=\"auto, (max-width: 300px) 100vw, 300px\" \/><\/a><\/p>\n<p><a href=\"https:\/\/eremos.eu\/wp-content\/uploads\/2015\/08\/61c3.jpg\"><img loading=\"lazy\" decoding=\"async\" class=\"wp-image-4905 alignnone\" src=\"https:\/\/eremos.eu\/wp-content\/uploads\/2015\/08\/61c3-300x197.jpg\" alt=\"61c\" width=\"304\" height=\"200\" srcset=\"https:\/\/eremos.eu\/wp-content\/uploads\/2015\/08\/61c3-300x197.jpg 300w, https:\/\/eremos.eu\/wp-content\/uploads\/2015\/08\/61c3-1024x674.jpg 1024w, https:\/\/eremos.eu\/wp-content\/uploads\/2015\/08\/61c3.jpg 1140w\" sizes=\"auto, (max-width: 304px) 100vw, 304px\" \/><\/a><\/p>\n<hr \/>\n<h3><span style=\"color: #0000ff;\"><strong>VALTOPINA<\/strong><\/span><\/h3>\n<p><strong>EREMO DEL BEATO ALANO<\/strong> (Cappella-romitorio &#8211; XI secolo)<\/p>\n<p><a href=\"https:\/\/eremos.eu\/wp-content\/uploads\/2015\/08\/62a8.jpg\"><img loading=\"lazy\" decoding=\"async\" class=\"alignright wp-image-4908\" src=\"https:\/\/eremos.eu\/wp-content\/uploads\/2015\/08\/62a8.jpg\" alt=\"62a\" width=\"258\" height=\"160\" \/><\/a>Localit\u00e0: <strong>Foligno<\/strong> (PG)<\/p>\n<p style=\"text-align: justify;\">L\u2019eremo del Beato Alano, pi\u00f9 anticamente denominato Santa Maria de\u2019 Vecchi o della Valle, \u00e8 una piccola cappella montana edificata nel luogo dove il monaco benedettino si ritir\u00f2 a vita eremitica nell\u2019anno 1080, ma \u00e8 soprattutto quel che rimane del nucleo originario dell\u2019adiacente complesso abbaziale di Sassovivo.<\/p>\n<p><a href=\"https:\/\/eremos.eu\/wp-content\/uploads\/2015\/08\/6215.jpg\"><img loading=\"lazy\" decoding=\"async\" class=\"alignleft wp-image-4910 size-medium\" src=\"https:\/\/eremos.eu\/wp-content\/uploads\/2015\/08\/6215-300x201.jpg\" alt=\"62\" width=\"300\" height=\"201\" srcset=\"https:\/\/eremos.eu\/wp-content\/uploads\/2015\/08\/6215-300x201.jpg 300w, https:\/\/eremos.eu\/wp-content\/uploads\/2015\/08\/6215.jpg 804w\" sizes=\"auto, (max-width: 300px) 100vw, 300px\" \/><\/a><\/p>\n<p><a href=\"https:\/\/eremos.eu\/wp-content\/uploads\/2015\/08\/62b9.jpg\"><img loading=\"lazy\" decoding=\"async\" class=\"wp-image-4909 alignnone\" src=\"https:\/\/eremos.eu\/wp-content\/uploads\/2015\/08\/62b9-300x200.jpg\" alt=\"62b\" width=\"301\" height=\"201\" srcset=\"https:\/\/eremos.eu\/wp-content\/uploads\/2015\/08\/62b9-300x200.jpg 300w, https:\/\/eremos.eu\/wp-content\/uploads\/2015\/08\/62b9.jpg 790w\" sizes=\"auto, (max-width: 301px) 100vw, 301px\" \/><\/a><\/p>\n<hr \/>\n<p><strong>EREMO DI SANTA MARIA GIACOBBE<\/strong> (Chiesa e romitorio semirupestri &#8211; XIII secolo)<\/p>\n<p>Localit\u00e0: <strong>Pale di Foligno<\/strong> (PG)<\/p>\n<p style=\"text-align: justify;\"><a href=\"https:\/\/eremos.eu\/wp-content\/uploads\/2015\/08\/63f.jpg\"><img loading=\"lazy\" decoding=\"async\" class=\"alignleft size-medium wp-image-4920\" src=\"https:\/\/eremos.eu\/wp-content\/uploads\/2015\/08\/63f-200x300.jpg\" alt=\"63f\" width=\"200\" height=\"300\" srcset=\"https:\/\/eremos.eu\/wp-content\/uploads\/2015\/08\/63f-200x300.jpg 200w, https:\/\/eremos.eu\/wp-content\/uploads\/2015\/08\/63f.jpg 531w\" sizes=\"auto, (max-width: 200px) 100vw, 200px\" \/><\/a>L\u2019eremo di Santa Maria Giacobbe \u00e8 una piccola chiesa con annesso romitorio costruita nella seconda met\u00e0 del XIII secolo a mezza costa sotto una balza del monte di Pale, nel luogo dove la tradizione vuole che la Santa abbia sostato a lungo in penitenza. Al primitivo edificio, ricavato in parte da una cavit\u00e0 della <a href=\"https:\/\/eremos.eu\/wp-content\/uploads\/2015\/08\/63d3.jpg\"><img loading=\"lazy\" decoding=\"async\" class=\"alignright wp-image-4919 size-medium\" src=\"https:\/\/eremos.eu\/wp-content\/uploads\/2015\/08\/63d3-202x300.jpg\" alt=\"63d\" width=\"202\" height=\"300\" srcset=\"https:\/\/eremos.eu\/wp-content\/uploads\/2015\/08\/63d3-202x300.jpg 202w, https:\/\/eremos.eu\/wp-content\/uploads\/2015\/08\/63d3.jpg 534w\" sizes=\"auto, (max-width: 202px) 100vw, 202px\" \/><\/a>parete rocciosa, si sono aggiunti nel tempo altri vani per ospitare gli eremiti che lo avevano in custodia. La chiesa \u00e8 interamente affrescata con un\u2019inconsueta iconografia che va dal <i>Cristo<\/i> <i>tunicato<\/i>, diversamente dalle altre raffigurazioni, con i piedi immersi in due differenti calici; alla <i>Nativit\u00e0<\/i>, caratterizzata dalla presenza insolita della stessa Santa inginocchiata che sostiene il Bambino sopra un bacile. Una parete divisoria, eretta all\u2019inizio del XVI secolo, separa la chiesa dalla zona absidale, interamente ricavata nella parete rocciosa e decorata con un&#8217;immagine a fresco di \u201cSanta Maria Giacobbe con un vaso di erbe aromatiche in mano\u201d<i>.<\/i><\/p>\n<p><a href=\"https:\/\/eremos.eu\/wp-content\/uploads\/2015\/08\/giacobbe-12.jpg\"><img loading=\"lazy\" decoding=\"async\" class=\"alignleft wp-image-4914 size-medium\" src=\"https:\/\/eremos.eu\/wp-content\/uploads\/2015\/08\/giacobbe-12-300x203.jpg\" alt=\"giacobbe 1\" width=\"300\" height=\"203\" srcset=\"https:\/\/eremos.eu\/wp-content\/uploads\/2015\/08\/giacobbe-12-300x203.jpg 300w, https:\/\/eremos.eu\/wp-content\/uploads\/2015\/08\/giacobbe-12.jpg 800w\" sizes=\"auto, (max-width: 300px) 100vw, 300px\" \/><\/a><\/p>\n<p><a href=\"https:\/\/eremos.eu\/wp-content\/uploads\/2015\/08\/63a7.jpg\"><img loading=\"lazy\" decoding=\"async\" class=\"wp-image-4917 alignnone\" src=\"https:\/\/eremos.eu\/wp-content\/uploads\/2015\/08\/63a7-300x202.jpg\" alt=\"63a\" width=\"302\" height=\"203\" srcset=\"https:\/\/eremos.eu\/wp-content\/uploads\/2015\/08\/63a7-300x202.jpg 300w, https:\/\/eremos.eu\/wp-content\/uploads\/2015\/08\/63a7.jpg 790w\" sizes=\"auto, (max-width: 302px) 100vw, 302px\" \/><\/a><\/p>\n<p><a href=\"https:\/\/eremos.eu\/wp-content\/uploads\/2015\/08\/giacobbe.jpg\"><img loading=\"lazy\" decoding=\"async\" class=\"alignleft wp-image-4912 size-medium\" src=\"https:\/\/eremos.eu\/wp-content\/uploads\/2015\/08\/giacobbe-300x201.jpg\" alt=\"giacobbe\" width=\"300\" height=\"201\" srcset=\"https:\/\/eremos.eu\/wp-content\/uploads\/2015\/08\/giacobbe-300x201.jpg 300w, https:\/\/eremos.eu\/wp-content\/uploads\/2015\/08\/giacobbe.jpg 800w\" sizes=\"auto, (max-width: 300px) 100vw, 300px\" \/><\/a><\/p>\n<p><a href=\"https:\/\/eremos.eu\/wp-content\/uploads\/2015\/08\/63b5.jpg\"><img loading=\"lazy\" decoding=\"async\" class=\"wp-image-4915 size-medium alignnone\" src=\"https:\/\/eremos.eu\/wp-content\/uploads\/2015\/08\/63b5-300x201.jpg\" alt=\"63b\" width=\"300\" height=\"201\" srcset=\"https:\/\/eremos.eu\/wp-content\/uploads\/2015\/08\/63b5-300x201.jpg 300w, https:\/\/eremos.eu\/wp-content\/uploads\/2015\/08\/63b5.jpg 793w\" sizes=\"auto, (max-width: 300px) 100vw, 300px\" \/><\/a><\/p>\n<p><a href=\"https:\/\/eremos.eu\/wp-content\/uploads\/2015\/08\/63e1.jpg\"><img loading=\"lazy\" decoding=\"async\" class=\"alignleft wp-image-4916 size-medium\" src=\"https:\/\/eremos.eu\/wp-content\/uploads\/2015\/08\/63e1-300x201.jpg\" alt=\"63e\" width=\"300\" height=\"201\" srcset=\"https:\/\/eremos.eu\/wp-content\/uploads\/2015\/08\/63e1-300x201.jpg 300w, https:\/\/eremos.eu\/wp-content\/uploads\/2015\/08\/63e1.jpg 793w\" sizes=\"auto, (max-width: 300px) 100vw, 300px\" \/><\/a><\/p>\n<p><a href=\"https:\/\/eremos.eu\/wp-content\/uploads\/2015\/08\/63c2.jpg\"><img loading=\"lazy\" decoding=\"async\" class=\"wp-image-4918 alignnone\" src=\"https:\/\/eremos.eu\/wp-content\/uploads\/2015\/08\/63c2-300x202.jpg\" alt=\"63c\" width=\"299\" height=\"201\" srcset=\"https:\/\/eremos.eu\/wp-content\/uploads\/2015\/08\/63c2-300x202.jpg 300w, https:\/\/eremos.eu\/wp-content\/uploads\/2015\/08\/63c2.jpg 790w\" sizes=\"auto, (max-width: 299px) 100vw, 299px\" \/><\/a><\/p>\n<hr \/>\n<p><strong>SANTUARIO DELLA MADONNA DEL RIPARO<\/strong> (Santuario rupestre &#8211; XI secolo)<\/p>\n<p>Localit\u00e0: <strong>Scandolaro di Foligno<\/strong> (PG)<\/p>\n<p style=\"text-align: justify;\"><a href=\"https:\/\/eremos.eu\/wp-content\/uploads\/2015\/08\/64b5.jpg\"><img loading=\"lazy\" decoding=\"async\" class=\"alignright wp-image-4925\" src=\"https:\/\/eremos.eu\/wp-content\/uploads\/2015\/08\/64b5-202x300.jpg\" alt=\"64b\" width=\"189\" height=\"280\" srcset=\"https:\/\/eremos.eu\/wp-content\/uploads\/2015\/08\/64b5-202x300.jpg 202w, https:\/\/eremos.eu\/wp-content\/uploads\/2015\/08\/64b5.jpg 534w\" sizes=\"auto, (max-width: 189px) 100vw, 189px\" \/><\/a>Il santuario della Madonna del Riparo prende posto e nome dall\u2019antico santuario rupestre di Sant\u2019Angelo delle Grotte. Si trova alle pendici del monte Cologna ed \u00e8 stato eretto nell\u2019XI secolo da ricchi nobili all\u2019interno di una profonda e ampia cavit\u00e0 naturale, alla stregua del pi\u00f9 celebre santuario longobardo di San Michele Arcangelo nel Gargano. Dopo alterne e secolari vicende di passaggi di propriet\u00e0, il luogo di culto viene abbandonato fino a quando, nel 1842, la sua casuale riscoperta (l\u2019accesso era ostruito da tempo) sar\u00e0 ritenuta tanto prodigiosa da attivare l\u2019intera comunit\u00e0 per il suo pieno recupero. Il complesso \u00e8 costituito da una piccola chiesa, ristrutturata appunto nel XIX secolo, e da un&#8217;ampia grotta naturale cui si accede tramite una scala scavata nella roccia. Nella grotta trova posto l&#8217;altare con l&#8217;affresco della <i>Madonna del Riparo <\/i>ed una statua lignea di san Michele Arcangelo<i>,<\/i> ed un piccolo ambiente separato adibito a romitorio.<\/p>\n<p><a href=\"https:\/\/eremos.eu\/wp-content\/uploads\/2015\/08\/649.jpg\"><img loading=\"lazy\" decoding=\"async\" class=\"alignleft wp-image-4921 size-medium\" src=\"https:\/\/eremos.eu\/wp-content\/uploads\/2015\/08\/649-300x198.jpg\" alt=\"64\" width=\"300\" height=\"198\" srcset=\"https:\/\/eremos.eu\/wp-content\/uploads\/2015\/08\/649-300x198.jpg 300w, https:\/\/eremos.eu\/wp-content\/uploads\/2015\/08\/649.jpg 694w\" sizes=\"auto, (max-width: 300px) 100vw, 300px\" \/><\/a><a href=\"https:\/\/eremos.eu\/wp-content\/uploads\/2015\/08\/64a6.jpg\"><img loading=\"lazy\" decoding=\"async\" class=\"wp-image-4922 alignnone\" src=\"https:\/\/eremos.eu\/wp-content\/uploads\/2015\/08\/64a6-300x202.jpg\" alt=\"64a\" width=\"295\" height=\"198\" srcset=\"https:\/\/eremos.eu\/wp-content\/uploads\/2015\/08\/64a6-300x202.jpg 300w, https:\/\/eremos.eu\/wp-content\/uploads\/2015\/08\/64a6.jpg 790w\" sizes=\"auto, (max-width: 295px) 100vw, 295px\" \/><\/a><\/p>\n<p><a href=\"https:\/\/eremos.eu\/wp-content\/uploads\/2015\/08\/64c4.jpg\"><img loading=\"lazy\" decoding=\"async\" class=\"alignleft wp-image-4923 size-medium\" src=\"https:\/\/eremos.eu\/wp-content\/uploads\/2015\/08\/64c4-300x202.jpg\" alt=\"64c\" width=\"300\" height=\"202\" srcset=\"https:\/\/eremos.eu\/wp-content\/uploads\/2015\/08\/64c4-300x202.jpg 300w, https:\/\/eremos.eu\/wp-content\/uploads\/2015\/08\/64c4.jpg 790w\" sizes=\"auto, (max-width: 300px) 100vw, 300px\" \/><\/a><a href=\"https:\/\/eremos.eu\/wp-content\/uploads\/2015\/08\/64d4.jpg\"><img loading=\"lazy\" decoding=\"async\" class=\"wp-image-4924 alignnone\" src=\"https:\/\/eremos.eu\/wp-content\/uploads\/2015\/08\/64d4-300x198.jpg\" alt=\"64d\" width=\"306\" height=\"202\" srcset=\"https:\/\/eremos.eu\/wp-content\/uploads\/2015\/08\/64d4-300x198.jpg 300w, https:\/\/eremos.eu\/wp-content\/uploads\/2015\/08\/64d4.jpg 710w\" sizes=\"auto, (max-width: 306px) 100vw, 306px\" \/><\/a><\/p>\n<hr \/>\n<p><strong>EREMO DI ERSILIA FOSCHI<\/strong> (Dimora eremitica &#8211; XVIII secolo)<\/p>\n<p>Localit\u00e0: <strong>Serrone di Foligno<\/strong> (PG)<\/p>\n<p style=\"text-align: justify;\">La dimora in questione, costituita da due piccoli e modesti ambienti, all\u2019interno di un palazzo storico del Cinquecento addossato ad uno sperone di roccia nei pressi di Serrone (valle del Menotre), \u00e8 quella in cui la nobildonna Ersilia Foschi nel 1737, non pi\u00f9 giovanissima e rimasta vedova con due figli ormai adulti, decise di ritirarsi a vita eremitica. Qualche anno pi\u00f9 avanti (1746) interromper\u00e0 il romitaggio per recarsi presso il monastero francescano di Todi e da qui a Porto San Giorgio dove, prima di spegnersi (1760), riuscir\u00e0 a fondare un nuovo monastero.<\/p>\n<p><a href=\"https:\/\/eremos.eu\/wp-content\/uploads\/2015\/08\/657.jpg\"><img loading=\"lazy\" decoding=\"async\" class=\"alignleft wp-image-4926 size-medium\" src=\"https:\/\/eremos.eu\/wp-content\/uploads\/2015\/08\/657-300x200.jpg\" alt=\"65\" width=\"300\" height=\"200\" srcset=\"https:\/\/eremos.eu\/wp-content\/uploads\/2015\/08\/657-300x200.jpg 300w, https:\/\/eremos.eu\/wp-content\/uploads\/2015\/08\/657.jpg 793w\" sizes=\"auto, (max-width: 300px) 100vw, 300px\" \/><\/a><\/p>\n<p><a href=\"https:\/\/eremos.eu\/wp-content\/uploads\/2015\/08\/65a4.jpg\"><img loading=\"lazy\" decoding=\"async\" class=\"wp-image-4927 alignnone\" src=\"https:\/\/eremos.eu\/wp-content\/uploads\/2015\/08\/65a4-300x202.jpg\" alt=\"65a\" width=\"298\" height=\"200\" srcset=\"https:\/\/eremos.eu\/wp-content\/uploads\/2015\/08\/65a4-300x202.jpg 300w, https:\/\/eremos.eu\/wp-content\/uploads\/2015\/08\/65a4.jpg 790w\" sizes=\"auto, (max-width: 298px) 100vw, 298px\" \/><\/a><\/p>\n<p><a href=\"https:\/\/eremos.eu\/wp-content\/uploads\/2015\/08\/65b3.jpg\"><img loading=\"lazy\" decoding=\"async\" class=\"alignleft size-medium wp-image-4928\" src=\"https:\/\/eremos.eu\/wp-content\/uploads\/2015\/08\/65b3-300x201.jpg\" alt=\"65b\" width=\"300\" height=\"201\" srcset=\"https:\/\/eremos.eu\/wp-content\/uploads\/2015\/08\/65b3-300x201.jpg 300w, https:\/\/eremos.eu\/wp-content\/uploads\/2015\/08\/65b3.jpg 793w\" sizes=\"auto, (max-width: 300px) 100vw, 300px\" \/><\/a><a href=\"https:\/\/eremos.eu\/wp-content\/uploads\/2015\/08\/65c2.jpg\"><img loading=\"lazy\" decoding=\"async\" class=\"size-medium wp-image-4929 alignnone\" src=\"https:\/\/eremos.eu\/wp-content\/uploads\/2015\/08\/65c2-300x202.jpg\" alt=\"65c\" width=\"300\" height=\"202\" srcset=\"https:\/\/eremos.eu\/wp-content\/uploads\/2015\/08\/65c2-300x202.jpg 300w, https:\/\/eremos.eu\/wp-content\/uploads\/2015\/08\/65c2.jpg 790w\" sizes=\"auto, (max-width: 300px) 100vw, 300px\" \/><\/a><\/p>\n<hr \/>\n<p><strong>GROTTE DI SAN FORTUNATO<\/strong> (Oratorio rupestre &#8211; IV-V secolo)<\/p>\n<p>Localit\u00e0: <strong>Montefalco<\/strong> (PG)<\/p>\n<p style=\"text-align: justify;\">Le cosiddette \u201cgrotte di San Fortunato\u201d, che si trovano nel bosco attiguo all\u2019omonimo convento, sono cinque cunicoli interamente scavati nel tufo, mediamente alti e profondi. Originariamente forse dedicate al culto pagano del dio Mitra, sono state poi convertite a quello paleocristiano e cristiano, come lascia dedurre la presenza della Madonnina nella grotta pi\u00f9 ampia e centrale. Pur tuttavia, va detto che il luogo mai \u00e8 stato considerato ufficialmente un vero e proprio santuario, nonostante la devozione ininterrotta della gente locale.<\/p>\n<p><a href=\"https:\/\/eremos.eu\/wp-content\/uploads\/2015\/08\/6610.jpg\"><img loading=\"lazy\" decoding=\"async\" class=\"alignleft wp-image-4932 size-medium\" src=\"https:\/\/eremos.eu\/wp-content\/uploads\/2015\/08\/6610-300x189.jpg\" alt=\"66\" width=\"300\" height=\"189\" srcset=\"https:\/\/eremos.eu\/wp-content\/uploads\/2015\/08\/6610-300x189.jpg 300w, https:\/\/eremos.eu\/wp-content\/uploads\/2015\/08\/6610.jpg 793w\" sizes=\"auto, (max-width: 300px) 100vw, 300px\" \/><\/a><\/p>\n<p><a href=\"https:\/\/eremos.eu\/wp-content\/uploads\/2015\/08\/66a6.jpg\"><img loading=\"lazy\" decoding=\"async\" class=\"wp-image-4931 alignnone\" src=\"https:\/\/eremos.eu\/wp-content\/uploads\/2015\/08\/66a6.jpg\" alt=\"66a\" width=\"288\" height=\"189\" \/><\/a><\/p>\n<p><a href=\"https:\/\/eremos.eu\/wp-content\/uploads\/2015\/08\/66c7.jpg\"><img loading=\"lazy\" decoding=\"async\" class=\"alignleft wp-image-4933 size-medium\" src=\"https:\/\/eremos.eu\/wp-content\/uploads\/2015\/08\/66c7-300x202.jpg\" alt=\"66c\" width=\"300\" height=\"202\" srcset=\"https:\/\/eremos.eu\/wp-content\/uploads\/2015\/08\/66c7-300x202.jpg 300w, https:\/\/eremos.eu\/wp-content\/uploads\/2015\/08\/66c7.jpg 790w\" sizes=\"auto, (max-width: 300px) 100vw, 300px\" \/><\/a><a href=\"https:\/\/eremos.eu\/wp-content\/uploads\/2015\/08\/66b7.jpg\"><img loading=\"lazy\" decoding=\"async\" class=\"wp-image-4934 alignnone\" src=\"https:\/\/eremos.eu\/wp-content\/uploads\/2015\/08\/66b7-300x201.jpg\" alt=\"66b\" width=\"302\" height=\"202\" srcset=\"https:\/\/eremos.eu\/wp-content\/uploads\/2015\/08\/66b7-300x201.jpg 300w, https:\/\/eremos.eu\/wp-content\/uploads\/2015\/08\/66b7.jpg 793w\" sizes=\"auto, (max-width: 302px) 100vw, 302px\" \/><\/a><\/p>\n<hr \/>\n<p><strong>EREMO DI SANT&#8217;ANGELO DI BAGNARA<\/strong> (Ex santuario rupestre &#8211; VII-VIII secolo)<\/p>\n<p>Localit\u00e0: <strong>Bagnara di Nocera Umbra<\/strong> (PG)<\/p>\n<p style=\"text-align: justify;\"><a href=\"https:\/\/eremos.eu\/wp-content\/uploads\/2015\/08\/676.jpg\"><img loading=\"lazy\" decoding=\"async\" class=\"alignright size-medium wp-image-4935\" src=\"https:\/\/eremos.eu\/wp-content\/uploads\/2015\/08\/676-300x201.jpg\" alt=\"67\" width=\"300\" height=\"201\" srcset=\"https:\/\/eremos.eu\/wp-content\/uploads\/2015\/08\/676-300x201.jpg 300w, https:\/\/eremos.eu\/wp-content\/uploads\/2015\/08\/676.jpg 793w\" sizes=\"auto, (max-width: 300px) 100vw, 300px\" \/><\/a>L\u2019eremo di Sant\u2019Angelo di Bagnara, chiamato anche \u201cgrotta dell\u2019oro\u201d, \u00e8 in realt\u00e0 l\u2019antico cenobio rupestre di <i>Santi Angeli de Bagnaria sive de Appennino, <\/i>attestato in documenti del Trecento <i>e <\/i>confermato dal recente rinvenimento delle mura perimetrali di tre diversi ambienti rettangolari a ridosso della grotta che, grazie alla vena d\u2019acqua che sgorgava al suo interno, fungeva da chiesuola o luogo di culto. La tipicit\u00e0 della grotta, propria del culto micaelico altomedievale, lascia supporre che il romitorio dovesse esistere sin dal VII-VIII secolo. In ogni caso la grotta non \u00e8 pi\u00f9 visitabile allorch\u00e9, qualche decennio fa, si \u00e8 deciso di trasformarla in un serbatoio per l\u2019acqua.<\/p>\n<hr \/>\n<p><strong>EREMO DI SANTA MARIA DEL PARADISO<\/strong> (Ex cenobio semirupestre &#8211; XIII-XIV secolo)<\/p>\n<p>Localit\u00e0: <strong>Spello<\/strong> (PG)<\/p>\n<p style=\"text-align: justify;\">Quello che oggi (in una localit\u00e0 dell\u2019agro di Spello chiamata \u201cParadiso\u201d) \u00e8 un vero e proprio ricovero per gli animali, dagli inizi del XIII alla prima met\u00e0 del XIV secolo, \u00e8 stato il romitorio di una comunit\u00e0 femminile di bizzoche, un ordine agostiniano di particolari penitenti che, non disdegnando la propriet\u00e0 privata, si manteneva con il ricavato della vendita dei prodotti agricoli (canapa, cereali, ecc.). La soppressione del bizzocaggio obbligher\u00e0 il trasferimento delle suore in un altro monastero di Spello, favorendo cos\u00ec l\u2019inesorabile alienazione dell\u2019edificio.<\/p>\n<p style=\"text-align: justify;\"><a href=\"https:\/\/eremos.eu\/wp-content\/uploads\/2015\/08\/686.jpg\"><img loading=\"lazy\" decoding=\"async\" class=\"alignleft wp-image-4936 size-medium\" src=\"https:\/\/eremos.eu\/wp-content\/uploads\/2015\/08\/686-300x224.jpg\" alt=\"68\" width=\"300\" height=\"224\" srcset=\"https:\/\/eremos.eu\/wp-content\/uploads\/2015\/08\/686-300x224.jpg 300w, https:\/\/eremos.eu\/wp-content\/uploads\/2015\/08\/686.jpg 793w\" sizes=\"auto, (max-width: 300px) 100vw, 300px\" \/><\/a><\/p>\n<p><a href=\"https:\/\/eremos.eu\/wp-content\/uploads\/2015\/08\/68a6.jpg\"><img loading=\"lazy\" decoding=\"async\" class=\"wp-image-4937 size-medium alignnone\" src=\"https:\/\/eremos.eu\/wp-content\/uploads\/2015\/08\/68a6-300x224.jpg\" alt=\"68a\" width=\"300\" height=\"224\" srcset=\"https:\/\/eremos.eu\/wp-content\/uploads\/2015\/08\/68a6-300x224.jpg 300w, https:\/\/eremos.eu\/wp-content\/uploads\/2015\/08\/68a6.jpg 790w\" sizes=\"auto, (max-width: 300px) 100vw, 300px\" \/><\/a><\/p>\n<p><a href=\"https:\/\/eremos.eu\/wp-content\/uploads\/2015\/08\/68b4.jpg\"><img loading=\"lazy\" decoding=\"async\" class=\"alignleft wp-image-4938 size-medium\" src=\"https:\/\/eremos.eu\/wp-content\/uploads\/2015\/08\/68b4-300x224.jpg\" alt=\"68b\" width=\"300\" height=\"224\" srcset=\"https:\/\/eremos.eu\/wp-content\/uploads\/2015\/08\/68b4-300x224.jpg 300w, https:\/\/eremos.eu\/wp-content\/uploads\/2015\/08\/68b4.jpg 793w\" sizes=\"auto, (max-width: 300px) 100vw, 300px\" \/><\/a><a href=\"https:\/\/eremos.eu\/wp-content\/uploads\/2015\/08\/68c2.jpg\"><img loading=\"lazy\" decoding=\"async\" class=\"wp-image-4939 alignnone\" src=\"https:\/\/eremos.eu\/wp-content\/uploads\/2015\/08\/68c2-300x225.jpg\" alt=\"68c\" width=\"298\" height=\"224\" srcset=\"https:\/\/eremos.eu\/wp-content\/uploads\/2015\/08\/68c2-300x225.jpg 300w, https:\/\/eremos.eu\/wp-content\/uploads\/2015\/08\/68c2.jpg 790w\" sizes=\"auto, (max-width: 298px) 100vw, 298px\" \/><\/a><\/p>\n<hr \/>\n<p>&nbsp;<\/p>\n<p>&nbsp;<\/p>\n","protected":false},"excerpt":{"rendered":"<p>&nbsp; EUGUBINO EREMO DI SAN PIETRO IN VIGNETO (Complesso cenobitico &#8211; XIV secolo) Localit\u00e0: Gubbio (PG) L\u2019eremo di San Pietro in Vigneto si trova su un piccolo colle lungo la strada che collega Gubbio a Perugia. Faceva parte di un complesso architettonico piuttosto articolato che comprendeva una chiesa, un fortilizio,&#8230;<\/p>\n","protected":false},"author":1,"featured_media":0,"parent":0,"menu_order":0,"comment_status":"open","ping_status":"closed","template":"","meta":{"footnotes":""},"class_list":["post-65","page","type-page","status-publish","hentry"],"_links":{"self":[{"href":"https:\/\/eremos.eu\/index.php\/wp-json\/wp\/v2\/pages\/65","targetHints":{"allow":["GET"]}}],"collection":[{"href":"https:\/\/eremos.eu\/index.php\/wp-json\/wp\/v2\/pages"}],"about":[{"href":"https:\/\/eremos.eu\/index.php\/wp-json\/wp\/v2\/types\/page"}],"author":[{"embeddable":true,"href":"https:\/\/eremos.eu\/index.php\/wp-json\/wp\/v2\/users\/1"}],"replies":[{"embeddable":true,"href":"https:\/\/eremos.eu\/index.php\/wp-json\/wp\/v2\/comments?post=65"}],"version-history":[{"count":5,"href":"https:\/\/eremos.eu\/index.php\/wp-json\/wp\/v2\/pages\/65\/revisions"}],"predecessor-version":[{"id":6133,"href":"https:\/\/eremos.eu\/index.php\/wp-json\/wp\/v2\/pages\/65\/revisions\/6133"}],"wp:attachment":[{"href":"https:\/\/eremos.eu\/index.php\/wp-json\/wp\/v2\/media?parent=65"}],"curies":[{"name":"wp","href":"https:\/\/api.w.org\/{rel}","templated":true}]}}