{"id":56,"date":"2015-08-09T13:37:51","date_gmt":"2015-08-09T11:37:51","guid":{"rendered":"http:\/\/www.eremos.eu\/?page_id=56"},"modified":"2017-05-13T17:52:49","modified_gmt":"2017-05-13T15:52:49","slug":"sicilia","status":"publish","type":"page","link":"https:\/\/eremos.eu\/index.php\/sicilia\/","title":{"rendered":"Sicilia (163)"},"content":{"rendered":"<p>&nbsp;<\/p>\n<h3><span style=\"color: #0000ff;\"><strong>CANALE DI SICILIA\u00a0<\/strong><\/span><\/h3>\n<p><strong>CRIPTA DI SAN GIOVANNI AL BOEO<\/strong> (Cappella rupestre &#8211; III-IV secolo)<\/p>\n<p>Localit\u00e0: <strong>Marsala<\/strong> (TP) \u00a0 \u00a0 \u00a0 \u00a0 \u00a0 \u00a0 \u00a0 \u00a0 \u00a0 \u00a0 \u00a0 \u00a0 \u00a0 \u00a0 \u00a0 \u00a0 \u00a0 \u00a0 \u00a0 \u00a0 \u00a0 \u00a0 \u00a0 \u00a0 \u00a0 \u00a0 \u00a0 \u00a0 \u00a0 \u00a0 Sub-area: <span style=\"color: #0000ff;\">Val di Mazara \u00a0<\/span><\/p>\n<p style=\"text-align: justify;\"><a href=\"https:\/\/eremos.eu\/wp-content\/uploads\/2015\/08\/3114.jpg\"><img loading=\"lazy\" decoding=\"async\" class=\"alignleft size-medium wp-image-3922\" src=\"https:\/\/eremos.eu\/wp-content\/uploads\/2015\/08\/3114-300x272.jpg\" alt=\"31\" width=\"300\" height=\"272\" srcset=\"https:\/\/eremos.eu\/wp-content\/uploads\/2015\/08\/3114-300x272.jpg 300w, https:\/\/eremos.eu\/wp-content\/uploads\/2015\/08\/3114.jpg 311w\" sizes=\"auto, (max-width: 300px) 100vw, 300px\" \/><\/a>La cripta di San Giovanni al Boeo, quella che un tempo era chiamata \u201cgrotta della Sibilla\u201d, una delle prime testimonianze paleocristiane nel territorio lilibeo, si trova sotto la chiesa di San Giovanni Battista, eretta dai gesuiti nel 1555 sulle rovine di un preesistente edificio di culto basiliano del XII secolo. La grotta, scavata nella roccia a circa 5 metri di profondit\u00e0, consta di un ambiente centrale circolare sormontato da una pseudocupola bizantina che, a sua volta, prende luce dal pavimento della chiesa. All\u2019interno, una vasca convoglia l\u2019acqua canalizzata di una vicina fonte sorgiva mentre in un vano adiacente absidato \u00e8 collocato un altare in pietra con una statua marmorea del XV secolo di san Giovanni Battista. Purtroppo non solo degli affreschi ma anche dei mosaici pavimentali che un tempo l\u2019arricchivano, a causa della persistente umidit\u00e0, restano solo alcuni frammenti che, per\u00f2, sono sufficienti per testimoniare quello stile classicheggiante del IV secolo che rende la grotta un <i>unicum<\/i> della cristianit\u00e0 in Sicilia.<\/p>\n<p><a href=\"https:\/\/eremos.eu\/wp-content\/uploads\/2015\/08\/boeo.jpg\"><img loading=\"lazy\" decoding=\"async\" class=\"alignleft wp-image-3918 size-medium\" src=\"https:\/\/eremos.eu\/wp-content\/uploads\/2015\/08\/boeo-300x201.jpg\" alt=\"boeo\" width=\"300\" height=\"201\" srcset=\"https:\/\/eremos.eu\/wp-content\/uploads\/2015\/08\/boeo-300x201.jpg 300w, https:\/\/eremos.eu\/wp-content\/uploads\/2015\/08\/boeo.jpg 640w\" sizes=\"auto, (max-width: 300px) 100vw, 300px\" \/><\/a><a href=\"https:\/\/eremos.eu\/wp-content\/uploads\/2015\/08\/31c2.jpg\"><img loading=\"lazy\" decoding=\"async\" class=\"wp-image-3919 alignnone\" src=\"https:\/\/eremos.eu\/wp-content\/uploads\/2015\/08\/31c2-300x225.jpg\" alt=\"31c\" width=\"268\" height=\"201\" srcset=\"https:\/\/eremos.eu\/wp-content\/uploads\/2015\/08\/31c2-300x225.jpg 300w, https:\/\/eremos.eu\/wp-content\/uploads\/2015\/08\/31c2.jpg 790w\" sizes=\"auto, (max-width: 268px) 100vw, 268px\" \/><\/a><\/p>\n<p><a href=\"https:\/\/eremos.eu\/wp-content\/uploads\/2015\/08\/31b6.jpg\"><img loading=\"lazy\" decoding=\"async\" class=\"alignleft wp-image-3921 size-medium\" src=\"https:\/\/eremos.eu\/wp-content\/uploads\/2015\/08\/31b6-300x200.jpg\" alt=\"31b\" width=\"300\" height=\"200\" srcset=\"https:\/\/eremos.eu\/wp-content\/uploads\/2015\/08\/31b6-300x200.jpg 300w, https:\/\/eremos.eu\/wp-content\/uploads\/2015\/08\/31b6.jpg 991w\" sizes=\"auto, (max-width: 300px) 100vw, 300px\" \/><\/a><a href=\"https:\/\/eremos.eu\/wp-content\/uploads\/2015\/08\/31a6.jpg\"><img loading=\"lazy\" decoding=\"async\" class=\"wp-image-3920 alignnone\" src=\"https:\/\/eremos.eu\/wp-content\/uploads\/2015\/08\/31a6-300x193.jpg\" alt=\"31a\" width=\"311\" height=\"200\" srcset=\"https:\/\/eremos.eu\/wp-content\/uploads\/2015\/08\/31a6-300x193.jpg 300w, https:\/\/eremos.eu\/wp-content\/uploads\/2015\/08\/31a6.jpg 549w\" sizes=\"auto, (max-width: 311px) 100vw, 311px\" \/><\/a><\/p>\n<hr \/>\n<p><strong>CRIPTA DI SANTA MARIA DELLA GROTTA O CAVA<\/strong> (Chiesa rupestre &#8211; VIII-IX secolo)<\/p>\n<p>Localit\u00e0: <strong>Marsala<\/strong> (TP) \u00a0 \u00a0 \u00a0 \u00a0 \u00a0 \u00a0 \u00a0 \u00a0 \u00a0 \u00a0 \u00a0 \u00a0 \u00a0 \u00a0 \u00a0 \u00a0 \u00a0 \u00a0 \u00a0 \u00a0 \u00a0 \u00a0 \u00a0 \u00a0Sub-area: <span style=\"color: #0000ff;\">Val di Mazara<\/span><\/p>\n<p style=\"text-align: justify;\"><a href=\"https:\/\/eremos.eu\/wp-content\/uploads\/2015\/08\/32a7.jpg\"><img loading=\"lazy\" decoding=\"async\" class=\"alignleft size-medium wp-image-3927\" src=\"https:\/\/eremos.eu\/wp-content\/uploads\/2015\/08\/32a7-246x300.jpg\" alt=\"32a\" width=\"246\" height=\"300\" srcset=\"https:\/\/eremos.eu\/wp-content\/uploads\/2015\/08\/32a7-246x300.jpg 246w, https:\/\/eremos.eu\/wp-content\/uploads\/2015\/08\/32a7.jpg 352w\" sizes=\"auto, (max-width: 246px) 100vw, 246px\" \/><\/a>Portata alla luce negli anni Novanta, l\u2019antica chiesa di Santa Maria della Grotta o della Cava, che si ritrova al disotto dell\u2019omonima diruta chiesa tardo-barocca, all\u2019interno di una grande latomia sepolcrale paleocristiana adattata e modificata dai monaci basiliani tra l\u2019VIII ed il IX secolo, lascia stupefatti: sia per l\u2019enorme volumetria degli ambienti ipogei e sia per la ricchezza pittorica che decorava, in particolare, la cripta. Strutturalmente la chiesa constava di tre grandi spazi: il primo, costituito da un\u2019ampia navata in parte occupata da tombe ad arcosolio e in fondo culminante in una cripta absidata con altare ed ambulacro ad anello retrostante; il secondo, costituito da tre vani quadrangolari che in successione conducevano a quello di fondo che, a sua volta, al di l\u00e0 di un\u2019iconostasi, faceva posto ad un piccolo altare scavato nella roccia; il terzo, dalla forma pi\u00f9 irregolare, costituito da altri vani sepolcrali cristiani del V secolo. In quanto alle decorazioni della cripta, nonostante il precario stato di conservazione, \u00e8 tutt\u2019ora ben leggibile l\u2019affresco pi\u00f9 significativo con le figure di tre santi (due uomini ed una donna) poste all\u2019interno di una finta arcata con capitelli ionici; pi\u00f9 deteriorate, invece, le immagini di san Demetrio a cavallo e della <i>Madonna<\/i> <i>con Bambino <\/i>affiancata da san Giovanni Evangelista benedicente che, comunque, <a href=\"https:\/\/eremos.eu\/wp-content\/uploads\/2015\/08\/32d2.jpg\"><img loading=\"lazy\" decoding=\"async\" class=\"alignright wp-image-3924\" src=\"https:\/\/eremos.eu\/wp-content\/uploads\/2015\/08\/32d2-225x300.jpg\" alt=\"32d\" width=\"225\" height=\"300\" srcset=\"https:\/\/eremos.eu\/wp-content\/uploads\/2015\/08\/32d2-225x300.jpg 225w, https:\/\/eremos.eu\/wp-content\/uploads\/2015\/08\/32d2.jpg 472w\" sizes=\"auto, (max-width: 225px) 100vw, 225px\" \/><\/a>conservano ancora un certo vigore cromatico. In ogni caso si tratta di una pittura del XII-XIII secolo di chiaro stampo bizantino, simile a quella che si pu\u00f2 riscontrare negli ambienti ipogei cenobitici siracusani o pugliesi.<\/p>\n<p style=\"text-align: justify;\"><a href=\"https:\/\/eremos.eu\/wp-content\/uploads\/2015\/08\/3213.jpg\"><img loading=\"lazy\" decoding=\"async\" class=\"size-medium wp-image-3923 alignnone\" src=\"https:\/\/eremos.eu\/wp-content\/uploads\/2015\/08\/3213-300x189.jpg\" alt=\"32\" width=\"300\" height=\"189\" srcset=\"https:\/\/eremos.eu\/wp-content\/uploads\/2015\/08\/3213-300x189.jpg 300w, https:\/\/eremos.eu\/wp-content\/uploads\/2015\/08\/3213.jpg 487w\" sizes=\"auto, (max-width: 300px) 100vw, 300px\" \/><\/a><\/p>\n<p><a href=\"https:\/\/eremos.eu\/wp-content\/uploads\/2015\/08\/32c4.jpg\"><img loading=\"lazy\" decoding=\"async\" class=\"alignleft wp-image-3925 size-medium\" src=\"https:\/\/eremos.eu\/wp-content\/uploads\/2015\/08\/32c4-300x224.jpg\" alt=\"32c\" width=\"300\" height=\"224\" srcset=\"https:\/\/eremos.eu\/wp-content\/uploads\/2015\/08\/32c4-300x224.jpg 300w, https:\/\/eremos.eu\/wp-content\/uploads\/2015\/08\/32c4.jpg 637w\" sizes=\"auto, (max-width: 300px) 100vw, 300px\" \/><\/a><\/p>\n<p><a href=\"https:\/\/eremos.eu\/wp-content\/uploads\/2015\/08\/grotta-marsala.jpg\"><img loading=\"lazy\" decoding=\"async\" class=\"wp-image-3928 alignnone\" src=\"https:\/\/eremos.eu\/wp-content\/uploads\/2015\/08\/grotta-marsala-300x225.jpg\" alt=\"grotta marsala\" width=\"299\" height=\"224\" srcset=\"https:\/\/eremos.eu\/wp-content\/uploads\/2015\/08\/grotta-marsala-300x225.jpg 300w, https:\/\/eremos.eu\/wp-content\/uploads\/2015\/08\/grotta-marsala.jpg 640w\" sizes=\"auto, (max-width: 299px) 100vw, 299px\" \/><\/a><\/p>\n<p><a href=\"https:\/\/eremos.eu\/wp-content\/uploads\/2015\/08\/grotta-marsala-2.jpg\"><img loading=\"lazy\" decoding=\"async\" class=\"alignleft wp-image-3930 size-medium\" src=\"https:\/\/eremos.eu\/wp-content\/uploads\/2015\/08\/grotta-marsala-2-300x225.jpg\" alt=\"grotta marsala 2\" width=\"300\" height=\"225\" srcset=\"https:\/\/eremos.eu\/wp-content\/uploads\/2015\/08\/grotta-marsala-2-300x225.jpg 300w, https:\/\/eremos.eu\/wp-content\/uploads\/2015\/08\/grotta-marsala-2.jpg 640w\" sizes=\"auto, (max-width: 300px) 100vw, 300px\" \/><\/a><\/p>\n<p><a href=\"https:\/\/eremos.eu\/wp-content\/uploads\/2015\/08\/grotta-marsala-1.jpg\"><img loading=\"lazy\" decoding=\"async\" class=\"alignnone wp-image-3929\" src=\"https:\/\/eremos.eu\/wp-content\/uploads\/2015\/08\/grotta-marsala-1-300x225.jpg\" alt=\"grotta marsala 1\" width=\"300\" height=\"225\" srcset=\"https:\/\/eremos.eu\/wp-content\/uploads\/2015\/08\/grotta-marsala-1-300x225.jpg 300w, https:\/\/eremos.eu\/wp-content\/uploads\/2015\/08\/grotta-marsala-1.jpg 640w\" sizes=\"auto, (max-width: 300px) 100vw, 300px\" \/><\/a><\/p>\n<hr \/>\n<p><strong><a href=\"https:\/\/eremos.eu\/wp-content\/uploads\/2015\/08\/33b5.jpg\"><img loading=\"lazy\" decoding=\"async\" class=\"alignright size-medium wp-image-3933\" src=\"https:\/\/eremos.eu\/wp-content\/uploads\/2015\/08\/33b5-226x300.jpg\" alt=\"33b\" width=\"226\" height=\"300\" srcset=\"https:\/\/eremos.eu\/wp-content\/uploads\/2015\/08\/33b5-226x300.jpg 226w, https:\/\/eremos.eu\/wp-content\/uploads\/2015\/08\/33b5.jpg 538w\" sizes=\"auto, (max-width: 226px) 100vw, 226px\" \/><\/a>GROTTA DI SAN CALOGERO<\/strong> (Romitorio rupestre &#8211; IV secolo)<\/p>\n<p>Localit\u00e0: <strong>Sciacca<\/strong> (AG) \u00a0 \u00a0 \u00a0 \u00a0 \u00a0 \u00a0 \u00a0 \u00a0 \u00a0 \u00a0Sub-area: <span style=\"color: #0000ff;\">Val di Mazara<\/span><\/p>\n<p style=\"text-align: justify;\">Sulla sommit\u00e0 del monte Kronio o di San Calogero, l\u2019altura a pochi chilometri da Sciacca caratterizzata dalla presenza di alcune grotte naturali dalle quali si sprigiona un vapore (dai 36 ai 42\u00b0C) salutare e benefico per la cura di affezioni varie, come artrite, reumatismi, gotta e sciatica, oltre ad una piccola chiesa al servizio dei pellegrini e degli ammalati c\u2019era una grotta eremitica, utilizzata come dimora temporanea da San Calogero nel corso dei suoi spostamenti, cui si accedeva carponi attraverso un\u2019angusta buca. Ma \u00e8 solo con la costruzione (iniziata nel 1530 e terminata nel 1644) dell\u2019attuale basilica, al posto della vecchia chiesetta, che si favorir\u00e0 e perpetuer\u00e0 il culto per il Santo. Gli ambienti dell\u2019antico eremo, il cui ingresso \u00e8 sottostante alla <a href=\"https:\/\/eremos.eu\/wp-content\/uploads\/2015\/08\/3310.jpg\"><img loading=\"lazy\" decoding=\"async\" class=\"alignleft wp-image-3931\" src=\"https:\/\/eremos.eu\/wp-content\/uploads\/2015\/08\/3310-225x300.jpg\" alt=\"33\" width=\"210\" height=\"280\" srcset=\"https:\/\/eremos.eu\/wp-content\/uploads\/2015\/08\/3310-225x300.jpg 225w, https:\/\/eremos.eu\/wp-content\/uploads\/2015\/08\/3310.jpg 538w\" sizes=\"auto, (max-width: 210px) 100vw, 210px\" \/><\/a>nuova basilica, verranno poi (1948) ristrutturati dai francescani tutt\u2019ora presenti.<\/p>\n<p style=\"text-align: justify;\"><a href=\"https:\/\/eremos.eu\/wp-content\/uploads\/2015\/08\/33a6.jpg\"><img loading=\"lazy\" decoding=\"async\" class=\"alignnone wp-image-3932\" src=\"https:\/\/eremos.eu\/wp-content\/uploads\/2015\/08\/33a6-300x225.jpg\" alt=\"33a\" width=\"281\" height=\"210\" srcset=\"https:\/\/eremos.eu\/wp-content\/uploads\/2015\/08\/33a6-300x225.jpg 300w, https:\/\/eremos.eu\/wp-content\/uploads\/2015\/08\/33a6.jpg 648w\" sizes=\"auto, (max-width: 281px) 100vw, 281px\" \/><\/a><\/p>\n<hr \/>\n<h3><span style=\"color: #0000ff;\"><strong>CONCA D&#8217;ORO<\/strong><\/span><\/h3>\n<p><strong><a href=\"https:\/\/eremos.eu\/wp-content\/uploads\/2015\/08\/34e3.jpg\"><img loading=\"lazy\" decoding=\"async\" class=\"alignright size-medium wp-image-5650\" src=\"https:\/\/eremos.eu\/wp-content\/uploads\/2015\/08\/34e3-225x300.jpg\" alt=\"34e\" width=\"225\" height=\"300\" srcset=\"https:\/\/eremos.eu\/wp-content\/uploads\/2015\/08\/34e3-225x300.jpg 225w, https:\/\/eremos.eu\/wp-content\/uploads\/2015\/08\/34e3.jpg 747w\" sizes=\"auto, (max-width: 225px) 100vw, 225px\" \/><\/a>CRIPTA DI SANTA MARIA DI PIEDIGROTTA<\/strong> (Cappella rupestre &#8211; IV-V secolo)<\/p>\n<p>Localit\u00e0: <strong>Palermo<\/strong> (PA) \u00a0 \u00a0 \u00a0 \u00a0 \u00a0 \u00a0 \u00a0 \u00a0 \u00a0 \u00a0 \u00a0 \u00a0 \u00a0 \u00a0 \u00a0 Sub-area:\u00a0<span style=\"color: #0000ff;\">Val di Mazara<\/span><\/p>\n<p style=\"text-align: justify;\">La cripta di Santa Maria di Piedigrotta, nel cuore del mercato ittico di Palermo, \u00e8 l\u2019antico ambiente ipogeo utilizzato dai pescatori come deposito per le reti e successivamente trasformato in luogo di culto. Della cappella <a href=\"https:\/\/eremos.eu\/wp-content\/uploads\/2015\/08\/34c4.jpg\"><img loading=\"lazy\" decoding=\"async\" class=\"alignleft size-medium wp-image-5651\" src=\"https:\/\/eremos.eu\/wp-content\/uploads\/2015\/08\/34c4-300x199.jpg\" alt=\"34c\" width=\"300\" height=\"199\" srcset=\"https:\/\/eremos.eu\/wp-content\/uploads\/2015\/08\/34c4-300x199.jpg 300w, https:\/\/eremos.eu\/wp-content\/uploads\/2015\/08\/34c4.jpg 673w\" sizes=\"auto, (max-width: 300px) 100vw, 300px\" \/><\/a>rupestre, gestita da una Confraternita dei Pescatori sorta nel 1565, sono tutt\u2019ora visibili un\u2019immagine a fresco della <i>Madonna della Piet\u00e0 <\/i>su una parete assieme a frammenti di putti scolpiti ed altri simboli mariani; mentre della sovrastante seicentesca chiesa, dopo i bombardamenti dell\u2019ultima guerra, non resta alcunch\u00e9.<\/p>\n<hr \/>\n<p><strong>EREMO DI SAN BENEDETTO IL MORO<\/strong> (Romitorio semirupestre &#8211; XVI secolo)<\/p>\n<p>Localit\u00e0: <strong>Palermo<\/strong> (PA) \u00a0 \u00a0 \u00a0 \u00a0 \u00a0 \u00a0 \u00a0 \u00a0 \u00a0 \u00a0 \u00a0 \u00a0 \u00a0 \u00a0 \u00a0 \u00a0 \u00a0 \u00a0 \u00a0 \u00a0 \u00a0 Sub-area:\u00a0<span style=\"color: #0000ff;\">Val di Mazara<a href=\"https:\/\/eremos.eu\/wp-content\/uploads\/2015\/08\/35a11.jpg\"><img loading=\"lazy\" decoding=\"async\" class=\"alignright wp-image-5652\" src=\"https:\/\/eremos.eu\/wp-content\/uploads\/2015\/08\/35a11-207x300.jpg\" alt=\"35a\" width=\"250\" height=\"363\" srcset=\"https:\/\/eremos.eu\/wp-content\/uploads\/2015\/08\/35a11-207x300.jpg 207w, https:\/\/eremos.eu\/wp-content\/uploads\/2015\/08\/35a11.jpg 414w\" sizes=\"auto, (max-width: 250px) 100vw, 250px\" \/><\/a><\/span><\/p>\n<p style=\"text-align: justify;\">L\u2019eremo di San Benedetto il Moro, secondo la tradizione, \u00e8 attestato dalla prodigiosa radicazione di un bastone, oggi uno straordinario e svettante cipresso, nel terreno antistante la piccola cappella sul monte Pellegrino in cui egli visse assieme al confratello Girolamo. Ed \u00e8 proprio il secolare cipresso che, a dispetto dei lunghi anni e dei danni subiti (numerosi incendi), pu\u00f2 considerarsi non solo lo spettatore silente dei \u201ctempi\u201d ma soprattutto il testimone vivente di quella spiritualit\u00e0 che tutt\u2019ora ammanta il luogo.<\/p>\n<p><a href=\"https:\/\/eremos.eu\/wp-content\/uploads\/2015\/08\/358.jpg\"><img loading=\"lazy\" decoding=\"async\" class=\"alignnone wp-image-3936\" src=\"https:\/\/eremos.eu\/wp-content\/uploads\/2015\/08\/358-300x161.jpg\" alt=\"35\" width=\"279\" height=\"150\" srcset=\"https:\/\/eremos.eu\/wp-content\/uploads\/2015\/08\/358-300x161.jpg 300w, https:\/\/eremos.eu\/wp-content\/uploads\/2015\/08\/358.jpg 402w\" sizes=\"auto, (max-width: 279px) 100vw, 279px\" \/><\/a><\/p>\n<hr \/>\n<p><strong>GROTTA DI SANTA ROSALIA<\/strong> (Romitorio rupestre &#8211; XII secolo)<\/p>\n<p>Localit\u00e0: <strong>Palermo<\/strong> (PA) \u00a0 \u00a0 \u00a0 \u00a0 \u00a0 \u00a0 \u00a0 \u00a0 \u00a0 \u00a0 \u00a0 \u00a0 \u00a0 \u00a0 \u00a0 \u00a0 \u00a0 \u00a0 Sub-area:\u00a0<span style=\"color: #0000ff;\">Val di Mazara<\/span><\/p>\n<p style=\"text-align: justify;\">La grotta di Santa Rosalia, ora inglobata nel santuario del monte Pellegrino che domina la conca palermitana, \u00e8 quella in cui la santa, proveniente dalla Quisquina, il feudo paterno sui monti Sicani, si trasfer\u00ec definitivamente in <a href=\"https:\/\/eremos.eu\/wp-content\/uploads\/2015\/08\/36c5.jpg\"><img loading=\"lazy\" decoding=\"async\" class=\"alignright wp-image-3939\" src=\"https:\/\/eremos.eu\/wp-content\/uploads\/2015\/08\/36c5-225x300.jpg\" alt=\"36c\" width=\"221\" height=\"295\" srcset=\"https:\/\/eremos.eu\/wp-content\/uploads\/2015\/08\/36c5-225x300.jpg 225w, https:\/\/eremos.eu\/wp-content\/uploads\/2015\/08\/36c5.jpg 356w\" sizes=\"auto, (max-width: 221px) 100vw, 221px\" \/><\/a>penitenza fino alla morte. L\u00ec la trovarono infatti i fedeli palermitani, che gi\u00e0 da tempo salivano numerosi all\u2019eremo attirati dalla sua fama di santit\u00e0, il 4 settembre 1165.<\/p>\n<p><a href=\"https:\/\/eremos.eu\/wp-content\/uploads\/2015\/08\/santuario_di_santa_rosalia_palermo.jpg\"><img loading=\"lazy\" decoding=\"async\" class=\"wp-image-3938 size-medium alignnone\" src=\"https:\/\/eremos.eu\/wp-content\/uploads\/2015\/08\/santuario_di_santa_rosalia_palermo-300x202.jpg\" alt=\"santuario_di_santa_rosalia_palermo\" width=\"300\" height=\"202\" srcset=\"https:\/\/eremos.eu\/wp-content\/uploads\/2015\/08\/santuario_di_santa_rosalia_palermo-300x202.jpg 300w, https:\/\/eremos.eu\/wp-content\/uploads\/2015\/08\/santuario_di_santa_rosalia_palermo.jpg 550w\" sizes=\"auto, (max-width: 300px) 100vw, 300px\" \/><\/a><\/p>\n<p><a href=\"https:\/\/eremos.eu\/wp-content\/uploads\/2015\/08\/36a7.jpg\"><img loading=\"lazy\" decoding=\"async\" class=\"alignleft wp-image-3940 size-medium\" src=\"https:\/\/eremos.eu\/wp-content\/uploads\/2015\/08\/36a7-300x226.jpg\" alt=\"36a\" width=\"300\" height=\"226\" srcset=\"https:\/\/eremos.eu\/wp-content\/uploads\/2015\/08\/36a7-300x226.jpg 300w, https:\/\/eremos.eu\/wp-content\/uploads\/2015\/08\/36a7.jpg 399w\" sizes=\"auto, (max-width: 300px) 100vw, 300px\" \/><\/a><a href=\"https:\/\/eremos.eu\/wp-content\/uploads\/2015\/08\/36b5.jpg\"><img loading=\"lazy\" decoding=\"async\" class=\"wp-image-3941 alignnone\" src=\"https:\/\/eremos.eu\/wp-content\/uploads\/2015\/08\/36b5-300x224.jpg\" alt=\"36b\" width=\"301\" height=\"225\" srcset=\"https:\/\/eremos.eu\/wp-content\/uploads\/2015\/08\/36b5-300x224.jpg 300w, https:\/\/eremos.eu\/wp-content\/uploads\/2015\/08\/36b5-1024x766.jpg 1024w, https:\/\/eremos.eu\/wp-content\/uploads\/2015\/08\/36b5.jpg 1049w\" sizes=\"auto, (max-width: 301px) 100vw, 301px\" \/><\/a><\/p>\n<hr \/>\n<h3><strong><span style=\"color: #0000ff;\">COSTA ETNEA<\/span><\/strong><\/h3>\n<p><strong><a href=\"https:\/\/eremos.eu\/wp-content\/uploads\/2015\/08\/49b6.jpg\"><img loading=\"lazy\" decoding=\"async\" class=\"alignright wp-image-3964\" src=\"https:\/\/eremos.eu\/wp-content\/uploads\/2015\/08\/49b6-197x300.jpg\" alt=\"49b\" width=\"184\" height=\"280\" srcset=\"https:\/\/eremos.eu\/wp-content\/uploads\/2015\/08\/49b6-197x300.jpg 197w, https:\/\/eremos.eu\/wp-content\/uploads\/2015\/08\/49b6.jpg 497w\" sizes=\"auto, (max-width: 184px) 100vw, 184px\" \/><\/a>EREMO DI SANT&#8217;ANNA<\/strong> (Complesso eremitico &#8211; XVIII secolo)<\/p>\n<p>Localit\u00e0: <strong>Aci San Filippo di Aci Catena<\/strong> (CT) \u00a0 \u00a0 \u00a0 \u00a0Sub-area: <span style=\"color: #0000ff;\">Val di Noto<\/span><\/p>\n<p style=\"text-align: justify;\">La fondazione dell\u2019eremo di Sant\u2019Anna si deve all\u2019intraprendenza del frate eremita Rosario Campione che assieme ad altri due compagni nel 1751 d\u00e0 vita ad una vera e propria comunit\u00e0 agricola. La struttura, che all\u2019origine comprendeva la chiesetta, due piccoli ambienti ed una grande cisterna per la raccolta delle acque piovane, nel 1756 viene ampliata con l\u2019aggiunta della cappella e delle celle. Pi\u00f9 avanti l\u2019intero complesso verr\u00e0 abbellito, rivestendo il pavimento della chiesa con piastrelle di ceramica di Caltagirone, ed ulteriormente ampliato con altre celle, una biblioteca ed alcuni laboratori.<\/p>\n<p><a href=\"https:\/\/eremos.eu\/wp-content\/uploads\/2015\/08\/499.jpg\"><img loading=\"lazy\" decoding=\"async\" class=\"alignleft wp-image-3962 size-medium\" src=\"https:\/\/eremos.eu\/wp-content\/uploads\/2015\/08\/499-300x208.jpg\" alt=\"49\" width=\"300\" height=\"208\" srcset=\"https:\/\/eremos.eu\/wp-content\/uploads\/2015\/08\/499-300x208.jpg 300w, https:\/\/eremos.eu\/wp-content\/uploads\/2015\/08\/499.jpg 419w\" sizes=\"auto, (max-width: 300px) 100vw, 300px\" \/><\/a><a href=\"https:\/\/eremos.eu\/wp-content\/uploads\/2015\/08\/49a8.jpg\"><img loading=\"lazy\" decoding=\"async\" class=\"wp-image-3963 alignnone\" src=\"https:\/\/eremos.eu\/wp-content\/uploads\/2015\/08\/49a8-300x200.jpg\" alt=\"49a\" width=\"312\" height=\"208\" srcset=\"https:\/\/eremos.eu\/wp-content\/uploads\/2015\/08\/49a8-300x200.jpg 300w, https:\/\/eremos.eu\/wp-content\/uploads\/2015\/08\/49a8.jpg 991w\" sizes=\"auto, (max-width: 312px) 100vw, 312px\" \/><\/a><\/p>\n<hr \/>\n<p><strong><a href=\"https:\/\/eremos.eu\/wp-content\/uploads\/2015\/08\/50a10.jpg\"><img loading=\"lazy\" decoding=\"async\" class=\"alignright size-medium wp-image-5653\" src=\"https:\/\/eremos.eu\/wp-content\/uploads\/2015\/08\/50a10-225x300.jpg\" alt=\"50a\" width=\"225\" height=\"300\" srcset=\"https:\/\/eremos.eu\/wp-content\/uploads\/2015\/08\/50a10-225x300.jpg 225w, https:\/\/eremos.eu\/wp-content\/uploads\/2015\/08\/50a10.jpg 456w\" sizes=\"auto, (max-width: 225px) 100vw, 225px\" \/><\/a>CRIPTA DI SANTA MARIA ALLA GROTTA<\/strong> (Chiesa rupestre &#8211; III secolo)<\/p>\n<p>Localit\u00e0: <strong>Catania-Grotte Bianche<\/strong> (CT) \u00a0 \u00a0 \u00a0 \u00a0Sub-area: <span style=\"color: #0000ff;\">Val di Noto\u00a0<\/span><\/p>\n<p style=\"text-align: justify;\">Quella di Santa Maria alla Grotta che attualmente si ritrova sotto la chiesa di San Gaetano alle Grotte, probabilmente ricavata all&#8217;interno di una grotta lavica ed utilizzata dapprima dai romani come cisterna ipogea ed in seguito come sepolcreto paleocristiano, \u00e8 in assoluto la prima chiesa cristiana realizzata a Catania (262 d.C.) e tra le prime in Europa intitolate alla Vergine Maria. Di fatto da un probabile <i>martyrion<\/i>, la grotta sar\u00e0 via via trasformata in chiesa, murando l\u2019arcosolio per ricavare un altare e aggiungendo due sedili in pietra lavica. Successivamente, con la libert\u00e0 di culto, verr\u00e0 anche <a href=\"https:\/\/eremos.eu\/wp-content\/uploads\/2015\/08\/5012.jpg\"><img loading=\"lazy\" decoding=\"async\" class=\"alignleft size-medium wp-image-5654\" src=\"https:\/\/eremos.eu\/wp-content\/uploads\/2015\/08\/5012-300x224.jpg\" alt=\"50\" width=\"300\" height=\"224\" srcset=\"https:\/\/eremos.eu\/wp-content\/uploads\/2015\/08\/5012-300x224.jpg 300w, https:\/\/eremos.eu\/wp-content\/uploads\/2015\/08\/5012.jpg 806w\" sizes=\"auto, (max-width: 300px) 100vw, 300px\" \/><\/a>abbellita con affreschi &#8211; di cui purtroppo restano solo le labili tracce di una <i>Madonna con Bambino <\/i>del III secolo &#8211; ed ampliata con la costruzione di un sovrastante tempio per favorirne l\u2019accesso e la fruizione. Nonostante gli ulteriori rimaneggiamenti in epoca normanna (XI secolo), come la realizzazione di una nuova gradinata, probabilmente a causa del cambio di destinazione da chiesa a cripta, il luogo di culto verr\u00e0 pressoch\u00e9 dimenticato e bisogner\u00e0 attendere il XVI secolo per la definitiva riapertura ai fedeli.<\/p>\n<hr \/>\n<p><strong>CRIPTA DI SANT&#8217;EUPLIO<\/strong> (Cappella rupestre &#8211; IV secolo)<\/p>\n<p>Localit\u00e0: <strong>Catania<\/strong> (CT) \u00a0 \u00a0 \u00a0 \u00a0 \u00a0 \u00a0 \u00a0 \u00a0 \u00a0 \u00a0 \u00a0 \u00a0 \u00a0 \u00a0 \u00a0 \u00a0 \u00a0 \u00a0 \u00a0 \u00a0\u00a0Sub-area: <span style=\"color: #0000ff;\">Val di Noto<\/span><\/p>\n<p style=\"text-align: justify;\">La cripta di Sant\u2019Euplio si apre sotto i resti della chiesa rinascimentale di Sant\u2019Antonio Abate distrutta nel corso dell\u2019ultima guerra mondiale, nel centro storico di Catania. La vicinanza con il luogo del martirio di Sant\u2019Agata induce ad ipotizzare l\u2019originaria funzione di carcere o, comunque, di sepolcro del santo martire compatrono della citt\u00e0. In ogni caso l\u2019ipogeo, divenuto tempio in et\u00e0 tardo-antica e meta di un incessante pellegrinaggio, nel XIII secolo viene ampliato con la costruzione <i>sub divo <\/i>di una chiesa pi\u00f9 grande e, stando alle testimonianze, riccamente decorata. Tornando alla cripta, il cui accesso \u00e8 assicurato da una breve scalinata, consta di un unico, piccolo ambiente che conserva il primitivo altare paleocristiano (un capitello romano su cui \u00e8 poggiata una mensola marmorea) e le pareti movimentate da tante nicchiette; mentre dell\u2019originario corredo pittorico rimangono solo delle labili tracce di affreschi sopra l\u2019altare.<\/p>\n<p><a href=\"https:\/\/eremos.eu\/wp-content\/uploads\/2015\/08\/5114.jpg\"><img loading=\"lazy\" decoding=\"async\" class=\"alignleft wp-image-3967 size-medium\" src=\"https:\/\/eremos.eu\/wp-content\/uploads\/2015\/08\/5114-300x216.jpg\" alt=\"51\" width=\"300\" height=\"216\" srcset=\"https:\/\/eremos.eu\/wp-content\/uploads\/2015\/08\/5114-300x216.jpg 300w, https:\/\/eremos.eu\/wp-content\/uploads\/2015\/08\/5114-1024x736.jpg 1024w, https:\/\/eremos.eu\/wp-content\/uploads\/2015\/08\/5114.jpg 1049w\" sizes=\"auto, (max-width: 300px) 100vw, 300px\" \/><\/a><a href=\"https:\/\/eremos.eu\/wp-content\/uploads\/2015\/08\/51a8.jpg\"><img loading=\"lazy\" decoding=\"async\" class=\"alignnone wp-image-3968\" src=\"https:\/\/eremos.eu\/wp-content\/uploads\/2015\/08\/51a8-300x213.jpg\" alt=\"51a\" width=\"305\" height=\"216\" srcset=\"https:\/\/eremos.eu\/wp-content\/uploads\/2015\/08\/51a8-300x213.jpg 300w, https:\/\/eremos.eu\/wp-content\/uploads\/2015\/08\/51a8-1024x726.jpg 1024w, https:\/\/eremos.eu\/wp-content\/uploads\/2015\/08\/51a8.jpg 1045w\" sizes=\"auto, (max-width: 305px) 100vw, 305px\" \/><\/a><\/p>\n<p><a href=\"https:\/\/eremos.eu\/wp-content\/uploads\/2015\/08\/51b7.jpg\"><img loading=\"lazy\" decoding=\"async\" class=\"alignleft wp-image-3969 size-medium\" src=\"https:\/\/eremos.eu\/wp-content\/uploads\/2015\/08\/51b7-300x226.jpg\" alt=\"51b\" width=\"300\" height=\"226\" srcset=\"https:\/\/eremos.eu\/wp-content\/uploads\/2015\/08\/51b7-300x226.jpg 300w, https:\/\/eremos.eu\/wp-content\/uploads\/2015\/08\/51b7-1024x771.jpg 1024w, https:\/\/eremos.eu\/wp-content\/uploads\/2015\/08\/51b7.jpg 1049w\" sizes=\"auto, (max-width: 300px) 100vw, 300px\" \/><\/a><a href=\"https:\/\/eremos.eu\/wp-content\/uploads\/2015\/08\/51c4.jpg\"><img loading=\"lazy\" decoding=\"async\" class=\"alignnone wp-image-3970\" src=\"https:\/\/eremos.eu\/wp-content\/uploads\/2015\/08\/51c4-300x225.jpg\" alt=\"51c\" width=\"301\" height=\"226\" srcset=\"https:\/\/eremos.eu\/wp-content\/uploads\/2015\/08\/51c4-300x225.jpg 300w, https:\/\/eremos.eu\/wp-content\/uploads\/2015\/08\/51c4.jpg 317w\" sizes=\"auto, (max-width: 301px) 100vw, 301px\" \/><\/a><\/p>\n<hr \/>\n<p><strong><a href=\"https:\/\/eremos.eu\/wp-content\/uploads\/2015\/08\/5213.jpg\"><img loading=\"lazy\" decoding=\"async\" class=\"alignright wp-image-3971\" src=\"https:\/\/eremos.eu\/wp-content\/uploads\/2015\/08\/5213-226x300.jpg\" alt=\"52\" width=\"218\" height=\"290\" \/><\/a>GROTTA DI SANTA MARGHERITA<\/strong> (Cappella rupestre &#8211; IV-V secolo)<\/p>\n<p>Localit\u00e0: <strong>Chiaramonte Gulfi<\/strong> (RG) \u00a0 \u00a0 \u00a0 \u00a0 \u00a0 \u00a0 \u00a0 \u00a0 \u00a0 Sub-area: <span style=\"color: #0000ff;\">Val di Noto<\/span><\/p>\n<p style=\"text-align: justify;\">La grotta di Santa Margherita, secondo la tradizione popolare, \u00e8 il luogo dove la Santa si sarebbe soffermata per qualche tempo allo scopo di liberare la zona di Gulfi da un pericoloso serpente che ne infestava i campi. Ed ecco perch\u00e9 gli abitanti in segno di riconoscenza avrebbero deciso di raffigurarne l\u2019immagine all\u2019interno della grotta. In realt\u00e0, si tratta di un luogo di culto d\u2019epoca paleocristiana; mentre gli affreschi, notevolmente deteriorati ma ancora presenti sulle pareti, risalgono con una buona approssimazione al XIV-XV secolo. Inutile aggiungere che la grotta, nonostante l\u2019insito valore storico-artistico, rimane alla merc\u00e9 del degrado e dell\u2019abbandono pi\u00f9 totali.<\/p>\n<hr \/>\n<h3 style=\"text-align: justify;\"><span style=\"color: #0000ff;\"><strong>COSTA IONICA<\/strong><\/span><\/h3>\n<p style=\"text-align: justify;\"><strong>GROTTA DI SANTA MARIA ADONAI<\/strong> (Cappella rupestre &#8211; III secolo)<\/p>\n<p style=\"text-align: justify;\">Localit\u00e0: <strong>Brucoli di Augusta<\/strong> (SR) \u00a0 \u00a0 \u00a0 \u00a0 \u00a0 \u00a0 \u00a0 \u00a0 \u00a0 \u00a0 \u00a0 \u00a0 \u00a0 \u00a0 \u00a0 \u00a0 \u00a0 Sub-area: <span style=\"color: #0000ff;\">Val di Noto<\/span><\/p>\n<p style=\"text-align: justify;\"><a href=\"https:\/\/eremos.eu\/wp-content\/uploads\/2015\/08\/53c6.jpg\"><img loading=\"lazy\" decoding=\"async\" class=\"alignright size-full wp-image-5655\" src=\"https:\/\/eremos.eu\/wp-content\/uploads\/2015\/08\/53c6.jpg\" alt=\"53c\" width=\"186\" height=\"263\" \/><\/a>Le origini della grotta di Santa Maria Adonai risalgono al tempo delle persecuzioni da parte degli imperatori romani Decio e Valeriano, allorquando un gruppo di cristiani ricerca un riparo sicuro tra le \u201cgrotte greche\u201d di Brucoli. Del luogo di culto, dopo l\u2019abbandono dei cristiani, si perdono le tracce fino al 1500 con la scoperta casuale dell\u2019icona mariana da parte di un pastore locale ed il contemporaneo insediamento di alcuni cavalieri spagnoli che, prodigiosamente attratti dalla bellezza del posto e dall\u2019immagine della <i>Madonna con Bambino<\/i>, decisero di abbandonare la vita militare e di fondare una comunit\u00e0 monastica con la costruzione di un piccolo convento accanto al santuario rupestre. Dopo un ennesimo periodo di abbandono, un gruppo di frati eremiti agli inizi dell\u2019Ottocento si prender\u00e0 cura del luogo, conservandolo fino ai giorni nostri (l\u2019ultimo eremita \u00e8 morto intorno agli anni Cinquanta). All\u2019interno della grotta \u00e8, infatti, custodita una delle pi\u00f9 antiche immagini mariane (III secolo), attribuita dalla tradizione a sant\u2019Agatone.<\/p>\n<p style=\"text-align: justify;\"><a href=\"https:\/\/eremos.eu\/wp-content\/uploads\/2015\/08\/539.jpg\"><img loading=\"lazy\" decoding=\"async\" class=\"alignleft wp-image-3973 size-medium\" src=\"https:\/\/eremos.eu\/wp-content\/uploads\/2015\/08\/539-300x204.jpg\" alt=\"53\" width=\"300\" height=\"204\" srcset=\"https:\/\/eremos.eu\/wp-content\/uploads\/2015\/08\/539-300x204.jpg 300w, https:\/\/eremos.eu\/wp-content\/uploads\/2015\/08\/539.jpg 402w\" sizes=\"auto, (max-width: 300px) 100vw, 300px\" \/><\/a><a href=\"https:\/\/eremos.eu\/wp-content\/uploads\/2015\/08\/53a6.jpg\"><img loading=\"lazy\" decoding=\"async\" class=\"wp-image-3974 alignnone\" src=\"https:\/\/eremos.eu\/wp-content\/uploads\/2015\/08\/53a6-300x200.jpg\" alt=\"53a\" width=\"306\" height=\"204\" srcset=\"https:\/\/eremos.eu\/wp-content\/uploads\/2015\/08\/53a6-300x200.jpg 300w, https:\/\/eremos.eu\/wp-content\/uploads\/2015\/08\/53a6.jpg 713w\" sizes=\"auto, (max-width: 306px) 100vw, 306px\" \/><\/a><\/p>\n<hr \/>\n<p style=\"text-align: justify;\"><strong>GROTTA DI SANTA VENERA<\/strong> (Romitorio rupestre &#8211; II secolo)<\/p>\n<p style=\"text-align: justify;\">Localit\u00e0: <strong>Avola-Marchi<\/strong> (SR) \u00a0 \u00a0 \u00a0 \u00a0 \u00a0 \u00a0 \u00a0 \u00a0 \u00a0 \u00a0 \u00a0 \u00a0 \u00a0 \u00a0 \u00a0 \u00a0 \u00a0 \u00a0 \u00a0 \u00a0 \u00a0 Sub-area: <span style=\"color: #0000ff;\">Val di Noto<\/span><\/p>\n<p style=\"text-align: justify;\">La grotta di Santa Venera, l\u2019ampia cavit\u00e0 carsica situata a strapiombo sulla valle Bugliola, nel cuore dell\u2019antico rione avolese dei Marchi, stando alle fonti storiche, \u00e8 stata la dimora della Santa siciliana (vissuta nella prima met\u00e0 del II secolo) nel periodo in cui s\u2019impegn\u00f2 ad evangelizzare la parte orientale dell\u2019isola, e successivamente adibita ad oratorio rupestre dai bizantini. Nel costone roccioso affianco alla grotta sono state rinvenute le tracce delle fondamenta di quella che sicuramente doveva essere la chiesa gotico-catalana di Santa Venera, poi scomparsa del tutto.<\/p>\n<p><a href=\"https:\/\/eremos.eu\/wp-content\/uploads\/2015\/08\/547.jpg\"><img loading=\"lazy\" decoding=\"async\" class=\"alignleft size-medium wp-image-3976\" src=\"https:\/\/eremos.eu\/wp-content\/uploads\/2015\/08\/547-300x225.jpg\" alt=\"54\" width=\"300\" height=\"225\" srcset=\"https:\/\/eremos.eu\/wp-content\/uploads\/2015\/08\/547-300x225.jpg 300w, https:\/\/eremos.eu\/wp-content\/uploads\/2015\/08\/547.jpg 502w\" sizes=\"auto, (max-width: 300px) 100vw, 300px\" \/><\/a><a href=\"https:\/\/eremos.eu\/wp-content\/uploads\/2015\/08\/54a7.jpg\"><img loading=\"lazy\" decoding=\"async\" class=\"size-medium wp-image-3977 alignnone\" src=\"https:\/\/eremos.eu\/wp-content\/uploads\/2015\/08\/54a7-300x226.jpg\" alt=\"54a\" width=\"300\" height=\"226\" srcset=\"https:\/\/eremos.eu\/wp-content\/uploads\/2015\/08\/54a7-300x226.jpg 300w, https:\/\/eremos.eu\/wp-content\/uploads\/2015\/08\/54a7.jpg 501w\" sizes=\"auto, (max-width: 300px) 100vw, 300px\" \/><\/a><\/p>\n<hr \/>\n<p style=\"text-align: justify;\"><strong>GROTTA DI SANT&#8217;ELIA<\/strong> (Romitorio rupestre &#8211; XII secolo)<\/p>\n<p style=\"text-align: justify;\">Localit\u00e0: <strong>Avola<\/strong> (SR) \u00a0 \u00a0 \u00a0 \u00a0 \u00a0 \u00a0 \u00a0 \u00a0 \u00a0 \u00a0 \u00a0Sub-area: <span style=\"color: #0000ff;\">Val di Noto<\/span>\u00a0 \u00a0 \u00a0 \u00a0 \u00a0 \u00a0 \u00a0 \u00a0 \u00a0\u00a0<a href=\"https:\/\/eremos.eu\/wp-content\/uploads\/2015\/08\/559.jpg\"><img loading=\"lazy\" decoding=\"async\" class=\"alignright wp-image-3978 size-medium\" src=\"https:\/\/eremos.eu\/wp-content\/uploads\/2015\/08\/559-300x178.jpg\" alt=\"55\" width=\"300\" height=\"178\" srcset=\"https:\/\/eremos.eu\/wp-content\/uploads\/2015\/08\/559-300x178.jpg 300w, https:\/\/eremos.eu\/wp-content\/uploads\/2015\/08\/559.jpg 806w\" sizes=\"auto, (max-width: 300px) 100vw, 300px\" \/><\/a><\/p>\n<p style=\"text-align: justify;\">La grotta di Sant\u2019Elia, all\u2019interno di una piccola cava dell\u2019omonimo monte nel territorio dell\u2019antica Avola, \u00e8 uno degli oratori bizantini del siracusano che ancora conserva i resti di pitture rupestri. La tradizione vuole che questa grotta sia stata scelta come luogo di eremitaggio dal mitico Sant\u2019Elia di Noto che vi rimase a vivere di stenti e privazioni fino alla morte (intorno al 1100).<\/p>\n<hr \/>\n<p><strong>CHIESA DELLA MADDALENA<\/strong> (Cappella rupestre &#8211; VIII-IX secolo)<\/p>\n<p>Localit\u00e0: <strong>Siracusa<\/strong> (SR) \u00a0 \u00a0 \u00a0 \u00a0 \u00a0 \u00a0 \u00a0 \u00a0 \u00a0 Sub-area: <span style=\"color: #0000ff;\">Val di Noto<\/span> \u00a0 \u00a0 \u00a0 \u00a0 \u00a0<a href=\"https:\/\/eremos.eu\/wp-content\/uploads\/2015\/08\/567.jpg\"><img loading=\"lazy\" decoding=\"async\" class=\"alignright size-medium wp-image-3979\" src=\"https:\/\/eremos.eu\/wp-content\/uploads\/2015\/08\/567-300x187.jpg\" alt=\"56\" width=\"300\" height=\"187\" srcset=\"https:\/\/eremos.eu\/wp-content\/uploads\/2015\/08\/567-300x187.jpg 300w, https:\/\/eremos.eu\/wp-content\/uploads\/2015\/08\/567.jpg 665w\" sizes=\"auto, (max-width: 300px) 100vw, 300px\" \/><\/a><\/p>\n<p style=\"text-align: justify;\">La chiesetta rupestre della Maddalena \u00e8 la grotta scavata in epoca bizantina in un\u2019area (collina del Mondio) dell\u2019omonima penisola, all\u2019imbocco del Porto Grande di Siracusa, antropizzata sin dal periodo greco-romano. Nelle vicinanze (Punta della Mola), le antiche cave di estrazione della pietra utile alla costruzione di edifici, monumenti e templi di Siracusa accompagnati dai resti delle fornaci, ora parzialmente sommersi dall\u2019innalzamento del livello del mare.<\/p>\n<hr \/>\n<p><strong>CHIESA DI SANTA PANAGIA<\/strong> (Chiesa rupestre &#8211; XIII-XIV secolo)<\/p>\n<p><a href=\"https:\/\/eremos.eu\/wp-content\/uploads\/2015\/08\/57c1.jpg\"><img loading=\"lazy\" decoding=\"async\" class=\"alignright wp-image-3982\" src=\"https:\/\/eremos.eu\/wp-content\/uploads\/2015\/08\/57c1-225x300.jpg\" alt=\"57c\" width=\"188\" height=\"250\" srcset=\"https:\/\/eremos.eu\/wp-content\/uploads\/2015\/08\/57c1-225x300.jpg 225w, https:\/\/eremos.eu\/wp-content\/uploads\/2015\/08\/57c1.jpg 300w\" sizes=\"auto, (max-width: 188px) 100vw, 188px\" \/><\/a>Localit\u00e0: <strong>Contrada Santa Panagia, Siracusa<\/strong> (SR)<\/p>\n<p>Sub-area: <span style=\"color: #0000ff;\">Val di Noto<\/span><\/p>\n<p style=\"text-align: justify;\">La chiesa rupestre di Santa Panagia, dedicata alla \u201ctutta santa\u201d (dal greco <i>panaghia<\/i>) Vergine Maria, \u00e8 scavata nel versante sinistro della cava omonima, nella periferia di Siracusa. L\u2019ambiente interno, a pianta vagamente circolare ed ingresso \u00a0orientato a sud-est, ha le pareti spoglie su cui per\u00f2 si articolano un paio di edicole e tre nicchie con tracce di affreschi illeggibili. Per il resto, sulla scorta dei rilievi pittorici che la datano tra il XIII ed il XIV, la chiesa, ancorch\u00e9 rupestre, non \u00e8 ascrivibile alla cultura\/epoca bizantina. (foto Diego Barucco per SiciliaFotografica.it)<\/p>\n<p style=\"text-align: justify;\"><a href=\"https:\/\/eremos.eu\/wp-content\/uploads\/2015\/08\/578.jpg\"><img loading=\"lazy\" decoding=\"async\" class=\"alignleft wp-image-3980\" src=\"https:\/\/eremos.eu\/wp-content\/uploads\/2015\/08\/578-300x265.jpg\" alt=\"57\" width=\"170\" height=\"150\" srcset=\"https:\/\/eremos.eu\/wp-content\/uploads\/2015\/08\/578-300x265.jpg 300w, https:\/\/eremos.eu\/wp-content\/uploads\/2015\/08\/578.jpg 552w\" sizes=\"auto, (max-width: 170px) 100vw, 170px\" \/><\/a><\/p>\n<p style=\"text-align: justify;\"><a href=\"https:\/\/eremos.eu\/wp-content\/uploads\/2015\/08\/57b2.jpg\"><img loading=\"lazy\" decoding=\"async\" class=\"wp-image-3981 alignnone\" src=\"https:\/\/eremos.eu\/wp-content\/uploads\/2015\/08\/57b2.jpg\" alt=\"57b\" width=\"326\" height=\"150\" \/><\/a><\/p>\n<hr \/>\n<p style=\"text-align: justify;\"><strong>CRIPTA DI SAN MARZIANO<\/strong> (Chiesa rupestre &#8211; IV-V secolo)<\/p>\n<p style=\"text-align: justify;\">Localit\u00e0: <strong>Siracusa<\/strong> (SR) \u00a0 \u00a0 \u00a0 \u00a0 \u00a0 \u00a0 \u00a0 \u00a0 \u00a0 \u00a0 \u00a0 \u00a0 \u00a0 \u00a0 \u00a0 \u00a0 \u00a0 \u00a0 \u00a0 \u00a0Sub-area: <span style=\"color: #0000ff;\">Val di Noto<\/span><\/p>\n<p style=\"text-align: justify;\"><a href=\"https:\/\/eremos.eu\/wp-content\/uploads\/2015\/08\/58b3.jpg\"><img loading=\"lazy\" decoding=\"async\" class=\"alignright size-full wp-image-3992\" src=\"https:\/\/eremos.eu\/wp-content\/uploads\/2015\/08\/58b3.jpg\" alt=\"58b\" width=\"226\" height=\"157\" \/><\/a>Nell\u2019area del complesso catacombale di San Giovanni Evangelista, in assoluto il pi\u00f9 grande della Sicilia e, secondo la tradizione, luogo di sepoltura nel III secolo del primo vescovo di Siracusa, il Santo martire Marziano (o Marciano), \u00e8 stata realizzata una cripta ipogea. Collocata al disotto delle rovine della chiesa normanna, l\u2019ambiente si presenta con l\u2019impianto basilicale del IV-V secolo, in concomitanza con la traslazione delle spoglie mortali del santo, poi restaurato ed abbellito in epoca normanna con i bellissimi capitelli dei quattro pilastri che reggono la volta. La cripta si avvale di numerosi affreschi, tra i quali spicca nella zona absidale, una delle immagini \u201cbizantine\u201d pi\u00f9 antiche di santa Lucia (seconda met\u00e0 del XII secolo), vergine e martire siracusana, non trascurando un san Giovanni Battista ed un san Giovanni Evangelista in due dei quattro pilastri portanti.<\/p>\n<p><a href=\"https:\/\/eremos.eu\/wp-content\/uploads\/2015\/08\/cripta_di_san_marciano_02.jpg\"><img loading=\"lazy\" decoding=\"async\" class=\"alignleft wp-image-3984\" src=\"https:\/\/eremos.eu\/wp-content\/uploads\/2015\/08\/cripta_di_san_marciano_02-225x300.jpg\" alt=\"cripta_di_san_marciano_02\" width=\"218\" height=\"290\" srcset=\"https:\/\/eremos.eu\/wp-content\/uploads\/2015\/08\/cripta_di_san_marciano_02-225x300.jpg 225w, https:\/\/eremos.eu\/wp-content\/uploads\/2015\/08\/cripta_di_san_marciano_02-768x1024.jpg 768w, https:\/\/eremos.eu\/wp-content\/uploads\/2015\/08\/cripta_di_san_marciano_02.jpg 1536w\" sizes=\"auto, (max-width: 218px) 100vw, 218px\" \/><\/a><\/p>\n<p style=\"text-align: justify;\"><a href=\"https:\/\/eremos.eu\/wp-content\/uploads\/2015\/08\/cripta_di_san_marciano_01.jpg\"><img loading=\"lazy\" decoding=\"async\" class=\"alignleft wp-image-3985\" src=\"https:\/\/eremos.eu\/wp-content\/uploads\/2015\/08\/cripta_di_san_marciano_01-225x300.jpg\" alt=\"cripta_di_san_marciano_01\" width=\"218\" height=\"290\" srcset=\"https:\/\/eremos.eu\/wp-content\/uploads\/2015\/08\/cripta_di_san_marciano_01-225x300.jpg 225w, https:\/\/eremos.eu\/wp-content\/uploads\/2015\/08\/cripta_di_san_marciano_01-768x1024.jpg 768w, https:\/\/eremos.eu\/wp-content\/uploads\/2015\/08\/cripta_di_san_marciano_01.jpg 1536w\" sizes=\"auto, (max-width: 218px) 100vw, 218px\" \/><\/a><\/p>\n<p style=\"text-align: justify;\"><a href=\"https:\/\/eremos.eu\/wp-content\/uploads\/2015\/08\/58f.jpg\"><img loading=\"lazy\" decoding=\"async\" class=\"alignnone wp-image-3987\" src=\"https:\/\/eremos.eu\/wp-content\/uploads\/2015\/08\/58f-193x300.jpg\" alt=\"58f\" width=\"186\" height=\"290\" srcset=\"https:\/\/eremos.eu\/wp-content\/uploads\/2015\/08\/58f-193x300.jpg 193w, https:\/\/eremos.eu\/wp-content\/uploads\/2015\/08\/58f.jpg 481w\" sizes=\"auto, (max-width: 186px) 100vw, 186px\" \/><\/a><\/p>\n<p style=\"text-align: justify;\"><a href=\"https:\/\/eremos.eu\/wp-content\/uploads\/2015\/08\/587.jpg\"><img loading=\"lazy\" decoding=\"async\" class=\"alignleft wp-image-3986 size-medium\" src=\"https:\/\/eremos.eu\/wp-content\/uploads\/2015\/08\/587-300x224.jpg\" alt=\"58\" width=\"300\" height=\"224\" srcset=\"https:\/\/eremos.eu\/wp-content\/uploads\/2015\/08\/587-300x224.jpg 300w, https:\/\/eremos.eu\/wp-content\/uploads\/2015\/08\/587.jpg 722w\" sizes=\"auto, (max-width: 300px) 100vw, 300px\" \/><\/a><\/p>\n<p style=\"text-align: justify;\"><a href=\"https:\/\/eremos.eu\/wp-content\/uploads\/2015\/08\/58a5.jpg\"><img loading=\"lazy\" decoding=\"async\" class=\"wp-image-3988 size-medium alignnone\" src=\"https:\/\/eremos.eu\/wp-content\/uploads\/2015\/08\/58a5-300x224.jpg\" alt=\"58a\" width=\"300\" height=\"224\" srcset=\"https:\/\/eremos.eu\/wp-content\/uploads\/2015\/08\/58a5-300x224.jpg 300w, https:\/\/eremos.eu\/wp-content\/uploads\/2015\/08\/58a5.jpg 722w\" sizes=\"auto, (max-width: 300px) 100vw, 300px\" \/><\/a><\/p>\n<p style=\"text-align: justify;\"><a href=\"https:\/\/eremos.eu\/wp-content\/uploads\/2015\/08\/58c1.jpg\"><img loading=\"lazy\" decoding=\"async\" class=\"alignleft wp-image-3989\" src=\"https:\/\/eremos.eu\/wp-content\/uploads\/2015\/08\/58c1-253x300.jpg\" alt=\"58c\" width=\"236\" height=\"280\" srcset=\"https:\/\/eremos.eu\/wp-content\/uploads\/2015\/08\/58c1-253x300.jpg 253w, https:\/\/eremos.eu\/wp-content\/uploads\/2015\/08\/58c1.jpg 525w\" sizes=\"auto, (max-width: 236px) 100vw, 236px\" \/><\/a><a href=\"https:\/\/eremos.eu\/wp-content\/uploads\/2015\/08\/58d.jpg\"><img loading=\"lazy\" decoding=\"async\" class=\"alignleft wp-image-3990\" src=\"https:\/\/eremos.eu\/wp-content\/uploads\/2015\/08\/58d-227x300.jpg\" alt=\"58d\" width=\"212\" height=\"280\" srcset=\"https:\/\/eremos.eu\/wp-content\/uploads\/2015\/08\/58d-227x300.jpg 227w, https:\/\/eremos.eu\/wp-content\/uploads\/2015\/08\/58d.jpg 476w\" sizes=\"auto, (max-width: 212px) 100vw, 212px\" \/><\/a><\/p>\n<p style=\"text-align: justify;\"><a href=\"https:\/\/eremos.eu\/wp-content\/uploads\/2015\/08\/58e.jpg\"><img loading=\"lazy\" decoding=\"async\" class=\"alignnone wp-image-3991\" src=\"https:\/\/eremos.eu\/wp-content\/uploads\/2015\/08\/58e-191x300.jpg\" alt=\"58e\" width=\"178\" height=\"280\" srcset=\"https:\/\/eremos.eu\/wp-content\/uploads\/2015\/08\/58e-191x300.jpg 191w, https:\/\/eremos.eu\/wp-content\/uploads\/2015\/08\/58e.jpg 437w\" sizes=\"auto, (max-width: 178px) 100vw, 178px\" \/><\/a><\/p>\n<hr \/>\n<p style=\"text-align: justify;\"><strong><a href=\"https:\/\/eremos.eu\/wp-content\/uploads\/2015\/08\/597.jpg\"><img loading=\"lazy\" decoding=\"async\" class=\"alignright wp-image-3993\" src=\"https:\/\/eremos.eu\/wp-content\/uploads\/2015\/08\/597-225x300.jpg\" alt=\"59\" width=\"188\" height=\"250\" srcset=\"https:\/\/eremos.eu\/wp-content\/uploads\/2015\/08\/597-225x300.jpg 225w, https:\/\/eremos.eu\/wp-content\/uploads\/2015\/08\/597.jpg 229w\" sizes=\"auto, (max-width: 188px) 100vw, 188px\" \/><\/a>EREMO DELLA GROTTA SANTA<\/strong> (Ex oratorio rupestre &#8211; VI-XII secolo)<\/p>\n<p style=\"text-align: justify;\">Localit\u00e0: <strong>Contrada Cozzo Romito, Siracusa<\/strong> (SR)<\/p>\n<p style=\"text-align: justify;\">Sub-area: <span style=\"color: #0000ff;\">Val di Noto<\/span><\/p>\n<p style=\"text-align: justify;\">L\u2019eremo della Grotta Santa \u00e8, di fatto, l\u2019originario oratorio rupestre scavato in epoca bizantina nell\u2019antica latomia di Cozzo Romito, gi\u00e0 abitata, come richiama la denominazione, da parecchi eremiti, e poi riadattato, verso la met\u00e0 del 1500, a romitorio da una locale comunit\u00e0 monastica. L\u2019apertura della grotta verr\u00e0 in seguito murata con la costruzione dell\u2019attuale facciata, inglobando anche altre cavit\u00e0 funerarie contigue.<\/p>\n<hr \/>\n<p style=\"text-align: justify;\"><strong>ORATORIO DEI QUARANTA MARTIRI<\/strong> (Santuario rupestre &#8211; VIII secolo)<\/p>\n<p style=\"text-align: justify;\">Localit\u00e0: <strong>Siracusa<\/strong> (SR) \u00a0 \u00a0 \u00a0 \u00a0 \u00a0 \u00a0 \u00a0 \u00a0 \u00a0 \u00a0 \u00a0 \u00a0 \u00a0 \u00a0 \u00a0 \u00a0 \u00a0 \u00a0 \u00a0 \u00a0 \u00a0 \u00a0 \u00a0 \u00a0 \u00a0Sub-area: <span style=\"color: #0000ff;\">Val di Noto<\/span><\/p>\n<p style=\"text-align: justify;\"><a href=\"https:\/\/eremos.eu\/wp-content\/uploads\/2015\/08\/60b5.jpg\"><img loading=\"lazy\" decoding=\"async\" class=\"alignleft wp-image-3997\" src=\"https:\/\/eremos.eu\/wp-content\/uploads\/2015\/08\/60b5-300x101.jpg\" alt=\"60b\" width=\"380\" height=\"128\" srcset=\"https:\/\/eremos.eu\/wp-content\/uploads\/2015\/08\/60b5-300x101.jpg 300w, https:\/\/eremos.eu\/wp-content\/uploads\/2015\/08\/60b5.jpg 717w\" sizes=\"auto, (max-width: 380px) 100vw, 380px\" \/><\/a>Dell\u2019originaria struttura architettonica dell\u2019oratorio dei Quaranta Martiri, situato sotto la chiesa di Santa Lucia fuori le Mura e all\u2019interno delle catacombe in cui la santa martire venne sepolta, e scoperto agli inizi del secolo scorso grazie al rinvenimento degli affreschi <a href=\"https:\/\/eremos.eu\/wp-content\/uploads\/2015\/08\/60e.jpg\"><img loading=\"lazy\" decoding=\"async\" class=\"alignright wp-image-3998\" src=\"https:\/\/eremos.eu\/wp-content\/uploads\/2015\/08\/60e.jpg\" alt=\"60e\" width=\"202\" height=\"230\" \/><\/a>sotto lo strato di malta idraulica che lo ricopriva, rimangono la parte alta del catino absidale, la volta leggermente a botte e la parte superiore della parete sud-est. Nonostante le ridotte dimensioni dell\u2019ambiente ipogeo \u00e8 ancora perfettamente leggibile lo schema iconografico dell\u2019affresco sulla volta, caratterizzato da\u00a0 una croce gemmata con il <i>Cristo pantocratore<\/i>, la <i>Vergine<\/i> e due angeli nei clipei, mentre tra i quattro bracci vengono appunto raffigurati, a gruppi di dieci, i \u201cQuaranta Martiri di Sebastia\u201d. L\u2019affresco presente nella parete di sud-est conserva invece le figure di due vescovi (non ancora identificati) oltre a quelle dei santi Cosma, Damiano, Elena e Marciano.<\/p>\n<p style=\"text-align: justify;\"><a href=\"https:\/\/eremos.eu\/wp-content\/uploads\/2015\/08\/6010.jpg\"><img loading=\"lazy\" decoding=\"async\" class=\"alignleft wp-image-3996 size-medium\" src=\"https:\/\/eremos.eu\/wp-content\/uploads\/2015\/08\/6010-300x201.jpg\" alt=\"60\" width=\"300\" height=\"201\" srcset=\"https:\/\/eremos.eu\/wp-content\/uploads\/2015\/08\/6010-300x201.jpg 300w, https:\/\/eremos.eu\/wp-content\/uploads\/2015\/08\/6010.jpg 710w\" sizes=\"auto, (max-width: 300px) 100vw, 300px\" \/><\/a><a href=\"https:\/\/eremos.eu\/wp-content\/uploads\/2015\/08\/60a7.jpg\"><img loading=\"lazy\" decoding=\"async\" class=\"alignnone wp-image-3995\" src=\"https:\/\/eremos.eu\/wp-content\/uploads\/2015\/08\/60a7-300x199.jpg\" alt=\"60a\" width=\"303\" height=\"201\" srcset=\"https:\/\/eremos.eu\/wp-content\/uploads\/2015\/08\/60a7-300x199.jpg 300w, https:\/\/eremos.eu\/wp-content\/uploads\/2015\/08\/60a7.jpg 546w\" sizes=\"auto, (max-width: 303px) 100vw, 303px\" \/><\/a><\/p>\n<p style=\"text-align: justify;\"><a href=\"https:\/\/eremos.eu\/wp-content\/uploads\/2015\/08\/catacombe-s.l-1-_1.jpg\"><img loading=\"lazy\" decoding=\"async\" class=\"alignleft size-medium wp-image-4001\" src=\"https:\/\/eremos.eu\/wp-content\/uploads\/2015\/08\/catacombe-s.l-1-_1-300x200.jpg\" alt=\"catacombe-s.l--1-_1\" width=\"300\" height=\"200\" srcset=\"https:\/\/eremos.eu\/wp-content\/uploads\/2015\/08\/catacombe-s.l-1-_1-300x200.jpg 300w, https:\/\/eremos.eu\/wp-content\/uploads\/2015\/08\/catacombe-s.l-1-_1.jpg 480w\" sizes=\"auto, (max-width: 300px) 100vw, 300px\" \/><\/a><\/p>\n<p style=\"text-align: justify;\"><a href=\"https:\/\/eremos.eu\/wp-content\/uploads\/2015\/08\/60d2.jpg\"><img loading=\"lazy\" decoding=\"async\" class=\"size-medium wp-image-4002 alignnone\" src=\"https:\/\/eremos.eu\/wp-content\/uploads\/2015\/08\/60d2-300x199.jpg\" alt=\"60d\" width=\"300\" height=\"199\" srcset=\"https:\/\/eremos.eu\/wp-content\/uploads\/2015\/08\/60d2-300x199.jpg 300w, https:\/\/eremos.eu\/wp-content\/uploads\/2015\/08\/60d2.jpg 483w\" sizes=\"auto, (max-width: 300px) 100vw, 300px\" \/><\/a><\/p>\n<p style=\"text-align: justify;\"><a href=\"https:\/\/eremos.eu\/wp-content\/uploads\/2015\/08\/60c4.jpg\"><img loading=\"lazy\" decoding=\"async\" class=\"alignleft wp-image-4003 size-medium\" src=\"https:\/\/eremos.eu\/wp-content\/uploads\/2015\/08\/60c4-300x225.jpg\" alt=\"60c\" width=\"300\" height=\"225\" srcset=\"https:\/\/eremos.eu\/wp-content\/uploads\/2015\/08\/60c4-300x225.jpg 300w, https:\/\/eremos.eu\/wp-content\/uploads\/2015\/08\/60c4.jpg 634w\" sizes=\"auto, (max-width: 300px) 100vw, 300px\" \/><\/a><\/p>\n<p style=\"text-align: justify;\"><a href=\"https:\/\/eremos.eu\/wp-content\/uploads\/2015\/08\/60f1.jpg\"><img loading=\"lazy\" decoding=\"async\" class=\"wp-image-4004 alignnone\" src=\"https:\/\/eremos.eu\/wp-content\/uploads\/2015\/08\/60f1-300x254.jpg\" alt=\"60f\" width=\"266\" height=\"225\" srcset=\"https:\/\/eremos.eu\/wp-content\/uploads\/2015\/08\/60f1-300x254.jpg 300w, https:\/\/eremos.eu\/wp-content\/uploads\/2015\/08\/60f1.jpg 347w\" sizes=\"auto, (max-width: 266px) 100vw, 266px\" \/><\/a><\/p>\n<hr \/>\n<h3 style=\"text-align: justify;\"><span style=\"color: #0000ff;\"><strong>COSTA IONICA ORIENTALE<\/strong><\/span><\/h3>\n<p><strong>EREMO DI SAN CORRADO<\/strong> (Chiesa e romitorio &#8211; XVIII secolo)<\/p>\n<p>Localit\u00e0:<strong> Messina<\/strong> (ME)<\/p>\n<p style=\"text-align: justify;\"><a href=\"https:\/\/eremos.eu\/wp-content\/uploads\/2015\/08\/180.jpg\"><img loading=\"lazy\" decoding=\"async\" class=\"alignright wp-image-3826 size-medium\" src=\"https:\/\/eremos.eu\/wp-content\/uploads\/2015\/08\/180-300x190.jpg\" alt=\"1\" width=\"300\" height=\"190\" srcset=\"https:\/\/eremos.eu\/wp-content\/uploads\/2015\/08\/180-300x190.jpg 300w, https:\/\/eremos.eu\/wp-content\/uploads\/2015\/08\/180.jpg 452w\" sizes=\"auto, (max-width: 300px) 100vw, 300px\" \/><\/a>L\u2019eremo di San Corrado, in cima ad una collinetta a ridosso delle sorgenti del torrente Boccetta, \u00e8 riuscito miracolosamente a sopravvivere alle alterne vicende storiche, conservando intatto l\u2019originario assetto dell\u2019edificio settecentesco: come la facciata della chiesa, le due torri campanarie ai lati, il pregevole portale con timpano spezzato e, all\u2019interno, gli altari e la lapide d\u2019accesso alla cripta. I diversi eremiti che vi hanno dimorato, lo abbandoneranno una prima volta durante la peste del 1743 e, ancorch\u00e9 rientrati, una seconda e definitiva volta sul finire dell\u2019Ottocento a causa delle famigerate leggi del 1866.<\/p>\n<hr \/>\n<p><strong>EREMO DI SAN FILIPPO D&#8217;AGIRA<\/strong> (Romitorio rupestre &#8211; V secolo)<\/p>\n<p><a href=\"https:\/\/eremos.eu\/wp-content\/uploads\/2015\/08\/240.jpg\"><img loading=\"lazy\" decoding=\"async\" class=\"alignright wp-image-3828\" src=\"https:\/\/eremos.eu\/wp-content\/uploads\/2015\/08\/240-300x227.jpg\" alt=\"2\" width=\"238\" height=\"180\" srcset=\"https:\/\/eremos.eu\/wp-content\/uploads\/2015\/08\/240-300x227.jpg 300w, https:\/\/eremos.eu\/wp-content\/uploads\/2015\/08\/240.jpg 516w\" sizes=\"auto, (max-width: 238px) 100vw, 238px\" \/><\/a>Localit\u00e0: <strong>Messina<\/strong> (ME)<\/p>\n<p style=\"text-align: justify;\">L\u2019eremo di San Filippo d\u2019Agira, il famoso santo taumaturgo italo-greco vissuto nel V secolo, \u00e8 in realt\u00e0 la piccola grotta che si ritrova accanto alle rovine dell\u2019omonimo monastero eretto nel 1145 fuori porta, a pochi chilometri dal centro abitato di Messina, lungo la fiumara di Pistunina. La grotta, nella quale ha dimorato per alcuni anni il Santo, \u00e8 occupata all\u2019interno da un piccolo altare devozionale.<\/p>\n<hr \/>\n<p><strong>EREMO DI SAN GIACOMO A CAMARO<\/strong> (Ruderi di chiesa-romitorio &#8211; XVII secolo)<\/p>\n<p><a href=\"https:\/\/eremos.eu\/wp-content\/uploads\/2015\/08\/339.jpg\"><img loading=\"lazy\" decoding=\"async\" class=\"alignright wp-image-3829\" src=\"https:\/\/eremos.eu\/wp-content\/uploads\/2015\/08\/339-300x225.jpg\" alt=\"3\" width=\"280\" height=\"210\" srcset=\"https:\/\/eremos.eu\/wp-content\/uploads\/2015\/08\/339-300x225.jpg 300w, https:\/\/eremos.eu\/wp-content\/uploads\/2015\/08\/339.jpg 453w\" sizes=\"auto, (max-width: 280px) 100vw, 280px\" \/><\/a>Localit\u00e0: <strong>Contrada Camaro, Messina<\/strong> (ME)<\/p>\n<p style=\"text-align: justify;\">I ruderi dell\u2019eremo di San Giacomo, nei pressi della ex-strada militare Noviziato-Casazza, non rendono certamente l\u2019idea di quel semplice ma elegante oratorio in pietra calcarea, con due finestre ovali e un arco trionfale interno che immetteva nella zona presbiteriale. Da quanto attestato in documenti del 1755, il romitorio era strettamente appannaggio degli osservanti le dure regole di san Pacomio.<\/p>\n<hr \/>\n<p><strong><a href=\"https:\/\/eremos.eu\/wp-content\/uploads\/2015\/08\/449.jpg\"><img loading=\"lazy\" decoding=\"async\" class=\"alignright wp-image-3832\" src=\"https:\/\/eremos.eu\/wp-content\/uploads\/2015\/08\/449-226x300.jpg\" alt=\"4\" width=\"188\" height=\"250\" srcset=\"https:\/\/eremos.eu\/wp-content\/uploads\/2015\/08\/449-226x300.jpg 226w, https:\/\/eremos.eu\/wp-content\/uploads\/2015\/08\/449.jpg 541w\" sizes=\"auto, (max-width: 188px) 100vw, 188px\" \/><\/a>EREMO DI SAN NICANDRO O LICANDRO<\/strong> (Romitorio rupestre &#8211; VIII-IX secolo)<\/p>\n<p>Localit\u00e0: <strong>Messina<\/strong> (ME)<\/p>\n<p style=\"text-align: justify;\">L\u2019antico eremo di San Nicandro o Licandro, nell\u2019omonimo rione storico di Messina, \u00e8 la grotta dove intorno al 790-800 l\u2019abate anacoreta Nicandro o Licandro ha deciso di stabilirsi assieme ad un piccolo stuolo di fedeli discepoli, com\u2019\u00e8 testimoniato dal rinvenimento nel 1611 di ben cinque scheletri poi traslati nel vicino monastero del Santissimo Salvatore. Dell\u2019eremo, trasformato in epoca successiva in oratorio, sopravvivono due finestre monofore ad arco ogivale del Quattrocento, il portale e la cupola che sormonta e protegge la grotta.<\/p>\n<p style=\"text-align: justify;\"><a href=\"https:\/\/eremos.eu\/wp-content\/uploads\/2015\/08\/4a11.jpg\"><img loading=\"lazy\" decoding=\"async\" class=\"alignleft size-medium wp-image-3830\" src=\"https:\/\/eremos.eu\/wp-content\/uploads\/2015\/08\/4a11-300x234.jpg\" alt=\"4a\" width=\"300\" height=\"234\" srcset=\"https:\/\/eremos.eu\/wp-content\/uploads\/2015\/08\/4a11-300x234.jpg 300w, https:\/\/eremos.eu\/wp-content\/uploads\/2015\/08\/4a11.jpg 466w\" sizes=\"auto, (max-width: 300px) 100vw, 300px\" \/><\/a><a href=\"https:\/\/eremos.eu\/wp-content\/uploads\/2015\/08\/4b5.jpg\"><img loading=\"lazy\" decoding=\"async\" class=\"size-medium wp-image-3831 alignnone\" src=\"https:\/\/eremos.eu\/wp-content\/uploads\/2015\/08\/4b5-300x234.jpg\" alt=\"4b\" width=\"300\" height=\"234\" srcset=\"https:\/\/eremos.eu\/wp-content\/uploads\/2015\/08\/4b5-300x234.jpg 300w, https:\/\/eremos.eu\/wp-content\/uploads\/2015\/08\/4b5.jpg 466w\" sizes=\"auto, (max-width: 300px) 100vw, 300px\" \/><\/a><\/p>\n<hr \/>\n<p><strong><a href=\"https:\/\/eremos.eu\/wp-content\/uploads\/2015\/08\/538.jpg\"><img loading=\"lazy\" decoding=\"async\" class=\"alignright wp-image-3833\" src=\"https:\/\/eremos.eu\/wp-content\/uploads\/2015\/08\/538-300x252.jpg\" alt=\"5\" width=\"262\" height=\"220\" srcset=\"https:\/\/eremos.eu\/wp-content\/uploads\/2015\/08\/538-300x252.jpg 300w, https:\/\/eremos.eu\/wp-content\/uploads\/2015\/08\/538.jpg 844w\" sizes=\"auto, (max-width: 262px) 100vw, 262px\" \/><\/a>EREMO DI SAN NICCOL\u00d2<\/strong>\u00a0(Chiesa e romitorio &#8211; XVIII secolo)<\/p>\n<p>Localit\u00e0: <strong>Messina<\/strong> (ME)<\/p>\n<p style=\"text-align: justify;\">L\u2019eremo di San Niccol\u00f2 si trova sulla collinetta Paradiso pressoch\u00e9 inghiottito dal cemento dell\u2019insediamento residenziale. Sorto nel Settecento, si avvaleva di un certo numero di frati stanziali che, per\u00f2, col tempo andarono riducendosi determinando la fusione con il vicino monastero basiliano di San Salvatore dei Greci. Poi, in seguito alla soppressione degli ordini del 1866, sar\u00e0 espropriato e ceduto a privati.<\/p>\n<hr \/>\n<p><strong>EREMO DI SANTA MARIA DEGLI ANGIOLI<\/strong> (Chiesa e romitorio &#8211; XVII secolo)<\/p>\n<p><a href=\"https:\/\/eremos.eu\/wp-content\/uploads\/2015\/08\/638.jpg\"><img loading=\"lazy\" decoding=\"async\" class=\"alignright wp-image-3834\" src=\"https:\/\/eremos.eu\/wp-content\/uploads\/2015\/08\/638-300x225.jpg\" alt=\"6\" width=\"266\" height=\"200\" srcset=\"https:\/\/eremos.eu\/wp-content\/uploads\/2015\/08\/638-300x225.jpg 300w, https:\/\/eremos.eu\/wp-content\/uploads\/2015\/08\/638.jpg 453w\" sizes=\"auto, (max-width: 266px) 100vw, 266px\" \/><\/a>Localit\u00e0: <strong>Messina<\/strong> (ME)<\/p>\n<p style=\"text-align: justify;\">La fondazione dell\u2019eremo di Santa Maria degli Angioli, nella omonima e solitaria valle, si deve all\u2019asceta pacomita Giovanni Battista Di Pino che nel 1685, assieme ad alcuni compagni, scelse quel luogo per vivere in penitenza e contemplazione. Ancora oggi, al suo interno sono custoditi un dipinto caravaggesco della <i>Madonna degli Angeli <\/i>con san Francesco d\u2019Assisi adorante, un\u2019acquasantiera marmorea con la Madonna in bassorilievo ed un altare del Settecento con tarsie marmoree.<\/p>\n<hr \/>\n<p><strong>EREMO DI SANTA MARIA DELLE GRAVIDELLE<\/strong> (Ruderi di chiesa-romitorio &#8211; XV-XVI secolo)<\/p>\n<p>Localit\u00e0: <strong>Messina<\/strong> (ME)<\/p>\n<p style=\"text-align: justify;\">Quel poco che rimane dell\u2019eremo di Santa Maria delle Gravidelle si trova nel fondovalle del torrente Portalegni e non \u00e8 altro che una torre diroccata in mezzo all\u2019infestante vegetazione. Le poche notizie parlano di un suo completo abbandono a met\u00e0 dell\u2019Ottocento, con la morte dell\u2019ultimo eremita; poi il terribile sisma del 1908 ha fatto il resto.<\/p>\n<hr \/>\n<p style=\"text-align: justify;\"><strong><a href=\"https:\/\/eremos.eu\/wp-content\/uploads\/2015\/08\/829.jpg\"><img loading=\"lazy\" decoding=\"async\" class=\"alignright wp-image-3835\" src=\"https:\/\/eremos.eu\/wp-content\/uploads\/2015\/08\/829-226x300.jpg\" alt=\"8\" width=\"211\" height=\"280\" srcset=\"https:\/\/eremos.eu\/wp-content\/uploads\/2015\/08\/829-226x300.jpg 226w, https:\/\/eremos.eu\/wp-content\/uploads\/2015\/08\/829.jpg 301w\" sizes=\"auto, (max-width: 211px) 100vw, 211px\" \/><\/a>EREMO DI SANTA MARIA DI TRAPANI<\/strong> (Chiesa e romitorio &#8211; XV-XVI secolo)<\/p>\n<p style=\"text-align: justify;\">Localit\u00e0: <strong>Messina<\/strong> (ME)<\/p>\n<p style=\"text-align: justify;\">L\u2019eremo di Santa Maria di Trapani, mutuando il culto per la statua marmorea della <i>Madonna con Bambino <\/i>che, proveniente dalla Siria, non s\u2019\u00e8 pi\u00f9 miracolosamente smossa dal territorio trapanese dove tutt\u2019oggi \u00e8 venerata, viene eretto nel XV-XVI secolo da un eremita originario della Sicilia occidentale e successivamente nel 1700, grazie alla popolarit\u00e0 ed alla devozione guadagnata, ampliato in un romitorio pi\u00f9 capiente. La chiesa di oggi, con portale in marmo e pietra, per quanto semplice e modesta richiama in qualche modo l\u2019architettura tipica del Settecento siciliano.<\/p>\n<hr \/>\n<p><strong>EREMO DI SARRIZZO<\/strong> (Romitorio rupestre &#8211; XIII-XIV secolo)<\/p>\n<p>Localit\u00e0: <strong>Messina<\/strong> (ME)<\/p>\n<p style=\"text-align: justify;\"><a href=\"https:\/\/eremos.eu\/wp-content\/uploads\/2015\/08\/9a12.jpg\"><img loading=\"lazy\" decoding=\"async\" class=\"alignright size-medium wp-image-3836\" src=\"https:\/\/eremos.eu\/wp-content\/uploads\/2015\/08\/9a12-300x203.jpg\" alt=\"9a\" width=\"300\" height=\"203\" srcset=\"https:\/\/eremos.eu\/wp-content\/uploads\/2015\/08\/9a12-300x203.jpg 300w, https:\/\/eremos.eu\/wp-content\/uploads\/2015\/08\/9a12.jpg 450w\" sizes=\"auto, (max-width: 300px) 100vw, 300px\" \/><\/a>L\u2019eremo di Sarrizzo (o San Rizzo) \u00e8 in realt\u00e0 la grotta scavata sulle alture di Piano Rama dove, secondo la tradizione, avrebbe appunto dimorato un certo santo eremita Rizzo. La cavit\u00e0 consta di un piccolo ambiente vagamente rettangolare coperto da una volta a botte in muratura. Al centro della parete di fondo \u00e8 incisa sulla roccia una croce greca seguita da altri simboli ed iscrizioni sempre in greco di difficile lettura, a testimonianza dell\u2019epoca bizantina d\u2019origine. Un\u2019altra data (1766) graffiata sulla parete laterale non lascia dubbi circa la sua frequentazione almeno fino al tardo Settecento.<\/p>\n<hr \/>\n<p style=\"text-align: justify;\"><strong>EREMO DI SANTA MARIA LA MISERICORDIA<\/strong> (Chiesa e romitorio &#8211; XVIII secolo)<\/p>\n<p style=\"text-align: justify;\">Localit\u00e0: <strong>Larderia Superiore di Messina<\/strong> (ME)<\/p>\n<p style=\"text-align: justify;\">L\u2019eremo di Santa Maria La Misericordia, ubicato nell\u2019omonima contrada, poco prima della frazione di Larderia Superiore, \u00e8 stato fondato nel 1700 da eremiti pacomiti assieme ad altri cinque eremi. Per quanto ricostruito, dopo il rovinoso alluvione del 1858, le leggi soppressive del 1866 lo faranno ripiombare ancora una volta nel degrado. La chiesa di oggi, ancorch\u00e9 spoglia di qualsiasi arredo, conserva tre altari, di cui il maggiore con tabernacolo, del XIX secolo.<\/p>\n<p style=\"text-align: justify;\"><a href=\"https:\/\/eremos.eu\/wp-content\/uploads\/2015\/08\/1030.jpg\"><img loading=\"lazy\" decoding=\"async\" class=\"alignleft wp-image-3837 size-medium\" src=\"https:\/\/eremos.eu\/wp-content\/uploads\/2015\/08\/1030-300x276.jpg\" alt=\"10\" width=\"300\" height=\"276\" srcset=\"https:\/\/eremos.eu\/wp-content\/uploads\/2015\/08\/1030-300x276.jpg 300w, https:\/\/eremos.eu\/wp-content\/uploads\/2015\/08\/1030.jpg 422w\" sizes=\"auto, (max-width: 300px) 100vw, 300px\" \/><\/a><\/p>\n<p><a href=\"https:\/\/eremos.eu\/wp-content\/uploads\/2015\/08\/10a10.jpg\"><img loading=\"lazy\" decoding=\"async\" class=\"wp-image-3838 alignnone\" src=\"https:\/\/eremos.eu\/wp-content\/uploads\/2015\/08\/10a10-300x296.jpg\" alt=\"10a\" width=\"280\" height=\"276\" srcset=\"https:\/\/eremos.eu\/wp-content\/uploads\/2015\/08\/10a10-300x296.jpg 300w, https:\/\/eremos.eu\/wp-content\/uploads\/2015\/08\/10a10.jpg 391w\" sizes=\"auto, (max-width: 280px) 100vw, 280px\" \/><\/a><\/p>\n<hr \/>\n<p><strong><a href=\"https:\/\/eremos.eu\/wp-content\/uploads\/2015\/08\/1124.jpg\"><img loading=\"lazy\" decoding=\"async\" class=\"alignright wp-image-3839\" src=\"https:\/\/eremos.eu\/wp-content\/uploads\/2015\/08\/1124-300x224.jpg\" alt=\"11\" width=\"281\" height=\"210\" srcset=\"https:\/\/eremos.eu\/wp-content\/uploads\/2015\/08\/1124-300x224.jpg 300w, https:\/\/eremos.eu\/wp-content\/uploads\/2015\/08\/1124.jpg 644w\" sizes=\"auto, (max-width: 281px) 100vw, 281px\" \/><\/a>EREMO DI SAN SOSTENE<\/strong> (Chiesa e romitorio &#8211; XVII secolo)<\/p>\n<p>Localit\u00e0: <strong>Mili San Pietro di Messina<\/strong> (ME)<\/p>\n<p style=\"text-align: justify;\">L\u2019eremo di San Sostene, in cima ad un poggio che domina la frazione di Mili San Pietro, conserva al suo interno la statua marmorea del Santo al disopra d\u2019un altare del Settecento pregevolmente intarsiato e ricco di simboli inequivocabilmente greci, tanto da far supporre che gli eremiti che lo hanno abitato siano stati osservanti delle regole di San Basilio.<\/p>\n<hr \/>\n<p><strong><a href=\"https:\/\/eremos.eu\/wp-content\/uploads\/2015\/08\/12c8.jpg\"><img loading=\"lazy\" decoding=\"async\" class=\"alignright wp-image-3843\" src=\"https:\/\/eremos.eu\/wp-content\/uploads\/2015\/08\/12c8-226x300.jpg\" alt=\"12c\" width=\"204\" height=\"270\" srcset=\"https:\/\/eremos.eu\/wp-content\/uploads\/2015\/08\/12c8-226x300.jpg 226w, https:\/\/eremos.eu\/wp-content\/uploads\/2015\/08\/12c8.jpg 227w\" sizes=\"auto, (max-width: 204px) 100vw, 204px\" \/><\/a>SANTUARIO DELLA MADONNA DELLA ROCCA<\/strong> (Cappella semirupestre &#8211; XII secolo)<\/p>\n<p>Localit\u00e0: <strong>Taormina<\/strong> (ME)<\/p>\n<p style=\"text-align: justify;\">Il santuario di Santa Maria della Rocca, cos\u00ec chiamato per il fatto che venne realizzato scolpendo la roccia, si erge sull\u2019altura che domina Taormina e, secondo la tradizione, occupa la grotta in cui un pastorello, rifugiatosi per ripararsi da un temporale, vide apparire una signora con un bambino in braccio. Divenuto ben presto meta di pellegrinaggio il santuario \u00e8 stato poi accompagnato dalla nascita di un piccolo monastero basiliano &#8211; da tempo abbandonato &#8211; che si staglia dietro la chiesa, proprio sul ciglio del dirupo.<\/p>\n<p><a href=\"https:\/\/eremos.eu\/wp-content\/uploads\/2015\/08\/12a11.jpg\"><img loading=\"lazy\" decoding=\"async\" class=\"alignleft wp-image-3842 size-medium\" src=\"https:\/\/eremos.eu\/wp-content\/uploads\/2015\/08\/12a11-300x177.jpg\" alt=\"12a\" width=\"300\" height=\"177\" srcset=\"https:\/\/eremos.eu\/wp-content\/uploads\/2015\/08\/12a11-300x177.jpg 300w, https:\/\/eremos.eu\/wp-content\/uploads\/2015\/08\/12a11.jpg 634w\" sizes=\"auto, (max-width: 300px) 100vw, 300px\" \/><\/a><\/p>\n<p><a href=\"https:\/\/eremos.eu\/wp-content\/uploads\/2015\/08\/12b10.jpg\"><img loading=\"lazy\" decoding=\"async\" class=\"wp-image-3841 alignnone\" src=\"https:\/\/eremos.eu\/wp-content\/uploads\/2015\/08\/12b10-300x169.jpg\" alt=\"12b\" width=\"315\" height=\"177\" srcset=\"https:\/\/eremos.eu\/wp-content\/uploads\/2015\/08\/12b10-300x169.jpg 300w, https:\/\/eremos.eu\/wp-content\/uploads\/2015\/08\/12b10.jpg 500w\" sizes=\"auto, (max-width: 315px) 100vw, 315px\" \/><\/a><\/p>\n<hr \/>\n<h3><span style=\"color: #0000ff;\"><strong>COSTA TIRRENICA OCCIDENTALE<\/strong><\/span><\/h3>\n<p><strong><a href=\"https:\/\/eremos.eu\/wp-content\/uploads\/2015\/08\/37a5.jpg\"><img loading=\"lazy\" decoding=\"async\" class=\"alignright wp-image-3945 size-medium\" src=\"https:\/\/eremos.eu\/wp-content\/uploads\/2015\/08\/37a5-204x300.jpg\" alt=\"37a\" width=\"204\" height=\"300\" srcset=\"https:\/\/eremos.eu\/wp-content\/uploads\/2015\/08\/37a5-204x300.jpg 204w, https:\/\/eremos.eu\/wp-content\/uploads\/2015\/08\/37a5.jpg 695w\" sizes=\"auto, (max-width: 204px) 100vw, 204px\" \/><\/a>GROTTA DEL BEATO GIOVANNI LICCIO<\/strong> (Romitorio rupestre &#8211; XVI secolo)<\/p>\n<p>Localit\u00e0: <strong>Contrada Chiarchiaro, Caccamo<\/strong> (PA)<\/p>\n<p>Sub-area:\u00a0<span style=\"color: #0000ff;\">Val di Mazara<\/span><\/p>\n<p style=\"text-align: justify;\">La grotta del Beato Giovanni Liccio \u00e8 l\u2019angusta cavit\u00e0 naturale che si apre sull\u2019altura che sovrasta la contrada Chiarchiaro di Caccamo dove il frate domenicano piuttosto avanti negli anni soleva spesso ritirarsi, sottraendosi agli occhi ed alla vicinanza dei compagni, per pregare in ginocchio (nonostante le gambe piagate), dormire sulla nuda terra poggiando il capo su un sasso o, peggio, flagellare a sangue il suo gi\u00e0 debole corpo. Ovviamente il luogo di culto \u00e8 da sempre meta di un incessante pellegrinaggio da parte delle popolazioni locali.<\/p>\n<p><a href=\"https:\/\/eremos.eu\/wp-content\/uploads\/2015\/08\/376.jpg\"><img loading=\"lazy\" decoding=\"async\" class=\"alignleft wp-image-3942 size-medium\" src=\"https:\/\/eremos.eu\/wp-content\/uploads\/2015\/08\/376-300x190.jpg\" alt=\"37\" width=\"300\" height=\"190\" srcset=\"https:\/\/eremos.eu\/wp-content\/uploads\/2015\/08\/376-300x190.jpg 300w, https:\/\/eremos.eu\/wp-content\/uploads\/2015\/08\/376.jpg 496w\" sizes=\"auto, (max-width: 300px) 100vw, 300px\" \/><\/a><a href=\"https:\/\/eremos.eu\/wp-content\/uploads\/2015\/08\/37b7.jpg\"><img loading=\"lazy\" decoding=\"async\" class=\"wp-image-3944 alignnone\" src=\"https:\/\/eremos.eu\/wp-content\/uploads\/2015\/08\/37b7-300x202.jpg\" alt=\"37b\" width=\"282\" height=\"190\" srcset=\"https:\/\/eremos.eu\/wp-content\/uploads\/2015\/08\/37b7-300x202.jpg 300w, https:\/\/eremos.eu\/wp-content\/uploads\/2015\/08\/37b7-1024x690.jpg 1024w, https:\/\/eremos.eu\/wp-content\/uploads\/2015\/08\/37b7.jpg 1049w\" sizes=\"auto, (max-width: 282px) 100vw, 282px\" \/><\/a><\/p>\n<hr \/>\n<p><strong>GROTTA DI SANTA LUCIA O DELLA MONTAGNOLA<\/strong> (Romitorio rupestre &#8211; XII secolo)<\/p>\n<p><a href=\"https:\/\/eremos.eu\/wp-content\/uploads\/2015\/08\/38a11.jpg\"><img loading=\"lazy\" decoding=\"async\" class=\"alignright wp-image-5656 size-full\" src=\"https:\/\/eremos.eu\/wp-content\/uploads\/2015\/08\/38a11.jpg\" alt=\"38a\" width=\"183\" height=\"272\" \/><\/a>Localit\u00e0: <strong>Capaci<\/strong> (PA)<\/p>\n<p>Sub-area:\u00a0<span style=\"color: #0000ff;\">Val di Mazara<\/span><\/p>\n<p style=\"text-align: justify;\">La grotta di Santa Rosalia o della Montagnola, la cavit\u00e0 naturale che si apre ai piedi di monte Raffo, secondo la tradizione \u00e8 il luogo dove la Santa, patrona di Palermo, dimor\u00f2 per un breve periodo prima di raggiungere l\u2019eremo di monte <a href=\"https:\/\/eremos.eu\/wp-content\/uploads\/2015\/08\/3813.jpg\"><img loading=\"lazy\" decoding=\"async\" class=\"alignleft size-medium wp-image-5657\" src=\"https:\/\/eremos.eu\/wp-content\/uploads\/2015\/08\/3813-300x212.jpg\" alt=\"38\" width=\"300\" height=\"212\" srcset=\"https:\/\/eremos.eu\/wp-content\/uploads\/2015\/08\/3813-300x212.jpg 300w, https:\/\/eremos.eu\/wp-content\/uploads\/2015\/08\/3813.jpg 521w\" sizes=\"auto, (max-width: 300px) 100vw, 300px\" \/><\/a>Pellegrino, meta del viaggio ascetico iniziato qualche anno prima dai monti della Quisquina. All\u2019interno, un piccolo altare ed una nicchia che accoglie l\u2019effigie lignea della Santa supinamente distesa. Il santuario rupestre, cui si accede mediante una gradinata intagliata nella roccia, si avvale di una semplice e sobria facciata in conci di tufo realizzata nel XVIII secolo.<\/p>\n<hr \/>\n<p><strong><a href=\"https:\/\/eremos.eu\/wp-content\/uploads\/2015\/08\/3913.jpg\"><img loading=\"lazy\" decoding=\"async\" class=\"alignright wp-image-5658\" src=\"https:\/\/eremos.eu\/wp-content\/uploads\/2015\/08\/3913.jpg\" alt=\"39\" width=\"176\" height=\"240\" \/><\/a>GROTTA DI SANTA MARGHERITA<\/strong> (Chiesa e romitorio rupestri &#8211; XI-XII secolo)<\/p>\n<p>Localit\u00e0: <strong>Castellammare del Golfo<\/strong> (TP) \u00a0 \u00a0 \u00a0 \u00a0 \u00a0 Sub-area:\u00a0<span style=\"color: #0000ff;\">Val di Mazara<\/span><\/p>\n<p style=\"text-align: justify;\">Le origini cultuali della grotta di Santa Margherita, seminascosta dalla folta vegetazione mediterranea sul costone roccioso prospiciente il mare del golfo, sono piuttosto incerte e, a parte un probabile utilizzo (fine dell\u2019XI secolo) come luogo <a href=\"https:\/\/eremos.eu\/wp-content\/uploads\/2015\/08\/39c5.jpg\"><img loading=\"lazy\" decoding=\"async\" class=\"alignleft wp-image-5659\" src=\"https:\/\/eremos.eu\/wp-content\/uploads\/2015\/08\/39c5-219x300.jpg\" alt=\"39c\" width=\"208\" height=\"285\" srcset=\"https:\/\/eremos.eu\/wp-content\/uploads\/2015\/08\/39c5-219x300.jpg 219w, https:\/\/eremos.eu\/wp-content\/uploads\/2015\/08\/39c5.jpg 220w\" sizes=\"auto, (max-width: 208px) 100vw, 208px\" \/><\/a>ascetico temporaneo di un gruppo di monaci provenienti dal monastero basiliano di Santa Maria del Bosco nei pressi di Vicari, possiamo solo rifarci alla datazione delle pitture rupestri presenti al suo interno che attestano la presenza eremitica tra il XIII ed il XIV secolo. Gli affreschi bizantini, che si sviluppano sulle pareti laterali subito oltre l\u2019accesso, riguardano un ciclo iconografico che raffigura un pesce marino, santa Margherita, la <i>Beata Vergine con Bambino <\/i>(del genere <i>theot<\/i><i>\u00f3<\/i><i>kos)<\/i> ed un Santo non identificabile, forse san Pietro o san Paolo. La grotta, lunga all\u2019incirca una decina di metri, \u00e8 distinta in due ambienti pressoch\u00e9 separati: quello iniziale che, sfruttando la cavit\u00e0 rocciosa come un grande catino absidale, veniva dedicato al culto, l\u2019altro pi\u00f9 in fondo che svolgeva le funzioni di romitorio.<\/p>\n<p><a href=\"https:\/\/eremos.eu\/wp-content\/uploads\/2015\/08\/39a7.jpg\"><img loading=\"lazy\" decoding=\"async\" class=\"alignleft wp-image-3951 size-medium\" src=\"https:\/\/eremos.eu\/wp-content\/uploads\/2015\/08\/39a7-300x225.jpg\" alt=\"39a\" width=\"300\" height=\"225\" srcset=\"https:\/\/eremos.eu\/wp-content\/uploads\/2015\/08\/39a7-300x225.jpg 300w, https:\/\/eremos.eu\/wp-content\/uploads\/2015\/08\/39a7-1024x768.jpg 1024w, https:\/\/eremos.eu\/wp-content\/uploads\/2015\/08\/39a7.jpg 1030w\" sizes=\"auto, (max-width: 300px) 100vw, 300px\" \/><\/a><\/p>\n<p><a href=\"https:\/\/eremos.eu\/wp-content\/uploads\/2015\/08\/Grotta_SantaMargherita_affreschi_TpOggi.jpg\"><img loading=\"lazy\" decoding=\"async\" class=\"wp-image-3948 alignnone\" src=\"https:\/\/eremos.eu\/wp-content\/uploads\/2015\/08\/Grotta_SantaMargherita_affreschi_TpOggi-300x200.jpg\" alt=\"\" width=\"338\" height=\"225\" srcset=\"https:\/\/eremos.eu\/wp-content\/uploads\/2015\/08\/Grotta_SantaMargherita_affreschi_TpOggi-300x200.jpg 300w, https:\/\/eremos.eu\/wp-content\/uploads\/2015\/08\/Grotta_SantaMargherita_affreschi_TpOggi.jpg 750w\" sizes=\"auto, (max-width: 338px) 100vw, 338px\" \/><\/a><\/p>\n<hr \/>\n<p><strong><a href=\"https:\/\/eremos.eu\/wp-content\/uploads\/2015\/08\/40b7.jpg\"><img loading=\"lazy\" decoding=\"async\" class=\"alignright wp-image-5660\" src=\"https:\/\/eremos.eu\/wp-content\/uploads\/2015\/08\/40b7-225x300.jpg\" alt=\"40b\" width=\"165\" height=\"220\" srcset=\"https:\/\/eremos.eu\/wp-content\/uploads\/2015\/08\/40b7-225x300.jpg 225w, https:\/\/eremos.eu\/wp-content\/uploads\/2015\/08\/40b7.jpg 716w\" sizes=\"auto, (max-width: 165px) 100vw, 165px\" \/><\/a>EREMO DELLA MANCUSA<\/strong> (Chiesa e romitorio &#8211; XVIII secolo)<\/p>\n<p>Localit\u00e0: <strong>Giardinello<\/strong> (PA)<\/p>\n<p>Sub-area:\u00a0<span style=\"color: #0000ff;\">Val di Mazara<\/span><\/p>\n<p style=\"text-align: justify;\">L\u2019eremo della Mancusa viene edificato nella prima met\u00e0 del Cinquecento da Girolamo Lanza, fondatore di una comunit\u00e0 eremitica osservante la regola francescana: la stessa in cui entrer\u00e0 e che, alla sua morte, sar\u00e0 scelto a guidare San Benedetto il Moro, prima di trasferirsi sul monte Pellegrino a Palermo<\/p>\n<p><a href=\"https:\/\/eremos.eu\/wp-content\/uploads\/2015\/08\/409.jpg\"><img loading=\"lazy\" decoding=\"async\" class=\"alignleft wp-image-3952\" src=\"https:\/\/eremos.eu\/wp-content\/uploads\/2015\/08\/409-300x225.jpg\" alt=\"40\" width=\"267\" height=\"200\" srcset=\"https:\/\/eremos.eu\/wp-content\/uploads\/2015\/08\/409-300x225.jpg 300w, https:\/\/eremos.eu\/wp-content\/uploads\/2015\/08\/409.jpg 318w\" sizes=\"auto, (max-width: 267px) 100vw, 267px\" \/><\/a><\/p>\n<p><a href=\"https:\/\/eremos.eu\/wp-content\/uploads\/2015\/08\/40a9.jpg\"><img loading=\"lazy\" decoding=\"async\" class=\"wp-image-5661 alignnone\" src=\"https:\/\/eremos.eu\/wp-content\/uploads\/2015\/08\/40a9.jpg\" alt=\"40a\" width=\"268\" height=\"200\" \/><\/a><\/p>\n<hr \/>\n<p><b>EREMO DI SAN CALOGERO <\/b>(Ruderi di chiesa e romitorio &#8211; IV secolo)<\/p>\n<p>Localit\u00e0: <strong>Termini Imerese<\/strong> (PA) \u00a0 \u00a0 \u00a0 \u00a0 \u00a0 \u00a0 \u00a0 \u00a0 \u00a0 \u00a0 \u00a0 \u00a0 \u00a0 \u00a0 \u00a0 \u00a0 \u00a0 \u00a0 \u00a0 \u00a0 \u00a0 Sub-area: <span style=\"color: #0000ff;\">Val di Mazara<\/span><\/p>\n<p style=\"text-align: justify;\"><a href=\"https:\/\/eremos.eu\/wp-content\/uploads\/2015\/08\/4113.jpg\"><img loading=\"lazy\" decoding=\"async\" class=\"alignright size-medium wp-image-3954\" src=\"https:\/\/eremos.eu\/wp-content\/uploads\/2015\/08\/4113-300x192.jpg\" alt=\"41\" width=\"300\" height=\"192\" srcset=\"https:\/\/eremos.eu\/wp-content\/uploads\/2015\/08\/4113-300x192.jpg 300w, https:\/\/eremos.eu\/wp-content\/uploads\/2015\/08\/4113.jpg 415w\" sizes=\"auto, (max-width: 300px) 100vw, 300px\" \/><\/a>I poveri resti di quello che fu l\u2019antico eremo di San Calogero, realizzato nel IV secolo in cima al monte Euraco (1.326 m\/slm), l\u2019odierno monte San Calogero, sono ancora l\u00ec a testimoniare la sacralit\u00e0 del luogo dove il santo predicatore si rifugi\u00f2 dalle persecuzioni degli imperatori Diocleziano e Massimino. La chiesetta, restaurata una prima volta nel IX secolo da san Teotista, divenne per molti secoli meta di pellegrinaggio al santo patrono. L\u2019ultimo documento che l\u2019attesta \u00e8 del 1790, allorquando si decise di effettuare un restauro. Oggi della chiesa rimangono solo alcuni spezzoni dei muri perimetrali in pietra.<\/p>\n<hr \/>\n<h3><span style=\"color: #0000ff;\"><strong>COSTA TIRRENICA ORIENTALE<\/strong><\/span><\/h3>\n<p><strong><a href=\"https:\/\/eremos.eu\/wp-content\/uploads\/2015\/08\/13c5.jpg\"><img loading=\"lazy\" decoding=\"async\" class=\"alignright wp-image-3846\" src=\"https:\/\/eremos.eu\/wp-content\/uploads\/2015\/08\/13c5-199x300.jpg\" alt=\"13c\" width=\"186\" height=\"280\" srcset=\"https:\/\/eremos.eu\/wp-content\/uploads\/2015\/08\/13c5-199x300.jpg 199w, https:\/\/eremos.eu\/wp-content\/uploads\/2015\/08\/13c5.jpg 333w\" sizes=\"auto, (max-width: 186px) 100vw, 186px\" \/><\/a>SANTUARIO DI SANT&#8217;ANTONIO DA PADOVA<\/strong> (Chiesa semirupestre &#8211; XVI secolo)<\/p>\n<p>Localit\u00e0: <strong>Milazzo<\/strong> (ME)<\/p>\n<p style=\"text-align: justify;\">Il santuario di Sant\u2019Antonio da Padova viene edificato nel 1575 scavando ed inglobando la grotta eremitica in cui qualche secolo prima (1221) si era rifugiato il missionario portoghese, naufrago sulle costa del Capo nel corso di uno sfortunato viaggio per mare verso Lisbona. L\u2019edificio sacro di oggi, con l\u2019adiacente canonica, \u00e8 frutto di rifacimenti eseguiti in tre epoche diverse: il portale in pietra del 1699, l\u2019altare maggiore con la statua lignea del Santo, i bassorilievi in stucco che ne rappresentano l\u2019iconografia sulle lastre marmoree che rivestono le pareti laterali, sono elementi significativi delle risorse profuse dalla devozione locale.<\/p>\n<p><a href=\"https:\/\/eremos.eu\/wp-content\/uploads\/2015\/08\/13a10.jpg\"><img loading=\"lazy\" decoding=\"async\" class=\"alignleft size-medium wp-image-3844\" src=\"https:\/\/eremos.eu\/wp-content\/uploads\/2015\/08\/13a10-300x198.jpg\" alt=\"13a\" width=\"300\" height=\"198\" srcset=\"https:\/\/eremos.eu\/wp-content\/uploads\/2015\/08\/13a10-300x198.jpg 300w, https:\/\/eremos.eu\/wp-content\/uploads\/2015\/08\/13a10.jpg 496w\" sizes=\"auto, (max-width: 300px) 100vw, 300px\" \/><\/a><a href=\"https:\/\/eremos.eu\/wp-content\/uploads\/2015\/08\/13b8.jpg\"><img loading=\"lazy\" decoding=\"async\" class=\"size-medium wp-image-3845 alignnone\" src=\"https:\/\/eremos.eu\/wp-content\/uploads\/2015\/08\/13b8-300x200.jpg\" alt=\"13b\" width=\"300\" height=\"200\" srcset=\"https:\/\/eremos.eu\/wp-content\/uploads\/2015\/08\/13b8-300x200.jpg 300w, https:\/\/eremos.eu\/wp-content\/uploads\/2015\/08\/13b8-1024x681.jpg 1024w, https:\/\/eremos.eu\/wp-content\/uploads\/2015\/08\/13b8.jpg 1045w\" sizes=\"auto, (max-width: 300px) 100vw, 300px\" \/><\/a><\/p>\n<hr \/>\n<p><strong><a href=\"https:\/\/eremos.eu\/wp-content\/uploads\/2015\/08\/14a16.jpg\"><img loading=\"lazy\" decoding=\"async\" class=\"alignright wp-image-5662\" src=\"https:\/\/eremos.eu\/wp-content\/uploads\/2015\/08\/14a16-201x300.jpg\" alt=\"14a\" width=\"201\" height=\"300\" srcset=\"https:\/\/eremos.eu\/wp-content\/uploads\/2015\/08\/14a16-201x300.jpg 201w, https:\/\/eremos.eu\/wp-content\/uploads\/2015\/08\/14a16.jpg 215w\" sizes=\"auto, (max-width: 201px) 100vw, 201px\" \/><\/a>GROTTA DELL&#8217;APOSTOLO<\/strong> (Chiesa rupestre &#8211; XI-XIII secolo)<\/p>\n<p>Localit\u00e0: <strong>Contrada Monte, Patti<\/strong> (ME)<\/p>\n<p style=\"text-align: justify;\">La cosiddetta grotta dell\u2019Apostolo o \u201cdu Pist\u00f2lu&#8221; rappresenta uno dei pochi esempi di architettura sacra rupestre nel messinese, sebbene la presenza di un&#8217;area rupestre antropizzata sia gi\u00e0 attestata in un documento ecclesiale del <a href=\"https:\/\/eremos.eu\/wp-content\/uploads\/2015\/08\/1425.jpg\"><img loading=\"lazy\" decoding=\"async\" class=\"alignleft wp-image-5663\" src=\"https:\/\/eremos.eu\/wp-content\/uploads\/2015\/08\/1425-300x200.jpg\" alt=\"14\" width=\"285\" height=\"190\" srcset=\"https:\/\/eremos.eu\/wp-content\/uploads\/2015\/08\/1425-300x200.jpg 300w, https:\/\/eremos.eu\/wp-content\/uploads\/2015\/08\/1425.jpg 720w\" sizes=\"auto, (max-width: 285px) 100vw, 285px\" \/><\/a>1094. Per il resto questa chiesetta rupestre, pur presentando un impianto bizantino, dal punto di vista architettonico (come, ad esempio, nella volta dell\u2019aula interna) rievoca il gusto arabo-normanno, mentre le sbiadite tracce decorative tradiscono una sensibilit\u00e0 tipicamente romanica.<\/p>\n<hr \/>\n<h3><span style=\"color: #0000ff;\"><strong>ETNA<\/strong><\/span><\/h3>\n<p><strong>GROTTA DEL BEATO NICOLA DI ADERN\u00d2<\/strong> (Romitorio rupestre &#8211; XII secolo)<\/p>\n<p>Localit\u00e0: <strong>Contrada Aspicuddu, Adrano<\/strong> (CT) \u00a0 \u00a0 \u00a0 \u00a0 \u00a0 \u00a0 Sub-area: <span style=\"color: #0000ff;\">Parco Regionale dell&#8217;Etna<\/span><\/p>\n<p style=\"text-align: justify;\">La grotta del Beato Nicola di Adern\u00f2, nota anche come \u201cgrotta di Aspicuddu\u201d dall\u2019omonima contrada nel territorio adranese, \u00e8 l\u2019aspra cavit\u00e0 di scorrimento lavico alle pendici dell\u2019Etna scelta come dimora eremitica dall\u2019appena diciassettenne Nicola (Nicol\u00f2) Politi allorquando decise di fuggire dalla nobile casa paterna e dalle nozze imposte per contrastare la vocazione di consacrarsi a Cristo. Qui il Santo <i>in pectore <\/i>vivr\u00e0 in preghiera e penitenza per tre lunghi anni, dal 1134 al 1137, fin quando non sar\u00e0 costretto a ricercare un altro e pi\u00f9 lontano luogo solitario (l\u2019eremo di monte Calanna) temendo di essere scoperto e raggiunto dai suoi genitori.<\/p>\n<p style=\"text-align: justify;\"><a href=\"https:\/\/eremos.eu\/wp-content\/uploads\/2015\/08\/1518.jpg\"><img loading=\"lazy\" decoding=\"async\" class=\"alignleft wp-image-3849 size-medium\" src=\"https:\/\/eremos.eu\/wp-content\/uploads\/2015\/08\/1518-300x223.jpg\" alt=\"15\" width=\"300\" height=\"223\" srcset=\"https:\/\/eremos.eu\/wp-content\/uploads\/2015\/08\/1518-300x223.jpg 300w, https:\/\/eremos.eu\/wp-content\/uploads\/2015\/08\/1518-1024x761.jpg 1024w, https:\/\/eremos.eu\/wp-content\/uploads\/2015\/08\/1518.jpg 1044w\" sizes=\"auto, (max-width: 300px) 100vw, 300px\" \/><\/a><a href=\"https:\/\/eremos.eu\/wp-content\/uploads\/2015\/08\/15b9.jpg\"><img loading=\"lazy\" decoding=\"async\" class=\"wp-image-3850 alignnone\" src=\"https:\/\/eremos.eu\/wp-content\/uploads\/2015\/08\/15b9-300x224.jpg\" alt=\"15b\" width=\"298\" height=\"223\" srcset=\"https:\/\/eremos.eu\/wp-content\/uploads\/2015\/08\/15b9-300x224.jpg 300w, https:\/\/eremos.eu\/wp-content\/uploads\/2015\/08\/15b9.jpg 483w\" sizes=\"auto, (max-width: 298px) 100vw, 298px\" \/><\/a><\/p>\n<hr \/>\n<h3><span style=\"color: #0000ff;\"><strong>MADONIE<\/strong><\/span><\/h3>\n<p><strong><a href=\"https:\/\/eremos.eu\/wp-content\/uploads\/2015\/08\/16a14.jpg\"><img loading=\"lazy\" decoding=\"async\" class=\"alignright wp-image-5664\" src=\"https:\/\/eremos.eu\/wp-content\/uploads\/2015\/08\/16a14-225x300.jpg\" alt=\"16a\" width=\"210\" height=\"280\" srcset=\"https:\/\/eremos.eu\/wp-content\/uploads\/2015\/08\/16a14-225x300.jpg 225w, https:\/\/eremos.eu\/wp-content\/uploads\/2015\/08\/16a14.jpg 717w\" sizes=\"auto, (max-width: 210px) 100vw, 210px\" \/><\/a>CHIESA DELLE ANIME SANTE<\/strong> (Cappella rupestre &#8211; XX secolo)<\/p>\n<p>Localit\u00e0: <strong>Contrada Terravecchia, Caltavuturo<\/strong> (PA)<\/p>\n<p>Sub-area: <span style=\"color: #0000ff;\">Parco Regionale delle Madonie<\/span><\/p>\n<p style=\"text-align: justify;\">La chiesetta rupestre delle Anime Sante, edificata nel 1933 in occasione del <a href=\"https:\/\/eremos.eu\/wp-content\/uploads\/2015\/08\/1620.jpg\"><img loading=\"lazy\" decoding=\"async\" class=\"alignleft wp-image-5665\" src=\"https:\/\/eremos.eu\/wp-content\/uploads\/2015\/08\/1620.jpg\" alt=\"16\" width=\"255\" height=\"190\" \/><\/a>Giubileo, \u00e8 incastonata in un anfratto naturale delle alture di Terravecchia appena fuori l\u2019abitato. All\u2019interno, un piccolo altare \u00e8 sovrastato da un quadro che raffigura la <i>Madonna del Carmelo <\/i>con le \u201canime sante\u201d affiancata da una tela con san Michele arcangelo. La chiesa \u00e8 stata da poco riaperta, dopo un lungo e provvidenziale restauro.<\/p>\n<hr \/>\n<h3><span style=\"color: #0000ff;\"><strong>MONTI EREI<\/strong><\/span><\/h3>\n<p><strong>CAPPELLA BIZANTINA DI SANTA MARIA LA MENDOLA<\/strong> (Oratorio rupestre &#8211; X-XI secolo)<\/p>\n<p>Localit\u00e0: <strong>Assoro<\/strong> (EN) \u00a0 \u00a0 \u00a0 \u00a0 \u00a0 \u00a0 \u00a0 \u00a0 \u00a0 \u00a0 \u00a0 \u00a0 \u00a0 \u00a0 \u00a0 \u00a0 \u00a0 \u00a0 \u00a0 \u00a0 \u00a0 \u00a0 \u00a0 \u00a0 \u00a0Sub-area: <span style=\"color: #0000ff;\">Valle del Dittaino<\/span><\/p>\n<p style=\"text-align: justify;\">La cappella bizantina di Santa Maria La Mendola o della Madonna Medica \u00e8 allocata all\u2019interno di una cavit\u00e0 rupestre appena fuori l\u2019abitato di Assoro. L\u2019ipogeo mariano, probabilmente sede di un culto pagano pi\u00f9 antico, conserva tracce pittoriche di un\u2019iconografia di san Leone, vescovo di Catania, e di santa Petronilla.<\/p>\n<p><a href=\"https:\/\/eremos.eu\/wp-content\/uploads\/2015\/08\/1712.jpg\"><img loading=\"lazy\" decoding=\"async\" class=\"alignleft size-medium wp-image-3853\" src=\"https:\/\/eremos.eu\/wp-content\/uploads\/2015\/08\/1712-300x203.jpg\" alt=\"17\" width=\"300\" height=\"203\" srcset=\"https:\/\/eremos.eu\/wp-content\/uploads\/2015\/08\/1712-300x203.jpg 300w, https:\/\/eremos.eu\/wp-content\/uploads\/2015\/08\/1712.jpg 806w\" sizes=\"auto, (max-width: 300px) 100vw, 300px\" \/><\/a><\/p>\n<p><a href=\"https:\/\/eremos.eu\/wp-content\/uploads\/2015\/08\/17a7.jpg\"><img loading=\"lazy\" decoding=\"async\" class=\"size-medium wp-image-3854 alignnone\" src=\"https:\/\/eremos.eu\/wp-content\/uploads\/2015\/08\/17a7-300x204.jpg\" alt=\"17a\" width=\"300\" height=\"204\" srcset=\"https:\/\/eremos.eu\/wp-content\/uploads\/2015\/08\/17a7-300x204.jpg 300w, https:\/\/eremos.eu\/wp-content\/uploads\/2015\/08\/17a7.jpg 787w\" sizes=\"auto, (max-width: 300px) 100vw, 300px\" \/><\/a><\/p>\n<hr \/>\n<p><strong>CENOBIO BIZANTINO DI CANALOTTO<\/strong> (Cenobio rupestre &#8211; VI secolo)<\/p>\n<p>Localit\u00e0: <strong>Contrada Canalotto, Calascibetta<\/strong> (EN) \u00a0 \u00a0 \u00a0 \u00a0 \u00a0 \u00a0 \u00a0 \u00a0 \u00a0 \u00a0 \u00a0 \u00a0\u00a0Sub-area: <span style=\"color: #0000ff;\">Valle del Dittaino<\/span><\/p>\n<p style=\"text-align: justify;\">In un vallone della contrada Canalotto, nei pressi del santuario della Madonna del Buonriposo, a pochi chilometri dal centro abitato, si ritrova un interessante insediamento rupestre d\u2019epoca tardoromana-bizantina che, utilizzando scientemente una rientranza di roccia arenaria profonda qualche decina di metri nella parte iniziale del vallone, sviluppa una trentina di ambienti ipogei anche a pi\u00f9 piani. La due chiese rupestri, con impianto basilicale a navata unica, occupano due ambienti soprastanti nelle cui pareti sono state ricavate nicchie e bacheche, e sanciscono la presenza di un originario cenobio bizantino attorno al quale si \u00e8 via via aggregato il nucleo abitativo.<\/p>\n<p><a href=\"https:\/\/eremos.eu\/wp-content\/uploads\/2015\/08\/18b9.jpg\"><img loading=\"lazy\" decoding=\"async\" class=\"alignleft wp-image-3859 size-medium\" src=\"https:\/\/eremos.eu\/wp-content\/uploads\/2015\/08\/18b9-300x190.jpg\" alt=\"18b\" width=\"300\" height=\"190\" srcset=\"https:\/\/eremos.eu\/wp-content\/uploads\/2015\/08\/18b9-300x190.jpg 300w, https:\/\/eremos.eu\/wp-content\/uploads\/2015\/08\/18b9.jpg 789w\" sizes=\"auto, (max-width: 300px) 100vw, 300px\" \/><\/a><\/p>\n<p><a href=\"https:\/\/eremos.eu\/wp-content\/uploads\/2015\/08\/18d3.jpg\"><img loading=\"lazy\" decoding=\"async\" class=\"wp-image-3860 alignnone\" src=\"https:\/\/eremos.eu\/wp-content\/uploads\/2015\/08\/18d3-300x199.jpg\" alt=\"18d\" width=\"287\" height=\"190\" srcset=\"https:\/\/eremos.eu\/wp-content\/uploads\/2015\/08\/18d3-300x199.jpg 300w, https:\/\/eremos.eu\/wp-content\/uploads\/2015\/08\/18d3.jpg 546w\" sizes=\"auto, (max-width: 287px) 100vw, 287px\" \/><\/a><\/p>\n<p><a href=\"https:\/\/eremos.eu\/wp-content\/uploads\/2015\/08\/villaggio-bizantino.jpg\"><img loading=\"lazy\" decoding=\"async\" class=\"alignleft wp-image-3862 size-medium\" src=\"https:\/\/eremos.eu\/wp-content\/uploads\/2015\/08\/villaggio-bizantino-300x199.jpg\" alt=\"\" width=\"300\" height=\"199\" srcset=\"https:\/\/eremos.eu\/wp-content\/uploads\/2015\/08\/villaggio-bizantino-300x199.jpg 300w, https:\/\/eremos.eu\/wp-content\/uploads\/2015\/08\/villaggio-bizantino-1024x680.jpg 1024w, https:\/\/eremos.eu\/wp-content\/uploads\/2015\/08\/villaggio-bizantino.jpg 1196w\" sizes=\"auto, (max-width: 300px) 100vw, 300px\" \/><\/a><\/p>\n<p><a href=\"https:\/\/eremos.eu\/wp-content\/uploads\/2015\/08\/1811.jpg\"><img loading=\"lazy\" decoding=\"async\" class=\"wp-image-3861 alignnone\" src=\"https:\/\/eremos.eu\/wp-content\/uploads\/2015\/08\/1811-300x205.jpg\" alt=\"18\" width=\"291\" height=\"199\" srcset=\"https:\/\/eremos.eu\/wp-content\/uploads\/2015\/08\/1811-300x205.jpg 300w, https:\/\/eremos.eu\/wp-content\/uploads\/2015\/08\/1811.jpg 606w\" sizes=\"auto, (max-width: 291px) 100vw, 291px\" \/><\/a><\/p>\n<p><a href=\"https:\/\/eremos.eu\/wp-content\/uploads\/2015\/08\/18e1.jpg\"><img loading=\"lazy\" decoding=\"async\" class=\"alignleft wp-image-3858 size-medium\" src=\"https:\/\/eremos.eu\/wp-content\/uploads\/2015\/08\/18e1-300x200.jpg\" alt=\"18e\" width=\"300\" height=\"200\" srcset=\"https:\/\/eremos.eu\/wp-content\/uploads\/2015\/08\/18e1-300x200.jpg 300w, https:\/\/eremos.eu\/wp-content\/uploads\/2015\/08\/18e1.jpg 713w\" sizes=\"auto, (max-width: 300px) 100vw, 300px\" \/><\/a><\/p>\n<p><a href=\"https:\/\/eremos.eu\/wp-content\/uploads\/2015\/08\/18c7.jpg\"><img loading=\"lazy\" decoding=\"async\" class=\"wp-image-3863 alignnone\" src=\"https:\/\/eremos.eu\/wp-content\/uploads\/2015\/08\/18c7-300x203.jpg\" alt=\"18c\" width=\"295\" height=\"200\" srcset=\"https:\/\/eremos.eu\/wp-content\/uploads\/2015\/08\/18c7-300x203.jpg 300w, https:\/\/eremos.eu\/wp-content\/uploads\/2015\/08\/18c7.jpg 499w\" sizes=\"auto, (max-width: 295px) 100vw, 295px\" \/><\/a><\/p>\n<hr \/>\n<p><strong>EREMO DI MONTE SCALPELLO<\/strong> (Chiesa e romitorio &#8211; XVI secolo)<\/p>\n<p>Localit\u00e0: <strong>Catenanuova<\/strong> (EN) \u00a0 \u00a0 \u00a0 \u00a0 \u00a0 \u00a0 \u00a0 \u00a0 \u00a0 \u00a0 \u00a0 \u00a0 \u00a0 \u00a0 \u00a0 \u00a0 \u00a0 \u00a0 \u00a0 \u00a0 \u00a0 \u00a0Sub-area: <span style=\"color: #0000ff;\">Valle del Dittaino<\/span><\/p>\n<p style=\"text-align: justify;\"><a href=\"https:\/\/eremos.eu\/wp-content\/uploads\/2015\/08\/1910.jpg\"><img loading=\"lazy\" decoding=\"async\" class=\"alignleft size-medium wp-image-3867\" src=\"https:\/\/eremos.eu\/wp-content\/uploads\/2015\/08\/1910-300x225.jpg\" alt=\"19\" width=\"300\" height=\"225\" srcset=\"https:\/\/eremos.eu\/wp-content\/uploads\/2015\/08\/1910-300x225.jpg 300w, https:\/\/eremos.eu\/wp-content\/uploads\/2015\/08\/1910.jpg 496w\" sizes=\"auto, (max-width: 300px) 100vw, 300px\" \/><\/a>L\u2019eremo di Monte Scalpello deve la sua nascita ad un frate, Filippo Dulcetto di Agira, che intorno al 1517 decise di andare a vivere in solitudine sulla cima di quel monte. Per alcuni anni il frate eremita visse in una piccola casa, costruita alla meno peggio per ripararsi dalle intemperie, alternando la preghiera con digiuni e penitenze e cibandosi di erbe e radici. Finch\u00e9 un gruppo di frati, provenienti dalla vicina abbazia di Agira, non decise di fermarsi in quel luogo e di seguire il suo modello di vita. Da allora, frate Dulcetto, non abit\u00f2 pi\u00f9 da solo e, anzi, a quel gruppo se ne aggiunsero altri, arrivando a contarne circa duecento, tanto che, per ospitare un numero cos\u00ec elevato di eremiti, furono realizzati nuovi romitori e, soprattutto, una chiesa. Pur tuttavia, di anno in anno, molti di loro scelsero di dividersi e di abbandonare il luogo per recarsi altrove, segnando cos\u00ec l\u2019inesorabile destino dell\u2019eremo.<\/p>\n<p><a href=\"https:\/\/eremos.eu\/wp-content\/uploads\/2015\/08\/19a10.jpg\"><img loading=\"lazy\" decoding=\"async\" class=\"alignleft wp-image-3866 size-medium\" src=\"https:\/\/eremos.eu\/wp-content\/uploads\/2015\/08\/19a10-300x184.jpg\" alt=\"19a\" width=\"300\" height=\"184\" srcset=\"https:\/\/eremos.eu\/wp-content\/uploads\/2015\/08\/19a10-300x184.jpg 300w, https:\/\/eremos.eu\/wp-content\/uploads\/2015\/08\/19a10.jpg 496w\" sizes=\"auto, (max-width: 300px) 100vw, 300px\" \/><\/a><\/p>\n<p><a href=\"https:\/\/eremos.eu\/wp-content\/uploads\/2015\/08\/19b3.jpg\"><img loading=\"lazy\" decoding=\"async\" class=\"wp-image-3864 alignnone\" src=\"https:\/\/eremos.eu\/wp-content\/uploads\/2015\/08\/19b3.jpg\" alt=\"19b\" width=\"277\" height=\"184\" \/><\/a><\/p>\n<hr \/>\n<p><strong>GROTTA DEI SANTI<\/strong> (Chiesa rupestre &#8211; XI-XIII secolo)<\/p>\n<p>Localit\u00e0: <strong>Contrada San Calogero, Enna<\/strong> (EN) \u00a0 \u00a0 \u00a0 \u00a0 \u00a0 \u00a0 \u00a0 \u00a0 \u00a0 \u00a0 \u00a0 \u00a0 \u00a0 \u00a0 \u00a0 \u00a0 \u00a0Sub-area: <span style=\"color: #0000ff;\">Valle del Dittaino<\/span><\/p>\n<p style=\"text-align: justify;\"><a href=\"https:\/\/eremos.eu\/wp-content\/uploads\/2015\/08\/20c3.jpg\"><img loading=\"lazy\" decoding=\"async\" class=\"alignright size-medium wp-image-3879\" src=\"https:\/\/eremos.eu\/wp-content\/uploads\/2015\/08\/20c3-188x300.jpg\" alt=\"20c\" width=\"188\" height=\"300\" srcset=\"https:\/\/eremos.eu\/wp-content\/uploads\/2015\/08\/20c3-188x300.jpg 188w, https:\/\/eremos.eu\/wp-content\/uploads\/2015\/08\/20c3.jpg 498w\" sizes=\"auto, (max-width: 188px) 100vw, 188px\" \/><\/a>La grotta dei Santi, scavata in un ammasso roccioso isolato e seminascosta dai ruderi di una masseria, si trova in contrada San Calogero, ai piedi dell\u2019acrocoro ennese, ed \u00e8 stata scoperta quasi per caso all\u2019inizio degli anni Settanta. Costituta da un ambiente grossolanamente quadrangolare, con la zona di fondo (presbiterio) ripartita in due grandi nicchie absidate, la chiesa, soprattutto nella parete e nella nicchia di sinistra, conserva ancora una buona parte degli interessanti affreschi che un tempo la decoravano. La provvisoria intitolazione ai Santi si deve appunto alle figure bizantineggianti di san Nicola, santa Margherita, santo Diacono e san Calogero, immancabilmente accompagnate dalla <i>Madonna con Bambino <\/i>e dal <i>Cristo pantocratore<\/i>, presenti nei pannelli dell\u2019iconografia rupestre. Per quanto sia piuttosto scontato l\u2019utilizzo della grotta come laura da parte di monaci basiliani, la datazione degli affreschi, invece, risulta ancora incerta a causa di sovrapposizioni, rimaneggiamenti e grave deterioramento della pellicola; ma, in ogni caso, pu\u00f2 ascriversi tra l\u2019XI ed il XIII secolo.<\/p>\n<p style=\"text-align: justify;\"><a href=\"https:\/\/eremos.eu\/wp-content\/uploads\/2015\/08\/2010.jpg\"><img loading=\"lazy\" decoding=\"async\" class=\"alignleft wp-image-3869 size-medium\" src=\"https:\/\/eremos.eu\/wp-content\/uploads\/2015\/08\/2010-300x192.jpg\" alt=\"20\" width=\"300\" height=\"192\" srcset=\"https:\/\/eremos.eu\/wp-content\/uploads\/2015\/08\/2010-300x192.jpg 300w, https:\/\/eremos.eu\/wp-content\/uploads\/2015\/08\/2010.jpg 380w\" sizes=\"auto, (max-width: 300px) 100vw, 300px\" \/><\/a><\/p>\n<p><a href=\"https:\/\/eremos.eu\/wp-content\/uploads\/2015\/08\/20a9.jpg\"><img loading=\"lazy\" decoding=\"async\" class=\"wp-image-3871 alignnone\" src=\"https:\/\/eremos.eu\/wp-content\/uploads\/2015\/08\/20a9-300x193.jpg\" alt=\"20a\" width=\"298\" height=\"192\" srcset=\"https:\/\/eremos.eu\/wp-content\/uploads\/2015\/08\/20a9-300x193.jpg 300w, https:\/\/eremos.eu\/wp-content\/uploads\/2015\/08\/20a9.jpg 603w\" sizes=\"auto, (max-width: 298px) 100vw, 298px\" \/><\/a><\/p>\n<p><a href=\"https:\/\/eremos.eu\/wp-content\/uploads\/2015\/08\/20d5.jpg\"><img loading=\"lazy\" decoding=\"async\" class=\"alignleft wp-image-3873 size-medium\" src=\"https:\/\/eremos.eu\/wp-content\/uploads\/2015\/08\/20d5-300x199.jpg\" alt=\"20d\" width=\"300\" height=\"199\" srcset=\"https:\/\/eremos.eu\/wp-content\/uploads\/2015\/08\/20d5-300x199.jpg 300w, https:\/\/eremos.eu\/wp-content\/uploads\/2015\/08\/20d5.jpg 789w\" sizes=\"auto, (max-width: 300px) 100vw, 300px\" \/><\/a><\/p>\n<p><a href=\"https:\/\/eremos.eu\/wp-content\/uploads\/2015\/08\/GROTTA-SANTI-ENNA.jpg\"><img loading=\"lazy\" decoding=\"async\" class=\"wp-image-3874 alignnone\" src=\"https:\/\/eremos.eu\/wp-content\/uploads\/2015\/08\/GROTTA-SANTI-ENNA-300x195.jpg\" alt=\"GROTTA SANTI ENNA\" width=\"307\" height=\"199\" srcset=\"https:\/\/eremos.eu\/wp-content\/uploads\/2015\/08\/GROTTA-SANTI-ENNA-300x195.jpg 300w, https:\/\/eremos.eu\/wp-content\/uploads\/2015\/08\/GROTTA-SANTI-ENNA.jpg 791w\" sizes=\"auto, (max-width: 307px) 100vw, 307px\" \/><\/a><\/p>\n<p><a href=\"https:\/\/eremos.eu\/wp-content\/uploads\/2015\/08\/GROTTA-SANTI-21.jpg\"><img loading=\"lazy\" decoding=\"async\" class=\"alignleft wp-image-3877 size-medium\" src=\"https:\/\/eremos.eu\/wp-content\/uploads\/2015\/08\/GROTTA-SANTI-21-300x201.jpg\" alt=\"GROTTA SANTI 2\" width=\"300\" height=\"201\" srcset=\"https:\/\/eremos.eu\/wp-content\/uploads\/2015\/08\/GROTTA-SANTI-21-300x201.jpg 300w, https:\/\/eremos.eu\/wp-content\/uploads\/2015\/08\/GROTTA-SANTI-21.jpg 787w\" sizes=\"auto, (max-width: 300px) 100vw, 300px\" \/><\/a><a href=\"https:\/\/eremos.eu\/wp-content\/uploads\/2015\/08\/GROTTA-DEI-SANTI1.jpg\"><img loading=\"lazy\" decoding=\"async\" class=\"wp-image-3878 alignnone\" src=\"https:\/\/eremos.eu\/wp-content\/uploads\/2015\/08\/GROTTA-DEI-SANTI1-300x193.jpg\" alt=\"GROTTA DEI SANTI\" width=\"312\" height=\"201\" srcset=\"https:\/\/eremos.eu\/wp-content\/uploads\/2015\/08\/GROTTA-DEI-SANTI1-300x193.jpg 300w, https:\/\/eremos.eu\/wp-content\/uploads\/2015\/08\/GROTTA-DEI-SANTI1.jpg 788w\" sizes=\"auto, (max-width: 312px) 100vw, 312px\" \/><\/a><\/p>\n<hr \/>\n<p><strong>SANTUARIO DI PAPARDURA<\/strong> (Chiesa semirupestre &#8211; XVII secolo)<\/p>\n<p>Localit\u00e0: <strong>Contrada Papardura, Enna<\/strong> (EN) \u00a0 \u00a0 \u00a0 \u00a0 \u00a0 \u00a0 \u00a0 \u00a0 \u00a0 \u00a0 \u00a0 \u00a0 \u00a0 \u00a0 \u00a0 \u00a0 \u00a0 \u00a0 \u00a0Sub-area: <span style=\"color: #0000ff;\">Valle del Dittaino<\/span><\/p>\n<p style=\"text-align: justify;\"><a href=\"https:\/\/eremos.eu\/wp-content\/uploads\/2015\/08\/21c7.jpg\"><img loading=\"lazy\" decoding=\"async\" class=\"alignright size-medium wp-image-3890\" src=\"https:\/\/eremos.eu\/wp-content\/uploads\/2015\/08\/21c7-225x300.jpg\" alt=\"21c\" width=\"225\" height=\"300\" srcset=\"https:\/\/eremos.eu\/wp-content\/uploads\/2015\/08\/21c7-225x300.jpg 225w, https:\/\/eremos.eu\/wp-content\/uploads\/2015\/08\/21c7.jpg 716w\" sizes=\"auto, (max-width: 225px) 100vw, 225px\" \/><\/a>Il santuario del Santissimo Crocefisso di Papardura, dal nome dell\u2019omonima contrada nella bassa periferia di Enna, affonda le radici nel lontano 1659 in concomitanza con il ritrovamento di un\u2019immagine litica del Crocefisso all\u2019interno di una delle grotte della zona: proprio l\u00ec venne edificata una chiesa, in parte su un vecchio ponte in muratura ed in parte inglobando la grotta. La vista del piccolo edificio dalle linee semplici e pulite non lascia lontanamente immaginare lo stupefacente splendore e la sfarzosa magnificenza che si celano al suo interno, s\u00ec da farla considerare tra le pi\u00f9 riuscite espressioni del barocco della Sicilia orientale. Stucchi policromi, legni intarsiati e smalti dorati fanno infatti da cornice alle dodici statue degli Apostoli di buona fattura ed alle tante, pregevoli opere pittoriche presenti un po\u2019 dovunque: degno di nota, il seicentesco<i> Trionfo della Croce <\/i>che troneggia sull\u2019altare all\u2019interno della grotta \u201cabsidata\u201d.<\/p>\n<p style=\"text-align: justify;\"><a href=\"https:\/\/eremos.eu\/wp-content\/uploads\/2015\/08\/papardura2.jpg\"><img loading=\"lazy\" decoding=\"async\" class=\"alignleft wp-image-3887 size-medium\" src=\"https:\/\/eremos.eu\/wp-content\/uploads\/2015\/08\/papardura2-300x190.jpg\" alt=\"papardura\" width=\"300\" height=\"190\" srcset=\"https:\/\/eremos.eu\/wp-content\/uploads\/2015\/08\/papardura2-300x190.jpg 300w, https:\/\/eremos.eu\/wp-content\/uploads\/2015\/08\/papardura2.jpg 858w\" sizes=\"auto, (max-width: 300px) 100vw, 300px\" \/><\/a><a href=\"https:\/\/eremos.eu\/wp-content\/uploads\/2015\/08\/21a10.jpg\"><img loading=\"lazy\" decoding=\"async\" class=\"wp-image-3888 size-medium alignnone\" src=\"https:\/\/eremos.eu\/wp-content\/uploads\/2015\/08\/21a10-300x190.jpg\" alt=\"21a\" width=\"300\" height=\"190\" srcset=\"https:\/\/eremos.eu\/wp-content\/uploads\/2015\/08\/21a10-300x190.jpg 300w, https:\/\/eremos.eu\/wp-content\/uploads\/2015\/08\/21a10-1024x648.jpg 1024w, https:\/\/eremos.eu\/wp-content\/uploads\/2015\/08\/21a10.jpg 1049w\" sizes=\"auto, (max-width: 300px) 100vw, 300px\" \/><\/a><\/p>\n<p><a href=\"https:\/\/eremos.eu\/wp-content\/uploads\/2015\/08\/papardura1.jpg\"><img loading=\"lazy\" decoding=\"async\" class=\"alignleft wp-image-3885 size-medium\" src=\"https:\/\/eremos.eu\/wp-content\/uploads\/2015\/08\/papardura1-300x197.jpg\" alt=\"papardura1\" width=\"300\" height=\"197\" srcset=\"https:\/\/eremos.eu\/wp-content\/uploads\/2015\/08\/papardura1-300x197.jpg 300w, https:\/\/eremos.eu\/wp-content\/uploads\/2015\/08\/papardura1.jpg 653w\" sizes=\"auto, (max-width: 300px) 100vw, 300px\" \/><\/a><\/p>\n<p><a href=\"https:\/\/eremos.eu\/wp-content\/uploads\/2015\/08\/21d4.jpg\"><img loading=\"lazy\" decoding=\"async\" class=\"wp-image-3883 alignnone\" src=\"https:\/\/eremos.eu\/wp-content\/uploads\/2015\/08\/21d4.jpg\" alt=\"21d\" width=\"277\" height=\"197\" \/><\/a><\/p>\n<hr \/>\n<p><strong>ORATORIO ANONIMO<\/strong> (Cappella rupestre &#8211; XV-XVI secolo)<\/p>\n<p>Localit\u00e0: <strong>Contrada Chianetti, Leonforte<\/strong> (EN) \u00a0 \u00a0 \u00a0 \u00a0 \u00a0 \u00a0 \u00a0 \u00a0 \u00a0 \u00a0 \u00a0 \u00a0 \u00a0 \u00a0 \u00a0 \u00a0 \u00a0Sub-area: <span style=\"color: #0000ff;\">Valle del Dittaino<\/span><\/p>\n<p style=\"text-align: justify;\">Quest\u2019oratorio rupestre non intitolato si trova nell\u2019antica contrada Chianetti, proprio di fronte al camposanto di Leonforte, ed \u00e8 composto da tre cavit\u00e0 contigue e due ingressi. Uno degli ambienti, adibito a chiesa, \u00e8 dotato di abside con un altare ricavato dalla roccia, al di sopra del quale \u00e8 dipinta una deliziosa <i>Madonna con Bambino, <\/i>del genere <i>galaktotrophousa<\/i> tipico dell\u2019iconografia bizantina, purtroppo alquanto deteriorata.<\/p>\n<hr \/>\n<p style=\"text-align: justify;\"><strong>ORATORIO DI SANT&#8217;ELENA<\/strong> (Cappella rupestre &#8211; XII-XIII secolo)<\/p>\n<p style=\"text-align: justify;\">Localit\u00e0: <strong>Contrada Sant&#8217;Elena, Leonforte<\/strong> (EN) \u00a0 \u00a0 \u00a0 \u00a0 \u00a0 \u00a0 \u00a0 \u00a0 \u00a0 \u00a0 \u00a0 \u00a0 \u00a0 \u00a0 \u00a0 \u00a0 \u00a0 \u00a0 Sub-area: <span style=\"color: #0000ff;\">Valle del Dittaino<\/span><\/p>\n<p style=\"text-align: justify;\"><a href=\"https:\/\/eremos.eu\/wp-content\/uploads\/2015\/08\/2310.jpg\"><img loading=\"lazy\" decoding=\"async\" class=\"alignright wp-image-3891 size-medium\" src=\"https:\/\/eremos.eu\/wp-content\/uploads\/2015\/08\/2310-300x225.jpg\" alt=\"23\" width=\"300\" height=\"225\" srcset=\"https:\/\/eremos.eu\/wp-content\/uploads\/2015\/08\/2310-300x225.jpg 300w, https:\/\/eremos.eu\/wp-content\/uploads\/2015\/08\/2310-1024x769.jpg 1024w, https:\/\/eremos.eu\/wp-content\/uploads\/2015\/08\/2310.jpg 1560w\" sizes=\"auto, (max-width: 300px) 100vw, 300px\" \/><\/a>L\u2019oratorio di Sant\u2019Elena, nella omonima contrada poco distante dall\u2019entrata nord di Leonforte, \u00e8 un antico ipogeo sottostante al livello del terreno (vi si accede tramite alcuni scalini scavati nella roccia), peraltro simile ad altre grotte sotterranee presenti nell\u2019area, utilizzato nel corso dei secoli sia come luogo di culto pagano che come abitazione o sepolcreto; e poi, con l\u2019avvento cristiano, trasformato definitivamente in oratorio. L\u2019interno, dalla forma vagamente rettangolare, presenta alle pareti tracce di affreschi del XII-XIII secolo che, per\u00f2, a causa della forte umidit\u00e0, risultano di difficile leggibilit\u00e0: in un pannello, i resti di un\u2019aureola, una corona, una croce e una figura di santa, probabilmente Sant\u2019Elena; in un altro frammento, forse il pi\u00f9 significativo, quelli classici del <i>Cristo pantocratore<\/i>.<\/p>\n<hr \/>\n<p style=\"text-align: justify;\"><strong>CONVENTO\u00a0DI SANTA MARIA DI LARTISINA<\/strong> (Ruderi di romitorio semirupestre &#8211; XI-XII secolo)<\/p>\n<p style=\"text-align: justify;\">Localit\u00e0: <strong>Monte Altesina, Nicosia<\/strong> (EN) \u00a0 \u00a0 \u00a0 \u00a0 \u00a0 \u00a0 \u00a0 \u00a0 \u00a0 \u00a0 \u00a0 \u00a0 \u00a0 \u00a0 \u00a0 \u00a0 \u00a0Sub-area: <span style=\"color: #0000ff;\">Valle del Dittaino<\/span><\/p>\n<p style=\"text-align: justify;\">La vicenda del convento\u00a0di Santa Maria di Lartisina\u00a0prende il via quando l&#8217;Altesina, da tempo abitato da eremiti, entr\u00f2 nella sfera d&#8217;influenza di Nicosia probabilmente in contrapposizione\u00a0alla dirimpettaia Castrum Johannis. Il complesso, arroccato alle pendici del monte (952 m.), era costituito da una piccola chiesa adagiata su un enorme masso erratico di cui oggi possiamo osservare i resti delle mura perimetrali, e di una struttura adiacente atta ad ospitare i\u00a0monaci. Va ricordato che, fino al secolo scorso, attorno al convento abitava ancora un nutrito numero di nicosiani per lo pi\u00f9 dediti alla pastorizia ed alla silvicoltura.<\/p>\n<p style=\"text-align: justify;\"><a href=\"https:\/\/eremos.eu\/wp-content\/uploads\/2015\/08\/ALTISINA1.jpg\"><img loading=\"lazy\" decoding=\"async\" class=\"alignleft size-medium wp-image-6161\" src=\"https:\/\/eremos.eu\/wp-content\/uploads\/2015\/08\/ALTISINA1-300x213.jpg\" alt=\"ALTISINA\" width=\"300\" height=\"213\" srcset=\"https:\/\/eremos.eu\/wp-content\/uploads\/2015\/08\/ALTISINA1-300x213.jpg 300w, https:\/\/eremos.eu\/wp-content\/uploads\/2015\/08\/ALTISINA1.jpg 657w\" sizes=\"auto, (max-width: 300px) 100vw, 300px\" \/><\/a><\/p>\n<p style=\"text-align: justify;\"><a href=\"https:\/\/eremos.eu\/wp-content\/uploads\/2015\/08\/ALTISINA-1.jpg\"><img loading=\"lazy\" decoding=\"async\" class=\"wp-image-6162 alignnone\" src=\"https:\/\/eremos.eu\/wp-content\/uploads\/2015\/08\/ALTISINA-1-300x223.jpg\" alt=\"ALTISINA 1\" width=\"285\" height=\"212\" srcset=\"https:\/\/eremos.eu\/wp-content\/uploads\/2015\/08\/ALTISINA-1-300x223.jpg 300w, https:\/\/eremos.eu\/wp-content\/uploads\/2015\/08\/ALTISINA-1-1024x760.jpg 1024w\" sizes=\"auto, (max-width: 285px) 100vw, 285px\" \/><\/a><\/p>\n<hr \/>\n<p style=\"text-align: justify;\"><strong>CONVENTAZZO DI RUSSOMANNO<\/strong> (Ruderi di chiesa-romitorio &#8211; XIII-XIV secolo)<\/p>\n<p style=\"text-align: justify;\">Localit\u00e0: <strong>Contrada Russomanno, Valguarnera<\/strong> (EN) \u00a0 \u00a0 \u00a0 \u00a0 \u00a0 \u00a0 \u00a0 \u00a0 \u00a0 \u00a0 \u00a0 \u00a0 \u00a0 \u00a0Sub-area: <span style=\"color: #0000ff;\">Valle del Dittaino<\/span><\/p>\n<p style=\"text-align: justify;\">Con la denominazione\u00a0&#8220;conventazzo&#8221; vengono identificate le rovine\u00a0del romitorio benedettino dedicato a San Giovanni Evangelista edificato sui resti dell&#8217;antico borgo medievale di monte Russomanno. Da\u00a0meta di pellegrinaggio per gli abitanti\u00a0della valle\u00a0fino alla met\u00e0 del Novecento, quando nel corso di una rapina viene ucciso l&#8217;ultimo eremita, si trasformer\u00e0\u00a0ben presto\u00a0in un luogo di abbandono e degrado. (foto Diego Barucco per SiciliaFotografica.it)<\/p>\n<p style=\"text-align: justify;\"><a href=\"https:\/\/eremos.eu\/wp-content\/uploads\/2015\/08\/CONVENTAZZO.jpg\"><img loading=\"lazy\" decoding=\"async\" class=\"alignleft wp-image-6157\" src=\"https:\/\/eremos.eu\/wp-content\/uploads\/2015\/08\/CONVENTAZZO-300x174.jpg\" alt=\"CONVENTAZZO\" width=\"316\" height=\"184\" srcset=\"https:\/\/eremos.eu\/wp-content\/uploads\/2015\/08\/CONVENTAZZO-300x174.jpg 300w, https:\/\/eremos.eu\/wp-content\/uploads\/2015\/08\/CONVENTAZZO.jpg 606w\" sizes=\"auto, (max-width: 316px) 100vw, 316px\" \/><\/a><\/p>\n<h3><\/h3>\n<h3><a href=\"https:\/\/eremos.eu\/wp-content\/uploads\/2015\/08\/CONVENTAZZO-1.jpg\"><img loading=\"lazy\" decoding=\"async\" class=\"size-medium wp-image-6158 alignnone\" src=\"https:\/\/eremos.eu\/wp-content\/uploads\/2015\/08\/CONVENTAZZO-1-300x181.jpg\" alt=\"CONVENTAZZO 1\" width=\"300\" height=\"181\" srcset=\"https:\/\/eremos.eu\/wp-content\/uploads\/2015\/08\/CONVENTAZZO-1-300x181.jpg 300w, https:\/\/eremos.eu\/wp-content\/uploads\/2015\/08\/CONVENTAZZO-1.jpg 601w\" sizes=\"auto, (max-width: 300px) 100vw, 300px\" \/><\/a><\/h3>\n<h3><\/h3>\n<hr \/>\n<h3>\u00a0<span style=\"color: #0000ff;\"><strong>MONTI IBLEI<\/strong><\/span><\/h3>\n<p><strong>GROTTA DI SAN NICOLA<\/strong> (Chiesa rupestre &#8211; V-VI secolo)<\/p>\n<p>Localit\u00e0: <strong>Buccheri<\/strong> (SR) \u00a0 \u00a0 \u00a0 \u00a0 \u00a0 \u00a0 \u00a0 \u00a0 \u00a0 \u00a0 \u00a0 \u00a0 \u00a0 \u00a0 \u00a0 \u00a0 \u00a0 \u00a0 \u00a0 \u00a0 \u00a0 Sub-area: <span style=\"color: #0000ff;\">Val di Noto<\/span><\/p>\n<p style=\"text-align: justify;\"><a href=\"https:\/\/eremos.eu\/wp-content\/uploads\/2015\/08\/61f1.jpg\"><img loading=\"lazy\" decoding=\"async\" class=\"alignright size-medium wp-image-4011\" src=\"https:\/\/eremos.eu\/wp-content\/uploads\/2015\/08\/61f1-300x263.jpg\" alt=\"61f\" width=\"300\" height=\"263\" srcset=\"https:\/\/eremos.eu\/wp-content\/uploads\/2015\/08\/61f1-300x263.jpg 300w, https:\/\/eremos.eu\/wp-content\/uploads\/2015\/08\/61f1.jpg 319w\" sizes=\"auto, (max-width: 300px) 100vw, 300px\" \/><\/a>Della grotta di San Nicola, la chiesa rupestre nei pressi di Buccheri, si sa davvero poco: niente che faccia luce sulle sue origini, che identifichi colui che la edific\u00f2 scavando ed allargando l\u2019apertura di quel costone calcareo con un semplice scalpello. Da quanto si pu\u00f2 evincere, la chiesa era costituita da due ambienti: in uno, quello di sinistra, veniva professato il culto, mentre nell\u2019altro di destra, un\u2019abside semicircolare con sedili accoglieva i ministri. Oltre ad un\u2019iconografia di San Nicola (da qui la sua intitolazione), delle altre decorazioni pittoriche presenti sulle pareti e sulle nicchie rimangono solo le tracce di un puttino con le braccia aperte, di alcune figure maschili con barba e mitra in testa e della <i>Vergine Maria<\/i>. (foto Diego Barucco per SiciliaFotografica.it)<\/p>\n<p><a href=\"https:\/\/eremos.eu\/wp-content\/uploads\/2015\/08\/6113.jpg\"><img loading=\"lazy\" decoding=\"async\" class=\"alignleft wp-image-4005 size-medium\" src=\"https:\/\/eremos.eu\/wp-content\/uploads\/2015\/08\/6113-300x169.jpg\" alt=\"61\" width=\"300\" height=\"169\" srcset=\"https:\/\/eremos.eu\/wp-content\/uploads\/2015\/08\/6113-300x169.jpg 300w, https:\/\/eremos.eu\/wp-content\/uploads\/2015\/08\/6113.jpg 598w\" sizes=\"auto, (max-width: 300px) 100vw, 300px\" \/><\/a><a href=\"https:\/\/eremos.eu\/wp-content\/uploads\/2015\/08\/61a6.jpg\"><img loading=\"lazy\" decoding=\"async\" class=\"wp-image-4006 alignnone\" src=\"https:\/\/eremos.eu\/wp-content\/uploads\/2015\/08\/61a6-300x175.jpg\" alt=\"61a\" width=\"290\" height=\"169\" srcset=\"https:\/\/eremos.eu\/wp-content\/uploads\/2015\/08\/61a6-300x175.jpg 300w, https:\/\/eremos.eu\/wp-content\/uploads\/2015\/08\/61a6.jpg 598w\" sizes=\"auto, (max-width: 290px) 100vw, 290px\" \/><\/a><\/p>\n<p><a href=\"https:\/\/eremos.eu\/wp-content\/uploads\/2015\/08\/61b2.jpg\"><img loading=\"lazy\" decoding=\"async\" class=\"alignleft wp-image-4007 size-medium\" src=\"https:\/\/eremos.eu\/wp-content\/uploads\/2015\/08\/61b2-300x176.jpg\" alt=\"61b\" width=\"300\" height=\"176\" srcset=\"https:\/\/eremos.eu\/wp-content\/uploads\/2015\/08\/61b2-300x176.jpg 300w, https:\/\/eremos.eu\/wp-content\/uploads\/2015\/08\/61b2.jpg 598w\" sizes=\"auto, (max-width: 300px) 100vw, 300px\" \/><\/a><a href=\"https:\/\/eremos.eu\/wp-content\/uploads\/2015\/08\/61d1.jpg\"><img loading=\"lazy\" decoding=\"async\" class=\"wp-image-4009 alignnone\" src=\"https:\/\/eremos.eu\/wp-content\/uploads\/2015\/08\/61d1-300x175.jpg\" alt=\"61d\" width=\"302\" height=\"176\" srcset=\"https:\/\/eremos.eu\/wp-content\/uploads\/2015\/08\/61d1-300x175.jpg 300w, https:\/\/eremos.eu\/wp-content\/uploads\/2015\/08\/61d1.jpg 598w\" sizes=\"auto, (max-width: 302px) 100vw, 302px\" \/><\/a><\/p>\n<p><a href=\"https:\/\/eremos.eu\/wp-content\/uploads\/2015\/08\/61c2.jpg\"><img loading=\"lazy\" decoding=\"async\" class=\"alignleft wp-image-4008 size-medium\" src=\"https:\/\/eremos.eu\/wp-content\/uploads\/2015\/08\/61c2-300x175.jpg\" alt=\"61c\" width=\"300\" height=\"175\" srcset=\"https:\/\/eremos.eu\/wp-content\/uploads\/2015\/08\/61c2-300x175.jpg 300w, https:\/\/eremos.eu\/wp-content\/uploads\/2015\/08\/61c2.jpg 598w\" sizes=\"auto, (max-width: 300px) 100vw, 300px\" \/><\/a><\/p>\n<p><a href=\"https:\/\/eremos.eu\/wp-content\/uploads\/2015\/08\/61e2.jpg\"><img loading=\"lazy\" decoding=\"async\" class=\"wp-image-4012 alignnone\" src=\"https:\/\/eremos.eu\/wp-content\/uploads\/2015\/08\/61e2-300x186.jpg\" alt=\"61e\" width=\"282\" height=\"175\" srcset=\"https:\/\/eremos.eu\/wp-content\/uploads\/2015\/08\/61e2-300x186.jpg 300w, https:\/\/eremos.eu\/wp-content\/uploads\/2015\/08\/61e2.jpg 318w\" sizes=\"auto, (max-width: 282px) 100vw, 282px\" \/><\/a><\/p>\n<hr \/>\n<p><strong>EREMO DI FRA&#8217; GIUSEPPE DA BUSCEMI<\/strong> (Romitorio rupestre &#8211; XX secolo)<\/p>\n<p>Localit\u00e0: <strong>Buscemi<\/strong> (SR) \u00a0 \u00a0 \u00a0 \u00a0 \u00a0 \u00a0 \u00a0 \u00a0 \u00a0 \u00a0 \u00a0 \u00a0\u00a0Sub-area: <span style=\"color: #0000ff;\">Val di Noto<\/span><\/p>\n<p style=\"text-align: justify;\">L\u2019eremo di Fra\u2019 Giuseppe, poco distante dall\u2019abitato, costituito da due grotte contigue di piccole dimensioni, dai primi anni del \u2018900 \u00e8 stato la dimora abituale di un frate eremita originario di Buscemi. Nato nel 1891 da una famiglia contadina, ancora in giovane et\u00e0 decise di abbandonare la casa paterna, ripudiando la vita materiale ed ogni genere di comfort, per seguire pedissequamente le regole e la dottrina francescane. Cominci\u00f2 cos\u00ec a vivere isolato, <a href=\"https:\/\/eremos.eu\/wp-content\/uploads\/2015\/08\/62a7.jpg\"><img loading=\"lazy\" decoding=\"async\" class=\"alignright wp-image-4014\" src=\"https:\/\/eremos.eu\/wp-content\/uploads\/2015\/08\/62a7-206x300.jpg\" alt=\"62a\" width=\"233\" height=\"340\" srcset=\"https:\/\/eremos.eu\/wp-content\/uploads\/2015\/08\/62a7-206x300.jpg 206w, https:\/\/eremos.eu\/wp-content\/uploads\/2015\/08\/62a7.jpg 398w\" sizes=\"auto, (max-width: 233px) 100vw, 233px\" \/><\/a>occupando varie grotte dei monti Iblei finch\u00e9 non si stabil\u00ec nella grotta vicino al paese natale. Qui visse, lontano dal mondo civilizzato, incurante dell\u2019igiene, indossando sempre lo stesso saio e trascorrendo il tempo a scolpire e trasformare le rocce affioranti in sculture o bassorilievi d\u2019ispirazione sacra, fino alla morte nel 1975. (foto Diego Barucco per SiciliaFotografica.it)<\/p>\n<p><a href=\"https:\/\/eremos.eu\/wp-content\/uploads\/2015\/08\/6212.jpg\"><img loading=\"lazy\" decoding=\"async\" class=\"size-medium wp-image-4013 alignnone\" src=\"https:\/\/eremos.eu\/wp-content\/uploads\/2015\/08\/6212-300x185.jpg\" alt=\"62\" width=\"300\" height=\"185\" srcset=\"https:\/\/eremos.eu\/wp-content\/uploads\/2015\/08\/6212-300x185.jpg 300w, https:\/\/eremos.eu\/wp-content\/uploads\/2015\/08\/6212.jpg 615w\" sizes=\"auto, (max-width: 300px) 100vw, 300px\" \/><\/a><\/p>\n<p><a href=\"https:\/\/eremos.eu\/wp-content\/uploads\/2015\/08\/62b8.jpg\"><img loading=\"lazy\" decoding=\"async\" class=\"alignleft wp-image-4017 size-medium\" src=\"https:\/\/eremos.eu\/wp-content\/uploads\/2015\/08\/62b8-300x193.jpg\" alt=\"62b\" width=\"300\" height=\"193\" srcset=\"https:\/\/eremos.eu\/wp-content\/uploads\/2015\/08\/62b8-300x193.jpg 300w, https:\/\/eremos.eu\/wp-content\/uploads\/2015\/08\/62b8.jpg 648w\" sizes=\"auto, (max-width: 300px) 100vw, 300px\" \/><\/a><a href=\"https:\/\/eremos.eu\/wp-content\/uploads\/2015\/08\/62c2.jpg\"><img loading=\"lazy\" decoding=\"async\" class=\"wp-image-4016 alignnone\" src=\"https:\/\/eremos.eu\/wp-content\/uploads\/2015\/08\/62c2-300x190.jpg\" alt=\"62c\" width=\"305\" height=\"193\" srcset=\"https:\/\/eremos.eu\/wp-content\/uploads\/2015\/08\/62c2-300x190.jpg 300w, https:\/\/eremos.eu\/wp-content\/uploads\/2015\/08\/62c2.jpg 600w\" sizes=\"auto, (max-width: 305px) 100vw, 305px\" \/><\/a><\/p>\n<hr \/>\n<p><strong>GROTTA DI SAN PIETRO<\/strong> (Chiesa rupestre &#8211; V-VII secolo)<\/p>\n<p><a href=\"https:\/\/eremos.eu\/wp-content\/uploads\/2015\/08\/Grotta-di-S.-Pietro.jpg\"><img loading=\"lazy\" decoding=\"async\" class=\"alignright wp-image-4026\" src=\"https:\/\/eremos.eu\/wp-content\/uploads\/2015\/08\/Grotta-di-S.-Pietro-300x225.jpg\" alt=\"Grotta di S. Pietro\" width=\"293\" height=\"220\" srcset=\"https:\/\/eremos.eu\/wp-content\/uploads\/2015\/08\/Grotta-di-S.-Pietro-300x225.jpg 300w, https:\/\/eremos.eu\/wp-content\/uploads\/2015\/08\/Grotta-di-S.-Pietro.jpg 979w\" sizes=\"auto, (max-width: 293px) 100vw, 293px\" \/><\/a>Localit\u00e0: <strong>Buscemi<\/strong> (SR) \u00a0 \u00a0 \u00a0 \u00a0 \u00a0 \u00a0Sub-area: <span style=\"color: #0000ff;\">Val di Noto<\/span><\/p>\n<p style=\"text-align: justify;\">La grotta di San Pietro, in posizione piuttosto isolata tra il fosso di Santa Rosalia e quello di San Giorgio, \u00e8 la chiesa rupestre scavata in un dosso roccioso della cava presente a sud della periferia di Buscemi. Il complesso rupestre, per quanto a partire dal 1192 venga attestato come parte integrante del monastero benedettino di Santo Spirito, ha origini pi\u00f9 antiche con frequentazioni bizantine tra il V ed il VII secolo, com\u2019\u00e8 ravvisabile dalla conformazione e ripartizione degli ambienti interni di <a href=\"https:\/\/eremos.eu\/wp-content\/uploads\/2015\/08\/san-pietro-31.jpg\"><img loading=\"lazy\" decoding=\"async\" class=\"alignleft size-medium wp-image-5666\" src=\"https:\/\/eremos.eu\/wp-content\/uploads\/2015\/08\/san-pietro-31-300x166.jpg\" alt=\"san pietro 3\" width=\"300\" height=\"166\" srcset=\"https:\/\/eremos.eu\/wp-content\/uploads\/2015\/08\/san-pietro-31-300x166.jpg 300w, https:\/\/eremos.eu\/wp-content\/uploads\/2015\/08\/san-pietro-31.jpg 605w\" sizes=\"auto, (max-width: 300px) 100vw, 300px\" \/><\/a>indubbia ispirazione siriaco-palestinese. La chiesa, costituita da un grande invaso rettangolare, propone un\u2019abside orientata ad est particolarmente elaborata che accoglie un altare centrale ed una cattedra ricavati nella roccia, ed altri due ambienti ipogei sepolcrali con fosse ed arcosoli di probabile origine paleocristiana. Sulle pareti epigrafi e croci greche sono accompagnate dalle labili tracce degli affreschi che un tempo le adornavano. (foto Diego Barucco per SiciliaFotografica.it)<\/p>\n<p><a href=\"https:\/\/eremos.eu\/wp-content\/uploads\/2015\/08\/63a5.jpg\"><img loading=\"lazy\" decoding=\"async\" class=\"alignleft wp-image-4019 size-medium\" src=\"https:\/\/eremos.eu\/wp-content\/uploads\/2015\/08\/63a5-300x169.jpg\" alt=\"63a\" width=\"300\" height=\"169\" srcset=\"https:\/\/eremos.eu\/wp-content\/uploads\/2015\/08\/63a5-300x169.jpg 300w, https:\/\/eremos.eu\/wp-content\/uploads\/2015\/08\/63a5.jpg 667w\" sizes=\"auto, (max-width: 300px) 100vw, 300px\" \/><\/a><\/p>\n<p><a href=\"https:\/\/eremos.eu\/wp-content\/uploads\/2015\/08\/63b3.jpg\"><img loading=\"lazy\" decoding=\"async\" class=\"alignnone wp-image-4022\" src=\"https:\/\/eremos.eu\/wp-content\/uploads\/2015\/08\/63b3-300x159.jpg\" alt=\"63b\" width=\"319\" height=\"169\" srcset=\"https:\/\/eremos.eu\/wp-content\/uploads\/2015\/08\/63b3-300x159.jpg 300w, https:\/\/eremos.eu\/wp-content\/uploads\/2015\/08\/63b3.jpg 669w\" sizes=\"auto, (max-width: 319px) 100vw, 319px\" \/><\/a><\/p>\n<p><a href=\"https:\/\/eremos.eu\/wp-content\/uploads\/2015\/08\/san-pietro-1.jpg\"><img loading=\"lazy\" decoding=\"async\" class=\"alignleft wp-image-4024 size-medium\" src=\"https:\/\/eremos.eu\/wp-content\/uploads\/2015\/08\/san-pietro-1-300x171.jpg\" alt=\"san pietro 1\" width=\"300\" height=\"171\" srcset=\"https:\/\/eremos.eu\/wp-content\/uploads\/2015\/08\/san-pietro-1-300x171.jpg 300w, https:\/\/eremos.eu\/wp-content\/uploads\/2015\/08\/san-pietro-1.jpg 604w\" sizes=\"auto, (max-width: 300px) 100vw, 300px\" \/><\/a><a href=\"https:\/\/eremos.eu\/wp-content\/uploads\/2015\/08\/san-pietro-6.jpg\"><img loading=\"lazy\" decoding=\"async\" class=\"wp-image-4028 alignnone\" src=\"https:\/\/eremos.eu\/wp-content\/uploads\/2015\/08\/san-pietro-6-300x174.jpg\" alt=\"san pietro 6\" width=\"296\" height=\"171\" srcset=\"https:\/\/eremos.eu\/wp-content\/uploads\/2015\/08\/san-pietro-6-300x174.jpg 300w, https:\/\/eremos.eu\/wp-content\/uploads\/2015\/08\/san-pietro-6.jpg 600w\" sizes=\"auto, (max-width: 296px) 100vw, 296px\" \/><\/a><\/p>\n<p><a href=\"https:\/\/eremos.eu\/wp-content\/uploads\/2015\/08\/63c3.jpg\"><img loading=\"lazy\" decoding=\"async\" class=\"alignleft size-medium wp-image-5924\" src=\"https:\/\/eremos.eu\/wp-content\/uploads\/2015\/08\/63c3-300x230.jpg\" alt=\"63c\" width=\"300\" height=\"230\" srcset=\"https:\/\/eremos.eu\/wp-content\/uploads\/2015\/08\/63c3-300x230.jpg 300w, https:\/\/eremos.eu\/wp-content\/uploads\/2015\/08\/63c3.jpg 563w\" sizes=\"auto, (max-width: 300px) 100vw, 300px\" \/><\/a><a href=\"https:\/\/eremos.eu\/wp-content\/uploads\/2015\/08\/63d2.jpg\"><img loading=\"lazy\" decoding=\"async\" class=\"alignnone wp-image-4021\" src=\"https:\/\/eremos.eu\/wp-content\/uploads\/2015\/08\/63d2-300x224.jpg\" alt=\"63d\" width=\"307\" height=\"229\" srcset=\"https:\/\/eremos.eu\/wp-content\/uploads\/2015\/08\/63d2-300x224.jpg 300w, https:\/\/eremos.eu\/wp-content\/uploads\/2015\/08\/63d2.jpg 511w\" sizes=\"auto, (max-width: 307px) 100vw, 307px\" \/><\/a><\/p>\n<hr \/>\n<p><strong>GROTTA DI SANTA MARIA<\/strong> (Chiesa rupestre &#8211; VIII-IX secolo)<\/p>\n<p>Localit\u00e0: <strong>Contrada Sant&#8217;Alfano, Canicattini Bagni<\/strong> (SR) \u00a0 \u00a0 \u00a0 \u00a0 \u00a0 \u00a0 \u00a0\u00a0Sub-area: <span style=\"color: #0000ff;\">Val di Noto<\/span><\/p>\n<p style=\"text-align: justify;\">Quella di Santa Maria, situata all\u2019inizio del vallone di Cavadonna dov\u2019\u00e8 presente anche una necropoli, \u00e8 una chiesetta rupestre di epoca bizantina. La grotta presenta l\u2019accesso delimitato da un muretto artificiale atto a sostenere e consolidare la preesistente, vetusta infrastruttura lignea adottata per separare gli ambienti liturgici della chiesa.<\/p>\n<hr \/>\n<p><strong>ORATORIO DEI CUGNI DI CASSARO<\/strong> (Cappella rupestre &#8211; IX-XI secolo)<\/p>\n<p>Localit\u00e0: <strong>Canicattini Bagni<\/strong> (SR) \u00a0 \u00a0 \u00a0 \u00a0 \u00a0 \u00a0 \u00a0 \u00a0 \u00a0 \u00a0 \u00a0 \u00a0 \u00a0 \u00a0 \u00a0 \u00a0 \u00a0 \u00a0 \u00a0 \u00a0 Sub-area: <span style=\"color: #0000ff;\">Val di Noto<\/span><\/p>\n<p style=\"text-align: justify;\">Si tratta del piccolo oratorio rupestre, ricavato da un ipogeo funerario della preesistente necropoli, formato da un unico ambiente a pianta quadrangolare con absidiola di fondo e <i>dromos<\/i> scoperto.<\/p>\n<hr \/>\n<p><strong>ORATORIO DI CUGNO MOLA<\/strong> (Cappella rupestre &#8211; IX-XI secolo)<\/p>\n<p>Localit\u00e0: <strong>Cugni di Cassibile<\/strong> (SR) \u00a0 \u00a0 \u00a0 \u00a0 \u00a0 \u00a0 \u00a0 \u00a0 \u00a0 \u00a0 \u00a0 \u00a0 \u00a0 \u00a0 \u00a0 \u00a0 \u00a0 \u00a0Sub-area: <span style=\"color: #0000ff;\">Val di Noto<\/span><\/p>\n<p style=\"text-align: justify;\">L&#8217;altura piramidale di Cugno Mola di fronte alla necropoli di Cassibile, un tempo sede di un fortilizio siracusano (<em>Guerra del Peloponneso<\/em>, Tucidide), ha di recente portato alla luce un oratorio rupestre piuttosto danneggiato dai crolli. L&#8217;area cultuale \u00e8 riconoscibile per la\u00a0presenza di un abside rettangolare nelle cui prossimit\u00e0 si trova una grande vasca o fonte battesimale, mentre alle pareti sono incise numerose croci latine o greche potenziate. I\u00a0vicini resti di alcuni ambienti abitativi accompagnati da una cisterna per l&#8217;acqua inducono ad ipotizzare\u00a0la presenza di monaci o eremiti. (foto Diego Barucco per SiciliaFotografica.it)<\/p>\n<p><a href=\"https:\/\/eremos.eu\/wp-content\/uploads\/2015\/08\/CUGNO-MOLA-22.jpg\"><img loading=\"lazy\" decoding=\"async\" class=\"size-medium wp-image-6153 alignleft\" src=\"https:\/\/eremos.eu\/wp-content\/uploads\/2015\/08\/CUGNO-MOLA-22-300x174.jpg\" alt=\"CUGNO MOLA 2\" width=\"300\" height=\"174\" srcset=\"https:\/\/eremos.eu\/wp-content\/uploads\/2015\/08\/CUGNO-MOLA-22-300x174.jpg 300w, https:\/\/eremos.eu\/wp-content\/uploads\/2015\/08\/CUGNO-MOLA-22.jpg 601w\" sizes=\"auto, (max-width: 300px) 100vw, 300px\" \/><\/a><\/p>\n<p><a href=\"https:\/\/eremos.eu\/wp-content\/uploads\/2015\/08\/CUGNO-MOLA-11.jpg\"><img loading=\"lazy\" decoding=\"async\" class=\"size-medium wp-image-6154 alignnone\" src=\"https:\/\/eremos.eu\/wp-content\/uploads\/2015\/08\/CUGNO-MOLA-11-300x172.jpg\" alt=\"CUGNO MOLA 1\" width=\"300\" height=\"172\" srcset=\"https:\/\/eremos.eu\/wp-content\/uploads\/2015\/08\/CUGNO-MOLA-11-300x172.jpg 300w, https:\/\/eremos.eu\/wp-content\/uploads\/2015\/08\/CUGNO-MOLA-11.jpg 603w\" sizes=\"auto, (max-width: 300px) 100vw, 300px\" \/><\/a><\/p>\n<p>&nbsp;<\/p>\n<hr \/>\n<p><strong>GROTTA DEI SANTI<\/strong> (Chiesa rupestre &#8211; XI-XII secolo)<\/p>\n<p>Localit\u00e0: <strong>Contrada Alia, Licodia Eubea<\/strong> (CT) \u00a0 \u00a0 \u00a0 \u00a0 \u00a0 \u00a0 \u00a0 \u00a0 \u00a0 \u00a0 \u00a0 \u00a0 \u00a0\u00a0Sub-area: <span style=\"color: #0000ff;\">Val di Noto<\/span><\/p>\n<p style=\"text-align: justify;\"><a href=\"https:\/\/eremos.eu\/wp-content\/uploads\/2015\/08\/66d3.jpg\"><img loading=\"lazy\" decoding=\"async\" class=\"alignright size-medium wp-image-4036\" src=\"https:\/\/eremos.eu\/wp-content\/uploads\/2015\/08\/66d3-249x300.jpg\" alt=\"66d\" width=\"249\" height=\"300\" srcset=\"https:\/\/eremos.eu\/wp-content\/uploads\/2015\/08\/66d3-249x300.jpg 249w, https:\/\/eremos.eu\/wp-content\/uploads\/2015\/08\/66d3.jpg 374w\" sizes=\"auto, (max-width: 249px) 100vw, 249px\" \/><\/a>Il complesso rupestre denominato \u201cgrotta dei Santi\u201d, che si trova nel versante meridionale dell\u2019omonimo colle nei pressi del fiume Amerillo, gi\u00e0 preesistente come area cimiteriale, a partire dall\u2019XI secolo diviene la sede di un gruppo cenobitico che lo trasforma in un polo d\u2019attrazione cultuale per le popolazioni rurali del territorio. Il sito \u00e8 composto da pi\u00f9 terrazzamenti, in ciascuno dei quali insistono uno o pi\u00f9 gruppi di ambienti ipogei che, per quanto rimaneggiati, conservano ancora i segni della primitiva destinazione cimiteriale (sarcofagi, arcosoli, ecc.) e sono collegati tra loro da corridoi e porte interne. Tra questi una grotta, di forma rettangolare, si distingue per la diversa struttura interna: la volta piana, un\u2019abside sul lato ad est e, soprattutto, la presenza di pannelli pittorici con la rappresentazione della <i>Staurosis, <\/i>ovvero il Crocefisso nimbato affiancato dalla Madonna, san Giovanni e da Longino nell\u2019atto di trafiggerne il costato, e di altri pi\u00f9 piccoli con figure di santi all\u2019interno di una nicchia. In ogni caso, il luogo di culto verr\u00e0 abbandonato nel Quattrocento, allorquando la tradizione orientale e post-classica del monachesimo cenobitico verr\u00e0 assorbita da quella culturalmente pi\u00f9 europea, come la normanna. (foto Diego Barucco per SiciliaFotografica.it)<\/p>\n<p><a href=\"https:\/\/eremos.eu\/wp-content\/uploads\/2015\/08\/667.jpg\"><img loading=\"lazy\" decoding=\"async\" class=\"alignleft wp-image-4032 size-medium\" src=\"https:\/\/eremos.eu\/wp-content\/uploads\/2015\/08\/667-300x201.jpg\" alt=\"66\" width=\"300\" height=\"201\" srcset=\"https:\/\/eremos.eu\/wp-content\/uploads\/2015\/08\/667-300x201.jpg 300w, https:\/\/eremos.eu\/wp-content\/uploads\/2015\/08\/667-1024x685.jpg 1024w, https:\/\/eremos.eu\/wp-content\/uploads\/2015\/08\/667.jpg 1049w\" sizes=\"auto, (max-width: 300px) 100vw, 300px\" \/><\/a><\/p>\n<p><a href=\"https:\/\/eremos.eu\/wp-content\/uploads\/2015\/08\/grotta-santi.jpg\"><img loading=\"lazy\" decoding=\"async\" class=\"wp-image-4035 size-medium alignnone\" src=\"https:\/\/eremos.eu\/wp-content\/uploads\/2015\/08\/grotta-santi-300x201.jpg\" alt=\"grotta santi\" width=\"300\" height=\"201\" srcset=\"https:\/\/eremos.eu\/wp-content\/uploads\/2015\/08\/grotta-santi-300x201.jpg 300w, https:\/\/eremos.eu\/wp-content\/uploads\/2015\/08\/grotta-santi.jpg 847w\" sizes=\"auto, (max-width: 300px) 100vw, 300px\" \/><\/a><\/p>\n<p><a href=\"https:\/\/eremos.eu\/wp-content\/uploads\/2015\/08\/66a5.jpg\"><img loading=\"lazy\" decoding=\"async\" class=\"alignleft wp-image-4031 size-medium\" src=\"https:\/\/eremos.eu\/wp-content\/uploads\/2015\/08\/66a5-300x196.jpg\" alt=\"66a\" width=\"300\" height=\"196\" srcset=\"https:\/\/eremos.eu\/wp-content\/uploads\/2015\/08\/66a5-300x196.jpg 300w, https:\/\/eremos.eu\/wp-content\/uploads\/2015\/08\/66a5.jpg 308w\" sizes=\"auto, (max-width: 300px) 100vw, 300px\" \/><\/a><\/p>\n<p><a href=\"https:\/\/eremos.eu\/wp-content\/uploads\/2015\/08\/66c5.jpg\"><img loading=\"lazy\" decoding=\"async\" class=\"wp-image-4034 alignnone\" src=\"https:\/\/eremos.eu\/wp-content\/uploads\/2015\/08\/66c5-300x206.jpg\" alt=\"66c\" width=\"285\" height=\"196\" srcset=\"https:\/\/eremos.eu\/wp-content\/uploads\/2015\/08\/66c5-300x206.jpg 300w, https:\/\/eremos.eu\/wp-content\/uploads\/2015\/08\/66c5.jpg 945w\" sizes=\"auto, (max-width: 285px) 100vw, 285px\" \/><\/a><\/p>\n<hr \/>\n<p><strong>GROTTA DI SANT&#8217;AGRIPPINA<\/strong> (Santuario rupestre &#8211; XII-XIII secolo)<\/p>\n<p>Localit\u00e0: <strong>Mineo<\/strong> (CT) \u00a0 \u00a0 \u00a0 \u00a0 \u00a0 \u00a0 \u00a0 \u00a0 \u00a0 \u00a0 \u00a0 \u00a0 \u00a0 \u00a0 \u00a0 \u00a0Sub-area: <span style=\"color: #0000ff;\">Val di Noto<\/span><\/p>\n<p style=\"text-align: justify;\">La grotta di Sant\u2019Agrippina, scadendo il ruolo del duecentesco castello rupestre che occupava il grande sito, verso la fine del Cinquecento si riappropria dell\u2019originaria vocazione cultuale (era il primitivo luogo di sepoltura della Santa martire) assumendo il ruolo di santuario. La trasformazione avviene grazie: alla costruzione di una rampa di scale esterna lungo il fianco della rupe, cos\u00ec da permettere ai fedeli di superare il notevole dislivello tra il fondovalle e l\u2019accesso della grotta; all\u2019adattamento del salone a navata della chiesa con un altare ligneo; al subentro di alcuni eremiti stanziali per la sua custodia.<\/p>\n<p><a href=\"https:\/\/eremos.eu\/wp-content\/uploads\/2015\/08\/675.jpg\"><img loading=\"lazy\" decoding=\"async\" class=\"alignleft wp-image-4037 size-medium\" src=\"https:\/\/eremos.eu\/wp-content\/uploads\/2015\/08\/675-300x168.jpg\" alt=\"67\" width=\"300\" height=\"168\" srcset=\"https:\/\/eremos.eu\/wp-content\/uploads\/2015\/08\/675-300x168.jpg 300w, https:\/\/eremos.eu\/wp-content\/uploads\/2015\/08\/675.jpg 483w\" sizes=\"auto, (max-width: 300px) 100vw, 300px\" \/><\/a><\/p>\n<p><a href=\"https:\/\/eremos.eu\/wp-content\/uploads\/2015\/08\/67a3.jpg\"><img loading=\"lazy\" decoding=\"async\" class=\"wp-image-4038 alignnone\" src=\"https:\/\/eremos.eu\/wp-content\/uploads\/2015\/08\/67a3-300x170.jpg\" alt=\"67a\" width=\"297\" height=\"168\" srcset=\"https:\/\/eremos.eu\/wp-content\/uploads\/2015\/08\/67a3-300x170.jpg 300w, https:\/\/eremos.eu\/wp-content\/uploads\/2015\/08\/67a3-1024x579.jpg 1024w, https:\/\/eremos.eu\/wp-content\/uploads\/2015\/08\/67a3.jpg 1266w\" sizes=\"auto, (max-width: 297px) 100vw, 297px\" \/><\/a><\/p>\n<p><a href=\"https:\/\/eremos.eu\/wp-content\/uploads\/2015\/08\/67b2.jpg\"><img loading=\"lazy\" decoding=\"async\" class=\"alignleft wp-image-4039 size-medium\" src=\"https:\/\/eremos.eu\/wp-content\/uploads\/2015\/08\/67b2-300x225.jpg\" alt=\"67b\" width=\"300\" height=\"225\" srcset=\"https:\/\/eremos.eu\/wp-content\/uploads\/2015\/08\/67b2-300x225.jpg 300w, https:\/\/eremos.eu\/wp-content\/uploads\/2015\/08\/67b2.jpg 811w\" sizes=\"auto, (max-width: 300px) 100vw, 300px\" \/><\/a><a href=\"https:\/\/eremos.eu\/wp-content\/uploads\/2015\/08\/67c3.jpg\"><img loading=\"lazy\" decoding=\"async\" class=\"wp-image-4040 size-medium alignnone\" src=\"https:\/\/eremos.eu\/wp-content\/uploads\/2015\/08\/67c3-300x225.jpg\" alt=\"67c\" width=\"300\" height=\"225\" srcset=\"https:\/\/eremos.eu\/wp-content\/uploads\/2015\/08\/67c3-300x225.jpg 300w, https:\/\/eremos.eu\/wp-content\/uploads\/2015\/08\/67c3-1024x769.jpg 1024w, https:\/\/eremos.eu\/wp-content\/uploads\/2015\/08\/67c3.jpg 1040w\" sizes=\"auto, (max-width: 300px) 100vw, 300px\" \/><\/a><\/p>\n<hr \/>\n<p><strong>MOSCHEA DI CARATABIA<\/strong> (Moschea rupestre &#8211; IX-X secolo)<\/p>\n<p>Localit\u00e0: <strong>Contrada Nunziata, Mineo<\/strong> (CT) \u00a0 \u00a0 \u00a0 \u00a0 \u00a0 \u00a0 \u00a0 \u00a0 \u00a0 \u00a0 \u00a0 \u00a0 \u00a0\u00a0Sub-area: <span style=\"color: #0000ff;\">Val di Noto<\/span><\/p>\n<p style=\"text-align: justify;\">La moschea rupestre di Caratabia, scavata in uno sperone di roccia lungo il percorso tra Mineo e Militello in Val di Catania, \u00e8 gi\u00e0 attestata in documenti del XV secolo quando verr\u00e0 adattata a romitorio della Nunziata accogliendo un gruppo di frati eremiti che ne risistemeranno l\u2019architettura della facciata. Per il resto, nonostante i numerosi graffiti cristiani, l\u2019articolazione dell\u2019impianto interno con la <i>qibla<\/i> ed il <i>mirhab<\/i> tradisce l\u2019originaria e musulmana cultualit\u00e0 del sito.<\/p>\n<p><a href=\"https:\/\/eremos.eu\/wp-content\/uploads\/2015\/08\/685.jpg\"><img loading=\"lazy\" decoding=\"async\" class=\"alignleft wp-image-4041 size-medium\" src=\"https:\/\/eremos.eu\/wp-content\/uploads\/2015\/08\/685-300x193.jpg\" alt=\"68\" width=\"300\" height=\"193\" srcset=\"https:\/\/eremos.eu\/wp-content\/uploads\/2015\/08\/685-300x193.jpg 300w, https:\/\/eremos.eu\/wp-content\/uploads\/2015\/08\/685.jpg 373w\" sizes=\"auto, (max-width: 300px) 100vw, 300px\" \/><\/a><\/p>\n<p><a href=\"https:\/\/eremos.eu\/wp-content\/uploads\/2015\/08\/68a5.jpg\"><img loading=\"lazy\" decoding=\"async\" class=\"wp-image-4042 alignnone\" src=\"https:\/\/eremos.eu\/wp-content\/uploads\/2015\/08\/68a5-300x170.jpg\" alt=\"68a\" width=\"341\" height=\"193\" srcset=\"https:\/\/eremos.eu\/wp-content\/uploads\/2015\/08\/68a5-300x170.jpg 300w, https:\/\/eremos.eu\/wp-content\/uploads\/2015\/08\/68a5.jpg 835w\" sizes=\"auto, (max-width: 341px) 100vw, 341px\" \/><\/a><\/p>\n<hr \/>\n<p><strong><a href=\"https:\/\/eremos.eu\/wp-content\/uploads\/2015\/08\/699.jpg\"><img loading=\"lazy\" decoding=\"async\" class=\"alignright size-medium wp-image-5667\" src=\"https:\/\/eremos.eu\/wp-content\/uploads\/2015\/08\/699-300x224.jpg\" alt=\"69\" width=\"300\" height=\"224\" srcset=\"https:\/\/eremos.eu\/wp-content\/uploads\/2015\/08\/699-300x224.jpg 300w, https:\/\/eremos.eu\/wp-content\/uploads\/2015\/08\/699.jpg 342w\" sizes=\"auto, (max-width: 300px) 100vw, 300px\" \/><\/a>CHIESA DELLA BARRIERA<\/strong> (Chiesa rupestre &#8211; XV-XVI secolo)<\/p>\n<p>Localit\u00e0: <strong>Cava d&#8217;Ispica, Modica<\/strong> (RG)<\/p>\n<p>Sub-area: <span style=\"color: #0000ff;\">Val di Noto<\/span><\/p>\n<p style=\"text-align: justify;\">Quella della Barriera, rinvenuta nel \u201996 poco oltre l\u2019ingresso del Fortilizio, nella parte meridionale della Cava d\u2019Ispica, \u00e8 una delle tante chiese rupestri tardo-medievali presenti nell\u2019area e, ancorch\u00e9 di modeste dimensioni, consta di un\u2019aula e di una absidiola con altare.<\/p>\n<hr \/>\n<p><strong>CHIESA DELLA CANDELORA<\/strong> (Chiesa rupestre)<\/p>\n<p>Localit\u00e0: <strong>Modica<\/strong> (RG) \u00a0 \u00a0 \u00a0 \u00a0 \u00a0 \u00a0 \u00a0 \u00a0 \u00a0 \u00a0 \u00a0 \u00a0 \u00a0 \u00a0 \u00a0 \u00a0 \u00a0Sub-area: <span style=\"color: #0000ff;\">Val di Noto<\/span><\/p>\n<p style=\"text-align: justify;\">Con la denominazione di Santa Maria della Purificazione o della Candelora \u00e8 stato di recente identificato il complesso rupestre costituito da grandi e numerosi ambienti disposti su due diversi livelli, di cui quello inferiore \u00e8 all\u2019altezza del greto del torrente Janni. E\u2019 assai probabile che uno di questi ambienti fosse adibito a luogo di culto di sant\u2019Orsola, protettrice dei conciatori che, numerosi, operavano nella zona.<\/p>\n<hr \/>\n<p><strong><a href=\"https:\/\/eremos.eu\/wp-content\/uploads\/2015\/08\/71a10.jpg\"><img loading=\"lazy\" decoding=\"async\" class=\"alignright wp-image-5668\" src=\"https:\/\/eremos.eu\/wp-content\/uploads\/2015\/08\/71a10-244x300.jpg\" alt=\"71a\" width=\"220\" height=\"270\" srcset=\"https:\/\/eremos.eu\/wp-content\/uploads\/2015\/08\/71a10-244x300.jpg 244w, https:\/\/eremos.eu\/wp-content\/uploads\/2015\/08\/71a10.jpg 809w\" sizes=\"auto, (max-width: 220px) 100vw, 220px\" \/><\/a>CHIESA DELLA MADONNA DELLE GRAZIE<\/strong> (Chiesa semirupestre)<\/p>\n<p>Localit\u00e0: <strong>Modica<\/strong> (RG)<\/p>\n<p>Sub-area: <span style=\"color: #0000ff;\">Val di Noto<\/span><\/p>\n<p style=\"text-align: justify;\">La chiesa semirupestre della Madonna delle Grazie, che malgrado le manipolazioni cui \u00e8 stata assoggettata a partire dai primi anni venti del <a href=\"https:\/\/eremos.eu\/wp-content\/uploads\/2015\/08\/madonnadellegraziemodica1.jpg\"><img loading=\"lazy\" decoding=\"async\" class=\"alignleft wp-image-5670\" src=\"https:\/\/eremos.eu\/wp-content\/uploads\/2015\/08\/madonnadellegraziemodica1-300x200.jpg\" alt=\"madonnadellegraziemodica\" width=\"270\" height=\"180\" srcset=\"https:\/\/eremos.eu\/wp-content\/uploads\/2015\/08\/madonnadellegraziemodica1-300x200.jpg 300w, https:\/\/eremos.eu\/wp-content\/uploads\/2015\/08\/madonnadellegraziemodica1.jpg 800w\" sizes=\"auto, (max-width: 270px) 100vw, 270px\" \/><\/a>\u2018900 lascia prefigurare l\u2019originario impianto planimetrico, \u00e8 allocata sul declivio della collina di Monserrato che d\u00e0 sul torrente Liberale. Comprendeva infatti un ampio ambiente ipogeo a pianta quadrangolare, con altare a nicchia nella parete di fondo, davanti alla quale era sistemato un banco di legno, senza alcuna traccia di affreschi o decorazioni alle pareti.<\/p>\n<hr \/>\n<p><strong><a href=\"https:\/\/eremos.eu\/wp-content\/uploads\/2015\/08\/737.jpg\"><img loading=\"lazy\" decoding=\"async\" class=\"alignright wp-image-4051\" src=\"https:\/\/eremos.eu\/wp-content\/uploads\/2015\/08\/737-300x276.jpg\" alt=\"73\" width=\"250\" height=\"230\" srcset=\"https:\/\/eremos.eu\/wp-content\/uploads\/2015\/08\/737-300x276.jpg 300w, https:\/\/eremos.eu\/wp-content\/uploads\/2015\/08\/737.jpg 338w\" sizes=\"auto, (max-width: 250px) 100vw, 250px\" \/><\/a>CHIESA DI SAN GAETANO<\/strong> (Chiesa rupestre &#8211; XVI secolo)<\/p>\n<p>Localit\u00e0: <strong>Modica<\/strong> (RG) \u00a0 \u00a0 \u00a0 \u00a0 \u00a0 \u00a0 \u00a0 \u00a0 \u00a0 \u00a0 \u00a0 \u00a0 \u00a0 \u00a0 Sub-area: <span style=\"color: #0000ff;\">Val di Noto<\/span><\/p>\n<p style=\"text-align: justify;\">La chiesa di San Gaetano, all\u2019interno di una cavit\u00e0 piuttosto ampia che si apre sotto le rupi di Scala Ricotta, di fronte al convento dei Carmelitani, si presenta ad aula\u00a0 unica con abside rettangolare ed una piccola sagrestia ricavata a sinistra dell\u2019ingresso. L\u2019assenza di decorazioni interne e l\u2019intitolazione al Santo di Thiene, vissuto tra il 1480 ed il 1547, induce a ritenere che sia stata edificata nel XVI secolo.<\/p>\n<hr \/>\n<p><strong>CHIESA DI SAN GIUSEPPE &#8216;U TIMPUNI<\/strong> (Chiesa rupestre &#8211; XV-XVI secolo)<\/p>\n<p>Localit\u00e0: <strong>Modica<\/strong> (RG) \u00a0 \u00a0 \u00a0 \u00a0 \u00a0 \u00a0 \u00a0 \u00a0 \u00a0 \u00a0 \u00a0 \u00a0 \u00a0 \u00a0 \u00a0 \u00a0 \u00a0 \u00a0 \u00a0 \u00a0Sub-area: <span style=\"color: #0000ff;\">Val di Noto<\/span><\/p>\n<p style=\"text-align: justify;\">Quantunque\u00a0attestata in documenti ufficiali del XVII e XVIII secolo, le origini della chiesa rupestre di San Giuseppe \u2018u Timpuni, posta lungo il sentiero che s\u2019inerpica nel lato settentrionale della collina dell\u2019Itria, vanno fatti sicuramente risalire di qualche secolo. All\u2019interno infatti sono sufficientemente riconoscibili almeno due strati di decorazione: uno pi\u00f9 antico, di datazione incerta, con fascia rossa e filettatura nera; l\u2019altro pi\u00f9 recente, con triangoli a zig-zag lungo la parte alta della nicchia presbiteriale e verosimilmente analogo all\u2019arco di trionfo di Santa Venera.<\/p>\n<hr \/>\n<p style=\"text-align: justify;\"><strong>CHIESA DI SAN NICOL\u00d2 INFERIORE<\/strong> (Chiesa rupestre &#8211; XI-XII secolo)<\/p>\n<p style=\"text-align: justify;\">Localit\u00e0: <strong>Modica<\/strong> (RG) \u00a0 \u00a0 \u00a0 \u00a0 \u00a0 \u00a0 \u00a0 \u00a0 \u00a0 \u00a0 \u00a0 Sub-area: <span style=\"color: #0000ff;\">Val di Noto<\/span><\/p>\n<p style=\"text-align: justify;\"><a href=\"https:\/\/eremos.eu\/wp-content\/uploads\/2015\/08\/75c1.jpg\"><img loading=\"lazy\" decoding=\"async\" class=\"alignright size-medium wp-image-4055\" src=\"https:\/\/eremos.eu\/wp-content\/uploads\/2015\/08\/75c1-300x199.jpg\" alt=\"75c\" width=\"300\" height=\"199\" srcset=\"https:\/\/eremos.eu\/wp-content\/uploads\/2015\/08\/75c1-300x199.jpg 300w, https:\/\/eremos.eu\/wp-content\/uploads\/2015\/08\/75c1.jpg 790w\" sizes=\"auto, (max-width: 300px) 100vw, 300px\" \/><\/a>Scoperta per caso sul finire degli anni Ottanta, quasi nascosta in una delle vie pi\u00f9 caratteristiche del centro storico, quella di San Nicol\u00f2 Inferiore\u00a0\u00e8 sicuramente la pi\u00f9 antica chiesa di Modica. Composta da un unico ambiente di circa 45 mq., si avvale di un\u2019abside completamente rivestita di icone in stile tardo-bizantino (databili tra il XII ed il XVI secolo), dove in posizione centrale troneggia un magnifico <i>Cristo pantocratore <\/i>racchiuso in una grande mandorla ed affiancato da due coppie di angeli. Sul lato destro un catino scavato nella roccia serviva per officiare il battesimo con il rito orientale e recenti lavori di scavo hanno inoltre portato alla luce, a livello del pavimento, una serie di cripte e tombe terragne. Insomma, la chiesetta di San Nicol\u00f2 \u00e8 indubbiamente un esempio eloquente e meglio conservato di quell\u2019architettura rupestre di stampo bizantino presente nell\u2019isola.<\/p>\n<p><a href=\"https:\/\/eremos.eu\/wp-content\/uploads\/2015\/08\/756.jpg\"><img loading=\"lazy\" decoding=\"async\" class=\"alignleft wp-image-4052 size-medium\" src=\"https:\/\/eremos.eu\/wp-content\/uploads\/2015\/08\/756-300x187.jpg\" alt=\"75\" width=\"300\" height=\"187\" srcset=\"https:\/\/eremos.eu\/wp-content\/uploads\/2015\/08\/756-300x187.jpg 300w, https:\/\/eremos.eu\/wp-content\/uploads\/2015\/08\/756.jpg 501w\" sizes=\"auto, (max-width: 300px) 100vw, 300px\" \/><\/a><\/p>\n<p><a href=\"https:\/\/eremos.eu\/wp-content\/uploads\/2015\/08\/75b4.jpg\"><img loading=\"lazy\" decoding=\"async\" class=\"wp-image-4054 alignnone\" src=\"https:\/\/eremos.eu\/wp-content\/uploads\/2015\/08\/75b4-300x199.jpg\" alt=\"75b\" width=\"281\" height=\"187\" srcset=\"https:\/\/eremos.eu\/wp-content\/uploads\/2015\/08\/75b4-300x199.jpg 300w, https:\/\/eremos.eu\/wp-content\/uploads\/2015\/08\/75b4.jpg 793w\" sizes=\"auto, (max-width: 281px) 100vw, 281px\" \/><\/a><\/p>\n<hr \/>\n<p><strong>CHIESA DI SAN SEBASTIANO<\/strong> (Ruderi di chiesa rupestre)<\/p>\n<p><a href=\"https:\/\/eremos.eu\/wp-content\/uploads\/2015\/08\/767.jpg\"><img loading=\"lazy\" decoding=\"async\" class=\"alignright wp-image-4056\" src=\"https:\/\/eremos.eu\/wp-content\/uploads\/2015\/08\/767-300x226.jpg\" alt=\"76\" width=\"279\" height=\"210\" srcset=\"https:\/\/eremos.eu\/wp-content\/uploads\/2015\/08\/767-300x226.jpg 300w, https:\/\/eremos.eu\/wp-content\/uploads\/2015\/08\/767.jpg 489w\" sizes=\"auto, (max-width: 279px) 100vw, 279px\" \/><\/a>Localit\u00e0: <strong>Cava d&#8217;Ispica, Modica<\/strong> (RG)<\/p>\n<p>Sub-area: <span style=\"color: #0000ff;\">Val di Noto<\/span><\/p>\n<p style=\"text-align: justify;\">Quella di San Sebastiano si trova nel vallone che si apre a sud della Cava d\u2019Ispica e, per certi versi, pu\u00f2 assimilarsi alla chiesa di Santa Maria La Cava. Per il resto, purtroppo, l\u2019avancorpo in muratura \u00e8 andato distrutto quando fu costruito lo stradone della Barriera (fine \u2019800) e la parte posteriore absidata \u00e8 stata trasformata in fornace per la calce.<\/p>\n<hr \/>\n<p><strong><a href=\"https:\/\/eremos.eu\/wp-content\/uploads\/2015\/08\/778.jpg\"><img loading=\"lazy\" decoding=\"async\" class=\"alignright wp-image-5672\" src=\"https:\/\/eremos.eu\/wp-content\/uploads\/2015\/08\/778-225x300.jpg\" alt=\"77\" width=\"168\" height=\"225\" srcset=\"https:\/\/eremos.eu\/wp-content\/uploads\/2015\/08\/778-225x300.jpg 225w, https:\/\/eremos.eu\/wp-content\/uploads\/2015\/08\/778.jpg 372w\" sizes=\"auto, (max-width: 168px) 100vw, 168px\" \/><\/a>CHIESA DI SANTA MARIA LA CAVA<\/strong> (Chiesa rupestre &#8211; XIV\u00a0secolo)<\/p>\n<p>Localit\u00e0: <strong>Cava d&#8217;Ispica, Modica<\/strong> (RG)<\/p>\n<p>Sub-area: <span style=\"color: #0000ff;\">Val di Noto<\/span><\/p>\n<p style=\"text-align: justify;\">Scendendo nel fondovalle della Cava d\u2019Ispica (Parco della Forza) ci si imbatte nella chiesa rupestre di Santa Maria La Cava, costituita dalla zona absidale dell\u2019omonima chiesa distrutta dal terremoto del 1693 all\u2019interno della quale sono ancora visibili le tracce di affreschi di datazione incerta.<\/p>\n<p><a href=\"https:\/\/eremos.eu\/wp-content\/uploads\/2015\/08\/77a6.jpg\"><img loading=\"lazy\" decoding=\"async\" class=\"alignleft wp-image-4058 size-medium\" src=\"https:\/\/eremos.eu\/wp-content\/uploads\/2015\/08\/77a6-300x200.jpg\" alt=\"77a\" width=\"300\" height=\"200\" srcset=\"https:\/\/eremos.eu\/wp-content\/uploads\/2015\/08\/77a6-300x200.jpg 300w, https:\/\/eremos.eu\/wp-content\/uploads\/2015\/08\/77a6.jpg 828w\" sizes=\"auto, (max-width: 300px) 100vw, 300px\" \/><\/a><\/p>\n<p><a href=\"https:\/\/eremos.eu\/wp-content\/uploads\/2015\/08\/77b9.jpg\"><img loading=\"lazy\" decoding=\"async\" class=\"wp-image-5671 alignnone\" src=\"https:\/\/eremos.eu\/wp-content\/uploads\/2015\/08\/77b9-300x225.jpg\" alt=\"77b\" width=\"267\" height=\"200\" srcset=\"https:\/\/eremos.eu\/wp-content\/uploads\/2015\/08\/77b9-300x225.jpg 300w, https:\/\/eremos.eu\/wp-content\/uploads\/2015\/08\/77b9.jpg 713w\" sizes=\"auto, (max-width: 267px) 100vw, 267px\" \/><\/a><\/p>\n<hr \/>\n<p><strong>CHIESA DI SANTA VENERA<\/strong> (Chiesa rupestre &#8211; XIV secolo)<\/p>\n<p>Localit\u00e0: <strong>Modica<\/strong> (RG) \u00a0 \u00a0 \u00a0 \u00a0 \u00a0 \u00a0 \u00a0 \u00a0 \u00a0 \u00a0 \u00a0\u00a0 \u00a0 \u00a0 \u00a0 \u00a0 \u00a0 \u00a0 \u00a0 \u00a0 \u00a0 \u00a0Sub-area: <span style=\"color: #0000ff;\">Val di Noto<\/span><\/p>\n<p style=\"text-align: justify;\">Nonostante sia attestata agli inizi del XIV secolo, la chiesa rupestre di\u00a0Santa Venera, nel rione storico di Porta d\u2019Anselmo, \u00e8 destinata a subire diversi rifacimenti nel corso del XVII secolo a causa di un probabile distacco della roccia della ripida scarpata nella quale \u00e8 scavata. In seguito al crollo vennero ricostruite in muratura le pareti meridionale ed occidentale, pur tuttavia conservando l\u2019orientale e la settentrionale intagliate nella roccia con gli affreschi originari della Santa e della\u00a0<i>Mater Domini.<\/i> La chiesa seicentesca presenta una pianta rettangolare, con abside quadrangolare rivolta ad est, mentre un arco a tutto sesto in muratura distingue l\u2019aula dalla zona presbiteriale compresa nella vecchia cavit\u00e0, per illuminare la quale, nella parete che sovrasta l\u2019arco, venne aperta una finestra in asse con l\u2019ingresso. Un ambiente attiguo, gi\u00e0 parte integrante dell\u2019originario aggrottamento e tutt\u2019ora presente, veniva probabilmente utilizzato come alloggio-sagrestia o, comunque, come vano di servizio della chiesa con evidente funzione <i>repositoria<\/i> per la presenza di nicchie sulla parete di fondo.<\/p>\n<p><a href=\"https:\/\/eremos.eu\/wp-content\/uploads\/2015\/08\/787.jpg\"><img loading=\"lazy\" decoding=\"async\" class=\"alignleft wp-image-4060 size-medium\" src=\"https:\/\/eremos.eu\/wp-content\/uploads\/2015\/08\/787-300x200.jpg\" alt=\"78\" width=\"300\" height=\"200\" srcset=\"https:\/\/eremos.eu\/wp-content\/uploads\/2015\/08\/787-300x200.jpg 300w, https:\/\/eremos.eu\/wp-content\/uploads\/2015\/08\/787-1024x682.jpg 1024w, https:\/\/eremos.eu\/wp-content\/uploads\/2015\/08\/787.jpg 1057w\" sizes=\"auto, (max-width: 300px) 100vw, 300px\" \/><\/a><a href=\"https:\/\/eremos.eu\/wp-content\/uploads\/2015\/08\/78a5.jpg\"><img loading=\"lazy\" decoding=\"async\" class=\"wp-image-4061 alignnone\" src=\"https:\/\/eremos.eu\/wp-content\/uploads\/2015\/08\/78a5-300x187.jpg\" alt=\"78a\" width=\"321\" height=\"200\" srcset=\"https:\/\/eremos.eu\/wp-content\/uploads\/2015\/08\/78a5-300x187.jpg 300w, https:\/\/eremos.eu\/wp-content\/uploads\/2015\/08\/78a5.jpg 497w\" sizes=\"auto, (max-width: 321px) 100vw, 321px\" \/><\/a><\/p>\n<hr \/>\n<p><strong>CHIESA DI SANT&#8217;ANNA VECCHIA<\/strong> (Ruderi di chiesa rupestre &#8211; VIII-IX secolo)<\/p>\n<p>Localit\u00e0: <strong>Cava d&#8217;Ispica, Modica<\/strong> (RG) \u00a0 \u00a0 \u00a0 \u00a0 \u00a0 \u00a0 \u00a0 \u00a0 \u00a0 \u00a0 \u00a0 \u00a0 \u00a0Sub-area: <span style=\"color: #0000ff;\">Val di Noto<\/span><\/p>\n<p style=\"text-align: justify;\"><a href=\"https:\/\/eremos.eu\/wp-content\/uploads\/2015\/08\/796.jpg\"><img loading=\"lazy\" decoding=\"async\" class=\"alignright size-medium wp-image-4062\" src=\"https:\/\/eremos.eu\/wp-content\/uploads\/2015\/08\/796-300x197.jpg\" alt=\"79\" width=\"300\" height=\"197\" srcset=\"https:\/\/eremos.eu\/wp-content\/uploads\/2015\/08\/796-300x197.jpg 300w, https:\/\/eremos.eu\/wp-content\/uploads\/2015\/08\/796.jpg 601w\" sizes=\"auto, (max-width: 300px) 100vw, 300px\" \/><\/a>La chiesa rupestre di Sant\u2019Anna Vecchia, che si trova nella parte finale della Cava d\u2019Ispica (vallone Barriera), ha una forma rozzamente rettangolare, con volta piatta ed alta un paio di metri. Per il resto, la parete d\u2019ingresso \u00e8 crollata, nell\u2019abside ci sono dei residui pressoch\u00e9 illeggibili di pitture (conteneva l\u2019affresco della Santa) ed\u00a0 una nicchia quadrata con i resti di un altare in muratura. In particolare sono da evidenziare il gradino-banchina (alto 25 cm.) ricavato nella roccia delle pareti laterali dell\u2019aula e riservato ai fedeli, ed un triplice sedile di foggia semicircolare lungo l\u2019abside per i presbiteri.<\/p>\n<hr \/>\n<p><strong>CHIESA DI SANT&#8217;ISIDORO<\/strong> (Chiesa rupestre &#8211; XI-XII secolo)<\/p>\n<p>Localit\u00e0: <strong>Contrada Grotticelle-Cava d&#8217;Ispica , Modica<\/strong> (RG) \u00a0 \u00a0 \u00a0 \u00a0 \u00a0 \u00a0 \u00a0 \u00a0 \u00a0 \u00a0Sub-area: <span style=\"color: #0000ff;\">Val di Noto<\/span><\/p>\n<p style=\"text-align: justify;\">Il complesso ipogeo di Sant\u2019Isidoro si apre lungo la balza rocciosa del versante destro della Cava d\u2019Ispica, nell\u2019area delle case Galfo ed \u00e8 costituito da tre ambienti intercomunicanti. Quello di destra, in parte crollato dopo il terremoto del \u201890, presenta una pianta quadrangolare come quello centrale, pi\u00f9 piccolo, con prospetto franato e successivamente tampognato con un muretto a secco, che introduce all\u2019ambiente di sinistra destinato a chiesa. Abbastanza largo e profondo consta di una conca absidale ricavata nella parete di fondo con al centro, in corrispondenza dell\u2019altare, un\u2019ampia nicchia forse destinata ad accogliere un\u2019icona lignea. Le pareti ed il soffitto di questo ambiente risultano pi\u00f9 volte intonacate, sebbene non si rinvengano tracce di affreschi; mentre al centro del soffitto sono piantati tre anelli, probabili reggilumi. Da non trascurare il piano roccioso al disopra del complesso che presenta l\u2019incisione di canali di scolo o di scorrimento delle acque piovane.<\/p>\n<hr \/>\n<p><strong>GROTTA DEI SANTI<\/strong> (Chiesa rupestre &#8211; IV-VI secolo)<\/p>\n<p>Localit\u00e0: <strong>Contrada Marchesa-Cava d&#8217;Ispica, Modica<\/strong> (RG) \u00a0 \u00a0 \u00a0 \u00a0 \u00a0 \u00a0 \u00a0 \u00a0Sub-area: <span style=\"color: #0000ff;\">Val di Noto<\/span><\/p>\n<p style=\"text-align: justify;\"><a href=\"https:\/\/eremos.eu\/wp-content\/uploads\/2015\/08\/81e1.jpg\"><img loading=\"lazy\" decoding=\"async\" class=\"alignleft size-medium wp-image-4071\" src=\"https:\/\/eremos.eu\/wp-content\/uploads\/2015\/08\/81e1-218x300.jpg\" alt=\"81e\" width=\"218\" height=\"300\" srcset=\"https:\/\/eremos.eu\/wp-content\/uploads\/2015\/08\/81e1-218x300.jpg 218w, https:\/\/eremos.eu\/wp-content\/uploads\/2015\/08\/81e1.jpg 387w\" sizes=\"auto, (max-width: 218px) 100vw, 218px\" \/><\/a>La chiesa rupestre allocata a monte dell\u2019abitato, nel complesso grottale del Cuozzo (Cava d\u2019Ispica), deve la denominazione \u201cgrotta dei Santi\u201d alle numerose (ben 33) figure di santi dipinte al suo interno. Profonda una ventina di metri, consta di un tramezzo con porta e finestrella che ha funzione d\u2019iconostasi separando l\u2019aula dal presbiterio. Il piano di calpestio \u00e8 caratterizzato da una dozzina di fosse concave, scavate probabilmente per sistemarvi delle giare (grano, olio e vino) e ricoperte da pedane lignee. Le pareti interne sono impreziosite da una nutrita teoria di immagini sacre: 14 in quella sinistra, 7 in quella di fondo e 12 in quella di destra, che, nonostante siano state in gran parte danneggiate dall\u2019ignoranza di \u201cvandali contemporanei\u201d, fanno di questa chiesetta uno dei documenti pi\u00f9 significativi del-l\u2019arte pittorica bizantina in Sicilia. Tutte le figure si sviluppano in senso verticale, a mezzo busto, su fondo blu, coronate da nimbo giallo-oro e, talvolta, incorniciate da bande colorate. Tra i santi della parete di sinistra si <a href=\"https:\/\/eremos.eu\/wp-content\/uploads\/2015\/08\/81d2.jpg\"><img loading=\"lazy\" decoding=\"async\" class=\"alignright size-medium wp-image-4072\" src=\"https:\/\/eremos.eu\/wp-content\/uploads\/2015\/08\/81d2-229x300.jpg\" alt=\"81d\" width=\"229\" height=\"300\" srcset=\"https:\/\/eremos.eu\/wp-content\/uploads\/2015\/08\/81d2-229x300.jpg 229w, https:\/\/eremos.eu\/wp-content\/uploads\/2015\/08\/81d2.jpg 310w\" sizes=\"auto, (max-width: 229px) 100vw, 229px\" \/><\/a>possono riconoscere Giorgio e Teodoro, una <i>Madonna con Bambino<\/i> (<i>theot<\/i><i>\u00f3<\/i><i>kos<\/i>), Pacomio il Grande (padre del cenobitismo egiziano), Basilio il Grande (padre del monachesimo orientale), Antonio Abate, Biagio e Giovanni Prodromos (precursore e vescovo martire di Sebaste in Armenia). Nell\u2019iconostasi gli affreschi pi\u00f9 antichi con Nicola, la <i>Madonna<\/i> <i>in trono <\/i>(regina o <i>basilissa<\/i>), il <i>Cristo pantocratore<\/i>, Pietro e Ciriaca. Nella parete di destra, infine, Eutimio il Grande (monaco eremita armeno), una <i>Madonna con Bambino <\/i>(<i>eleousa<\/i> o <i>glykophilousa<\/i>), Lucia, Giacomo, Filippo, Caterina d\u2019Alessandria, Agostino. Fermo restando che la chiesa consta degli elementi tradizionali del rito greco (iconostasi, altare al centro del presbiterio, orientamento est-ovest, didascalie greche) tale da collocarsi in piena et\u00e0 bizantina (V-VI secolo), le caratteristiche formali dell\u2019iconografia (schematismo sacro, rappresentazione frontale su fondo monocromo, colori, lettere) sono invece una vivida espressione del periodo protobizantino. (foto Diego Barucco per SiciliaFotografica.it)<\/p>\n<p><a href=\"https:\/\/eremos.eu\/wp-content\/uploads\/2015\/08\/8114.jpg\"><img loading=\"lazy\" decoding=\"async\" class=\"alignleft wp-image-4067 size-medium\" src=\"https:\/\/eremos.eu\/wp-content\/uploads\/2015\/08\/8114-300x180.jpg\" alt=\"81\" width=\"300\" height=\"180\" srcset=\"https:\/\/eremos.eu\/wp-content\/uploads\/2015\/08\/8114-300x180.jpg 300w, https:\/\/eremos.eu\/wp-content\/uploads\/2015\/08\/8114.jpg 421w\" sizes=\"auto, (max-width: 300px) 100vw, 300px\" \/><\/a><a href=\"https:\/\/eremos.eu\/wp-content\/uploads\/2015\/08\/81b5.jpg\"><img loading=\"lazy\" decoding=\"async\" class=\"wp-image-4064 alignnone\" src=\"https:\/\/eremos.eu\/wp-content\/uploads\/2015\/08\/81b5-300x167.jpg\" alt=\"81b\" width=\"323\" height=\"180\" srcset=\"https:\/\/eremos.eu\/wp-content\/uploads\/2015\/08\/81b5-300x167.jpg 300w, https:\/\/eremos.eu\/wp-content\/uploads\/2015\/08\/81b5.jpg 451w\" sizes=\"auto, (max-width: 323px) 100vw, 323px\" \/><\/a><\/p>\n<p><a href=\"https:\/\/eremos.eu\/wp-content\/uploads\/2015\/08\/81a6.jpg\"><img loading=\"lazy\" decoding=\"async\" class=\"alignleft wp-image-4068 size-medium\" src=\"https:\/\/eremos.eu\/wp-content\/uploads\/2015\/08\/81a6-300x201.jpg\" alt=\"81a\" width=\"300\" height=\"201\" srcset=\"https:\/\/eremos.eu\/wp-content\/uploads\/2015\/08\/81a6-300x201.jpg 300w, https:\/\/eremos.eu\/wp-content\/uploads\/2015\/08\/81a6.jpg 713w\" sizes=\"auto, (max-width: 300px) 100vw, 300px\" \/><\/a><a href=\"https:\/\/eremos.eu\/wp-content\/uploads\/2015\/08\/81c4.jpg\"><img loading=\"lazy\" decoding=\"async\" class=\"wp-image-4066 size-medium alignnone\" src=\"https:\/\/eremos.eu\/wp-content\/uploads\/2015\/08\/81c4-300x201.jpg\" alt=\"81c\" width=\"300\" height=\"201\" srcset=\"https:\/\/eremos.eu\/wp-content\/uploads\/2015\/08\/81c4-300x201.jpg 300w, https:\/\/eremos.eu\/wp-content\/uploads\/2015\/08\/81c4.jpg 651w\" sizes=\"auto, (max-width: 300px) 100vw, 300px\" \/><\/a><\/p>\n<p><a href=\"https:\/\/eremos.eu\/wp-content\/uploads\/2015\/08\/santi-ispica-1.jpg\"><img loading=\"lazy\" decoding=\"async\" class=\"alignleft size-medium wp-image-4070\" src=\"https:\/\/eremos.eu\/wp-content\/uploads\/2015\/08\/santi-ispica-1-300x193.jpg\" alt=\"santi ispica 1\" width=\"300\" height=\"193\" srcset=\"https:\/\/eremos.eu\/wp-content\/uploads\/2015\/08\/santi-ispica-1-300x193.jpg 300w, https:\/\/eremos.eu\/wp-content\/uploads\/2015\/08\/santi-ispica-1.jpg 640w\" sizes=\"auto, (max-width: 300px) 100vw, 300px\" \/><\/a><a href=\"https:\/\/eremos.eu\/wp-content\/uploads\/2015\/08\/santi-ispica.jpg\"><img loading=\"lazy\" decoding=\"async\" class=\"wp-image-4069 alignnone\" src=\"https:\/\/eremos.eu\/wp-content\/uploads\/2015\/08\/santi-ispica-300x180.jpg\" alt=\"santi ispica\" width=\"323\" height=\"193\" srcset=\"https:\/\/eremos.eu\/wp-content\/uploads\/2015\/08\/santi-ispica-300x180.jpg 300w, https:\/\/eremos.eu\/wp-content\/uploads\/2015\/08\/santi-ispica.jpg 640w\" sizes=\"auto, (max-width: 323px) 100vw, 323px\" \/><\/a><\/p>\n<hr \/>\n<p><strong><a href=\"https:\/\/eremos.eu\/wp-content\/uploads\/2015\/08\/72c3.jpg\"><img loading=\"lazy\" decoding=\"async\" class=\"alignright size-medium wp-image-5673\" src=\"https:\/\/eremos.eu\/wp-content\/uploads\/2015\/08\/72c3-198x300.jpg\" alt=\"72c\" width=\"198\" height=\"300\" srcset=\"https:\/\/eremos.eu\/wp-content\/uploads\/2015\/08\/72c3-198x300.jpg 198w, https:\/\/eremos.eu\/wp-content\/uploads\/2015\/08\/72c3.jpg 395w\" sizes=\"auto, (max-width: 198px) 100vw, 198px\" \/><\/a>GROTTA DELLA SPEZIERIA<\/strong> (Chiesa rupestre)<\/p>\n<p>Localit\u00e0: <strong>Contrada Poggio Salnitro-Cava d&#8217;Ispica, Modica<\/strong> (RG)<\/p>\n<p>Sub-area: <span style=\"color: #0000ff;\">Val di Noto<\/span><\/p>\n<p style=\"text-align: justify;\">La cosiddetta \u201cgrotta della Spezieria\u201d, per i tanti minuscoli loculi disposti su pi\u00f9 file nelle pareti d\u2019un ambiente comunicante con una decina di fosse terragne che la fanno assomigliare ad una farmacia, si trova ad ovest dell\u2019abitato, in contrada Poggio Salnitro (Cava d\u2019Ispica), nel contesto di una trentina di escavazioni che sfruttano preesistenti ipogei paleocristiani. Per quanto l\u2019aula principale sia andata in gran parte distrutta \u00e8 probabile che fosse suddivisa in tre piccole navate asimmetriche mediante pilastri. Una rozza iconostasi la separa dal <a href=\"https:\/\/eremos.eu\/wp-content\/uploads\/2015\/08\/72a8.jpg\"><img loading=\"lazy\" decoding=\"async\" class=\"alignleft size-medium wp-image-5674\" src=\"https:\/\/eremos.eu\/wp-content\/uploads\/2015\/08\/72a8-300x192.jpg\" alt=\"72a\" width=\"300\" height=\"192\" srcset=\"https:\/\/eremos.eu\/wp-content\/uploads\/2015\/08\/72a8-300x192.jpg 300w, https:\/\/eremos.eu\/wp-content\/uploads\/2015\/08\/72a8.jpg 446w\" sizes=\"auto, (max-width: 300px) 100vw, 300px\" \/><\/a>presbiterio rialzato e chiuso ad est da tre absidi anch\u2019esse asimmetriche, una delle quali (quella di destra) conteneva la cattedra per il celebrante. Al di l\u00e0 delle decorazioni scomparse quasi del tutto, lungo le pareti corre un sedile, nel pavimento si ritrova un moncone del piedistallo del primitivo altare e nel soffitto \u00e8 ricavata una cupolina a guisa di ciborio. Verosimilmente a quella di San Pancrazio si tratta di una grande chiesa officiata da una comunit\u00e0 di monaci o presbiteri, com\u2019\u00e8 desumibile dalla cattedra e dai sedili a loro riservati.<\/p>\n<p><a href=\"https:\/\/eremos.eu\/wp-content\/uploads\/2015\/08\/7212.jpg\"><img loading=\"lazy\" decoding=\"async\" class=\"alignleft wp-image-4049 size-medium\" src=\"https:\/\/eremos.eu\/wp-content\/uploads\/2015\/08\/7212-300x224.jpg\" alt=\"72\" width=\"300\" height=\"224\" srcset=\"https:\/\/eremos.eu\/wp-content\/uploads\/2015\/08\/7212-300x224.jpg 300w, https:\/\/eremos.eu\/wp-content\/uploads\/2015\/08\/7212.jpg 716w\" sizes=\"auto, (max-width: 300px) 100vw, 300px\" \/><\/a><a href=\"https:\/\/eremos.eu\/wp-content\/uploads\/2015\/08\/72b4.jpg\"><img loading=\"lazy\" decoding=\"async\" class=\"alignnone wp-image-4050\" src=\"https:\/\/eremos.eu\/wp-content\/uploads\/2015\/08\/72b4-300x225.jpg\" alt=\"72b\" width=\"299\" height=\"224\" srcset=\"https:\/\/eremos.eu\/wp-content\/uploads\/2015\/08\/72b4-300x225.jpg 300w, https:\/\/eremos.eu\/wp-content\/uploads\/2015\/08\/72b4.jpg 945w\" sizes=\"auto, (max-width: 299px) 100vw, 299px\" \/><\/a><\/p>\n<hr \/>\n<p><strong>GROTTA DI SAN NICOLA O DELLA MADONNA<\/strong> (Chiesa rupestre &#8211; IV-VI\u00a0secolo)<\/p>\n<p>Localit\u00e0: <strong>Cava d&#8217;Ispica, Modica<\/strong> (RG) \u00a0 \u00a0 \u00a0 \u00a0 \u00a0 \u00a0 \u00a0 \u00a0 \u00a0 \u00a0 \u00a0 \u00a0 \u00a0 \u00a0 \u00a0 \u00a0 \u00a0 \u00a0Sub-area: <span style=\"color: #0000ff;\">Val di Noto<\/span><\/p>\n<p style=\"text-align: justify;\"><a href=\"https:\/\/eremos.eu\/wp-content\/uploads\/2015\/08\/82a4.jpg\"><img loading=\"lazy\" decoding=\"async\" class=\"alignleft wp-image-4075\" src=\"https:\/\/eremos.eu\/wp-content\/uploads\/2015\/08\/82a4-225x300.jpg\" alt=\"82a\" width=\"188\" height=\"250\" srcset=\"https:\/\/eremos.eu\/wp-content\/uploads\/2015\/08\/82a4-225x300.jpg 225w, https:\/\/eremos.eu\/wp-content\/uploads\/2015\/08\/82a4.jpg 240w\" sizes=\"auto, (max-width: 188px) 100vw, 188px\" \/><\/a>Situata a nord del complesso del Cuozzo (Cava d\u2019Ispica) ed utilizzata come luogo di culto appannaggio di una settantina di grotte\/abitazioni della zona, la chiesa rupestre della Madonna o di San Nicola \u00e8 composta da una piccola aula rettangolare con ingresso laterale e da un\u2019edicola asimmetrica, probabilmente un\u2019abside con l\u2019altare affiancato da una nicchia semicircolare, con funzione di custodia per un\u2019icona o per reliquie e suppellettili sacre. Alle pareti si notano i resti di cinque dei quindici originari pannelli decorativi dove, oltre alla\u00a0Madonna\u00a0ed a\u00a0San Nicola, sono stati recentemente riconosciuti\u00a0l\u2019<i>Annunziata<\/i> e l\u2019angelo Gabriele. La figura di San Nicola, dai tratti austeri del volto, con ampia e spaziosa <a href=\"https:\/\/eremos.eu\/wp-content\/uploads\/2015\/08\/82b4.jpg\"><img loading=\"lazy\" decoding=\"async\" class=\"alignright wp-image-4076\" src=\"https:\/\/eremos.eu\/wp-content\/uploads\/2015\/08\/82b4-260x300.jpg\" alt=\"82b\" width=\"216\" height=\"250\" srcset=\"https:\/\/eremos.eu\/wp-content\/uploads\/2015\/08\/82b4-260x300.jpg 260w, https:\/\/eremos.eu\/wp-content\/uploads\/2015\/08\/82b4.jpg 336w\" sizes=\"auto, (max-width: 216px) 100vw, 216px\" \/><\/a>fronte, capelli e barba bianca e taglio obliquo della bocca, \u00e8 tipica dell\u2019iconografia bizantina comune all\u2019Oriente greco e slavo. La Madonna,\u00a0che reclina il capo dolcemente verso il Bambino, secondo l\u2019atteggiamento delle icone bizantine detto\u00a0<i>glykophilousa<\/i> (madre del dolce\/tenero amore) \u00e8 rappresentata frontalmente, con l\u2019aureola, il volto ovale, una stella sul capo ed il corpo avvolto da un manto marrone. Proprio la sobriet\u00e0 delle vesti, l\u2019uso del nimbo e la stessa rozzezza dello stile la fanno risalire all\u2019alto-medioevo ma si tratta in ogni caso del pi\u00f9 recente dei tre strati sovrapposti, di cui il pi\u00f9 antico va necessariamente collocato nel periodo bizantino premusulmano.<\/p>\n<p><a href=\"https:\/\/eremos.eu\/wp-content\/uploads\/2015\/08\/8210.jpg\"><img loading=\"lazy\" decoding=\"async\" class=\"alignleft wp-image-4074 size-medium\" src=\"https:\/\/eremos.eu\/wp-content\/uploads\/2015\/08\/8210-300x225.jpg\" alt=\"82\" width=\"300\" height=\"225\" srcset=\"https:\/\/eremos.eu\/wp-content\/uploads\/2015\/08\/8210-300x225.jpg 300w, https:\/\/eremos.eu\/wp-content\/uploads\/2015\/08\/8210.jpg 399w\" sizes=\"auto, (max-width: 300px) 100vw, 300px\" \/><\/a><\/p>\n<p><a href=\"https:\/\/eremos.eu\/wp-content\/uploads\/2015\/08\/82c2.jpg\"><img loading=\"lazy\" decoding=\"async\" class=\"wp-image-4077 alignnone\" src=\"https:\/\/eremos.eu\/wp-content\/uploads\/2015\/08\/82c2-300x203.jpg\" alt=\"82c\" width=\"332\" height=\"225\" srcset=\"https:\/\/eremos.eu\/wp-content\/uploads\/2015\/08\/82c2-300x203.jpg 300w, https:\/\/eremos.eu\/wp-content\/uploads\/2015\/08\/82c2.jpg 464w\" sizes=\"auto, (max-width: 332px) 100vw, 332px\" \/><\/a><\/p>\n<hr \/>\n<p><strong>GROTTA DI SANTA MARIA<\/strong> (Chiesa rupestre &#8211; VIII-IX secolo)<\/p>\n<p><a href=\"https:\/\/eremos.eu\/wp-content\/uploads\/2015\/08\/835.jpg\"><img loading=\"lazy\" decoding=\"async\" class=\"alignright size-medium wp-image-4078\" src=\"https:\/\/eremos.eu\/wp-content\/uploads\/2015\/08\/835-300x226.jpg\" alt=\"83\" width=\"300\" height=\"226\" srcset=\"https:\/\/eremos.eu\/wp-content\/uploads\/2015\/08\/835-300x226.jpg 300w, https:\/\/eremos.eu\/wp-content\/uploads\/2015\/08\/835.jpg 602w\" sizes=\"auto, (max-width: 300px) 100vw, 300px\" \/><\/a>Localit\u00e0: <strong>Cava d&#8217;Ispica, Modica<\/strong> (RG)<\/p>\n<p>Sub-area: <span style=\"color: #0000ff;\">Val di Noto<\/span><\/p>\n<p style=\"text-align: justify;\">La grotta o chiesa di Santa Maria, che si trova a nord del complesso del Cuozzo, nel gruppo pi\u00f9 cospicuo delle cosiddette\u00a0\u201cgrotte cadute\u201d, caratterizzate appunto dal prospetto crollato, disposte su un\u2019alta parete rocciosa a pi\u00f9 filari e comunicanti tramite un tunnel interno, manca anch\u2019essa del prospetto, crollato per una profondit\u00e0 di ca. 2-3 metri. Quale parte integrante del gruppo, che probabilmente sfruttava ambienti paleocristiani con un fronte di ca. 20 metri e articolati su due piani, la chiesetta occupa il lato ad est. Al piano terra, dove l\u2019atrio \u00e8 collegato da due anguste scale a chiocciola all\u2019aula\u00a0del piano superiore irrimediabilmente crollato, rimane il nartece e un vasto ambiente separato da un\u00a0<i>templon<\/i>\u00a0litico con funzioni di presbiterio, del quale resta la finestrella di sinistra. Negli\u00a0affreschi\u00a0palinsesti a due strati del nartece, oltre al pannello che probabilmente rappresentava il volto della Vergine Panaria, cui il santuario era consacrato, sono stati riconosciuti santa Margherita <a href=\"https:\/\/eremos.eu\/wp-content\/uploads\/2015\/08\/83a5.jpg\"><img loading=\"lazy\" decoding=\"async\" class=\"alignleft size-medium wp-image-4079\" src=\"https:\/\/eremos.eu\/wp-content\/uploads\/2015\/08\/83a5-300x200.jpg\" alt=\"83a\" width=\"300\" height=\"200\" srcset=\"https:\/\/eremos.eu\/wp-content\/uploads\/2015\/08\/83a5-300x200.jpg 300w, https:\/\/eremos.eu\/wp-content\/uploads\/2015\/08\/83a5.jpg 500w\" sizes=\"auto, (max-width: 300px) 100vw, 300px\" \/><\/a>di Antiochia, leggendaria vergine martire dei primi secoli ed una delle sante pi\u00f9 venerate nell\u2019antichit\u00e0 sia in Oriente che in Occidente, e la <i>Crocifissione<\/i>, con il Cristo in croce al centro, la Madonna a destra e san Giovanni a sinistra. Per quanto l\u2019iconografia appartenga al tardo medioevo (XIV-XV sec.), \u00e8 verosimile supporre che la chiesa risalga invece al periodo paleobizantino, come provano i diversi strati degli affreschi che testimoniano la continuit\u00e0 del culto, dall\u2019originario rito greco al latino, e le modifiche iconografiche e pittoriche del periodo normanno.<\/p>\n<hr \/>\n<p><strong><a href=\"https:\/\/eremos.eu\/wp-content\/uploads\/2015\/08\/84a4.jpg\"><img loading=\"lazy\" decoding=\"async\" class=\"alignright size-medium wp-image-4083\" src=\"https:\/\/eremos.eu\/wp-content\/uploads\/2015\/08\/84a4-225x300.jpg\" alt=\"84a\" width=\"225\" height=\"300\" srcset=\"https:\/\/eremos.eu\/wp-content\/uploads\/2015\/08\/84a4-225x300.jpg 225w, https:\/\/eremos.eu\/wp-content\/uploads\/2015\/08\/84a4-767x1024.jpg 767w, https:\/\/eremos.eu\/wp-content\/uploads\/2015\/08\/84a4.jpg 786w\" sizes=\"auto, (max-width: 225px) 100vw, 225px\" \/><\/a>GROTTA DI SANT&#8217;ILARIONE<\/strong> (Romitorio rupestre &#8211; IV secolo)<\/p>\n<p>Localit\u00e0: <strong>Cava d&#8217;Ispica, Modica<\/strong> (RG)<\/p>\n<p>Sub-area: <span style=\"color: #0000ff;\">Val di Noto<\/span><\/p>\n<p style=\"text-align: justify;\">Si trova in alto sul costone sinistro della Cava d\u2019Ispica, in una zona detta appunto \u201cscalauruni o di sant\u2019Ilarione\u201d, ed \u00e8 la grotta abitata dal Santo dal 363 al 365. Ancora oggi vi si accede mediante gli antichi gradini incisi nella roccia, e accanto vi sono le grotte dove dimorarono i suoi discepoli, Gazano ed Esichio. Secondo la tradizione, il suo esempio fu infatti seguito da molti altri eremiti che, dopo di lui ed in particolare nel periodo bizantino, vissero in laure o asceteri scavati nelle pareti rocciose della Cava d\u2019Ispica o ricavati da preesistenti siti catacombali, con annesso sacello per il culto.<\/p>\n<p><a href=\"https:\/\/eremos.eu\/wp-content\/uploads\/2015\/08\/848.jpg\"><img loading=\"lazy\" decoding=\"async\" class=\"alignleft wp-image-4081 size-medium\" src=\"https:\/\/eremos.eu\/wp-content\/uploads\/2015\/08\/848-300x197.jpg\" alt=\"84\" width=\"300\" height=\"197\" srcset=\"https:\/\/eremos.eu\/wp-content\/uploads\/2015\/08\/848-300x197.jpg 300w, https:\/\/eremos.eu\/wp-content\/uploads\/2015\/08\/848.jpg 503w\" sizes=\"auto, (max-width: 300px) 100vw, 300px\" \/><\/a><a href=\"https:\/\/eremos.eu\/wp-content\/uploads\/2015\/08\/84b4.jpg\"><img loading=\"lazy\" decoding=\"async\" class=\"wp-image-4082 alignnone\" src=\"https:\/\/eremos.eu\/wp-content\/uploads\/2015\/08\/84b4-300x198.jpg\" alt=\"84b\" width=\"299\" height=\"197\" srcset=\"https:\/\/eremos.eu\/wp-content\/uploads\/2015\/08\/84b4-300x198.jpg 300w, https:\/\/eremos.eu\/wp-content\/uploads\/2015\/08\/84b4.jpg 642w\" sizes=\"auto, (max-width: 299px) 100vw, 299px\" \/><\/a><\/p>\n<hr \/>\n<p><strong><a href=\"https:\/\/eremos.eu\/wp-content\/uploads\/2015\/08\/858.jpg\"><img loading=\"lazy\" decoding=\"async\" class=\"alignright size-full wp-image-4084\" src=\"https:\/\/eremos.eu\/wp-content\/uploads\/2015\/08\/858.jpg\" alt=\"85\" width=\"187\" height=\"270\" \/><\/a>ORATORIO DI LINTANA<\/strong> (Oratorio rupestre &#8211; IV-V secolo)<\/p>\n<p>Localit\u00e0: <strong>Cava d&#8217;Ispica, Modica<\/strong> (RG)<\/p>\n<p>Sub-area: <span style=\"color: #0000ff;\">Val di Noto<\/span><\/p>\n<p style=\"text-align: justify;\">Le grotte di Lintana, nel complesso grottale del Cuozzo (Cava d\u2019Ispica), occupano una spaccatura della parete rocciosa alta un\u2019ottantina di metri. Nella fattispecie, si tratta di un \u201cddieri\u201d a pi\u00f9 livelli e con un enorme numero di celle disposte ad alveare e collegate tra loro da scalette intagliate nella roccia. Al piano inferiore, circondato da celle particolarmente anguste, si distingue un ambiente pi\u00f9 grande con probabili funzioni di oratorio, com\u2019\u00e8 giustificato dalla presenza di un affresco con la raffigurazione di sant\u2019Ilarione.<\/p>\n<hr \/>\n<p><strong>SACELLI DI MONSERRATO<\/strong> (Oratori rupestri)<\/p>\n<p>Localit\u00e0: <strong>Modica<\/strong> (RG) \u00a0 \u00a0 \u00a0 \u00a0 \u00a0 \u00a0 \u00a0 \u00a0 \u00a0 \u00a0 \u00a0 \u00a0 \u00a0\u00a0Sub-area: <span style=\"color: #0000ff;\">Val di Noto<\/span><\/p>\n<p style=\"text-align: justify;\">I tre sacelli di Monserrato si trovano nell\u2019omonima collina, a breve distanza l\u2019uno dall\u2019altro, lungo il sentiero che dal santuario della Madonna delle Grazie conduce alla sommit\u00e0, a Santa Maria di Monserrato. Nell\u2019ordine, l\u2019ipogeo pi\u00f9 alto, sia pure irrimediabilmente rovinato da crolli e da una latomia oltre che parzialmente interrato, presenta nella parete di fondo un pannello palinsesto con al centro una pregevole <i>Madonna<\/i> <i>con Bambino<\/i>; quello di mezzo, alquanto malandato e tampognato con un muretto di sostegno, lascia intravvedere in una delle pareti ancora integre i frammenti di un grande pannello pittorico forse con un Santo vescovo; anche per il terzo, infine, nonostante la buona conservazione della struttura, rimangono solo le tracce del pannello pittorico che occupava la parete di fondo.<\/p>\n<hr \/>\n<p><strong>ANTICO ROMITORIO DI SANTA LUCIA DI MENDOLA<\/strong> (Complesso eremitico &#8211; XVIII secolo)<\/p>\n<p>Localit\u00e0: <strong>Contrada Santa Lucia, Noto<\/strong> (SR)<\/p>\n<p><a href=\"https:\/\/eremos.eu\/wp-content\/uploads\/2015\/08\/875.jpg\"><img loading=\"lazy\" decoding=\"async\" class=\"alignright size-medium wp-image-4085\" src=\"https:\/\/eremos.eu\/wp-content\/uploads\/2015\/08\/875-300x215.jpg\" alt=\"87\" width=\"300\" height=\"215\" srcset=\"https:\/\/eremos.eu\/wp-content\/uploads\/2015\/08\/875-300x215.jpg 300w, https:\/\/eremos.eu\/wp-content\/uploads\/2015\/08\/875.jpg 497w\" sizes=\"auto, (max-width: 300px) 100vw, 300px\" \/><\/a>Sub-area: <span style=\"color: #0000ff;\">Val di Noto<\/span><\/p>\n<p style=\"text-align: justify;\">L\u2019antico eremo con le caratteristiche cellette venne fatto edificare agli inizi del \u2018700 da alcuni frati, obbedienti alle regole di san Corrado Confalonieri, per custodire e curare da vicino il complesso basilicale. La loro vita esemplare fin\u00ec presto per attrarre non solo i sacerdoti ma la stessa gente di Palazzolo dando cos\u00ec inizio alle visite del luogo per venerare i santi martiri ed assaggiare l\u2019acqua \u201cmiracolosa\u201d del pozzo. Purtroppo l\u2019incuria ed il degrado hanno di recente provocato il crollo di una delle pareti portanti dell\u2019antica struttura.<\/p>\n<hr \/>\n<p><strong>BASILICA IPOGEA DI SANTA LUCIA DI MENDOLA<\/strong> (Chiesa rupestre &#8211; IV secolo)<\/p>\n<p>Localit\u00e0: <strong>Contrada Santa Lucia, Noto<\/strong> (SR) \u00a0 \u00a0 \u00a0 \u00a0 \u00a0 \u00a0 \u00a0 \u00a0 \u00a0 \u00a0 \u00a0 \u00a0 \u00a0 \u00a0Sub-area: <span style=\"color: #0000ff;\">Val di Noto<\/span><\/p>\n<p style=\"text-align: justify;\">All\u2019interno del complesso monumentale paleocristiano di Santa Lucia di Mendola si trova la cavit\u00e0 naturale in cui, secondo la tradizione, trovarono rifugio i santi martiri Lucia e Geminiano incalzati dalle milizie romane e dove, miracolosamente, sgorg\u00f2 la sorgente d\u2019acqua che ancora oggi alimenta il sacro pozzo. L\u2019accesso \u00e8 agevolato da una scala intagliata nella roccia e fiancheggiata da numerose sepolture ad arcosolio monosomo disposte lungo le pareti. La basilica si trova a 25 metri di profondit\u00e0, ha la forma di una \u201cT\u201d ed \u00e8 composta da un grande ambiente rettangolare con soffitto piano e ripartito in due da un\u2019iconostasi sagomata nella roccia con tre aperture ad arco a tutto sesto. Nel soffitto alcuni anelloni di pietra lasciano desumere la funzione sospensoria di lucerne; mentre nella parete di sud-est \u00e8 ricavata un\u2019abside e in un\u2019altra di destra una porticina conduce ad un modesto vano, forse un <i>diakonikon<\/i>. (foto Diego Barucco per SiciliaFotografica.it)<\/p>\n<p style=\"text-align: justify;\"><a href=\"https:\/\/eremos.eu\/wp-content\/uploads\/2015\/08\/mendola.jpg\"><img loading=\"lazy\" decoding=\"async\" class=\"alignleft wp-image-4093 size-medium\" src=\"https:\/\/eremos.eu\/wp-content\/uploads\/2015\/08\/mendola-300x204.jpg\" alt=\"mendola\" width=\"300\" height=\"204\" srcset=\"https:\/\/eremos.eu\/wp-content\/uploads\/2015\/08\/mendola-300x204.jpg 300w, https:\/\/eremos.eu\/wp-content\/uploads\/2015\/08\/mendola.jpg 318w\" sizes=\"auto, (max-width: 300px) 100vw, 300px\" \/><\/a><\/p>\n<p><a href=\"https:\/\/eremos.eu\/wp-content\/uploads\/2015\/08\/santa-lucia-mendola-sicily.jpg\"><img loading=\"lazy\" decoding=\"async\" class=\"wp-image-4092 alignnone\" src=\"https:\/\/eremos.eu\/wp-content\/uploads\/2015\/08\/santa-lucia-mendola-sicily-300x200.jpg\" alt=\"santa-lucia-mendola-sicily\" width=\"305\" height=\"204\" srcset=\"https:\/\/eremos.eu\/wp-content\/uploads\/2015\/08\/santa-lucia-mendola-sicily-300x200.jpg 300w, https:\/\/eremos.eu\/wp-content\/uploads\/2015\/08\/santa-lucia-mendola-sicily.jpg 500w\" sizes=\"auto, (max-width: 305px) 100vw, 305px\" \/><\/a><\/p>\n<p><a href=\"https:\/\/eremos.eu\/wp-content\/uploads\/2015\/08\/88b4.jpg\"><img loading=\"lazy\" decoding=\"async\" class=\"alignleft wp-image-4089 size-medium\" src=\"https:\/\/eremos.eu\/wp-content\/uploads\/2015\/08\/88b4-300x188.jpg\" alt=\"88b\" width=\"300\" height=\"188\" srcset=\"https:\/\/eremos.eu\/wp-content\/uploads\/2015\/08\/88b4-300x188.jpg 300w, https:\/\/eremos.eu\/wp-content\/uploads\/2015\/08\/88b4.jpg 688w\" sizes=\"auto, (max-width: 300px) 100vw, 300px\" \/><\/a><\/p>\n<p><a href=\"https:\/\/eremos.eu\/wp-content\/uploads\/2015\/08\/88c2.jpg\"><img loading=\"lazy\" decoding=\"async\" class=\"wp-image-4091 alignnone\" src=\"https:\/\/eremos.eu\/wp-content\/uploads\/2015\/08\/88c2-300x194.jpg\" alt=\"88c\" width=\"290\" height=\"188\" srcset=\"https:\/\/eremos.eu\/wp-content\/uploads\/2015\/08\/88c2-300x194.jpg 300w, https:\/\/eremos.eu\/wp-content\/uploads\/2015\/08\/88c2.jpg 403w\" sizes=\"auto, (max-width: 290px) 100vw, 290px\" \/><\/a><\/p>\n<hr \/>\n<p><strong>BASILICA RUPESTRE DI SANTA LUCIA DI MENDOLA<\/strong> (Chiesa rupestre &#8211; IV-V secolo)<\/p>\n<p>Localit\u00e0: <strong>Contrada Santa Lucia, Noto<\/strong> (SR)<\/p>\n<p><a href=\"https:\/\/eremos.eu\/wp-content\/uploads\/2015\/08\/89c5.jpg\"><img loading=\"lazy\" decoding=\"async\" class=\"alignright size-medium wp-image-4099\" src=\"https:\/\/eremos.eu\/wp-content\/uploads\/2015\/08\/89c5-225x300.jpg\" alt=\"89c\" width=\"225\" height=\"300\" srcset=\"https:\/\/eremos.eu\/wp-content\/uploads\/2015\/08\/89c5-225x300.jpg 225w, https:\/\/eremos.eu\/wp-content\/uploads\/2015\/08\/89c5.jpg 360w\" sizes=\"auto, (max-width: 225px) 100vw, 225px\" \/><\/a>Sub-area: <span style=\"color: #0000ff;\">Val di Noto<\/span><\/p>\n<p style=\"text-align: justify;\">La basilica rupestre venne scavata in un costone roccioso proprio per offrire degna sepoltura alle spoglie mortali dei due santi Lucia e Geminiano. Priva dell\u2019originaria copertura lignea, presenta un presbiterio rialzato rispetto al livello della navata e chiuso da un\u2019abside semicircolare al cui centro si trovava l\u2019altare. Sulla sinistra, tre arcate su pilastri alquanto corrosi dividono la navata centrale da una pi\u00f9 piccola e secondaria sul fondo della quale trova posto un ambiente atto a contenere un serbatoio per il recupero dell\u2019acqua di stillicidio. Da qui due canalette convogliavano l\u2019acqua: l\u2019una, in una vasca battesimale scavata al centro della navata principale; l\u2019altra, lungo la parete esterna della navatella. Sul lato destro dell\u2019abside, tramite un cunicolo, si accede a due vani contigui: il primo reca le tracce di probabili affreschi ed il secondo lo scavo di alcuni arcosoli.<\/p>\n<p><a href=\"https:\/\/eremos.eu\/wp-content\/uploads\/2015\/08\/89b4.jpg\"><img loading=\"lazy\" decoding=\"async\" class=\"alignleft wp-image-4094 size-medium\" src=\"https:\/\/eremos.eu\/wp-content\/uploads\/2015\/08\/89b4-300x225.jpg\" alt=\"89b\" width=\"300\" height=\"225\" srcset=\"https:\/\/eremos.eu\/wp-content\/uploads\/2015\/08\/89b4-300x225.jpg 300w, https:\/\/eremos.eu\/wp-content\/uploads\/2015\/08\/89b4.jpg 595w\" sizes=\"auto, (max-width: 300px) 100vw, 300px\" \/><\/a><a href=\"https:\/\/eremos.eu\/wp-content\/uploads\/2015\/08\/89d2.jpg\"><img loading=\"lazy\" decoding=\"async\" class=\"wp-image-4095 alignnone\" src=\"https:\/\/eremos.eu\/wp-content\/uploads\/2015\/08\/89d2-300x218.jpg\" alt=\"89d\" width=\"309\" height=\"225\" srcset=\"https:\/\/eremos.eu\/wp-content\/uploads\/2015\/08\/89d2-300x218.jpg 300w, https:\/\/eremos.eu\/wp-content\/uploads\/2015\/08\/89d2.jpg 414w\" sizes=\"auto, (max-width: 309px) 100vw, 309px\" \/><\/a><\/p>\n<p><a href=\"https:\/\/eremos.eu\/wp-content\/uploads\/2015\/08\/89a4.jpg\"><img loading=\"lazy\" decoding=\"async\" class=\"alignleft wp-image-4096 size-medium\" src=\"https:\/\/eremos.eu\/wp-content\/uploads\/2015\/08\/89a4-300x203.jpg\" alt=\"89a\" width=\"300\" height=\"203\" srcset=\"https:\/\/eremos.eu\/wp-content\/uploads\/2015\/08\/89a4-300x203.jpg 300w, https:\/\/eremos.eu\/wp-content\/uploads\/2015\/08\/89a4.jpg 496w\" sizes=\"auto, (max-width: 300px) 100vw, 300px\" \/><\/a><a href=\"https:\/\/eremos.eu\/wp-content\/uploads\/2015\/08\/89e3.jpg\"><img loading=\"lazy\" decoding=\"async\" class=\"wp-image-4098 alignnone\" src=\"https:\/\/eremos.eu\/wp-content\/uploads\/2015\/08\/89e3-300x195.jpg\" alt=\"89e\" width=\"312\" height=\"203\" srcset=\"https:\/\/eremos.eu\/wp-content\/uploads\/2015\/08\/89e3-300x195.jpg 300w, https:\/\/eremos.eu\/wp-content\/uploads\/2015\/08\/89e3.jpg 317w\" sizes=\"auto, (max-width: 312px) 100vw, 312px\" \/><\/a><\/p>\n<hr \/>\n<p><strong><a href=\"https:\/\/eremos.eu\/wp-content\/uploads\/2015\/08\/906.jpg\"><img loading=\"lazy\" decoding=\"async\" class=\"alignright wp-image-4100\" src=\"https:\/\/eremos.eu\/wp-content\/uploads\/2015\/08\/906-300x300.jpg\" alt=\"90\" width=\"270\" height=\"270\" srcset=\"https:\/\/eremos.eu\/wp-content\/uploads\/2015\/08\/906-300x300.jpg 300w, https:\/\/eremos.eu\/wp-content\/uploads\/2015\/08\/906-150x150.jpg 150w, https:\/\/eremos.eu\/wp-content\/uploads\/2015\/08\/906.jpg 444w\" sizes=\"auto, (max-width: 270px) 100vw, 270px\" \/><\/a>CELLE DEL CROCEFISSO<\/strong> (Romitorio rupestre &#8211; XIV secolo)<\/p>\n<p>Localit\u00e0: <strong>Noto<\/strong> (SR)<\/p>\n<p>Sub-area: <span style=\"color: #0000ff;\">Val di Noto<\/span><\/p>\n<p style=\"text-align: justify;\">Le cosiddette \u201ccelle del Crocefisso\u201d sono alcune cavit\u00e0 rupestri poste al disotto della diruta chiesa del Santissimo Crocefisso (all\u2019interno del parco archeologico di Noto) adibite a dimora eremitica dal beato Guglielmo Buccheri nella prima met\u00e0 del Trecento, fin quando non le abbandoner\u00e0 per trasferirsi a Scicli che, dopo la sua morte, lo elegger\u00e0 Santo Patrono. La tradizione vuole che per qualche tempo le abbia abitate anche san Corrado Confalonieri.<\/p>\n<hr \/>\n<p><strong>CHIESA DEI DDIERI DI BAULY<\/strong> (Chiesa rupestre &#8211; IV-V secolo)<\/p>\n<p>Localit\u00e0: <strong>Contrada Bauly, Noto<\/strong> (SR) \u00a0 \u00a0 \u00a0 \u00a0 \u00a0 \u00a0 \u00a0 \u00a0 \u00a0 \u00a0 \u00a0 \u00a0 \u00a0 \u00a0 \u00a0 \u00a0 \u00a0 \u00a0 \u00a0Sub-area: <span style=\"color: #0000ff;\">Val di Noto<\/span><\/p>\n<p style=\"text-align: justify;\"><a href=\"https:\/\/eremos.eu\/wp-content\/uploads\/2015\/08\/9113.jpg\"><img loading=\"lazy\" decoding=\"async\" class=\"alignleft size-medium wp-image-4101\" src=\"https:\/\/eremos.eu\/wp-content\/uploads\/2015\/08\/9113-300x225.jpg\" alt=\"91\" width=\"300\" height=\"225\" srcset=\"https:\/\/eremos.eu\/wp-content\/uploads\/2015\/08\/9113-300x225.jpg 300w, https:\/\/eremos.eu\/wp-content\/uploads\/2015\/08\/9113.jpg 318w\" sizes=\"auto, (max-width: 300px) 100vw, 300px\" \/><\/a>Premettendo che con il toponimo \u201cddieri\u201d s\u2019intendono delle abitazioni a pi\u00f9 livelli ricavate nella roccia calcarea, quelli di Bauly o Baul\u00ec, dal nome dell\u2019antico feudo, sono un agglomerato rupestre costituito da tre nuclei: il grande, il piccolo e quello dell\u2019eremita. Realizzati in epoca bizantina, tra il IV ed il V secolo, per ospitare probabilmente delle grosse comunit\u00e0 cenobitiche basiliane, in particolare il ddieri grande, con oltre venti diversi ambienti abitativi disposti su tre piani, \u00e8 sicuramente il polo cultuale della comunit\u00e0. Il primo ambiente \u00e8 palesemente occupato da una chiesa bizantina provvista di acquasantiera e della tipica iconostasi per separare l\u2019officiante dai fedeli, con i resti di un rudimentale sedile nel retro. Per quanto non ve ne sia traccia, le pareti lisce ed appiattite lasciano dedurre che la chiesa era interamente affrescata. Infine, in questo \u201cddiere\u201d come negli altri, \u00e8 presente un apposito romitorio, quasi sempre con una balconata che si affacciava sul dirupo, dove gli anacoreti si raccoglievano in preghiera.<\/p>\n<hr \/>\n<p><strong>CHIESA DELLA MADONNA DELLA SCALA<\/strong> (Ruderi di oratorio rupestre)<\/p>\n<p>Localit\u00e0: <strong>Noto<\/strong> (SR) \u00a0 \u00a0 \u00a0 \u00a0 \u00a0 \u00a0 \u00a0 \u00a0 \u00a0 Sub-area: <span style=\"color: #0000ff;\">Val di Noto<\/span><\/p>\n<p style=\"text-align: justify;\">Nei pressi della omonima Fonte, una scala (ora chiusa al pubblico) conduce al luogo dove un tempo veniva venerata la Madonna della Scala. I resti della chiesa semirupestre si possono ancora rinvenire accanto all\u2019imboccatura dell\u2019inghiottitoio originato dalla vicina cava Piraro. Di fatto si tratta di un oratorio rupestre formato da una modesta cavit\u00e0 nella roccia davanti alla quale un masso fungeva da altare.<\/p>\n<p style=\"text-align: justify;\"><a href=\"https:\/\/eremos.eu\/wp-content\/uploads\/2015\/08\/9212.jpg\"><img loading=\"lazy\" decoding=\"async\" class=\"alignleft wp-image-4104 size-medium\" src=\"https:\/\/eremos.eu\/wp-content\/uploads\/2015\/08\/9212-300x187.jpg\" alt=\"92\" width=\"300\" height=\"187\" srcset=\"https:\/\/eremos.eu\/wp-content\/uploads\/2015\/08\/9212-300x187.jpg 300w, https:\/\/eremos.eu\/wp-content\/uploads\/2015\/08\/9212.jpg 639w\" sizes=\"auto, (max-width: 300px) 100vw, 300px\" \/><\/a><\/p>\n<p><a href=\"https:\/\/eremos.eu\/wp-content\/uploads\/2015\/08\/92a5.jpg\"><img loading=\"lazy\" decoding=\"async\" class=\"wp-image-4103 alignnone\" src=\"https:\/\/eremos.eu\/wp-content\/uploads\/2015\/08\/92a5.jpg\" alt=\"92a\" width=\"249\" height=\"187\" \/><\/a><\/p>\n<hr \/>\n<p><strong>CHIESA DI SAN GIOVANNI<\/strong> (Chiesa rupestre &#8211; IV-VII secolo)<\/p>\n<p>Localit\u00e0: <strong>Contrada Stafenna, Noto<\/strong> (SR) \u00a0 \u00a0 \u00a0 \u00a0 \u00a0 \u00a0 \u00a0 \u00a0 \u00a0 \u00a0 \u00a0 \u00a0 \u00a0 \u00a0 \u00a0 \u00a0 \u00a0\u00a0 Sub-area: <span style=\"color: #0000ff;\">Val di Noto<\/span><\/p>\n<p style=\"text-align: justify;\">Si tratta della chiesa rupestre dedicata (forse) a San Giovanni che si trova in contrada Stafenna, dove in epoca altomedievale insisteva un agglomerato bizantino che, come la nostra, sfruttava gran parte degli ipogei catacombali di una vasta necropoli. (foto Diego Barucco per SiciliaFotografica.it)<\/p>\n<p><a href=\"https:\/\/eremos.eu\/wp-content\/uploads\/2015\/08\/936.jpg\"><img loading=\"lazy\" decoding=\"async\" class=\"alignleft wp-image-4106 size-medium\" src=\"https:\/\/eremos.eu\/wp-content\/uploads\/2015\/08\/936-300x167.jpg\" alt=\"93\" width=\"300\" height=\"167\" srcset=\"https:\/\/eremos.eu\/wp-content\/uploads\/2015\/08\/936-300x167.jpg 300w, https:\/\/eremos.eu\/wp-content\/uploads\/2015\/08\/936.jpg 612w\" sizes=\"auto, (max-width: 300px) 100vw, 300px\" \/><\/a><a href=\"https:\/\/eremos.eu\/wp-content\/uploads\/2015\/08\/93a2.jpg\"><img loading=\"lazy\" decoding=\"async\" class=\"wp-image-4107 alignnone\" src=\"https:\/\/eremos.eu\/wp-content\/uploads\/2015\/08\/93a2-300x173.jpg\" alt=\"93a\" width=\"289\" height=\"167\" srcset=\"https:\/\/eremos.eu\/wp-content\/uploads\/2015\/08\/93a2-300x173.jpg 300w, https:\/\/eremos.eu\/wp-content\/uploads\/2015\/08\/93a2.jpg 598w\" sizes=\"auto, (max-width: 289px) 100vw, 289px\" \/><\/a><\/p>\n<p><a href=\"https:\/\/eremos.eu\/wp-content\/uploads\/2015\/08\/93c1.jpg\"><img loading=\"lazy\" decoding=\"async\" class=\"alignleft wp-image-4109 size-medium\" src=\"https:\/\/eremos.eu\/wp-content\/uploads\/2015\/08\/93c1-300x174.jpg\" alt=\"93c\" width=\"300\" height=\"174\" srcset=\"https:\/\/eremos.eu\/wp-content\/uploads\/2015\/08\/93c1-300x174.jpg 300w, https:\/\/eremos.eu\/wp-content\/uploads\/2015\/08\/93c1.jpg 598w\" sizes=\"auto, (max-width: 300px) 100vw, 300px\" \/><\/a><a href=\"https:\/\/eremos.eu\/wp-content\/uploads\/2015\/08\/93b1.jpg\"><img loading=\"lazy\" decoding=\"async\" class=\"wp-image-4108 alignnone\" src=\"https:\/\/eremos.eu\/wp-content\/uploads\/2015\/08\/93b1-300x172.jpg\" alt=\"93b\" width=\"303\" height=\"174\" srcset=\"https:\/\/eremos.eu\/wp-content\/uploads\/2015\/08\/93b1-300x172.jpg 300w, https:\/\/eremos.eu\/wp-content\/uploads\/2015\/08\/93b1.jpg 598w\" sizes=\"auto, (max-width: 303px) 100vw, 303px\" \/><\/a><\/p>\n<hr \/>\n<p><strong>CHIESA DI SAN GIULIANO<\/strong> (Chiesa rupestre &#8211; XIII-XIV secolo)<\/p>\n<p>Localit\u00e0: <strong>Noto<\/strong> (SR) \u00a0 \u00a0 \u00a0 \u00a0 \u00a0 \u00a0 \u00a0 \u00a0 \u00a0 \u00a0 \u00a0 \u00a0 \u00a0 \u00a0 \u00a0 \u00a0 \u00a0 \u00a0 \u00a0 \u00a0 \u00a0 \u00a0 \u00a0 \u00a0\u00a0Sub-area: <span style=\"color: #0000ff;\">Val di Noto<\/span><\/p>\n<p style=\"text-align: justify;\">La chiesa rupestre tardo-medievale di San Giuliano, nella cava di San Calogero, si compone di due ambienti principali, chiesa e sagrestia, e di un terzo adiacente probabilmente adibito a dimora dell\u2019officiante. L\u2019interno \u00e8 caratterizzato dalla presenza di due altari: uno principale, sovrastato da una grande nicchia rettangolare e l\u2019altro, secondario, disposto lateralmente dalla parte della sagrestia e ricavato dalla roccia, con tracce di decorazioni. Gli affreschi pi\u00f9 leggibili riguardano la stretta parete a destra dell\u2019ingresso, con un Santo barbuto e nimbato (probabilmente san Giuliano o san Nicola), mentre un\u2019altra parete interna, intonacata e quasi sicuramente interessata da affreschi, \u00e8 purtroppo ricoperta da una spessa fuliggine nera a causa dell\u2019utilizzo improprio della grotta come riparo o rifugio di pastori nel corso dei secoli. (foto Diego Barucco per SiciliaFotografica.it)<\/p>\n<p style=\"text-align: justify;\"><a href=\"https:\/\/eremos.eu\/wp-content\/uploads\/2015\/08\/946.jpg\"><img loading=\"lazy\" decoding=\"async\" class=\"alignleft wp-image-4110 size-medium\" src=\"https:\/\/eremos.eu\/wp-content\/uploads\/2015\/08\/946-300x196.jpg\" alt=\"94\" width=\"300\" height=\"196\" srcset=\"https:\/\/eremos.eu\/wp-content\/uploads\/2015\/08\/946-300x196.jpg 300w, https:\/\/eremos.eu\/wp-content\/uploads\/2015\/08\/946.jpg 612w\" sizes=\"auto, (max-width: 300px) 100vw, 300px\" \/><\/a><a href=\"https:\/\/eremos.eu\/wp-content\/uploads\/2015\/08\/94a5.jpg\"><img loading=\"lazy\" decoding=\"async\" class=\"alignnone wp-image-4111\" src=\"https:\/\/eremos.eu\/wp-content\/uploads\/2015\/08\/94a5-300x191.jpg\" alt=\"94a\" width=\"308\" height=\"196\" srcset=\"https:\/\/eremos.eu\/wp-content\/uploads\/2015\/08\/94a5-300x191.jpg 300w, https:\/\/eremos.eu\/wp-content\/uploads\/2015\/08\/94a5.jpg 598w\" sizes=\"auto, (max-width: 308px) 100vw, 308px\" \/><\/a><\/p>\n<p><a href=\"https:\/\/eremos.eu\/wp-content\/uploads\/2015\/08\/94b4.jpg\"><img loading=\"lazy\" decoding=\"async\" class=\"alignleft wp-image-4112 size-medium\" src=\"https:\/\/eremos.eu\/wp-content\/uploads\/2015\/08\/94b4-300x193.jpg\" alt=\"94b\" width=\"300\" height=\"193\" srcset=\"https:\/\/eremos.eu\/wp-content\/uploads\/2015\/08\/94b4-300x193.jpg 300w, https:\/\/eremos.eu\/wp-content\/uploads\/2015\/08\/94b4.jpg 612w\" sizes=\"auto, (max-width: 300px) 100vw, 300px\" \/><\/a><a href=\"https:\/\/eremos.eu\/wp-content\/uploads\/2015\/08\/94c3.jpg\"><img loading=\"lazy\" decoding=\"async\" class=\"wp-image-4113 alignnone\" src=\"https:\/\/eremos.eu\/wp-content\/uploads\/2015\/08\/94c3-300x188.jpg\" alt=\"94c\" width=\"308\" height=\"193\" srcset=\"https:\/\/eremos.eu\/wp-content\/uploads\/2015\/08\/94c3-300x188.jpg 300w, https:\/\/eremos.eu\/wp-content\/uploads\/2015\/08\/94c3.jpg 606w\" sizes=\"auto, (max-width: 308px) 100vw, 308px\" \/><\/a><\/p>\n<hr \/>\n<p><strong>EREMO DI SAN CORRADO FUORI LE MURA<\/strong> (Romitorio rupestre &#8211; XIV secolo)<\/p>\n<p>Localit\u00e0: <strong>Noto<\/strong> (SR) \u00a0 \u00a0 \u00a0 \u00a0 \u00a0 \u00a0 \u00a0 \u00a0 \u00a0 \u00a0 \u00a0 \u00a0 \u00a0 \u00a0 \u00a0 \u00a0 \u00a0 \u00a0 \u00a0 \u00a0 \u00a0 \u00a0 \u00a0 \u00a0\u00a0Sub-area: <span style=\"color: #0000ff;\">Val di Noto<\/span><\/p>\n<p style=\"text-align: justify;\">L\u2019eremo o grotta di San Corrado, situato nella cava dei Pizzoni, al disotto dell\u2019omonimo Santuario fuori le mura di Noto, \u00e8 la grotta dove Corrado Confalonieri ha vissuto in penitenza fino alla morte sopraggiunta nel 1351, all\u2019et\u00e0 di 61 anni. Secondo la tradizione, Corrado si sarebbe spento in ginocchio mantenendo quella posizione anche dopo il trapasso, come plasticamente rappresentato da una statua marmorea presente all\u2019interno.<\/p>\n<p><a href=\"https:\/\/eremos.eu\/wp-content\/uploads\/2015\/08\/957.jpg\"><img loading=\"lazy\" decoding=\"async\" class=\"alignleft wp-image-4114 size-medium\" src=\"https:\/\/eremos.eu\/wp-content\/uploads\/2015\/08\/957-300x224.jpg\" alt=\"95\" width=\"300\" height=\"224\" srcset=\"https:\/\/eremos.eu\/wp-content\/uploads\/2015\/08\/957-300x224.jpg 300w, https:\/\/eremos.eu\/wp-content\/uploads\/2015\/08\/957.jpg 637w\" sizes=\"auto, (max-width: 300px) 100vw, 300px\" \/><\/a><a href=\"https:\/\/eremos.eu\/wp-content\/uploads\/2015\/08\/95a4.jpg\"><img loading=\"lazy\" decoding=\"async\" class=\"wp-image-4115 size-medium alignnone\" src=\"https:\/\/eremos.eu\/wp-content\/uploads\/2015\/08\/95a4-300x224.jpg\" alt=\"95a\" width=\"300\" height=\"224\" srcset=\"https:\/\/eremos.eu\/wp-content\/uploads\/2015\/08\/95a4-300x224.jpg 300w, https:\/\/eremos.eu\/wp-content\/uploads\/2015\/08\/95a4-1024x765.jpg 1024w, https:\/\/eremos.eu\/wp-content\/uploads\/2015\/08\/95a4.jpg 1045w\" sizes=\"auto, (max-width: 300px) 100vw, 300px\" \/><\/a><\/p>\n<p><a href=\"https:\/\/eremos.eu\/wp-content\/uploads\/2015\/08\/95b4.jpg\"><img loading=\"lazy\" decoding=\"async\" class=\"alignleft wp-image-4116 size-medium\" src=\"https:\/\/eremos.eu\/wp-content\/uploads\/2015\/08\/95b4-300x199.jpg\" alt=\"95b\" width=\"300\" height=\"199\" srcset=\"https:\/\/eremos.eu\/wp-content\/uploads\/2015\/08\/95b4-300x199.jpg 300w, https:\/\/eremos.eu\/wp-content\/uploads\/2015\/08\/95b4.jpg 719w\" sizes=\"auto, (max-width: 300px) 100vw, 300px\" \/><\/a><a href=\"https:\/\/eremos.eu\/wp-content\/uploads\/2015\/08\/95c3.jpg\"><img loading=\"lazy\" decoding=\"async\" class=\"wp-image-4118 alignnone\" src=\"https:\/\/eremos.eu\/wp-content\/uploads\/2015\/08\/95c3-300x208.jpg\" alt=\"95c\" width=\"287\" height=\"199\" srcset=\"https:\/\/eremos.eu\/wp-content\/uploads\/2015\/08\/95c3-300x208.jpg 300w, https:\/\/eremos.eu\/wp-content\/uploads\/2015\/08\/95c3-1024x709.jpg 1024w, https:\/\/eremos.eu\/wp-content\/uploads\/2015\/08\/95c3.jpg 1044w\" sizes=\"auto, (max-width: 287px) 100vw, 287px\" \/><\/a><\/p>\n<hr \/>\n<p><strong>GROTTA DEI SANTI DI CASTELLUCCIO<\/strong> (Oratorio rupestre &#8211; VIII-XIII secolo)<\/p>\n<p>Localit\u00e0: <strong>Contrada Castelluccio, Noto<\/strong> (SR)<\/p>\n<p><a href=\"https:\/\/eremos.eu\/wp-content\/uploads\/2015\/08\/968.jpg\"><img loading=\"lazy\" decoding=\"async\" class=\"alignright wp-image-4119 size-medium\" src=\"https:\/\/eremos.eu\/wp-content\/uploads\/2015\/08\/968-210x300.jpg\" alt=\"96\" width=\"210\" height=\"300\" srcset=\"https:\/\/eremos.eu\/wp-content\/uploads\/2015\/08\/968-210x300.jpg 210w, https:\/\/eremos.eu\/wp-content\/uploads\/2015\/08\/968.jpg 289w\" sizes=\"auto, (max-width: 210px) 100vw, 210px\" \/><\/a>Sub-area: <span style=\"color: #0000ff;\">Val di Noto<\/span><\/p>\n<p style=\"text-align: justify;\">La grotta dei Santi di Castelluccio, il villaggio rupestre con necropoli paleocristiana poco fuori Noto, rappresenta senza dubbio una delle pi\u00f9 significative testimonianze dell\u2019imponente presenza monastica basiliana che interess\u00f2 la Sicilia del primo medioevo. L\u2019oratorio \u00e8 caratterizzato da un unico ambiente ipogeo ripartito da un grosso cippo centrale e da pareti interamente affrescate con un\u2019iconografia pittorica che, stilisticamente, va dall\u2019epoca bizantina a quella normanno-sveva. Purtroppo questi straordinari dipinti, che gi\u00e0 palesano un mediocre stato di conservazione, rischiano di scomparire del tutto, non solo per il becero vandalismo degli ultimi decenni ma soprattutto per l\u2019inarrestabile azione erosiva degli agenti atmosferici e dell\u2019umidit\u00e0 della roccia calcarea. Tra i dipinti meglio conservati figurano le <i>Madonne<\/i>, una santa Lucia martire ed una <i>Crocefissione<\/i>. (foto Diego Barucco per SiciliaFotografica.it)<\/p>\n<p><a href=\"https:\/\/eremos.eu\/wp-content\/uploads\/2015\/08\/96c4.jpg\"><img loading=\"lazy\" decoding=\"async\" class=\"alignleft wp-image-4122 size-medium\" src=\"https:\/\/eremos.eu\/wp-content\/uploads\/2015\/08\/96c4-300x189.jpg\" alt=\"96c\" width=\"300\" height=\"189\" srcset=\"https:\/\/eremos.eu\/wp-content\/uploads\/2015\/08\/96c4-300x189.jpg 300w, https:\/\/eremos.eu\/wp-content\/uploads\/2015\/08\/96c4.jpg 598w\" sizes=\"auto, (max-width: 300px) 100vw, 300px\" \/><\/a><a href=\"https:\/\/eremos.eu\/wp-content\/uploads\/2015\/08\/96d5.jpg\"><img loading=\"lazy\" decoding=\"async\" class=\"wp-image-4123 alignnone\" src=\"https:\/\/eremos.eu\/wp-content\/uploads\/2015\/08\/96d5-300x192.jpg\" alt=\"96d\" width=\"296\" height=\"189\" srcset=\"https:\/\/eremos.eu\/wp-content\/uploads\/2015\/08\/96d5-300x192.jpg 300w, https:\/\/eremos.eu\/wp-content\/uploads\/2015\/08\/96d5.jpg 603w\" sizes=\"auto, (max-width: 296px) 100vw, 296px\" \/><\/a><\/p>\n<p><a href=\"https:\/\/eremos.eu\/wp-content\/uploads\/2015\/08\/96b4.jpg\"><img loading=\"lazy\" decoding=\"async\" class=\"alignleft wp-image-4120\" src=\"https:\/\/eremos.eu\/wp-content\/uploads\/2015\/08\/96b4-209x300.jpg\" alt=\"96b\" width=\"199\" height=\"285\" srcset=\"https:\/\/eremos.eu\/wp-content\/uploads\/2015\/08\/96b4-209x300.jpg 209w, https:\/\/eremos.eu\/wp-content\/uploads\/2015\/08\/96b4.jpg 402w\" sizes=\"auto, (max-width: 199px) 100vw, 199px\" \/><\/a><a href=\"https:\/\/eremos.eu\/wp-content\/uploads\/2015\/08\/96e2.jpg\"><img loading=\"lazy\" decoding=\"async\" class=\"alignleft wp-image-4124\" src=\"https:\/\/eremos.eu\/wp-content\/uploads\/2015\/08\/96e2-202x300.jpg\" alt=\"96e\" width=\"192\" height=\"285\" srcset=\"https:\/\/eremos.eu\/wp-content\/uploads\/2015\/08\/96e2-202x300.jpg 202w, https:\/\/eremos.eu\/wp-content\/uploads\/2015\/08\/96e2.jpg 406w\" sizes=\"auto, (max-width: 192px) 100vw, 192px\" \/><\/a><\/p>\n<p><a href=\"https:\/\/eremos.eu\/wp-content\/uploads\/2015\/08\/96f1.jpg\"><img loading=\"lazy\" decoding=\"async\" class=\"alignnone wp-image-4125\" src=\"https:\/\/eremos.eu\/wp-content\/uploads\/2015\/08\/96f1-210x300.jpg\" alt=\"96f\" width=\"200\" height=\"285\" srcset=\"https:\/\/eremos.eu\/wp-content\/uploads\/2015\/08\/96f1-210x300.jpg 210w, https:\/\/eremos.eu\/wp-content\/uploads\/2015\/08\/96f1.jpg 402w\" sizes=\"auto, (max-width: 200px) 100vw, 200px\" \/><\/a><\/p>\n<hr \/>\n<p><strong>GROTTA DELLA MADONNA O DEI SANTI DI PETRACCA<\/strong> (Oratorio rupestre &#8211; VIII-IX secolo)<\/p>\n<p><a href=\"https:\/\/eremos.eu\/wp-content\/uploads\/2015\/08\/978.jpg\"><img loading=\"lazy\" decoding=\"async\" class=\"alignright wp-image-5675\" src=\"https:\/\/eremos.eu\/wp-content\/uploads\/2015\/08\/978-273x300.jpg\" alt=\"97\" width=\"228\" height=\"250\" srcset=\"https:\/\/eremos.eu\/wp-content\/uploads\/2015\/08\/978-273x300.jpg 273w, https:\/\/eremos.eu\/wp-content\/uploads\/2015\/08\/978.jpg 408w\" sizes=\"auto, (max-width: 228px) 100vw, 228px\" \/><\/a>Localit\u00e0: <strong>Contrada Petracca, Noto<\/strong> (SR)<\/p>\n<p>Sub-area: <span style=\"color: #0000ff;\">Val di Noto<\/span><\/p>\n<p style=\"text-align: justify;\">Conosciuta come grotta della Madonna o dei Santi di Petracca \u00e8 in realt\u00e0 l\u2019antico ipogeo catacombale poi\u00a0trasformato in oratorio rupestre. L\u2019ambiente interno, cui si accede <a href=\"https:\/\/eremos.eu\/wp-content\/uploads\/2015\/08\/97a7.jpg\"><img loading=\"lazy\" decoding=\"async\" class=\"alignleft size-medium wp-image-5925\" src=\"https:\/\/eremos.eu\/wp-content\/uploads\/2015\/08\/97a7-300x174.jpg\" alt=\"97a\" width=\"300\" height=\"174\" srcset=\"https:\/\/eremos.eu\/wp-content\/uploads\/2015\/08\/97a7-300x174.jpg 300w, https:\/\/eremos.eu\/wp-content\/uploads\/2015\/08\/97a7.jpg 582w\" sizes=\"auto, (max-width: 300px) 100vw, 300px\" \/><\/a>con difficolt\u00e0 perch\u00e9 ostruito da massi, conserva ancora i resti di due rudimentali altari in pietra, di cui uno coperto da una sorta di baldacchino sostenuto da quattro pilastri, e le tracce degli affreschi che ricoprivano parzialmente le pareti, come il pannello ancora leggibile raffigurante la <i>Madonna con Bambino<\/i>.<\/p>\n<p><a href=\"https:\/\/eremos.eu\/wp-content\/uploads\/2015\/08\/97b2.jpg\"><img loading=\"lazy\" decoding=\"async\" class=\"alignleft wp-image-4128 size-medium\" src=\"https:\/\/eremos.eu\/wp-content\/uploads\/2015\/08\/97b2-300x178.jpg\" alt=\"97b\" width=\"300\" height=\"178\" srcset=\"https:\/\/eremos.eu\/wp-content\/uploads\/2015\/08\/97b2-300x178.jpg 300w, https:\/\/eremos.eu\/wp-content\/uploads\/2015\/08\/97b2.jpg 581w\" sizes=\"auto, (max-width: 300px) 100vw, 300px\" \/><\/a><\/p>\n<p><a href=\"https:\/\/eremos.eu\/wp-content\/uploads\/2015\/08\/97e1.jpg\"><img loading=\"lazy\" decoding=\"async\" class=\"wp-image-4131 alignnone\" src=\"https:\/\/eremos.eu\/wp-content\/uploads\/2015\/08\/97e1-300x180.jpg\" alt=\"97e\" width=\"297\" height=\"178\" srcset=\"https:\/\/eremos.eu\/wp-content\/uploads\/2015\/08\/97e1-300x180.jpg 300w, https:\/\/eremos.eu\/wp-content\/uploads\/2015\/08\/97e1.jpg 598w\" sizes=\"auto, (max-width: 297px) 100vw, 297px\" \/><\/a><\/p>\n<p><a href=\"https:\/\/eremos.eu\/wp-content\/uploads\/2015\/08\/97c3.jpg\"><img loading=\"lazy\" decoding=\"async\" class=\"alignleft wp-image-4129 size-medium\" src=\"https:\/\/eremos.eu\/wp-content\/uploads\/2015\/08\/97c3-300x178.jpg\" alt=\"97c\" width=\"300\" height=\"178\" srcset=\"https:\/\/eremos.eu\/wp-content\/uploads\/2015\/08\/97c3-300x178.jpg 300w, https:\/\/eremos.eu\/wp-content\/uploads\/2015\/08\/97c3.jpg 553w\" sizes=\"auto, (max-width: 300px) 100vw, 300px\" \/><\/a><a href=\"https:\/\/eremos.eu\/wp-content\/uploads\/2015\/08\/97d1.jpg\"><img loading=\"lazy\" decoding=\"async\" class=\"wp-image-4130 alignnone\" src=\"https:\/\/eremos.eu\/wp-content\/uploads\/2015\/08\/97d1-300x172.jpg\" alt=\"97d\" width=\"310\" height=\"178\" srcset=\"https:\/\/eremos.eu\/wp-content\/uploads\/2015\/08\/97d1-300x172.jpg 300w, https:\/\/eremos.eu\/wp-content\/uploads\/2015\/08\/97d1.jpg 598w\" sizes=\"auto, (max-width: 310px) 100vw, 310px\" \/><\/a><\/p>\n<hr \/>\n<p><strong>GROTTA DI SAN CORRADO<\/strong> (Romitorio rupestre &#8211; XIV secolo)<a href=\"https:\/\/eremos.eu\/wp-content\/uploads\/2015\/08\/106b4.jpg\"><img loading=\"lazy\" decoding=\"async\" class=\"alignright wp-image-6046\" src=\"https:\/\/eremos.eu\/wp-content\/uploads\/2015\/08\/106b4-225x300.jpg\" alt=\"106b\" width=\"150\" height=\"200\" srcset=\"https:\/\/eremos.eu\/wp-content\/uploads\/2015\/08\/106b4-225x300.jpg 225w, https:\/\/eremos.eu\/wp-content\/uploads\/2015\/08\/106b4.jpg 760w\" sizes=\"auto, (max-width: 150px) 100vw, 150px\" \/><\/a><\/p>\n<p>Localit\u00e0: <strong>Noto<\/strong> (SR) \u00a0 \u00a0 \u00a0 \u00a0 \u00a0 \u00a0 \u00a0 \u00a0 \u00a0 \u00a0 \u00a0 \u00a0 \u00a0 \u00a0 \u00a0 \u00a0 \u00a0 \u00a0 \u00a0 \u00a0 \u00a0 \u00a0 \u00a0 \u00a0 \u00a0 \u00a0 \u00a0 \u00a0 \u00a0 \u00a0 \u00a0 \u00a0 Sub-area: <span style=\"color: #0000ff;\">Val di Noto<\/span><\/p>\n<p style=\"text-align: justify;\">Quella di San Corrado si trova tra le pareti rocciose della valle dell\u2019Anapo assieme ad altre grotte gi\u00e0 utilizzate in epoca bizantina come abitazioni. La tradizione vuole che in questa grotta, verso la met\u00e0 del XIV secolo, trov\u00f2 rifugio temporaneo l\u2019eremita Corrado Confalonieri. In seguito alla sua beatificazione i fedeli la ingrandiranno trasformandola in un santuario rupestre con l\u2019aggiunta di un altare.<\/p>\n<p><a href=\"https:\/\/eremos.eu\/wp-content\/uploads\/2015\/08\/1065.jpg\"><img loading=\"lazy\" decoding=\"async\" class=\"alignleft size-medium wp-image-6044\" src=\"https:\/\/eremos.eu\/wp-content\/uploads\/2015\/08\/1065-300x184.jpg\" alt=\"106\" width=\"300\" height=\"184\" srcset=\"https:\/\/eremos.eu\/wp-content\/uploads\/2015\/08\/1065-300x184.jpg 300w, https:\/\/eremos.eu\/wp-content\/uploads\/2015\/08\/1065-1024x627.jpg 1024w, https:\/\/eremos.eu\/wp-content\/uploads\/2015\/08\/1065.jpg 1030w\" sizes=\"auto, (max-width: 300px) 100vw, 300px\" \/><\/a><\/p>\n<p><a href=\"https:\/\/eremos.eu\/wp-content\/uploads\/2015\/08\/106c4.jpg\"><img loading=\"lazy\" decoding=\"async\" class=\"size-medium wp-image-6047 alignnone\" src=\"https:\/\/eremos.eu\/wp-content\/uploads\/2015\/08\/106c4-300x187.jpg\" alt=\"106c\" width=\"300\" height=\"187\" srcset=\"https:\/\/eremos.eu\/wp-content\/uploads\/2015\/08\/106c4-300x187.jpg 300w, https:\/\/eremos.eu\/wp-content\/uploads\/2015\/08\/106c4.jpg 1018w\" sizes=\"auto, (max-width: 300px) 100vw, 300px\" \/><\/a><\/p>\n<hr \/>\n<p><strong>GROTTA DI SANTA LUCIA DI MENDOLA<\/strong> (Cappella rupestre &#8211; V secolo)<\/p>\n<p>Localit\u00e0: <strong>Contrada Santa Lucia, Noto<\/strong> (SR) \u00a0 \u00a0 \u00a0 \u00a0 \u00a0 \u00a0 \u00a0 \u00a0 \u00a0 \u00a0 \u00a0 \u00a0\u00a0Sub-area: <span style=\"color: #0000ff;\">Val di Noto<\/span><\/p>\n<p style=\"text-align: justify;\">Si tratta di un piccolo ambiente ipogeo, assolutamente distinto dalle altre due basiliche, caratterizzato dalle pareti ricoperte da sacre pitture che, per quanto non adatto\u00a0allo svolgimento di funzioni religiose, si \u00e8 inclini a ritenere che <a href=\"https:\/\/eremos.eu\/wp-content\/uploads\/2015\/08\/98a4.jpg\"><img loading=\"lazy\" decoding=\"async\" class=\"alignright wp-image-4134\" src=\"https:\/\/eremos.eu\/wp-content\/uploads\/2015\/08\/98a4-300x223.jpg\" alt=\"98a\" width=\"287\" height=\"213\" srcset=\"https:\/\/eremos.eu\/wp-content\/uploads\/2015\/08\/98a4-300x223.jpg 300w, https:\/\/eremos.eu\/wp-content\/uploads\/2015\/08\/98a4-1024x760.jpg 1024w, https:\/\/eremos.eu\/wp-content\/uploads\/2015\/08\/98a4.jpg 1045w\" sizes=\"auto, (max-width: 287px) 100vw, 287px\" \/><\/a>possa trattarsi di una cappella.<\/p>\n<p style=\"text-align: justify;\"><a href=\"https:\/\/eremos.eu\/wp-content\/uploads\/2015\/08\/985.jpg\"><img loading=\"lazy\" decoding=\"async\" class=\"size-medium wp-image-4133 alignnone\" src=\"https:\/\/eremos.eu\/wp-content\/uploads\/2015\/08\/985-300x169.jpg\" alt=\"98\" width=\"300\" height=\"169\" srcset=\"https:\/\/eremos.eu\/wp-content\/uploads\/2015\/08\/985-300x169.jpg 300w, https:\/\/eremos.eu\/wp-content\/uploads\/2015\/08\/985.jpg 675w\" sizes=\"auto, (max-width: 300px) 100vw, 300px\" \/><\/a><\/p>\n<hr \/>\n<p><strong>MONASTERO DI SAN MARCO<\/strong> (Cenobio semirupestre &#8211; XII secolo)<\/p>\n<p><a href=\"https:\/\/eremos.eu\/wp-content\/uploads\/2015\/08\/99b4.jpg\"><img loading=\"lazy\" decoding=\"async\" class=\"alignright size-medium wp-image-4137\" src=\"https:\/\/eremos.eu\/wp-content\/uploads\/2015\/08\/99b4-221x300.jpg\" alt=\"99b\" width=\"221\" height=\"300\" srcset=\"https:\/\/eremos.eu\/wp-content\/uploads\/2015\/08\/99b4-221x300.jpg 221w, https:\/\/eremos.eu\/wp-content\/uploads\/2015\/08\/99b4.jpg 448w\" sizes=\"auto, (max-width: 221px) 100vw, 221px\" \/><\/a>Localit\u00e0: <strong>Contrada Manghisi, Noto<\/strong> (SR) \u00a0 \u00a0 \u00a0 Sub-area: <span style=\"color: #0000ff;\">Val di Noto<\/span><\/p>\n<p style=\"text-align: justify;\">Il monastero di San Marco, primo esempio di architettura semirupestre nel siracusano, viene edificato in epoca bizantina per ospitare una comunit\u00e0 eremitica che seguiva le regole di sant\u2019Antonio Abate. La chiesa era in parte racchiusa all\u2019interno di un\u2019ampia grotta naturale dove erano scavate le absidi delle tre navate dell\u2019edificio sacro. Alla fine delle quali si possono ancora rinvenire i resti degli altari e le tracce di affreschi pressoch\u00e9 illeggibili a causa del degrado e dell\u2019uso improprio del sito (addirittura, come ovile fortificato) dopo il devastante terremoto del 1693. Ma la chiesa di San Marco si contraddistingue anche per la presenza del battistero, riconoscibile nella piccola cappella rettangolare con volta a botte, collegata alla chiesa da un atrio comune, dalla cui abside incisa nella roccia sgorgava l\u2019acqua. Le altre cavit\u00e0 che contornavano quella principale con la chiesa erano invece adibite a romitorio per i monaci. (foto Diego Barucco per SiciliaFotografica.it)<\/p>\n<p><a href=\"https:\/\/eremos.eu\/wp-content\/uploads\/2015\/08\/99a4.jpg\"><img loading=\"lazy\" decoding=\"async\" class=\"alignleft wp-image-4136 size-medium\" src=\"https:\/\/eremos.eu\/wp-content\/uploads\/2015\/08\/99a4-300x176.jpg\" alt=\"99a\" width=\"300\" height=\"176\" srcset=\"https:\/\/eremos.eu\/wp-content\/uploads\/2015\/08\/99a4-300x176.jpg 300w, https:\/\/eremos.eu\/wp-content\/uploads\/2015\/08\/99a4.jpg 667w\" sizes=\"auto, (max-width: 300px) 100vw, 300px\" \/><\/a><a href=\"https:\/\/eremos.eu\/wp-content\/uploads\/2015\/08\/997.jpg\"><img loading=\"lazy\" decoding=\"async\" class=\"wp-image-4135 alignnone\" src=\"https:\/\/eremos.eu\/wp-content\/uploads\/2015\/08\/997-300x170.jpg\" alt=\"99\" width=\"310\" height=\"176\" srcset=\"https:\/\/eremos.eu\/wp-content\/uploads\/2015\/08\/997-300x170.jpg 300w, https:\/\/eremos.eu\/wp-content\/uploads\/2015\/08\/997.jpg 667w\" sizes=\"auto, (max-width: 310px) 100vw, 310px\" \/><\/a><\/p>\n<hr \/>\n<p><strong><a href=\"https:\/\/eremos.eu\/wp-content\/uploads\/2015\/08\/100b7.jpg\"><img loading=\"lazy\" decoding=\"async\" class=\"alignright size-medium wp-image-4138\" src=\"https:\/\/eremos.eu\/wp-content\/uploads\/2015\/08\/100b7-204x300.jpg\" alt=\"100b\" width=\"204\" height=\"300\" srcset=\"https:\/\/eremos.eu\/wp-content\/uploads\/2015\/08\/100b7-204x300.jpg 204w, https:\/\/eremos.eu\/wp-content\/uploads\/2015\/08\/100b7.jpg 299w\" sizes=\"auto, (max-width: 204px) 100vw, 204px\" \/><\/a>PARCO DEGLI EREMITI<\/strong> (Romitori rupestri &#8211; IV secolo)<\/p>\n<p>Localit\u00e0: <strong>Noto<\/strong> (SR) \u00a0 \u00a0 \u00a0 \u00a0 \u00a0 \u00a0 \u00a0 \u00a0 \u00a0 \u00a0 \u00a0 \u00a0 \u00a0 \u00a0 \u00a0 \u00a0Sub-area: <span style=\"color: #0000ff;\">Val di Noto<\/span><\/p>\n<p style=\"text-align: justify;\">Con la denominazione \u201cParco degli Eremiti\u201d viene identificato il piccolo appezzamento attorno al santuario di San Calogero e, in qualche modo, istituito dallo stesso santo eremita. Si tratta di un vero e proprio giardino naturale dove il verde fa da contrasto con la nuda roccia della cava e la quiete \u00e8 interrotta soltanto dal fresco rumore di un torrente che l\u2019attraversa. All\u2019interno trovano posto alcune grotte per lo pi\u00f9 utilizzate dagli eremiti sia come ricovero per gli armenti da loro allevati che come luogo di preghiera. Il parco nel corso dei secoli \u00e8 stato infatti eletto a dimora ideale da numerosi beati e venerabili eremiti, l\u2019ultimo dei quali, fra\u2019 Antonio Taggiasco, si \u00e8 spento nel 1983.<\/p>\n<p><a href=\"https:\/\/eremos.eu\/wp-content\/uploads\/2015\/08\/1005.jpg\"><img loading=\"lazy\" decoding=\"async\" class=\"alignleft wp-image-4139 size-medium\" src=\"https:\/\/eremos.eu\/wp-content\/uploads\/2015\/08\/1005-300x199.jpg\" alt=\"100\" width=\"300\" height=\"199\" srcset=\"https:\/\/eremos.eu\/wp-content\/uploads\/2015\/08\/1005-300x199.jpg 300w, https:\/\/eremos.eu\/wp-content\/uploads\/2015\/08\/1005.jpg 425w\" sizes=\"auto, (max-width: 300px) 100vw, 300px\" \/><\/a><a href=\"https:\/\/eremos.eu\/wp-content\/uploads\/2015\/08\/100a6.jpg\"><img loading=\"lazy\" decoding=\"async\" class=\"wp-image-4140 size-medium alignnone\" src=\"https:\/\/eremos.eu\/wp-content\/uploads\/2015\/08\/100a6-300x199.jpg\" alt=\"100a\" width=\"300\" height=\"199\" srcset=\"https:\/\/eremos.eu\/wp-content\/uploads\/2015\/08\/100a6-300x199.jpg 300w, https:\/\/eremos.eu\/wp-content\/uploads\/2015\/08\/100a6.jpg 429w\" sizes=\"auto, (max-width: 300px) 100vw, 300px\" \/><\/a><\/p>\n<hr \/>\n<p><strong>CHIESA DI BIBBINELLO<\/strong> (Chiesa rupestre &#8211; VIII secolo)<\/p>\n<p>Localit\u00e0: <strong>Contrada Bibbinello, Palazzolo Acreide<\/strong> (SR) \u00a0 \u00a0 \u00a0 \u00a0 \u00a0 \u00a0 \u00a0 \u00a0 \u00a0 \u00a0\u00a0Sub-area: <span style=\"color: #0000ff;\">Val di Noto<\/span><\/p>\n<p style=\"text-align: justify;\">La chiesa di Bibbinello, che in quanto a estensione (oltre 80 mq) \u00e8 la seconda chiesa rupestre della Sicilia sud-orientale, si trova nell\u2019omonima cava-contrada dell\u2019antica Akrai. L&#8217;ingresso, preceduto da un rozzo nartece, introduce all\u2019ampia area presbiteriale distinta, tramite un&#8217;iconostasi di poco sopraelevata, dal <i>templum<\/i> dove era collocata la cattedra dell&#8217;officiante; mentre al centro della parete frontale si sviluppa l&#8217;ampia abside con un piccolo sedile.\u00a0Su un lato del presbiterio si trova una piccola fossa rettangolare, probabilmente il fonte battesimale. La presenza di intonaco nella parete dell\u2019abside lascia desumere che un tempo sia stata interamente affrescata. La chiesa risalente al periodo bizantino, allorquando svolgeva la funzione di oratorio per gli eremiti che abitavano nelle numerose grotte della cava, \u00e8 stata per lungo tempo utilizzata come stalla ed oggi versa in stato di totale abbandono. (foto Diego Barucco per SiciliaFotografica.it)<\/p>\n<p><a href=\"https:\/\/eremos.eu\/wp-content\/uploads\/2015\/08\/10112.jpg\"><img loading=\"lazy\" decoding=\"async\" class=\"alignleft wp-image-4141 size-medium\" src=\"https:\/\/eremos.eu\/wp-content\/uploads\/2015\/08\/10112-300x171.jpg\" alt=\"101\" width=\"300\" height=\"171\" srcset=\"https:\/\/eremos.eu\/wp-content\/uploads\/2015\/08\/10112-300x171.jpg 300w, https:\/\/eremos.eu\/wp-content\/uploads\/2015\/08\/10112.jpg 598w\" sizes=\"auto, (max-width: 300px) 100vw, 300px\" \/><\/a><a href=\"https:\/\/eremos.eu\/wp-content\/uploads\/2015\/08\/101a5.jpg\"><img loading=\"lazy\" decoding=\"async\" class=\"wp-image-4142 alignnone\" src=\"https:\/\/eremos.eu\/wp-content\/uploads\/2015\/08\/101a5-300x176.jpg\" alt=\"101a\" width=\"292\" height=\"171\" srcset=\"https:\/\/eremos.eu\/wp-content\/uploads\/2015\/08\/101a5-300x176.jpg 300w, https:\/\/eremos.eu\/wp-content\/uploads\/2015\/08\/101a5.jpg 598w\" sizes=\"auto, (max-width: 292px) 100vw, 292px\" \/><\/a><\/p>\n<p><a href=\"https:\/\/eremos.eu\/wp-content\/uploads\/2015\/08\/101b4.jpg\"><img loading=\"lazy\" decoding=\"async\" class=\"alignleft wp-image-4143\" src=\"https:\/\/eremos.eu\/wp-content\/uploads\/2015\/08\/101b4.jpg\" alt=\"101b\" width=\"300\" height=\"173\" \/><\/a><a href=\"https:\/\/eremos.eu\/wp-content\/uploads\/2015\/08\/101c4.jpg\"><img loading=\"lazy\" decoding=\"async\" class=\"wp-image-4144 alignnone\" src=\"https:\/\/eremos.eu\/wp-content\/uploads\/2015\/08\/101c4-300x180.jpg\" alt=\"101c\" width=\"288\" height=\"173\" srcset=\"https:\/\/eremos.eu\/wp-content\/uploads\/2015\/08\/101c4-300x180.jpg 300w, https:\/\/eremos.eu\/wp-content\/uploads\/2015\/08\/101c4.jpg 612w\" sizes=\"auto, (max-width: 288px) 100vw, 288px\" \/><\/a><\/p>\n<p><a href=\"https:\/\/eremos.eu\/wp-content\/uploads\/2015\/08\/101d3.jpg\"><img loading=\"lazy\" decoding=\"async\" class=\"alignleft wp-image-4145 size-medium\" src=\"https:\/\/eremos.eu\/wp-content\/uploads\/2015\/08\/101d3-300x174.jpg\" alt=\"101d\" width=\"300\" height=\"174\" srcset=\"https:\/\/eremos.eu\/wp-content\/uploads\/2015\/08\/101d3-300x174.jpg 300w, https:\/\/eremos.eu\/wp-content\/uploads\/2015\/08\/101d3.jpg 598w\" sizes=\"auto, (max-width: 300px) 100vw, 300px\" \/><\/a><a href=\"https:\/\/eremos.eu\/wp-content\/uploads\/2015\/08\/101e1.jpg\"><img loading=\"lazy\" decoding=\"async\" class=\"wp-image-4146 size-medium alignnone\" src=\"https:\/\/eremos.eu\/wp-content\/uploads\/2015\/08\/101e1-300x174.jpg\" alt=\"101e\" width=\"300\" height=\"174\" srcset=\"https:\/\/eremos.eu\/wp-content\/uploads\/2015\/08\/101e1-300x174.jpg 300w, https:\/\/eremos.eu\/wp-content\/uploads\/2015\/08\/101e1.jpg 598w\" sizes=\"auto, (max-width: 300px) 100vw, 300px\" \/><\/a><\/p>\n<hr \/>\n<p><strong>CHIESA DI SAN CAMELIO<\/strong> (Ruderi di chiesa rupestre &#8211; V-IX secolo)<\/p>\n<p>Localit\u00e0: <strong>Contrada Camelio, Palazzolo Acreide<\/strong> (SR)<\/p>\n<p>Sub-area: <span style=\"color: #0000ff;\">Val di Noto<\/span>\u00a0 \u00a0 \u00a0 \u00a0\u00a0<a href=\"https:\/\/eremos.eu\/wp-content\/uploads\/2015\/08\/10210.jpg\"><img loading=\"lazy\" decoding=\"async\" class=\"alignright wp-image-4147 size-medium\" src=\"https:\/\/eremos.eu\/wp-content\/uploads\/2015\/08\/10210-300x149.jpg\" alt=\"102\" width=\"300\" height=\"149\" srcset=\"https:\/\/eremos.eu\/wp-content\/uploads\/2015\/08\/10210-300x149.jpg 300w, https:\/\/eremos.eu\/wp-content\/uploads\/2015\/08\/10210.jpg 480w\" sizes=\"auto, (max-width: 300px) 100vw, 300px\" \/><\/a><\/p>\n<p style=\"text-align: justify;\">Le rovine della chiesa rupestre di San Camelio, nella zona di cava Cardinale al confine tra i comuni di Palazzolo Acreide e Noto, sono un\u2019importante testimonianza di trasformazione di un\u2019antica tomba sicula a luogo cultuale paleocristiano. All\u2019interno si possono ancora ammirare i resti di altari, incisioni ed affreschi rupestri di fattura bizantina.<\/p>\n<hr \/>\n<p><strong>CHIESA DI SAN GERMINIANO<\/strong> (Ruderi di oratorio rupestre &#8211; V-X secolo)<\/p>\n<p>Localit\u00e0: <strong>Palazzolo Acreide<\/strong> (SR) \u00a0 \u00a0 \u00a0 \u00a0 \u00a0 \u00a0 \u00a0 \u00a0 \u00a0 \u00a0 \u00a0 \u00a0 \u00a0 \u00a0 \u00a0 \u00a0 \u00a0 \u00a0 \u00a0 \u00a0Sub-area: <span style=\"color: #0000ff;\">Val di Noto<\/span><\/p>\n<p style=\"text-align: justify;\">Della chiesa di San Germiniano, i cui resti si trovano nella zona sud-occidentale dell\u2019antico insediamento acrense, si sa che ha esercitato un importante ruolo come oratorio rupestre dall\u2019et\u00e0 paleocristiana fino all\u2019epoca della dominazione araba.<\/p>\n<hr \/>\n<p><strong>CHIESA DI SANTO LIO<\/strong> (Oratorio rupestre &#8211; XI-XII secolo)<\/p>\n<p>Localit\u00e0: <strong>Contrada Santolio, Palazzolo Acreide<\/strong> (SR) \u00a0 \u00a0 \u00a0 \u00a0 \u00a0 \u00a0 \u00a0 \u00a0 \u00a0 \u00a0 \u00a0 Sub-area: <span style=\"color: #0000ff;\">Val di Noto<\/span><\/p>\n<p style=\"text-align: justify;\">Con la denominazione odierna di chiesa di Santo Lio suole identificarsi l\u2019oratorio rupestre bizantino che ospit\u00f2 a lungo l\u2019eremita e sant\u2019uomo Lio: da qui il toponimo \u201cSantolio\u201d\u00a0 con cui da sempre \u00e8 nota la cava e, pi\u00f9 in generale, la contrada dove si trova la grotta.<\/p>\n<hr \/>\n<p><strong>GROTTA DEI SANTI DI PIANETTE<\/strong> (Chiesa rupestre &#8211; VI-VII secolo)<\/p>\n<p>Localit\u00e0: <strong>Contrada Pianette, Palazzolo Acreide<\/strong> (SR) \u00a0 \u00a0 \u00a0 \u00a0 \u00a0 \u00a0 \u00a0 \u00a0 \u00a0 \u00a0 \u00a0 \u00a0 Sub-area: <span style=\"color: #0000ff;\">Val di Noto<\/span><\/p>\n<p style=\"text-align: justify;\"><a href=\"https:\/\/eremos.eu\/wp-content\/uploads\/2015\/08\/105a3.jpg\"><img loading=\"lazy\" decoding=\"async\" class=\"alignleft wp-image-4152\" src=\"https:\/\/eremos.eu\/wp-content\/uploads\/2015\/08\/105a3-260x300.jpg\" alt=\"105a\" width=\"226\" height=\"260\" srcset=\"https:\/\/eremos.eu\/wp-content\/uploads\/2015\/08\/105a3-260x300.jpg 260w, https:\/\/eremos.eu\/wp-content\/uploads\/2015\/08\/105a3.jpg 340w\" sizes=\"auto, (max-width: 226px) 100vw, 226px\" \/><\/a>La grotta dei Santi di Pianette \u00e8 sicuramente uno dei pi\u00f9 interessanti siti sacri rupestri del territorio acrense e, come per l\u2019omonima di Castelluccio, deve la sua denominazione alla presenza delle numerose immagini di santi che la decorano. L\u2019ipogeo, scavato tra il VI ed il VII secolo, a pianta pressoch\u00e9 quadrangolare, ha le pareti interamente intonacate che, intorno al XII-XIII secolo, sono state ricoperte da pregevoli affreschi oggi in pessimo stato di conservazione. I dipinti, all\u2019interno di grandi riquadri rettangolari, propongono la rappresentazione iconografica di santi, come Giovanni Battista, Paolo, Nicola, Bartolomeo ma anche della <i>Mater Domini <\/i>e della <i>Madonna odigitria<\/i>. Dalla tipologia di decorazione, dai colori adoperati (blu, rosso e giallo ocra) e stesi a pennello nonch\u00e9 <a href=\"https:\/\/eremos.eu\/wp-content\/uploads\/2015\/08\/105b2.jpg\"><img loading=\"lazy\" decoding=\"async\" class=\"alignright wp-image-4149\" src=\"https:\/\/eremos.eu\/wp-content\/uploads\/2015\/08\/105b2-220x300.jpg\" alt=\"105b\" width=\"218\" height=\"297\" srcset=\"https:\/\/eremos.eu\/wp-content\/uploads\/2015\/08\/105b2-220x300.jpg 220w, https:\/\/eremos.eu\/wp-content\/uploads\/2015\/08\/105b2.jpg 408w\" sizes=\"auto, (max-width: 218px) 100vw, 218px\" \/><\/a>dall\u2019impostazione spaziale delle figure si evince che sono stati realizzati da un esperto ed abile artista di scuola duecentesca.<\/p>\n<p><a href=\"https:\/\/eremos.eu\/wp-content\/uploads\/2015\/08\/1053.jpg\"><img loading=\"lazy\" decoding=\"async\" class=\"size-medium wp-image-4148 alignnone\" src=\"https:\/\/eremos.eu\/wp-content\/uploads\/2015\/08\/1053-300x222.jpg\" alt=\"105\" width=\"300\" height=\"222\" srcset=\"https:\/\/eremos.eu\/wp-content\/uploads\/2015\/08\/1053-300x222.jpg 300w, https:\/\/eremos.eu\/wp-content\/uploads\/2015\/08\/1053.jpg 414w\" sizes=\"auto, (max-width: 300px) 100vw, 300px\" \/><\/a><\/p>\n<p><a href=\"https:\/\/eremos.eu\/wp-content\/uploads\/2015\/08\/105d2.jpg\"><img loading=\"lazy\" decoding=\"async\" class=\"alignleft wp-image-4150 size-medium\" src=\"https:\/\/eremos.eu\/wp-content\/uploads\/2015\/08\/105d2-300x190.jpg\" alt=\"105d\" width=\"300\" height=\"190\" srcset=\"https:\/\/eremos.eu\/wp-content\/uploads\/2015\/08\/105d2-300x190.jpg 300w, https:\/\/eremos.eu\/wp-content\/uploads\/2015\/08\/105d2.jpg 516w\" sizes=\"auto, (max-width: 300px) 100vw, 300px\" \/><\/a><a href=\"https:\/\/eremos.eu\/wp-content\/uploads\/2015\/08\/105c2.jpg\"><img loading=\"lazy\" decoding=\"async\" class=\"wp-image-4151 alignnone\" src=\"https:\/\/eremos.eu\/wp-content\/uploads\/2015\/08\/105c2-300x191.jpg\" alt=\"105c\" width=\"299\" height=\"190\" srcset=\"https:\/\/eremos.eu\/wp-content\/uploads\/2015\/08\/105c2-300x191.jpg 300w, https:\/\/eremos.eu\/wp-content\/uploads\/2015\/08\/105c2.jpg 598w\" sizes=\"auto, (max-width: 299px) 100vw, 299px\" \/><\/a><\/p>\n<p>&nbsp;<\/p>\n<hr \/>\n<p><strong>EREMO DI SAN FOC\u00c0<\/strong> (Chiesa e romitorio &#8211; IV secolo)<\/p>\n<p><a href=\"https:\/\/eremos.eu\/wp-content\/uploads\/2015\/08\/107c1.jpg\"><img loading=\"lazy\" decoding=\"async\" class=\"alignright size-medium wp-image-4163\" src=\"https:\/\/eremos.eu\/wp-content\/uploads\/2015\/08\/107c1-209x300.jpg\" alt=\"107c\" width=\"209\" height=\"300\" srcset=\"https:\/\/eremos.eu\/wp-content\/uploads\/2015\/08\/107c1-209x300.jpg 209w, https:\/\/eremos.eu\/wp-content\/uploads\/2015\/08\/107c1.jpg 321w\" sizes=\"auto, (max-width: 209px) 100vw, 209px\" \/><\/a>Localit\u00e0: <strong>Contrada Piano dell&#8217;Aguglia, Priolo Gargallo<\/strong> (SR)<\/p>\n<p>Sub-area: <span style=\"color: #0000ff;\">Val di Noto<\/span><\/p>\n<p style=\"text-align: justify;\">La chiesa di San Foc\u00e0 si erge, desolata e abbandonata, nelle vicinanze del mare, in una zona chiamata volgarmente \u201cpiano dell\u2019Aguglia\u201d. Lo stile inconfondibile dell\u2019originario impianto (sviluppo a \u201cT\u201d delle tre navate con una sola abside semianulare e volte a botte), ora massicciamente inglobato nel nuovo edificio conventuale, la collocano agli inizi del IV secolo. La costruzione della chiesa, e di una adiacente laura per ospitare gli eremiti, in onore del santo martire, si deve al beato Germano vescovo di Siracusa. A seguito del terremoto del 1693 l\u2019edificio venne per lo pi\u00f9 distrutto (eccetto il romitorio, miracolosamente risparmiato) e solo agli inizi dell\u2019800 si \u00e8 riusciti in qualche modo a ricostruirlo cos\u00ec come lo vediamo oggi.<\/p>\n<p><a href=\"https:\/\/eremos.eu\/wp-content\/uploads\/2015\/08\/1073.jpg\"><img loading=\"lazy\" decoding=\"async\" class=\"alignleft wp-image-4161 size-medium\" src=\"https:\/\/eremos.eu\/wp-content\/uploads\/2015\/08\/1073-300x182.jpg\" alt=\"107\" width=\"300\" height=\"182\" srcset=\"https:\/\/eremos.eu\/wp-content\/uploads\/2015\/08\/1073-300x182.jpg 300w, https:\/\/eremos.eu\/wp-content\/uploads\/2015\/08\/1073.jpg 554w\" sizes=\"auto, (max-width: 300px) 100vw, 300px\" \/><\/a><a href=\"https:\/\/eremos.eu\/wp-content\/uploads\/2015\/08\/107a4.jpg\"><img loading=\"lazy\" decoding=\"async\" class=\"alignnone wp-image-4160\" src=\"https:\/\/eremos.eu\/wp-content\/uploads\/2015\/08\/107a4-300x200.jpg\" alt=\"107a\" width=\"273\" height=\"182\" srcset=\"https:\/\/eremos.eu\/wp-content\/uploads\/2015\/08\/107a4-300x200.jpg 300w, https:\/\/eremos.eu\/wp-content\/uploads\/2015\/08\/107a4.jpg 637w\" sizes=\"auto, (max-width: 273px) 100vw, 273px\" \/><\/a><\/p>\n<hr \/>\n<p><strong><a href=\"https:\/\/eremos.eu\/wp-content\/uploads\/2015\/08\/1085.jpg\"><img loading=\"lazy\" decoding=\"async\" class=\"alignright size-medium wp-image-5691\" src=\"https:\/\/eremos.eu\/wp-content\/uploads\/2015\/08\/1085-201x300.jpg\" alt=\"108\" width=\"201\" height=\"300\" srcset=\"https:\/\/eremos.eu\/wp-content\/uploads\/2015\/08\/1085-201x300.jpg 201w, https:\/\/eremos.eu\/wp-content\/uploads\/2015\/08\/1085.jpg 321w\" sizes=\"auto, (max-width: 201px) 100vw, 201px\" \/><\/a>ORATORIO DEL CASTELLUCCIO<\/strong> (Oratorio rupestre &#8211; XI-XIV secolo)<\/p>\n<p>Localit\u00e0: <strong>Contrada Castelluccio, Priolo Gargallo<\/strong> (SR)<\/p>\n<p>Sub-area: <span style=\"color: #0000ff;\">Val di Noto<\/span><\/p>\n<p style=\"text-align: justify;\"><a href=\"https:\/\/eremos.eu\/wp-content\/uploads\/2015\/08\/108b2.jpg\"><img loading=\"lazy\" decoding=\"async\" class=\"alignleft size-medium wp-image-5692\" src=\"https:\/\/eremos.eu\/wp-content\/uploads\/2015\/08\/108b2-199x300.jpg\" alt=\"108b\" width=\"199\" height=\"300\" srcset=\"https:\/\/eremos.eu\/wp-content\/uploads\/2015\/08\/108b2-199x300.jpg 199w, https:\/\/eremos.eu\/wp-content\/uploads\/2015\/08\/108b2.jpg 319w\" sizes=\"auto, (max-width: 199px) 100vw, 199px\" \/><\/a>L\u2019oratorio del Castelluccio occupa la cavit\u00e0 che si apre a mezza costa d\u2019un altipiano dove in epoca basso-medievale era presente un <i>castrum<\/i> bizantino a difesa della valle dell\u2019Anapo ed a protezione del borgo rupestre sui monti Climiti. La struttura, quasi interamente scavata nella roccia, consta di un ingresso ad arco e di una pianta interna vagamente troncoconica con il soffitto irregolarmente piano. Una banchina o sedile corre lungo i lati e fino all\u2019area presbiteriale, priva di abside ma sulla quale \u00e8 collocato un enorme masso squadrato con gradino a guisa di seggio. L\u2019unico pannello affrescato della cappella interessa il lato sinistro e rappresenta un santo che per\u00f2, l\u2019erosione della roccia ed i continui colpi di scalpello, hanno reso irriconoscibile.<\/p>\n<p style=\"text-align: justify;\"><a href=\"https:\/\/eremos.eu\/wp-content\/uploads\/2015\/08\/108a5.jpg\"><img loading=\"lazy\" decoding=\"async\" class=\"alignleft wp-image-5693 size-medium\" src=\"https:\/\/eremos.eu\/wp-content\/uploads\/2015\/08\/108a5-300x199.jpg\" alt=\"108a\" width=\"300\" height=\"199\" srcset=\"https:\/\/eremos.eu\/wp-content\/uploads\/2015\/08\/108a5-300x199.jpg 300w, https:\/\/eremos.eu\/wp-content\/uploads\/2015\/08\/108a5.jpg 618w\" sizes=\"auto, (max-width: 300px) 100vw, 300px\" \/><\/a><\/p>\n<p style=\"text-align: justify;\"><a href=\"https:\/\/eremos.eu\/wp-content\/uploads\/2015\/08\/108c3.jpg\"><img loading=\"lazy\" decoding=\"async\" class=\"wp-image-5694 alignnone\" src=\"https:\/\/eremos.eu\/wp-content\/uploads\/2015\/08\/108c3-300x200.jpg\" alt=\"108c\" width=\"299\" height=\"199\" srcset=\"https:\/\/eremos.eu\/wp-content\/uploads\/2015\/08\/108c3-300x200.jpg 300w, https:\/\/eremos.eu\/wp-content\/uploads\/2015\/08\/108c3.jpg 621w\" sizes=\"auto, (max-width: 299px) 100vw, 299px\" \/><\/a><\/p>\n<hr \/>\n<p><strong>GROTTA DI SANT&#8217;ELIA<\/strong> (Chiesa rupestre &#8211; XI-XIV secolo)<\/p>\n<p><a href=\"https:\/\/eremos.eu\/wp-content\/uploads\/2015\/08\/109c2.jpg\"><img loading=\"lazy\" decoding=\"async\" class=\"alignright wp-image-4170\" src=\"https:\/\/eremos.eu\/wp-content\/uploads\/2015\/08\/109c2-264x300.jpg\" alt=\"109c\" width=\"220\" height=\"250\" srcset=\"https:\/\/eremos.eu\/wp-content\/uploads\/2015\/08\/109c2-264x300.jpg 264w, https:\/\/eremos.eu\/wp-content\/uploads\/2015\/08\/109c2.jpg 382w\" sizes=\"auto, (max-width: 220px) 100vw, 220px\" \/><\/a>Localit\u00e0: <strong>Contrada Celone, Ragusa<\/strong> (RG) \u00a0 \u00a0 \u00a0 \u00a0Sub-area: <span style=\"color: #0000ff;\">Val di Noto<\/span><\/p>\n<p style=\"text-align: justify;\">La grotta di Sant\u2019Elia \u00e8 situata nella cava Borticchio-Scassali, lungo la sterratina che dall\u2019altopiano di contrada Celone conduce alla cava di San Leonardo. La chiesa rupestre si avvale di un ambiente a pianta quadrata con in fondo un\u2019ampia e profonda abside, dove al centro \u00e8 collocato un altare sovrastato da una nicchia. Il piano di calpestio \u00e8 rozzamente lastricato mentre le pareti, per lo pi\u00f9 ricoperte da intonaco, mostrano qui e l\u00e0 delle parti scrostate con segni, simboli e caratteri riconducibili a nomi di santi. Degli affreschi che originariamente dovevano ricoprirle rimangono alcune tracce nella zona absidale: a destra dell\u2019altare, la sagoma di un corpo seguita dalla f<a href=\"https:\/\/eremos.eu\/wp-content\/uploads\/2015\/08\/109a6.jpg\"><img loading=\"lazy\" decoding=\"async\" class=\"alignleft size-medium wp-image-5677\" src=\"https:\/\/eremos.eu\/wp-content\/uploads\/2015\/08\/109a6-300x148.jpg\" alt=\"109a\" width=\"300\" height=\"148\" srcset=\"https:\/\/eremos.eu\/wp-content\/uploads\/2015\/08\/109a6-300x148.jpg 300w, https:\/\/eremos.eu\/wp-content\/uploads\/2015\/08\/109a6.jpg 582w\" sizes=\"auto, (max-width: 300px) 100vw, 300px\" \/><\/a>igura di un bambino con le braccia alzate; sul soffitto, un globo sormontato da\u00a0una croce bianca; sulla parete, invece, ancora in buono stato di conservazione, un pannello con scene iconografiche di san Giovanni nel deserto assieme al profeta Elia. Proprio il culto tipicamente bizantino per questo santo induce ad ipotizzare la datazione della chiesa tra l\u2019XI ed il XIV secolo.<\/p>\n<p style=\"text-align: justify;\"><a href=\"https:\/\/eremos.eu\/wp-content\/uploads\/2015\/08\/1095.jpg\"><img loading=\"lazy\" decoding=\"async\" class=\"alignleft wp-image-4169 size-medium\" src=\"https:\/\/eremos.eu\/wp-content\/uploads\/2015\/08\/1095-300x174.jpg\" alt=\"109\" width=\"300\" height=\"174\" srcset=\"https:\/\/eremos.eu\/wp-content\/uploads\/2015\/08\/1095-300x174.jpg 300w, https:\/\/eremos.eu\/wp-content\/uploads\/2015\/08\/1095.jpg 541w\" sizes=\"auto, (max-width: 300px) 100vw, 300px\" \/><\/a><a href=\"https:\/\/eremos.eu\/wp-content\/uploads\/2015\/08\/109b5.jpg\"><img loading=\"lazy\" decoding=\"async\" class=\"wp-image-4168 alignnone\" src=\"https:\/\/eremos.eu\/wp-content\/uploads\/2015\/08\/109b5-300x169.jpg\" alt=\"109b\" width=\"309\" height=\"174\" srcset=\"https:\/\/eremos.eu\/wp-content\/uploads\/2015\/08\/109b5-300x169.jpg 300w, https:\/\/eremos.eu\/wp-content\/uploads\/2015\/08\/109b5.jpg 527w\" sizes=\"auto, (max-width: 309px) 100vw, 309px\" \/><\/a><\/p>\n<hr \/>\n<p><strong>GROTTA DI SAN LIO O LEONE<\/strong> (Chiesa rupestre &#8211; VIII-IX secolo)<\/p>\n<p>Localit\u00e0: <strong>Contrada Nunziata Vecchia, Ragusa<\/strong> (RG) \u00a0 \u00a0 \u00a0 \u00a0 \u00a0 \u00a0 \u00a0 \u00a0 \u00a0 \u00a0 \u00a0 \u00a0 \u00a0Sub-area: <span style=\"color: #0000ff;\">Val di Noto<\/span><\/p>\n<p style=\"text-align: justify;\"><a href=\"https:\/\/eremos.eu\/wp-content\/uploads\/2015\/08\/1105.jpg\"><img loading=\"lazy\" decoding=\"async\" class=\"alignright size-full wp-image-4172\" src=\"https:\/\/eremos.eu\/wp-content\/uploads\/2015\/08\/1105.jpg\" alt=\"110\" width=\"201\" height=\"150\" \/><\/a>La grotta di San Lio o Leone (vescovo di Catania) si trova nella parte occidentale di Ragusa, proprio in cima alla Cava di San Leonardo, dove insisteva un piccolo agglomerato rupestre di epoca tardo-antica, ed \u00e8 affiancata dai resti di una chiesetta rurale in muratura del XIV secolo. La chiesa rupestre \u00e8 formata da due ambienti: il primo, quadrato, destinato ad aula; ed il secondo, pi\u00f9 piccolo (probabilmente, un antico ipogeo funerario), a presbiterio. Nell\u2019aula sono presenti le tracce delle cornici di pannelli pittorici oltre ad alcune iscrizioni in greco incise nelle pareti.<\/p>\n<hr \/>\n<p><strong>GROTTA DI SAN PAOLO<\/strong> (Chiesa rupestre &#8211; XIII-XIV secolo)<\/p>\n<p>Localit\u00e0: <strong>Ragusa<\/strong> (RG) \u00a0 \u00a0 \u00a0 \u00a0 \u00a0 \u00a0 \u00a0 \u00a0 \u00a0 \u00a0 \u00a0 \u00a0 \u00a0 \u00a0 \u00a0 \u00a0 \u00a0 \u00a0 \u00a0 \u00a0 \u00a0 \u00a0 \u00a0 Sub-area: <span style=\"color: #0000ff;\">Val di Noto<\/span><\/p>\n<p style=\"text-align: justify;\">La grotta di San Paolo si apre nell\u2019omonimo vallone nei pressi della lunga cava intagliata sull\u2019altopiano ibleo a sud di Ragusa e al confine con il territorio di Santa Croce Kamarina, caratterizzata dalla presenza di numerosi ipogei funerari tardo-antichi. Nella cavit\u00e0 naturale, che non \u00e8 molto larga e si restringe verso il fondo, sono state ricavate due nicchie, di cui una absidata, con sedili ed una piccola fossa per la raccolta dell\u2019acqua che sgorga da una <a href=\"https:\/\/eremos.eu\/wp-content\/uploads\/2015\/08\/111a4.jpg\"><img loading=\"lazy\" decoding=\"async\" class=\"alignright wp-image-4174\" src=\"https:\/\/eremos.eu\/wp-content\/uploads\/2015\/08\/111a4-229x300.jpg\" alt=\"111a\" width=\"209\" height=\"273\" srcset=\"https:\/\/eremos.eu\/wp-content\/uploads\/2015\/08\/111a4-229x300.jpg 229w, https:\/\/eremos.eu\/wp-content\/uploads\/2015\/08\/111a4.jpg 312w\" sizes=\"auto, (max-width: 209px) 100vw, 209px\" \/><\/a>sorgente interna. L\u2019uso cultuale della grotta e la sua denominazione si devono proprio all\u2019associazione dell\u2019acqua con San Paolo.<\/p>\n<p style=\"text-align: justify;\"><a href=\"https:\/\/eremos.eu\/wp-content\/uploads\/2015\/08\/11112.jpg\"><img loading=\"lazy\" decoding=\"async\" class=\"alignnone wp-image-4173\" src=\"https:\/\/eremos.eu\/wp-content\/uploads\/2015\/08\/11112-300x213.jpg\" alt=\"111\" width=\"288\" height=\"205\" srcset=\"https:\/\/eremos.eu\/wp-content\/uploads\/2015\/08\/11112-300x213.jpg 300w, https:\/\/eremos.eu\/wp-content\/uploads\/2015\/08\/11112.jpg 515w\" sizes=\"auto, (max-width: 288px) 100vw, 288px\" \/><\/a><\/p>\n<hr \/>\n<p><strong>GROTTA DI SANTA DOMENICA<\/strong> (Chiesa rupestre &#8211; XII-XIV secolo)<\/p>\n<p>Localit\u00e0: <strong>Ragusa<\/strong> (RG) \u00a0 \u00a0 \u00a0 \u00a0 \u00a0 \u00a0 \u00a0 \u00a0 \u00a0 \u00a0 \u00a0 \u00a0 \u00a0 \u00a0 \u00a0 \u00a0 \u00a0\u00a0\u00a0 \u00a0 \u00a0\u00a0Sub-area: <span style=\"color: #0000ff;\">Val di Noto<\/span><\/p>\n<p style=\"text-align: justify;\"><a href=\"https:\/\/eremos.eu\/wp-content\/uploads\/2015\/08\/1125.jpg\"><img loading=\"lazy\" decoding=\"async\" class=\"alignleft size-full wp-image-4178\" src=\"https:\/\/eremos.eu\/wp-content\/uploads\/2015\/08\/1125.jpg\" alt=\"112\" width=\"133\" height=\"200\" \/><\/a>La grotta di Santa Domenica, scoperta casualmente nel 1995, originariamente si apriva nei pressi della Porta dei Saccari, punto di confluenza della viabilit\u00e0 proveniente dal fondovalle. Successivamente nel XVI secolo venne inglobata nella propriet\u00e0 del convento di Santa Maria di Ges\u00f9 e (addirittura) trasformata in una grande cisterna. La primitiva chiesa rupestre constava di due ambienti scavati nella roccia, affiancati e comunicanti tramite un <a href=\"https:\/\/eremos.eu\/wp-content\/uploads\/2015\/08\/112a2.jpg\"><img loading=\"lazy\" decoding=\"async\" class=\"alignright size-full wp-image-4176\" src=\"https:\/\/eremos.eu\/wp-content\/uploads\/2015\/08\/112a2.jpg\" alt=\"112a\" width=\"199\" height=\"140\" \/><\/a>varco, uno dei quali conteneva l\u2019altare e l\u2019incavo absidale. Le pareti erano interessate da una nutrita teoria di affreschi palinsesti di buona fattura con rappresentazioni per lo pi\u00f9 di santi, come la stessa Domenica, Leonardo, Cristoforo, altri non identificabili e la <i>De\u00e9sis <\/i>che, grazie ad un provvidenziale restauro conservativo, possiamo nuovamente apprezzare.<\/p>\n<hr \/>\n<p style=\"text-align: justify;\"><strong><a href=\"https:\/\/eremos.eu\/wp-content\/uploads\/2015\/08\/1133.jpg\"><img loading=\"lazy\" decoding=\"async\" class=\"alignright wp-image-4179\" src=\"https:\/\/eremos.eu\/wp-content\/uploads\/2015\/08\/1133.jpg\" alt=\"113\" width=\"152\" height=\"210\" \/><\/a><\/strong><\/p>\n<p><strong>GROTTA DI SANTA SOFIA<\/strong> (Chiesa rupestre &#8211; XV secolo)<\/p>\n<p>Localit\u00e0: <strong>Ragusa<\/strong> (RG)<\/p>\n<p>Sub-area: <span style=\"color: #0000ff;\">Val di Noto<\/span><\/p>\n<p style=\"text-align: justify;\">La grotta di Santa Sofia \u00e8 scavata nello sperone roccioso che domina la cava Puzzo, nei pressi dell\u2019antica Porta Modica. La chiesa rupestre, risalente al XV secolo, \u00e8 di forma rettangolare e reca sulle pareti tracce di affreschi.<\/p>\n<hr \/>\n<p><strong>BASILICA IPOGEA PALEOCRISTIANA<\/strong> (Chiesa rupestre &#8211; IV-V secolo)<\/p>\n<p>Localit\u00e0: <strong>Rosolini<\/strong> (SR) \u00a0 \u00a0 \u00a0 \u00a0 \u00a0 \u00a0 \u00a0 \u00a0 \u00a0 \u00a0 \u00a0 \u00a0 \u00a0 Sub-area: <span style=\"color: #0000ff;\">Val di Noto<\/span><\/p>\n<p style=\"text-align: justify;\"><a href=\"https:\/\/eremos.eu\/wp-content\/uploads\/2015\/08\/114b1.jpg\"><img loading=\"lazy\" decoding=\"async\" class=\"alignright size-full wp-image-4183\" src=\"https:\/\/eremos.eu\/wp-content\/uploads\/2015\/08\/114b1.jpg\" alt=\"114b\" width=\"278\" height=\"265\" \/><\/a>Quella che all\u2019origine \u00e8 stata una chiesa rupestre paleocristiana, poi inglobata nella costruzione del Castello dei Platamone, si trova scavata nel tratto della balza rocciosa dove tra il 1485 ed il 1712 si \u00e8 poi sviluppato l\u2019impianto urbanistico dell\u2019antica Rosolini. L\u2019attuale configurazione, che ripropone appunto lo schema della chiesa basilicale a tre navate, fa ritenere che gli abitanti del luogo l\u2019abbiano edificata nell\u2019alto-medioevo utilizzando alcuni dei preesistenti ipogei catacombali cristiani. L\u2019ampia navata centrale che si conclude con una bella e larga abside comunicante con una tomba a baldacchino, da una parte e dall\u2019altra, le otto campate di archi a tutto sesto che poggiano su robusti pilastri con altre tombe ad arcosolio, ne caratterizzano la singolare e suggestiva struttura architettonica.<\/p>\n<p><a href=\"https:\/\/eremos.eu\/wp-content\/uploads\/2015\/08\/1143.jpg\"><img loading=\"lazy\" decoding=\"async\" class=\"alignleft wp-image-4180 size-medium\" src=\"https:\/\/eremos.eu\/wp-content\/uploads\/2015\/08\/1143-300x236.jpg\" alt=\"114\" width=\"300\" height=\"236\" srcset=\"https:\/\/eremos.eu\/wp-content\/uploads\/2015\/08\/1143-300x236.jpg 300w, https:\/\/eremos.eu\/wp-content\/uploads\/2015\/08\/1143.jpg 739w\" sizes=\"auto, (max-width: 300px) 100vw, 300px\" \/><\/a><a href=\"https:\/\/eremos.eu\/wp-content\/uploads\/2015\/08\/114a2.jpg\"><img loading=\"lazy\" decoding=\"async\" class=\"wp-image-4181 alignnone\" src=\"https:\/\/eremos.eu\/wp-content\/uploads\/2015\/08\/114a2-300x232.jpg\" alt=\"114a\" width=\"305\" height=\"236\" srcset=\"https:\/\/eremos.eu\/wp-content\/uploads\/2015\/08\/114a2-300x232.jpg 300w, https:\/\/eremos.eu\/wp-content\/uploads\/2015\/08\/114a2.jpg 489w\" sizes=\"auto, (max-width: 305px) 100vw, 305px\" \/><\/a><\/p>\n<hr \/>\n<p><strong>CHIESA DI CAVA GRANDE<\/strong> (Chiesa rupestre &#8211; XIV secolo)<\/p>\n<p><a href=\"https:\/\/eremos.eu\/wp-content\/uploads\/2015\/08\/1151.jpg\"><img loading=\"lazy\" decoding=\"async\" class=\"alignright size-medium wp-image-4184\" src=\"https:\/\/eremos.eu\/wp-content\/uploads\/2015\/08\/1151-300x208.jpg\" alt=\"115\" width=\"300\" height=\"208\" srcset=\"https:\/\/eremos.eu\/wp-content\/uploads\/2015\/08\/1151-300x208.jpg 300w, https:\/\/eremos.eu\/wp-content\/uploads\/2015\/08\/1151.jpg 465w\" sizes=\"auto, (max-width: 300px) 100vw, 300px\" \/><\/a>Localit\u00e0: <strong>Contrada Cansisina, Rosolini<\/strong> (SR)<\/p>\n<p>Sub-area: <span style=\"color: #0000ff;\">Val di Noto<\/span><\/p>\n<p style=\"text-align: justify;\">La chiesa rupestre di Cava Grande, situata in un\u2019area archeologica di particolare interesse, per la conformazione degli spazi liturgici interni, va sicuramente fatta risalire al XIV secolo. Di fatto \u00e8 caratterizzata da una sorta di nartece, una particolare collocazione dell\u2019abside orientata ad ovest ed un modesto ambiente di servizio ricavato a sinistra dell\u2019ingresso.<\/p>\n<hr \/>\n<p style=\"text-align: justify;\"><strong>CONVENTO E SACELLO DI SANT&#8217;ALESSANDRA<\/strong> (Cenobio ed oratorio rupestri &#8211; IV-V secolo)<\/p>\n<p style=\"text-align: justify;\">Localit\u00e0: <strong>Contrada Grotticelli-Cava d&#8217;Ispica, Rosolini<\/strong> (SR) \u00a0 \u00a0 \u00a0 \u00a0 \u00a0 \u00a0 \u00a0 \u00a0 \u00a0Sub-area: <span style=\"color: #0000ff;\">Val di Noto<\/span><\/p>\n<p style=\"text-align: justify;\"><a href=\"https:\/\/eremos.eu\/wp-content\/uploads\/2015\/08\/1161.jpg\"><img loading=\"lazy\" decoding=\"async\" class=\"alignright wp-image-4187\" src=\"https:\/\/eremos.eu\/wp-content\/uploads\/2015\/08\/1161-300x122.jpg\" alt=\"116\" width=\"368\" height=\"150\" srcset=\"https:\/\/eremos.eu\/wp-content\/uploads\/2015\/08\/1161-300x122.jpg 300w, https:\/\/eremos.eu\/wp-content\/uploads\/2015\/08\/1161.jpg 764w\" sizes=\"auto, (max-width: 368px) 100vw, 368px\" \/><\/a>Il complesso, la cui denominazione \u00e8 dovuta alle evidenti tracce di architettura conventuale (<i>monasterion<\/i>) oltre ad un sacello dedicato al culto della Santa con pareti originariamente decorate, si trova in un\u2019area della Cava d\u2019Ispica che insiste sul territorio di Rosolini e consta di ben cinque diversi livelli sovrapposti di grotte, collegati tra di loro da scalette scavate nella roccia. Si possono chiaramente distinguere: il piano rialzato, probabile luogo di riunione della comunit\u00e0 cenobitica, formato da un grande ambiente di forma irregolare con una nicchia nel lato sinistro e due cellette di fronte; il primo piano, articolantesi lungo un corridoio esterno sul quale si aprono alcune cellette di varia forma; ed il secondo piano disposto attorno ad un camerone centrale che, nel lato destro, presenta tre cavit\u00e0 rotonde e poteva verosimilmente servire da oratorio. A breve distanza si trova un altro ambiente con due vani comunicanti, di cui uno caratterizzato da una larga buca (fonte battesimale) nel pavimento in cui si raccoglie dell\u2019acqua, fatta poi defluire all\u2019esterno tramite una canaletta scavata nella roccia. Si tratta, appunto, di un antico battistero rupestre di et\u00e0 tardo-romana o paleocristiana annesso ad un convento poi divenuto laura di monaci basiliani.<\/p>\n<p><a href=\"https:\/\/eremos.eu\/wp-content\/uploads\/2015\/08\/116a1.jpg\"><img loading=\"lazy\" decoding=\"async\" class=\"alignleft wp-image-4185 size-medium\" src=\"https:\/\/eremos.eu\/wp-content\/uploads\/2015\/08\/116a1-300x225.jpg\" alt=\"116a\" width=\"300\" height=\"225\" srcset=\"https:\/\/eremos.eu\/wp-content\/uploads\/2015\/08\/116a1-300x225.jpg 300w, https:\/\/eremos.eu\/wp-content\/uploads\/2015\/08\/116a1.jpg 713w\" sizes=\"auto, (max-width: 300px) 100vw, 300px\" \/><\/a><\/p>\n<p><a href=\"https:\/\/eremos.eu\/wp-content\/uploads\/2015\/08\/116b.jpg\"><img loading=\"lazy\" decoding=\"async\" class=\"wp-image-4186 alignnone\" src=\"https:\/\/eremos.eu\/wp-content\/uploads\/2015\/08\/116b-300x232.jpg\" alt=\"116b\" width=\"291\" height=\"225\" srcset=\"https:\/\/eremos.eu\/wp-content\/uploads\/2015\/08\/116b-300x232.jpg 300w, https:\/\/eremos.eu\/wp-content\/uploads\/2015\/08\/116b.jpg 589w\" sizes=\"auto, (max-width: 291px) 100vw, 291px\" \/><\/a><\/p>\n<hr \/>\n<p><strong>EREMO DI CROCE SANTA<\/strong> (Chiese e romitori rupestri &#8211; IV secolo)<\/p>\n<p>Localit\u00e0: <strong>Cava d&#8217;Ispica, Rosolini<\/strong> (SR) \u00a0 \u00a0 \u00a0 \u00a0 \u00a0 \u00a0 \u00a0 \u00a0 \u00a0 \u00a0 \u00a0 \u00a0 \u00a0 \u00a0 \u00a0 \u00a0 \u00a0 \u00a0 \u00a0 \u00a0 \u00a0\u00a0Sub-area: <span style=\"color: #0000ff;\">Val di Noto<\/span><\/p>\n<p style=\"text-align: justify;\"><a href=\"https:\/\/eremos.eu\/wp-content\/uploads\/2015\/08\/croce-santa.jpg\"><img loading=\"lazy\" decoding=\"async\" class=\"alignleft size-medium wp-image-4199\" src=\"https:\/\/eremos.eu\/wp-content\/uploads\/2015\/08\/croce-santa-231x300.jpg\" alt=\"croce santa\" width=\"231\" height=\"300\" srcset=\"https:\/\/eremos.eu\/wp-content\/uploads\/2015\/08\/croce-santa-231x300.jpg 231w, https:\/\/eremos.eu\/wp-content\/uploads\/2015\/08\/croce-santa.jpg 342w\" sizes=\"auto, (max-width: 231px) 100vw, 231px\" \/><\/a>Suggestivamente incastonato nella roccia calcarea della sponda sinistra dell\u2019omonima cava, il complesso eremitico rupestre deve presumibilmente a sua originaria costruzione a sant\u2019Ilarione, ma\u00a0nel corso dei secoli \u00e8 stato abitato da numerosi eremiti com\u2019\u00e8 attestato dai resti delle quattro chiese scavate nella roccia in tempi diversi o in seguito ai crolli provocati dai tanti terremoti che hanno colpito la zona. Della prima chiesa, insediata in un\u2019area funeraria nell\u2019alto-medioevo, dopo il terremoto del 786 rimane la sola parete absidale con un <i>subsellium<\/i> semicircolare interrotto al centro da una cattedra. Della seconda chiesa, interamente crollata a causa del terremoto del 1167, la sussistenza di un moncone di pilastro raccordato da due archetti lascia prefigurare un impianto a croce con quattro pilastri centrali. La terza chiesa, realizzata nella forma architettonica attuale a partire dal 1533, consta di una facciata in muratura ed un\u2019unica navata interna abbellita da una lunga teoria di affreschi bizantini. Nella parete di destra sono ancora leggibili le figure san Teodoro e santo Stefano, mentre delle altre figure probabilmente di sant\u2019Ilarione, della <i>Vergine<\/i> <i>con Bambino <\/i>e del <i>Cristo pantocratore <\/i>rimangono purtroppo delle flebili tracce. Infine, la quarta chiesa edificata, sempre a navata unica absidata, all\u2019interno della cosiddetta \u201cgrotta del Bove\u201d per la leggenda cui \u00e8 legata e per il rinvenimento di una croce lignea poi traslata (1728) nella chiesa del Santissimo Crocifisso di Rosolini. L\u2019eremo, che <a href=\"https:\/\/eremos.eu\/wp-content\/uploads\/2015\/08\/117d.jpg\"><img loading=\"lazy\" decoding=\"async\" class=\"alignright wp-image-4194\" src=\"https:\/\/eremos.eu\/wp-content\/uploads\/2015\/08\/117d-198x300.jpg\" alt=\"117d\" width=\"198\" height=\"300\" srcset=\"https:\/\/eremos.eu\/wp-content\/uploads\/2015\/08\/117d-198x300.jpg 198w, https:\/\/eremos.eu\/wp-content\/uploads\/2015\/08\/117d.jpg 295w\" sizes=\"auto, (max-width: 198px) 100vw, 198px\" \/><\/a>all\u2019inizio del Settecento risultava ancora abitato da tre eremiti, viene per\u00f2 dismesso nel 1792 e da l\u00ec in avanti abbandonato a s\u00e9 stesso.<\/p>\n<p><a href=\"https:\/\/eremos.eu\/wp-content\/uploads\/2015\/08\/croce-santa-2.jpg\"><img loading=\"lazy\" decoding=\"async\" class=\"size-medium wp-image-4196 alignnone\" src=\"https:\/\/eremos.eu\/wp-content\/uploads\/2015\/08\/croce-santa-2-300x225.jpg\" alt=\"croce santa 2\" width=\"300\" height=\"225\" srcset=\"https:\/\/eremos.eu\/wp-content\/uploads\/2015\/08\/croce-santa-2-300x225.jpg 300w, https:\/\/eremos.eu\/wp-content\/uploads\/2015\/08\/croce-santa-2.jpg 500w\" sizes=\"auto, (max-width: 300px) 100vw, 300px\" \/><\/a><\/p>\n<p><a href=\"https:\/\/eremos.eu\/wp-content\/uploads\/2015\/08\/croce-santa-1.jpg\"><img loading=\"lazy\" decoding=\"async\" class=\"alignleft wp-image-4198 size-medium\" src=\"https:\/\/eremos.eu\/wp-content\/uploads\/2015\/08\/croce-santa-1-300x200.jpg\" alt=\"croce santa 1\" width=\"300\" height=\"200\" srcset=\"https:\/\/eremos.eu\/wp-content\/uploads\/2015\/08\/croce-santa-1-300x200.jpg 300w, https:\/\/eremos.eu\/wp-content\/uploads\/2015\/08\/croce-santa-1.jpg 640w\" sizes=\"auto, (max-width: 300px) 100vw, 300px\" \/><\/a><a href=\"https:\/\/eremos.eu\/wp-content\/uploads\/2015\/08\/117e.jpg\"><img loading=\"lazy\" decoding=\"async\" class=\"wp-image-4193 alignnone\" src=\"https:\/\/eremos.eu\/wp-content\/uploads\/2015\/08\/117e-300x207.jpg\" alt=\"117e\" width=\"290\" height=\"200\" srcset=\"https:\/\/eremos.eu\/wp-content\/uploads\/2015\/08\/117e-300x207.jpg 300w, https:\/\/eremos.eu\/wp-content\/uploads\/2015\/08\/117e.jpg 302w\" sizes=\"auto, (max-width: 290px) 100vw, 290px\" \/><\/a><\/p>\n<hr \/>\n<p><strong>GROTTA DELL&#8217;ICONA<\/strong> (Oratorio rupestre &#8211; V secolo)<\/p>\n<p>Localit\u00e0: <strong>Contrada Pirainito, Rosolini<\/strong> (SR) \u00a0 \u00a0 \u00a0 \u00a0 \u00a0 \u00a0 \u00a0 \u00a0 \u00a0 \u00a0 \u00a0 \u00a0 \u00a0\u00a0Sub-area: <span style=\"color: #0000ff;\">Val di Noto<\/span><\/p>\n<p style=\"text-align: justify;\">Si tratta di un antico ipogeo della necropoli paleocristiana di Pirainito, in una zona chiamata \u201cMulino Grotte\u201d, inizialmente utilizzato come sepolcreto e poi adattato a chiesetta od oratorio rupestre, che prende il nome dalla presenza di un&#8217;icona un tempo affrescata con un&#8217;effigie sacra di cui oggi rimangono solo alcuni lembi. Mentre l\u2019ingresso presenta tracce di un ampio vestibolo con nicchie, all\u2019interno, quasi del tutto interrato, da un parte si distinguono varie lunette laterali ed incassi per lucernai, e da quella opposta si apre invece un ambiente al centro del quale si trovava una struttura circoscritta da quattro colonne (ancorch\u00e9 ne rimane solo una) che poteva essere una tomba a baldacchino oppure un <i>tegurium<\/i> battesimale simile a quelli rinvenuti in altre strutture rupestri dell\u2019area. (foto Diego Barucco per SiciliaFotografica.it)<\/p>\n<p><a href=\"https:\/\/eremos.eu\/wp-content\/uploads\/2015\/08\/1181.jpg\"><img loading=\"lazy\" decoding=\"async\" class=\"alignleft wp-image-4200 size-medium\" src=\"https:\/\/eremos.eu\/wp-content\/uploads\/2015\/08\/1181-300x178.jpg\" alt=\"118\" width=\"300\" height=\"178\" srcset=\"https:\/\/eremos.eu\/wp-content\/uploads\/2015\/08\/1181-300x178.jpg 300w, https:\/\/eremos.eu\/wp-content\/uploads\/2015\/08\/1181.jpg 598w\" sizes=\"auto, (max-width: 300px) 100vw, 300px\" \/><\/a><a href=\"https:\/\/eremos.eu\/wp-content\/uploads\/2015\/08\/118a2.jpg\"><img loading=\"lazy\" decoding=\"async\" class=\"wp-image-4201 alignnone\" src=\"https:\/\/eremos.eu\/wp-content\/uploads\/2015\/08\/118a2-300x185.jpg\" alt=\"118a\" width=\"288\" height=\"178\" srcset=\"https:\/\/eremos.eu\/wp-content\/uploads\/2015\/08\/118a2-300x185.jpg 300w, https:\/\/eremos.eu\/wp-content\/uploads\/2015\/08\/118a2.jpg 598w\" sizes=\"auto, (max-width: 288px) 100vw, 288px\" \/><\/a><\/p>\n<p><a href=\"https:\/\/eremos.eu\/wp-content\/uploads\/2015\/08\/118b1.jpg\"><img loading=\"lazy\" decoding=\"async\" class=\"alignleft wp-image-4202 size-medium\" src=\"https:\/\/eremos.eu\/wp-content\/uploads\/2015\/08\/118b1-300x189.jpg\" alt=\"118b\" width=\"300\" height=\"189\" srcset=\"https:\/\/eremos.eu\/wp-content\/uploads\/2015\/08\/118b1-300x189.jpg 300w, https:\/\/eremos.eu\/wp-content\/uploads\/2015\/08\/118b1.jpg 598w\" sizes=\"auto, (max-width: 300px) 100vw, 300px\" \/><\/a><a href=\"https:\/\/eremos.eu\/wp-content\/uploads\/2015\/08\/118c1.jpg\"><img loading=\"lazy\" decoding=\"async\" class=\"wp-image-4203 alignnone\" src=\"https:\/\/eremos.eu\/wp-content\/uploads\/2015\/08\/118c1-300x191.jpg\" alt=\"118c\" width=\"297\" height=\"189\" srcset=\"https:\/\/eremos.eu\/wp-content\/uploads\/2015\/08\/118c1-300x191.jpg 300w, https:\/\/eremos.eu\/wp-content\/uploads\/2015\/08\/118c1.jpg 598w\" sizes=\"auto, (max-width: 297px) 100vw, 297px\" \/><\/a><\/p>\n<p><a href=\"https:\/\/eremos.eu\/wp-content\/uploads\/2015\/08\/118d1.jpg\"><img loading=\"lazy\" decoding=\"async\" class=\"alignleft wp-image-4204 size-medium\" src=\"https:\/\/eremos.eu\/wp-content\/uploads\/2015\/08\/118d1-300x187.jpg\" alt=\"118d\" width=\"300\" height=\"187\" srcset=\"https:\/\/eremos.eu\/wp-content\/uploads\/2015\/08\/118d1-300x187.jpg 300w, https:\/\/eremos.eu\/wp-content\/uploads\/2015\/08\/118d1.jpg 598w\" sizes=\"auto, (max-width: 300px) 100vw, 300px\" \/><\/a><a href=\"https:\/\/eremos.eu\/wp-content\/uploads\/2015\/08\/118e.jpg\"><img loading=\"lazy\" decoding=\"async\" class=\"wp-image-4205 alignnone\" src=\"https:\/\/eremos.eu\/wp-content\/uploads\/2015\/08\/118e-300x191.jpg\" alt=\"118e\" width=\"294\" height=\"187\" srcset=\"https:\/\/eremos.eu\/wp-content\/uploads\/2015\/08\/118e-300x191.jpg 300w, https:\/\/eremos.eu\/wp-content\/uploads\/2015\/08\/118e.jpg 598w\" sizes=\"auto, (max-width: 294px) 100vw, 294px\" \/><\/a><\/p>\n<hr \/>\n<p><strong>CHIESA DEL CALVARIO<\/strong> (Chiesa semirupestre &#8211; XVIII secolo)<\/p>\n<p>Localit\u00e0: <strong>Scicli<\/strong> (RG) \u00a0 \u00a0 \u00a0 \u00a0 \u00a0 \u00a0 \u00a0 \u00a0 \u00a0 \u00a0 \u00a0 \u00a0 \u00a0 \u00a0 \u00a0 \u00a0 \u00a0 \u00a0Sub-area: <span style=\"color: #0000ff;\">Val di Noto<\/span><\/p>\n<p style=\"text-align: justify;\"><a href=\"https:\/\/eremos.eu\/wp-content\/uploads\/2015\/08\/119a2.jpg\"><img loading=\"lazy\" decoding=\"async\" class=\"alignright size-medium wp-image-4208\" src=\"https:\/\/eremos.eu\/wp-content\/uploads\/2015\/08\/119a2-300x135.jpg\" alt=\"119a\" width=\"300\" height=\"135\" srcset=\"https:\/\/eremos.eu\/wp-content\/uploads\/2015\/08\/119a2-300x135.jpg 300w, https:\/\/eremos.eu\/wp-content\/uploads\/2015\/08\/119a2.jpg 334w\" sizes=\"auto, (max-width: 300px) 100vw, 300px\" \/><\/a>Quella del Calvario, una delle pi\u00f9 antiche chiese di Scicli, situata lungo il sentiero che conduce al convento di Santa Maria della Croce, \u00e8 interamente scavata nella roccia dell\u2019omonimo monte. L\u2019attuale chiesa, la cui facciata \u00e8 sormontata da un esile campanile a vela, presenta un\u2019architettura interna piuttosto regolare con aula rettangolare, volta a botte e, nella parete di fondo, un presbiterio rialzato con paliotto d\u2019altare sovrastato da una nicchia scavata nella roccia. Per il resto due grotte, una piccola con diverse nicchie ed una pi\u00f9 grande utilizzata come sagrestia, completano la struttura religiosa. Degni di nota: l\u2019altorilievo in stucco di gesso raffigurante la <i>Piet\u00e0<\/i>, sul paliotto; un dipinto del <i>Cristo morto<\/i>, nell\u2019incavo della nicchia d\u2019altare; un sepolcro scolpito in pietra, all\u2019interno della sagrestia.<\/p>\n<p><a href=\"https:\/\/eremos.eu\/wp-content\/uploads\/2015\/08\/119b2.jpg\"><img loading=\"lazy\" decoding=\"async\" class=\"alignleft size-medium wp-image-4206\" src=\"https:\/\/eremos.eu\/wp-content\/uploads\/2015\/08\/119b2-225x300.jpg\" alt=\"119b\" width=\"225\" height=\"300\" srcset=\"https:\/\/eremos.eu\/wp-content\/uploads\/2015\/08\/119b2-225x300.jpg 225w, https:\/\/eremos.eu\/wp-content\/uploads\/2015\/08\/119b2.jpg 371w\" sizes=\"auto, (max-width: 225px) 100vw, 225px\" \/><\/a><a href=\"https:\/\/eremos.eu\/wp-content\/uploads\/2015\/08\/119c2.jpg\"><img loading=\"lazy\" decoding=\"async\" class=\"size-medium wp-image-4207 alignnone\" src=\"https:\/\/eremos.eu\/wp-content\/uploads\/2015\/08\/119c2-224x300.jpg\" alt=\"119c\" width=\"224\" height=\"300\" srcset=\"https:\/\/eremos.eu\/wp-content\/uploads\/2015\/08\/119c2-224x300.jpg 224w, https:\/\/eremos.eu\/wp-content\/uploads\/2015\/08\/119c2.jpg 370w\" sizes=\"auto, (max-width: 224px) 100vw, 224px\" \/><\/a><\/p>\n<hr \/>\n<p><strong>CHIESA DELLO SPIRITO SANTO<\/strong> (Chiesa semirupestre &#8211; XVIII secolo)<\/p>\n<p>Localit\u00e0: <strong>Scicli<\/strong> (RG) \u00a0 \u00a0 \u00a0 \u00a0 \u00a0 \u00a0 \u00a0 \u00a0 \u00a0 \u00a0 \u00a0 \u00a0 \u00a0 \u00a0 \u00a0 \u00a0 \u00a0 \u00a0Sub-area: <span style=\"color: #0000ff;\">Val di Noto<\/span><\/p>\n<p style=\"text-align: justify;\"><a href=\"https:\/\/eremos.eu\/wp-content\/uploads\/2015\/08\/120a.jpg\"><img loading=\"lazy\" decoding=\"async\" class=\"alignright size-medium wp-image-4209\" src=\"https:\/\/eremos.eu\/wp-content\/uploads\/2015\/08\/120a-300x226.jpg\" alt=\"120a\" width=\"300\" height=\"226\" srcset=\"https:\/\/eremos.eu\/wp-content\/uploads\/2015\/08\/120a-300x226.jpg 300w, https:\/\/eremos.eu\/wp-content\/uploads\/2015\/08\/120a.jpg 501w\" sizes=\"auto, (max-width: 300px) 100vw, 300px\" \/><\/a>La chiesa dello Spirito Santo si trova sul colle San Matteo, assai vicina all\u2019area del- l\u2019antica Scicli con i resti di numerosi ipogei sepolcrali di epoca tardo-antica. Edificata agli inizi del \u2018700, occupa ed ingloba la cripta rupestre con tracce di affreschi cui, prima che il costone roccioso in cui \u00e8 scavata subisse un rovinoso crollo, si accedeva attraverso un cunicolo gradinato ricavato tra l\u2019abside e la parete di fondo. I resti di decorazione pittorica pi\u00f9 cospicui, in corrispondenza di un <i>subsellium<\/i>, appartengono ad uno dei quattro strati di affreschi e contemplano frammenti di una <i>Madonna<\/i> con il capo reclinato e di un probabile beato Guglielmo. Per il resto la planimetria e la semplicit\u00e0 architettonica interne richiamano le caratteristiche delle chiese rupestri del XIII e XIV secolo. Anche la chiesa di oggi, pur conservando ancora integri la facciata ed i muri perimetrali, si presenta gravemente danneggiata.<\/p>\n<hr \/>\n<p><strong>CHIESA DI SAN PIETRO<\/strong> (Chiesa semirupestre &#8211; XII-XV secolo)<a href=\"https:\/\/eremos.eu\/wp-content\/uploads\/2015\/08\/San-Pietro-Scicli.jpg\"><img loading=\"lazy\" decoding=\"async\" class=\"alignright wp-image-6039\" src=\"https:\/\/eremos.eu\/wp-content\/uploads\/2015\/08\/San-Pietro-Scicli-225x300.jpg\" alt=\"San Pietro Scicli\" width=\"210\" height=\"280\" srcset=\"https:\/\/eremos.eu\/wp-content\/uploads\/2015\/08\/San-Pietro-Scicli-225x300.jpg 225w, https:\/\/eremos.eu\/wp-content\/uploads\/2015\/08\/San-Pietro-Scicli.jpg 768w\" sizes=\"auto, (max-width: 210px) 100vw, 210px\" \/><\/a><\/p>\n<p>Localit\u00e0:<strong> Scicli<\/strong> (RG) \u00a0 \u00a0 \u00a0 \u00a0 \u00a0 \u00a0 \u00a0 \u00a0 \u00a0 \u00a0 \u00a0 \u00a0 \u00a0 \u00a0 \u00a0 \u00a0 \u00a0 \u00a0 \u00a0 \u00a0 \u00a0 \u00a0 \u00a0 \u00a0 \u00a0 Sub-area: <span style=\"color: #0000ff;\">Val di Noto<\/span><\/p>\n<p style=\"text-align: justify;\">La chiesa di San Pietro che, situata alle pendici occidentali del colle di San Matteo, per quanto attestata da antichi documenti della fine del XV secolo, \u00e8 stata sicuramente realizzata qualche secolo prima accorpando parte della preesistente chiesa rupestre, oggi versa in uno stato di conservazione assai precario. Ad un\u2019avanzata erosione della facciata esterna e ad un inarrestabile sgretolamento del <a href=\"https:\/\/eremos.eu\/wp-content\/uploads\/2015\/08\/San-pietro-scicli-2.jpg\"><img loading=\"lazy\" decoding=\"async\" class=\"alignleft size-full wp-image-6040\" src=\"https:\/\/eremos.eu\/wp-content\/uploads\/2015\/08\/San-pietro-scicli-2.jpg\" alt=\"San pietro scicli 2\" width=\"259\" height=\"194\" \/><\/a>campanile, si accompagnano infatti i rifiuti accumulati nel tempo, non solo lungo l\u2019intera navata della chiesa ma anche nell\u2019ambiente ipogeo che si apre dietro l\u2019altare maggiore, peraltro gi\u00e0 utilizzato come rifugio antiaereo nel corso dell\u2019ultima guerra mondiale. Purtuttavia, proprio in quest\u2019ultimo, in corrispondenza di un piedritto che poggia sulla roccia, sono ancora leggibili i pochi personaggi, raffigurati a fresco in un pannello di modeste dimensioni, d\u2019una rappresentazione canonicamente eucaristica.<\/p>\n<hr \/>\n<p><strong>CHIESA DI SANTA LUCIA<\/strong> (Chiesa semirupestre &#8211; XVII secolo)<a href=\"https:\/\/eremos.eu\/wp-content\/uploads\/2015\/08\/121c.jpg\"><img loading=\"lazy\" decoding=\"async\" class=\"alignright wp-image-4211\" src=\"https:\/\/eremos.eu\/wp-content\/uploads\/2015\/08\/121c.jpg\" alt=\"121c\" width=\"145\" height=\"230\" \/><\/a><\/p>\n<p>Localit\u00e0: <strong>Scicli<\/strong> (RG) \u00a0 \u00a0 \u00a0 \u00a0 \u00a0 \u00a0 \u00a0 \u00a0 \u00a0 \u00a0 \u00a0 \u00a0 \u00a0 \u00a0 \u00a0 \u00a0 \u00a0 \u00a0Sub-area: <span style=\"color: #0000ff;\">Val di Noto<\/span><\/p>\n<p style=\"text-align: justify;\">Originariamente fondata in una grotta nei pressi dell\u2019antica Porta dello Steri e, dopo qualche tempo, trasferita in un\u2019altra poco lontana, con l\u2019antistante costruzione di un prospetto con campanile, la chiesa rupestre di Santa Lucia custodisce ancora oggi un dipinto ed una statua della vergine martire siracusana.<\/p>\n<p><a href=\"https:\/\/eremos.eu\/wp-content\/uploads\/2015\/08\/121a1.jpg\"><img loading=\"lazy\" decoding=\"async\" class=\"alignleft wp-image-4210\" src=\"https:\/\/eremos.eu\/wp-content\/uploads\/2015\/08\/121a1-300x200.jpg\" alt=\"121a\" width=\"292\" height=\"195\" srcset=\"https:\/\/eremos.eu\/wp-content\/uploads\/2015\/08\/121a1-300x200.jpg 300w, https:\/\/eremos.eu\/wp-content\/uploads\/2015\/08\/121a1.jpg 790w\" sizes=\"auto, (max-width: 292px) 100vw, 292px\" \/><\/a><\/p>\n<p>&nbsp;<\/p>\n<p><a href=\"https:\/\/eremos.eu\/wp-content\/uploads\/2015\/08\/121d.jpg\"><img loading=\"lazy\" decoding=\"async\" class=\"alignnone wp-image-4212\" src=\"https:\/\/eremos.eu\/wp-content\/uploads\/2015\/08\/121d-300x134.jpg\" alt=\"121d\" width=\"335\" height=\"150\" srcset=\"https:\/\/eremos.eu\/wp-content\/uploads\/2015\/08\/121d-300x134.jpg 300w, https:\/\/eremos.eu\/wp-content\/uploads\/2015\/08\/121d-1024x459.jpg 1024w, https:\/\/eremos.eu\/wp-content\/uploads\/2015\/08\/121d.jpg 1085w\" sizes=\"auto, (max-width: 335px) 100vw, 335px\" \/><\/a><\/p>\n<hr \/>\n<p><strong>CHIESA DI SANTA MARIA DELLA CATENA<\/strong> (Chiesa semirupestre &#8211; VIII-IX secolo)<\/p>\n<p>Localit\u00e0: <strong>Scicli<\/strong> (RG) \u00a0 \u00a0 \u00a0 \u00a0 \u00a0 \u00a0 \u00a0 \u00a0 \u00a0 \u00a0 \u00a0 \u00a0 \u00a0 \u00a0 \u00a0 \u00a0 \u00a0 \u00a0Sub-area: <span style=\"color: #0000ff;\">Val di Noto<\/span><\/p>\n<p style=\"text-align: justify;\">L\u2019originaria chiesa di Santa Maria della Catena \u00e8 stata scavata alle falde del colle di San Matteo, nell\u2019area dell\u2019antica Scicli dove in epoca paleocristiana si realizzarono i primi santuari all\u2019interno di cavit\u00e0 rupestri. Pi\u00f9 avanti, all\u2019inizio del XIII secolo, verr\u00e0 traslocata in un\u2019altra grotta vicina, ed \u00e8 la stessa che possiamo ammirare ancora oggi. La chiesa, dalle linee di gusto tardo-antico, custodisce al suo interno una preziosa statua della Madonna (opera d\u2019ignoto del 1100) ed un\u2019acquasantiera d\u2019epoca bizantina.<\/p>\n<p><a href=\"https:\/\/eremos.eu\/wp-content\/uploads\/2015\/08\/1222.jpg\"><img loading=\"lazy\" decoding=\"async\" class=\"alignleft wp-image-4213\" src=\"https:\/\/eremos.eu\/wp-content\/uploads\/2015\/08\/1222-300x298.jpg\" alt=\"122\" width=\"260\" height=\"258\" srcset=\"https:\/\/eremos.eu\/wp-content\/uploads\/2015\/08\/1222-300x298.jpg 300w, https:\/\/eremos.eu\/wp-content\/uploads\/2015\/08\/1222-150x150.jpg 150w, https:\/\/eremos.eu\/wp-content\/uploads\/2015\/08\/1222.jpg 306w\" sizes=\"auto, (max-width: 260px) 100vw, 260px\" \/><\/a><a href=\"https:\/\/eremos.eu\/wp-content\/uploads\/2015\/08\/122a1.jpg\"><img loading=\"lazy\" decoding=\"async\" class=\"wp-image-4214 size-full alignnone\" src=\"https:\/\/eremos.eu\/wp-content\/uploads\/2015\/08\/122a1.jpg\" alt=\"122a\" width=\"196\" height=\"258\" \/><\/a><\/p>\n<hr \/>\n<p><strong>CHIESA DI SANTA MARIA DI PIEDIGROTTA<\/strong> (Chiesa rupestre &#8211; XVII secolo)<\/p>\n<p>Localit\u00e0: <strong>Scicli<\/strong> (RG) \u00a0 \u00a0 \u00a0 \u00a0 \u00a0 \u00a0 \u00a0 \u00a0 \u00a0 \u00a0 \u00a0 \u00a0 \u00a0 \u00a0 \u00a0 \u00a0 \u00a0 \u00a0Sub-area: <span style=\"color: #0000ff;\">Val di Noto<\/span><\/p>\n<p style=\"text-align: justify;\"><a href=\"https:\/\/eremos.eu\/wp-content\/uploads\/2015\/08\/1232.jpg\"><img loading=\"lazy\" decoding=\"async\" class=\"alignright size-medium wp-image-4217\" src=\"https:\/\/eremos.eu\/wp-content\/uploads\/2015\/08\/1232-300x153.jpg\" alt=\"123\" width=\"300\" height=\"153\" srcset=\"https:\/\/eremos.eu\/wp-content\/uploads\/2015\/08\/1232-300x153.jpg 300w, https:\/\/eremos.eu\/wp-content\/uploads\/2015\/08\/1232.jpg 706w\" sizes=\"auto, (max-width: 300px) 100vw, 300px\" \/><\/a>La chiesa rupestre di Santa Maria di Piedigrotta, scavata nella roccia alle pendici del colle della Croce dove si trova\u00a0la cava di San Bartolomeo, presenta un\u2019aula unica di forma rettangolare, un soffitto piano e, in fondo, l\u2019area presbiteriale con altare addossato alla parete rocciosa, delimitato da due colonnine in pietra tenera e sormontato da una profonda nicchia absidale in cui \u00e8 custodita una pregevole <i>Piet\u00e0<\/i>, opera marmorea sciclitana del Cinquecento.<\/p>\n<p><a href=\"https:\/\/eremos.eu\/wp-content\/uploads\/2015\/08\/123a1.jpg\"><img loading=\"lazy\" decoding=\"async\" class=\"alignleft wp-image-4215 size-medium\" src=\"https:\/\/eremos.eu\/wp-content\/uploads\/2015\/08\/123a1-300x224.jpg\" alt=\"123a\" width=\"300\" height=\"224\" srcset=\"https:\/\/eremos.eu\/wp-content\/uploads\/2015\/08\/123a1-300x224.jpg 300w, https:\/\/eremos.eu\/wp-content\/uploads\/2015\/08\/123a1.jpg 393w\" sizes=\"auto, (max-width: 300px) 100vw, 300px\" \/><\/a><a href=\"https:\/\/eremos.eu\/wp-content\/uploads\/2015\/08\/123b1.jpg\"><img loading=\"lazy\" decoding=\"async\" class=\"wp-image-4216 alignnone\" src=\"https:\/\/eremos.eu\/wp-content\/uploads\/2015\/08\/123b1-300x225.jpg\" alt=\"123b\" width=\"298\" height=\"224\" srcset=\"https:\/\/eremos.eu\/wp-content\/uploads\/2015\/08\/123b1-300x225.jpg 300w, https:\/\/eremos.eu\/wp-content\/uploads\/2015\/08\/123b1.jpg 763w\" sizes=\"auto, (max-width: 298px) 100vw, 298px\" \/><\/a><\/p>\n<hr \/>\n<p><strong>GROTTA DI GIOVANNI MORIFET<\/strong> (Romitorio rupestre &#8211; XVI secolo)<\/p>\n<p>Localit\u00e0: <strong>Scicli<\/strong> (RG) \u00a0 \u00a0 \u00a0 \u00a0 \u00a0 \u00a0 \u00a0 \u00a0 \u00a0 \u00a0 \u00a0 \u00a0 \u00a0 \u00a0 \u00a0 \u00a0 \u00a0 \u00a0Sub-area: <span style=\"color: #0000ff;\">Val di Noto<\/span><\/p>\n<p style=\"text-align: justify;\"><a href=\"https:\/\/eremos.eu\/wp-content\/uploads\/2015\/08\/124c2.jpg\"><img loading=\"lazy\" decoding=\"async\" class=\"alignright size-full wp-image-4220\" src=\"https:\/\/eremos.eu\/wp-content\/uploads\/2015\/08\/124c2.jpg\" alt=\"124c\" width=\"213\" height=\"156\" \/><\/a>Scoperta solo nel 2000, durante i lavori di restauro del convento di Santa Maria di Monte Sion, meglio noto come ex convento della Croce, la grotta di Giovanni Morifet \u00e8 proprio quella in cui il frate eremita francese si sarebbe fatto \u201cmurare vivo\u201d. L\u2019ipogeo, cui si accede mediante una stretta botola, \u00e8 scavato nella roccia a dieci metri di profondit\u00e0 rispetto al piano di calpestio del convento ed \u00e8 composto da due diversi vani\/ambienti: nel primo, che si affaccia a strapiombo sulla vallata di San Bartolomeo con una apertura piuttosto informe, si conservano ancora le evidenti tracce di un affresco raffigurante (forse) la <i>Piet\u00e0<\/i>; nel secondo si possono invece rinvenire solo i frammenti lacunosi ed illeggibili di altri due affreschi. La grotta, insomma, riporta alla ribalta quei modelli di \u201ccarcerati o reclusi volontari, in celle o grotte ai margini dei centri abitati\u201d propinati dalla Chiesa di Roma nella prima met\u00e0 del Cinquecento.<\/p>\n<p><a href=\"https:\/\/eremos.eu\/wp-content\/uploads\/2015\/08\/1242.jpg\"><img loading=\"lazy\" decoding=\"async\" class=\"alignleft wp-image-4218 size-medium\" src=\"https:\/\/eremos.eu\/wp-content\/uploads\/2015\/08\/1242-300x191.jpg\" alt=\"124\" width=\"300\" height=\"191\" srcset=\"https:\/\/eremos.eu\/wp-content\/uploads\/2015\/08\/1242-300x191.jpg 300w, https:\/\/eremos.eu\/wp-content\/uploads\/2015\/08\/1242-1024x652.jpg 1024w, https:\/\/eremos.eu\/wp-content\/uploads\/2015\/08\/1242.jpg 1112w\" sizes=\"auto, (max-width: 300px) 100vw, 300px\" \/><\/a><\/p>\n<p><a href=\"https:\/\/eremos.eu\/wp-content\/uploads\/2015\/08\/124b2.jpg\"><img loading=\"lazy\" decoding=\"async\" class=\"wp-image-4219 alignnone\" src=\"https:\/\/eremos.eu\/wp-content\/uploads\/2015\/08\/124b2.jpg\" alt=\"124b\" width=\"284\" height=\"191\" \/><\/a><\/p>\n<hr \/>\n<p><strong>CHIESA DI SANTA MARIA DEL SOCCORSO<\/strong> (Chiesa semirupestre &#8211; XI-XII secolo)<\/p>\n<p>Localit\u00e0: <strong>Sortino<\/strong> (SR) \u00a0 \u00a0 \u00a0 \u00a0 \u00a0 \u00a0 \u00a0 \u00a0 \u00a0 \u00a0 \u00a0 \u00a0 \u00a0 \u00a0Sub-area: <span style=\"color: #0000ff;\">Val di Noto<\/span><\/p>\n<p style=\"text-align: justify;\">Quella di Santa Maria del Soccorso, ancorata com\u2019\u00e8 alla base d\u2019una rupe, se da una parte \u00e8 l\u2019unica chiesa dell\u2019antica Sortino scampata miracolosamente ai terremoti ed all\u2019incuria dei tempi, dall\u2019altra non \u00e8 riuscita ad evitare le barbare incursioni dei vandali che l\u2019hanno pi\u00f9 volte saccheggiata. Analogamente ad altre chiese del tempo, all\u2019aspetto semplice e povero della facciata, provvista di un rosone in pietra (poi estirpato), si contrapponeva un interno riccamente abbellito con decorazioni ed affreschi.<\/p>\n<p style=\"text-align: justify;\"><a href=\"https:\/\/eremos.eu\/wp-content\/uploads\/2015\/08\/1251.jpg\"><img loading=\"lazy\" decoding=\"async\" class=\"alignleft wp-image-4221 size-medium\" src=\"https:\/\/eremos.eu\/wp-content\/uploads\/2015\/08\/1251-300x172.jpg\" alt=\"125\" width=\"300\" height=\"172\" srcset=\"https:\/\/eremos.eu\/wp-content\/uploads\/2015\/08\/1251-300x172.jpg 300w, https:\/\/eremos.eu\/wp-content\/uploads\/2015\/08\/1251.jpg 602w\" sizes=\"auto, (max-width: 300px) 100vw, 300px\" \/><\/a><a href=\"https:\/\/eremos.eu\/wp-content\/uploads\/2015\/08\/125a.jpg\"><img loading=\"lazy\" decoding=\"async\" class=\"wp-image-4222 alignnone\" src=\"https:\/\/eremos.eu\/wp-content\/uploads\/2015\/08\/125a-300x176.jpg\" alt=\"125a\" width=\"293\" height=\"172\" srcset=\"https:\/\/eremos.eu\/wp-content\/uploads\/2015\/08\/125a-300x176.jpg 300w, https:\/\/eremos.eu\/wp-content\/uploads\/2015\/08\/125a.jpg 600w\" sizes=\"auto, (max-width: 293px) 100vw, 293px\" \/><\/a><\/p>\n<hr \/>\n<p><strong>CHIESETTA DI SAN FRANCESCO DI PAOLA<\/strong> (Cappella ed oratorio rupestre &#8211; XVIII secolo)<\/p>\n<p><a href=\"https:\/\/eremos.eu\/wp-content\/uploads\/2015\/08\/126b1.jpg\"><img loading=\"lazy\" decoding=\"async\" class=\"alignright wp-image-4225\" src=\"https:\/\/eremos.eu\/wp-content\/uploads\/2015\/08\/126b1-300x174.jpg\" alt=\"126b\" width=\"277\" height=\"160\" srcset=\"https:\/\/eremos.eu\/wp-content\/uploads\/2015\/08\/126b1-300x174.jpg 300w, https:\/\/eremos.eu\/wp-content\/uploads\/2015\/08\/126b1.jpg 598w\" sizes=\"auto, (max-width: 277px) 100vw, 277px\" \/><\/a>Localit\u00e0: <strong>Sortino<\/strong> (SR)<\/p>\n<p>Sub-area: <span style=\"color: #0000ff;\">Val di Noto<\/span><\/p>\n<p style=\"text-align: justify;\">Si tratta di una piccola edicola votiva realizzata nel \u2018700, e dedicata a San Francesco di Paola, accanto alla cavit\u00e0 (originario oratorio rupestre) che si apre nella parete rocciosa.<\/p>\n<p style=\"text-align: justify;\"><a href=\"https:\/\/eremos.eu\/wp-content\/uploads\/2015\/08\/1261.jpg\"><img loading=\"lazy\" decoding=\"async\" class=\"alignleft wp-image-4224 size-medium\" src=\"https:\/\/eremos.eu\/wp-content\/uploads\/2015\/08\/1261-300x169.jpg\" alt=\"126\" width=\"300\" height=\"169\" srcset=\"https:\/\/eremos.eu\/wp-content\/uploads\/2015\/08\/1261-300x169.jpg 300w, https:\/\/eremos.eu\/wp-content\/uploads\/2015\/08\/1261.jpg 598w\" sizes=\"auto, (max-width: 300px) 100vw, 300px\" \/><\/a><a href=\"https:\/\/eremos.eu\/wp-content\/uploads\/2015\/08\/126a1.jpg\"><img loading=\"lazy\" decoding=\"async\" class=\"alignnone wp-image-4223\" src=\"https:\/\/eremos.eu\/wp-content\/uploads\/2015\/08\/126a1-300x174.jpg\" alt=\"126a\" width=\"292\" height=\"169\" srcset=\"https:\/\/eremos.eu\/wp-content\/uploads\/2015\/08\/126a1-300x174.jpg 300w, https:\/\/eremos.eu\/wp-content\/uploads\/2015\/08\/126a1.jpg 598w\" sizes=\"auto, (max-width: 292px) 100vw, 292px\" \/><\/a><\/p>\n<hr \/>\n<p><strong>CHIESA MADRE DI SAN GIOVANNI EVANGELISTA<\/strong> (Ruderi di chiesa semirupestre &#8211; X-XI secolo)<\/p>\n<p><a href=\"https:\/\/eremos.eu\/wp-content\/uploads\/2015\/08\/1271.jpg\"><img loading=\"lazy\" decoding=\"async\" class=\"alignright size-medium wp-image-4226\" src=\"https:\/\/eremos.eu\/wp-content\/uploads\/2015\/08\/1271-300x201.jpg\" alt=\"127\" width=\"300\" height=\"201\" srcset=\"https:\/\/eremos.eu\/wp-content\/uploads\/2015\/08\/1271-300x201.jpg 300w, https:\/\/eremos.eu\/wp-content\/uploads\/2015\/08\/1271.jpg 399w\" sizes=\"auto, (max-width: 300px) 100vw, 300px\" \/><\/a>Localit\u00e0: <strong>Sortino<\/strong> (SR)<\/p>\n<p>Sub-area: <span style=\"color: #0000ff;\">Val di Noto<\/span><\/p>\n<p style=\"text-align: justify;\">Quel che rimane di questa grande chiesa, quasi tutta in muratura ma con oratori e nicchia del battistero ricavati in grotte tutt\u2019oggi ben conservati e visitabili, sono un tratto del basamento di un muro portante a secco ed il perimetro del campanile intagliato nella roccia.<\/p>\n<hr \/>\n<p style=\"text-align: justify;\"><strong>EREMO DI SANTA SOFIA &#8220;ARRASSU&#8221;<\/strong> (Ruderi di chiesa e romitorio sem,irupestri &#8211; XVII secolo)<\/p>\n<p style=\"text-align: justify;\">Localit\u00e0: <strong>Sortino<\/strong> (SR) \u00a0 \u00a0 \u00a0 \u00a0 \u00a0 \u00a0 \u00a0 \u00a0 \u00a0 \u00a0 \u00a0 \u00a0 \u00a0 \u00a0 \u00a0 \u00a0Sub-area: <span style=\"color: #0000ff;\">Val di Noto<\/span><\/p>\n<p style=\"text-align: justify;\"><a href=\"https:\/\/eremos.eu\/wp-content\/uploads\/2015\/08\/1281.jpg\"><img loading=\"lazy\" decoding=\"async\" class=\"alignright size-medium wp-image-4227\" src=\"https:\/\/eremos.eu\/wp-content\/uploads\/2015\/08\/1281-300x197.jpg\" alt=\"128\" width=\"300\" height=\"197\" srcset=\"https:\/\/eremos.eu\/wp-content\/uploads\/2015\/08\/1281-300x197.jpg 300w, https:\/\/eremos.eu\/wp-content\/uploads\/2015\/08\/1281.jpg 646w\" sizes=\"auto, (max-width: 300px) 100vw, 300px\" \/><\/a>Per quanto la costruzione della chiesa di Santa Sofia Arrassu, che assieme al romitorio domina tutt\u2019oggi il paesaggio dell\u2019antica Sortino, risalga al 1729, le sue origini sono pi\u00f9 remote e tali da confondersi tra mito e realt\u00e0 storica. La leggenda vuole infatti che la santa nell\u2019anno 203, in fuga dal padre Costanzo, prefetto di Costantinopoli, sia approdata a Siracusa per riparare poi in una grotta dell\u2019alta valle dell\u2019Anapo (successivamente inglobata nella chiesa), facendola cos\u00ec divenire uno dei primi oratori cristiani dell\u2019isola.<\/p>\n<hr \/>\n<p><strong>GROTTA DEI SANTI GIACOMO E SOFIA<\/strong> (Oratorio rupestre &#8211; VIII-IX secolo)<\/p>\n<p><a href=\"https:\/\/eremos.eu\/wp-content\/uploads\/2015\/08\/1291.jpg\"><img loading=\"lazy\" decoding=\"async\" class=\"alignright size-medium wp-image-4228\" src=\"https:\/\/eremos.eu\/wp-content\/uploads\/2015\/08\/1291-300x200.jpg\" alt=\"129\" width=\"300\" height=\"200\" srcset=\"https:\/\/eremos.eu\/wp-content\/uploads\/2015\/08\/1291-300x200.jpg 300w, https:\/\/eremos.eu\/wp-content\/uploads\/2015\/08\/1291-1024x683.jpg 1024w, https:\/\/eremos.eu\/wp-content\/uploads\/2015\/08\/1291.jpg 1026w\" sizes=\"auto, (max-width: 300px) 100vw, 300px\" \/><\/a>Localit\u00e0: <strong>Sortino<\/strong> (SR) \u00a0 \u00a0 \u00a0 \u00a0 \u00a0 \u00a0 \u00a0 \u00a0 \u00a0 \u00a0 \u00a0Sub-area: <span style=\"color: #0000ff;\">Val di Noto<\/span><\/p>\n<p style=\"text-align: justify;\">La grotta dei Santi Giacomo e Sofia, ricavata in uno sperone di roccia al disopra del giardino del Ruggio, \u00e8 l\u2019oratorio rupestre sopravvissuto all\u2019omonima chiesa in muratura che un tempo la chiudeva. Per quanto la sistemazione interna sia stata stravolta dalla creazione di una cisterna, risultano ancora ben visibili il tetto spiovente a \u201cgruccia\u201d, l\u2019altare squadrato e gli scalini che conducevano alla loggia campanaria.<\/p>\n<hr \/>\n<p><strong>GROTTA DEL CROCEFISSO<\/strong> (Oratorio rupestre &#8211; VII-VIII secolo)<\/p>\n<p>Localit\u00e0: <strong>Pantalica, Sortino<\/strong> (SR) \u00a0 \u00a0 \u00a0 \u00a0 \u00a0 \u00a0 \u00a0 \u00a0 \u00a0 \u00a0 \u00a0 \u00a0 \u00a0 \u00a0 \u00a0 \u00a0 \u00a0 \u00a0 \u00a0 \u00a0 \u00a0 \u00a0 \u00a0 \u00a0Sub-area: <span style=\"color: #0000ff;\">Val di Noto<\/span><\/p>\n<p style=\"text-align: justify;\">La grotta del Crocefisso, all\u2019interno della necropoli rupestre di Pantalica, \u00e8 situata lungo il sentiero che conduce alla valle dell\u2019Anapo. L\u2019oratorio, seppure franato nella parte anteriore, conserva nelle pareti interne le tracce degli affreschi che un tempo le ricoprivano. E\u2019 di un certo interesse la raffigurazione sacra, piuttosto rovinata e frammentaria, presente nella parete di fondo: una testa nimbata e finemente decorata, probabilmente di san Nicola, stilisticamente collocabile in un\u2019epoca pi\u00f9 tarda (XIV secolo). (foto Diego Barucco per SiciliaFotografica.it)<\/p>\n<p><a href=\"https:\/\/eremos.eu\/wp-content\/uploads\/2015\/08\/1301.jpg\"><img loading=\"lazy\" decoding=\"async\" class=\"alignleft wp-image-4231 size-medium\" src=\"https:\/\/eremos.eu\/wp-content\/uploads\/2015\/08\/1301-300x179.jpg\" alt=\"130\" width=\"300\" height=\"179\" srcset=\"https:\/\/eremos.eu\/wp-content\/uploads\/2015\/08\/1301-300x179.jpg 300w, https:\/\/eremos.eu\/wp-content\/uploads\/2015\/08\/1301.jpg 601w\" sizes=\"auto, (max-width: 300px) 100vw, 300px\" \/><\/a><a href=\"https:\/\/eremos.eu\/wp-content\/uploads\/2015\/08\/130a1.jpg\"><img loading=\"lazy\" decoding=\"async\" class=\"wp-image-4232 alignnone\" src=\"https:\/\/eremos.eu\/wp-content\/uploads\/2015\/08\/130a1-300x180.jpg\" alt=\"130a\" width=\"299\" height=\"179\" srcset=\"https:\/\/eremos.eu\/wp-content\/uploads\/2015\/08\/130a1-300x180.jpg 300w, https:\/\/eremos.eu\/wp-content\/uploads\/2015\/08\/130a1.jpg 598w\" sizes=\"auto, (max-width: 299px) 100vw, 299px\" \/><\/a><\/p>\n<p><a href=\"https:\/\/eremos.eu\/wp-content\/uploads\/2015\/08\/130b1.jpg\"><img loading=\"lazy\" decoding=\"async\" class=\"alignleft wp-image-4233 size-medium\" src=\"https:\/\/eremos.eu\/wp-content\/uploads\/2015\/08\/130b1-300x176.jpg\" alt=\"130b\" width=\"300\" height=\"176\" srcset=\"https:\/\/eremos.eu\/wp-content\/uploads\/2015\/08\/130b1-300x176.jpg 300w, https:\/\/eremos.eu\/wp-content\/uploads\/2015\/08\/130b1.jpg 612w\" sizes=\"auto, (max-width: 300px) 100vw, 300px\" \/><\/a><a href=\"https:\/\/eremos.eu\/wp-content\/uploads\/2015\/08\/130c.jpg\"><img loading=\"lazy\" decoding=\"async\" class=\"wp-image-4234 alignnone\" src=\"https:\/\/eremos.eu\/wp-content\/uploads\/2015\/08\/130c-300x175.jpg\" alt=\"130c\" width=\"302\" height=\"176\" srcset=\"https:\/\/eremos.eu\/wp-content\/uploads\/2015\/08\/130c-300x175.jpg 300w, https:\/\/eremos.eu\/wp-content\/uploads\/2015\/08\/130c.jpg 598w\" sizes=\"auto, (max-width: 302px) 100vw, 302px\" \/><\/a><\/p>\n<p><a href=\"https:\/\/eremos.eu\/wp-content\/uploads\/2015\/08\/130d.jpg\"><img loading=\"lazy\" decoding=\"async\" class=\"alignleft wp-image-4235 size-medium\" src=\"https:\/\/eremos.eu\/wp-content\/uploads\/2015\/08\/130d-300x170.jpg\" alt=\"130d\" width=\"300\" height=\"170\" srcset=\"https:\/\/eremos.eu\/wp-content\/uploads\/2015\/08\/130d-300x170.jpg 300w, https:\/\/eremos.eu\/wp-content\/uploads\/2015\/08\/130d.jpg 598w\" sizes=\"auto, (max-width: 300px) 100vw, 300px\" \/><\/a><a href=\"https:\/\/eremos.eu\/wp-content\/uploads\/2015\/08\/130e.jpg\"><img loading=\"lazy\" decoding=\"async\" class=\"wp-image-4236 alignnone\" src=\"https:\/\/eremos.eu\/wp-content\/uploads\/2015\/08\/130e-300x175.jpg\" alt=\"130e\" width=\"292\" height=\"170\" srcset=\"https:\/\/eremos.eu\/wp-content\/uploads\/2015\/08\/130e-300x175.jpg 300w, https:\/\/eremos.eu\/wp-content\/uploads\/2015\/08\/130e.jpg 598w\" sizes=\"auto, (max-width: 292px) 100vw, 292px\" \/><\/a><\/p>\n<hr \/>\n<p><strong>GROTTA DI MARIA SANTISSIMA DELLA GRAZIA<\/strong> (Ruderi di chiesa rupestre &#8211; VIII-IX secolo)<\/p>\n<p>Localit\u00e0: <strong>Sortino<\/strong> (SR) \u00a0 \u00a0 \u00a0 \u00a0 \u00a0 \u00a0 \u00a0 \u00a0 \u00a0 \u00a0 \u00a0 \u00a0 \u00a0 \u00a0 \u00a0 \u00a0 \u00a0 \u00a0\u00a0\u00a0Sub-area: <span style=\"color: #0000ff;\">Val di Noto<\/span><\/p>\n<p style=\"text-align: justify;\">Anche nel caso della grotta di Maria Santissima della Grazia, si tratta della parte absidale scavata nella roccia dell\u2019antica chiesa rupestre ormai scomparsa o fagocitata dalla realizzazione della strada provinciale Sortino-Fiumara-Mandredonne. Nella parte alta, sopra l\u2019altare, sono ancora evidenti le tracce di un pannello affrescato sulla viva roccia.<\/p>\n<p style=\"text-align: justify;\"><a href=\"https:\/\/eremos.eu\/wp-content\/uploads\/2015\/08\/13110.jpg\"><img loading=\"lazy\" decoding=\"async\" class=\"alignleft wp-image-4237 size-medium\" src=\"https:\/\/eremos.eu\/wp-content\/uploads\/2015\/08\/13110-300x170.jpg\" alt=\"131\" width=\"300\" height=\"170\" srcset=\"https:\/\/eremos.eu\/wp-content\/uploads\/2015\/08\/13110-300x170.jpg 300w, https:\/\/eremos.eu\/wp-content\/uploads\/2015\/08\/13110.jpg 615w\" sizes=\"auto, (max-width: 300px) 100vw, 300px\" \/><\/a><a href=\"https:\/\/eremos.eu\/wp-content\/uploads\/2015\/08\/131a1.jpg\"><img loading=\"lazy\" decoding=\"async\" class=\"wp-image-4238 alignnone\" src=\"https:\/\/eremos.eu\/wp-content\/uploads\/2015\/08\/131a1-300x176.jpg\" alt=\"131a\" width=\"290\" height=\"170\" srcset=\"https:\/\/eremos.eu\/wp-content\/uploads\/2015\/08\/131a1-300x176.jpg 300w, https:\/\/eremos.eu\/wp-content\/uploads\/2015\/08\/131a1.jpg 586w\" sizes=\"auto, (max-width: 290px) 100vw, 290px\" \/><\/a><\/p>\n<hr \/>\n<p><strong>GROTTA DI SAN LEONARDO<\/strong> (Ruderi di chiesa rupestre &#8211; VIII secolo)<\/p>\n<p>Localit\u00e0: <strong>Sortino<\/strong> (SR) \u00a0 \u00a0 \u00a0 \u00a0 \u00a0 \u00a0 \u00a0 \u00a0 \u00a0 \u00a0 \u00a0 \u00a0 \u00a0 \u00a0 \u00a0 \u00a0 \u00a0 \u00a0\u00a0\u00a0Sub-area: <span style=\"color: #0000ff;\">Val di Noto<\/span><\/p>\n<p style=\"text-align: justify;\">Anche la grotta di San Leonardo, scavata nella rupe tufacea al di sotto del castello dell\u2019antica Sortino, faceva parte di una chiesa in muratura poi distrutta dal sisma del 1542. L\u2019oratorio all\u2019interno presenta due nicchie, una grande ed una piccola, probabili absidi ed un soffitto con cupola centrale e profilo a \u201cgruccia\u201d, assai simile a quello del vicino San Micidiario. (foto Diego Barucco per SiciliaFotografica.it)<\/p>\n<p><a href=\"https:\/\/eremos.eu\/wp-content\/uploads\/2015\/08\/1322.jpg\"><img loading=\"lazy\" decoding=\"async\" class=\"alignleft wp-image-4239 size-medium\" src=\"https:\/\/eremos.eu\/wp-content\/uploads\/2015\/08\/1322-300x174.jpg\" alt=\"132\" width=\"300\" height=\"174\" srcset=\"https:\/\/eremos.eu\/wp-content\/uploads\/2015\/08\/1322-300x174.jpg 300w, https:\/\/eremos.eu\/wp-content\/uploads\/2015\/08\/1322.jpg 602w\" sizes=\"auto, (max-width: 300px) 100vw, 300px\" \/><\/a><a href=\"https:\/\/eremos.eu\/wp-content\/uploads\/2015\/08\/132a1.jpg\"><img loading=\"lazy\" decoding=\"async\" class=\"wp-image-4240 size-medium alignnone\" src=\"https:\/\/eremos.eu\/wp-content\/uploads\/2015\/08\/132a1-300x174.jpg\" alt=\"132a\" width=\"300\" height=\"174\" srcset=\"https:\/\/eremos.eu\/wp-content\/uploads\/2015\/08\/132a1-300x174.jpg 300w, https:\/\/eremos.eu\/wp-content\/uploads\/2015\/08\/132a1.jpg 586w\" sizes=\"auto, (max-width: 300px) 100vw, 300px\" \/><\/a><\/p>\n<hr \/>\n<p><strong>GROTTA DI SAN MICIDIARIO<\/strong> (Oratorio rupestre &#8211; XII-XIII secolo)<\/p>\n<p>Localit\u00e0: <strong>Pantalica, Sortino<\/strong> (SR) \u00a0 \u00a0 \u00a0 \u00a0 \u00a0 \u00a0 \u00a0 \u00a0 \u00a0 \u00a0 \u00a0 \u00a0 \u00a0 Sub-area: <span style=\"color: #0000ff;\">Val di Noto<\/span><\/p>\n<p style=\"text-align: justify;\">L\u2019oratorio rupestre di San Micidiario, situato nell\u2019area della necropoli rupestre di Pantalica nei pressi dell\u2019ingresso di Filiporto, un villaggio con oltre 150 abitazioni, \u00e8 sicuramente un esempio significativo dell\u2019architettura bizantina altomedievale. Realizzata ampliando una delle numerose grotte funerarie preesistenti, la chiesetta a pianta rettangolare \u00e8 suddivisa da un\u2019iconostasi in due distinte sezioni: la prima per l\u2019officiante e l\u2019altra per i fedeli. Per il <a href=\"https:\/\/eremos.eu\/wp-content\/uploads\/2015\/08\/133c.jpg\"><img loading=\"lazy\" decoding=\"async\" class=\"alignright wp-image-4242\" src=\"https:\/\/eremos.eu\/wp-content\/uploads\/2015\/08\/133c-225x300.jpg\" alt=\"133c\" width=\"248\" height=\"330\" srcset=\"https:\/\/eremos.eu\/wp-content\/uploads\/2015\/08\/133c-225x300.jpg 225w, https:\/\/eremos.eu\/wp-content\/uploads\/2015\/08\/133c.jpg 239w\" sizes=\"auto, (max-width: 248px) 100vw, 248px\" \/><\/a>resto, il soffitto \u00e8 alquanto spiovente e nella parete oltre l\u2019iconostasi sono ricavati un\u2019abside e due nicchie laterali, un tempo interamente ricoperti di affreschi che oggi versano in pessime condizioni. Pur tuttavia \u00e8 ancora possibile riconoscere un <i>Cristo pantocratore <\/i>affiancato da un paio di angeli e da un Santo anonimo. (foto Diego Barucco per SiciliaFotografica.it)<\/p>\n<p><a href=\"https:\/\/eremos.eu\/wp-content\/uploads\/2015\/08\/1331.jpg\"><img loading=\"lazy\" decoding=\"async\" class=\"size-medium wp-image-4241 alignnone\" src=\"https:\/\/eremos.eu\/wp-content\/uploads\/2015\/08\/1331-300x173.jpg\" alt=\"133\" width=\"300\" height=\"173\" srcset=\"https:\/\/eremos.eu\/wp-content\/uploads\/2015\/08\/1331-300x173.jpg 300w, https:\/\/eremos.eu\/wp-content\/uploads\/2015\/08\/1331.jpg 677w\" sizes=\"auto, (max-width: 300px) 100vw, 300px\" \/><\/a><\/p>\n<p><a href=\"https:\/\/eremos.eu\/wp-content\/uploads\/2015\/08\/133a1.jpg\"><img loading=\"lazy\" decoding=\"async\" class=\"alignleft size-medium wp-image-4243\" src=\"https:\/\/eremos.eu\/wp-content\/uploads\/2015\/08\/133a1-300x173.jpg\" alt=\"133a\" width=\"300\" height=\"173\" srcset=\"https:\/\/eremos.eu\/wp-content\/uploads\/2015\/08\/133a1-300x173.jpg 300w, https:\/\/eremos.eu\/wp-content\/uploads\/2015\/08\/133a1.jpg 677w\" sizes=\"auto, (max-width: 300px) 100vw, 300px\" \/><\/a><a href=\"https:\/\/eremos.eu\/wp-content\/uploads\/2015\/08\/133d1.jpg\"><img loading=\"lazy\" decoding=\"async\" class=\"wp-image-4244 alignnone\" src=\"https:\/\/eremos.eu\/wp-content\/uploads\/2015\/08\/133d1-300x178.jpg\" alt=\"133d\" width=\"292\" height=\"173\" srcset=\"https:\/\/eremos.eu\/wp-content\/uploads\/2015\/08\/133d1-300x178.jpg 300w, https:\/\/eremos.eu\/wp-content\/uploads\/2015\/08\/133d1.jpg 598w\" sizes=\"auto, (max-width: 292px) 100vw, 292px\" \/><\/a><\/p>\n<hr \/>\n<p><strong>GROTTA DI SAN NICOLICCHIO<\/strong> (Oratorio rupestre &#8211; XII-XIII secolo)<\/p>\n<p><a href=\"https:\/\/eremos.eu\/wp-content\/uploads\/2015\/08\/134e.jpg\"><img loading=\"lazy\" decoding=\"async\" class=\"alignright size-medium wp-image-4251\" src=\"https:\/\/eremos.eu\/wp-content\/uploads\/2015\/08\/134e-300x258.jpg\" alt=\"134e\" width=\"300\" height=\"258\" srcset=\"https:\/\/eremos.eu\/wp-content\/uploads\/2015\/08\/134e-300x258.jpg 300w, https:\/\/eremos.eu\/wp-content\/uploads\/2015\/08\/134e.jpg 460w\" sizes=\"auto, (max-width: 300px) 100vw, 300px\" \/><\/a>Localit\u00e0: <strong>Pantalica, Sortino<\/strong> (SR)<\/p>\n<p>Sub-area: <span style=\"color: #0000ff;\">Val di Noto<\/span><\/p>\n<p style=\"text-align: justify;\">Quella di San Nicolicchio, situata nella parte meridionale della necropoli rupestre di Pantalica, \u00e8 una piccola chiesa rupestre che, per quanto rozzamente scavata\/scolpita, riesce per\u00f2 a conservare ancora in buono stato non solo gli affreschi dei santi ma addirittura le dediche dei fedeli in lingua greca. L\u2019ambiente \u00e8 angusto, il soffitto basso, l\u2019absidiola \u00e8 provvista di un modesto altare con nicchie laterali e, a dispetto del rito ortodosso praticato, non presenta una netta separazione tra la sezione dell\u2019officiante e quella per i fedeli. (foto Diego Barucco per SiciliaFotografica.it)<\/p>\n<p style=\"text-align: justify;\"><a href=\"https:\/\/eremos.eu\/wp-content\/uploads\/2015\/08\/1341.jpg\"><img loading=\"lazy\" decoding=\"async\" class=\"alignleft wp-image-4246 size-medium\" src=\"https:\/\/eremos.eu\/wp-content\/uploads\/2015\/08\/1341-300x172.jpg\" alt=\"134\" width=\"300\" height=\"172\" srcset=\"https:\/\/eremos.eu\/wp-content\/uploads\/2015\/08\/1341-300x172.jpg 300w, https:\/\/eremos.eu\/wp-content\/uploads\/2015\/08\/1341.jpg 598w\" sizes=\"auto, (max-width: 300px) 100vw, 300px\" \/><\/a><a href=\"https:\/\/eremos.eu\/wp-content\/uploads\/2015\/08\/134a1.jpg\"><img loading=\"lazy\" decoding=\"async\" class=\"wp-image-4248 alignnone\" src=\"https:\/\/eremos.eu\/wp-content\/uploads\/2015\/08\/134a1-300x177.jpg\" alt=\"134a\" width=\"291\" height=\"172\" srcset=\"https:\/\/eremos.eu\/wp-content\/uploads\/2015\/08\/134a1-300x177.jpg 300w, https:\/\/eremos.eu\/wp-content\/uploads\/2015\/08\/134a1.jpg 598w\" sizes=\"auto, (max-width: 291px) 100vw, 291px\" \/><\/a><\/p>\n<p style=\"text-align: justify;\"><a href=\"https:\/\/eremos.eu\/wp-content\/uploads\/2015\/08\/134b1.jpg\"><img loading=\"lazy\" decoding=\"async\" class=\"alignleft wp-image-4249 size-medium\" src=\"https:\/\/eremos.eu\/wp-content\/uploads\/2015\/08\/134b1-300x177.jpg\" alt=\"134b\" width=\"300\" height=\"177\" srcset=\"https:\/\/eremos.eu\/wp-content\/uploads\/2015\/08\/134b1-300x177.jpg 300w, https:\/\/eremos.eu\/wp-content\/uploads\/2015\/08\/134b1.jpg 598w\" sizes=\"auto, (max-width: 300px) 100vw, 300px\" \/><\/a><a href=\"https:\/\/eremos.eu\/wp-content\/uploads\/2015\/08\/134c1.jpg\"><img loading=\"lazy\" decoding=\"async\" class=\"wp-image-4250 alignnone\" src=\"https:\/\/eremos.eu\/wp-content\/uploads\/2015\/08\/134c1-300x175.jpg\" alt=\"134c\" width=\"303\" height=\"177\" srcset=\"https:\/\/eremos.eu\/wp-content\/uploads\/2015\/08\/134c1-300x175.jpg 300w, https:\/\/eremos.eu\/wp-content\/uploads\/2015\/08\/134c1.jpg 667w\" sizes=\"auto, (max-width: 303px) 100vw, 303px\" \/><\/a><\/p>\n<hr \/>\n<p style=\"text-align: justify;\"><strong>GROTTA DI SAN ROCCO E SANTA MARIA DELLA CATENA<\/strong> (Oratorio rupestre &#8211; VIII-IX secolo)<\/p>\n<p>Localit\u00e0: <strong>Sortino<\/strong> (SR) \u00a0 \u00a0 \u00a0 \u00a0 \u00a0 \u00a0 \u00a0 \u00a0 \u00a0 \u00a0 \u00a0 Sub-area: <span style=\"color: #0000ff;\">Val di Noto<\/span><\/p>\n<p style=\"text-align: justify;\">La piccola grotta di San Rocco e di Santa Maria della Catena, situata ai confini del-l\u2019antica Sortino, alla base dell\u2019altissimo sperone roccioso che affiora vicino alla sorgente del torrente Guccione, presenta la tipica conformazione a \u201cgruccia\u201d con un altare ben squadrato. L\u2019intitolazione alla Madonna si deve al fatto che, ancora fino agli anni Sessanta, le donne di Sortino erano solite andare a lavare i panni presso la sorgente: un luogo anticamente chiamato, appunto, \u201ca funtana da\u2019 bedda Matri da\u2019 Catina\u201d.<\/p>\n<hr \/>\n<p><strong>GROTTA DI SANT&#8217;AGATA<\/strong> (Oratorio rupestre &#8211; VIII-IX secolo)<\/p>\n<p>Localit\u00e0: <strong>Sortino<\/strong> (SR) \u00a0 \u00a0 \u00a0 \u00a0 \u00a0 \u00a0 \u00a0 \u00a0 \u00a0 \u00a0 \u00a0 \u00a0 \u00a0 \u00a0 \u00a0 \u00a0 \u00a0 \u00a0 \u00a0 \u00a0 \u00a0 \u00a0 \u00a0 \u00a0Sub-area: <span style=\"color: #0000ff;\">Val di Noto<\/span><\/p>\n<p style=\"text-align: justify;\"><a href=\"https:\/\/eremos.eu\/wp-content\/uploads\/2015\/08\/1361.jpg\"><img loading=\"lazy\" decoding=\"async\" class=\"alignright size-medium wp-image-4255\" src=\"https:\/\/eremos.eu\/wp-content\/uploads\/2015\/08\/1361-300x168.jpg\" alt=\"136\" width=\"300\" height=\"168\" srcset=\"https:\/\/eremos.eu\/wp-content\/uploads\/2015\/08\/1361-300x168.jpg 300w, https:\/\/eremos.eu\/wp-content\/uploads\/2015\/08\/1361.jpg 612w\" sizes=\"auto, (max-width: 300px) 100vw, 300px\" \/><\/a>La grotta, che anticamente costituiva l\u2019oratorio rupestre interno, era parte integrante di una chiesa in muratura, distrutta dal terremoto del 1542, prima e poi, definitivamente crollata nel 1693, situata a ridosso del castello dell\u2019antica Sortino. La struttura dell\u2019ipogeo consta di due diversi ambienti, secondo lo schema cultuale greco-bizantino e, nella zona presbiteriale, \u00e8 interessata da nicchie rettangolari e da un altare scolpiti nella roccia. (foto Diego Barucco per SiciliaFotografica.it)<\/p>\n<p><a href=\"https:\/\/eremos.eu\/wp-content\/uploads\/2015\/08\/136a.jpg\"><img loading=\"lazy\" decoding=\"async\" class=\"alignleft wp-image-4253 size-medium\" src=\"https:\/\/eremos.eu\/wp-content\/uploads\/2015\/08\/136a-300x178.jpg\" alt=\"136a\" width=\"300\" height=\"178\" srcset=\"https:\/\/eremos.eu\/wp-content\/uploads\/2015\/08\/136a-300x178.jpg 300w, https:\/\/eremos.eu\/wp-content\/uploads\/2015\/08\/136a.jpg 598w\" sizes=\"auto, (max-width: 300px) 100vw, 300px\" \/><\/a><\/p>\n<p><a href=\"https:\/\/eremos.eu\/wp-content\/uploads\/2015\/08\/136b1.jpg\"><img loading=\"lazy\" decoding=\"async\" class=\"wp-image-4254 alignnone\" src=\"https:\/\/eremos.eu\/wp-content\/uploads\/2015\/08\/136b1-300x181.jpg\" alt=\"136b\" width=\"295\" height=\"178\" srcset=\"https:\/\/eremos.eu\/wp-content\/uploads\/2015\/08\/136b1-300x181.jpg 300w, https:\/\/eremos.eu\/wp-content\/uploads\/2015\/08\/136b1.jpg 598w\" sizes=\"auto, (max-width: 295px) 100vw, 295px\" \/><\/a><\/p>\n<hr \/>\n<p><strong><a href=\"https:\/\/eremos.eu\/wp-content\/uploads\/2015\/08\/1373.jpg\"><img loading=\"lazy\" decoding=\"async\" class=\"alignright size-medium wp-image-5678\" src=\"https:\/\/eremos.eu\/wp-content\/uploads\/2015\/08\/1373-200x300.jpg\" alt=\"137\" width=\"200\" height=\"300\" srcset=\"https:\/\/eremos.eu\/wp-content\/uploads\/2015\/08\/1373-200x300.jpg 200w, https:\/\/eremos.eu\/wp-content\/uploads\/2015\/08\/1373.jpg 582w\" sizes=\"auto, (max-width: 200px) 100vw, 200px\" \/><\/a>GROTTA DI MARIA SANTISSIMA DEL PERICOLO<\/strong> (Cappella rupestre &#8211; IV-VI secolo)<\/p>\n<p>Localit\u00e0: <strong>Vizzini<\/strong> (CT) \u00a0 \u00a0 \u00a0 \u00a0 \u00a0 \u00a0 \u00a0 \u00a0 \u00a0 \u00a0 \u00a0 \u00a0 \u00a0 \u00a0 \u00a0 \u00a0\u00a0\u00a0Sub-area: <span style=\"color: #0000ff;\">Val di Noto<\/span><\/p>\n<p style=\"text-align: justify;\">Si tratta della semplice grotta in cui i primi cristiani si rifugiavano dalle persecuzioni e che, nel corso del V secolo, il primo vescovo di Siracusa fece abbellire con affreschi da vari artisti locali. L\u2019attuale dedicazione alla Madonna <a href=\"https:\/\/eremos.eu\/wp-content\/uploads\/2015\/08\/137a1.jpg\"><img loading=\"lazy\" decoding=\"async\" class=\"alignleft wp-image-5679\" src=\"https:\/\/eremos.eu\/wp-content\/uploads\/2015\/08\/137a1-300x196.jpg\" alt=\"137a\" width=\"291\" height=\"190\" srcset=\"https:\/\/eremos.eu\/wp-content\/uploads\/2015\/08\/137a1-300x196.jpg 300w, https:\/\/eremos.eu\/wp-content\/uploads\/2015\/08\/137a1.jpg 317w\" sizes=\"auto, (max-width: 291px) 100vw, 291px\" \/><\/a>del Pericolo risale al 1850 ed \u00e8 legata ad un\u2019antica tradizione, secondo la quale una donna gravemente accoltellata dal marito perch\u00e9 ritenuta adultera venne prodigiosamente salvata\/graziata. Va da s\u00e9 che, nel corso dei secoli, il piccolo santuario \u00e8 divenuto meta di pellegrinaggi da tutta l\u2019isola.<\/p>\n<hr \/>\n<h3><strong><span style=\"color: #0000ff;\">MONTI NEBRODI<\/span><\/strong><\/h3>\n<p><strong>GROTTA DI SAN TEODORO<\/strong> (Romitorio rupestre &#8211; X-XI secolo)<\/p>\n<p>Localit\u00e0: <span style=\"color: #0000ff;\">Acquedolci<\/span> (ME) \u00a0 \u00a0 \u00a0 \u00a0 \u00a0 \u00a0 \u00a0 \u00a0 \u00a0 \u00a0 \u00a0 \u00a0 \u00a0 \u00a0 \u00a0 \u00a0 \u00a0 \u00a0 \u00a0 \u00a0 \u00a0 Sub-area: <span style=\"color: #0000ff;\">Parco Regionale dei Nebrodi<\/span><\/p>\n<p style=\"text-align: justify;\">La grotta di San Teodoro, che si apre a 140 m\/slm in una propaggine rocciosa del monte San Fratello, gi\u00e0 abitata sin dal paleolitico superiore, deve l\u2019attuale denominazione ai monaci anacoreti basiliani che intorno all\u2019anno Mille si rifugiarono al suo interno.<\/p>\n<p><a href=\"https:\/\/eremos.eu\/wp-content\/uploads\/2015\/08\/2410.jpg\"><img loading=\"lazy\" decoding=\"async\" class=\"alignleft wp-image-3894 size-medium\" src=\"https:\/\/eremos.eu\/wp-content\/uploads\/2015\/08\/2410-300x185.jpg\" alt=\"24\" width=\"300\" height=\"185\" srcset=\"https:\/\/eremos.eu\/wp-content\/uploads\/2015\/08\/2410-300x185.jpg 300w, https:\/\/eremos.eu\/wp-content\/uploads\/2015\/08\/2410.jpg 546w\" sizes=\"auto, (max-width: 300px) 100vw, 300px\" \/><\/a><a href=\"https:\/\/eremos.eu\/wp-content\/uploads\/2015\/08\/24a7.jpg\"><img loading=\"lazy\" decoding=\"async\" class=\"wp-image-3893 alignnone\" src=\"https:\/\/eremos.eu\/wp-content\/uploads\/2015\/08\/24a7-300x199.jpg\" alt=\"24a\" width=\"280\" height=\"185\" srcset=\"https:\/\/eremos.eu\/wp-content\/uploads\/2015\/08\/24a7-300x199.jpg 300w, https:\/\/eremos.eu\/wp-content\/uploads\/2015\/08\/24a7.jpg 473w\" sizes=\"auto, (max-width: 280px) 100vw, 280px\" \/><\/a><\/p>\n<p><a href=\"https:\/\/eremos.eu\/wp-content\/uploads\/2015\/08\/24b5.jpg\"><img loading=\"lazy\" decoding=\"async\" class=\"alignleft wp-image-3895 size-medium\" src=\"https:\/\/eremos.eu\/wp-content\/uploads\/2015\/08\/24b5-300x225.jpg\" alt=\"24b\" width=\"300\" height=\"225\" srcset=\"https:\/\/eremos.eu\/wp-content\/uploads\/2015\/08\/24b5-300x225.jpg 300w, https:\/\/eremos.eu\/wp-content\/uploads\/2015\/08\/24b5.jpg 546w\" sizes=\"auto, (max-width: 300px) 100vw, 300px\" \/><\/a><\/p>\n<p><a href=\"https:\/\/eremos.eu\/wp-content\/uploads\/2015\/08\/24c2.jpg\"><img loading=\"lazy\" decoding=\"async\" class=\"wp-image-3896 size-medium alignnone\" src=\"https:\/\/eremos.eu\/wp-content\/uploads\/2015\/08\/24c2-300x225.jpg\" alt=\"24c\" width=\"300\" height=\"225\" srcset=\"https:\/\/eremos.eu\/wp-content\/uploads\/2015\/08\/24c2-300x225.jpg 300w, https:\/\/eremos.eu\/wp-content\/uploads\/2015\/08\/24c2.jpg 546w\" sizes=\"auto, (max-width: 300px) 100vw, 300px\" \/><\/a><\/p>\n<hr \/>\n<p><strong>EREMO DI SAN NICOL\u00d2 POLITI<\/strong> (Chiesa e romitorio rupestre &#8211; XII secolo)<\/p>\n<p>Localit\u00e0: <strong>Alcara Li Fusi<\/strong> (ME) \u00a0 \u00a0 \u00a0 \u00a0 \u00a0 \u00a0 \u00a0 \u00a0 \u00a0 \u00a0 \u00a0 \u00a0 \u00a0 \u00a0 \u00a0 \u00a0 \u00a0 \u00a0 \u00a0 \u00a0Sub-area: <span style=\"color: #0000ff;\">Parco Regionale dei Nebrodi<\/span><\/p>\n<p style=\"text-align: justify;\"><a href=\"https:\/\/eremos.eu\/wp-content\/uploads\/2015\/08\/25a7.jpg\"><img loading=\"lazy\" decoding=\"async\" class=\"alignright size-medium wp-image-3899\" src=\"https:\/\/eremos.eu\/wp-content\/uploads\/2015\/08\/25a7-300x225.jpg\" alt=\"25a\" width=\"300\" height=\"225\" srcset=\"https:\/\/eremos.eu\/wp-content\/uploads\/2015\/08\/25a7-300x225.jpg 300w, https:\/\/eremos.eu\/wp-content\/uploads\/2015\/08\/25a7.jpg 496w\" sizes=\"auto, (max-width: 300px) 100vw, 300px\" \/><\/a>L\u2019odierno eremo di San Nicol\u00f2 Politi \u00e8 la semplice e modesta chiesetta edificata alle pendici del Calanna (monti Nebrodi) inglobando la grotta dove il Santo anacoreta, proveniente da Adrano, ha trascorso trent\u2019anni della sua non lunga vita (morir\u00e0 appena cinquantenne) cibandosi di sole erbe e, di tanto in tanto, frequentando il vicino cenobio basiliano di Santa Maria del Rogato per accostarsi ai sacramenti della penitenza e della comunione sotto la guida spirituale dell\u2019abate Cusmano, detto il Teologo. La statua del Santo \u00e8 tutt\u2019oggi oggetto di grande devozione da parte della popolazione locale con ricorrenti visite e processioni.<\/p>\n<p><a href=\"https:\/\/eremos.eu\/wp-content\/uploads\/2015\/08\/259.jpg\"><img loading=\"lazy\" decoding=\"async\" class=\"alignleft wp-image-3897 size-medium\" src=\"https:\/\/eremos.eu\/wp-content\/uploads\/2015\/08\/259-300x209.jpg\" alt=\"25\" width=\"300\" height=\"209\" srcset=\"https:\/\/eremos.eu\/wp-content\/uploads\/2015\/08\/259-300x209.jpg 300w, https:\/\/eremos.eu\/wp-content\/uploads\/2015\/08\/259.jpg 496w\" sizes=\"auto, (max-width: 300px) 100vw, 300px\" \/><\/a><a href=\"https:\/\/eremos.eu\/wp-content\/uploads\/2015\/08\/25b7.jpg\"><img loading=\"lazy\" decoding=\"async\" class=\"wp-image-3898 alignnone\" src=\"https:\/\/eremos.eu\/wp-content\/uploads\/2015\/08\/25b7.jpg\" alt=\"25b\" width=\"277\" height=\"209\" \/><\/a><\/p>\n<hr \/>\n<h3><span style=\"color: #0000ff;\"><strong>MONTI PELORITANI<\/strong><\/span><\/h3>\n<p><strong>CHIESA PALEOCRISTIANA DI SOTTOCASTELLO<\/strong> (Chiesa rupestre &#8211; IV-VI secolo)<\/p>\n<p>Localit\u00e0: <strong>Contrada Sottocastello, Rometta<\/strong> (ME)<\/p>\n<p style=\"text-align: justify;\">Il complesso rupestre di contrada Sottocastello, venuto casualmente alla luce durante alcune esplorazioni effettuate negli scorsi anni \u201860 all\u2019interno di un\u2019area assai scoscesa e soggetta a continui smottamenti, \u00e8 costituito da due distinti ambienti: la camera maggiore, di forma quadrangolare, sovrastata da una volta semicircolare; e l\u2019altra, pi\u00f9 piccola e caratterizzata da una struttura \u201ca forno\u201d con pianta ovaleggiante. Dalle modifiche che hanno interessato l\u2019intero ipogeo si evincono piuttosto nettamente le due fasi temporali del suo utilizzo. Quella pi\u00f9 antica riguarda sicuramente la camera pi\u00f9 piccola, per la presenza di taluni elementi formali che si rifanno alle strutture sepolcrali protostoriche. Le altre evidenze della camera principale, come le due nicchie\/edicole e, soprattutto, i tanti simboli, le iscrizioni e le croci graffite, rimandano invece ad un uso pi\u00f9 propriamente cultuale in epoca paleocristiana.<\/p>\n<p><a href=\"https:\/\/eremos.eu\/wp-content\/uploads\/2015\/08\/269.jpg\"><img loading=\"lazy\" decoding=\"async\" class=\"alignleft size-medium wp-image-3900\" src=\"https:\/\/eremos.eu\/wp-content\/uploads\/2015\/08\/269-300x225.jpg\" alt=\"26\" width=\"300\" height=\"225\" srcset=\"https:\/\/eremos.eu\/wp-content\/uploads\/2015\/08\/269-300x225.jpg 300w, https:\/\/eremos.eu\/wp-content\/uploads\/2015\/08\/269.jpg 496w\" sizes=\"auto, (max-width: 300px) 100vw, 300px\" \/><\/a><a href=\"https:\/\/eremos.eu\/wp-content\/uploads\/2015\/08\/26a7.jpg\"><img loading=\"lazy\" decoding=\"async\" class=\"size-medium wp-image-3901 alignnone\" src=\"https:\/\/eremos.eu\/wp-content\/uploads\/2015\/08\/26a7-300x225.jpg\" alt=\"26a\" width=\"300\" height=\"225\" srcset=\"https:\/\/eremos.eu\/wp-content\/uploads\/2015\/08\/26a7-300x225.jpg 300w, https:\/\/eremos.eu\/wp-content\/uploads\/2015\/08\/26a7-1024x769.jpg 1024w, https:\/\/eremos.eu\/wp-content\/uploads\/2015\/08\/26a7.jpg 1045w\" sizes=\"auto, (max-width: 300px) 100vw, 300px\" \/><\/a><\/p>\n<p><a href=\"https:\/\/eremos.eu\/wp-content\/uploads\/2015\/08\/26b4.jpg\"><img loading=\"lazy\" decoding=\"async\" class=\"alignleft size-medium wp-image-3902\" src=\"https:\/\/eremos.eu\/wp-content\/uploads\/2015\/08\/26b4-300x225.jpg\" alt=\"26b\" width=\"300\" height=\"225\" srcset=\"https:\/\/eremos.eu\/wp-content\/uploads\/2015\/08\/26b4-300x225.jpg 300w, https:\/\/eremos.eu\/wp-content\/uploads\/2015\/08\/26b4.jpg 496w\" sizes=\"auto, (max-width: 300px) 100vw, 300px\" \/><\/a><a href=\"https:\/\/eremos.eu\/wp-content\/uploads\/2015\/08\/26c3.jpg\"><img loading=\"lazy\" decoding=\"async\" class=\"size-medium wp-image-3903 alignnone\" src=\"https:\/\/eremos.eu\/wp-content\/uploads\/2015\/08\/26c3-300x225.jpg\" alt=\"26c\" width=\"300\" height=\"225\" srcset=\"https:\/\/eremos.eu\/wp-content\/uploads\/2015\/08\/26c3-300x225.jpg 300w, https:\/\/eremos.eu\/wp-content\/uploads\/2015\/08\/26c3.jpg 496w\" sizes=\"auto, (max-width: 300px) 100vw, 300px\" \/><\/a><\/p>\n<hr \/>\n<p><strong>CRIPTA DEI CAPPUCCINI<\/strong> (Chiesa rupestre &#8211; VI-VII secolo)<\/p>\n<p>Localit\u00e0: <strong>Rometta<\/strong> (ME)<\/p>\n<p style=\"text-align: justify;\"><a href=\"https:\/\/eremos.eu\/wp-content\/uploads\/2015\/08\/279.jpg\"><img loading=\"lazy\" decoding=\"async\" class=\"alignright size-full wp-image-3904\" src=\"https:\/\/eremos.eu\/wp-content\/uploads\/2015\/08\/279.jpg\" alt=\"27\" width=\"209\" height=\"157\" \/><\/a>Quando nel 1966 fu scoperto il santuario rupestre all\u2019interno dell\u2019ex-convento dei Cappuccini ci si rese subito conto di trovarsi al cospetto di un\u2019opera di particolare importanza; e questo proprio per l\u2019originalit\u00e0 della struttura, in parte ipogea ed in parte affiorante\/svettante oltre il piano di calpestio con una maestosa cupola, con pi\u00f9 livelli ed ambienti comunicanti tra loro. Le pareti delle due absidi interne recavano tracce di affreschi che, per stile e tecnica pittorica, sono ascrivibili all\u2019epoca bizantina. Tuttavia pi\u00f9 avanti non solo vi sar\u00e0 ricavata una cisterna per la raccolta dell\u2019acqua piovana, ma il santuario rimarr\u00e0, e continua a rimanere anche ai nostri giorni, nel pi\u00f9 completo abbandono.<\/p>\n<p style=\"text-align: justify;\"><a href=\"https:\/\/eremos.eu\/wp-content\/uploads\/2015\/08\/27a9.jpg\"><img loading=\"lazy\" decoding=\"async\" class=\"alignleft size-full wp-image-3905\" src=\"https:\/\/eremos.eu\/wp-content\/uploads\/2015\/08\/27a9.jpg\" alt=\"27a\" width=\"180\" height=\"106\" \/><\/a><\/p>\n<p><a href=\"https:\/\/eremos.eu\/wp-content\/uploads\/2015\/08\/27b6.jpg\"><img loading=\"lazy\" decoding=\"async\" class=\"alignleft size-full wp-image-3906\" src=\"https:\/\/eremos.eu\/wp-content\/uploads\/2015\/08\/27b6.jpg\" alt=\"27b\" width=\"180\" height=\"106\" \/><\/a><a href=\"https:\/\/eremos.eu\/wp-content\/uploads\/2015\/08\/27c4.jpg\"><img loading=\"lazy\" decoding=\"async\" class=\"size-full wp-image-3907 alignnone\" src=\"https:\/\/eremos.eu\/wp-content\/uploads\/2015\/08\/27c4.jpg\" alt=\"27c\" width=\"180\" height=\"106\" \/><\/a><\/p>\n<hr \/>\n<p><strong>GROTTA DI SAN LEONE<\/strong> (Romitorio rupestre -VII-VIII secolo)<\/p>\n<p>Localit\u00e0: <strong>Rometta<\/strong> (ME)<\/p>\n<p style=\"text-align: justify;\"><a href=\"https:\/\/eremos.eu\/wp-content\/uploads\/2015\/08\/289.jpg\"><img loading=\"lazy\" decoding=\"async\" class=\"alignright size-medium wp-image-3908\" src=\"https:\/\/eremos.eu\/wp-content\/uploads\/2015\/08\/289-300x214.jpg\" alt=\"28\" width=\"300\" height=\"214\" srcset=\"https:\/\/eremos.eu\/wp-content\/uploads\/2015\/08\/289-300x214.jpg 300w, https:\/\/eremos.eu\/wp-content\/uploads\/2015\/08\/289.jpg 443w\" sizes=\"auto, (max-width: 300px) 100vw, 300px\" \/><\/a>La grotta di forma ogivale dove, secondo la tradizione locale, tra il 745 ed il 780 si sarebbe ritirato in eremitaggio il vescovo di Catania, San Leone da Ravenna detto il \u201ctaumaturgo\u201d, allorquando entrato in aperto contrasto con l\u2019imperatore Costantino il Copronimo, acerrimo iconoclasta, fu costretto ad abbandonare la sede abituale ed a trovar rifugio in un\u2019impervia zona della val Demone, si trova scavata nella parte orientale dell\u2019altura su cui sorge Rometta. L\u2019ipogeo, situato a strapiombo su un profondo burrone e di difficile accesso, era probabilmente un luogo di sepoltura paleocristiano che poi, in epoca bizantina, viene adibito a romitorio.<\/p>\n<hr \/>\n<p><strong>MOSCHEA DI SOTTOSANGIOVANNI<\/strong> (Moschea rupestre &#8211; X-XI secolo)<\/p>\n<p>Localit\u00e0: <strong>Contrada Sotto San Giovanni, Rometta<\/strong> (ME)<\/p>\n<p style=\"text-align: justify;\"><a href=\"https:\/\/eremos.eu\/wp-content\/uploads\/2015\/08\/29a8.jpg\"><img loading=\"lazy\" decoding=\"async\" class=\"alignleft size-medium wp-image-3915\" src=\"https:\/\/eremos.eu\/wp-content\/uploads\/2015\/08\/29a8-300x201.jpg\" alt=\"29a\" width=\"300\" height=\"201\" srcset=\"https:\/\/eremos.eu\/wp-content\/uploads\/2015\/08\/29a8-300x201.jpg 300w, https:\/\/eremos.eu\/wp-content\/uploads\/2015\/08\/29a8.jpg 494w\" sizes=\"auto, (max-width: 300px) 100vw, 300px\" \/><\/a>La moschea rupestre di Rometta, meglio conservata rispetto a quella di Sperlinga, si ispira al modello pi\u00f9 articolato di sala ipostila, con l\u2019impiego di un cospicuo numero di pilastri che delimitano sia la navata centrale, in asse con il <i>mihrab<\/i>, che quelle laterali, parallele alla <i>qibla<\/i>. Per quanto non pochi indizi lasciano intuire il suo riutilizzo come luogo di culto cristiano (nuovo orientamento verso est, tracce di intonaco e di pitture alle pareti, anelloni reggilumi al soffitto per illuminare un altare mobile, alcune sepolture terragne all\u2019interno ed all\u2019esterno della sala), il riconoscimento della moschea in un contesto residenziale rupestre con caratteristiche di difesa consente di collocare cronologicamente l\u2019insediamento di quest\u2019area dell\u2019entroterra siciliano tra il 965, con la caduta di Rometta (ultimo baluardo bizantino nell\u2019isola), e la riconquista normanna nel 1063: insomma, almeno in questo caso, un esempio di trogloditismo favorito pi\u00f9 dall\u2019islamizzazione dell\u2019isola che dal popolamento bizantino. (foto Diego Barucco per SiciliaFotografica.it)<\/p>\n<p style=\"text-align: justify;\"><a href=\"https:\/\/eremos.eu\/wp-content\/uploads\/2015\/08\/29b8.jpg\"><img loading=\"lazy\" decoding=\"async\" class=\"alignleft wp-image-3909 size-medium\" src=\"https:\/\/eremos.eu\/wp-content\/uploads\/2015\/08\/29b8-300x173.jpg\" alt=\"29b\" width=\"300\" height=\"173\" srcset=\"https:\/\/eremos.eu\/wp-content\/uploads\/2015\/08\/29b8-300x173.jpg 300w, https:\/\/eremos.eu\/wp-content\/uploads\/2015\/08\/29b8.jpg 322w\" sizes=\"auto, (max-width: 300px) 100vw, 300px\" \/><\/a><a href=\"https:\/\/eremos.eu\/wp-content\/uploads\/2015\/08\/29c8.jpg\"><img loading=\"lazy\" decoding=\"async\" class=\"wp-image-3910 alignnone\" src=\"https:\/\/eremos.eu\/wp-content\/uploads\/2015\/08\/29c8-300x176.jpg\" alt=\"29c\" width=\"296\" height=\"173\" srcset=\"https:\/\/eremos.eu\/wp-content\/uploads\/2015\/08\/29c8-300x176.jpg 300w, https:\/\/eremos.eu\/wp-content\/uploads\/2015\/08\/29c8.jpg 598w\" sizes=\"auto, (max-width: 296px) 100vw, 296px\" \/><\/a><\/p>\n<p><a href=\"https:\/\/eremos.eu\/wp-content\/uploads\/2015\/08\/29d3.jpg\"><img loading=\"lazy\" decoding=\"async\" class=\"alignleft wp-image-3911 size-medium\" src=\"https:\/\/eremos.eu\/wp-content\/uploads\/2015\/08\/29d3-300x169.jpg\" alt=\"29d\" width=\"300\" height=\"169\" srcset=\"https:\/\/eremos.eu\/wp-content\/uploads\/2015\/08\/29d3-300x169.jpg 300w, https:\/\/eremos.eu\/wp-content\/uploads\/2015\/08\/29d3.jpg 598w\" sizes=\"auto, (max-width: 300px) 100vw, 300px\" \/><\/a><a href=\"https:\/\/eremos.eu\/wp-content\/uploads\/2015\/08\/29f1.jpg\"><img loading=\"lazy\" decoding=\"async\" class=\"wp-image-3913 alignnone\" src=\"https:\/\/eremos.eu\/wp-content\/uploads\/2015\/08\/29f1-300x168.jpg\" alt=\"29f\" width=\"302\" height=\"169\" srcset=\"https:\/\/eremos.eu\/wp-content\/uploads\/2015\/08\/29f1-300x168.jpg 300w, https:\/\/eremos.eu\/wp-content\/uploads\/2015\/08\/29f1.jpg 598w\" sizes=\"auto, (max-width: 302px) 100vw, 302px\" \/><\/a><\/p>\n<p><a href=\"https:\/\/eremos.eu\/wp-content\/uploads\/2015\/08\/29e2.jpg\"><img loading=\"lazy\" decoding=\"async\" class=\"alignleft wp-image-3912 size-medium\" src=\"https:\/\/eremos.eu\/wp-content\/uploads\/2015\/08\/29e2-300x176.jpg\" alt=\"29e\" width=\"300\" height=\"176\" srcset=\"https:\/\/eremos.eu\/wp-content\/uploads\/2015\/08\/29e2-300x176.jpg 300w, https:\/\/eremos.eu\/wp-content\/uploads\/2015\/08\/29e2.jpg 598w\" sizes=\"auto, (max-width: 300px) 100vw, 300px\" \/><\/a><a href=\"https:\/\/eremos.eu\/wp-content\/uploads\/2015\/08\/29g.jpg\"><img loading=\"lazy\" decoding=\"async\" class=\"wp-image-3914 alignnone\" src=\"https:\/\/eremos.eu\/wp-content\/uploads\/2015\/08\/29g-300x174.jpg\" alt=\"29g\" width=\"304\" height=\"176\" srcset=\"https:\/\/eremos.eu\/wp-content\/uploads\/2015\/08\/29g-300x174.jpg 300w, https:\/\/eremos.eu\/wp-content\/uploads\/2015\/08\/29g.jpg 598w\" sizes=\"auto, (max-width: 304px) 100vw, 304px\" \/><\/a><\/p>\n<hr \/>\n<p><strong>ROMITORIO DI FILARI<\/strong> (Romitorio rupestre &#8211; XIII-XIV secolo)<\/p>\n<p>Localit\u00e0: <strong>Contrada Filari, Rometta Marea<\/strong> (ME)<\/p>\n<p style=\"text-align: justify;\"><a href=\"https:\/\/eremos.eu\/wp-content\/uploads\/2015\/08\/308.jpg\"><img loading=\"lazy\" decoding=\"async\" class=\"alignright size-full wp-image-3916\" src=\"https:\/\/eremos.eu\/wp-content\/uploads\/2015\/08\/308.jpg\" alt=\"30\" width=\"179\" height=\"132\" \/><\/a>Quello che molto probabilmente \u00e8 stato un eremo rupestre si trova in contrada Filari ed \u00e8 caratterizzato da due livelli\/piani: quello terreno, sicuramente cultuale, con uno sviluppo sinusoidale, presenta ben due ingressi ed una grande nicchia a pianta semicircolare; quello superiore, adibito a romitorio, raggiungibile attraverso una scala esterna intagliata nel calcare arenario. Inutile soffermarsi sullo stato di degrado in cui versa l\u2019intero ipogeo.<\/p>\n<hr \/>\n<h3><span style=\"color: #0000ff;\"><strong>MONTI SICANI\u00a0<\/strong><\/span><\/h3>\n<p><strong>CHIESA DI SANTA MARIA DELLA PIET\u00c0<\/strong> (Chiesa semirupestre &#8211; V-VI secolo)<\/p>\n<p><a href=\"https:\/\/eremos.eu\/wp-content\/uploads\/2015\/08\/4212.jpg\"><img loading=\"lazy\" decoding=\"async\" class=\"alignright size-medium wp-image-3955\" src=\"https:\/\/eremos.eu\/wp-content\/uploads\/2015\/08\/4212-199x300.jpg\" alt=\"42\" width=\"199\" height=\"300\" srcset=\"https:\/\/eremos.eu\/wp-content\/uploads\/2015\/08\/4212-199x300.jpg 199w, https:\/\/eremos.eu\/wp-content\/uploads\/2015\/08\/4212.jpg 531w\" sizes=\"auto, (max-width: 199px) 100vw, 199px\" \/><\/a>Localit\u00e0: <strong>Caltabellotta<\/strong> (CT) \u00a0 \u00a0 \u00a0 \u00a0 \u00a0 \u00a0 \u00a0 \u00a0 \u00a0 \u00a0 \u00a0 \u00a0 \u00a0 \u00a0 Sub-area:\u00a0<span style=\"color: #0000ff;\">Val di Mazara<\/span><\/p>\n<p style=\"text-align: justify;\">La piccola chiesa di Santa Maria della Piet\u00e0, incastonata tra le rocce del Kratas nella parte alta del centro abitato, \u00e8 sicuramente uno dei luoghi di culto pi\u00f9 antichi dell\u2019intero territorio. Tanto la costruzione sopra un aggrottamento quanto la vicinanza nella rupe sottostante con un\u2019area archeologica di grande interesse, ne lasciano verosimilmente presumere l\u2019origine bizantina o comunque il legame con un nucleo monastico basiliano. La chiesa \u00e8 caratterizzata da due parti ben distinte: quella rupestre, la pi\u00f9 antica; e quella esterna, pi\u00f9 moderna, dalle forme classicheggianti del \u2018600. All\u2019interno, in una nicchia scavata nella roccia, si trova una <i>Piet\u00e0<\/i> di incerta fattura al disopra d\u2019un altare in pietra, ed alla sua destra la traccia di un affresco assai deteriorato raffigurante san Cono in compagnia degli inconfondibili segni di un incavo arcaico, probabilmente un altare paleocristiano.<\/p>\n<p><a href=\"https:\/\/eremos.eu\/wp-content\/uploads\/2015\/08\/42a8.jpg\"><img loading=\"lazy\" decoding=\"async\" class=\"alignleft wp-image-3958 size-medium\" src=\"https:\/\/eremos.eu\/wp-content\/uploads\/2015\/08\/42a8-300x214.jpg\" alt=\"42a\" width=\"300\" height=\"214\" srcset=\"https:\/\/eremos.eu\/wp-content\/uploads\/2015\/08\/42a8-300x214.jpg 300w, https:\/\/eremos.eu\/wp-content\/uploads\/2015\/08\/42a8.jpg 545w\" sizes=\"auto, (max-width: 300px) 100vw, 300px\" \/><\/a><a href=\"https:\/\/eremos.eu\/wp-content\/uploads\/2015\/08\/42b8.jpg\"><img loading=\"lazy\" decoding=\"async\" class=\"wp-image-3957 alignnone\" src=\"https:\/\/eremos.eu\/wp-content\/uploads\/2015\/08\/42b8-300x226.jpg\" alt=\"42b\" width=\"284\" height=\"214\" srcset=\"https:\/\/eremos.eu\/wp-content\/uploads\/2015\/08\/42b8-300x226.jpg 300w, https:\/\/eremos.eu\/wp-content\/uploads\/2015\/08\/42b8.jpg 603w\" sizes=\"auto, (max-width: 284px) 100vw, 284px\" \/><\/a><\/p>\n<hr \/>\n<p><strong>EREMO DI SAN PELLEGRINO<\/strong> (Complesso cenobitico\u00a0&#8211; XVIII secolo)<\/p>\n<p>Localit\u00e0: <strong>Caltabellotta<\/strong> (CT) \u00a0 \u00a0 \u00a0 \u00a0 \u00a0 \u00a0 \u00a0 \u00a0 \u00a0 \u00a0 \u00a0 \u00a0 \u00a0 \u00a0 Sub-area:\u00a0<span style=\"color: #0000ff;\">Val di Mazara<\/span><\/p>\n<p style=\"text-align: justify;\">Con la denominazione \u201ceremo di San Pellegrino\u201d viene comunemente identificato il massiccio complesso religioso situato nella parte alta (rupe Gallega) dell\u2019omonima montagna dominante il paese che comprende un convento, una chiesa settecentesca ed un paio di ambienti ipogei, al di sotto di quest\u2019ultima. In particolare, nella grotta dov\u2019\u00e8 <a href=\"https:\/\/eremos.eu\/wp-content\/uploads\/2015\/08\/43c5.jpg\"><img loading=\"lazy\" decoding=\"async\" class=\"alignright wp-image-4259\" src=\"https:\/\/eremos.eu\/wp-content\/uploads\/2015\/08\/43c5-220x300.jpg\" alt=\"43c\" width=\"231\" height=\"315\" srcset=\"https:\/\/eremos.eu\/wp-content\/uploads\/2015\/08\/43c5-220x300.jpg 220w, https:\/\/eremos.eu\/wp-content\/uploads\/2015\/08\/43c5.jpg 488w\" sizes=\"auto, (max-width: 231px) 100vw, 231px\" \/><\/a>presente un piccolo altare, la tradizione vuole che il Santo, primo vescovo di Sicilia, si ritirasse per pregare, dormire e \u2026.. combattere il diavolo.<\/p>\n<p style=\"text-align: justify;\"><a href=\"https:\/\/eremos.eu\/wp-content\/uploads\/2015\/08\/43d1.jpg\"><img loading=\"lazy\" decoding=\"async\" class=\"size-medium wp-image-4258 alignnone\" src=\"https:\/\/eremos.eu\/wp-content\/uploads\/2015\/08\/43d1-300x237.jpg\" alt=\"43d\" width=\"300\" height=\"237\" srcset=\"https:\/\/eremos.eu\/wp-content\/uploads\/2015\/08\/43d1-300x237.jpg 300w, https:\/\/eremos.eu\/wp-content\/uploads\/2015\/08\/43d1.jpg 426w\" sizes=\"auto, (max-width: 300px) 100vw, 300px\" \/><\/a><\/p>\n<p><a href=\"https:\/\/eremos.eu\/wp-content\/uploads\/2015\/08\/43a9.jpg\"><img loading=\"lazy\" decoding=\"async\" class=\"alignleft wp-image-4260 size-medium\" src=\"https:\/\/eremos.eu\/wp-content\/uploads\/2015\/08\/43a9-300x199.jpg\" alt=\"43a\" width=\"300\" height=\"199\" srcset=\"https:\/\/eremos.eu\/wp-content\/uploads\/2015\/08\/43a9-300x199.jpg 300w, https:\/\/eremos.eu\/wp-content\/uploads\/2015\/08\/43a9.jpg 429w\" sizes=\"auto, (max-width: 300px) 100vw, 300px\" \/><\/a><a href=\"https:\/\/eremos.eu\/wp-content\/uploads\/2015\/08\/43b6.jpg\"><img loading=\"lazy\" decoding=\"async\" class=\"wp-image-4261 size-medium alignnone\" src=\"https:\/\/eremos.eu\/wp-content\/uploads\/2015\/08\/43b6-300x199.jpg\" alt=\"43b\" width=\"300\" height=\"199\" srcset=\"https:\/\/eremos.eu\/wp-content\/uploads\/2015\/08\/43b6-300x199.jpg 300w, https:\/\/eremos.eu\/wp-content\/uploads\/2015\/08\/43b6.jpg 546w\" sizes=\"auto, (max-width: 300px) 100vw, 300px\" \/><\/a><\/p>\n<hr \/>\n<p><strong>EREMO DI SANTA ROSALIA ALLA QUISQUINA<\/strong> (Romitorio rupestre &#8211; XII-XVII secolo)<\/p>\n<p>Localit\u00e0: <strong>Santo Stefano Quisquina<\/strong> (AG) \u00a0 \u00a0 \u00a0 \u00a0 \u00a0 \u00a0 \u00a0 \u00a0 Sub-area:\u00a0<span style=\"color: #0000ff;\">Val di Mazara<\/span><\/p>\n<p style=\"text-align: justify;\">Quello di Santa Rosalia \u00e8 il complesso eremitico rupestre che sorge a mille metri ca. affianco del bosco della Quisquina (dall\u2019arabo <i>koschin<\/i> cio\u00e8 oscuro) e comprende, oltre alla famosa grotta, la chiesa, la cripta, le celle ed altri ambienti di servizio. La grotta, nascosta nella vegetazione del bosco e difficilmente accessibile \u00e8 quella in cui la giovanissima Rosalia si rifugi\u00f2 tra il 1150 ed il 1162 per allontanarsi dalla vita mondana e trovare la pace e Dio. La <a href=\"https:\/\/eremos.eu\/wp-content\/uploads\/2015\/08\/44a5.jpg\"><img loading=\"lazy\" decoding=\"async\" class=\"alignright wp-image-4264\" src=\"https:\/\/eremos.eu\/wp-content\/uploads\/2015\/08\/44a5-199x300.jpg\" alt=\"44a\" width=\"193\" height=\"290\" srcset=\"https:\/\/eremos.eu\/wp-content\/uploads\/2015\/08\/44a5-199x300.jpg 199w, https:\/\/eremos.eu\/wp-content\/uploads\/2015\/08\/44a5.jpg 478w\" sizes=\"auto, (max-width: 193px) 100vw, 193px\" \/><\/a>costruzione dell\u2019eremo, invece, risale al 1624 allorquando, in seguito al rinvenimento delle spoglie mortali della Santa sul monte Pellegrino, questa venne casualmente scoperta.<\/p>\n<p><a href=\"https:\/\/eremos.eu\/wp-content\/uploads\/2015\/08\/4411.jpg\"><img loading=\"lazy\" decoding=\"async\" class=\"size-medium wp-image-4265 alignnone\" src=\"https:\/\/eremos.eu\/wp-content\/uploads\/2015\/08\/4411-300x200.jpg\" alt=\"44\" width=\"300\" height=\"200\" srcset=\"https:\/\/eremos.eu\/wp-content\/uploads\/2015\/08\/4411-300x200.jpg 300w, https:\/\/eremos.eu\/wp-content\/uploads\/2015\/08\/4411.jpg 606w\" sizes=\"auto, (max-width: 300px) 100vw, 300px\" \/><\/a><\/p>\n<p><a href=\"https:\/\/eremos.eu\/wp-content\/uploads\/2015\/08\/44b4.jpg\"><img loading=\"lazy\" decoding=\"async\" class=\"alignleft wp-image-4268 size-medium\" src=\"https:\/\/eremos.eu\/wp-content\/uploads\/2015\/08\/44b4-300x196.jpg\" alt=\"44b\" width=\"300\" height=\"196\" srcset=\"https:\/\/eremos.eu\/wp-content\/uploads\/2015\/08\/44b4-300x196.jpg 300w, https:\/\/eremos.eu\/wp-content\/uploads\/2015\/08\/44b4.jpg 546w\" sizes=\"auto, (max-width: 300px) 100vw, 300px\" \/><\/a><\/p>\n<p><a href=\"https:\/\/eremos.eu\/wp-content\/uploads\/2015\/08\/44c3.jpg\"><img loading=\"lazy\" decoding=\"async\" class=\"wp-image-4267 alignnone\" src=\"https:\/\/eremos.eu\/wp-content\/uploads\/2015\/08\/44c3-300x201.jpg\" alt=\"44c\" width=\"293\" height=\"196\" srcset=\"https:\/\/eremos.eu\/wp-content\/uploads\/2015\/08\/44c3-300x201.jpg 300w, https:\/\/eremos.eu\/wp-content\/uploads\/2015\/08\/44c3.jpg 477w\" sizes=\"auto, (max-width: 293px) 100vw, 293px\" \/><\/a><\/p>\n<hr \/>\n<h3><span style=\"color: #0000ff;\"><strong>PIANA DI CATANIA<\/strong><\/span><\/h3>\n<p><strong>GROTTA DEL CROCEFISSO<\/strong> (Chiesa rupestre &#8211; XI-XII secolo)<\/p>\n<p>Localit\u00e0: <strong>Contrada del Crocefisso, Carlentini<\/strong> (SR) \u00a0 \u00a0 \u00a0 \u00a0 \u00a0 \u00a0 \u00a0 \u00a0 \u00a0 \u00a0 \u00a0 \u00a0 \u00a0 \u00a0 \u00a0 \u00a0 \u00a0 Sub-area: <span style=\"color: #0000ff;\">Val di Noto<\/span><\/p>\n<p style=\"text-align: justify;\">La grotta del Crocefisso, situata nell\u2019omonima contrada della zona archeologica di Leontinoi, \u00e8 costituita da due grandi ambienti quadrangolari, di cui uno absidato, comunicanti attraverso un varco e muniti di ingressi autonomi. Per quanto risistemata intorno alla met\u00e0 del Settecento, le sue origini sono anteriori al XII secolo con un primitivo utilizzo <a href=\"https:\/\/eremos.eu\/wp-content\/uploads\/2015\/08\/138f.jpg\"><img loading=\"lazy\" decoding=\"async\" class=\"alignright size-medium wp-image-4276\" src=\"https:\/\/eremos.eu\/wp-content\/uploads\/2015\/08\/138f-200x300.jpg\" alt=\"138f\" width=\"200\" height=\"300\" srcset=\"https:\/\/eremos.eu\/wp-content\/uploads\/2015\/08\/138f-200x300.jpg 200w, https:\/\/eremos.eu\/wp-content\/uploads\/2015\/08\/138f.jpg 337w\" sizes=\"auto, (max-width: 200px) 100vw, 200px\" \/><\/a>di tipo sepolcrale e poi con il successivo (XIII-XVI sec.) lavoro di ristrutturazione, e l\u2019apertura di nuovi spazi per la chiesa e per le dimore dei monaci eremiti, trasformata in laura. Ma quel che pi\u00f9 caratterizza e rende importante la grotta del Crocefisso \u00e8 il complesso apparato iconografico presente: un ciclo di affreschi rinnovato ed ampliato in almeno cinque diverse fasi decorative. Malgrado, in taluni casi, la scarsa leggibilit\u00e0 non ne consenta la sicura datazione, \u00e8 possibile collocare la prima fase intorno al XII secolo, con le formelle poste lungo una parete del vano maggiore che raffigurano scene del <i>Giudizio Universale<\/i>. Al XIII secolo, invece, appartengono quelli che occupano l\u2019altra parete ed il catino absidale: la <i>Crocifissione<\/i>, alquanto frammentaria, ed il <i>Cristo pantocratore <\/i>assiso in trono ed affiancato da due angeli, entrambi di gusto squisitamente bizantino come gli altri pannelli del \u201cpolittico di san Leonardo\u201d, di santa Elisabetta, della <i>Mater Domini<\/i> e di san Giovanni Battista sempre della stessa epoca. Le altre rappresentazioni, tra il XIV ed il XVII secolo, riguardano un teoria di santi occidentali come Eligio, Caterina da Siena, Pietro, Calogero e Margherita non disgiunti da una bellissima <i>Madonna con Bambino<\/i>, posta sull\u2019altare di fronte all\u2019ingresso, cui la grotta all\u2019origine era dedicata. (foto Diego Barucco per SiciliaFotografica.it)<\/p>\n<p><a href=\"https:\/\/eremos.eu\/wp-content\/uploads\/2015\/08\/1381.jpg\"><img loading=\"lazy\" decoding=\"async\" class=\"alignleft wp-image-4269 size-medium\" src=\"https:\/\/eremos.eu\/wp-content\/uploads\/2015\/08\/1381-300x200.jpg\" alt=\"138\" width=\"300\" height=\"200\" srcset=\"https:\/\/eremos.eu\/wp-content\/uploads\/2015\/08\/1381-300x200.jpg 300w, https:\/\/eremos.eu\/wp-content\/uploads\/2015\/08\/1381.jpg 496w\" sizes=\"auto, (max-width: 300px) 100vw, 300px\" \/><\/a><\/p>\n<p><a href=\"https:\/\/eremos.eu\/wp-content\/uploads\/2015\/08\/138b1.jpg\"><img loading=\"lazy\" decoding=\"async\" class=\"wp-image-4271 size-medium alignnone\" src=\"https:\/\/eremos.eu\/wp-content\/uploads\/2015\/08\/138b1-300x200.jpg\" alt=\"138b\" width=\"300\" height=\"200\" srcset=\"https:\/\/eremos.eu\/wp-content\/uploads\/2015\/08\/138b1-300x200.jpg 300w, https:\/\/eremos.eu\/wp-content\/uploads\/2015\/08\/138b1.jpg 496w\" sizes=\"auto, (max-width: 300px) 100vw, 300px\" \/><\/a><\/p>\n<p><a href=\"https:\/\/eremos.eu\/wp-content\/uploads\/2015\/08\/138a1.jpg\"><img loading=\"lazy\" decoding=\"async\" class=\"alignleft wp-image-4270 size-medium\" src=\"https:\/\/eremos.eu\/wp-content\/uploads\/2015\/08\/138a1-300x183.jpg\" alt=\"138a\" width=\"300\" height=\"183\" srcset=\"https:\/\/eremos.eu\/wp-content\/uploads\/2015\/08\/138a1-300x183.jpg 300w, https:\/\/eremos.eu\/wp-content\/uploads\/2015\/08\/138a1.jpg 568w\" sizes=\"auto, (max-width: 300px) 100vw, 300px\" \/><\/a><\/p>\n<p><a href=\"https:\/\/eremos.eu\/wp-content\/uploads\/2015\/08\/138e.jpg\"><img loading=\"lazy\" decoding=\"async\" class=\"wp-image-4272 alignnone\" src=\"https:\/\/eremos.eu\/wp-content\/uploads\/2015\/08\/138e-300x174.jpg\" alt=\"138e\" width=\"316\" height=\"183\" srcset=\"https:\/\/eremos.eu\/wp-content\/uploads\/2015\/08\/138e-300x174.jpg 300w, https:\/\/eremos.eu\/wp-content\/uploads\/2015\/08\/138e.jpg 595w\" sizes=\"auto, (max-width: 316px) 100vw, 316px\" \/><\/a><\/p>\n<p><a href=\"https:\/\/eremos.eu\/wp-content\/uploads\/2015\/08\/138d.jpg\"><img loading=\"lazy\" decoding=\"async\" class=\"alignleft wp-image-4273\" src=\"https:\/\/eremos.eu\/wp-content\/uploads\/2015\/08\/138d-222x300.jpg\" alt=\"138d\" width=\"207\" height=\"280\" srcset=\"https:\/\/eremos.eu\/wp-content\/uploads\/2015\/08\/138d-222x300.jpg 222w, https:\/\/eremos.eu\/wp-content\/uploads\/2015\/08\/138d.jpg 401w\" sizes=\"auto, (max-width: 207px) 100vw, 207px\" \/><\/a><\/p>\n<p><a href=\"https:\/\/eremos.eu\/wp-content\/uploads\/2015\/08\/138g.jpg\"><img loading=\"lazy\" decoding=\"async\" class=\"alignleft wp-image-4274\" src=\"https:\/\/eremos.eu\/wp-content\/uploads\/2015\/08\/138g-221x300.jpg\" alt=\"138g\" width=\"206\" height=\"280\" srcset=\"https:\/\/eremos.eu\/wp-content\/uploads\/2015\/08\/138g-221x300.jpg 221w, https:\/\/eremos.eu\/wp-content\/uploads\/2015\/08\/138g.jpg 398w\" sizes=\"auto, (max-width: 206px) 100vw, 206px\" \/><\/a><\/p>\n<p><a href=\"https:\/\/eremos.eu\/wp-content\/uploads\/2015\/08\/138c.jpg\"><img loading=\"lazy\" decoding=\"async\" class=\"alignnone wp-image-4275\" src=\"https:\/\/eremos.eu\/wp-content\/uploads\/2015\/08\/138c-220x300.jpg\" alt=\"138c\" width=\"205\" height=\"280\" srcset=\"https:\/\/eremos.eu\/wp-content\/uploads\/2015\/08\/138c-220x300.jpg 220w, https:\/\/eremos.eu\/wp-content\/uploads\/2015\/08\/138c.jpg 398w\" sizes=\"auto, (max-width: 205px) 100vw, 205px\" \/><\/a><\/p>\n<hr \/>\n<p><strong>GROTTA DI SAN MAURO<\/strong> (Chiesa rupestre &#8211; XV-XVI secolo)<\/p>\n<p>Localit\u00e0: <strong>Carlentini<\/strong> (SR) \u00a0 \u00a0 \u00a0 \u00a0 \u00a0 \u00a0 \u00a0 \u00a0 \u00a0 \u00a0 \u00a0 \u00a0Sub-area: <span style=\"color: #0000ff;\">Val di Noto<\/span><\/p>\n<p style=\"text-align: justify;\"><a href=\"https:\/\/eremos.eu\/wp-content\/uploads\/2015\/08\/139b.jpg\"><img loading=\"lazy\" decoding=\"async\" class=\"alignright size-medium wp-image-4281\" src=\"https:\/\/eremos.eu\/wp-content\/uploads\/2015\/08\/139b-200x300.jpg\" alt=\"139b\" width=\"200\" height=\"300\" srcset=\"https:\/\/eremos.eu\/wp-content\/uploads\/2015\/08\/139b-200x300.jpg 200w, https:\/\/eremos.eu\/wp-content\/uploads\/2015\/08\/139b.jpg 266w\" sizes=\"auto, (max-width: 200px) 100vw, 200px\" \/><\/a>La grotta di San Mauro, scavata sul costone roccioso dell\u2019omonimo colle nel territorio (parco archeologico) dell\u2019antica <i>polis<\/i> greca di Leontinoi, faceva parte di un cenobio rupestre di epoca tardo-medievale costituito da tre spazi comunicanti tra loro per mezzo di aperture interne di forma trapezoidale. Nella fattispecie, l\u2019ambiente di sinistra, a pianta rettangolare, era adibito al culto; quello di mezzo doveva essere il convivio o luogo delle riunioni; il terzo enorme vano, suddiviso in sette cellette, era sicuramente il romitorio dei monaci. La chiesa, di forma quadrata, presenta una grande abside con altare litico e volta a botte; mentre sono del tutto assenti le chiusure del perimetro esterno. Degli affreschi che interessavano la sola calotta absidale e risalenti approssimativamente alla seconda met\u00e0 del XVI secolo, per quanto notevolmente deteriorati, si sono conservati alcuni frammenti della <i>Nativit\u00e0<\/i> con le figure prone di san Giuseppe e della Madonna contornate da uno stuolo di angeli.<\/p>\n<p><a href=\"https:\/\/eremos.eu\/wp-content\/uploads\/2015\/08\/1391.jpg\"><img loading=\"lazy\" decoding=\"async\" class=\"alignleft wp-image-4277 size-medium\" src=\"https:\/\/eremos.eu\/wp-content\/uploads\/2015\/08\/1391-300x199.jpg\" alt=\"139\" width=\"300\" height=\"199\" srcset=\"https:\/\/eremos.eu\/wp-content\/uploads\/2015\/08\/1391-300x199.jpg 300w, https:\/\/eremos.eu\/wp-content\/uploads\/2015\/08\/1391.jpg 318w\" sizes=\"auto, (max-width: 300px) 100vw, 300px\" \/><\/a><a href=\"https:\/\/eremos.eu\/wp-content\/uploads\/2015\/08\/139a1.jpg\"><img loading=\"lazy\" decoding=\"async\" class=\"wp-image-4278 alignnone\" src=\"https:\/\/eremos.eu\/wp-content\/uploads\/2015\/08\/139a1-300x200.jpg\" alt=\"139a\" width=\"299\" height=\"199\" srcset=\"https:\/\/eremos.eu\/wp-content\/uploads\/2015\/08\/139a1-300x200.jpg 300w, https:\/\/eremos.eu\/wp-content\/uploads\/2015\/08\/139a1.jpg 317w\" sizes=\"auto, (max-width: 299px) 100vw, 299px\" \/><\/a><\/p>\n<p><a href=\"https:\/\/eremos.eu\/wp-content\/uploads\/2015\/08\/139c.jpg\"><img loading=\"lazy\" decoding=\"async\" class=\"alignleft wp-image-4279 size-medium\" src=\"https:\/\/eremos.eu\/wp-content\/uploads\/2015\/08\/139c-300x199.jpg\" alt=\"139c\" width=\"300\" height=\"199\" srcset=\"https:\/\/eremos.eu\/wp-content\/uploads\/2015\/08\/139c-300x199.jpg 300w, https:\/\/eremos.eu\/wp-content\/uploads\/2015\/08\/139c.jpg 716w\" sizes=\"auto, (max-width: 300px) 100vw, 300px\" \/><\/a><\/p>\n<p><a href=\"https:\/\/eremos.eu\/wp-content\/uploads\/2015\/08\/139d.jpg\"><img loading=\"lazy\" decoding=\"async\" class=\"wp-image-4280 alignnone\" src=\"https:\/\/eremos.eu\/wp-content\/uploads\/2015\/08\/139d-300x182.jpg\" alt=\"139d\" width=\"328\" height=\"199\" srcset=\"https:\/\/eremos.eu\/wp-content\/uploads\/2015\/08\/139d-300x182.jpg 300w, https:\/\/eremos.eu\/wp-content\/uploads\/2015\/08\/139d.jpg 722w\" sizes=\"auto, (max-width: 328px) 100vw, 328px\" \/><\/a><\/p>\n<hr \/>\n<p><strong>GROTTA DI SANT&#8217;ANDREA<\/strong> (Chiesa rupestre &#8211; XIII-XIV secolo)<\/p>\n<p>Localit\u00e0: <strong>Carlentini<\/strong> (SR) \u00a0 \u00a0 \u00a0 \u00a0 \u00a0 \u00a0 \u00a0 \u00a0 \u00a0 \u00a0 \u00a0 \u00a0Sub-area: <span style=\"color: #0000ff;\">Val di Noto<\/span><\/p>\n<p style=\"text-align: justify;\">Quella di Sant\u2019Andrea \u00e8 una delle cosiddette \u201cgrotte della solitudine\u201d scavate nel banco calcarenitico della Cava di San Mauro. Strutturalmente la chiesa consta di\u00a0 una profonda navata rettangolare con volta a botte ed abside, all\u2019interno della quale sono ricavati due ripiani, mentre lungo la fiancata di destra \u00e8 presente un sedile in pietra. Per quanto concerne le decorazioni, sono presenti nella sola area absidale: degna di nota una <i>Deposizione di Cristo <\/i>dipinta a fresco e datata intorno al XIV secolo.<\/p>\n<hr \/>\n<p><strong>GROTTA DI SANTA MARGHERITA<\/strong> (Chiesa rupestre &#8211; XI-XII secolo)<\/p>\n<p>Localit\u00e0: <strong>Carlentini<\/strong> (SR) \u00a0 \u00a0 \u00a0 \u00a0 \u00a0 \u00a0 \u00a0 \u00a0 \u00a0 \u00a0 \u00a0 \u00a0 \u00a0 \u00a0 \u00a0 \u00a0 \u00a0 \u00a0 \u00a0 \u00a0 \u00a0 \u00a0 \u00a0 \u00a0Sub-area: <span style=\"color: #0000ff;\">Val di Noto<\/span><\/p>\n<p style=\"text-align: justify;\"><a href=\"https:\/\/eremos.eu\/wp-content\/uploads\/2015\/08\/141c1.jpg\"><img loading=\"lazy\" decoding=\"async\" class=\"alignright size-medium wp-image-5919\" src=\"https:\/\/eremos.eu\/wp-content\/uploads\/2015\/08\/141c1-200x300.jpg\" alt=\"141c\" width=\"200\" height=\"300\" srcset=\"https:\/\/eremos.eu\/wp-content\/uploads\/2015\/08\/141c1-200x300.jpg 200w, https:\/\/eremos.eu\/wp-content\/uploads\/2015\/08\/141c1-683x1024.jpg 683w, https:\/\/eremos.eu\/wp-content\/uploads\/2015\/08\/141c1.jpg 895w\" sizes=\"auto, (max-width: 200px) 100vw, 200px\" \/><\/a><a href=\"https:\/\/eremos.eu\/wp-content\/uploads\/2015\/08\/141b1.jpg\"><img loading=\"lazy\" decoding=\"async\" class=\"alignright size-medium wp-image-5918\" src=\"https:\/\/eremos.eu\/wp-content\/uploads\/2015\/08\/141b1-200x300.jpg\" alt=\"141b\" width=\"200\" height=\"300\" srcset=\"https:\/\/eremos.eu\/wp-content\/uploads\/2015\/08\/141b1-200x300.jpg 200w, https:\/\/eremos.eu\/wp-content\/uploads\/2015\/08\/141b1-682x1024.jpg 682w, https:\/\/eremos.eu\/wp-content\/uploads\/2015\/08\/141b1.jpg 894w\" sizes=\"auto, (max-width: 200px) 100vw, 200px\" \/><\/a>Il ruolo cultuale della grotta di Santa Margherita, ricavata in una bassa parete calcarea dell\u2019omonima cava, sede della vasta area cimiteriale del vicino insediamento di Leontinoi, \u00e8 ufficialmente attestato nei primi anni del Trecento, ma gi\u00e0 nel XVII secolo risulter\u00e0 in stato di abbandono. La chiesa \u00e8 particolarmente interessante: per la forma dell\u2019abside (a sesto acuto piuttosto accentuato), per la razionale definizione degli spazi interni e per la complessa decorazione pittorica. In pratica, l\u2019architettura interna, che distingue gli spazi liturgici da quelli per i fedeli mediante un\u2019iconostasi, consta di un soffitto piano e, nella parete presbiteriale di fondo, dell\u2019apertura di due absidiole semicircolari affiancate; mentre, sulla sinistra, un piccolo ambiente adiacente a pianta poligonale conserva segni di tombe ad arcosolio (a testimonianza dell\u2019originario utilizzo\u00a0sepolcrale dell\u2019ipogeo poi inglobato nella chiesa). La decorazione invece sviluppava un ambizioso e complesso ciclo iconografico, con una teoria di santi nei pannelli laterali dell\u2019aula per i fedeli che si contrapponeva ad una <i>De\u00e9sis<\/i> nella conca absidale, dove la parte superiore era occupata da cinque clipei con i simboli dei quattro Evangelisti ed al centro l\u2019<i>Agnus Dei<\/i>, ed altri quattro pannelli sottostanti con figure di santi (si riconosce solo san Gregorio) e dell\u2019<i>Annunciazione<\/i>. Questi affreschi, malgrado la cattiva conservazione e la frammentariet\u00e0, databili tra la fine dell\u2019XI e l\u2019inizio del XII secolo, sono probabilmente il primo esempio (in Sicilia) di riuscito sincretismo tra la cultura greco-bizantina e quella normanna.<\/p>\n<p style=\"text-align: justify;\"><a href=\"https:\/\/eremos.eu\/wp-content\/uploads\/2015\/08\/141a3.jpg\"><img loading=\"lazy\" decoding=\"async\" class=\"alignleft wp-image-5920 size-medium\" src=\"https:\/\/eremos.eu\/wp-content\/uploads\/2015\/08\/141a3-300x200.jpg\" alt=\"141a\" width=\"300\" height=\"200\" srcset=\"https:\/\/eremos.eu\/wp-content\/uploads\/2015\/08\/141a3-300x200.jpg 300w, https:\/\/eremos.eu\/wp-content\/uploads\/2015\/08\/141a3.jpg 876w\" sizes=\"auto, (max-width: 300px) 100vw, 300px\" \/><\/a><\/p>\n<p style=\"text-align: justify;\"><a href=\"https:\/\/eremos.eu\/wp-content\/uploads\/2015\/08\/14111.jpg\"><img loading=\"lazy\" decoding=\"async\" class=\"wp-image-5921 size-medium alignnone\" src=\"https:\/\/eremos.eu\/wp-content\/uploads\/2015\/08\/14111-300x200.jpg\" alt=\"141\" width=\"300\" height=\"200\" srcset=\"https:\/\/eremos.eu\/wp-content\/uploads\/2015\/08\/14111-300x200.jpg 300w, https:\/\/eremos.eu\/wp-content\/uploads\/2015\/08\/14111.jpg 876w\" sizes=\"auto, (max-width: 300px) 100vw, 300px\" \/><\/a><\/p>\n<hr \/>\n<p style=\"text-align: justify;\"><strong>ORATORIO DEL CRISTO BIONDO<\/strong> (Oratorio rupestre &#8211; XIII secolo)<\/p>\n<p>Localit\u00e0: <strong>Carlentini<\/strong> (SR) \u00a0 \u00a0 \u00a0 \u00a0 \u00a0 \u00a0 \u00a0 \u00a0 \u00a0 \u00a0 \u00a0 \u00a0Sub-area: <span style=\"color: #0000ff;\">Val di Noto<\/span><\/p>\n<p style=\"text-align: justify;\">L\u2019oratorio del Cristo Biondo fa parte di un villaggio rupestre medievale presente in un terrazzamento della costa orientale della cava di San Mauro. Della chiesa, in pessimo stato di conservazione, rimane una piccola aula absidata vagamente trapezoidale, con volta a botte ribassata, che all\u2019origine era quasi integralmente affrescata. Nella zona absidale \u00e8 possibile ancora intravvedere il giovane volto di un <i>Cristo<\/i> <i>pantocratore<\/i> dai capelli insolitamente biondi (da qui l\u2019intitolazione dell\u2019oratorio) in ossequio ad un modello di rappresentazione tipicamente orientale. Tanto l\u2019architettura interna quanto lo stile della pittura fanno collocare l\u2019oratorio nel XIII secolo.<\/p>\n<hr \/>\n<p><strong>EREMO DELLA GABELLA<\/strong> (Ruderi di chiesa e romitorio &#8211; XVI secolo)<\/p>\n<p>Localit\u00e0: <strong>Castel di I\u00f9dica<\/strong> (CT) \u00a0 \u00a0 \u00a0 \u00a0 \u00a0 \u00a0 \u00a0 \u00a0 \u00a0 \u00a0 \u00a0 \u00a0 \u00a0\u00a0Sub-area: <span style=\"color: #0000ff;\">Val di Noto<\/span><\/p>\n<p style=\"text-align: justify;\">I poveri ma severi resti dell\u2019eremo della Gabella e della chiesa di San Michele Arcangelo si trovano adagiati sulla degradante sella formata dalle cime del monte I\u00f9dica. Sono la viva testimonianza di un antico insediamento eremitico risalente al XVI secolo che comprendeva anche altre strutture utilizzate dai monaci come magazzini o silos, in parte <a href=\"https:\/\/eremos.eu\/wp-content\/uploads\/2015\/08\/143a1.jpg\"><img loading=\"lazy\" decoding=\"async\" class=\"alignright wp-image-4286\" src=\"https:\/\/eremos.eu\/wp-content\/uploads\/2015\/08\/143a1-208x300.jpg\" alt=\"143a\" width=\"205\" height=\"295\" srcset=\"https:\/\/eremos.eu\/wp-content\/uploads\/2015\/08\/143a1-208x300.jpg 208w, https:\/\/eremos.eu\/wp-content\/uploads\/2015\/08\/143a1.jpg 395w\" sizes=\"auto, (max-width: 205px) 100vw, 205px\" \/><\/a>mutuati o fagocitati dalla masseria Iudica sorta nell\u2019800 e oggi di propriet\u00e0 provinciale.<\/p>\n<p><a href=\"https:\/\/eremos.eu\/wp-content\/uploads\/2015\/08\/143b1.jpg\"><img loading=\"lazy\" decoding=\"async\" class=\"size-medium wp-image-4285 alignnone\" src=\"https:\/\/eremos.eu\/wp-content\/uploads\/2015\/08\/143b1-300x226.jpg\" alt=\"143b\" width=\"300\" height=\"226\" srcset=\"https:\/\/eremos.eu\/wp-content\/uploads\/2015\/08\/143b1-300x226.jpg 300w, https:\/\/eremos.eu\/wp-content\/uploads\/2015\/08\/143b1.jpg 399w\" sizes=\"auto, (max-width: 300px) 100vw, 300px\" \/><\/a><\/p>\n<hr \/>\n<p><strong>EREMO DI SAN GIACOMO<\/strong> (Ruderi di chiesa e romitorio &#8211; XVII secolo)<\/p>\n<p>Localit\u00e0: <strong>Castel di I\u00f9dica<\/strong> (CT) \u00a0 \u00a0 \u00a0 \u00a0 \u00a0 \u00a0 \u00a0 \u00a0 \u00a0 \u00a0 \u00a0 \u00a0 \u00a0 \u00a0 \u00a0 \u00a0 \u00a0 \u00a0 \u00a0 \u00a0 \u00a0 \u00a0 \u00a0 Sub-area: <span style=\"color: #0000ff;\">Val di Noto<\/span><\/p>\n<p style=\"text-align: justify;\"><a href=\"https:\/\/eremos.eu\/wp-content\/uploads\/2015\/08\/144c.jpg\"><img loading=\"lazy\" decoding=\"async\" class=\"alignright size-full wp-image-4290\" src=\"https:\/\/eremos.eu\/wp-content\/uploads\/2015\/08\/144c.jpg\" alt=\"144c\" width=\"254\" height=\"163\" \/><\/a>I ruderi dell\u2019eremo di San Giacomo si possono tutt\u2019oggi rinvenire sulle alture del monte Turcisi, il rilievo collinare che s\u2019inserisce tra le vallate del Dittaino e del Gornalunga, gi\u00e0 sede di un fortilizio di et\u00e0 greca. Il complesso religioso, sorto intorno al 1650 e comprendente un edificio conventuale per ospitare i monaci provenienti dal vicino monte I\u00f9dica oltre ad una chiesa, \u00e8 per\u00f2 destinato ad una vita assai breve e stentata, tanto che all\u2019inizio del XIX secolo finir\u00e0 per restare abbandonato ed andare in rovina.<\/p>\n<p><a href=\"https:\/\/eremos.eu\/wp-content\/uploads\/2015\/08\/144a.jpg\"><img loading=\"lazy\" decoding=\"async\" class=\"alignleft size-full wp-image-4288\" src=\"https:\/\/eremos.eu\/wp-content\/uploads\/2015\/08\/144a.jpg\" alt=\"144a\" width=\"254\" height=\"164\" \/><\/a><a href=\"https:\/\/eremos.eu\/wp-content\/uploads\/2015\/08\/144b.jpg\"><img loading=\"lazy\" decoding=\"async\" class=\"size-full wp-image-4289 alignnone\" src=\"https:\/\/eremos.eu\/wp-content\/uploads\/2015\/08\/144b.jpg\" alt=\"144b\" width=\"255\" height=\"163\" \/><\/a><\/p>\n<hr \/>\n<p><strong>CHIESA DI SAN GIULIANO<\/strong> (Chiesa rupestre &#8211; IX-X secolo)<\/p>\n<p>Localit\u00e0: <strong>Contrada Grotte della Scalderia, Lentini<\/strong> (SR) \u00a0 \u00a0 \u00a0 \u00a0 \u00a0 \u00a0 \u00a0 \u00a0Sub-area: <span style=\"color: #0000ff;\">Val di Noto<\/span><\/p>\n<p style=\"text-align: justify;\">La chiesa di San Giuliano, che occupa la grotta scavata nella parete calcarea della Cava Ruccia in contrada Grotte della Scalderia, consta di un ambiente rettangolare con soffitto piano oltre ad un paio di ricettacoli ricavati lungo le pareti laterali, il tutto racchiuso\/protetto da una facciata in muratura con portale d\u2019accesso. Nella parete di fondo trova posto un altare in muratura ed una grande edicola arcuata, mentre un secondo altarino in pietra \u00e8 allocato in un incavo di destra. Nonostante il grave deterioramento dell\u2019intonaco, non sono rilevabili tracce di dipinti o simboli sacri.<\/p>\n<p><a href=\"https:\/\/eremos.eu\/wp-content\/uploads\/2015\/08\/1451.jpg\"><img loading=\"lazy\" decoding=\"async\" class=\"alignleft wp-image-4291 size-medium\" src=\"https:\/\/eremos.eu\/wp-content\/uploads\/2015\/08\/1451-300x199.jpg\" alt=\"145\" width=\"300\" height=\"199\" srcset=\"https:\/\/eremos.eu\/wp-content\/uploads\/2015\/08\/1451-300x199.jpg 300w, https:\/\/eremos.eu\/wp-content\/uploads\/2015\/08\/1451.jpg 767w\" sizes=\"auto, (max-width: 300px) 100vw, 300px\" \/><\/a><a href=\"https:\/\/eremos.eu\/wp-content\/uploads\/2015\/08\/145a1.jpg\"><img loading=\"lazy\" decoding=\"async\" class=\"wp-image-4292 size-medium alignnone\" src=\"https:\/\/eremos.eu\/wp-content\/uploads\/2015\/08\/145a1-300x199.jpg\" alt=\"145a\" width=\"300\" height=\"199\" srcset=\"https:\/\/eremos.eu\/wp-content\/uploads\/2015\/08\/145a1-300x199.jpg 300w, https:\/\/eremos.eu\/wp-content\/uploads\/2015\/08\/145a1.jpg 764w\" sizes=\"auto, (max-width: 300px) 100vw, 300px\" \/><\/a><\/p>\n<p><a href=\"https:\/\/eremos.eu\/wp-content\/uploads\/2015\/08\/145b.jpg\"><img loading=\"lazy\" decoding=\"async\" class=\"alignleft size-medium wp-image-4293\" src=\"https:\/\/eremos.eu\/wp-content\/uploads\/2015\/08\/145b-300x200.jpg\" alt=\"145b\" width=\"300\" height=\"200\" srcset=\"https:\/\/eremos.eu\/wp-content\/uploads\/2015\/08\/145b-300x200.jpg 300w, https:\/\/eremos.eu\/wp-content\/uploads\/2015\/08\/145b.jpg 641w\" sizes=\"auto, (max-width: 300px) 100vw, 300px\" \/><\/a><a href=\"https:\/\/eremos.eu\/wp-content\/uploads\/2015\/08\/145c.jpg\"><img loading=\"lazy\" decoding=\"async\" class=\"size-medium wp-image-4294 alignnone\" src=\"https:\/\/eremos.eu\/wp-content\/uploads\/2015\/08\/145c-300x200.jpg\" alt=\"145c\" width=\"300\" height=\"200\" srcset=\"https:\/\/eremos.eu\/wp-content\/uploads\/2015\/08\/145c-300x200.jpg 300w, https:\/\/eremos.eu\/wp-content\/uploads\/2015\/08\/145c.jpg 764w\" sizes=\"auto, (max-width: 300px) 100vw, 300px\" \/><\/a><\/p>\n<hr \/>\n<p><strong>CHIESA DI SAN GIUSEPPE IL GIUSTO<\/strong> (Ruderi di chiesa semirupestre &#8211; XIV secolo)<\/p>\n<p>Localit\u00e0: <strong>Lentini<\/strong> (SR) \u00a0 \u00a0 \u00a0 \u00a0 \u00a0 \u00a0 \u00a0 \u00a0 \u00a0 \u00a0 \u00a0Sub-area: <span style=\"color: #0000ff;\">Val di Noto<\/span><\/p>\n<p style=\"text-align: justify;\">La chiesa semirupestre di San Giuseppe il Giusto, nonostante le mutilazioni subite ed il degrado cui ha dovuto assoggettarsi, riesce ancora a stupire per la ricchezza di arredi e decorazioni che un tempo adornavano il suo interno. Tanto l\u2019altare di epoca bizantina scavato nella viva roccia quanto gli affreschi che ricoprivano il tetto a botte e le pareti, seppure di epoca diversa e male conservati, erano di pregevole fattura. Insomma, un ennesimo piccolo gioiello d\u2019arte medievale che rischia di andare perduto.<\/p>\n<p><a href=\"https:\/\/eremos.eu\/wp-content\/uploads\/2015\/08\/1461.jpg\"><img loading=\"lazy\" decoding=\"async\" class=\"alignleft wp-image-4296 size-medium\" src=\"https:\/\/eremos.eu\/wp-content\/uploads\/2015\/08\/1461-300x200.jpg\" alt=\"146\" width=\"300\" height=\"200\" srcset=\"https:\/\/eremos.eu\/wp-content\/uploads\/2015\/08\/1461-300x200.jpg 300w, https:\/\/eremos.eu\/wp-content\/uploads\/2015\/08\/1461-1024x682.jpg 1024w, https:\/\/eremos.eu\/wp-content\/uploads\/2015\/08\/1461.jpg 1049w\" sizes=\"auto, (max-width: 300px) 100vw, 300px\" \/><\/a><a href=\"https:\/\/eremos.eu\/wp-content\/uploads\/2015\/08\/146x.jpg\"><img loading=\"lazy\" decoding=\"async\" class=\"wp-image-4298 alignnone\" src=\"https:\/\/eremos.eu\/wp-content\/uploads\/2015\/08\/146x-300x201.jpg\" alt=\"146x\" width=\"299\" height=\"200\" srcset=\"https:\/\/eremos.eu\/wp-content\/uploads\/2015\/08\/146x-300x201.jpg 300w, https:\/\/eremos.eu\/wp-content\/uploads\/2015\/08\/146x-1024x685.jpg 1024w, https:\/\/eremos.eu\/wp-content\/uploads\/2015\/08\/146x.jpg 1045w\" sizes=\"auto, (max-width: 299px) 100vw, 299px\" \/><\/a><\/p>\n<p><a href=\"https:\/\/eremos.eu\/wp-content\/uploads\/2015\/08\/146b.jpg\"><img loading=\"lazy\" decoding=\"async\" class=\"alignleft wp-image-4297 size-medium\" src=\"https:\/\/eremos.eu\/wp-content\/uploads\/2015\/08\/146b-300x200.jpg\" alt=\"146b\" width=\"300\" height=\"200\" srcset=\"https:\/\/eremos.eu\/wp-content\/uploads\/2015\/08\/146b-300x200.jpg 300w, https:\/\/eremos.eu\/wp-content\/uploads\/2015\/08\/146b-1024x683.jpg 1024w, https:\/\/eremos.eu\/wp-content\/uploads\/2015\/08\/146b.jpg 1049w\" sizes=\"auto, (max-width: 300px) 100vw, 300px\" \/><\/a><\/p>\n<p><a href=\"https:\/\/eremos.eu\/wp-content\/uploads\/2015\/08\/146d.jpg\"><img loading=\"lazy\" decoding=\"async\" class=\"wp-image-4299 alignnone\" src=\"https:\/\/eremos.eu\/wp-content\/uploads\/2015\/08\/146d-300x191.jpg\" alt=\"146d\" width=\"314\" height=\"200\" srcset=\"https:\/\/eremos.eu\/wp-content\/uploads\/2015\/08\/146d-300x191.jpg 300w, https:\/\/eremos.eu\/wp-content\/uploads\/2015\/08\/146d-1024x652.jpg 1024w, https:\/\/eremos.eu\/wp-content\/uploads\/2015\/08\/146d.jpg 1049w\" sizes=\"auto, (max-width: 314px) 100vw, 314px\" \/><\/a><\/p>\n<p><a href=\"https:\/\/eremos.eu\/wp-content\/uploads\/2015\/08\/146e.jpg\"><img loading=\"lazy\" decoding=\"async\" class=\"alignleft wp-image-4300 size-medium\" src=\"https:\/\/eremos.eu\/wp-content\/uploads\/2015\/08\/146e-300x200.jpg\" alt=\"146e\" width=\"300\" height=\"200\" srcset=\"https:\/\/eremos.eu\/wp-content\/uploads\/2015\/08\/146e-300x200.jpg 300w, https:\/\/eremos.eu\/wp-content\/uploads\/2015\/08\/146e.jpg 713w\" sizes=\"auto, (max-width: 300px) 100vw, 300px\" \/><\/a><a href=\"https:\/\/eremos.eu\/wp-content\/uploads\/2015\/08\/146f.jpg\"><img loading=\"lazy\" decoding=\"async\" class=\"wp-image-4302 alignnone\" src=\"https:\/\/eremos.eu\/wp-content\/uploads\/2015\/08\/146f-300x199.jpg\" alt=\"146f\" width=\"301\" height=\"200\" srcset=\"https:\/\/eremos.eu\/wp-content\/uploads\/2015\/08\/146f-300x199.jpg 300w, https:\/\/eremos.eu\/wp-content\/uploads\/2015\/08\/146f.jpg 716w\" sizes=\"auto, (max-width: 301px) 100vw, 301px\" \/><\/a><\/p>\n<hr \/>\n<p><strong>COLONNE DI SAN BASILIO<\/strong> (Chiesa rupestre &#8211; I-II a.C.-VIII)<\/p>\n<p><a href=\"https:\/\/eremos.eu\/wp-content\/uploads\/2015\/08\/147d.jpg\"><img loading=\"lazy\" decoding=\"async\" class=\"alignright size-medium wp-image-4308\" src=\"https:\/\/eremos.eu\/wp-content\/uploads\/2015\/08\/147d-226x300.jpg\" alt=\"147d\" width=\"226\" height=\"300\" srcset=\"https:\/\/eremos.eu\/wp-content\/uploads\/2015\/08\/147d-226x300.jpg 226w, https:\/\/eremos.eu\/wp-content\/uploads\/2015\/08\/147d-770x1024.jpg 770w, https:\/\/eremos.eu\/wp-content\/uploads\/2015\/08\/147d.jpg 825w\" sizes=\"auto, (max-width: 226px) 100vw, 226px\" \/><\/a>Localit\u00e0: <strong>Lentini<\/strong> (SR)<\/p>\n<p>Sub-area: <span style=\"color: #0000ff;\">Val di Noto<\/span><\/p>\n<p style=\"text-align: justify;\">Con il termine \u201cColonne di San Basilio\u201d si identifica un\u2019antica ed imponente struttura di epoca classica situata in cima al monte San Basilio, in un\u2019area gi\u00e0 fortemente antropizzata nella preistoria. Nella fattispecie, \u00e8 interamente scavata nella roccia calcarea ed \u00e8 formata da ben 32 colonne, in buona parte crollate, che sostengono delle lastre di pietra. Nonostante l\u2019ipotetico uso originario (una grande cisterna d\u2019acqua per l\u2019approvvigionamento dei soldati presenti nelle fortificazioni limitrofe), in epoca bizantina la struttura \u00e8 stata sicuramente riconvertita in un luogo di culto, com\u2019\u00e8 visibilmente attestato dalle tracce di affreschi su alcune colonne. Inutile aggiungere che, allo stato odierno, l\u2019intera area \u00e8 abbandonata a s\u00e9 stessa.<\/p>\n<p><a href=\"https:\/\/eremos.eu\/wp-content\/uploads\/2015\/08\/1471.jpg\"><img loading=\"lazy\" decoding=\"async\" class=\"alignleft wp-image-4303 size-medium\" src=\"https:\/\/eremos.eu\/wp-content\/uploads\/2015\/08\/1471-300x165.jpg\" alt=\"147\" width=\"300\" height=\"165\" srcset=\"https:\/\/eremos.eu\/wp-content\/uploads\/2015\/08\/1471-300x165.jpg 300w, https:\/\/eremos.eu\/wp-content\/uploads\/2015\/08\/1471.jpg 1009w\" sizes=\"auto, (max-width: 300px) 100vw, 300px\" \/><\/a><a href=\"https:\/\/eremos.eu\/wp-content\/uploads\/2015\/08\/147a1.jpg\"><img loading=\"lazy\" decoding=\"async\" class=\"wp-image-4305 alignnone\" src=\"https:\/\/eremos.eu\/wp-content\/uploads\/2015\/08\/147a1-300x177.jpg\" alt=\"147a\" width=\"279\" height=\"165\" srcset=\"https:\/\/eremos.eu\/wp-content\/uploads\/2015\/08\/147a1-300x177.jpg 300w, https:\/\/eremos.eu\/wp-content\/uploads\/2015\/08\/147a1-1024x606.jpg 1024w, https:\/\/eremos.eu\/wp-content\/uploads\/2015\/08\/147a1.jpg 1028w\" sizes=\"auto, (max-width: 279px) 100vw, 279px\" \/><\/a><\/p>\n<p><a href=\"https:\/\/eremos.eu\/wp-content\/uploads\/2015\/08\/147b1.jpg\"><img loading=\"lazy\" decoding=\"async\" class=\"alignleft wp-image-4306 size-medium\" src=\"https:\/\/eremos.eu\/wp-content\/uploads\/2015\/08\/147b1-300x224.jpg\" alt=\"147b\" width=\"300\" height=\"224\" srcset=\"https:\/\/eremos.eu\/wp-content\/uploads\/2015\/08\/147b1-300x224.jpg 300w, https:\/\/eremos.eu\/wp-content\/uploads\/2015\/08\/147b1.jpg 822w\" sizes=\"auto, (max-width: 300px) 100vw, 300px\" \/><\/a><a href=\"https:\/\/eremos.eu\/wp-content\/uploads\/2015\/08\/147c.jpg\"><img loading=\"lazy\" decoding=\"async\" class=\"wp-image-4307 size-medium alignnone\" src=\"https:\/\/eremos.eu\/wp-content\/uploads\/2015\/08\/147c-300x224.jpg\" alt=\"147c\" width=\"300\" height=\"224\" srcset=\"https:\/\/eremos.eu\/wp-content\/uploads\/2015\/08\/147c-300x224.jpg 300w, https:\/\/eremos.eu\/wp-content\/uploads\/2015\/08\/147c.jpg 822w\" sizes=\"auto, (max-width: 300px) 100vw, 300px\" \/><\/a><\/p>\n<hr \/>\n<p><strong>GROTTA DEI TRE SANTI O IL CARCERE<\/strong> (Chiesa rupestre &#8211; III-IV secolo)<\/p>\n<p>Localit\u00e0: <strong>Lentini<\/strong> (SR) \u00a0 \u00a0 \u00a0 \u00a0 \u00a0 \u00a0 \u00a0 \u00a0 \u00a0 \u00a0 \u00a0 \u00a0 \u00a0 \u00a0 \u00a0 \u00a0 \u00a0 \u00a0 Sub-area: <span style=\"color: #0000ff;\">Val di Noto<\/span><\/p>\n<p style=\"text-align: justify;\">La grotta\u00a0dei Tre Santi, chiamata anche Il Carcere, \u00e8 quella in cui, secondo la tradizione, nel 253 vennero rinchiusi per otto mesi prima di essere martirizzati i tre santi compatroni di Lentini, Alfio, Filadelfio e Cirino. La chiesetta rupestre\u00a0ad aula quadrangolare, piuttosto spoglia e severa, esibisce unicamente le tre statuine lignee dei santi sopra l&#8217;altarino.<\/p>\n<p><a href=\"https:\/\/eremos.eu\/wp-content\/uploads\/2015\/08\/LENTINI-Il-carcere-1.jpg\"><img loading=\"lazy\" decoding=\"async\" class=\"alignleft size-medium wp-image-6147\" src=\"https:\/\/eremos.eu\/wp-content\/uploads\/2015\/08\/LENTINI-Il-carcere-1-300x200.jpg\" alt=\"LENTINI - Il carcere 1\" width=\"300\" height=\"200\" srcset=\"https:\/\/eremos.eu\/wp-content\/uploads\/2015\/08\/LENTINI-Il-carcere-1-300x200.jpg 300w, https:\/\/eremos.eu\/wp-content\/uploads\/2015\/08\/LENTINI-Il-carcere-1.jpg 1024w\" sizes=\"auto, (max-width: 300px) 100vw, 300px\" \/><\/a><\/p>\n<p><a href=\"https:\/\/eremos.eu\/wp-content\/uploads\/2015\/08\/LENTINI-Il-carcere.jpg\"><img loading=\"lazy\" decoding=\"async\" class=\"size-medium wp-image-6148 alignnone\" src=\"https:\/\/eremos.eu\/wp-content\/uploads\/2015\/08\/LENTINI-Il-carcere-300x200.jpg\" alt=\"LENTINI - Il carcere\" width=\"300\" height=\"200\" srcset=\"https:\/\/eremos.eu\/wp-content\/uploads\/2015\/08\/LENTINI-Il-carcere-300x200.jpg 300w, https:\/\/eremos.eu\/wp-content\/uploads\/2015\/08\/LENTINI-Il-carcere.jpg 1024w\" sizes=\"auto, (max-width: 300px) 100vw, 300px\" \/><\/a><\/p>\n<hr \/>\n<p><strong>GROTTA DI SANT&#8217;ALANIA O ANANIA<\/strong> (Chiesa rupestre &#8211; VIII-IX secolo)<\/p>\n<p>Localit\u00e0: <strong>Lentini<\/strong> (SR) \u00a0 \u00a0 \u00a0 \u00a0 \u00a0 \u00a0 \u00a0 \u00a0 \u00a0 \u00a0 \u00a0Sub-area: <span style=\"color: #0000ff;\">Val di Noto<\/span><\/p>\n<p style=\"text-align: justify;\">La grotta di Sant\u2019Alania o di Sant\u2019Anania, scavata in un basso costone di roccia del- l\u2019omonimo colle, nelle immediate vicinanze di un\u2019antica area cimiteriale, appartiene sicuramente all\u2019epoca altomedievale. La chiesa \u00e8 costituita da un ambiente quadrato con soffitto piano che culmina in fondo con un presbiterio rialzato vagamente trapezoidale ed un\u2019abside semicircolare. Dell\u2019impianto iconografico che all\u2019origine la rivestiva mediante pannelli posti sotto ciascuna delle arcate parietali, purtroppo rimangono solo labili tracce. Nell\u2019ultima arcata di sinistra si conserva un tratto del volto e dell\u2019ala sinistra dell\u2019arcangelo Michele; mentre in quella opposta di destra alcuni frammenti di un paio di santi lasciano riconoscere a malapena sant\u2019Elia.<\/p>\n<hr \/>\n<p><strong>ORATORIO DI SANTA LUCIA<\/strong> (Oratorio rupestre &#8211; XIII-XIV secolo)<\/p>\n<p>Localit\u00e0: <strong>Lentini<\/strong> (SR) \u00a0 \u00a0 \u00a0 \u00a0 \u00a0 \u00a0 \u00a0 \u00a0 \u00a0 \u00a0 \u00a0 Sub-area: <span style=\"color: #0000ff;\">Val di Noto<\/span><\/p>\n<p style=\"text-align: justify;\"><a href=\"https:\/\/eremos.eu\/wp-content\/uploads\/2015\/08\/1491.jpg\"><img loading=\"lazy\" decoding=\"async\" class=\"alignleft size-medium wp-image-4309\" src=\"https:\/\/eremos.eu\/wp-content\/uploads\/2015\/08\/1491-201x300.jpg\" alt=\"149\" width=\"201\" height=\"300\" srcset=\"https:\/\/eremos.eu\/wp-content\/uploads\/2015\/08\/1491-201x300.jpg 201w, https:\/\/eremos.eu\/wp-content\/uploads\/2015\/08\/1491.jpg 344w\" sizes=\"auto, (max-width: 201px) 100vw, 201px\" \/><\/a>L\u2019oratorio rupestre di Santa Lucia, in attonita compagnia delle rovine (XIV secolo) di quello che probabilmente fu il convento delle Clarisse, \u00e8 ricavato in una bassa parete calcarea del colle Tirone. La struttura, peraltro costituita da un unico ambiente trapezoidale con volta piana, nella parete di fondo presenta <a href=\"https:\/\/eremos.eu\/wp-content\/uploads\/2015\/08\/149a1.jpg\"><img loading=\"lazy\" decoding=\"async\" class=\"alignright size-medium wp-image-4310\" src=\"https:\/\/eremos.eu\/wp-content\/uploads\/2015\/08\/149a1-200x300.jpg\" alt=\"149a\" width=\"200\" height=\"300\" srcset=\"https:\/\/eremos.eu\/wp-content\/uploads\/2015\/08\/149a1-200x300.jpg 200w, https:\/\/eremos.eu\/wp-content\/uploads\/2015\/08\/149a1.jpg 331w\" sizes=\"auto, (max-width: 200px) 100vw, 200px\" \/><\/a>un\u2019abside rialzata dotata di due teche semicircolari; mentre in quella di destra si possono rilevare i resti di un sedile. L\u2019oratorio era totalmente affrescato con immagini dell\u2019iconografia classica bizantina: nell\u2019abside \u00e8 ancora ravvisabile la figura del <i>Cristo pantocratore <\/i>accompagnata, nella teca di sinistra, da Santa Lucia; nella fiancata di destra, invece, sono distinguibili un Santo vescovo, una <i>Madonna con Bambino<\/i>, un san Nicola ed un probabile san Giorgio. In ogni caso la datazione dei dipinti, che va collocata tra la fine del XIII e la met\u00e0 del XIV secolo, lascia supporre un sinergico e funzionale legame con il contiguo convento delle Clarisse gi\u00e0 citato.<\/p>\n<hr \/>\n<p><strong>CENOBIO BENEDETTINO DEL PIRATO<\/strong> (Ruderi di cenobio semirupestre &#8211; XIII secolo)<\/p>\n<p><a href=\"https:\/\/eremos.eu\/wp-content\/uploads\/2015\/08\/1501.jpg\"><img loading=\"lazy\" decoding=\"async\" class=\"alignright size-medium wp-image-4311\" src=\"https:\/\/eremos.eu\/wp-content\/uploads\/2015\/08\/1501-300x168.jpg\" alt=\"150\" width=\"300\" height=\"168\" srcset=\"https:\/\/eremos.eu\/wp-content\/uploads\/2015\/08\/1501-300x168.jpg 300w, https:\/\/eremos.eu\/wp-content\/uploads\/2015\/08\/1501.jpg 812w\" sizes=\"auto, (max-width: 300px) 100vw, 300px\" \/><\/a>Localit\u00e0: <strong>Militello in Val di Catania<\/strong> (CT)<\/p>\n<p>Sub-area: <span style=\"color: #0000ff;\">Val di Noto<\/span><\/p>\n<p style=\"text-align: justify;\">Quel che rimane dell\u2019antico monastero benedettino del Pirato, edificato nella cosiddetta \u201cCava dei Monaci\u201d nel 1154 non lontano del centro abitato, \u00e8 una delle testimonianze di quell\u2019opera di latinizzazione della Sicilia operata\/tentata dalla Chiesa di Roma tramite i monaci benedettini.<\/p>\n<hr \/>\n<p><strong>CHIESA DEL CONVENTAZZU<\/strong> (Ruderi di chiesa-romitorio)<\/p>\n<p><a href=\"https:\/\/eremos.eu\/wp-content\/uploads\/2015\/08\/1519.jpg\"><img loading=\"lazy\" decoding=\"async\" class=\"alignright size-medium wp-image-4312\" src=\"https:\/\/eremos.eu\/wp-content\/uploads\/2015\/08\/1519-300x199.jpg\" alt=\"151\" width=\"300\" height=\"199\" srcset=\"https:\/\/eremos.eu\/wp-content\/uploads\/2015\/08\/1519-300x199.jpg 300w, https:\/\/eremos.eu\/wp-content\/uploads\/2015\/08\/1519.jpg 812w\" sizes=\"auto, (max-width: 300px) 100vw, 300px\" \/><\/a>Localit\u00e0: <strong>Militello in Val di Catania<\/strong> (CT)<\/p>\n<p>Sub-area: <span style=\"color: #0000ff;\">Val di Noto<\/span><\/p>\n<p style=\"text-align: justify;\">La cosiddetta \u201cchiesa del Conventazzu\u201d, appena fuori dall\u2019abitato e probabilmente dedicata a San Marco, faceva parte di un complesso monastico sorto sulle rovine di una fortificazione greca. I resti odierni risalgono al Cinquecento, in concomitanza con l\u2019abbandono dei monaci eremiti agostiniani che utilizzarono a lungo il romitorio prima di trasferirsi definitivamente in citt\u00e0.<\/p>\n<hr \/>\n<p><strong>CHIESA DI SANTA BARBARA<\/strong> (Ruderi di chiesa rupestre &#8211; III-IV secolo)<\/p>\n<p>Localit\u00e0: <strong>Militello in Val di Catania<\/strong> (CT) \u00a0 \u00a0 \u00a0 \u00a0 \u00a0 \u00a0 \u00a0 \u00a0 \u00a0 \u00a0 \u00a0 \u00a0Sub-area: <span style=\"color: #0000ff;\">Val di Noto<\/span><\/p>\n<p style=\"text-align: justify;\"><a href=\"https:\/\/eremos.eu\/wp-content\/uploads\/2015\/08\/1521.jpg\"><img loading=\"lazy\" decoding=\"async\" class=\"alignleft wp-image-4313\" src=\"https:\/\/eremos.eu\/wp-content\/uploads\/2015\/08\/1521-300x199.jpg\" alt=\"152\" width=\"226\" height=\"150\" srcset=\"https:\/\/eremos.eu\/wp-content\/uploads\/2015\/08\/1521-300x199.jpg 300w, https:\/\/eremos.eu\/wp-content\/uploads\/2015\/08\/1521-1024x678.jpg 1024w, https:\/\/eremos.eu\/wp-content\/uploads\/2015\/08\/1521.jpg 1049w\" sizes=\"auto, (max-width: 226px) 100vw, 226px\" \/><\/a>Quella di Santa barbara \u00e8 un\u2019ampia chiesa rupestre situata ad est della vecchia Militello, in posizione dominante rispetto ad un villaggio <i>in rupe <a href=\"https:\/\/eremos.eu\/wp-content\/uploads\/2015\/08\/152a1.jpg\"><img loading=\"lazy\" decoding=\"async\" class=\"alignright wp-image-4314\" src=\"https:\/\/eremos.eu\/wp-content\/uploads\/2015\/08\/152a1.jpg\" alt=\"152a\" width=\"200\" height=\"150\" \/><\/a><\/i>altomedievale distribuito su pi\u00f9 livelli che prendeva il nome dalla chiesa. La grotta, in origine probabilmente una tomba, venne ampliata e utilizzata in vari modi nel corso dei secoli, tanto che al suo interno sono rari e quasi del tutto compromessi gli elementi riconducibili all&#8217;uso cultuale, come talune nicchie ed un altare scavato sulla parete sud.<\/p>\n<hr \/>\n<p><strong>CHIESA DI SANTA MARIA DELLA SCALA<\/strong> (Ruderi di chiesa rupestre &#8211; XIV-XV secolo)<img loading=\"lazy\" decoding=\"async\" class=\"alignright size-full wp-image-4315\" src=\"https:\/\/eremos.eu\/wp-content\/uploads\/2015\/08\/1531.jpg\" alt=\"153\" width=\"199\" height=\"149\" \/><\/p>\n<p>Localit\u00e0: <strong>Militello in Val di Catania<\/strong> (CT) \u00a0 \u00a0 \u00a0 \u00a0 \u00a0 Sub-area: <span style=\"color: #0000ff;\">Val di Noto<\/span><\/p>\n<p style=\"text-align: justify;\">Della piccola chiesa di Santa Maria della Scala, ricavata all\u2019interno di una cavit\u00e0 naturale che si apre su una rupe a sud del centro abitato ed ancora attiva fino allo scadere dell\u2019Ottocento, rimangono soltanto l\u2019altare scavato nella roccia e la volta a botte in conci.<\/p>\n<hr \/>\n<p><strong>CRIPTA DELLO SPIRITO SANTO<\/strong> (Cappella rupestre &#8211; IV-V secolo)<\/p>\n<p>Localit\u00e0: <strong>Militello in Val di Catania<\/strong> (CT) \u00a0 \u00a0 \u00a0 \u00a0 \u00a0 \u00a0 \u00a0 \u00a0 \u00a0 \u00a0 \u00a0 \u00a0Sub-area: <span style=\"color: #0000ff;\">Val di Noto<\/span><\/p>\n<p style=\"text-align: justify;\">La cripta dello Spirito Santo fa parte di un complesso ipogeo tardo-antico o proto-bizantino su cui poggia ed in parte \u00e8 stata edificata la chiesa di Santa Maria La Vetere intorno all\u2019XI secolo. All\u2019interno conserva ancora, incisi nella roccia, altare, croci e loculi di matrice greco-orientale.<\/p>\n<p><a href=\"https:\/\/eremos.eu\/wp-content\/uploads\/2015\/08\/1541.jpg\"><img loading=\"lazy\" decoding=\"async\" class=\"alignleft wp-image-4317 size-medium\" src=\"https:\/\/eremos.eu\/wp-content\/uploads\/2015\/08\/1541-300x198.jpg\" alt=\"154\" width=\"300\" height=\"198\" srcset=\"https:\/\/eremos.eu\/wp-content\/uploads\/2015\/08\/1541-300x198.jpg 300w, https:\/\/eremos.eu\/wp-content\/uploads\/2015\/08\/1541-1024x677.jpg 1024w, https:\/\/eremos.eu\/wp-content\/uploads\/2015\/08\/1541.jpg 1034w\" sizes=\"auto, (max-width: 300px) 100vw, 300px\" \/><\/a><\/p>\n<p><a href=\"https:\/\/eremos.eu\/wp-content\/uploads\/2015\/08\/154a1.jpg\"><img loading=\"lazy\" decoding=\"async\" class=\"wp-image-4318 alignnone\" src=\"https:\/\/eremos.eu\/wp-content\/uploads\/2015\/08\/154a1-300x225.jpg\" alt=\"154a\" width=\"264\" height=\"198\" srcset=\"https:\/\/eremos.eu\/wp-content\/uploads\/2015\/08\/154a1-300x225.jpg 300w, https:\/\/eremos.eu\/wp-content\/uploads\/2015\/08\/154a1.jpg 317w\" sizes=\"auto, (max-width: 264px) 100vw, 264px\" \/><\/a><\/p>\n<hr \/>\n<p><strong>GROTTA DI SANTA FEBRONIA<\/strong> (Oratorio rupestre &#8211; XII-XVII secolo)<\/p>\n<p>Localit\u00e0: <strong>Palagonia<\/strong> (CT) \u00a0 \u00a0 \u00a0 \u00a0 \u00a0 \u00a0 \u00a0 \u00a0 \u00a0 \u00a0 \u00a0 \u00a0 \u00a0 \u00a0 \u00a0 \u00a0 \u00a0 \u00a0 \u00a0 \u00a0 \u00a0 Sub-area: <span style=\"color: #0000ff;\">Val di Noto<\/span><\/p>\n<p style=\"text-align: justify;\"><a href=\"https:\/\/eremos.eu\/wp-content\/uploads\/2015\/08\/palagonia2.jpg\"><img loading=\"lazy\" decoding=\"async\" class=\"alignright size-medium wp-image-4330\" src=\"https:\/\/eremos.eu\/wp-content\/uploads\/2015\/08\/palagonia2-300x200.jpg\" alt=\"palagonia2\" width=\"300\" height=\"200\" srcset=\"https:\/\/eremos.eu\/wp-content\/uploads\/2015\/08\/palagonia2-300x200.jpg 300w, https:\/\/eremos.eu\/wp-content\/uploads\/2015\/08\/palagonia2.jpg 574w\" sizes=\"auto, (max-width: 300px) 100vw, 300px\" \/><\/a>La grotta di Santa Febronia, scoperta solo all\u2019inizio del secolo scorso e raggiungibile per mezzo di una mulattiera, \u00e8 scavata in un banco di roccia calcarea a fianco di una tomba preistorica a <i>tholos<\/i>. L\u2019ambiente interno, di forma vagamente rettangolare, presenta un\u2019abside leggermente decentrata in cui trova posto l\u2019altare; un <i>subsellium<\/i> perimetrale con spalliera; il soffitto provvisto di alcune calotte reggi-lampade in prossimit\u00e0 dell\u2019area absidale, ed un corridoio a gomito per il collegamento con le celle eremitiche. La decorazione della grotta, per il nutrito numero di pannelli ancora ben conservati oltre che per la qualit\u00e0 intrinseca, \u00e8 di particolare interesse artistico. Al ciclo pittorico originario appartiene sicuramente la <i>De\u00e9sis<\/i> presente nell\u2019incavo absidale, con un maestoso Cristo pantocratore tra la Madonna ed il Battista, mentre al rifacimento della grotta nel XVII secolo ad opera di monaci eremiti locali si devono gli affreschi presenti nelle altre pareti che rappresentano figure per lo pi\u00f9 femminili, come la stessa Febronia (santa bizantina) ed il \u201cmartirologio dei santi Andrea, Agata e Lucia\u201d. (foto Diego Barucco per SiciliaFotografica.it)<\/p>\n<p><a href=\"https:\/\/eremos.eu\/wp-content\/uploads\/2015\/08\/1552.jpg\"><img loading=\"lazy\" decoding=\"async\" class=\"alignleft wp-image-4322 size-medium\" src=\"https:\/\/eremos.eu\/wp-content\/uploads\/2015\/08\/1552-300x199.jpg\" alt=\"155\" width=\"300\" height=\"199\" srcset=\"https:\/\/eremos.eu\/wp-content\/uploads\/2015\/08\/1552-300x199.jpg 300w, https:\/\/eremos.eu\/wp-content\/uploads\/2015\/08\/1552.jpg 402w\" sizes=\"auto, (max-width: 300px) 100vw, 300px\" \/><\/a><\/p>\n<p><a href=\"https:\/\/eremos.eu\/wp-content\/uploads\/2015\/08\/155a.jpg\"><img loading=\"lazy\" decoding=\"async\" class=\"wp-image-4320 alignnone\" src=\"https:\/\/eremos.eu\/wp-content\/uploads\/2015\/08\/155a-300x201.jpg\" alt=\"155a\" width=\"298\" height=\"199\" srcset=\"https:\/\/eremos.eu\/wp-content\/uploads\/2015\/08\/155a-300x201.jpg 300w, https:\/\/eremos.eu\/wp-content\/uploads\/2015\/08\/155a.jpg 546w\" sizes=\"auto, (max-width: 298px) 100vw, 298px\" \/><\/a><\/p>\n<p><a href=\"https:\/\/eremos.eu\/wp-content\/uploads\/2015\/08\/155c1.jpg\"><img loading=\"lazy\" decoding=\"async\" class=\"alignleft wp-image-4326 size-medium\" src=\"https:\/\/eremos.eu\/wp-content\/uploads\/2015\/08\/155c1-300x183.jpg\" alt=\"155c\" width=\"300\" height=\"183\" srcset=\"https:\/\/eremos.eu\/wp-content\/uploads\/2015\/08\/155c1-300x183.jpg 300w, https:\/\/eremos.eu\/wp-content\/uploads\/2015\/08\/155c1.jpg 637w\" sizes=\"auto, (max-width: 300px) 100vw, 300px\" \/><\/a><\/p>\n<p><a href=\"https:\/\/eremos.eu\/wp-content\/uploads\/2015\/08\/155d.jpg\"><img loading=\"lazy\" decoding=\"async\" class=\"wp-image-4324 alignnone\" src=\"https:\/\/eremos.eu\/wp-content\/uploads\/2015\/08\/155d-300x174.jpg\" alt=\"155d\" width=\"316\" height=\"183\" srcset=\"https:\/\/eremos.eu\/wp-content\/uploads\/2015\/08\/155d-300x174.jpg 300w, https:\/\/eremos.eu\/wp-content\/uploads\/2015\/08\/155d.jpg 598w\" sizes=\"auto, (max-width: 316px) 100vw, 316px\" \/><\/a><\/p>\n<p><a href=\"https:\/\/eremos.eu\/wp-content\/uploads\/2015\/08\/155e.jpg\"><img loading=\"lazy\" decoding=\"async\" class=\"alignleft wp-image-4327\" src=\"https:\/\/eremos.eu\/wp-content\/uploads\/2015\/08\/155e-217x300.jpg\" alt=\"155e\" width=\"202\" height=\"280\" srcset=\"https:\/\/eremos.eu\/wp-content\/uploads\/2015\/08\/155e-217x300.jpg 217w, https:\/\/eremos.eu\/wp-content\/uploads\/2015\/08\/155e.jpg 398w\" sizes=\"auto, (max-width: 202px) 100vw, 202px\" \/><\/a><a href=\"https:\/\/eremos.eu\/wp-content\/uploads\/2015\/08\/155f.jpg\"><img loading=\"lazy\" decoding=\"async\" class=\"alignleft wp-image-4328\" src=\"https:\/\/eremos.eu\/wp-content\/uploads\/2015\/08\/155f-218x300.jpg\" alt=\"155f\" width=\"203\" height=\"280\" srcset=\"https:\/\/eremos.eu\/wp-content\/uploads\/2015\/08\/155f-218x300.jpg 218w, https:\/\/eremos.eu\/wp-content\/uploads\/2015\/08\/155f.jpg 407w\" sizes=\"auto, (max-width: 203px) 100vw, 203px\" \/><\/a><a href=\"https:\/\/eremos.eu\/wp-content\/uploads\/2015\/08\/palagonia3.jpg\"><img loading=\"lazy\" decoding=\"async\" class=\"alignnone wp-image-4329\" src=\"https:\/\/eremos.eu\/wp-content\/uploads\/2015\/08\/palagonia3-222x300.jpg\" alt=\"palagonia3\" width=\"207\" height=\"280\" srcset=\"https:\/\/eremos.eu\/wp-content\/uploads\/2015\/08\/palagonia3-222x300.jpg 222w, https:\/\/eremos.eu\/wp-content\/uploads\/2015\/08\/palagonia3.jpg 401w\" sizes=\"auto, (max-width: 207px) 100vw, 207px\" \/><\/a><\/p>\n<hr \/>\n<h3><span style=\"color: #0000ff;\"><strong>PIANA DI VITTORIA<\/strong><\/span><\/h3>\n<p><strong>CHIESA DI SANTA ROSALIA<\/strong> (Ruderi di chiesa semirupestre &#8211; XV-XVI secolo)<\/p>\n<p><a href=\"https:\/\/eremos.eu\/wp-content\/uploads\/2015\/08\/156a1.jpg\"><img loading=\"lazy\" decoding=\"async\" class=\"alignright wp-image-5680\" src=\"https:\/\/eremos.eu\/wp-content\/uploads\/2015\/08\/156a1-300x268.jpg\" alt=\"156a\" width=\"258\" height=\"230\" srcset=\"https:\/\/eremos.eu\/wp-content\/uploads\/2015\/08\/156a1-300x268.jpg 300w, https:\/\/eremos.eu\/wp-content\/uploads\/2015\/08\/156a1.jpg 316w\" sizes=\"auto, (max-width: 258px) 100vw, 258px\" \/><\/a>Localit\u00e0: <strong>Vittoria<\/strong> (RG)<\/p>\n<p>Sub-area: <span style=\"color: #0000ff;\">Val di Noto<\/span><\/p>\n<p style=\"text-align: justify;\">La chiesa di Santa Rosalia, la santa a vocazione eremitica venerata assai prima della fondazione della citt\u00e0, si trovava alquanto defilata ma tuttavia lungo una delle strade principali che collegavano il pianoro al fondovalle. Attestata per la prima volta nel 1631, della chiesa semirupestre con aula a navata unica e priva di abside, secondo i dettami dell\u2019architettura post-medievale, prima che venisse in parte <a href=\"https:\/\/eremos.eu\/wp-content\/uploads\/2015\/08\/1563.jpg\"><img loading=\"lazy\" decoding=\"async\" class=\"alignleft size-medium wp-image-5922\" src=\"https:\/\/eremos.eu\/wp-content\/uploads\/2015\/08\/1563-300x151.jpg\" alt=\"156\" width=\"300\" height=\"151\" srcset=\"https:\/\/eremos.eu\/wp-content\/uploads\/2015\/08\/1563-300x151.jpg 300w, https:\/\/eremos.eu\/wp-content\/uploads\/2015\/08\/1563.jpg 347w\" sizes=\"auto, (max-width: 300px) 100vw, 300px\" \/><\/a>demolita dallo sbancamento per la nuova strada e che il resto andasse via via sgretolandosi a causa della friabilit\u00e0 della roccia calcarea, oggi possiamo apprezzare soltanto la nicchia che si trovava nella parete in fondo, sopra il basamento dell\u2019altare, probabilmente destinata a custodire un\u2019icona della Santa, ed un altro paio di ambienti ipogei di servizio provvisti all\u2019interno di piccole nicchie.<\/p>\n<hr \/>\n<h3><span style=\"color: #0000ff;\"><strong>VALLE DEL BELICE<\/strong><\/span><\/h3>\n<p><strong>GROTTA DEL BEATO ARCANGELO<\/strong> (Romitorio rupestre &#8211; XIV secolo)<\/p>\n<p>Localit\u00e0: <strong>Calatafimi-Segesta<\/strong> (TP) \u00a0 \u00a0 \u00a0 \u00a0 \u00a0 \u00a0 \u00a0 \u00a0 \u00a0 \u00a0 \u00a0 \u00a0 \u00a0 \u00a0 \u00a0 \u00a0Sub-area: <span style=\"color: #0000ff;\">Val di Mazara<\/span><\/p>\n<p style=\"text-align: justify;\"><a href=\"https:\/\/eremos.eu\/wp-content\/uploads\/2015\/08\/458.jpg\"><img loading=\"lazy\" decoding=\"async\" class=\"alignright size-medium wp-image-4333\" src=\"https:\/\/eremos.eu\/wp-content\/uploads\/2015\/08\/458-300x179.jpg\" alt=\"45\" width=\"300\" height=\"179\" srcset=\"https:\/\/eremos.eu\/wp-content\/uploads\/2015\/08\/458-300x179.jpg 300w, https:\/\/eremos.eu\/wp-content\/uploads\/2015\/08\/458.jpg 701w\" sizes=\"auto, (max-width: 300px) 100vw, 300px\" \/><\/a>La grotta del Beato Arcangelo, nei pressi del santuario campestre della Madonna del Giubino, ad un paio di chilometri da Calatafimi, \u00e8 il luogo dove il giovane Arcangelo Piacentini and\u00f2 a rifugiarsi allorquando decise di abbandonare la casa paterna per condurre una vita solitaria fatta di preghiera, penitenza e contemplazione. In questa grotta il Beato eremita rester\u00e0 per un paio d\u2019anni finch\u00e9 il crescente flusso di fedeli attratti dai suoi miracoli non lo costringer\u00e0 a trasferirsi ad Alcamo, dove fonder\u00e0 un santuario.<\/p>\n<hr \/>\n<p><strong>ROMITORIO DI SANTA MARIA DELLA DAYNA<\/strong> (Ruderi di romitorio &#8211; XV-XVI secolo)<\/p>\n<p>Localit\u00e0: <strong>Marineo<\/strong> (PA) \u00a0 \u00a0 \u00a0 \u00a0 \u00a0 \u00a0 \u00a0 \u00a0 \u00a0 \u00a0 \u00a0 \u00a0 \u00a0 \u00a0 \u00a0 \u00a0 \u00a0 \u00a0 \u00a0 \u00a0 \u00a0 \u00a0 \u00a0 Sub-area: <span style=\"color: #0000ff;\">Val di Mazara<\/span><\/p>\n<p style=\"text-align: justify;\"><a href=\"https:\/\/eremos.eu\/wp-content\/uploads\/2015\/08\/468.jpg\"><img loading=\"lazy\" decoding=\"async\" class=\"alignright size-medium wp-image-4336\" src=\"https:\/\/eremos.eu\/wp-content\/uploads\/2015\/08\/468-300x225.jpg\" alt=\"46\" width=\"300\" height=\"225\" srcset=\"https:\/\/eremos.eu\/wp-content\/uploads\/2015\/08\/468-300x225.jpg 300w, https:\/\/eremos.eu\/wp-content\/uploads\/2015\/08\/468.jpg 318w\" sizes=\"auto, (max-width: 300px) 100vw, 300px\" \/><\/a>Il cosiddetto romitorio di Santa Maria della Dayna, nei pressi del lago di Scanzano, poco distante dalla nuova Marineo, era all\u2019origine una delle tante masserie presenti nella zona. Con iniziale funzione di <i>hospitium<\/i> accolse i contadini provenienti dai dintorni, la gente che aveva abbandonato l\u2019antico borgo di Makella (sulla Montagnola) per dedicarsi all\u2019agricoltura o gli albanesi che arrivarono in Sicilia alla fine del Quattrocento. La sua fondazione si deve a tre frati francescani provenienti dall\u2019eremo della Mancusa: lo stesso dove visse e comp\u00ec dei miracoli san Benedetto il Moro, che poi dimorer\u00e0 per 19 mesi in quello nuovo di Scanzano.<\/p>\n<p><a href=\"https:\/\/eremos.eu\/wp-content\/uploads\/2015\/08\/46a8.jpg\"><img loading=\"lazy\" decoding=\"async\" class=\"alignleft size-medium wp-image-4334\" src=\"https:\/\/eremos.eu\/wp-content\/uploads\/2015\/08\/46a8-300x225.jpg\" alt=\"46a\" width=\"300\" height=\"225\" srcset=\"https:\/\/eremos.eu\/wp-content\/uploads\/2015\/08\/46a8-300x225.jpg 300w, https:\/\/eremos.eu\/wp-content\/uploads\/2015\/08\/46a8.jpg 318w\" sizes=\"auto, (max-width: 300px) 100vw, 300px\" \/><\/a><\/p>\n<p><a href=\"https:\/\/eremos.eu\/wp-content\/uploads\/2015\/08\/46b8.jpg\"><img loading=\"lazy\" decoding=\"async\" class=\"size-medium wp-image-4335 alignnone\" src=\"https:\/\/eremos.eu\/wp-content\/uploads\/2015\/08\/46b8-300x225.jpg\" alt=\"46b\" width=\"300\" height=\"225\" srcset=\"https:\/\/eremos.eu\/wp-content\/uploads\/2015\/08\/46b8-300x225.jpg 300w, https:\/\/eremos.eu\/wp-content\/uploads\/2015\/08\/46b8.jpg 317w\" sizes=\"auto, (max-width: 300px) 100vw, 300px\" \/><\/a><\/p>\n<hr \/>\n<h3><span style=\"color: #0000ff;\"><strong>VALLE DEL PARADISO<\/strong><\/span><\/h3>\n<p><strong><a href=\"https:\/\/eremos.eu\/wp-content\/uploads\/2015\/08\/479.jpg\"><img loading=\"lazy\" decoding=\"async\" class=\"alignright wp-image-4337\" src=\"https:\/\/eremos.eu\/wp-content\/uploads\/2015\/08\/479-226x300.jpg\" alt=\"47\" width=\"189\" height=\"250\" srcset=\"https:\/\/eremos.eu\/wp-content\/uploads\/2015\/08\/479-226x300.jpg 226w, https:\/\/eremos.eu\/wp-content\/uploads\/2015\/08\/479.jpg 455w\" sizes=\"auto, (max-width: 189px) 100vw, 189px\" \/><\/a>GROTTA DI SAN CALOGERO<\/strong> (Romitorio rupestre &#8211; IV secolo)<\/p>\n<p>Localit\u00e0: <strong>Naro<\/strong> (AG)<\/p>\n<p>Sub-area: <span style=\"color: #0000ff;\">Val di Mazara<\/span><\/p>\n<p style=\"text-align: justify;\">Dall\u2019omonimo santuario una scala interna conduce alla cappella, con l\u2019altare principale e la statua del Santo nero, ed all\u2019adiacente grotta dove San Calogero dimor\u00f2 per larga parte della sua vita. All\u2019interno si ritrova un affresco che lo raffigura inginocchiato in preghiera e accompagnato da una notevole quantit\u00e0 di ex-voto lasciati dai fedeli nel corso degli anni.<\/p>\n<hr \/>\n<h3><span style=\"color: #0000ff;\"><strong>VALLE DEI PLATANI<\/strong><\/span><\/h3>\n<p><strong><a href=\"https:\/\/eremos.eu\/wp-content\/uploads\/2015\/08\/48a11.jpg\"><img loading=\"lazy\" decoding=\"async\" class=\"alignright size-full wp-image-5682\" src=\"https:\/\/eremos.eu\/wp-content\/uploads\/2015\/08\/48a11.jpg\" alt=\"48a\" width=\"246\" height=\"277\" \/><\/a>GROTTA DEL COLLE DI SAN MARCO<\/strong> (Oratorio rupestre &#8211; VIII-XII secolo)<\/p>\n<p>Localit\u00e0: <strong>Sutera<\/strong> (CL)<\/p>\n<p>Sub-area: <span style=\"color: #0000ff;\">Val di Mazara<\/span><\/p>\n<p style=\"text-align: justify;\">Con il termine \u201cgrotta del Colle o Rocca di San Marco\u201d viene identificato il piccolo oratorio rupestre scavato nella roccia gessosa dell\u2019omonima altura poco distante dal centro abitato, nel contesto\u00a0di un\u2019area interessata dalla presenza d\u2019una necropoli protostorica. La cella, cui si <a href=\"https:\/\/eremos.eu\/wp-content\/uploads\/2015\/08\/4815.jpg\"><img loading=\"lazy\" decoding=\"async\" class=\"alignleft size-medium wp-image-5683\" src=\"https:\/\/eremos.eu\/wp-content\/uploads\/2015\/08\/4815-300x181.jpg\" alt=\"48\" width=\"300\" height=\"181\" srcset=\"https:\/\/eremos.eu\/wp-content\/uploads\/2015\/08\/4815-300x181.jpg 300w, https:\/\/eremos.eu\/wp-content\/uploads\/2015\/08\/4815.jpg 489w\" sizes=\"auto, (max-width: 300px) 100vw, 300px\" \/><\/a>accede attraverso alcuni gradini intagliati nella roccia, presenta un\u2019arcata a sesto acuto al posto dell\u2019originaria porta sepolcrale e, all\u2019interno, un basso vestibolo con pareti leggermente rigonfie e ricoperte da dipinti a tempera che raffigurano <i>Ges\u00f9 tra la Madonna,<\/i> <i>san Paolino ed i quattro Evangelisti<\/i>. Nonostante queste siano opere spontanee del 1500, l\u2019oratorio va fatto risalire ad un\u2019epoca precedente (tra il VIII ed il XII secolo) caratterizzata dalla presenza in zona dei monaci basiliani.<\/p>\n<hr \/>\n<h3><span style=\"color: #0000ff;\"><strong>VALLE DEL SALSO<\/strong><\/span><\/h3>\n<p><strong>GROTTA DI SAN FILIPPO D&#8217;AGIRA<\/strong> (Romitorio rupestre &#8211; V secolo)<\/p>\n<p><a href=\"https:\/\/eremos.eu\/wp-content\/uploads\/2015\/08\/157a2.jpg\"><img loading=\"lazy\" decoding=\"async\" class=\"alignright size-full wp-image-5684\" src=\"https:\/\/eremos.eu\/wp-content\/uploads\/2015\/08\/157a2.jpg\" alt=\"157a\" width=\"299\" height=\"225\" \/><\/a>Localit\u00e0: <strong>Agira<\/strong> (EN)<\/p>\n<p style=\"text-align: justify;\">La grotta di San Filippo d\u2019Agira \u00e8 l\u2019angusto ambiente ricavato da un preesistente\u00a0 ipogeo paleocristiano che, come la tradizione vuole, sarebbe stato la dimora abituale del Santo dal momento in cui giunge ad Agira fino alla morte. All\u2019interno, nella parte iniziale pi\u00f9 stretta, sono ancora individuabili i giacitoi in cui erano soliti <a href=\"https:\/\/eremos.eu\/wp-content\/uploads\/2015\/08\/1572.jpg\"><img loading=\"lazy\" decoding=\"async\" class=\"alignleft size-full wp-image-5685\" src=\"https:\/\/eremos.eu\/wp-content\/uploads\/2015\/08\/1572.jpg\" alt=\"157\" width=\"240\" height=\"159\" \/><\/a>riposare Filippo ed il suo fedele compagno Eusebio; sul fondo, invece, la grotta si allarga per far posto ad un altare ligneo accompagnato, sulla parete di destra, dalle tracce di un affresco annerito dalla fuliggine delle candele votive che, sempre secondo la tradizione, rappresenterebbe lo stesso Santo.<\/p>\n<hr \/>\n<p><strong>GROTTA DI SAN CALOGERO<\/strong> (Chiesa rupestre &#8211; V-VI secolo)<\/p>\n<p>Localit\u00e0: <strong>Licata<\/strong> (AG)<\/p>\n<p style=\"text-align: justify;\">La grotta di San Calogero \u00e8 scavata nella roccia appena sotto la chiesa di Pompei, nell\u2019area rupestre di monte Sant\u2019Angelo, dentro il quartiere storico di Santa Maria. Probabilmente realizzata dai monaci eremiti calogerini che si <a href=\"https:\/\/eremos.eu\/wp-content\/uploads\/2015\/08\/158a1.jpg\"><img loading=\"lazy\" decoding=\"async\" class=\"alignright wp-image-4343\" src=\"https:\/\/eremos.eu\/wp-content\/uploads\/2015\/08\/158a1-225x300.jpg\" alt=\"158a\" width=\"233\" height=\"310\" srcset=\"https:\/\/eremos.eu\/wp-content\/uploads\/2015\/08\/158a1-225x300.jpg 225w, https:\/\/eremos.eu\/wp-content\/uploads\/2015\/08\/158a1.jpg 716w\" sizes=\"auto, (max-width: 233px) 100vw, 233px\" \/><\/a>erano stanziati nell\u2019agrigentino, riadattando uno dei tanti ipogei sepolcrali presenti nell\u2019area. Intorno al \u2018700 il santuario rupestre venne inglobato in una chiesa in muratura, ormai scomparsa, dedicata appunto a San Calogero.<\/p>\n<p style=\"text-align: justify;\"><a href=\"https:\/\/eremos.eu\/wp-content\/uploads\/2015\/08\/1581.jpg\"><img loading=\"lazy\" decoding=\"async\" class=\"size-medium wp-image-4342 alignnone\" src=\"https:\/\/eremos.eu\/wp-content\/uploads\/2015\/08\/1581-300x198.jpg\" alt=\"158\" width=\"300\" height=\"198\" srcset=\"https:\/\/eremos.eu\/wp-content\/uploads\/2015\/08\/1581-300x198.jpg 300w, https:\/\/eremos.eu\/wp-content\/uploads\/2015\/08\/1581.jpg 688w\" sizes=\"auto, (max-width: 300px) 100vw, 300px\" \/><\/a><\/p>\n<p><a href=\"https:\/\/eremos.eu\/wp-content\/uploads\/2015\/08\/158b.jpg\"><img loading=\"lazy\" decoding=\"async\" class=\"alignleft wp-image-4344 size-medium\" src=\"https:\/\/eremos.eu\/wp-content\/uploads\/2015\/08\/158b-300x200.jpg\" alt=\"158b\" width=\"300\" height=\"200\" srcset=\"https:\/\/eremos.eu\/wp-content\/uploads\/2015\/08\/158b-300x200.jpg 300w, https:\/\/eremos.eu\/wp-content\/uploads\/2015\/08\/158b.jpg 606w\" sizes=\"auto, (max-width: 300px) 100vw, 300px\" \/><\/a><a href=\"https:\/\/eremos.eu\/wp-content\/uploads\/2015\/08\/158d1.jpg\"><img loading=\"lazy\" decoding=\"async\" class=\"wp-image-4346 alignnone\" src=\"https:\/\/eremos.eu\/wp-content\/uploads\/2015\/08\/158d1-300x208.jpg\" alt=\"158d\" width=\"289\" height=\"200\" srcset=\"https:\/\/eremos.eu\/wp-content\/uploads\/2015\/08\/158d1-300x208.jpg 300w, https:\/\/eremos.eu\/wp-content\/uploads\/2015\/08\/158d1.jpg 945w\" sizes=\"auto, (max-width: 289px) 100vw, 289px\" \/><\/a><\/p>\n<hr \/>\n<p><strong>GROTTA DI SAN CATALDO<\/strong> (Chiesa rupestre &#8211; XII-XIII secolo)<\/p>\n<p>Localit\u00e0: <strong>Contrada Giannotta, Licata<\/strong> (AG)<\/p>\n<p style=\"text-align: justify;\">La grotta di San Cataldo \u00e8 l\u2019altra piccola chiesa rupestre scoperta recentemente nell\u2019area rupestre di monte Sole vicina all\u2019ospedale civile di Licata. Anche in questa, come per quella di san Giovanni, sono state rilevate tracce evidenti di un affresco con il <i>Crocefisso<\/i>.<\/p>\n<hr \/>\n<p><strong><a href=\"https:\/\/eremos.eu\/wp-content\/uploads\/2015\/08\/1601.jpg\"><img loading=\"lazy\" decoding=\"async\" class=\"alignright wp-image-4348\" src=\"https:\/\/eremos.eu\/wp-content\/uploads\/2015\/08\/1601-200x300.jpg\" alt=\"160\" width=\"173\" height=\"260\" srcset=\"https:\/\/eremos.eu\/wp-content\/uploads\/2015\/08\/1601-200x300.jpg 200w, https:\/\/eremos.eu\/wp-content\/uploads\/2015\/08\/1601.jpg 404w\" sizes=\"auto, (max-width: 173px) 100vw, 173px\" \/><\/a>GROTTA DI SAN GIOVANNI O DELL&#8217;AFFRESCO<\/strong> (Chiesa rupestre &#8211; XII-XIII secolo)<\/p>\n<p>Localit\u00e0: <strong>Contrada Giannotta, Licata<\/strong> (AG)<\/p>\n<p style=\"text-align: justify;\">La grotta di San Giovanni o dell\u2019Affresco, per il pannello bizantineggiante rinvenuto al suo interno, \u00e8 la piccola chiesa recentemente venuta alla luce nell\u2019insediamento rupestre di monte Sole. Si tratta di struttura ipogea a due camere che, in una parete della zona cultuale, conserva un affresco bizantineggiante che raffigura la <i>Madonna con Bambino tra i Santi. <span style=\"color: #ffffff;\">mmnnn \u00a0<\/span> \u00a0 \u00a0 \u00a0\u00a0<span style=\"color: #ffffff;\">\u00a0mmmmmmmmmmmmmmmmmmmmmmmm \u00a0 \u00a0 \u00a0 \u00a0 \u00a0 \u00a0 \u00a0 \u00a0 \u00a0 \u00a0 \u00a0 \u00a0\u00a0<\/span><\/i><\/p>\n<hr \/>\n<p><strong>EREMO DI SANT&#8217;ANTONIO FUORI LE MURA<\/strong> (Complesso cenobitico semirupestre &#8211; VIII-X secolo)<\/p>\n<p>Localit\u00e0: <strong>Contrada Cannavata, Regalbuto<\/strong> (EN)<\/p>\n<p style=\"text-align: justify;\"><a href=\"https:\/\/eremos.eu\/wp-content\/uploads\/2015\/08\/1614.jpg\"><img loading=\"lazy\" decoding=\"async\" class=\"alignright wp-image-4349\" src=\"https:\/\/eremos.eu\/wp-content\/uploads\/2015\/08\/1614-300x70.jpg\" alt=\"161\" width=\"473\" height=\"110\" srcset=\"https:\/\/eremos.eu\/wp-content\/uploads\/2015\/08\/1614-300x70.jpg 300w, https:\/\/eremos.eu\/wp-content\/uploads\/2015\/08\/1614.jpg 546w\" sizes=\"auto, (max-width: 473px) 100vw, 473px\" \/><\/a>L\u2019eremo di Sant\u2019Antonio fuori le Mura occupa larga parte dell\u2019area di un antico e preesistente agglomerato rupestre posto su uno sperone di roccia arenaria, poco distante dall\u2019abitato. L\u2019edificio conventuale, di cui restano ancora in piedi il prospetto principale, parte del chiostro, la cisterna e le mura perimetrali \u00e8 collegato alle grotte circostanti mediante camminamenti e gradinate <a href=\"https:\/\/eremos.eu\/wp-content\/uploads\/2015\/08\/161b1.jpg\"><img loading=\"lazy\" decoding=\"async\" class=\"alignleft size-medium wp-image-6054\" src=\"https:\/\/eremos.eu\/wp-content\/uploads\/2015\/08\/161b1-199x300.jpg\" alt=\"161b\" width=\"199\" height=\"300\" srcset=\"https:\/\/eremos.eu\/wp-content\/uploads\/2015\/08\/161b1-199x300.jpg 199w, https:\/\/eremos.eu\/wp-content\/uploads\/2015\/08\/161b1.jpg 212w\" sizes=\"auto, (max-width: 199px) 100vw, 199px\" \/><\/a>incisi nella roccia, s\u00ec da ipotizzare il loro riutilizzo come asceteri da parte della comunit\u00e0 eremitica. La tipologia costruttiva, con intagli artificiali, nicchie scavate nelle pareti e canalette per convogliare l\u2019acqua piovana in una grande cisterna, fa sicuramente datare il complesso all\u2019epoca bizantina. Senza trascurare tuttavia che, proprio in virt\u00f9 della posizione strategicamente ottimale per il controllo dell\u2019intera valle del Salso, l\u2019insediamento eremitico (fors\u2019anche fortificato) poteva inserirsi nel sistema dei <i>castra<\/i> ennesi. Per il resto, il complesso ha vissuto il susseguirsi di varie<a href=\"https:\/\/eremos.eu\/wp-content\/uploads\/2015\/08\/161c1.jpg\"><img loading=\"lazy\" decoding=\"async\" class=\"alignright wp-image-6055\" src=\"https:\/\/eremos.eu\/wp-content\/uploads\/2015\/08\/161c1-300x224.jpg\" alt=\"161c\" width=\"282\" height=\"210\" srcset=\"https:\/\/eremos.eu\/wp-content\/uploads\/2015\/08\/161c1-300x224.jpg 300w, https:\/\/eremos.eu\/wp-content\/uploads\/2015\/08\/161c1.jpg 716w\" sizes=\"auto, (max-width: 282px) 100vw, 282px\" \/><\/a> congregazioni o comunit\u00e0 monastiche che di tanto in tanto lo hanno pure ingrandito ed abbellito. La chiesa, rifatta nel 1755 e successivamente restaurata nel 1831, \u00e8 tutt\u2019ora la parte pi\u00f9 integra dell\u2019intero corpo: a navata unica con catino absidale, altari decorati ed ampie e luminose finestre. Il convento, invece, ceduto dallo Stato ai privati, ha finito con l\u2019andare del tutto in rovina e sempre pi\u00f9 alla merc\u00e9 di vandali saccheggiatori.<\/p>\n<hr \/>\n<p><strong>MOSCHEA DEL BALZO DELLA ROSSA<\/strong> (Moschea rupestre &#8211; X-XI secolo)<\/p>\n<p>Localit\u00e0: <strong>Contrada Balzo della Rossa, Sperlinga<\/strong> (EN)<\/p>\n<p style=\"text-align: justify;\">L\u2019ipogeo cultuale del Balzo della Rossa, il dosso roccioso affiorante a nord di Sperlinga, in una zona montana largamente antropizzata in epoca medievale, richiama subito alla mente la moschea venuta alla luce dai recenti scavi compiuti a Segesta, soprattutto per le forti analogie riscontrabili nell\u2019architettura interna. La grande sala (45 mq), peraltro contigua ad una sorta di residenza fortificata o castello rupestre (un altro camerone di 70 mq. provvisto di finestroni e collegato ad una torre in muratura), ha la forma oblunga e le navate\/campate pilastrate similmente ad un tipico luogo di preghiera islamico. Al centro della parete di fondo, che ha funzione di <i>qibla<\/i> ed \u00e8 orientata canonicamente verso sud (La Mecca), \u00e8 ricavata la nicchia del <i>mirhab<\/i>, oggi sfondata e tampognata in muratura. Per il resto, il crollo della parete esterna e l\u2019uso improprio (agricolo) della struttura con la sovrapposizione di muretti posticci rendono arduo stabilire la posizione esatta della soglia d\u2019accesso.<\/p>\n<hr \/>\n<p>&nbsp;<\/p>\n","protected":false},"excerpt":{"rendered":"<p>&nbsp; CANALE DI SICILIA\u00a0 CRIPTA DI SAN GIOVANNI AL BOEO (Cappella rupestre &#8211; III-IV secolo) Localit\u00e0: Marsala (TP) \u00a0 \u00a0 \u00a0 \u00a0 \u00a0 \u00a0 \u00a0 \u00a0 \u00a0 \u00a0 \u00a0 \u00a0 \u00a0 \u00a0 \u00a0 \u00a0 \u00a0 \u00a0 \u00a0 \u00a0 \u00a0 \u00a0 \u00a0 \u00a0 \u00a0 \u00a0 \u00a0 \u00a0 \u00a0 \u00a0 Sub-area: Val&#8230;<\/p>\n","protected":false},"author":1,"featured_media":0,"parent":0,"menu_order":0,"comment_status":"open","ping_status":"closed","template":"","meta":{"footnotes":""},"class_list":["post-56","page","type-page","status-publish","hentry"],"_links":{"self":[{"href":"https:\/\/eremos.eu\/index.php\/wp-json\/wp\/v2\/pages\/56","targetHints":{"allow":["GET"]}}],"collection":[{"href":"https:\/\/eremos.eu\/index.php\/wp-json\/wp\/v2\/pages"}],"about":[{"href":"https:\/\/eremos.eu\/index.php\/wp-json\/wp\/v2\/types\/page"}],"author":[{"embeddable":true,"href":"https:\/\/eremos.eu\/index.php\/wp-json\/wp\/v2\/users\/1"}],"replies":[{"embeddable":true,"href":"https:\/\/eremos.eu\/index.php\/wp-json\/wp\/v2\/comments?post=56"}],"version-history":[{"count":5,"href":"https:\/\/eremos.eu\/index.php\/wp-json\/wp\/v2\/pages\/56\/revisions"}],"predecessor-version":[{"id":6169,"href":"https:\/\/eremos.eu\/index.php\/wp-json\/wp\/v2\/pages\/56\/revisions\/6169"}],"wp:attachment":[{"href":"https:\/\/eremos.eu\/index.php\/wp-json\/wp\/v2\/media?parent=56"}],"curies":[{"name":"wp","href":"https:\/\/api.w.org\/{rel}","templated":true}]}}