{"id":44,"date":"2015-08-09T13:36:44","date_gmt":"2015-08-09T11:36:44","guid":{"rendered":"http:\/\/www.eremos.eu\/?page_id=44"},"modified":"2016-11-22T16:11:44","modified_gmt":"2016-11-22T14:11:44","slug":"molise","status":"publish","type":"page","link":"https:\/\/eremos.eu\/index.php\/molise\/","title":{"rendered":"Molise (15)"},"content":{"rendered":"<p>&nbsp;<\/p>\n<h3><span style=\"color: #0000ff;\"><strong>MONTI DEL MATESE<\/strong><\/span><\/h3>\n<p><strong>EREMO DI SANT&#8217;EGIDIO<\/strong> (Chiesa-romitorio &#8211; IX-X secolo)<\/p>\n<p>Localit\u00e0: <strong>Civita Superiore di Bojano<\/strong> (CB)<\/p>\n<p style=\"text-align: justify;\">L\u2019eremo di Sant\u2019Egidio, che si staglia nel mezzo di una verde altura del Matese ad oltre 1.000 metri di quota, \u00e8 un cenobio cistercense del IX secolo. Originariamente realizzato con funzione di romitorio e di ricovero per i viandanti, secondo la tradizione, ha ospitato il Santo che soleva alimentarsi con il latte di cerva. Per il resto, le uniche testimonianze certe risalgono al \u2019700 e confermano la presenza stabile di un paio di eremiti. Il complesso nel 1995 \u00e8 stato oggetto di un lungo restauro che ha riportato alla luce la primitiva abside, permettendo cos\u00ec la sua datazione.<\/p>\n<p><a href=\"https:\/\/eremos.eu\/wp-content\/uploads\/2015\/08\/eremo_Sant_egidio.jpg\"><img loading=\"lazy\" decoding=\"async\" class=\"alignleft wp-image-2295 size-medium\" src=\"https:\/\/eremos.eu\/wp-content\/uploads\/2015\/08\/eremo_Sant_egidio-300x231.jpg\" alt=\"eremo_Sant_egidio\" width=\"300\" height=\"231\" srcset=\"https:\/\/eremos.eu\/wp-content\/uploads\/2015\/08\/eremo_Sant_egidio-300x231.jpg 300w, https:\/\/eremos.eu\/wp-content\/uploads\/2015\/08\/eremo_Sant_egidio.jpg 600w\" sizes=\"auto, (max-width: 300px) 100vw, 300px\" \/><\/a><\/p>\n<p><a href=\"https:\/\/eremos.eu\/wp-content\/uploads\/2015\/08\/1b5.jpg\"><img loading=\"lazy\" decoding=\"async\" class=\"alignnone wp-image-2297\" src=\"https:\/\/eremos.eu\/wp-content\/uploads\/2015\/08\/1b5-300x228.jpg\" alt=\"1b\" width=\"304\" height=\"231\" srcset=\"https:\/\/eremos.eu\/wp-content\/uploads\/2015\/08\/1b5-300x228.jpg 300w, https:\/\/eremos.eu\/wp-content\/uploads\/2015\/08\/1b5.jpg 437w\" sizes=\"auto, (max-width: 304px) 100vw, 304px\" \/><\/a><\/p>\n<hr \/>\n<p><strong><a href=\"https:\/\/eremos.eu\/wp-content\/uploads\/2015\/08\/2a9.jpg\"><img loading=\"lazy\" decoding=\"async\" class=\"alignright wp-image-2299\" src=\"https:\/\/eremos.eu\/wp-content\/uploads\/2015\/08\/2a9-228x300.jpg\" alt=\"2a\" width=\"190\" height=\"250\" srcset=\"https:\/\/eremos.eu\/wp-content\/uploads\/2015\/08\/2a9-228x300.jpg 228w, https:\/\/eremos.eu\/wp-content\/uploads\/2015\/08\/2a9.jpg 374w\" sizes=\"auto, (max-width: 190px) 100vw, 190px\" \/><\/a>CHIESA DI SANTA MARIA DI ALTO PIEDE<\/strong> (Chiesa rupestre &#8211; XIV secolo)<\/p>\n<p>Localit\u00e0: <strong>Longano<\/strong> (IS)<\/p>\n<p style=\"text-align: justify;\"><a href=\"https:\/\/eremos.eu\/wp-content\/uploads\/2015\/08\/2b19.jpg\"><img loading=\"lazy\" decoding=\"async\" class=\"alignleft wp-image-6086\" src=\"https:\/\/eremos.eu\/wp-content\/uploads\/2015\/08\/2b19.jpg\" alt=\"2b\" width=\"177\" height=\"265\" \/><\/a>L\u2019antica chiesa rupestre di Santa Maria di Alto Piede, parzialmente crollata e ingombra di macerie, si trova immersa nella boscaglia appena fuori l\u2019abitato di Longano. Documentata gi\u00e0 a partire dal 1309, \u00e8 costituita da una grotta preceduta da un avancorpo in muratura, in cui si apre il portale in pietra lavorata, mentre sulla parete di <a href=\"https:\/\/eremos.eu\/wp-content\/uploads\/2015\/08\/2c16.jpg\"><img loading=\"lazy\" decoding=\"async\" class=\"alignright wp-image-6090\" src=\"https:\/\/eremos.eu\/wp-content\/uploads\/2015\/08\/2c16.jpg\" alt=\"2c\" width=\"263\" height=\"175\" \/><\/a>fondo della cavit\u00e0 sono state ricavate due nicchie di diverse dimensioni. Di lato alla chiesa, inoltre, si sviluppa un ambiente coperto da\u00a0una volta a botte in muratura, solo parzialmente conservata, che termina con una grande nicchia absidata un tempo affrescata. \u00a0<span style=\"color: #000000;\">\u00a0 \u00a0<\/span><span style=\"color: #ffffff;\">\u00a0\u00a0<\/span><\/p>\n<hr \/>\n<h3><span style=\"color: #0000ff;\"><strong>SANNIO<\/strong><\/span><\/h3>\n<p><strong>EREMO DI SANT&#8217;EGIDIO<\/strong> (Chiesa e romitorio &#8211; XVIII-XIX secolo)<\/p>\n<p>Localit\u00e0: <strong>Frosolone<\/strong> (IS)<\/p>\n<p style=\"text-align: justify;\"><a href=\"https:\/\/eremos.eu\/wp-content\/uploads\/2015\/08\/326.jpg\"><img loading=\"lazy\" decoding=\"async\" class=\"alignleft size-medium wp-image-2305\" src=\"https:\/\/eremos.eu\/wp-content\/uploads\/2015\/08\/326-300x198.jpg\" alt=\"3\" width=\"300\" height=\"198\" srcset=\"https:\/\/eremos.eu\/wp-content\/uploads\/2015\/08\/326-300x198.jpg 300w, https:\/\/eremos.eu\/wp-content\/uploads\/2015\/08\/326.jpg 793w\" sizes=\"auto, (max-width: 300px) 100vw, 300px\" \/><\/a>L\u2019antica chiesetta di Sant\u2019Egidio, nell\u2019omonima localit\u00e0 montana, \u00e8 stata in epoca altomedievale una cappella con annesso romitorio alle dipendenze del vicino convento di Sant\u2019Onofrio, divenendo assai presto famosa per le cure miracolose che i monaci riuscivano a dispensare agli ammalati. Distrutta all\u2019inizio del Trecento, allorquando la comunit\u00e0 degli antoniani venne dichiarata eretica dalla Chiesa di Roma, la cappella \u00e8 stata pi\u00f9 volte ricostruita ad opera di eremiti fino ad arrivare nel 1704 ad una vera e propria chiesa con romitorio e pozzo per l\u2019acqua. Dopo l\u2019ennesima, devastante distruzione operata dal terremoto del 1805 \u00e8 stata ancora una volta pazientemente riedificata e, negli scorsi anni Ottanta, restaurata.<\/p>\n<p style=\"text-align: justify;\"><a href=\"https:\/\/eremos.eu\/wp-content\/uploads\/2015\/08\/3b6.jpg\"><img loading=\"lazy\" decoding=\"async\" class=\"alignleft wp-image-2306 size-medium\" src=\"https:\/\/eremos.eu\/wp-content\/uploads\/2015\/08\/3b6-300x226.jpg\" alt=\"3b\" width=\"300\" height=\"226\" srcset=\"https:\/\/eremos.eu\/wp-content\/uploads\/2015\/08\/3b6-300x226.jpg 300w, https:\/\/eremos.eu\/wp-content\/uploads\/2015\/08\/3b6.jpg 790w\" sizes=\"auto, (max-width: 300px) 100vw, 300px\" \/><\/a><\/p>\n<p><a href=\"https:\/\/eremos.eu\/wp-content\/uploads\/2015\/08\/3a8.jpg\"><img loading=\"lazy\" decoding=\"async\" class=\" wp-image-2307 alignnone\" src=\"https:\/\/eremos.eu\/wp-content\/uploads\/2015\/08\/3a8-300x198.jpg\" alt=\"3a\" width=\"342\" height=\"226\" srcset=\"https:\/\/eremos.eu\/wp-content\/uploads\/2015\/08\/3a8-300x198.jpg 300w, https:\/\/eremos.eu\/wp-content\/uploads\/2015\/08\/3a8.jpg 793w\" sizes=\"auto, (max-width: 342px) 100vw, 342px\" \/><\/a><\/p>\n<hr \/>\n<p><strong><a href=\"https:\/\/eremos.eu\/wp-content\/uploads\/2015\/08\/4a17.jpg\"><img loading=\"lazy\" decoding=\"async\" class=\"alignright wp-image-5590\" src=\"https:\/\/eremos.eu\/wp-content\/uploads\/2015\/08\/4a17-300x244.jpg\" alt=\"4a\" width=\"246\" height=\"200\" srcset=\"https:\/\/eremos.eu\/wp-content\/uploads\/2015\/08\/4a17-300x244.jpg 300w, https:\/\/eremos.eu\/wp-content\/uploads\/2015\/08\/4a17.jpg 417w\" sizes=\"auto, (max-width: 246px) 100vw, 246px\" \/><\/a>CHIESA DI SANT&#8217;ERASMO<\/strong> (Chiesa rupestre &#8211; XIII-XIV secolo)<\/p>\n<p>Localit\u00e0: <strong>Isernia<\/strong> (IS)<\/p>\n<p style=\"text-align: justify;\">La chiesa rupestre di Sant\u2019Erasmo si trova, in stato di desolante abbandono, appena fuori il centro cittadino, nei pressi della confluenza <a href=\"https:\/\/eremos.eu\/wp-content\/uploads\/2015\/08\/4103.jpg\"><img loading=\"lazy\" decoding=\"async\" class=\"alignleft size-full wp-image-5591\" src=\"https:\/\/eremos.eu\/wp-content\/uploads\/2015\/08\/4103.jpg\" alt=\"4\" width=\"270\" height=\"173\" \/><\/a>del fiume Carpino nel Sordo. L\u2019edificio \u00e8 stato realizzato sfruttando una cavit\u00e0 naturale di forma ovaleggiante, ampliandola con un avancorpo e un piano superiore in muratura, dove riesce prodigiosamente a conservarsi un affresco del XIV secolo raffigurante la <i>Crocifissione<\/i>.<\/p>\n<hr \/>\n<p><strong>CAPPELLA E GROTTA\u00a0DI SANTA LUCIA<\/strong> (Cappella e romitorio rupestre &#8211; III-XVII secolo)<\/p>\n<p><a href=\"https:\/\/eremos.eu\/wp-content\/uploads\/2015\/08\/525.jpg\"><img loading=\"lazy\" decoding=\"async\" class=\"alignright wp-image-2310\" src=\"https:\/\/eremos.eu\/wp-content\/uploads\/2015\/08\/525-300x225.jpg\" alt=\"5\" width=\"268\" height=\"201\" srcset=\"https:\/\/eremos.eu\/wp-content\/uploads\/2015\/08\/525-300x225.jpg 300w, https:\/\/eremos.eu\/wp-content\/uploads\/2015\/08\/525.jpg 496w\" sizes=\"auto, (max-width: 268px) 100vw, 268px\" \/><\/a>Localit\u00e0: <strong>Miranda<\/strong> (IS)<\/p>\n<p style=\"text-align: justify;\">La piccola e semplice cappella di Santa Lucia, ubicata presso le Coste Grandi, le alture che circondano l&#8217;abitato di Miranda e dominano la visuale sull&#8217;intera vallata di Isernia, \u00e8 stata edificata in epoca recente nei pressi della grotta dove, secondo la leggenda, si sarebbe\u00a0rifugiata la Santa nel tentativo di sfuggire ai suoi persecutori e dove \u00e8 stata prodigiosamente rinvenuta l\u2019effigie della stessa che oggi viene custodita all\u2019interno della chiesetta.<\/p>\n<p style=\"text-align: justify;\"><a href=\"https:\/\/eremos.eu\/wp-content\/uploads\/2015\/08\/5a8.jpg\"><img loading=\"lazy\" decoding=\"async\" class=\"alignleft wp-image-2311 size-medium\" src=\"https:\/\/eremos.eu\/wp-content\/uploads\/2015\/08\/5a8-300x225.jpg\" alt=\"5a\" width=\"300\" height=\"225\" srcset=\"https:\/\/eremos.eu\/wp-content\/uploads\/2015\/08\/5a8-300x225.jpg 300w, https:\/\/eremos.eu\/wp-content\/uploads\/2015\/08\/5a8.jpg 496w\" sizes=\"auto, (max-width: 300px) 100vw, 300px\" \/><\/a><\/p>\n<p><a href=\"https:\/\/eremos.eu\/wp-content\/uploads\/2015\/08\/5b7.jpg\"><img loading=\"lazy\" decoding=\"async\" class=\" wp-image-2312 size-medium alignnone\" src=\"https:\/\/eremos.eu\/wp-content\/uploads\/2015\/08\/5b7-300x225.jpg\" alt=\"5b\" width=\"300\" height=\"225\" srcset=\"https:\/\/eremos.eu\/wp-content\/uploads\/2015\/08\/5b7-300x225.jpg 300w, https:\/\/eremos.eu\/wp-content\/uploads\/2015\/08\/5b7.jpg 496w\" sizes=\"auto, (max-width: 300px) 100vw, 300px\" \/><\/a><\/p>\n<hr \/>\n<p><strong>CRIPTA DI SANT&#8217;ANTONIO ABATE<\/strong> (Chiesa rupestre &#8211; XIV secolo)<\/p>\n<p>Localit\u00e0: <strong>Pietracupa<\/strong> (CB)<\/p>\n<p style=\"text-align: justify;\">La cripta di Sant\u2019Antonio Abate \u00e8 accorpata alla omonima chiesa rupestre della Morgia di Pietracupa, denominata \u201cchiesa vecchia\u201d, ed \u00e8 interamente scavata nella roccia, come attestano i segni lasciati dagli attrezzi. L\u2019ipogeo \u00e8 costituito da un grande vano circolare con soffitto piano comunicante con uno spazio pressappoco quadrangolare<a href=\"https:\/\/eremos.eu\/wp-content\/uploads\/2015\/08\/6a6.jpg\"><img loading=\"lazy\" decoding=\"async\" class=\"alignright wp-image-2316\" src=\"https:\/\/eremos.eu\/wp-content\/uploads\/2015\/08\/6a6-300x226.jpg\" alt=\"6a\" width=\"291\" height=\"219\" srcset=\"https:\/\/eremos.eu\/wp-content\/uploads\/2015\/08\/6a6-300x226.jpg 300w, https:\/\/eremos.eu\/wp-content\/uploads\/2015\/08\/6a6.jpg 786w\" sizes=\"auto, (max-width: 291px) 100vw, 291px\" \/><\/a> che ospita la scala d\u2019accesso. La parte alta del vano circolare \u00e8 percorsa da un profondo solco orizzontale cui si sovrappongono quattro buche circolari destinate ad accogliere le travi di un\u2019eventuale tettoia. La presenza di alcune nicchie, di qualche capitello e di un\u2019acquasantiera induce a prefigurare un arredo scultoreo, ancorch\u00e9 di difficile datazione. Abitato dai primi seguaci di san Celestino, \u00e8 stato poi trasformato in tribunale per la Santa Inquisizione e successivamente in prigione e luogo per le esecuzioni capitali. La chiesa odierna, sempre scavata nella roccia, \u00e8 stata costruita alla fine del Seicento sopra la \u201cvecchia\u201d.<\/p>\n<p style=\"text-align: justify;\"><a href=\"https:\/\/eremos.eu\/wp-content\/uploads\/2015\/08\/626.jpg\"><img loading=\"lazy\" decoding=\"async\" class=\"alignleft wp-image-2313\" src=\"https:\/\/eremos.eu\/wp-content\/uploads\/2015\/08\/626-300x182.jpg\" alt=\"6\" width=\"325\" height=\"197\" srcset=\"https:\/\/eremos.eu\/wp-content\/uploads\/2015\/08\/626-300x182.jpg 300w, https:\/\/eremos.eu\/wp-content\/uploads\/2015\/08\/626.jpg 623w\" sizes=\"auto, (max-width: 325px) 100vw, 325px\" \/><\/a><\/p>\n<p><a href=\"https:\/\/eremos.eu\/wp-content\/uploads\/2015\/08\/6c3.jpg\"><img loading=\"lazy\" decoding=\"async\" class=\" wp-image-2315 size-medium alignnone\" src=\"https:\/\/eremos.eu\/wp-content\/uploads\/2015\/08\/6c3-300x197.jpg\" alt=\"6c\" width=\"300\" height=\"197\" srcset=\"https:\/\/eremos.eu\/wp-content\/uploads\/2015\/08\/6c3-300x197.jpg 300w, https:\/\/eremos.eu\/wp-content\/uploads\/2015\/08\/6c3.jpg 454w\" sizes=\"auto, (max-width: 300px) 100vw, 300px\" \/><\/a><\/p>\n<hr \/>\n<p><strong>CRIPTA DI SAN PIETRO IN VINCOLI<\/strong> (Cripta rupestre &#8211; XIV secolo)<\/p>\n<p>Localit\u00e0: <strong>Sant&#8217;Angelo in Grotte di Santa Maria del Molise<\/strong> (IS)<\/p>\n<p style=\"text-align: justify;\">La cripta di San Pietro in Vincoli, rinvenuta verso la fine degli anni Cinquanta, si trova al disotto della omonima chiesa, nell\u2019antico borgo medievale di Sant\u2019Angelo in Grotte, ed \u00e8 formata da alcuni ambienti parzialmente scavati nella roccia e regolarizzati con pareti in muratura. Di questi, un vano \u00e8 illuminato da una finestra che si affaccia direttamente sul dirupo sul quale \u00e8 poggiata la chiesa; mentre un altro, coperto da una volta a botte, ospita un altare in pietra ed \u00e8 preziosamente affrescato con pitture della fine del XIV secolo che rappresentano le <i>Sette opere della misericordia<\/i>.<\/p>\n<p style=\"text-align: justify;\"><a href=\"https:\/\/eremos.eu\/wp-content\/uploads\/2015\/08\/724.jpg\"><img loading=\"lazy\" decoding=\"async\" class=\"alignleft wp-image-2317 size-medium\" src=\"https:\/\/eremos.eu\/wp-content\/uploads\/2015\/08\/724-300x200.jpg\" alt=\"7\" width=\"300\" height=\"200\" srcset=\"https:\/\/eremos.eu\/wp-content\/uploads\/2015\/08\/724-300x200.jpg 300w, https:\/\/eremos.eu\/wp-content\/uploads\/2015\/08\/724.jpg 634w\" sizes=\"auto, (max-width: 300px) 100vw, 300px\" \/><\/a><\/p>\n<p style=\"text-align: justify;\"><a href=\"https:\/\/eremos.eu\/wp-content\/uploads\/2015\/08\/7b6.jpg\"><img loading=\"lazy\" decoding=\"async\" class=\" wp-image-2319 alignnone\" src=\"https:\/\/eremos.eu\/wp-content\/uploads\/2015\/08\/7b6-300x183.jpg\" alt=\"7b\" width=\"328\" height=\"200\" srcset=\"https:\/\/eremos.eu\/wp-content\/uploads\/2015\/08\/7b6-300x183.jpg 300w, https:\/\/eremos.eu\/wp-content\/uploads\/2015\/08\/7b6.jpg 634w\" sizes=\"auto, (max-width: 328px) 100vw, 328px\" \/><\/a><\/p>\n<p style=\"text-align: justify;\"><a href=\"https:\/\/eremos.eu\/wp-content\/uploads\/2015\/08\/7a7.jpg\"><img loading=\"lazy\" decoding=\"async\" class=\"alignleft size-medium wp-image-2318\" src=\"https:\/\/eremos.eu\/wp-content\/uploads\/2015\/08\/7a7-300x225.jpg\" alt=\"7a\" width=\"300\" height=\"225\" srcset=\"https:\/\/eremos.eu\/wp-content\/uploads\/2015\/08\/7a7-300x225.jpg 300w, https:\/\/eremos.eu\/wp-content\/uploads\/2015\/08\/7a7.jpg 477w\" sizes=\"auto, (max-width: 300px) 100vw, 300px\" \/><\/a><\/p>\n<p style=\"text-align: justify;\"><a href=\"https:\/\/eremos.eu\/wp-content\/uploads\/2015\/08\/7c4.jpg\"><img loading=\"lazy\" decoding=\"async\" class=\" size-medium wp-image-2320 alignnone\" src=\"https:\/\/eremos.eu\/wp-content\/uploads\/2015\/08\/7c4-300x222.jpg\" alt=\"7c\" width=\"300\" height=\"222\" srcset=\"https:\/\/eremos.eu\/wp-content\/uploads\/2015\/08\/7c4-300x222.jpg 300w, https:\/\/eremos.eu\/wp-content\/uploads\/2015\/08\/7c4.jpg 330w\" sizes=\"auto, (max-width: 300px) 100vw, 300px\" \/><\/a><\/p>\n<hr \/>\n<p style=\"text-align: justify;\"><strong>GROTTA DI SAN MICHELE<\/strong> (Santuario rupestre &#8211; XII secolo)<\/p>\n<p style=\"text-align: justify;\">Localit\u00e0: <strong>Sant&#8217;Angelo in Grotte di Santa Maria del Molise<\/strong> (IS)<\/p>\n<p style=\"text-align: justify;\">La grotta di San Michele, l\u2019unica del Molise in grado di mutuare il culto micaelico assai popolare all\u2019epoca delle crociate, \u00e8 ancora oggi una delle mete privilegiate per la devozione di numerosissimi visitatori e pellegrini. Le prime notizie storiche sulla sua origine risalgono al 1100, periodo in cui la grotta di San Michele riusc\u00ec ad esercitare una cos\u00ec forte attrazione nei confronti degli abitanti delle terre vicine al punto da dar vita al primo nucleo abitativo di Sant\u2019Angelo in Grotte. L\u2019interno \u00e8 suggestivamente caratterizzato dalle fessure e dagli incavi della roccia, dalle stalattiti dai riflessi verde e rosa ma anche dall\u2019acqua che continua a sgorgare dalla sorgente \u201cmiracolosa\u201d.<\/p>\n<p><a href=\"https:\/\/eremos.eu\/wp-content\/uploads\/2015\/08\/SantAngelo_in_Grotte_Grotta_San_Michele.jpg\"><img loading=\"lazy\" decoding=\"async\" class=\"alignleft wp-image-2323\" src=\"https:\/\/eremos.eu\/wp-content\/uploads\/2015\/08\/SantAngelo_in_Grotte_Grotta_San_Michele-300x197.jpg\" alt=\"SantAngelo_in_Grotte_Grotta_San_Michele\" width=\"339\" height=\"223\" srcset=\"https:\/\/eremos.eu\/wp-content\/uploads\/2015\/08\/SantAngelo_in_Grotte_Grotta_San_Michele-300x197.jpg 300w, https:\/\/eremos.eu\/wp-content\/uploads\/2015\/08\/SantAngelo_in_Grotte_Grotta_San_Michele.jpg 640w\" sizes=\"auto, (max-width: 339px) 100vw, 339px\" \/><\/a><\/p>\n<p style=\"text-align: justify;\"><a href=\"https:\/\/eremos.eu\/wp-content\/uploads\/2015\/08\/grotta-di-san-michele-arcangelo_santa-maria-del-molise_modified.jpg\"><img loading=\"lazy\" decoding=\"async\" class=\" wp-image-2322 size-medium alignnone\" src=\"https:\/\/eremos.eu\/wp-content\/uploads\/2015\/08\/grotta-di-san-michele-arcangelo_santa-maria-del-molise_modified-300x223.jpg\" alt=\"grotta-di-san-michele-arcangelo_santa-maria-del-molise_modified\" width=\"300\" height=\"223\" srcset=\"https:\/\/eremos.eu\/wp-content\/uploads\/2015\/08\/grotta-di-san-michele-arcangelo_santa-maria-del-molise_modified-300x223.jpg 300w, https:\/\/eremos.eu\/wp-content\/uploads\/2015\/08\/grotta-di-san-michele-arcangelo_santa-maria-del-molise_modified.jpg 439w\" sizes=\"auto, (max-width: 300px) 100vw, 300px\" \/><\/a><\/p>\n<hr \/>\n<h3 style=\"text-align: justify;\"><span style=\"color: #0000ff;\"><strong>VALFORTORE<\/strong><\/span><\/h3>\n<p style=\"text-align: justify;\"><strong>CRIPTA DI SANTA MARGHERITA DI SCOZIA<\/strong> (Cappella rupestre &#8211; XIV secolo)<\/p>\n<p style=\"text-align: justify;\"><a href=\"https:\/\/eremos.eu\/wp-content\/uploads\/2015\/08\/920.jpg\"><img loading=\"lazy\" decoding=\"async\" class=\"alignright wp-image-2324\" src=\"https:\/\/eremos.eu\/wp-content\/uploads\/2015\/08\/920-300x196.jpg\" alt=\"9\" width=\"263\" height=\"172\" srcset=\"https:\/\/eremos.eu\/wp-content\/uploads\/2015\/08\/920-300x196.jpg 300w, https:\/\/eremos.eu\/wp-content\/uploads\/2015\/08\/920.jpg 786w\" sizes=\"auto, (max-width: 263px) 100vw, 263px\" \/><\/a>Localit\u00e0: <strong>Pietracatella<\/strong> (CB)<\/p>\n<p style=\"text-align: justify;\">La cripta di Santa Margherita di Scozia si trova all\u2019interno di una piccola cavit\u00e0 naturale, che forse rappresenta il nucleo originario del culto, al di sotto della chiesa di San Giacomo a Pietracatella. La cripta, che presenta pareti interamente affrescate (XIV secolo) con scene della <i>Nativit\u00e0<\/i>, \u00e8 piuttosto rovinata da una persistente umidit\u00e0.<\/p>\n<hr \/>\n<h3><span style=\"color: #0000ff;\"><strong>VALLE DEL BIFERNO<\/strong><\/span><\/h3>\n<p style=\"text-align: justify;\"><strong><a href=\"https:\/\/eremos.eu\/wp-content\/uploads\/2015\/08\/1020.jpg\"><img loading=\"lazy\" decoding=\"async\" class=\"alignright wp-image-2325\" src=\"https:\/\/eremos.eu\/wp-content\/uploads\/2015\/08\/1020-212x300.jpg\" alt=\"10\" width=\"177\" height=\"250\" srcset=\"https:\/\/eremos.eu\/wp-content\/uploads\/2015\/08\/1020-212x300.jpg 212w, https:\/\/eremos.eu\/wp-content\/uploads\/2015\/08\/1020.jpg 380w\" sizes=\"auto, (max-width: 177px) 100vw, 177px\" \/><\/a>GROTTA DI SANT&#8217;ANNA<\/strong> (Cappella rupestre &#8211; XIV secolo)<\/p>\n<p style=\"text-align: justify;\">Localit\u00e0: <strong>Busso<\/strong> (CB)<\/p>\n<p style=\"text-align: justify;\">La grotta di Sant\u2019Anna, abbandonata da diversi decenni, si trova in localit\u00e0 La Portella ed \u00e8 stata trasformata in cappella grazie alla costruzione di una volta in muratura e di un altare con sovrastante statua della Santa. Dalla grotta, a pianta rettangolare, mediante alcuni gradini si accede ad un cunicolo che conduce ad un secondo ambiente ipogeo assai pi\u00f9 ampio.<\/p>\n<p style=\"text-align: justify;\"><span style=\"color: #ffffff;\">JJJJJJJJJJ<\/span><\/p>\n<hr \/>\n<p style=\"text-align: justify;\"><strong>GROTTA DI SAN MICHELE<\/strong> (Santuario rupestre &#8211; X-XI secolo)<\/p>\n<p style=\"text-align: justify;\"><a href=\"https:\/\/eremos.eu\/wp-content\/uploads\/2015\/08\/1118.jpg\"><img loading=\"lazy\" decoding=\"async\" class=\"alignright wp-image-2326 size-medium\" src=\"https:\/\/eremos.eu\/wp-content\/uploads\/2015\/08\/1118-300x199.jpg\" alt=\"11\" width=\"300\" height=\"199\" srcset=\"https:\/\/eremos.eu\/wp-content\/uploads\/2015\/08\/1118-300x199.jpg 300w, https:\/\/eremos.eu\/wp-content\/uploads\/2015\/08\/1118.jpg 634w\" sizes=\"auto, (max-width: 300px) 100vw, 300px\" \/><\/a>Localit\u00e0: <strong>Castropignano<\/strong> (CB)<\/p>\n<p style=\"text-align: justify;\">La grotta di San Michele, situata sul fianco di un colle che si eleva non lontano da Castropignano, \u00e8 una cavit\u00e0 ampia e profonda cui si accede per una china ripida e sassosa. Dentro\u00a0si ritrovano alcuni gradini consumati dal tempo che la tradizione mutua come i resti di un altare eretto in onore dell\u2019Arcangelo Michele, a ricordo delle numerose apparizioni avvenute in quel luogo.<\/p>\n<hr \/>\n<h3><span style=\"color: #0000ff;\"><strong>VALLE DEL SANGRO<\/strong><\/span><\/h3>\n<p style=\"text-align: justify;\"><strong>EREMO DI SAN LUCA<\/strong> (Cappella-romitorio semirupestre &#8211; XVI secolo)<\/p>\n<p style=\"text-align: justify;\">Localit\u00e0: <strong>Pescopennataro<\/strong> (IS)<\/p>\n<p style=\"text-align: justify;\">L\u2019eremo di San Luca, parzialmente edificato dentro una grotta, si trova a 1.500 metri d\u2019altezza addossato ad una rupe dell\u2019omonima montagna, in prossimit\u00e0 della strada per Capracotta. In assenza di notizie documentate sulla sua storia, bisogna rifarsi alla tradizione locale, da sempre devota al Santo, che tramanda di un eremita che avrebbe vissuto a lungo in solitudine e povert\u00e0 nell\u2019antica cappella rupestre. All\u2019interno, un semplice altare in pietra ed una piccola scala a chiocciola che conduce al piano-soppalco superiore adibito ad abitazione.<\/p>\n<p style=\"text-align: justify;\"><a href=\"https:\/\/eremos.eu\/wp-content\/uploads\/2015\/08\/1216.jpg\"><img loading=\"lazy\" decoding=\"async\" class=\"alignleft size-medium wp-image-2327\" src=\"https:\/\/eremos.eu\/wp-content\/uploads\/2015\/08\/1216-300x203.jpg\" alt=\"12\" width=\"300\" height=\"203\" srcset=\"https:\/\/eremos.eu\/wp-content\/uploads\/2015\/08\/1216-300x203.jpg 300w, https:\/\/eremos.eu\/wp-content\/uploads\/2015\/08\/1216.jpg 496w\" sizes=\"auto, (max-width: 300px) 100vw, 300px\" \/><\/a><a href=\"https:\/\/eremos.eu\/wp-content\/uploads\/2015\/08\/12a6.jpg\"><img loading=\"lazy\" decoding=\"async\" class=\" size-medium wp-image-2328 alignnone\" src=\"https:\/\/eremos.eu\/wp-content\/uploads\/2015\/08\/12a6-300x201.jpg\" alt=\"12a\" width=\"300\" height=\"201\" srcset=\"https:\/\/eremos.eu\/wp-content\/uploads\/2015\/08\/12a6-300x201.jpg 300w, https:\/\/eremos.eu\/wp-content\/uploads\/2015\/08\/12a6.jpg 496w\" sizes=\"auto, (max-width: 300px) 100vw, 300px\" \/><\/a><\/p>\n<p style=\"text-align: justify;\"><a href=\"https:\/\/eremos.eu\/wp-content\/uploads\/2015\/08\/12b6.jpg\"><img loading=\"lazy\" decoding=\"async\" class=\"alignleft wp-image-2329 size-medium\" src=\"https:\/\/eremos.eu\/wp-content\/uploads\/2015\/08\/12b6-300x201.jpg\" alt=\"12b\" width=\"300\" height=\"201\" srcset=\"https:\/\/eremos.eu\/wp-content\/uploads\/2015\/08\/12b6-300x201.jpg 300w, https:\/\/eremos.eu\/wp-content\/uploads\/2015\/08\/12b6.jpg 496w\" sizes=\"auto, (max-width: 300px) 100vw, 300px\" \/><\/a><a href=\"https:\/\/eremos.eu\/wp-content\/uploads\/2015\/08\/12c4.jpg\"><img loading=\"lazy\" decoding=\"async\" class=\" wp-image-2330 alignnone\" src=\"https:\/\/eremos.eu\/wp-content\/uploads\/2015\/08\/12c4.jpg\" alt=\"12c\" width=\"303\" height=\"201\" \/><\/a><\/p>\n<hr \/>\n<h3 style=\"text-align: justify;\"><span style=\"color: #0000ff;\"><strong>VALLE DEL VOLTURNO<\/strong><\/span><\/h3>\n<p style=\"text-align: justify;\"><strong>EREMO DI SAN MICHELE A FOCE<\/strong> (Chiesa e romitorio semirupestri &#8211; XI secolo)<\/p>\n<p style=\"text-align: justify;\"><a href=\"https:\/\/eremos.eu\/wp-content\/uploads\/2015\/08\/13a5.jpg\"><img loading=\"lazy\" decoding=\"async\" class=\"alignright size-full wp-image-2331\" src=\"https:\/\/eremos.eu\/wp-content\/uploads\/2015\/08\/13a5.jpg\" alt=\"13a\" width=\"195\" height=\"291\" \/><\/a>Localit\u00e0: <strong>Castel San Vincenzo<\/strong> (IS)<\/p>\n<p style=\"text-align: justify;\">Sub-area: <span style=\"color: #0000ff;\">Parco Nazionale d&#8217;Abruzzo, Lazio e Molise<\/span><\/p>\n<p style=\"text-align: justify;\">L\u2019eremo di San Michele a Foce si trova incastonato tra le rocce all\u2019interno di un ampio riparo a mezza costa sulla gola dell\u2019omonimo torrente che attraversa le Mainarde. Seppure in mancanza di dati documentali \u00e8 possibile ipotizzare che la sua costruzione sia di epoca altomedievale, intorno all\u2019anno Mille, data anche la vicinanza con l\u2019abbazia di San Vincenzo al Volturno e la dedica al culto di san Michele Arcangelo che, proprio secondo la tradizione dell\u2019antico medioevo, era il protettore dei viandanti, pellegrini o pastori che fossero. La modesta struttura in pietra, peraltro di recente restaurata, \u00e8 costituita da due ambienti di diverso livello: uno pi\u00f9 piccolo, a livello pi\u00f9 basso, adibito probabilmente a dimora eremitica; e l\u2019altro, sovrastante,\u00a0 per ospitare la modesta chiesetta.<\/p>\n<p style=\"text-align: justify;\"><a href=\"https:\/\/eremos.eu\/wp-content\/uploads\/2015\/08\/1317.jpg\"><img loading=\"lazy\" decoding=\"async\" class=\"alignleft size-medium wp-image-2332\" src=\"https:\/\/eremos.eu\/wp-content\/uploads\/2015\/08\/1317-300x225.jpg\" alt=\"13\" width=\"300\" height=\"225\" srcset=\"https:\/\/eremos.eu\/wp-content\/uploads\/2015\/08\/1317-300x225.jpg 300w, https:\/\/eremos.eu\/wp-content\/uploads\/2015\/08\/1317.jpg 496w\" sizes=\"auto, (max-width: 300px) 100vw, 300px\" \/><\/a><\/p>\n<p style=\"text-align: justify;\"><a href=\"https:\/\/eremos.eu\/wp-content\/uploads\/2015\/08\/13b3.jpg\"><img loading=\"lazy\" decoding=\"async\" class=\" size-medium wp-image-2333 alignnone\" src=\"https:\/\/eremos.eu\/wp-content\/uploads\/2015\/08\/13b3-300x224.jpg\" alt=\"13b\" width=\"300\" height=\"224\" srcset=\"https:\/\/eremos.eu\/wp-content\/uploads\/2015\/08\/13b3-300x224.jpg 300w, https:\/\/eremos.eu\/wp-content\/uploads\/2015\/08\/13b3.jpg 320w\" sizes=\"auto, (max-width: 300px) 100vw, 300px\" \/><\/a><\/p>\n<hr \/>\n<p style=\"text-align: justify;\"><strong>CRIPTA DI EPIFANIO<\/strong> (Cripta rupestre &#8211; IX secolo)<\/p>\n<p style=\"text-align: justify;\">Localit\u00e0: <strong>Castel San Vincenzo<\/strong> (IS) \u00a0 \u00a0 \u00a0 \u00a0 \u00a0 \u00a0 \u00a0\u00a0Sub-area: <span style=\"color: #0000ff;\">Parco Nazionale d&#8217;Abruzzo, Lazio e Molise<\/span><\/p>\n<p style=\"text-align: justify;\"><a href=\"https:\/\/eremos.eu\/wp-content\/uploads\/2015\/08\/epifanio.jpg\"><img loading=\"lazy\" decoding=\"async\" class=\"alignleft wp-image-2334\" src=\"https:\/\/eremos.eu\/wp-content\/uploads\/2015\/08\/epifanio.jpg\" alt=\"epifanio\" width=\"218\" height=\"266\" \/><\/a>La\u00a0cripta di Epifanio, posta al di sotto del presbiterio della chiesa di San Vincenzo Minore, all\u2019interno del complesso abbaziale di San Vincenzo al Volturno, edificata nel IX secolo sui resti di una precedente d\u2019epoca tardoromana, venne realizzata in occasione della ristrutturazione della sovrastante chiesa. L\u2019ambiente, parzialmente ipogeo ed a vaga forma di croce greca, \u00e8 coperto da una volta a botte e, se il braccio occidentale termina con un&#8217;abside, quello settentrionale \u00e8 invece caratterizzato da una prima finestra ad arco accompagnata da una seconda che, nel lato orientale, permette la vista della cripta dalla navata della chiesa. Ma quel che pi\u00f9 conta sono gli affreschi che la rivestono, peraltro in ottimo stato di conservazione. Quelli della cripta di Epifanio sono, infatti, tra le testimonianze pi\u00f9 significative della pittura altomedievale europea: sia per la qualit\u00e0 tecnica e formale, che per la complessit\u00e0 dei temi rappresentati. <a href=\"https:\/\/eremos.eu\/wp-content\/uploads\/2015\/08\/Maria-in-Cielo-e-angeli.jpg\"><img loading=\"lazy\" decoding=\"async\" class=\"alignright wp-image-2336\" src=\"https:\/\/eremos.eu\/wp-content\/uploads\/2015\/08\/Maria-in-Cielo-e-angeli-225x300.jpg\" alt=\"Maria-in-Cielo-e-angeli\" width=\"210\" height=\"280\" srcset=\"https:\/\/eremos.eu\/wp-content\/uploads\/2015\/08\/Maria-in-Cielo-e-angeli-225x300.jpg 225w, https:\/\/eremos.eu\/wp-content\/uploads\/2015\/08\/Maria-in-Cielo-e-angeli.jpg 475w\" sizes=\"auto, (max-width: 210px) 100vw, 210px\" \/><\/a>Le raffigurazioni iniziano dal braccio settentrionale con l\u2019immagine-simbolo della mano distesa (del Padre Eterno) seguita dall\u2019incarnazione del verbo in Cristo (l\u2019<i>Annunciazione<\/i>; la gravidanza di Maria; la <i>Nativit\u00e0<\/i>; il lavaggio di Cristo; la <i>Crocifissione<\/i>, sotto cui \u00e8 raffigurato l\u2019abate Epifanio; la <i>Visita delle pie donne al Santo sepolcro <\/i>e, all\u2019interno d&#8217;una nicchia, il <i>Cristo con i<\/i> <i>santi Lorenzo e Stefano<\/i>). E continuano in quello orientale con una bizantineggiante <i>Maria Regina seduta in trono con in braccio Ges\u00f9 bambino<\/i>, seguita da scene di martirologi con la <i>Discesa di Cristo nel limbo<\/i> accompagnato, nella parete opposta, da un gruppo di Sante martiri e, al di l\u00e0 dell\u2019abside centrale, dai <i>Supplizi di san Lorenzo e di santo Stefano<\/i>. Il ciclo pittorico giunge, infine, al culmine nell\u2019abside dove vengono rappresentate alcune visioni di Giovanni l\u2019Evangelista, richiamate nel Libro dell\u2019Apocalisse; oltre che dall\u2019immagine del <i>Cristo pantocratore <\/i>nel punto in cui si incrociano i bracci.<\/p>\n<p style=\"text-align: justify;\"><a href=\"https:\/\/eremos.eu\/wp-content\/uploads\/2015\/08\/Cripta-di-Epifanio-Abbazia-di-San-Vincenzo-al-Volturno.jpg\"><img loading=\"lazy\" decoding=\"async\" class=\"alignleft wp-image-2342 size-medium\" src=\"https:\/\/eremos.eu\/wp-content\/uploads\/2015\/08\/Cripta-di-Epifanio-Abbazia-di-San-Vincenzo-al-Volturno-300x203.jpg\" alt=\"Cripta di Epifanio Abbazia di San Vincenzo al Volturno\" width=\"300\" height=\"203\" srcset=\"https:\/\/eremos.eu\/wp-content\/uploads\/2015\/08\/Cripta-di-Epifanio-Abbazia-di-San-Vincenzo-al-Volturno-300x203.jpg 300w, https:\/\/eremos.eu\/wp-content\/uploads\/2015\/08\/Cripta-di-Epifanio-Abbazia-di-San-Vincenzo-al-Volturno.jpg 640w\" sizes=\"auto, (max-width: 300px) 100vw, 300px\" \/><\/a><\/p>\n<p style=\"text-align: justify;\"><a href=\"https:\/\/eremos.eu\/wp-content\/uploads\/2015\/08\/interno1.jpg\"><img loading=\"lazy\" decoding=\"async\" class=\" wp-image-2344 alignnone\" src=\"https:\/\/eremos.eu\/wp-content\/uploads\/2015\/08\/interno1-300x209.jpg\" alt=\"interno\" width=\"291\" height=\"203\" \/><\/a><\/p>\n<p style=\"text-align: justify;\"><a href=\"https:\/\/eremos.eu\/wp-content\/uploads\/2015\/08\/1414.jpg\"><img loading=\"lazy\" decoding=\"async\" class=\"alignleft size-medium wp-image-2337\" src=\"https:\/\/eremos.eu\/wp-content\/uploads\/2015\/08\/1414-300x199.jpg\" alt=\"14\" width=\"300\" height=\"199\" srcset=\"https:\/\/eremos.eu\/wp-content\/uploads\/2015\/08\/1414-300x199.jpg 300w, https:\/\/eremos.eu\/wp-content\/uploads\/2015\/08\/1414.jpg 615w\" sizes=\"auto, (max-width: 300px) 100vw, 300px\" \/><\/a><a href=\"https:\/\/eremos.eu\/wp-content\/uploads\/2015\/08\/14a5.jpg\"><img loading=\"lazy\" decoding=\"async\" class=\" size-medium wp-image-2338 alignnone\" src=\"https:\/\/eremos.eu\/wp-content\/uploads\/2015\/08\/14a5-300x200.jpg\" alt=\"14a\" width=\"300\" height=\"200\" srcset=\"https:\/\/eremos.eu\/wp-content\/uploads\/2015\/08\/14a5-300x200.jpg 300w, https:\/\/eremos.eu\/wp-content\/uploads\/2015\/08\/14a5.jpg 612w\" sizes=\"auto, (max-width: 300px) 100vw, 300px\" \/><\/a><\/p>\n<p style=\"text-align: justify;\"><a href=\"https:\/\/eremos.eu\/wp-content\/uploads\/2015\/08\/14b5.jpg\"><img loading=\"lazy\" decoding=\"async\" class=\"alignleft size-medium wp-image-2339\" src=\"https:\/\/eremos.eu\/wp-content\/uploads\/2015\/08\/14b5-199x300.jpg\" alt=\"14b\" width=\"199\" height=\"300\" srcset=\"https:\/\/eremos.eu\/wp-content\/uploads\/2015\/08\/14b5-199x300.jpg 199w, https:\/\/eremos.eu\/wp-content\/uploads\/2015\/08\/14b5.jpg 481w\" sizes=\"auto, (max-width: 199px) 100vw, 199px\" \/><\/a><a href=\"https:\/\/eremos.eu\/wp-content\/uploads\/2015\/08\/14c4.jpg\"><img loading=\"lazy\" decoding=\"async\" class=\"alignleft size-medium wp-image-2340\" src=\"https:\/\/eremos.eu\/wp-content\/uploads\/2015\/08\/14c4-220x300.jpg\" alt=\"14c\" width=\"220\" height=\"300\" srcset=\"https:\/\/eremos.eu\/wp-content\/uploads\/2015\/08\/14c4-220x300.jpg 220w, https:\/\/eremos.eu\/wp-content\/uploads\/2015\/08\/14c4.jpg 634w\" sizes=\"auto, (max-width: 220px) 100vw, 220px\" \/><\/a><a href=\"https:\/\/eremos.eu\/wp-content\/uploads\/2015\/08\/14d3.jpg\"><img loading=\"lazy\" decoding=\"async\" class=\" size-medium wp-image-2341 alignnone\" src=\"https:\/\/eremos.eu\/wp-content\/uploads\/2015\/08\/14d3-199x300.jpg\" alt=\"14d\" width=\"199\" height=\"300\" srcset=\"https:\/\/eremos.eu\/wp-content\/uploads\/2015\/08\/14d3-199x300.jpg 199w, https:\/\/eremos.eu\/wp-content\/uploads\/2015\/08\/14d3.jpg 630w\" sizes=\"auto, (max-width: 199px) 100vw, 199px\" \/><\/a><\/p>\n<hr \/>\n<p style=\"text-align: justify;\"><strong>CHIESA DI SANTA MARIA DELLE GROTTE<\/strong> (Chiesa e romitorio semirupestri &#8211; VIII secolo)<\/p>\n<p style=\"text-align: justify;\">Localit\u00e0: <strong>Rocchetta a Volturno<\/strong> (IS) \u00a0 \u00a0 \u00a0 \u00a0 \u00a0 \u00a0 \u00a0 \u00a0 \u00a0 \u00a0Sub-area: <span style=\"color: #0000ff;\">Parco Nazionale d&#8217;Abruzzo, Lazio e Molise<\/span><\/p>\n<p style=\"text-align: justify;\"><a href=\"https:\/\/eremos.eu\/wp-content\/uploads\/2015\/08\/15c4.jpg\"><img loading=\"lazy\" decoding=\"async\" class=\"alignleft size-full wp-image-2347\" src=\"https:\/\/eremos.eu\/wp-content\/uploads\/2015\/08\/15c4.jpg\" alt=\"15c\" width=\"277\" height=\"183\" \/><\/a>La chiesa di Santa Maria delle Grotte, che deve il suo nome alla presenza di alcune grotte naturali nella zona, \u00e8 indubbiamente un autorevole esempio di architettura rupestre benedettina. Di origine<a href=\"https:\/\/eremos.eu\/wp-content\/uploads\/2015\/08\/15b5.jpg\"><img loading=\"lazy\" decoding=\"async\" class=\"alignright wp-image-2345\" src=\"https:\/\/eremos.eu\/wp-content\/uploads\/2015\/08\/15b5-121x300.jpg\" alt=\"15b\" width=\"142\" height=\"352\" srcset=\"https:\/\/eremos.eu\/wp-content\/uploads\/2015\/08\/15b5-121x300.jpg 121w, https:\/\/eremos.eu\/wp-content\/uploads\/2015\/08\/15b5-414x1024.jpg 414w, https:\/\/eremos.eu\/wp-content\/uploads\/2015\/08\/15b5.jpg 481w\" sizes=\"auto, (max-width: 142px) 100vw, 142px\" \/><\/a> incerta (forse dell\u2019VIII secolo), data la sua particolare posizione nell\u2019antico tracciato che attraverso la valle del Volturno conduceva in Campania, \u00e8 alquanto logico presumere che fosse una tappa d\u2019obbligo sia per i pellegrini che per i viandanti occasionali, com\u2019\u00e8 testimoniato dalla presenza all\u2019interno della gigantesca immagine del loro protettore san Cristoforo. D\u2019altro canto non solo le celle monacali e la fornace che recenti scavi hanno messo in luce ma anche la presenza di impianti per la produzione dell\u2019olio e del vino stanno a confermare che la chiesa non era isolata ma faceva parte di un complesso monastico. L\u2019edificio religioso \u00e8 costituito da due nuclei: uno, pi\u00f9 antico, ricavato modellando la roccia in corrispondenza di una cavit\u00e0 naturale, e l\u2019altro, costruito in muratura. Il risultato \u00e8 l\u2019articolato abbinamento di due distinte navate, collegate da aperture e affiancate da cappelle e piccoli ambienti. Le pareti interne sono riccamente decorate con affreschi databili tra il XIII e il XIV secolo che, oltre a scene della <i>Vita di Cristo, <\/i>raffigurano l\u2019iconografia di alcuni santi.<\/p>\n<p style=\"text-align: justify;\"><a href=\"https:\/\/eremos.eu\/wp-content\/uploads\/2015\/08\/1513.jpg\"><img loading=\"lazy\" decoding=\"async\" class=\"alignleft size-medium wp-image-2346\" src=\"https:\/\/eremos.eu\/wp-content\/uploads\/2015\/08\/1513-300x226.jpg\" alt=\"15\" width=\"300\" height=\"226\" srcset=\"https:\/\/eremos.eu\/wp-content\/uploads\/2015\/08\/1513-300x226.jpg 300w, https:\/\/eremos.eu\/wp-content\/uploads\/2015\/08\/1513.jpg 612w\" sizes=\"auto, (max-width: 300px) 100vw, 300px\" \/><\/a><\/p>\n<p style=\"text-align: justify;\"><a href=\"https:\/\/eremos.eu\/wp-content\/uploads\/2015\/08\/15d1.jpg\"><img loading=\"lazy\" decoding=\"async\" class=\" size-medium wp-image-2348 alignnone\" src=\"https:\/\/eremos.eu\/wp-content\/uploads\/2015\/08\/15d1-300x225.jpg\" alt=\"15d\" width=\"300\" height=\"225\" srcset=\"https:\/\/eremos.eu\/wp-content\/uploads\/2015\/08\/15d1-300x225.jpg 300w, https:\/\/eremos.eu\/wp-content\/uploads\/2015\/08\/15d1.jpg 612w\" sizes=\"auto, (max-width: 300px) 100vw, 300px\" \/><\/a><\/p>\n<p style=\"text-align: justify;\"><a href=\"https:\/\/eremos.eu\/wp-content\/uploads\/2015\/08\/15a6.jpg\"><img loading=\"lazy\" decoding=\"async\" class=\"alignleft wp-image-2349\" src=\"https:\/\/eremos.eu\/wp-content\/uploads\/2015\/08\/15a6.jpg\" alt=\"15a\" width=\"198\" height=\"300\" \/><\/a><\/p>\n<p style=\"text-align: justify;\"><a href=\"https:\/\/eremos.eu\/wp-content\/uploads\/2015\/08\/15e.jpg\"><img loading=\"lazy\" decoding=\"async\" class=\"alignleft wp-image-2350 size-medium\" src=\"https:\/\/eremos.eu\/wp-content\/uploads\/2015\/08\/15e-199x300.jpg\" alt=\"15e\" width=\"199\" height=\"300\" srcset=\"https:\/\/eremos.eu\/wp-content\/uploads\/2015\/08\/15e-199x300.jpg 199w, https:\/\/eremos.eu\/wp-content\/uploads\/2015\/08\/15e.jpg 630w\" sizes=\"auto, (max-width: 199px) 100vw, 199px\" \/><\/a><\/p>\n<p style=\"text-align: justify;\"><a href=\"https:\/\/eremos.eu\/wp-content\/uploads\/2015\/08\/Santa-Maria-in-Grotte-Rocchetta-a-Volturno.jpg\"><img loading=\"lazy\" decoding=\"async\" class=\" wp-image-2351 size-medium alignnone\" src=\"https:\/\/eremos.eu\/wp-content\/uploads\/2015\/08\/Santa-Maria-in-Grotte-Rocchetta-a-Volturno-209x300.jpg\" alt=\"Santa Maria in Grotte Rocchetta a Volturno\" width=\"209\" height=\"300\" srcset=\"https:\/\/eremos.eu\/wp-content\/uploads\/2015\/08\/Santa-Maria-in-Grotte-Rocchetta-a-Volturno-209x300.jpg 209w, https:\/\/eremos.eu\/wp-content\/uploads\/2015\/08\/Santa-Maria-in-Grotte-Rocchetta-a-Volturno.jpg 415w\" sizes=\"auto, (max-width: 209px) 100vw, 209px\" \/><\/a><\/p>\n<hr \/>\n<p>&nbsp;<\/p>\n","protected":false},"excerpt":{"rendered":"<p>&nbsp; MONTI DEL MATESE EREMO DI SANT&#8217;EGIDIO (Chiesa-romitorio &#8211; IX-X secolo) Localit\u00e0: Civita Superiore di Bojano (CB) L\u2019eremo di Sant\u2019Egidio, che si staglia nel mezzo di una verde altura del Matese ad oltre 1.000 metri di quota, \u00e8 un cenobio cistercense del IX secolo. Originariamente realizzato con funzione di romitorio&#8230;<\/p>\n","protected":false},"author":1,"featured_media":0,"parent":0,"menu_order":0,"comment_status":"open","ping_status":"closed","template":"","meta":{"footnotes":""},"class_list":["post-44","page","type-page","status-publish","hentry"],"_links":{"self":[{"href":"https:\/\/eremos.eu\/index.php\/wp-json\/wp\/v2\/pages\/44","targetHints":{"allow":["GET"]}}],"collection":[{"href":"https:\/\/eremos.eu\/index.php\/wp-json\/wp\/v2\/pages"}],"about":[{"href":"https:\/\/eremos.eu\/index.php\/wp-json\/wp\/v2\/types\/page"}],"author":[{"embeddable":true,"href":"https:\/\/eremos.eu\/index.php\/wp-json\/wp\/v2\/users\/1"}],"replies":[{"embeddable":true,"href":"https:\/\/eremos.eu\/index.php\/wp-json\/wp\/v2\/comments?post=44"}],"version-history":[{"count":5,"href":"https:\/\/eremos.eu\/index.php\/wp-json\/wp\/v2\/pages\/44\/revisions"}],"predecessor-version":[{"id":6126,"href":"https:\/\/eremos.eu\/index.php\/wp-json\/wp\/v2\/pages\/44\/revisions\/6126"}],"wp:attachment":[{"href":"https:\/\/eremos.eu\/index.php\/wp-json\/wp\/v2\/media?parent=44"}],"curies":[{"name":"wp","href":"https:\/\/api.w.org\/{rel}","templated":true}]}}