{"id":23,"date":"2015-08-09T13:33:52","date_gmt":"2015-08-09T13:33:52","guid":{"rendered":"http:\/\/www.eremos.eu\/?page_id=23"},"modified":"2016-11-22T16:09:11","modified_gmt":"2016-11-22T14:09:11","slug":"campania","status":"publish","type":"page","link":"https:\/\/eremos.eu\/index.php\/campania\/","title":{"rendered":"Campania (104)"},"content":{"rendered":"<p>&nbsp;<\/p>\n<h3><span style=\"color: #0000ff;\"><strong>ARCIPELAGO CAMPANO<\/strong><\/span><\/h3>\n<p><strong>EREMO DI SANTA MARIA A CETRELLA<\/strong> (Chiesa-romitorio &#8211; XV secolo)<\/p>\n<p>Localit\u00e0: <strong>Anacapri<\/strong> (NA)<\/p>\n<p style=\"text-align: justify;\">L\u2019eremo di Santa Maria a Cetrella, in solitaria posizione sul ciglio dell\u2019alta parete rocciosa che sovrasta Anacapri, \u00e8 un esempio dell\u2019architettura tardogotica caprese del XV secolo. Si ipotizza che il toponimo \u201ccetrella\u201d possa derivare dall&#8217;erba odorosa (cetra o cedrina) che qui viene raccolta oppure che sia legato alla Venere Citerea e ad un tempio romano preesistente. Ristrutturato nel \u2018600, consta di un\u2019ambientazione interna piuttosto sobria: la chiesa, con due navate a crociera, due altari gemelli e un minuscolo campanile; ed il romitorio, con le celle (a testimonianza della presenza eremitica francescana e domenicana), la cucina, i servizi ed il piccolo orto da cui si gode una vista mozzafiato. All\u2019interno della chiesa \u00e8 conservata l&#8217;immagine della <i>Vergine<\/i>, cara soprattutto ai corallari anacapresi che, prima delle pericolose immersioni in mare, usavano salire in pellegrinaggio alla chiesetta.<\/p>\n<p style=\"text-align: justify;\"><a href=\"https:\/\/eremos.eu\/wp-content\/uploads\/2015\/08\/140.jpg\"><img loading=\"lazy\" decoding=\"async\" class=\"alignleft wp-image-971 size-medium\" src=\"https:\/\/eremos.eu\/wp-content\/uploads\/2015\/08\/140-300x199.jpg\" alt=\"1\" width=\"300\" height=\"199\" srcset=\"https:\/\/eremos.eu\/wp-content\/uploads\/2015\/08\/140-300x199.jpg 300w, https:\/\/eremos.eu\/wp-content\/uploads\/2015\/08\/140.jpg 772w\" sizes=\"auto, (max-width: 300px) 100vw, 300px\" \/><\/a><\/p>\n<p><a href=\"https:\/\/eremos.eu\/wp-content\/uploads\/2015\/08\/1a1.jpg\"><img loading=\"lazy\" decoding=\"async\" class=\" wp-image-973 alignnone\" src=\"https:\/\/eremos.eu\/wp-content\/uploads\/2015\/08\/1a1.jpg\" alt=\"1a\" width=\"242\" height=\"200\" \/><\/a><\/p>\n<p><a href=\"https:\/\/eremos.eu\/wp-content\/uploads\/2015\/08\/1b.jpg\"><img loading=\"lazy\" decoding=\"async\" class=\"alignleft wp-image-972 size-medium\" src=\"https:\/\/eremos.eu\/wp-content\/uploads\/2015\/08\/1b-300x200.jpg\" alt=\"1b\" width=\"300\" height=\"200\" srcset=\"https:\/\/eremos.eu\/wp-content\/uploads\/2015\/08\/1b-300x200.jpg 300w, https:\/\/eremos.eu\/wp-content\/uploads\/2015\/08\/1b.jpg 596w\" sizes=\"auto, (max-width: 300px) 100vw, 300px\" \/><\/a><\/p>\n<p><a href=\"https:\/\/eremos.eu\/wp-content\/uploads\/2015\/08\/1c.jpg\"><img loading=\"lazy\" decoding=\"async\" class=\"alignnone wp-image-974\" src=\"https:\/\/eremos.eu\/wp-content\/uploads\/2015\/08\/1c.jpg\" alt=\"1c\" width=\"266\" height=\"200\" \/><\/a><\/p>\n<hr \/>\n<p><strong>CHIESA DI SANTA MARIA A MONTE<\/strong> (Chiesa semirupestre &#8211; IX secolo)<\/p>\n<p>Localit\u00e0: <strong>Forio d&#8217;Ischia<\/strong> (NA)<\/p>\n<p style=\"text-align: justify;\">La chiesa di Santa Maria al Monte, scavata parzialmente nel tufo su un crinale del monte Epomeo, pu\u00f2 considerarsi a ragione un caratteristico esempio di architettura rupestre. In mancanza di fonti certe, si ipotizza che sia stata edificata dalla popolazione locale, all\u2019epoca dei primi insediamenti rurali nell\u2019isola, in una posizione strategica (500 metri d\u2019altezza) tale da poter essere individuata anche da lontano. Dopo secoli di storia e di miti legati alla Madonna del Monte, nei primi decenni del Novecento la chiesa viene abbandonata e finisce per essere utilizzata come ricovero di animali e deposito di legna, almeno fino a quando un ex monaco dell&#8217;eremo di San Nicola, riesce a ristrutturarla e riaprirla al culto. La struttura dell&#8217;edificio, molto semplice, \u00e8 caratterizzata da una facciata sormontata da due campane e da una cupola sferica; mentre all&#8217;interno, consta di un&#8217;ampia navata centrale, terminante nell&#8217;abside, affiancata da un\u2019altra laterale pi\u00f9 stretta. Oltre alla pala d&#8217;altare di anonimo raffigurante la <i>Madonna con i santi Antonio abate e Paolo eremita<\/i>, la chiesa conserva un altare ligneo con paliotto dipinto con motivi floreali, risalente agli inizi del Seicento, e residui di affreschi del XVII secolo nella volta.<\/p>\n<p style=\"text-align: justify;\"><a href=\"https:\/\/eremos.eu\/wp-content\/uploads\/2015\/08\/213.jpg\"><img loading=\"lazy\" decoding=\"async\" class=\"alignleft wp-image-975 size-medium\" src=\"https:\/\/eremos.eu\/wp-content\/uploads\/2015\/08\/213-300x199.jpg\" alt=\"2\" width=\"300\" height=\"199\" srcset=\"https:\/\/eremos.eu\/wp-content\/uploads\/2015\/08\/213-300x199.jpg 300w, https:\/\/eremos.eu\/wp-content\/uploads\/2015\/08\/213.jpg 349w\" sizes=\"auto, (max-width: 300px) 100vw, 300px\" \/><\/a><a href=\"https:\/\/eremos.eu\/wp-content\/uploads\/2015\/08\/2a2.jpg\"><img loading=\"lazy\" decoding=\"async\" class=\" wp-image-976 alignnone\" src=\"https:\/\/eremos.eu\/wp-content\/uploads\/2015\/08\/2a2.jpg\" alt=\"2a\" width=\"284\" height=\"199\" \/><\/a><\/p>\n<p><a href=\"https:\/\/eremos.eu\/wp-content\/uploads\/2015\/08\/2b3.jpg\"><img loading=\"lazy\" decoding=\"async\" class=\"alignleft wp-image-977\" src=\"https:\/\/eremos.eu\/wp-content\/uploads\/2015\/08\/2b3-300x211.jpg\" alt=\"2b\" width=\"300\" height=\"211\" srcset=\"https:\/\/eremos.eu\/wp-content\/uploads\/2015\/08\/2b3-300x211.jpg 300w, https:\/\/eremos.eu\/wp-content\/uploads\/2015\/08\/2b3-1024x720.jpg 1024w, https:\/\/eremos.eu\/wp-content\/uploads\/2015\/08\/2b3.jpg 1034w\" sizes=\"auto, (max-width: 300px) 100vw, 300px\" \/><\/a><a href=\"https:\/\/eremos.eu\/wp-content\/uploads\/2015\/08\/2c13.jpg\"><img loading=\"lazy\" decoding=\"async\" class=\"alignnone wp-image-5263\" src=\"https:\/\/eremos.eu\/wp-content\/uploads\/2015\/08\/2c13-300x208.jpg\" alt=\"2c\" width=\"304\" height=\"211\" srcset=\"https:\/\/eremos.eu\/wp-content\/uploads\/2015\/08\/2c13-300x208.jpg 300w, https:\/\/eremos.eu\/wp-content\/uploads\/2015\/08\/2c13.jpg 655w\" sizes=\"auto, (max-width: 304px) 100vw, 304px\" \/><\/a><\/p>\n<hr \/>\n<p><strong>CHIESA DI SAN NICOLA<\/strong> (Chiesa e romitorio rupestri &#8211; VIII-IX secolo)<\/p>\n<p><a href=\"https:\/\/eremos.eu\/wp-content\/uploads\/2015\/08\/3a17.jpg\"><img loading=\"lazy\" decoding=\"async\" class=\"alignright size-medium wp-image-5345\" src=\"https:\/\/eremos.eu\/wp-content\/uploads\/2015\/08\/3a17-226x300.jpg\" alt=\"3a\" width=\"226\" height=\"300\" srcset=\"https:\/\/eremos.eu\/wp-content\/uploads\/2015\/08\/3a17-226x300.jpg 226w, https:\/\/eremos.eu\/wp-content\/uploads\/2015\/08\/3a17.jpg 582w\" sizes=\"auto, (max-width: 226px) 100vw, 226px\" \/><\/a>Localit\u00e0: <strong>Serrara Fontana<\/strong> (NA)<\/p>\n<p style=\"text-align: justify;\">La chiesa rupestre di San Nicola, situata sulla vetta del monte Epomeo, il pi\u00f9 alto dell\u2019isola d\u2019Ischia, \u00e8 interamente scavata nel tufo e completata da una facciata in muratura. Per quanto venga attestata solo a partire dal 1465, la sua fondazione \u00e8 sicuramente pi\u00f9 antica e, in qualche modo, va messa in relazione con le antiche abitazioni rupestri che si annidano tra la costa di Forio e le falde della stessa montagna. La chiesa, ad ovest, propone la navata con un presbiterio rettangolare ed una cappella laterale con due altari; ad est, in prossimit\u00e0 dell\u2019ingresso, \u00e8 presente invece un ambiente semicircolare. Nel 1588 alla chiesa di San Nicola risultava annessa\u00a0 una grotta con funzione di cenobio, identificabile con il complesso rupestre adiacente al luogo di culto tutt\u2019ora visibile, sebbene trasformato in albergo. L\u2019eremo rupestre di San Nicola, sorto in epoca successiva, secondo quanto \u00e8 documentato, sembra costituire un primo esempio d\u2019eremitismo post-tridentino e fino alla met\u00e0 del Settecento ospitava gli \u201ceremiti di San Nicola della Montagna\u201d, proponendosi come un ospizio ideale per il soggiorno di altri eventuali religiosi.<\/p>\n<p><a href=\"https:\/\/eremos.eu\/wp-content\/uploads\/2015\/08\/3b1.jpg\"><img loading=\"lazy\" decoding=\"async\" class=\"alignleft wp-image-981\" src=\"https:\/\/eremos.eu\/wp-content\/uploads\/2015\/08\/3b1.jpg\" alt=\"3b\" width=\"286\" height=\"215\" \/><\/a><\/p>\n<p><a href=\"https:\/\/eremos.eu\/wp-content\/uploads\/2015\/08\/310.jpg\"><img loading=\"lazy\" decoding=\"async\" class=\" wp-image-980 alignnone\" src=\"https:\/\/eremos.eu\/wp-content\/uploads\/2015\/08\/310-300x225.jpg\" alt=\"3\" width=\"287\" height=\"215\" srcset=\"https:\/\/eremos.eu\/wp-content\/uploads\/2015\/08\/310-300x225.jpg 300w, https:\/\/eremos.eu\/wp-content\/uploads\/2015\/08\/310.jpg 502w\" sizes=\"auto, (max-width: 287px) 100vw, 287px\" \/><\/a><\/p>\n<hr \/>\n<h3><span style=\"color: #0000ff;\"><strong>BAIANESE<\/strong><\/span><\/h3>\n<p><strong>GROTTA DI SAN MICHELE<\/strong> (Santuario rupestre &#8211; XI-XII secolo)<\/p>\n<p>Localit\u00e0: <strong>Avella<\/strong> (AV) \u00a0 \u00a0 \u00a0 \u00a0 \u00a0 \u00a0 \u00a0 \u00a0 \u00a0 \u00a0 \u00a0 \u00a0 \u00a0 \u00a0 \u00a0 \u00a0 \u00a0 \u00a0 \u00a0 \u00a0 \u00a0 \u00a0 \u00a0Sub-area: <span style=\"color: #0000ff;\">Parco Regionale del Partenio<\/span><\/p>\n<p style=\"text-align: justify;\"><a href=\"https:\/\/eremos.eu\/wp-content\/uploads\/2015\/08\/avella.jpg\"><img loading=\"lazy\" decoding=\"async\" class=\"alignleft size-medium wp-image-5264\" src=\"https:\/\/eremos.eu\/wp-content\/uploads\/2015\/08\/avella-300x210.jpg\" alt=\"avella\" width=\"300\" height=\"210\" srcset=\"https:\/\/eremos.eu\/wp-content\/uploads\/2015\/08\/avella-300x210.jpg 300w, https:\/\/eremos.eu\/wp-content\/uploads\/2015\/08\/avella.jpg 560w\" sizes=\"auto, (max-width: 300px) 100vw, 300px\" \/><\/a>Per quanto la grotta di San Michele ad Avella sia da considerare come uno dei pi\u00f9 significativi santuari rupestri micaelici, non solo per le dimensioni ma soprattutto per la quantit\u00e0 degli interventi pittorici presenti al suo interno, rimane tutt\u2019oggi poco nota. Estesa per oltre 50 metri nel fianco del monte Ciesco Alto, si articola in una serie di concavit\u00e0 scavate rozzamente lungo la parete interna di una grotta naturale. Tre di queste vengono chiamate \u201ccappelle\u201d rispettivamente dell\u2019Immacolata Concezione, del Salvatore e di san Michele, a conferma della presenza o dell\u2019avvicendarsi di diversi poli cultuali all\u2019interno dello stesso ambiente rupestre. Cominciando dal nucleo pi\u00f9 antico, la cappella del Salvatore, che si apre al centro del santuario, <a href=\"https:\/\/eremos.eu\/wp-content\/uploads\/2015\/08\/4e3.jpg\"><img loading=\"lazy\" decoding=\"async\" class=\"alignright size-medium wp-image-5265\" src=\"https:\/\/eremos.eu\/wp-content\/uploads\/2015\/08\/4e3-148x300.jpg\" alt=\"4e\" width=\"148\" height=\"300\" srcset=\"https:\/\/eremos.eu\/wp-content\/uploads\/2015\/08\/4e3-148x300.jpg 148w, https:\/\/eremos.eu\/wp-content\/uploads\/2015\/08\/4e3.jpg 472w\" sizes=\"auto, (max-width: 148px) 100vw, 148px\" \/><\/a>conserva due grandi pannelli d\u2019et\u00e0 medievale (databili intorno alla met\u00e0 dell\u2019XI secolo) che raffigurano in tutto una quindicina personaggi, ancorch\u00e9 di non facile identificazione a causa del deterioramento della pellicola pittorica ma con un comune tema iconografico di matrice bizantina. Il primo, forse meglio conservato, ospita una decina di santi e vescovi attorno all\u2019arcangelo Michele; mentre il secondo presenta un <i>Cristo<\/i> <i>pantocratore<\/i> affiancato da Pietro e Paolo, da una parte e dall\u2019altra, da una <i>Vergine<\/i> <i>con Bambino benedicente<\/i>. Altri interventi pittorici riguardano la cappella dell\u2019Immacolata, come ad esempio un <i>San Cristoforo con Ges\u00f9 bambino<\/i>, seguito da altri dipinti di non chiara interpretazione. Un altro importante nucleo di pitture medievali viene proposto, infine, nella cappella di San Michele, dove un\u2019iconografia dell\u2019Arcangelo di squisito gusto bizantino (inizi del XIII secolo) accanto all\u2019altare \u00e8 accompagnata dai resti di altri due pannelli trecenteschi, sia pure notevolmente compromessi dallo stillicidio della roccia sovrastante, che lasciano intravvedere rispettivamente il capo di una <i>Vergine con Bambino in braccio <\/i>e di una <i>Crocifissione<\/i>.<\/p>\n<p><a href=\"https:\/\/eremos.eu\/wp-content\/uploads\/2015\/08\/4d.jpg\"><img loading=\"lazy\" decoding=\"async\" class=\"alignleft wp-image-983 size-medium\" src=\"https:\/\/eremos.eu\/wp-content\/uploads\/2015\/08\/4d-300x225.jpg\" alt=\"4d\" width=\"300\" height=\"225\" srcset=\"https:\/\/eremos.eu\/wp-content\/uploads\/2015\/08\/4d-300x225.jpg 300w, https:\/\/eremos.eu\/wp-content\/uploads\/2015\/08\/4d.jpg 634w\" sizes=\"auto, (max-width: 300px) 100vw, 300px\" \/><\/a><\/p>\n<p><a href=\"https:\/\/eremos.eu\/wp-content\/uploads\/2015\/08\/grotta-di-san-michele-AVELLA1.jpg\"><img loading=\"lazy\" decoding=\"async\" class=\"alignnone wp-image-5266\" src=\"https:\/\/eremos.eu\/wp-content\/uploads\/2015\/08\/grotta-di-san-michele-AVELLA1-300x218.jpg\" alt=\"grotta-di-san-michele AVELLA\" width=\"310\" height=\"225\" srcset=\"https:\/\/eremos.eu\/wp-content\/uploads\/2015\/08\/grotta-di-san-michele-AVELLA1-300x218.jpg 300w, https:\/\/eremos.eu\/wp-content\/uploads\/2015\/08\/grotta-di-san-michele-AVELLA1.jpg 329w\" sizes=\"auto, (max-width: 310px) 100vw, 310px\" \/><\/a><\/p>\n<p><a href=\"https:\/\/eremos.eu\/wp-content\/uploads\/2015\/08\/4f.jpg\"><img loading=\"lazy\" decoding=\"async\" class=\"alignleft wp-image-985\" src=\"https:\/\/eremos.eu\/wp-content\/uploads\/2015\/08\/4f-201x300.jpg\" alt=\"4f\" width=\"181\" height=\"270\" srcset=\"https:\/\/eremos.eu\/wp-content\/uploads\/2015\/08\/4f-201x300.jpg 201w, https:\/\/eremos.eu\/wp-content\/uploads\/2015\/08\/4f.jpg 527w\" sizes=\"auto, (max-width: 181px) 100vw, 181px\" \/><\/a><\/p>\n<p><a href=\"https:\/\/eremos.eu\/wp-content\/uploads\/2015\/08\/4a1.jpg\"><img loading=\"lazy\" decoding=\"async\" class=\"alignleft wp-image-986\" src=\"https:\/\/eremos.eu\/wp-content\/uploads\/2015\/08\/4a1.jpg\" alt=\"4a\" width=\"221\" height=\"270\" \/><\/a><\/p>\n<p><a href=\"https:\/\/eremos.eu\/wp-content\/uploads\/2015\/08\/4c.jpg\"><img loading=\"lazy\" decoding=\"async\" class=\" alignnone wp-image-987\" src=\"https:\/\/eremos.eu\/wp-content\/uploads\/2015\/08\/4c-260x300.jpg\" alt=\"4c\" width=\"234\" height=\"270\" srcset=\"https:\/\/eremos.eu\/wp-content\/uploads\/2015\/08\/4c-260x300.jpg 260w, https:\/\/eremos.eu\/wp-content\/uploads\/2015\/08\/4c.jpg 368w\" sizes=\"auto, (max-width: 234px) 100vw, 234px\" \/><\/a><\/p>\n<hr \/>\n<p><strong>EREMO DI SAN SILVESTRO<\/strong> (Cappella rupestre &#8211; XV secolo)<\/p>\n<p>Localit\u00e0: <strong>Sant&#8217;Angelo a Scala<\/strong> (AV) \u00a0 \u00a0 \u00a0 \u00a0 \u00a0 \u00a0 \u00a0 \u00a0 \u00a0 \u00a0\u00a0Sub-area: <span style=\"color: #0000ff;\">Parco Regionale del Partenio<\/span><\/p>\n<p style=\"text-align: justify;\">L\u2019eremo di San Silvestro, sulle alture del monte Vallatrone, \u00e8 la baroccheggiante cappella rupestre edificata l\u00e0 dove, secondo la tradizione, vennero rinvenute le spoglie mortali di san Silvestro. Ma, in ogni caso, il luogo \u00e8 da sempre meta di un incessante pellegrinaggio perch\u00e9 attigua alla chiesa vi \u00e8 una grotta naturale dalle cui pareti filtra un\u2019acqua ritenuta miracolosa che viene raccolta in due distinte vasche: l\u2019una impiegata come fonte e l\u2019altra, pi\u00f9 grande, per terapeutiche abluzioni.<\/p>\n<p><a href=\"https:\/\/eremos.eu\/wp-content\/uploads\/2015\/08\/513.jpg\"><img loading=\"lazy\" decoding=\"async\" class=\"alignleft wp-image-992 size-full\" src=\"https:\/\/eremos.eu\/wp-content\/uploads\/2015\/08\/513.jpg\" alt=\"5\" width=\"261\" height=\"195\" \/><\/a><a href=\"https:\/\/eremos.eu\/wp-content\/uploads\/2015\/08\/5a2.jpg\"><img loading=\"lazy\" decoding=\"async\" class=\" wp-image-993 alignnone\" src=\"https:\/\/eremos.eu\/wp-content\/uploads\/2015\/08\/5a2.jpg\" alt=\"5a\" width=\"293\" height=\"195\" \/><\/a><\/p>\n<hr \/>\n<h3><span style=\"color: #0000ff;\"><strong>CILENTO<\/strong><\/span><\/h3>\n<p><strong>GROTTA DI SAN BIAGIO<\/strong> (Cappella rupestre &#8211; VIII-X secolo)<\/p>\n<p>Localit\u00e0: <strong>Camerota<\/strong> (SA)<\/p>\n<p><a href=\"https:\/\/eremos.eu\/wp-content\/uploads\/2015\/08\/660.jpg\"><img loading=\"lazy\" decoding=\"async\" class=\"alignright size-medium wp-image-5267\" src=\"https:\/\/eremos.eu\/wp-content\/uploads\/2015\/08\/660-300x224.jpg\" alt=\"6\" width=\"300\" height=\"224\" srcset=\"https:\/\/eremos.eu\/wp-content\/uploads\/2015\/08\/660-300x224.jpg 300w, https:\/\/eremos.eu\/wp-content\/uploads\/2015\/08\/660.jpg 639w\" sizes=\"auto, (max-width: 300px) 100vw, 300px\" \/><\/a>Sub-area: <span style=\"color: #0000ff;\">Parco Nazionale del Cilento, Vallo di Diano e Alburni<\/span><\/p>\n<p style=\"text-align: justify;\">Con il toponimo \u201cgrotta di San Biagio\u201d viene da sempre identificata la piccola cappella rupestre situata all\u2019interno di una cavit\u00e0 naturale della falesia culminante con il diruto castello di Camerota che si apre sull\u2019Armu, un profondo e ripido strapiombo. Tanto il nome Armu, che vuol dire \u201crupe\u201d in greco bizantino, quanto la devozione per il santo medico Biagio d\u2019Armenia sono significativi per attestare l\u2019insediamento dei monaci basiliani avvenuto nel territorio salernitano tra l\u2019VIII ed il X secolo.<\/p>\n<hr \/>\n<p><strong><a href=\"https:\/\/eremos.eu\/wp-content\/uploads\/2015\/08\/749.jpg\"><img loading=\"lazy\" decoding=\"async\" class=\"alignright size-medium wp-image-5268\" src=\"https:\/\/eremos.eu\/wp-content\/uploads\/2015\/08\/749-290x300.jpg\" alt=\"7\" width=\"290\" height=\"300\" srcset=\"https:\/\/eremos.eu\/wp-content\/uploads\/2015\/08\/749-290x300.jpg 290w, https:\/\/eremos.eu\/wp-content\/uploads\/2015\/08\/749.jpg 434w\" sizes=\"auto, (max-width: 290px) 100vw, 290px\" \/><\/a>GROTTA DELL&#8217;ANGELO<\/strong> (Santuario rupestre &#8211; VI-VII secolo)<\/p>\n<p>Localit\u00e0: <strong>Caselle in Pittari<\/strong> (SA)<\/p>\n<p>Sub-area: <span style=\"color: #0000ff;\">Parco Nazionale del Cilento, Vallo di Diano e Alburni<\/span><\/p>\n<p style=\"text-align: justify;\">La grotta dell\u2019Angelo, pi\u00f9 grande di quella di San Michele, presenta uno sviluppo complessivo di quasi cinquanta metri, con un\u2019ampia curvatura nel tratto finale. Appena entrati \u00e8 ben visibile un piccolo altare votivo con una raffigurazione dell&#8217;Arcangelo e subito oltre un piccolo vano con evidenti concrezioni a testimonianza di un vecchio stazionamento di pozze d&#8217;acqua. La grotta prosegue fino in fondo con strettoie, passaggi e ambienti tutti caratterizzati da vistose concrezioni e stalagmiti anche di grosso diametro.<\/p>\n<hr \/>\n<p style=\"text-align: justify;\"><strong>GROTTA DI SAN MICHELE<\/strong> (Santuario rupestre &#8211; VI-VII secolo)<\/p>\n<p style=\"text-align: justify;\">Localit\u00e0: <strong>Caselle in Pittari<\/strong> (SA) \u00a0 \u00a0 \u00a0 \u00a0 \u00a0 \u00a0 Sub-area: <span style=\"color: #0000ff;\">Parco Nazionale del Cilento, Vallo di Diano e Alburni<\/span><\/p>\n<p style=\"text-align: justify;\"><a href=\"https:\/\/eremos.eu\/wp-content\/uploads\/2015\/08\/839.jpg\"><img loading=\"lazy\" decoding=\"async\" class=\"alignright size-medium wp-image-5269\" src=\"https:\/\/eremos.eu\/wp-content\/uploads\/2015\/08\/839-300x224.jpg\" alt=\"8\" width=\"300\" height=\"224\" srcset=\"https:\/\/eremos.eu\/wp-content\/uploads\/2015\/08\/839-300x224.jpg 300w, https:\/\/eremos.eu\/wp-content\/uploads\/2015\/08\/839.jpg 646w\" sizes=\"auto, (max-width: 300px) 100vw, 300px\" \/><\/a>La grotta di San Michele, assieme a quella dell\u2019Angelo, fa parte di un complesso carsico sviluppatosi sul versante meridionale dell\u2019omonimo monte, non molto distante dall\u2019abitato di Caselle in Pittari. Entrambi le grotte sono dedicate all\u2019antico culto micaelico, con altari e raffigurazioni dell\u2019arcangelo, protetti dalle acque di stillicidio da piccole absidi. La grotta San Michele consta di un\u2019ampia galleria lunga una decina di metri, con la volta costituita da una superficie levigata, oltre la quale si apre una sala a morfologia piuttosto irregolare con una notevole concrezione colonnare al centro, alla quale \u00e8 stato addossato l\u2019altare votivo.<\/p>\n<hr \/>\n<p><strong>GROTTA DELLA MADONNA<\/strong> (Santuario rupestre &#8211; VII secolo)<\/p>\n<p style=\"text-align: justify;\">Localit\u00e0: <strong>Celle di Bulgheria<\/strong> (SA)<\/p>\n<p style=\"text-align: justify;\"><a href=\"https:\/\/eremos.eu\/wp-content\/uploads\/2015\/08\/948.jpg\"><img loading=\"lazy\" decoding=\"async\" class=\"alignright size-medium wp-image-5270\" src=\"https:\/\/eremos.eu\/wp-content\/uploads\/2015\/08\/948-300x225.jpg\" alt=\"9\" width=\"300\" height=\"225\" srcset=\"https:\/\/eremos.eu\/wp-content\/uploads\/2015\/08\/948-300x225.jpg 300w, https:\/\/eremos.eu\/wp-content\/uploads\/2015\/08\/948-1024x768.jpg 1024w, https:\/\/eremos.eu\/wp-content\/uploads\/2015\/08\/948.jpg 1217w\" sizes=\"auto, (max-width: 300px) 100vw, 300px\" \/><\/a>Sub-area:\u00a0<span style=\"color: #0000ff;\">Parco Nazionale del Cilento, Vallo di Diano e Alburni<\/span><\/p>\n<p style=\"text-align: justify;\">Non trascurando che il toponimo \u201cCelle\u201d trae le sue origini dallo stanziamento di monaci arrivati dall\u2019Oriente che proprio alle falde del monte Bulgheria fondarono una laura con celle (cenobio basiliano), attorno alla quale via via si cre\u00f2 un centro abitato, la grotta della Madonna si apre sulla parete del massiccio calcareo (raggiunge i 1.225 metri) ed \u00e8 cos\u00ec denominata perch\u00e9, secondo la leggenda, sarebbe stata una delle dimore della Vergine Maria, la cui immagine \u00e8 stata peraltro ricavata manipolando una stalagmite presente all\u2019interno dell\u2019ampia caverna.<\/p>\n<hr \/>\n<p><strong>GROTTA DI SANT&#8217;ELENA<\/strong> (Romitorio rupestre &#8211; VI secolo)<\/p>\n<p style=\"text-align: justify;\">Localit\u00e0: <strong>Laurino<\/strong> (SA) \u00a0 \u00a0 \u00a0 \u00a0 \u00a0 \u00a0 \u00a0 \u00a0 \u00a0 \u00a0\u00a0Sub-area:\u00a0<span style=\"color: #0000ff;\">Parco Nazionale del Cilento, Vallo di Diano e Alburni<\/span><\/p>\n<p style=\"text-align: justify;\">La storia della grotta di Sant\u2019Elena, situata sul monte di Pruno, ad una decina di chilometri da Laurino, \u00e8 legata a quella di Elena, giovane pulzella d\u2019una facoltosa famiglia del luogo, che intorno alla prima met\u00e0 del VI secolo, poco pi\u00f9 che quindicenne, decide di sottrarsi alle brutture ed al malcostume che regnavano in quei tempi bui abbandonando la casa paterna per andarsi a ritirare in eremitaggio. Proprio in questa caverna, inospitale ed inaccessibile, vivr\u00e0 per qualche tempo di preghiera e contemplazione fino a che non sar\u00e0 sopraffatta dagli stenti fisici. Anticamente, all&#8217;interno della cappella rupestre sorgeva un primitivo altare in pietra, poi sostituito con una statua della Santa risalente alla prima met\u00e0 del 1700; ma \u00e8 pressoch\u00e9 impossibile stabilire con esattezza se sia di stampo romanico-bizantino o medievale, soprattutto a causa dei vari rifacimenti che la struttura ha subito nel corso dei secoli. Tuttavia non va trascurato che la cappella sorge nei pressi del fiume Calore, dove pare che un tempo sia esistito un cenobio basiliano, quasi a suffragare la sacralit\u00e0 del luogo.<\/p>\n<p style=\"text-align: justify;\"><a href=\"https:\/\/eremos.eu\/wp-content\/uploads\/2015\/08\/1012.jpg\"><img loading=\"lazy\" decoding=\"async\" class=\"alignleft wp-image-998\" src=\"https:\/\/eremos.eu\/wp-content\/uploads\/2015\/08\/1012-300x190.jpg\" alt=\"10\" width=\"300\" height=\"190\" srcset=\"https:\/\/eremos.eu\/wp-content\/uploads\/2015\/08\/1012-300x190.jpg 300w, https:\/\/eremos.eu\/wp-content\/uploads\/2015\/08\/1012.jpg 646w\" sizes=\"auto, (max-width: 300px) 100vw, 300px\" \/><\/a><a href=\"https:\/\/eremos.eu\/wp-content\/uploads\/2015\/08\/10b12.jpg\"><img loading=\"lazy\" decoding=\"async\" class=\"alignnone wp-image-5271\" src=\"https:\/\/eremos.eu\/wp-content\/uploads\/2015\/08\/10b12-300x189.jpg\" alt=\"10b\" width=\"301\" height=\"190\" srcset=\"https:\/\/eremos.eu\/wp-content\/uploads\/2015\/08\/10b12-300x189.jpg 300w, https:\/\/eremos.eu\/wp-content\/uploads\/2015\/08\/10b12-1024x646.jpg 1024w, https:\/\/eremos.eu\/wp-content\/uploads\/2015\/08\/10b12.jpg 1045w\" sizes=\"auto, (max-width: 301px) 100vw, 301px\" \/><\/a><\/p>\n<p style=\"text-align: justify;\"><a href=\"https:\/\/eremos.eu\/wp-content\/uploads\/2015\/08\/10c10.jpg\"><img loading=\"lazy\" decoding=\"async\" class=\"alignleft wp-image-5272 size-medium\" src=\"https:\/\/eremos.eu\/wp-content\/uploads\/2015\/08\/10c10-300x192.jpg\" alt=\"10c\" width=\"300\" height=\"192\" srcset=\"https:\/\/eremos.eu\/wp-content\/uploads\/2015\/08\/10c10-300x192.jpg 300w, https:\/\/eremos.eu\/wp-content\/uploads\/2015\/08\/10c10-1024x656.jpg 1024w, https:\/\/eremos.eu\/wp-content\/uploads\/2015\/08\/10c10.jpg 1049w\" sizes=\"auto, (max-width: 300px) 100vw, 300px\" \/><\/a><a href=\"https:\/\/eremos.eu\/wp-content\/uploads\/2015\/08\/10a2.jpg\"><img loading=\"lazy\" decoding=\"async\" class=\"alignnone wp-image-1001\" src=\"https:\/\/eremos.eu\/wp-content\/uploads\/2015\/08\/10a2-300x191.jpg\" alt=\"10a\" width=\"301\" height=\"192\" srcset=\"https:\/\/eremos.eu\/wp-content\/uploads\/2015\/08\/10a2-300x191.jpg 300w, https:\/\/eremos.eu\/wp-content\/uploads\/2015\/08\/10a2.jpg 646w\" sizes=\"auto, (max-width: 301px) 100vw, 301px\" \/><\/a><\/p>\n<hr \/>\n<p><strong>SANTUARIO DI SANTA LUCIA<\/strong> (Cappella rupestre &#8211; XI secolo)<\/p>\n<p>Localit\u00e0: <strong>Magliano Vetere<\/strong> (SA) \u00a0 \u00a0 \u00a0 \u00a0 \u00a0 \u00a0 \u00a0Sub-area:\u00a0<span style=\"color: #0000ff;\">Parco Nazionale del Cilento, Vallo di Diano e Alburni<\/span><\/p>\n<p style=\"text-align: justify;\"><a href=\"https:\/\/eremos.eu\/wp-content\/uploads\/2015\/08\/1135.jpg\"><img loading=\"lazy\" decoding=\"async\" class=\"alignright size-full wp-image-5273\" src=\"https:\/\/eremos.eu\/wp-content\/uploads\/2015\/08\/1135.jpg\" alt=\"11\" width=\"254\" height=\"198\" \/><\/a>Il santuario di Santa Lucia, incastrato tra le alte rocce della montagna che sovrasta Magliano Vetere, \u00e8 un\u2019antica cappella rupestre edificata inglobando la grotta, primitivo luogo di culto. E\u2019 costituita da due ambienti, piuttosto angusti e contigui, ciascuno con un proprio altare in pietra. Sulla parete di fondo della parte moderna\u00a0 (ampliamento del 1945) vi \u00e8 un affresco della Santa; mentre, sul lato sinistro, si apre la cappella con il vecchio altare, a ridosso dell&#8217;imbocco dello stretto antro. Qui, una miriade di candele accese e disposte nelle mille piccole cavit\u00e0 presenti nelle pareti della roccia, crea un\u2019atmosfera molto suggestiva, quasi misteriosa; la grotta termina in una grande cavit\u00e0, molto profonda, nella quale \u00e8 sconsigliato avventurarsi.<\/p>\n<p style=\"text-align: justify;\"><a href=\"https:\/\/eremos.eu\/wp-content\/uploads\/2015\/08\/11a2.jpg\"><img loading=\"lazy\" decoding=\"async\" class=\"alignleft wp-image-1003\" src=\"https:\/\/eremos.eu\/wp-content\/uploads\/2015\/08\/11a2-300x218.jpg\" alt=\"11a\" width=\"254\" height=\"184\" srcset=\"https:\/\/eremos.eu\/wp-content\/uploads\/2015\/08\/11a2-300x218.jpg 300w, https:\/\/eremos.eu\/wp-content\/uploads\/2015\/08\/11a2.jpg 421w\" sizes=\"auto, (max-width: 254px) 100vw, 254px\" \/><\/a><a href=\"https:\/\/eremos.eu\/wp-content\/uploads\/2015\/08\/11b2.jpg\"><img loading=\"lazy\" decoding=\"async\" class=\" alignnone wp-image-1004\" src=\"https:\/\/eremos.eu\/wp-content\/uploads\/2015\/08\/11b2.jpg\" alt=\"11b\" width=\"319\" height=\"184\" \/><\/a><\/p>\n<hr \/>\n<p><strong>SANTUARIO DI SAN MAURO<\/strong> (Chiesa rupestre &#8211; X secolo)<\/p>\n<p>Localit\u00e0: <strong>Capizzo di Magliano Vetere<\/strong> (SA)<\/p>\n<p>Sub-area:\u00a0<span style=\"color: #0000ff;\">Parco Nazionale del Cilento, Vallo di Diano e Alburni<\/span><\/p>\n<p style=\"text-align: justify;\"><a href=\"https:\/\/eremos.eu\/wp-content\/uploads\/2015\/08\/1227.jpg\"><img loading=\"lazy\" decoding=\"async\" class=\"alignleft size-medium wp-image-5274\" src=\"https:\/\/eremos.eu\/wp-content\/uploads\/2015\/08\/1227-300x185.jpg\" alt=\"12\" width=\"300\" height=\"185\" srcset=\"https:\/\/eremos.eu\/wp-content\/uploads\/2015\/08\/1227-300x185.jpg 300w, https:\/\/eremos.eu\/wp-content\/uploads\/2015\/08\/1227-1024x632.jpg 1024w, https:\/\/eremos.eu\/wp-content\/uploads\/2015\/08\/1227.jpg 1034w\" sizes=\"auto, (max-width: 300px) 100vw, 300px\" \/><\/a>Il santuario di San Mauro, a 1.078 metri d\u2019altezza sulla parete sud-est del monte Chianello, \u00e8 una cappella rupestre sconosciuta ai pi\u00f9, data la posizione particolarmente isolata e fuori dai classici circuiti turistici del Cilento. Accessibile tramite un impervio e faticoso sentiero, spesso scavato nella viva roccia, il santuario \u00e8 vertiginosamente addossato alla grotta, primitivo luogo di culto ed ancora visibile dietro l\u2019altare della chiesetta. L\u2019intera, spettacolare struttura d\u00e0 l\u2019impressione di fondersi, quasi di mimetizzarsi con la roccia a cui \u00e8 aggrappata, proprio perch\u00e9 \u00e8 stata realizzata unendo la stessa roccia alla sabbia. Varcata la soglia, protetta da un antico portone incorniciato da blocchi di pietra scolpita a mano, si accede in un piccolo ed angusto spazio aggraziato per\u00f2 da una serie di affreschi del X-XI secolo, per quanto non ben conservati, e da un bell\u2019altare con la statua del Santo martire.<\/p>\n<p><a href=\"https:\/\/eremos.eu\/wp-content\/uploads\/2015\/08\/12a1.jpg\"><img loading=\"lazy\" decoding=\"async\" class=\"alignleft wp-image-1006\" src=\"https:\/\/eremos.eu\/wp-content\/uploads\/2015\/08\/12a1-300x275.jpg\" alt=\"12a\" width=\"261\" height=\"240\" srcset=\"https:\/\/eremos.eu\/wp-content\/uploads\/2015\/08\/12a1-300x275.jpg 300w, https:\/\/eremos.eu\/wp-content\/uploads\/2015\/08\/12a1.jpg 719w\" sizes=\"auto, (max-width: 261px) 100vw, 261px\" \/><\/a><\/p>\n<p><a href=\"https:\/\/eremos.eu\/wp-content\/uploads\/2015\/08\/12b1.jpg\"><img loading=\"lazy\" decoding=\"async\" class=\"alignleft wp-image-1007\" src=\"https:\/\/eremos.eu\/wp-content\/uploads\/2015\/08\/12b1.jpg\" alt=\"12b\" width=\"161\" height=\"240\" \/><\/a><\/p>\n<p><a href=\"https:\/\/eremos.eu\/wp-content\/uploads\/2015\/08\/12c.jpg\"><img loading=\"lazy\" decoding=\"async\" class=\" alignnone wp-image-1008\" src=\"https:\/\/eremos.eu\/wp-content\/uploads\/2015\/08\/12c.jpg\" alt=\"12c\" width=\"161\" height=\"240\" \/><\/a><\/p>\n<hr \/>\n<p><strong>GROTTA DELLA MADONNA DELLA NEVE<\/strong> (Santuario rupestre &#8211; XVI secolo)<\/p>\n<p><a href=\"https:\/\/eremos.eu\/wp-content\/uploads\/2015\/08\/1329.jpg\"><img loading=\"lazy\" decoding=\"async\" class=\"alignright wp-image-5275\" src=\"https:\/\/eremos.eu\/wp-content\/uploads\/2015\/08\/1329-225x300.jpg\" alt=\"13\" width=\"218\" height=\"290\" srcset=\"https:\/\/eremos.eu\/wp-content\/uploads\/2015\/08\/1329-225x300.jpg 225w, https:\/\/eremos.eu\/wp-content\/uploads\/2015\/08\/1329.jpg 542w\" sizes=\"auto, (max-width: 218px) 100vw, 218px\" \/><\/a>Localit\u00e0: <strong>Piaggine<\/strong> (SA)<\/p>\n<p>Sub-area:\u00a0<span style=\"color: #0000ff;\">Parco Nazionale del Cilento, Vallo di Diano e Alburni<\/span><\/p>\n<p style=\"text-align: justify;\"><a href=\"https:\/\/eremos.eu\/wp-content\/uploads\/2015\/08\/13a15.jpg\"><img loading=\"lazy\" decoding=\"async\" class=\"alignleft size-full wp-image-5276\" src=\"https:\/\/eremos.eu\/wp-content\/uploads\/2015\/08\/13a15.jpg\" alt=\"13a\" width=\"260\" height=\"180\" \/><\/a>La grotta della Madonna della Neve, a poca distanza dall\u2019omonima cappella in cima al monte Cervati (1.850 m\/slm), \u00e8 un piccolo e stretto pertugio che si apre nel costone roccioso a ridosso di un ripido canalone. All\u2019interno dell\u2019ipogeo vi \u00e8 una statuina della Vergine da sempre venerata dagli abitanti di questa parte del Cilento.<\/p>\n<hr \/>\n<p><strong>CENOBIO BASILIANO DI SAN GIOVANNI BATTISTA<\/strong> (Ruderi di complesso cenobitico &#8211; X secolo)<\/p>\n<p>Localit\u00e0: <strong>Contrada Ceraseto, San Giovanni a Piro<\/strong> (SA)<\/p>\n<p>Sub-area:\u00a0<span style=\"color: #0000ff;\">Parco Nazionale del Cilento, Vallo di Diano e Alburni<\/span><\/p>\n<p style=\"text-align: justify;\"><a href=\"https:\/\/eremos.eu\/wp-content\/uploads\/2015\/08\/14b11.jpg\"><img loading=\"lazy\" decoding=\"async\" class=\"alignright wp-image-5277\" src=\"https:\/\/eremos.eu\/wp-content\/uploads\/2015\/08\/14b11-177x300.jpg\" alt=\"14b\" width=\"165\" height=\"280\" srcset=\"https:\/\/eremos.eu\/wp-content\/uploads\/2015\/08\/14b11-177x300.jpg 177w, https:\/\/eremos.eu\/wp-content\/uploads\/2015\/08\/14b11.jpg 198w\" sizes=\"auto, (max-width: 165px) 100vw, 165px\" \/><\/a>I resti del cenobio basiliano di San Giovanni Battista si trovano in contrada Ceraseto, sullo sfondo del monte Bulgheria, in compagnia dell\u2019antica torre merlata. Fondato intorno all\u2019anno 990 da monaci anacoreti basiliani, rigorosamente osservanti delle regole e degli scritti ascetico-teologici di san Basilio, la laura era originariamente formata da una cappella-oratorio, dall\u2019antica torre e da alcune celle eremitiche cui, pi\u00f9 avanti, come testimoniato dai ruderi, saranno aggiunte la foresteria, la cucina, il refettorio ed altre celle. La navata principale della chiesa \u00e8 del 1417, anno in cui venne sostituita la copertura a capriate con una volta a crociera, mentre nella parte destra del- l\u2019abside sono presenti tre nicchie vuote ed in quella sinistra una settantina di loculi marmorei, sigillati da lapidi, della seconda met\u00e0 del secolo scorso. Se oggi la chiesa \u00e8 ancora in piedi lo si deve soprattutto alla presenza di contrafforti che ne rinforzano le mura.<\/p>\n<p style=\"text-align: justify;\"><a href=\"https:\/\/eremos.eu\/wp-content\/uploads\/2015\/08\/1411.jpg\"><img loading=\"lazy\" decoding=\"async\" class=\"alignleft wp-image-1012\" src=\"https:\/\/eremos.eu\/wp-content\/uploads\/2015\/08\/1411.jpg\" alt=\"14\" width=\"241\" height=\"160\" \/><\/a><\/p>\n<p><a href=\"https:\/\/eremos.eu\/wp-content\/uploads\/2015\/08\/14a1.jpg\"><img loading=\"lazy\" decoding=\"async\" class=\"alignnone wp-image-1013\" src=\"https:\/\/eremos.eu\/wp-content\/uploads\/2015\/08\/14a1.jpg\" alt=\"14a\" width=\"240\" height=\"160\" \/><\/a><\/p>\n<hr \/>\n<p><strong>GROTTA DI SAN MICHELE ARCANGELO<\/strong> (Santuario rupestre &#8211; IX-X secolo)<\/p>\n<p><a href=\"https:\/\/eremos.eu\/wp-content\/uploads\/2015\/08\/1526.jpg\"><img loading=\"lazy\" decoding=\"async\" class=\"alignright wp-image-5279\" src=\"https:\/\/eremos.eu\/wp-content\/uploads\/2015\/08\/1526-300x174.jpg\" alt=\"15\" width=\"280\" height=\"162\" srcset=\"https:\/\/eremos.eu\/wp-content\/uploads\/2015\/08\/1526-300x174.jpg 300w, https:\/\/eremos.eu\/wp-content\/uploads\/2015\/08\/1526.jpg 337w\" sizes=\"auto, (max-width: 280px) 100vw, 280px\" \/><\/a>Localit\u00e0: <strong>Valle dell&#8217;Angelo<\/strong> (SA)<\/p>\n<p>Sub-area:\u00a0<span style=\"color: #0000ff;\">Parco Nazionale del Cilento, Vallo di Diano e Alburni<\/span><\/p>\n<p style=\"text-align: justify;\">La grotta di San Michele Arcangelo o dell\u2019Angelo, che d\u00e0 il nome al vicino paese di Valle dell\u2019Angelo, \u00e8 situata in una localit\u00e0 <a href=\"https:\/\/eremos.eu\/wp-content\/uploads\/2015\/08\/15a12.jpg\"><img loading=\"lazy\" decoding=\"async\" class=\"alignleft wp-image-5278\" src=\"https:\/\/eremos.eu\/wp-content\/uploads\/2015\/08\/15a12-300x300.jpg\" alt=\"15a\" width=\"240\" height=\"240\" srcset=\"https:\/\/eremos.eu\/wp-content\/uploads\/2015\/08\/15a12-300x300.jpg 300w, https:\/\/eremos.eu\/wp-content\/uploads\/2015\/08\/15a12-150x150.jpg 150w, https:\/\/eremos.eu\/wp-content\/uploads\/2015\/08\/15a12.jpg 403w\" sizes=\"auto, (max-width: 240px) 100vw, 240px\" \/><\/a>denominata \u201ccosta della Salvia\u201d, in una parete di roccia strapiombante del monte Ausinito. Da sempre meta di venerazione e pellegrinaggio, custodisce una piccola statua dell\u2019Arcangelo Michele in atteggiamento di difesa. Alla grotta si accede per un sentiero che attraversa il fiume Calore, per quanto via via che ci si inoltra per la montagna il tracciato diventi pi\u00f9 impervio fino a scomparire. A circa duecento metri dalla grotta, poi, vi \u00e8 la cosiddetta \u201cpietra dell\u2019Angelo\u201d, una roccia cava dove i pellegrini erano soliti infilare le mani o il braccio in un antico e simbolico gesto verso le viscere della terra, in segno di fertilit\u00e0 e auspicio di vita.<\/p>\n<hr \/>\n<h3><span style=\"color: #0000ff;\"><strong>COSTIERA AMALFITANA<\/strong><\/span><\/h3>\n<p><strong>CHIESA DELLA SANTISSIMA TRINIT\u00c0<\/strong> (Ruderi di chiesa-romitorio rupestre &#8211; XII secolo)<\/p>\n<p>Localit\u00e0: <strong>Tovere di Amalfi<\/strong> (SA)<\/p>\n<p style=\"text-align: justify;\"><a href=\"https:\/\/eremos.eu\/wp-content\/uploads\/2015\/08\/163.jpg\"><img loading=\"lazy\" decoding=\"async\" class=\"alignleft wp-image-1017 size-medium\" src=\"https:\/\/eremos.eu\/wp-content\/uploads\/2015\/08\/163-300x221.jpg\" alt=\"16\" width=\"300\" height=\"221\" srcset=\"https:\/\/eremos.eu\/wp-content\/uploads\/2015\/08\/163-300x221.jpg 300w, https:\/\/eremos.eu\/wp-content\/uploads\/2015\/08\/163.jpg 759w\" sizes=\"auto, (max-width: 300px) 100vw, 300px\" \/><\/a>La chiesa della Santissima Trinit\u00e0 faceva capo ad un antico insediamento rupestre della costiera amalfitana, un complesso molto ampio di grotte o laure basiliane che tutt\u2019ora conservano tracce della presenza umana (muri intonacati, finestre, pavimenti, ecc.). La chiesa, della quale si hanno notizie in un documento del 1138, occupa una cavit\u00e0 terrazzata da un muro di contenimento e si presenta come un unico vano vagamente rettangolare e triabsidato. Delle strutture interne sopravvive un sedile in muratura assieme ai resti di un pavimento in battuto di lapillo.\u00a0A differenza di altri complessi\u00a0 simili, anche al di fuori della costa d&#8217;Amalfi, sono quasi del tutto assenti decorazioni pittoriche, fatte salve delle tracce di colore rosso sulla parte inferiore di due absidi. Sia all&#8217;esterno della chiesa rupestre che all&#8217;interno di altri ipogei \u00e8 stata rilevata la presenza di alcune casse in muratura: forse tombe o, pi\u00f9 semplicemente, vasche per la raccolta dell&#8217;acqua piovana ad uso degli eremiti.<\/p>\n<p style=\"text-align: justify;\"><a href=\"https:\/\/eremos.eu\/wp-content\/uploads\/2015\/08\/16b.jpg\"><img loading=\"lazy\" decoding=\"async\" class=\"alignleft wp-image-1018\" src=\"https:\/\/eremos.eu\/wp-content\/uploads\/2015\/08\/16b-300x201.jpg\" alt=\"16b\" width=\"313\" height=\"210\" srcset=\"https:\/\/eremos.eu\/wp-content\/uploads\/2015\/08\/16b-300x201.jpg 300w, https:\/\/eremos.eu\/wp-content\/uploads\/2015\/08\/16b.jpg 809w\" sizes=\"auto, (max-width: 313px) 100vw, 313px\" \/><\/a><\/p>\n<p><a href=\"https:\/\/eremos.eu\/wp-content\/uploads\/2015\/08\/16a2.jpg\"><img loading=\"lazy\" decoding=\"async\" class=\" wp-image-1019 size-medium alignnone\" src=\"https:\/\/eremos.eu\/wp-content\/uploads\/2015\/08\/16a2-300x210.jpg\" alt=\"16a\" width=\"300\" height=\"210\" srcset=\"https:\/\/eremos.eu\/wp-content\/uploads\/2015\/08\/16a2-300x210.jpg 300w, https:\/\/eremos.eu\/wp-content\/uploads\/2015\/08\/16a2.jpg 745w\" sizes=\"auto, (max-width: 300px) 100vw, 300px\" \/><\/a><\/p>\n<hr \/>\n<p><strong><a href=\"https:\/\/eremos.eu\/wp-content\/uploads\/2015\/08\/1717.jpg\"><img loading=\"lazy\" decoding=\"async\" class=\"alignright wp-image-5280 size-full\" src=\"https:\/\/eremos.eu\/wp-content\/uploads\/2015\/08\/1717.jpg\" alt=\"17\" width=\"199\" height=\"298\" \/><\/a>CHIESA DI SAN MICHELE ARCANGELO<\/strong> (Chiesa rupestre &#8211; XI-XII secolo)<\/p>\n<p>Localit\u00e0: <strong>Atrani<\/strong> (SA)<\/p>\n<p style=\"text-align: justify;\">La chiesa di San Michele Arcangelo, chiamata anche di San Michele fuori le Mura proprio perch\u00e9 situata all&#8217;esterno\u00a0dell&#8217;antica cinta muraria, in prossimit\u00e0 della porta nord, \u00e8 stata realizzata tra l\u2019XI ed il XII secolo ricavandola da una cavit\u00e0 naturale del monte Civita. Una rampa di scale, alla cui sommit\u00e0 \u00e8 posto il campanile, consente l\u2019accesso alla chiesa caratterizzata dalle pareti inclinate della roccia e per lo pi\u00f9 occupate da tombe. La chiesa infatti, fino al 1927, era adibita a cimitero ed era gi\u00e0 stato un luogo di sepoltura collettiva in occasione della pestilenza del\u00a01656. \u00a0 \u00a0 \u00a0 \u00a0 \u00a0 \u00a0 \u00a0 \u00a0 \u00a0 \u00a0 \u00a0 \u00a0 \u00a0 \u00a0 \u00a0 \u00a0 \u00a0 \u00a0 \u00a0 \u00a0 \u00a0 \u00a0 \u00a0 \u00a0 \u00a0 \u00a0 \u00a0 \u00a0 \u00a0 \u00a0 \u00a0 \u00a0 \u00a0 \u00a0 \u00a0 \u00a0 \u00a0 \u00a0 \u00a0 \u00a0 \u00a0 <span style=\"color: #ffffff;\"><span style=\"color: #000000;\"><span style=\"color: #ffffff;\">\u00a0 \u00a0 \u00a0 \u00a0 \u00a0 \u00a0 \u00a0 \u00a0 \u00a0 \u00a0 \u00a0 \u00a0 \u00a0 \u00a0 \u00a0 \u00a0 \u00a0 \u00a0\u00a0<\/span><\/span><\/span><\/p>\n<hr \/>\n<p><strong><a href=\"https:\/\/eremos.eu\/wp-content\/uploads\/2015\/08\/18c8.jpg\"><img loading=\"lazy\" decoding=\"async\" class=\"alignright wp-image-5281\" src=\"https:\/\/eremos.eu\/wp-content\/uploads\/2015\/08\/18c8-224x300.jpg\" alt=\"18c\" width=\"194\" height=\"260\" srcset=\"https:\/\/eremos.eu\/wp-content\/uploads\/2015\/08\/18c8-224x300.jpg 224w, https:\/\/eremos.eu\/wp-content\/uploads\/2015\/08\/18c8.jpg 599w\" sizes=\"auto, (max-width: 194px) 100vw, 194px\" \/><\/a>CHIESA DI SANTA MARIA DEL BANDO<\/strong> (Chiesa semirupestre &#8211; X secolo)<\/p>\n<p>Localit\u00e0: <strong>Atrani<\/strong> (SA)<\/p>\n<p style=\"text-align: justify;\">La chiesa di Santa Maria del Bando, suggestivamente edificata nel X secolo su uno sperone di roccia della strapiombante parete del monte Aureo, secondo la tradizione, deve il suo nome alla grazia concessa dalla Vergine ad un uomo ingiustamente condannato all\u2019impiccagione. Restaurato nel XII e nel XVIII secolo, l\u2019interno, a navata unica e volta a botte, presenta sull&#8217;altare una tela quattrocentesca che riproduce, appunto, la <i>Madonna con Bambino <\/i>affiancata da un uomo sul patibolo ed un interessante pavimento geometricamente maiolicato proveniente dalla Collegiata del paese.<\/p>\n<p style=\"text-align: justify;\"><a href=\"https:\/\/eremos.eu\/wp-content\/uploads\/2015\/08\/183.jpg\"><img loading=\"lazy\" decoding=\"async\" class=\"alignleft wp-image-1021\" src=\"https:\/\/eremos.eu\/wp-content\/uploads\/2015\/08\/183-300x223.jpg\" alt=\"18\" width=\"302\" height=\"225\" srcset=\"https:\/\/eremos.eu\/wp-content\/uploads\/2015\/08\/183-300x223.jpg 300w, https:\/\/eremos.eu\/wp-content\/uploads\/2015\/08\/183.jpg 595w\" sizes=\"auto, (max-width: 302px) 100vw, 302px\" \/><\/a><a href=\"https:\/\/eremos.eu\/wp-content\/uploads\/2015\/08\/18a3.jpg\"><img loading=\"lazy\" decoding=\"async\" class=\" wp-image-1022 size-medium alignnone\" src=\"https:\/\/eremos.eu\/wp-content\/uploads\/2015\/08\/18a3-300x225.jpg\" alt=\"18a\" width=\"300\" height=\"225\" srcset=\"https:\/\/eremos.eu\/wp-content\/uploads\/2015\/08\/18a3-300x225.jpg 300w, https:\/\/eremos.eu\/wp-content\/uploads\/2015\/08\/18a3.jpg 687w\" sizes=\"auto, (max-width: 300px) 100vw, 300px\" \/><\/a><\/p>\n<hr \/>\n<p><strong>GROTTA DEI SANTI<\/strong> (Cenobio rupestre &#8211; X secolo)<\/p>\n<p>Localit\u00e0: <strong>Atrani<\/strong> (SA)<\/p>\n<p style=\"text-align: justify;\">Della piccola grotta dei Santi, in prossimit\u00e0 della vecchia sterrata che congiunge\u00a0 Atrani con Amalfi, a poca distanza dalla Torre dello Ziro, in mancanza di notizie storiche, si \u00e8 portati a supporre che possa trattarsi del cenobio rupestre benedettino dei Santi Quirico e Giulitta fondato nel 986 e successivamente trasformato nel monastero femminile di Santa Maria Dominarum. La cavit\u00e0, il cui ingresso \u00e8 contornato da uno degli archi di sostegno d\u2019un antico canale idrico, non presenta strutture murarie ed \u00e8 particolarmente caratterizzata da affreschi che, sia pure di modesta qualit\u00e0 pittorica, rappresentano un interessante impianto iconografico, vagamente bizantineggiante e di difficile datazione, con la raffigurazione di vari Santi, da cui la denominazione. Per quanto non tutti perfettamente identificabili a causa del pessimo stato di conservazione, \u00e8 possibile distinguere le figure dei quattro Evangelisti e di san Giorgio, vividamente accentuate da colori intensi come il rosso, l\u2019azzurro, l\u2019arancione ed il verde: un modello decorativo che stilisticamente richiama quello, indubbiamente pi\u00f9 evoluto, di Santa Maria de\u2019 Olearia.<\/p>\n<hr \/>\n<p style=\"text-align: justify;\"><strong>CHIESA DI SANTA CATERINA<\/strong> (Cappella semirupestre &#8211; XIX secolo)<\/p>\n<p style=\"text-align: justify;\">Localit\u00e0: <strong>Furore<\/strong> (SA)<\/p>\n<p style=\"text-align: justify;\"><a href=\"https:\/\/eremos.eu\/wp-content\/uploads\/2015\/08\/203.jpg\"><img loading=\"lazy\" decoding=\"async\" class=\"alignleft wp-image-1025\" src=\"https:\/\/eremos.eu\/wp-content\/uploads\/2015\/08\/203-230x300.jpg\" alt=\"20\" width=\"238\" height=\"310\" srcset=\"https:\/\/eremos.eu\/wp-content\/uploads\/2015\/08\/203-230x300.jpg 230w, https:\/\/eremos.eu\/wp-content\/uploads\/2015\/08\/203.jpg 567w\" sizes=\"auto, (max-width: 238px) 100vw, 238px\" \/><\/a>La piccola cappella rupestre di Santa Caterina \u00e8 senza dubbio una delle costruzioni pi\u00f9 caratteristiche e significative non solo di Furore e del suo vallone ma dell\u2019intera costiera amalfitana. Pi\u00f9 che un\u2019opera architettonica, il suo aspetto formalmente contenuto, sobrio ed essenziale assume il valore di un vero e proprio <i>unicum<\/i> rispetto alle altre chiese della zona: per l\u2019eleganza e la semplicit\u00e0 delle forme, per l\u2019equilibrio delle geometrie e per la funzionalit\u00e0 estetica che anonimi architetti del popolo sono riusciti a darle. Composta da un unico vano principale addossato alla parete <a href=\"https:\/\/eremos.eu\/wp-content\/uploads\/2015\/08\/20a17.jpg\"><img loading=\"lazy\" decoding=\"async\" class=\"alignright size-full wp-image-5282\" src=\"https:\/\/eremos.eu\/wp-content\/uploads\/2015\/08\/20a17.jpg\" alt=\"20a\" width=\"180\" height=\"240\" \/><\/a>rocciosa del fiordo, sapientemente modellato al suo interno in un\u2019abside semicircolare e da un piccolo vano aggiunto, la cappella \u00e8 raggiungibile tramite una singolare scala che s\u2019inerpica fino a toccare la porta d\u2019ingresso; a sua volta delimitata sui lati principali da due semicolonnine con capitelli stilizzati e sormontata da un arcosolio leggermente proteso verso l\u2019esterno. A destra della facciata liscia e candida d\u2019intonaco, un\u2019altra scala conduce alla minuscola struttura dove alloggia la campana poggiata su un arco zoppo. All\u2019interno, l\u2019abside accoglie un piccolissimo altare su cui spicca una tela che raffigura la Santa martire, protettrice dei pastai, assieme alla ruota della sua tortura.<\/p>\n<hr \/>\n<p><strong>ABBAZIA DI SANTA MARIA DE&#8217; OLEARIA<\/strong> (Complesso cenobitico rupestre &#8211; X secolo)<\/p>\n<p>Localit\u00e0: <strong>Maiori<\/strong> (SA)<\/p>\n<p style=\"text-align: justify;\"><a href=\"https:\/\/eremos.eu\/wp-content\/uploads\/2015\/08\/2119.jpg\"><img loading=\"lazy\" decoding=\"async\" class=\"alignleft size-full wp-image-5283\" src=\"https:\/\/eremos.eu\/wp-content\/uploads\/2015\/08\/2119.jpg\" alt=\"21\" width=\"287\" height=\"194\" \/><\/a>L\u2019abbazia di Santa Maria de\u2019 Olearia, l&#8217;antico complesso monastico eretto sul finire del X secolo da un gruppo di monaci basiliani e preziosa testimonianza dell\u2019arte e dell\u2019architettura altomedievale, si trova al riparo di una delle tante grotte naturali che costeggiano la strada tra Maiori ed Amalfi. Quando, nel 973, l&#8217;eremita Pietro e suo nipote Giovanni fondarono questa abbazia, nei pressi della spelonca c&#8217;era un frantoio e Maiori, importante centro del ducato di Amalfi, gi\u00e0 vantava la presenza attiva e contemplativa di diversi gruppi monastici. L&#8217;abbazia consta di tre cappelle sovrapposte: al livello pi\u00f9 basso, la pi\u00f9 antica, costruita nella roccia e, per questo, detta anche \u201crupestre&#8221; dove si possono ammirare gli affreschi raffiguranti la <i>Vergine orante<\/i> affiancata, secondo l\u2019iconografia bizantina, da un Santo guerriero, probabilmente san Giorgio che, assieme agli altri scoperti nel 1868, costituiscono uno tra i pi\u00f9 importanti gruppi di dipinti murali del primo medioevo realizzati in Campania. Salendo poi una breve rampa di scale, uno stretto corridoio conduce al primitivo anfratto dove gli eremiti avevano costruito le loro piccole celle. L&#8217;ambiente, in origine, era pi\u00f9 grande di quello che attualmente \u00e8 dato vedere dacch\u00e9, nel corso dei secoli, alcune celle vennero utilizzate come camere funerarie, da qui il nome di &#8220;catacombe&#8221;. Al<a href=\"https:\/\/eremos.eu\/wp-content\/uploads\/2015\/08\/21f.jpg\"><img loading=\"lazy\" decoding=\"async\" class=\"alignright wp-image-1037\" src=\"https:\/\/eremos.eu\/wp-content\/uploads\/2015\/08\/21f-263x300.jpg\" alt=\"21f\" width=\"231\" height=\"263\" srcset=\"https:\/\/eremos.eu\/wp-content\/uploads\/2015\/08\/21f-263x300.jpg 263w, https:\/\/eremos.eu\/wp-content\/uploads\/2015\/08\/21f.jpg 290w\" sizes=\"auto, (max-width: 231px) 100vw, 231px\" \/><\/a> piano superiore si trova invece la seconda cappella, a due navate e al centro una colonna con base di tufo, le cui pareti sono squisitamente dipinte con scene del ciclo &#8220;mariano&#8221;: dall&#8217;<i>Annunciazione<\/i> alla <i>Nativit\u00e0<\/i>, alla <i>Visitazione<\/i>. Dal sagrato, tutto proteso sul mare, un altro piccolo tratto di scale conduce all&#8217;ultima cappella, estremo rifugio dei monaci in cerca di solitudine, anche questa interamente affrescata con episodi della vita di san Nicola di Myra. In particolare, all\u2019interno dell&#8217;abside si ritrova una <i>Vergine con Bambino<\/i> fiancheggiata, a destra, da san Paolino e, a sinistra, da san Nicola, mentre sull\u2019arco absidale sono dipinti san Giovanni Battista e san Giovanni Evangelista osannanti. Insomma, Santa Maria de\u2019 Olearia \u00e8 uno di quei rari esempi di luogo sacro dove classicit\u00e0 e bizantinismo medievale riescono a confluire e convivere in maniera sublime.<\/p>\n<p><a href=\"https:\/\/eremos.eu\/wp-content\/uploads\/2015\/08\/21d.jpg\"><img loading=\"lazy\" decoding=\"async\" class=\"alignleft wp-image-1031 size-medium\" src=\"https:\/\/eremos.eu\/wp-content\/uploads\/2015\/08\/21d-300x200.jpg\" alt=\"21d\" width=\"300\" height=\"200\" srcset=\"https:\/\/eremos.eu\/wp-content\/uploads\/2015\/08\/21d-300x200.jpg 300w, https:\/\/eremos.eu\/wp-content\/uploads\/2015\/08\/21d.jpg 654w\" sizes=\"auto, (max-width: 300px) 100vw, 300px\" \/><\/a><\/p>\n<p><a href=\"https:\/\/eremos.eu\/wp-content\/uploads\/2015\/08\/21b1.jpg\"><img loading=\"lazy\" decoding=\"async\" class=\" wp-image-1032 size-medium alignnone\" src=\"https:\/\/eremos.eu\/wp-content\/uploads\/2015\/08\/21b1-300x200.jpg\" alt=\"21b\" width=\"300\" height=\"200\" srcset=\"https:\/\/eremos.eu\/wp-content\/uploads\/2015\/08\/21b1-300x200.jpg 300w, https:\/\/eremos.eu\/wp-content\/uploads\/2015\/08\/21b1-1024x682.jpg 1024w, https:\/\/eremos.eu\/wp-content\/uploads\/2015\/08\/21b1.jpg 1049w\" sizes=\"auto, (max-width: 300px) 100vw, 300px\" \/><\/a><\/p>\n<p><a href=\"https:\/\/eremos.eu\/wp-content\/uploads\/2015\/08\/21c1.jpg\"><img loading=\"lazy\" decoding=\"async\" class=\"alignleft wp-image-1033\" src=\"https:\/\/eremos.eu\/wp-content\/uploads\/2015\/08\/21c1-300x196.jpg\" alt=\"21c\" width=\"300\" height=\"196\" srcset=\"https:\/\/eremos.eu\/wp-content\/uploads\/2015\/08\/21c1-300x196.jpg 300w, https:\/\/eremos.eu\/wp-content\/uploads\/2015\/08\/21c1.jpg 496w\" sizes=\"auto, (max-width: 300px) 100vw, 300px\" \/><\/a><\/p>\n<p><a href=\"https:\/\/eremos.eu\/wp-content\/uploads\/2015\/08\/SANTA-MARIA-DE-OLEARIA.jpg\"><img loading=\"lazy\" decoding=\"async\" class=\"alignnone wp-image-1034\" src=\"https:\/\/eremos.eu\/wp-content\/uploads\/2015\/08\/SANTA-MARIA-DE-OLEARIA-300x199.jpg\" alt=\"SANTA MARIA DE' OLEARIA\" width=\"296\" height=\"196\" srcset=\"https:\/\/eremos.eu\/wp-content\/uploads\/2015\/08\/SANTA-MARIA-DE-OLEARIA-300x199.jpg 300w, https:\/\/eremos.eu\/wp-content\/uploads\/2015\/08\/SANTA-MARIA-DE-OLEARIA.jpg 672w\" sizes=\"auto, (max-width: 296px) 100vw, 296px\" \/><\/a><\/p>\n<p><a href=\"https:\/\/eremos.eu\/wp-content\/uploads\/2015\/08\/21a2.jpg\"><img loading=\"lazy\" decoding=\"async\" class=\"alignleft wp-image-1035\" src=\"https:\/\/eremos.eu\/wp-content\/uploads\/2015\/08\/21a2-300x215.jpg\" alt=\"21a\" width=\"300\" height=\"215\" srcset=\"https:\/\/eremos.eu\/wp-content\/uploads\/2015\/08\/21a2-300x215.jpg 300w, https:\/\/eremos.eu\/wp-content\/uploads\/2015\/08\/21a2-1024x732.jpg 1024w, https:\/\/eremos.eu\/wp-content\/uploads\/2015\/08\/21a2.jpg 1085w\" sizes=\"auto, (max-width: 300px) 100vw, 300px\" \/><\/a><\/p>\n<p><a href=\"https:\/\/eremos.eu\/wp-content\/uploads\/2015\/08\/21e2.jpg\"><img loading=\"lazy\" decoding=\"async\" class=\"alignnone wp-image-5284\" src=\"https:\/\/eremos.eu\/wp-content\/uploads\/2015\/08\/21e2-300x222.jpg\" alt=\"21e\" width=\"290\" height=\"215\" srcset=\"https:\/\/eremos.eu\/wp-content\/uploads\/2015\/08\/21e2-300x222.jpg 300w, https:\/\/eremos.eu\/wp-content\/uploads\/2015\/08\/21e2.jpg 591w\" sizes=\"auto, (max-width: 290px) 100vw, 290px\" \/><\/a><\/p>\n<hr \/>\n<p><strong>GROTTA DELLA MADONNA DELL&#8217;AVVOCATA<\/strong> (Cappella rupestre &#8211; XVI secolo)<\/p>\n<p>Localit\u00e0: <strong>Maiori<\/strong> (SA)<\/p>\n<p style=\"text-align: justify;\"><a href=\"https:\/\/eremos.eu\/wp-content\/uploads\/2015\/08\/22b7.jpg\"><img loading=\"lazy\" decoding=\"async\" class=\"alignright size-full wp-image-5285\" src=\"https:\/\/eremos.eu\/wp-content\/uploads\/2015\/08\/22b7.jpg\" alt=\"22b\" width=\"241\" height=\"161\" \/><\/a>La grotta della Madonna dell\u2019Avvocata o dell\u2019Apparizione, a quota 900 metri della omonima montagna, \u00e8 situata poco al disotto della chiesa (vi si accede attraverso una ripida scaletta) ed \u00e8 nota, appunto, per l\u2019apparizione della Vergine ad un pastore locale agli inizi del Cinquecento. Secondo la tradizione il pastore, divenuto eremita, su quel luogo avrebbe dapprima realizzato un piccolo altare e poi dato vita alla chiesetta ed al primitivo monastero. Protetta da un&#8217;inferriata pregevolmente lavorata, la minuscola cappella presenta, affrescata sul frontone e sotto la volta dell&#8217;altare, <i>La cena degli Apostoli <\/i>circondati da angioletti. Il cenobio, invece, originariamente dotato di poche cellette ma via via ampliato con l\u2019arrivo di nuovi frati, nel 1663 \u00e8 stato affidato ai camaldolesi ed \u00e8 rimasto in funzione fino ai primi anni dell\u2019800 (soppressione degli ordini). Abbandonato e spogliato degli arredi sacri \u00e8 stato successivamente utilizzato come avamposto militare.<\/p>\n<p style=\"text-align: justify;\"><a href=\"https:\/\/eremos.eu\/wp-content\/uploads\/2015\/08\/223.jpg\"><img loading=\"lazy\" decoding=\"async\" class=\"alignleft wp-image-1038 size-medium\" src=\"https:\/\/eremos.eu\/wp-content\/uploads\/2015\/08\/223-300x224.jpg\" alt=\"22\" width=\"300\" height=\"224\" srcset=\"https:\/\/eremos.eu\/wp-content\/uploads\/2015\/08\/223-300x224.jpg 300w, https:\/\/eremos.eu\/wp-content\/uploads\/2015\/08\/223.jpg 700w\" sizes=\"auto, (max-width: 300px) 100vw, 300px\" \/><\/a><\/p>\n<p><a href=\"https:\/\/eremos.eu\/wp-content\/uploads\/2015\/08\/22c1.jpg\"><img loading=\"lazy\" decoding=\"async\" class=\" wp-image-1041 alignnone\" src=\"https:\/\/eremos.eu\/wp-content\/uploads\/2015\/08\/22c1-300x226.jpg\" alt=\"22c\" width=\"298\" height=\"224\" srcset=\"https:\/\/eremos.eu\/wp-content\/uploads\/2015\/08\/22c1-300x226.jpg 300w, https:\/\/eremos.eu\/wp-content\/uploads\/2015\/08\/22c1.jpg 522w\" sizes=\"auto, (max-width: 298px) 100vw, 298px\" \/><\/a><\/p>\n<hr \/>\n<p><strong>GROTTA DELL&#8217;ANNUNZIATA<\/strong> (Ruderi di chiesa rupestre &#8211; XIV secolo)<\/p>\n<p>Localit\u00e0:<strong> Minori<\/strong> (SA)<\/p>\n<p style=\"text-align: justify;\"><a href=\"https:\/\/eremos.eu\/wp-content\/uploads\/2015\/08\/2312.jpg\"><img loading=\"lazy\" decoding=\"async\" class=\"alignleft wp-image-5286\" src=\"https:\/\/eremos.eu\/wp-content\/uploads\/2015\/08\/2312.jpg\" alt=\"23\" width=\"180\" height=\"136\" \/><\/a>La grotta dell\u2019Annunziata, sicuramente uno dei monumenti naturali pi\u00f9 conosciuti della citt\u00e0, secondo una fantasiosa ipotesi partorita nel Settecento, si \u00e8 aperta nel 1119 a seguito di un terremoto. Al suo interno, poi, nel medioevo era stato edificato <a href=\"https:\/\/eremos.eu\/wp-content\/uploads\/2015\/08\/23a9.jpg\"><img loading=\"lazy\" decoding=\"async\" class=\"alignright size-full wp-image-5287\" src=\"https:\/\/eremos.eu\/wp-content\/uploads\/2015\/08\/23a9.jpg\" alt=\"23a\" width=\"239\" height=\"160\" \/><\/a>un edificio religioso, dedicato alla Santissima Annunziata in Cripta o de Grutta, con funzioni anche di ricovero per mendici, malati e viandanti, di cui rimane solo una parete provvista di archi con tracce di affreschi della <i>Madonna del Soccorso<\/i>. Verso il fondo della grotta, superato un cancello, vi \u00e8 inoltre uno specchio di acqua dolce che finisce con l\u2019accrescere il pregio naturalistico di questa grotta carsica.<\/p>\n<hr \/>\n<p><strong>CAPPELLA DI SANT&#8217;ANGELO DELL&#8217;OSPEDALE<\/strong> (Chiesa semirupestre &#8211; XI secolo)<\/p>\n<p>Localit\u00e0: <strong>Ravello<\/strong> (SA)<\/p>\n<p style=\"text-align: justify;\"><a href=\"https:\/\/eremos.eu\/wp-content\/uploads\/2015\/08\/2413.jpg\"><img loading=\"lazy\" decoding=\"async\" class=\"alignleft size-medium wp-image-5288\" src=\"https:\/\/eremos.eu\/wp-content\/uploads\/2015\/08\/2413-225x300.jpg\" alt=\"24\" width=\"225\" height=\"300\" srcset=\"https:\/\/eremos.eu\/wp-content\/uploads\/2015\/08\/2413-225x300.jpg 225w, https:\/\/eremos.eu\/wp-content\/uploads\/2015\/08\/2413.jpg 432w\" sizes=\"auto, (max-width: 225px) 100vw, 225px\" \/><\/a>Quella di Sant\u2019Angelo dell\u2019Ospedale \u00e8 un\u2019antica struttura di sosta per i pellegrini ora del tutto scomparsa che si trova\u00a0 poco distante dal centro storico di Ravello. La chiesa, gi\u00e0 attestata in un documento del 1039, occupa una cavit\u00e0 naturale profonda una trentina di metri collegata ad un altro ambiente parallelo tramite un cunicolo ad U. L\u2019edificio religioso presenta una facciata con profilo a capanna incorniciato da due colonne e, all\u2019interno, \u00e8 diviso in due ambienti rettangolari da un altare. Il vano pi\u00f9 in fondo, sicuramente il primitivo luogo di culto, \u00e8 costituito da un\u2019abside e da pareti che si saldano alla roccia in maniera assai armonica. L\u2019altare barocco dell\u2019ambiente pi\u00f9 esterno appartiene, invece, alla fase pi\u00f9 recente, ovvero in occasione del restauro di fine XIX secolo, nel corso del quale le decorazioni preesistenti del XIV secolo vennero impreziosite dall\u2019affresco della <i>Madonna con Bambino<\/i>. Il complesso, peraltro provvisto di una cisterna posta sotto il <a href=\"https:\/\/eremos.eu\/wp-content\/uploads\/2015\/08\/24b6.jpg\"><img loading=\"lazy\" decoding=\"async\" class=\"alignright size-medium wp-image-5289\" src=\"https:\/\/eremos.eu\/wp-content\/uploads\/2015\/08\/24b6-300x225.jpg\" alt=\"24b\" width=\"300\" height=\"225\" srcset=\"https:\/\/eremos.eu\/wp-content\/uploads\/2015\/08\/24b6-300x225.jpg 300w, https:\/\/eremos.eu\/wp-content\/uploads\/2015\/08\/24b6-1024x769.jpg 1024w, https:\/\/eremos.eu\/wp-content\/uploads\/2015\/08\/24b6.jpg 1037w\" sizes=\"auto, (max-width: 300px) 100vw, 300px\" \/><\/a>pavimento dell\u2019ambiente pi\u00f9 esterno per farvi confluire l\u2019acqua di raccolta, \u00e8 caratterizzato da numerose colonne con capitelli che mostrano una decorazione di evidente influsso europeo. Accanto alla piccola cappella vi \u00e8 un campanile a quattro piani, non sempre comunicanti tra loro poich\u00e9 in alcuni punti poggiano direttamente sulla roccia. Un\u2019attenta lettura delle fasi edilizie lascia chiaramente prefigurare che la cavit\u00e0 sia stata utilizzata in un primo momento storico come eremo rupestre o laura, e solo successivamente, in coincidenza con l\u2019ampliamento, trasformata in cenobio e luogo di sosta (<em>hospitium<\/em>) per i pellegrini.<\/p>\n<hr \/>\n<p><strong>CHIESA DI SANTA BARBARA ALLE GROTTE<\/strong> (Ruderi di chiesa-romitorio rupestre &#8211; VIII-IX secolo)<\/p>\n<p>Localit\u00e0: <strong>Ravello<\/strong> (SA)<\/p>\n<p style=\"text-align: justify;\">La chiesa di Santa Barbara alle Grotte \u00e8 un antico insediamento rupestre posto sullo sperone occidentale della citt\u00e0, in una cavit\u00e0 rocciosa sottostante il monastero delle clarisse. Dai ruderi residui si riesce ad intravvedere un impianto basilicale di tipo romanico oltre ad una serie di edifici destinati ad abitazione dei monaci eremiti. Nella chiesa, ad aula unica con tre altari e tre absidi, era conservata la reliquia del capo della Santa vergine martire di Nicomedia, custodita in una testa d\u2019argento. Il sacro edificio, nei pressi del quale era presente anche una grande cava di marmo \u201ccolorito\u201d, \u00e8 stato abbandonato nel corso del XIV secolo e tutti gli arredi religiosi trasferiti a Ravello.<\/p>\n<p><a href=\"https:\/\/eremos.eu\/wp-content\/uploads\/2015\/08\/253.jpg\"><img loading=\"lazy\" decoding=\"async\" class=\"alignleft size-medium wp-image-1047\" src=\"https:\/\/eremos.eu\/wp-content\/uploads\/2015\/08\/253-300x183.jpg\" alt=\"25\" width=\"300\" height=\"183\" srcset=\"https:\/\/eremos.eu\/wp-content\/uploads\/2015\/08\/253-300x183.jpg 300w, https:\/\/eremos.eu\/wp-content\/uploads\/2015\/08\/253.jpg 595w\" sizes=\"auto, (max-width: 300px) 100vw, 300px\" \/><\/a><a href=\"https:\/\/eremos.eu\/wp-content\/uploads\/2015\/08\/25a2.jpg\"><img loading=\"lazy\" decoding=\"async\" class=\" size-full wp-image-1048 alignnone\" src=\"https:\/\/eremos.eu\/wp-content\/uploads\/2015\/08\/25a2.jpg\" alt=\"25a\" width=\"275\" height=\"184\" \/><\/a><\/p>\n<p><a href=\"https:\/\/eremos.eu\/wp-content\/uploads\/2015\/08\/25b2.jpg\"><img loading=\"lazy\" decoding=\"async\" class=\"alignleft size-medium wp-image-1049\" src=\"https:\/\/eremos.eu\/wp-content\/uploads\/2015\/08\/25b2-300x182.jpg\" alt=\"25b\" width=\"300\" height=\"182\" srcset=\"https:\/\/eremos.eu\/wp-content\/uploads\/2015\/08\/25b2-300x182.jpg 300w, https:\/\/eremos.eu\/wp-content\/uploads\/2015\/08\/25b2.jpg 502w\" sizes=\"auto, (max-width: 300px) 100vw, 300px\" \/><\/a><a href=\"https:\/\/eremos.eu\/wp-content\/uploads\/2015\/08\/25c1.jpg\"><img loading=\"lazy\" decoding=\"async\" class=\" size-full wp-image-1050 alignnone\" src=\"https:\/\/eremos.eu\/wp-content\/uploads\/2015\/08\/25c1.jpg\" alt=\"25c\" width=\"275\" height=\"182\" \/><\/a><\/p>\n<hr \/>\n<p><strong>SANTUARIO DEI SANTI COSMA E DAMIANO<\/strong> (Chiesa semirupestre &#8211; X secolo)<\/p>\n<p>Localit\u00e0: <strong>Ravello<\/strong> (SA)<\/p>\n<p style=\"text-align: justify;\"><a href=\"https:\/\/eremos.eu\/wp-content\/uploads\/2015\/08\/la-cappella-dei-santi-cosma-e-damiano-nella-chiesa-10612.jpg\"><img loading=\"lazy\" decoding=\"async\" class=\"alignright size-medium wp-image-5290\" src=\"https:\/\/eremos.eu\/wp-content\/uploads\/2015\/08\/la-cappella-dei-santi-cosma-e-damiano-nella-chiesa-10612-300x225.jpg\" alt=\"la-cappella-dei-santi-cosma-e-damiano-nella-chiesa-10612\" width=\"300\" height=\"225\" srcset=\"https:\/\/eremos.eu\/wp-content\/uploads\/2015\/08\/la-cappella-dei-santi-cosma-e-damiano-nella-chiesa-10612-300x225.jpg 300w, https:\/\/eremos.eu\/wp-content\/uploads\/2015\/08\/la-cappella-dei-santi-cosma-e-damiano-nella-chiesa-10612.jpg 600w\" sizes=\"auto, (max-width: 300px) 100vw, 300px\" \/><\/a>L\u2019odierna e discutibile architettura del santuario dei Santi Cosma e Damiano \u00e8 stata realizzata intorno agli anni Settanta ed occupa larga parte della cavit\u00e0 naturale che si apre nella parete rocciosa sopra Ravello, da sempre luogo di culto per i suoi abitanti. E quantunque l\u2019esistenza della preesistente chiesa rupestre venga attestata per la prima volta in un documento del 1397, \u00e8 abbastanza ragionevole retrodatarla di alcuni secoli. Le vicende storiche che riguardano la chiesa alternano periodi di grande splendore ad altri di desolazione e rovina ma, in ogni caso, la devozione della gente locale verso i due Santi martiri non \u00e8 mai venuta meno e ha fatto s\u00ec che il sito religioso potesse continuare a svolgere sia la funzione cultuale che quella miracolosa (migliaia gli ex-voto a fronte delle tante grazie ricevute) e terapeutica, con l\u2019acqua benedetta che stilla dalla montagna. E quando alla fine dell\u2019Ottocento, per iniziativa privata, viene rifatto il pavimento della chiesa e la lunga rampa di scale d\u2019accesso, \u00e8 ancora testimoniata la presenza di un gruppo di affreschi bizantineggianti dei due Santi risalenti al XIV o XV secolo.<\/p>\n<p style=\"text-align: justify;\"><a href=\"https:\/\/eremos.eu\/wp-content\/uploads\/2015\/08\/263.jpg\"><img loading=\"lazy\" decoding=\"async\" class=\"alignleft wp-image-1051\" src=\"https:\/\/eremos.eu\/wp-content\/uploads\/2015\/08\/263-300x180.jpg\" alt=\"26\" width=\"304\" height=\"183\" srcset=\"https:\/\/eremos.eu\/wp-content\/uploads\/2015\/08\/263-300x180.jpg 300w, https:\/\/eremos.eu\/wp-content\/uploads\/2015\/08\/263.jpg 841w\" sizes=\"auto, (max-width: 304px) 100vw, 304px\" \/><\/a><a href=\"https:\/\/eremos.eu\/wp-content\/uploads\/2015\/08\/26a1.jpg\"><img loading=\"lazy\" decoding=\"async\" class=\"alignnone wp-image-1052 size-full\" src=\"https:\/\/eremos.eu\/wp-content\/uploads\/2015\/08\/26a1.jpg\" alt=\"26a\" width=\"275\" height=\"183\" \/><\/a><\/p>\n<p><a href=\"https:\/\/eremos.eu\/wp-content\/uploads\/2015\/08\/26b1.jpg\"><img loading=\"lazy\" decoding=\"async\" class=\"alignleft wp-image-1053 size-medium\" src=\"https:\/\/eremos.eu\/wp-content\/uploads\/2015\/08\/26b1-300x199.jpg\" alt=\"26b\" width=\"300\" height=\"199\" srcset=\"https:\/\/eremos.eu\/wp-content\/uploads\/2015\/08\/26b1-300x199.jpg 300w, https:\/\/eremos.eu\/wp-content\/uploads\/2015\/08\/26b1.jpg 595w\" sizes=\"auto, (max-width: 300px) 100vw, 300px\" \/><\/a><a href=\"https:\/\/eremos.eu\/wp-content\/uploads\/2015\/08\/26c1.jpg\"><img loading=\"lazy\" decoding=\"async\" class=\"alignnone wp-image-1054 size-medium\" src=\"https:\/\/eremos.eu\/wp-content\/uploads\/2015\/08\/26c1-300x199.jpg\" alt=\"26c\" width=\"300\" height=\"199\" srcset=\"https:\/\/eremos.eu\/wp-content\/uploads\/2015\/08\/26c1-300x199.jpg 300w, https:\/\/eremos.eu\/wp-content\/uploads\/2015\/08\/26c1.jpg 593w\" sizes=\"auto, (max-width: 300px) 100vw, 300px\" \/><\/a><\/p>\n<hr \/>\n<p><strong>GROTTA DEL SALVATORE<\/strong> (Chiesa rupestre &#8211; X-XI secolo)<\/p>\n<p>Localit\u00e0: <strong>Pontone di Scala<\/strong> (SA) \u00a0 \u00a0 \u00a0 \u00a0 \u00a0 \u00a0 \u00a0 \u00a0 \u00a0 \u00a0 \u00a0 \u00a0 \u00a0 \u00a0 \u00a0 \u00a0 \u00a0 \u00a0 \u00a0 \u00a0 Sub-area: <span style=\"color: #0000ff;\">Parco Regionale dei Monti Lattari<\/span><\/p>\n<p style=\"text-align: justify;\"><a href=\"https:\/\/eremos.eu\/wp-content\/uploads\/2015\/08\/27a13.jpg\"><img loading=\"lazy\" decoding=\"async\" class=\"alignleft size-medium wp-image-5291\" src=\"https:\/\/eremos.eu\/wp-content\/uploads\/2015\/08\/27a13-300x281.jpg\" alt=\"27a\" width=\"300\" height=\"281\" srcset=\"https:\/\/eremos.eu\/wp-content\/uploads\/2015\/08\/27a13-300x281.jpg 300w, https:\/\/eremos.eu\/wp-content\/uploads\/2015\/08\/27a13.jpg 582w\" sizes=\"auto, (max-width: 300px) 100vw, 300px\" \/><\/a>Nella grotta del Salvatore, ad ovest della Torre dello Ziro, le fonti storiche collocano un insediamento rupestre dedicato al Cristo <a href=\"https:\/\/eremos.eu\/wp-content\/uploads\/2015\/08\/27b9.jpg\"><img loading=\"lazy\" decoding=\"async\" class=\"alignright size-medium wp-image-5293\" src=\"https:\/\/eremos.eu\/wp-content\/uploads\/2015\/08\/27b9-124x300.jpg\" alt=\"27b\" width=\"124\" height=\"300\" srcset=\"https:\/\/eremos.eu\/wp-content\/uploads\/2015\/08\/27b9-124x300.jpg 124w, https:\/\/eremos.eu\/wp-content\/uploads\/2015\/08\/27b9.jpg 144w\" sizes=\"auto, (max-width: 124px) 100vw, 124px\" \/><\/a>Salvatore. Quel che sopravvive al tempo ed all\u2019incuria delle antiche strutture si trova nella zona pi\u00f9 interna della cavit\u00e0 naturale ed \u00e8 costituito da un pezzo dell&#8217;arco di ingresso e dai resti di un affresco sulla parete di fondo che raffigura una <i>Madonna annunziante<\/i> ed un probabile trittico di Santi, di cui uno risalta per il colore rosa dei capelli e per l&#8217;aureola dorata sul fondo azzurro del riquadro. Altri resti di una pittura mostrano parti di un trono e di una piccola testa che lasciano prefigurare una <i>Madonna in trono con Bambino<\/i>; mentre sulle pareti superstiti di un&#8217;abside \u00e8 ancora possibile leggere l&#8217;iconografia del <i>Salvatore<\/i>, rappresentato frontalmente.<\/p>\n<hr \/>\n<p><strong>EREMO DI SANTA CATERINA<\/strong> (Ruderi di cappella-romitorio &#8211; XI secolo)<\/p>\n<p>Localit\u00e0: <strong>Tramonti<\/strong> (SA) \u00a0 \u00a0 \u00a0 \u00a0 \u00a0 \u00a0 \u00a0 \u00a0 \u00a0 \u00a0 \u00a0 \u00a0 \u00a0 \u00a0 \u00a0 \u00a0 \u00a0 \u00a0 \u00a0 \u00a0 \u00a0 \u00a0 \u00a0\u00a0Sub-area: <span style=\"color: #0000ff;\">Parco Regionale dei Monti Lattari<\/span><\/p>\n<p style=\"text-align: justify;\">La storia e la sorte stessa dell\u2019eremo di Santa Caterina, fondato intorno all\u2019anno Mille sulle montagne della costiera amalfitana, sono intimamente legati all\u2019adiacente castello di Montalto, un fortilizio della repubblica marinara. Nell\u2019anno 1127, infatti, il castello viene assalito dai Normanni e, nonostante la strenua resistenza messa in atto dall\u2019intera popolazione di Tramonti, \u00e8 destinato a capitolare, seguito anche da altre fortezze e dalla resa, con conseguente declino, della stessa Amalfi. Dell\u2019antica cappella rimangono i pochi ruderi mantenuti ancora in piedi dalla solidariet\u00e0 della gente locale.<\/p>\n<p style=\"text-align: justify;\"><a href=\"https:\/\/eremos.eu\/wp-content\/uploads\/2015\/08\/283.jpg\"><img loading=\"lazy\" decoding=\"async\" class=\"alignleft wp-image-1058\" src=\"https:\/\/eremos.eu\/wp-content\/uploads\/2015\/08\/283-300x202.jpg\" alt=\"28\" width=\"327\" height=\"220\" srcset=\"https:\/\/eremos.eu\/wp-content\/uploads\/2015\/08\/283-300x202.jpg 300w, https:\/\/eremos.eu\/wp-content\/uploads\/2015\/08\/283.jpg 323w\" sizes=\"auto, (max-width: 327px) 100vw, 327px\" \/><\/a><a href=\"https:\/\/eremos.eu\/wp-content\/uploads\/2015\/08\/28a3.jpg\"><img loading=\"lazy\" decoding=\"async\" class=\"alignnone wp-image-1059\" src=\"https:\/\/eremos.eu\/wp-content\/uploads\/2015\/08\/28a3-300x225.jpg\" alt=\"28a\" width=\"294\" height=\"220\" srcset=\"https:\/\/eremos.eu\/wp-content\/uploads\/2015\/08\/28a3-300x225.jpg 300w, https:\/\/eremos.eu\/wp-content\/uploads\/2015\/08\/28a3.jpg 323w\" sizes=\"auto, (max-width: 294px) 100vw, 294px\" \/><\/a><\/p>\n<hr \/>\n<p><strong>GROTTA DI SAN MICHELE ARCANGELO<\/strong> (Cappella semirupestre &#8211; XVIII secolo)<\/p>\n<p><a href=\"https:\/\/eremos.eu\/wp-content\/uploads\/2015\/08\/29b12.jpg\"><img loading=\"lazy\" decoding=\"async\" class=\"alignright size-full wp-image-5294\" src=\"https:\/\/eremos.eu\/wp-content\/uploads\/2015\/08\/29b12.jpg\" alt=\"29b\" width=\"183\" height=\"275\" \/><\/a>Localit\u00e0: <strong>Gete di Tramonti<\/strong> (SA)<\/p>\n<p style=\"text-align: justify;\">La grotta di San Michele Arcangelo, situata a Gete di Tramonti, dove il torrente scorre nel vallone Caro, al posto di un\u2019antica chiesa poi distrutta da un alluvione nel 1735, accoglie oggi una suggestiva cappella rupestre. La struttura, che per stile architettonico ed impianto costruttivo pu\u00f2 essere ascritta alla seconda met\u00e0 del XIII secolo, si presenta con una pianta quadrata a due navate ed altrettante absidi, e si avvale di volte a crociera su archi ogivali poggianti su un pilastro e due colonne. L\u2019arco d\u2019ingresso \u00e8 diviso in due parti, uno inferiore a tutto sesto, originariamente destinato ad area sepolcrale, ed uno superiore finemente decorato con stelle di color ocra. La copertura si rif\u00e0 alle tipiche architetture amalfitane, per quanto piuttosto incompatibili con la cupola, dalle forme che, al contrario, tradiscono lo spirito dell\u2019originario edificio.<\/p>\n<p style=\"text-align: justify;\"><a href=\"https:\/\/eremos.eu\/wp-content\/uploads\/2015\/08\/gete_cappella_rupestre31.jpg\"><img loading=\"lazy\" decoding=\"async\" class=\"alignleft wp-image-5298 size-medium\" src=\"https:\/\/eremos.eu\/wp-content\/uploads\/2015\/08\/gete_cappella_rupestre31-300x204.jpg\" alt=\"gete_cappella_rupestre3\" width=\"300\" height=\"204\" srcset=\"https:\/\/eremos.eu\/wp-content\/uploads\/2015\/08\/gete_cappella_rupestre31-300x204.jpg 300w, https:\/\/eremos.eu\/wp-content\/uploads\/2015\/08\/gete_cappella_rupestre31.jpg 965w\" sizes=\"auto, (max-width: 300px) 100vw, 300px\" \/><\/a><\/p>\n<p><a href=\"https:\/\/eremos.eu\/wp-content\/uploads\/2015\/08\/29a11.jpg\"><img loading=\"lazy\" decoding=\"async\" class=\"wp-image-5297 alignnone\" src=\"https:\/\/eremos.eu\/wp-content\/uploads\/2015\/08\/29a11-300x201.jpg\" alt=\"29a\" width=\"305\" height=\"204\" srcset=\"https:\/\/eremos.eu\/wp-content\/uploads\/2015\/08\/29a11-300x201.jpg 300w, https:\/\/eremos.eu\/wp-content\/uploads\/2015\/08\/29a11.jpg 593w\" sizes=\"auto, (max-width: 305px) 100vw, 305px\" \/><\/a><\/p>\n<h3><a href=\"https:\/\/eremos.eu\/wp-content\/uploads\/2015\/08\/sanmi-gete.jpg\"><img loading=\"lazy\" decoding=\"async\" class=\"alignleft wp-image-5299 size-medium\" src=\"https:\/\/eremos.eu\/wp-content\/uploads\/2015\/08\/sanmi-gete-300x200.jpg\" alt=\"sanmi gete\" width=\"300\" height=\"200\" srcset=\"https:\/\/eremos.eu\/wp-content\/uploads\/2015\/08\/sanmi-gete-300x200.jpg 300w, https:\/\/eremos.eu\/wp-content\/uploads\/2015\/08\/sanmi-gete.jpg 1024w\" sizes=\"auto, (max-width: 300px) 100vw, 300px\" \/><\/a><\/h3>\n<p><a href=\"https:\/\/eremos.eu\/wp-content\/uploads\/2015\/08\/29c13.jpg\"><img loading=\"lazy\" decoding=\"async\" class=\"alignnone wp-image-5300\" src=\"https:\/\/eremos.eu\/wp-content\/uploads\/2015\/08\/29c13.jpg\" alt=\"29c\" width=\"300\" height=\"200\" \/><\/a><\/p>\n<hr \/>\n<h3><span style=\"color: #0000ff;\"><strong>GOLFO DI NAPOLI<\/strong><\/span><\/h3>\n<p><strong>ROMITORI BASILIANI DI CASTEL DELL&#8217;OVO<\/strong> (Cenobio rupestre &#8211; V secolo)<\/p>\n<p>Localit\u00e0: <strong>Napoli-Mergellina<\/strong> (NA)<\/p>\n<p style=\"text-align: justify;\"><a href=\"https:\/\/eremos.eu\/wp-content\/uploads\/2015\/08\/3011.jpg\"><img loading=\"lazy\" decoding=\"async\" class=\"alignleft size-medium wp-image-5301\" src=\"https:\/\/eremos.eu\/wp-content\/uploads\/2015\/08\/3011-201x300.jpg\" alt=\"30\" width=\"201\" height=\"300\" srcset=\"https:\/\/eremos.eu\/wp-content\/uploads\/2015\/08\/3011-201x300.jpg 201w, https:\/\/eremos.eu\/wp-content\/uploads\/2015\/08\/3011-686x1024.jpg 686w, https:\/\/eremos.eu\/wp-content\/uploads\/2015\/08\/3011.jpg 800w\" sizes=\"auto, (max-width: 201px) 100vw, 201px\" \/><\/a>La nascita dei \u201cromitori basiliani\u201d, attualmente inglobati nella parte sottostante di Castel dell\u2019Ovo, si deve all\u2019abate Marciano quando, tra il 492 ed il 496, al posto della villa luculliana o <i>castrum lucullianum <\/i>edificata sull\u2019isolotto di Megaride decide di fondare un monastero ove accogliere i monaci dell&#8217;ordine di san Basilio arrivati da poco in Italia. A loro si deve la realizzazione dei cunicoli e delle cellette scavati nel banco tufaceo e destinati a luogo di ritiro e preghiera. La presenza del cenobio contribuisce a far divenire l\u2019isola un fiorente centro di cultura durante tutto il VI secolo, a partire dal quale i monaci si dedicano a copiare codici, a creare preziose raccolte, a intessere relazioni con i maggiori centri religiosi, all&#8217;epoca depositari della cultura. Secondo alcune fonti i monaci avrebbero custodito anche parte dei papiri della famosa biblioteca di Lucullo, sulle cui rovine si erano insediati, avendo quindi la possibilit\u00e0 di ricopiare su pergamena le opere dell&#8217;antichit\u00e0 classica. Durante il VII secolo i basiliani sono <a href=\"https:\/\/eremos.eu\/wp-content\/uploads\/2015\/08\/30a9.jpg\"><img loading=\"lazy\" decoding=\"async\" class=\"alignright size-medium wp-image-5302\" src=\"https:\/\/eremos.eu\/wp-content\/uploads\/2015\/08\/30a9-300x225.jpg\" alt=\"30a\" width=\"300\" height=\"225\" srcset=\"https:\/\/eremos.eu\/wp-content\/uploads\/2015\/08\/30a9-300x225.jpg 300w, https:\/\/eremos.eu\/wp-content\/uploads\/2015\/08\/30a9.jpg 831w\" sizes=\"auto, (max-width: 300px) 100vw, 300px\" \/><\/a>costretti ad abbracciare la nuova regola benedettina, dando vita a due chiese: quella di San Pietro, di cui si sono perse notizie certe e quella del Salvatore ancora oggi visibile sebbene fortemente modificata. L&#8217;abbandono da parte dei religiosi avviene nel 902 quando i duchi di Napoli decidono di radere al suolo l\u2019intero complesso religioso per evitare che i Saraceni potessero fortificarlo ed utilizzarlo per conquistare la citt\u00e0. La successiva costruzione, attestata in un documento del 1128, di una fortificazione denominata\u00a0Arce di San Salvatore dar\u00e0 vita a quello che, nel 1140, con l\u2019avvento normanno diventer\u00e0 l\u2019attuale Castel dell\u2019Ovo.<\/p>\n<hr \/>\n<p><strong>ROMITORIO DI SANTA PATRIZIA<\/strong> (Romitorio rupestre &#8211; V-VI secolo)<\/p>\n<p>Localit\u00e0: <strong>Napoli-Mergellina<\/strong> (NA)<\/p>\n<p style=\"text-align: justify;\">Il cosiddetto \u201cromitorio di Santa Patrizia\u201d si trova all\u2019interno del costone tufaceo del versante orientale dell\u2019isolotto di San Salvatore, ad un livello inferiore di Castel dell\u2019Ovo, ed \u00e8 composto da diversi ambienti ipogei comunicanti tra di loro che, secondo la tradizione, avrebbero ospitato l\u2019eremitaggio della Santa e di altre consorelle. L\u2019ipotesi \u00e8 in parte suffragata dal carattere sacro degli affreschi di et\u00e0 moderna ancora ben conservati in alcune nicchie di un piccolo vano trapezoidale illuminato da finestrelle, dai pi\u00f9 indicato come la \u201ccella della Santa\u201d.<\/p>\n<p><a href=\"https:\/\/eremos.eu\/wp-content\/uploads\/2015\/08\/313.jpg\"><img loading=\"lazy\" decoding=\"async\" class=\"alignleft wp-image-1067 size-medium\" src=\"https:\/\/eremos.eu\/wp-content\/uploads\/2015\/08\/313-300x221.jpg\" alt=\"31\" width=\"300\" height=\"221\" srcset=\"https:\/\/eremos.eu\/wp-content\/uploads\/2015\/08\/313-300x221.jpg 300w, https:\/\/eremos.eu\/wp-content\/uploads\/2015\/08\/313.jpg 602w\" sizes=\"auto, (max-width: 300px) 100vw, 300px\" \/><\/a><a href=\"https:\/\/eremos.eu\/wp-content\/uploads\/2015\/08\/31a2.jpg\"><img loading=\"lazy\" decoding=\"async\" class=\" wp-image-1068 alignnone\" src=\"https:\/\/eremos.eu\/wp-content\/uploads\/2015\/08\/31a2-300x234.jpg\" alt=\"31a\" width=\"284\" height=\"221\" srcset=\"https:\/\/eremos.eu\/wp-content\/uploads\/2015\/08\/31a2-300x234.jpg 300w, https:\/\/eremos.eu\/wp-content\/uploads\/2015\/08\/31a2.jpg 588w\" sizes=\"auto, (max-width: 284px) 100vw, 284px\" \/><\/a><\/p>\n<hr \/>\n<p><strong>CAPPELLA DI SANTA MARIA DELL&#8217;IDRIA<\/strong> (Cappella rupestre &#8211; V-VIII secolo)<\/p>\n<p>Localit\u00e0: <strong>Napoli-Posillipo<\/strong> (NA)<\/p>\n<p style=\"text-align: justify;\"><a href=\"https:\/\/eremos.eu\/wp-content\/uploads\/2015\/08\/3217.jpg\"><img loading=\"lazy\" decoding=\"async\" class=\"alignleft wp-image-5303\" src=\"https:\/\/eremos.eu\/wp-content\/uploads\/2015\/08\/3217.jpg\" alt=\"32\" width=\"190\" height=\"134\" \/><\/a>La cappella della Madonna dell&#8217;Idria o Odigitria si trova nella Crypta Neapolitana (chiamata anche \u201cgrotta di Posillipo\u201d) sul luogo di un antico altare di Priapo che, secondo la tradizione, venne demolito dai cristiani per edificarvi un piccolo tempio dedicato appunto alla Vergine allo scopo di fugare il demonio che si aggirava in quell&#8217;antro. Le fonti storiche ne attestano l&#8217;esistenza sin dall&#8217;inizio del Duecento, sebbene i recenti restauri agli affreschi rupestri dell&#8217;intero edificio hanno appurato una origine pi\u00f9 remota della cappella, facendola risalire al V secolo o, quantomeno, ai tempi delle migrazioni cristiane a seguito delle persecuzioni dell&#8217;VIII secolo. In ogni caso, in pieno Trecento, <a href=\"https:\/\/eremos.eu\/wp-content\/uploads\/2015\/08\/32a10.jpg\"><img loading=\"lazy\" decoding=\"async\" class=\"alignright size-medium wp-image-5304\" src=\"https:\/\/eremos.eu\/wp-content\/uploads\/2015\/08\/32a10-300x199.jpg\" alt=\"32a\" width=\"300\" height=\"199\" srcset=\"https:\/\/eremos.eu\/wp-content\/uploads\/2015\/08\/32a10-300x199.jpg 300w, https:\/\/eremos.eu\/wp-content\/uploads\/2015\/08\/32a10-1024x680.jpg 1024w, https:\/\/eremos.eu\/wp-content\/uploads\/2015\/08\/32a10.jpg 1577w\" sizes=\"auto, (max-width: 300px) 100vw, 300px\" \/><\/a>nonostante la vicina presenza della nuova e pi\u00f9 grande chiesa di Santa Maria di Piedigrotta, la cappella rupestre continua ad essere \u201coggetto di straordinaria devozione popolare\u201d, come ricorder\u00e0 il Petrarca. Dopo il recente restauro che, in qualche modo, \u00e8 riuscito a riscattare la piccola edicola con l\u2019immagine mariana da secoli di abbandono ed incuria, possiamo ritornare a compenetrare l\u2019originario, augurale ed apotropaico significato di \u201cguida della via e del cammino\u201d di questa orientaleggiante Odigitria posta, com\u2019\u00e8, nell\u2019arco d\u2019ingresso della lunga Crypta Neapolitana.<\/p>\n<hr \/>\n<p><strong>BASILICA DEI VESCOVI<\/strong> (Chiesa rupestre &#8211; VI secolo)<\/p>\n<p>Localit\u00e0: <strong>Napoli-Sanit\u00e0<\/strong> (NA)<\/p>\n<p style=\"text-align: justify;\"><a href=\"https:\/\/eremos.eu\/wp-content\/uploads\/2015\/08\/33c5.jpg\"><img loading=\"lazy\" decoding=\"async\" class=\"alignright size-full wp-image-5305\" src=\"https:\/\/eremos.eu\/wp-content\/uploads\/2015\/08\/33c5.jpg\" alt=\"33c\" width=\"196\" height=\"260\" \/><\/a>La basilica dei Vescovi, realizzata agli inizi del VI secolo, si trova nell\u2019area antistante l\u2019omonima cripta nelle catacombe di San Gennaro. All\u2019origine era solo una piccola aula di culto con l\u2019altare situato in corrispondenza del sottostante oratorio di san Gennaro; mentre la cripta la racchiudeva, a guisa di abside sopraelevata. Ma sempre nel corso del VI secolo, divenuta incapace di accogliere il crescente numero di fedeli, viene ampliata fino a comprendere l\u2019intero ambulacro centrale, dando cos\u00ec luogo ad un nuovo spazio cultuale, lungo pi\u00f9 di 50 metri e largo 12, conosciuto come basilica <i>adiecta<\/i>, caratterizzato da una triplice arcata al centro e dalla \u201cedicola della Croce\u201d. Uno degli interventi pi\u00f9 significativi nell\u2019alto-medioevo \u00e8 rappresentato dalla realizzazione del fonte battesimale al livello inferiore delle catacombe, seguito da altre due edicole, di cui una \u00e8 detta \u201cedicola delle vergini\u201d per l\u2019affresco dell\u2019XI secolo con le cinque Sante (Caterina, Agata, Eugenia, Giuliana e Margherita) che ne decora le pareti.<\/p>\n<p><a href=\"https:\/\/eremos.eu\/wp-content\/uploads\/2015\/08\/33a1.jpg\"><img loading=\"lazy\" decoding=\"async\" class=\"alignleft wp-image-1073 size-medium\" src=\"https:\/\/eremos.eu\/wp-content\/uploads\/2015\/08\/33a1-300x225.jpg\" alt=\"33a\" width=\"300\" height=\"225\" srcset=\"https:\/\/eremos.eu\/wp-content\/uploads\/2015\/08\/33a1-300x225.jpg 300w, https:\/\/eremos.eu\/wp-content\/uploads\/2015\/08\/33a1.jpg 809w\" sizes=\"auto, (max-width: 300px) 100vw, 300px\" \/><\/a><a href=\"https:\/\/eremos.eu\/wp-content\/uploads\/2015\/08\/33b1.jpg\"><img loading=\"lazy\" decoding=\"async\" class=\" wp-image-1074 alignnone\" src=\"https:\/\/eremos.eu\/wp-content\/uploads\/2015\/08\/33b1-300x198.jpg\" alt=\"33b\" width=\"342\" height=\"225\" srcset=\"https:\/\/eremos.eu\/wp-content\/uploads\/2015\/08\/33b1-300x198.jpg 300w, https:\/\/eremos.eu\/wp-content\/uploads\/2015\/08\/33b1.jpg 979w\" sizes=\"auto, (max-width: 342px) 100vw, 342px\" \/><\/a><\/p>\n<hr \/>\n<p><strong><a href=\"https:\/\/eremos.eu\/wp-content\/uploads\/2015\/08\/3413.jpg\"><img loading=\"lazy\" decoding=\"async\" class=\"alignright wp-image-5306\" src=\"https:\/\/eremos.eu\/wp-content\/uploads\/2015\/08\/3413-300x298.jpg\" alt=\"34\" width=\"272\" height=\"270\" srcset=\"https:\/\/eremos.eu\/wp-content\/uploads\/2015\/08\/3413-300x298.jpg 300w, https:\/\/eremos.eu\/wp-content\/uploads\/2015\/08\/3413-150x150.jpg 150w, https:\/\/eremos.eu\/wp-content\/uploads\/2015\/08\/3413.jpg 344w\" sizes=\"auto, (max-width: 272px) 100vw, 272px\" \/><\/a>BASILICHETTA DI SANT&#8217;AGRIPPINO<\/strong> (Chiesa rupestre &#8211; IV secolo)<\/p>\n<p>Localit\u00e0: <strong>Napoli-Sanit\u00e0<\/strong> (NA)<\/p>\n<p style=\"text-align: justify;\">La cosiddetta \u201cbasilichetta di Sant\u2019Agrippino\u201d, ubicata ad un livello inferiore, rappresenta la pi\u00f9 antica testimonianza cultuale delle catacombe di San Gennaro. Si tratta di un\u2019aula di culto provvista di <a href=\"https:\/\/eremos.eu\/wp-content\/uploads\/2015\/08\/34a7.jpg\"><img loading=\"lazy\" decoding=\"async\" class=\"alignleft wp-image-5307\" src=\"https:\/\/eremos.eu\/wp-content\/uploads\/2015\/08\/34a7.jpg\" alt=\"34a\" width=\"188\" height=\"240\" \/><\/a>abside sopraelevata con la parte inferiore scavata nel tufo, comprendente una cattedra ed un altare, e quella superiore costruita in muratura. La basilichetta, che risale presumibilmente al IV secolo, venne edificata attorno alla tomba del presule, deposto in quell\u2019area nella seconda met\u00e0 del secolo precedente; successivamente nell\u2019alto-medioevo sulla parete nord, in prossimit\u00e0 dell\u2019ingresso, venne eseguito un affresco raffigurante Sant\u2019Agrippino che guarisce un infermo, mentre su quella meridionale furono dipinti un vescovo ed un monaco bizantini.<\/p>\n<hr \/>\n<p><strong>CRIPTA DI SAN GAUDIOSO<\/strong> (Chiesa rupestre &#8211; V-VI secolo)<\/p>\n<p>Localit\u00e0: <strong>Napoli-Sanit\u00e0<\/strong> (NA)<a href=\"https:\/\/eremos.eu\/wp-content\/uploads\/2015\/08\/35b3.jpg\"><img loading=\"lazy\" decoding=\"async\" class=\"alignright size-medium wp-image-1077\" src=\"https:\/\/eremos.eu\/wp-content\/uploads\/2015\/08\/35b3-224x300.jpg\" alt=\"35b\" width=\"224\" height=\"300\" srcset=\"https:\/\/eremos.eu\/wp-content\/uploads\/2015\/08\/35b3-224x300.jpg 224w, https:\/\/eremos.eu\/wp-content\/uploads\/2015\/08\/35b3.jpg 754w\" sizes=\"auto, (max-width: 224px) 100vw, 224px\" \/><\/a><\/p>\n<p style=\"text-align: justify;\">La cripta di San Gaudioso, l\u2019ambiente che favorisce l\u2019accesso alle omonime e famose catacombe, \u00e8 da sempre il\u00a0luogo di culto privilegiato per gli abitanti del rione devoti alla <i>Madonna della Sanit\u00e0, <\/i>la pi\u00f9 antica (V-VI secolo) effigie mariana del napoletano, rappresentata in un affresco che rivestiva una delle pareti ed ora conservata in una apposita cappella. Dopo aver attraversato un lungo periodo di abbandono, soprattutto a causa delle innumerevoli frane, intorno al Cinquecento verr\u00e0 riscoperta la funzione taumaturgica (salubrit\u00e0 del luogo) del cimitero sotterraneo che, nel secolo successivo, sar\u00e0 ammodernato ma, purtroppo, alterato nella sua struttura originaria. In ogni caso la cripta ha conservato alcuni affreschi con l\u2019iconografia dei martiri che ricoprono la volta e le pareti ma \u00e8 pure degno di nota l\u2019arcosolio del VI secolo, decorato a mosaico, che custodisce la tomba di san Gaudioso.<\/p>\n<p><a href=\"https:\/\/eremos.eu\/wp-content\/uploads\/2015\/08\/353.jpg\"><img loading=\"lazy\" decoding=\"async\" class=\"alignleft wp-image-1078\" src=\"https:\/\/eremos.eu\/wp-content\/uploads\/2015\/08\/353-300x225.jpg\" alt=\"35\" width=\"301\" height=\"226\" srcset=\"https:\/\/eremos.eu\/wp-content\/uploads\/2015\/08\/353-300x225.jpg 300w, https:\/\/eremos.eu\/wp-content\/uploads\/2015\/08\/353-1024x768.jpg 1024w, https:\/\/eremos.eu\/wp-content\/uploads\/2015\/08\/353.jpg 1578w\" sizes=\"auto, (max-width: 301px) 100vw, 301px\" \/><\/a><a href=\"https:\/\/eremos.eu\/wp-content\/uploads\/2015\/08\/35a3.jpg\"><img loading=\"lazy\" decoding=\"async\" class=\" wp-image-1079 size-medium alignnone\" src=\"https:\/\/eremos.eu\/wp-content\/uploads\/2015\/08\/35a3-300x226.jpg\" alt=\"35a\" width=\"300\" height=\"226\" srcset=\"https:\/\/eremos.eu\/wp-content\/uploads\/2015\/08\/35a3-300x226.jpg 300w, https:\/\/eremos.eu\/wp-content\/uploads\/2015\/08\/35a3.jpg 443w\" sizes=\"auto, (max-width: 300px) 100vw, 300px\" \/><\/a><\/p>\n<hr \/>\n<p><strong><a href=\"https:\/\/eremos.eu\/wp-content\/uploads\/2015\/08\/3612.jpg\"><img loading=\"lazy\" decoding=\"async\" class=\"alignright size-full wp-image-5308\" src=\"https:\/\/eremos.eu\/wp-content\/uploads\/2015\/08\/3612.jpg\" alt=\"36\" width=\"261\" height=\"194\" \/><\/a>GROTTA DELL&#8217;EREMITA<\/strong> (Romitorio rupestre &#8211; VIII secolo)<\/p>\n<p>Localit\u00e0: <strong>Napoli-Vomero<\/strong> (NA)<\/p>\n<p style=\"text-align: justify;\">La cosiddetta \u201cgrotta dell\u2019eremita\u201d \u00e8 la cavit\u00e0 ipogea che si apre subito dopo il ponticello\u00a0di accesso a Castel\u00a0Sant\u2019Elmo di Napoli. Secondo la tradizione, avrebbe ospitato, appunto, un eremita in tempi cristiani o paleocristiani ma, sicuramente, prima che nel X secolo in quel luogo sorgesse la chiesa di Sant\u2019Erasmo, poi fagocitata dall\u2019imponente castello medievale.<\/p>\n<hr \/>\n<h3 style=\"text-align: justify;\"><span style=\"color: #0000ff;\"><strong>GOLFO DI SALERNO<\/strong><\/span><\/h3>\n<p><strong>EREMO DI SAN LIBERATORE<\/strong> (Cenobio semirupestre &#8211; XI secolo)<\/p>\n<p>Localit\u00e0: <strong>Salerno<\/strong> (SA)<\/p>\n<p style=\"text-align: justify;\"><a href=\"https:\/\/eremos.eu\/wp-content\/uploads\/2015\/08\/373.jpg\"><img loading=\"lazy\" decoding=\"async\" class=\"alignleft wp-image-1081 size-medium\" src=\"https:\/\/eremos.eu\/wp-content\/uploads\/2015\/08\/373-300x138.jpg\" alt=\"37\" width=\"300\" height=\"138\" srcset=\"https:\/\/eremos.eu\/wp-content\/uploads\/2015\/08\/373-300x138.jpg 300w, https:\/\/eremos.eu\/wp-content\/uploads\/2015\/08\/373.jpg 792w\" sizes=\"auto, (max-width: 300px) 100vw, 300px\" \/><\/a>L\u2019antico eremo di San liberatore \u00e8 situato a circa 460 metri d\u2019altezza sul rilievo montuoso che domina Salerno, Vietri e Cava de\u2019 Tirreni e le sue origini, legate a diverse leggende, risalgono all\u2019anno Mille, all\u2019epoca delle incursioni saracene sulle coste del litorale salernitano. La costruzione, piuttosto fatiscente ed isolata (tutt\u2019oggi accessibile solo a piedi attraverso un impervio sentiero di montagna), \u00e8 caratterizzata da due corpi: uno, occupato dalla semplice chiesa e dal sottostante romitorio costituito da un paio di celle con annessa cucina; l\u2019altro, a due piani, comprensivo di alcuni ambienti di servizio.<\/p>\n<p><a href=\"https:\/\/eremos.eu\/wp-content\/uploads\/2015\/08\/37a3.jpg\"><img loading=\"lazy\" decoding=\"async\" class=\"alignleft wp-image-1083\" src=\"https:\/\/eremos.eu\/wp-content\/uploads\/2015\/08\/37a3-300x199.jpg\" alt=\"37a\" width=\"300\" height=\"199\" srcset=\"https:\/\/eremos.eu\/wp-content\/uploads\/2015\/08\/37a3-300x199.jpg 300w, https:\/\/eremos.eu\/wp-content\/uploads\/2015\/08\/37a3.jpg 611w\" sizes=\"auto, (max-width: 300px) 100vw, 300px\" \/><\/a><a href=\"https:\/\/eremos.eu\/wp-content\/uploads\/2015\/08\/37c8.jpg\"><img loading=\"lazy\" decoding=\"async\" class=\"alignnone wp-image-5309\" src=\"https:\/\/eremos.eu\/wp-content\/uploads\/2015\/08\/37c8-300x191.jpg\" alt=\"37c\" width=\"312\" height=\"199\" srcset=\"https:\/\/eremos.eu\/wp-content\/uploads\/2015\/08\/37c8-300x191.jpg 300w, https:\/\/eremos.eu\/wp-content\/uploads\/2015\/08\/37c8.jpg 596w\" sizes=\"auto, (max-width: 312px) 100vw, 312px\" \/><\/a><\/p>\n<hr \/>\n<h3><span style=\"color: #0000ff;\"><strong>IRPINIA<\/strong><\/span><\/h3>\n<p><strong>SPECUS MARTYRUM<\/strong> (Cripta rupestre &#8211; VI secolo)<\/p>\n<p><a href=\"https:\/\/eremos.eu\/wp-content\/uploads\/2015\/08\/3912.jpg\"><img loading=\"lazy\" decoding=\"async\" class=\"alignright size-medium wp-image-5311\" src=\"https:\/\/eremos.eu\/wp-content\/uploads\/2015\/08\/3912-276x300.jpg\" alt=\"39\" width=\"276\" height=\"300\" srcset=\"https:\/\/eremos.eu\/wp-content\/uploads\/2015\/08\/3912-276x300.jpg 276w, https:\/\/eremos.eu\/wp-content\/uploads\/2015\/08\/3912.jpg 656w\" sizes=\"auto, (max-width: 276px) 100vw, 276px\" \/><\/a>Localit\u00e0: <strong>Atripalda<\/strong> (AV)<\/p>\n<p style=\"text-align: justify;\">Con il termine \u201cSpecus Martyrum\u201d viene identificata la primitiva grotta che, inizialmente, fungeva da catacomba dei Santi martiri e, subito dopo, da riparo per i cristiani che vi si rifugiavano per pregare: oggi, cripta della chiesa di Sant\u2019Ippolito. Solo nei secoli successivi, a seguito dell\u2019editto di Costantino che mette fine alle persecuzioni, lo <i>specus<\/i> diventa infatti un luogo di culto aperto al pubblico ed \u00e8 a tal fine che viene realizzata, tra l\u2019altro, una scala d\u2019accesso alla cripta ed arricchiti pavimento e pareti con marmi e mosaici, uno dei quali raffigurava il <i>Concilium martyrum<\/i>,\u00a0ossia il Salvatore\u00a0circondato dai venti martiri avellinati nell\u2019atto della loro coronazione. Ed \u00e8 proprio dalla sistemazione a forma basilicale della cripta paleocristiana, con un&#8217;abside decorata in fondo e le due tombe pi\u00f9 fastose dei santi Sabino e Romolo al lati, che si \u00e8 riusciti ad attribuire l\u2019origine dello <i>specus<\/i> al VI secolo. Nel 1629 la cripta subisce una seconda e pi\u00f9 radicale trasformazione, con l\u2019aggiunta di una seconda scala d\u2019accesso e con l\u2019ulteriore decorazione a fresco delle volte con scene e temi evocativi della vita dei primi martiri cristiani. Nel \u2018700, poi, sar\u00e0 appositamente realizzata la Cappella del Tesoro per custodire le piccole e traslate urne con i resti mortali dei Santi martiri.<\/p>\n<p style=\"text-align: justify;\"><a href=\"https:\/\/eremos.eu\/wp-content\/uploads\/2015\/08\/39a2.jpg\"><img loading=\"lazy\" decoding=\"async\" class=\"alignleft wp-image-1092\" src=\"https:\/\/eremos.eu\/wp-content\/uploads\/2015\/08\/39a2-300x199.jpg\" alt=\"39a\" width=\"300\" height=\"199\" srcset=\"https:\/\/eremos.eu\/wp-content\/uploads\/2015\/08\/39a2-300x199.jpg 300w, https:\/\/eremos.eu\/wp-content\/uploads\/2015\/08\/39a2.jpg 595w\" sizes=\"auto, (max-width: 300px) 100vw, 300px\" \/><\/a><\/p>\n<p><a href=\"https:\/\/eremos.eu\/wp-content\/uploads\/2015\/08\/39b7.jpg\"><img loading=\"lazy\" decoding=\"async\" class=\"alignnone wp-image-5310 size-medium\" src=\"https:\/\/eremos.eu\/wp-content\/uploads\/2015\/08\/39b7-300x199.jpg\" alt=\"39b\" width=\"300\" height=\"199\" srcset=\"https:\/\/eremos.eu\/wp-content\/uploads\/2015\/08\/39b7-300x199.jpg 300w, https:\/\/eremos.eu\/wp-content\/uploads\/2015\/08\/39b7.jpg 581w\" sizes=\"auto, (max-width: 300px) 100vw, 300px\" \/><\/a><\/p>\n<hr \/>\n<p><strong>GROTTA DI SAN MICHELE ARCANGELO<\/strong> (Santuario rupestre &#8211; VII-VIII secolo)<a href=\"https:\/\/eremos.eu\/wp-content\/uploads\/2015\/08\/4013.jpg\"><img loading=\"lazy\" decoding=\"async\" class=\"alignright wp-image-6079\" src=\"https:\/\/eremos.eu\/wp-content\/uploads\/2015\/08\/4013-246x300.jpg\" alt=\"40\" width=\"205\" height=\"250\" srcset=\"https:\/\/eremos.eu\/wp-content\/uploads\/2015\/08\/4013-246x300.jpg 246w, https:\/\/eremos.eu\/wp-content\/uploads\/2015\/08\/4013.jpg 372w\" sizes=\"auto, (max-width: 205px) 100vw, 205px\" \/><\/a><\/p>\n<p>Localit\u00e0: <strong>Casalbore<\/strong> (AV)<\/p>\n<p style=\"text-align: justify;\">La grotta di San Michele Arcangelo, situata lungo l\u2019antico tratturo di Casalbore, \u00e8 un antico luogo di culto ricavato all\u2019interno di una cavit\u00e0 carsica gi\u00e0 frequentato dai primi cristiani nell\u2019altomedioevo. La chiesa rupestre ha sicuramente assunto il ruolo di tappa privilegiata di un itinerario che, seguendo la via Traianea, ricalcata dalla via Sacra Longobardorum, giungeva alla grotta garganica e proseguiva verso i porti d\u2019imbarco per la Terrasanta. La cappella venne restaurata nel \u2018700, realizzando anche una statua in pietra del santo ed un nuovo altare in marmo finemente lavorato. Oggi la grotta \u00e8 sovrastata da un edificio che pure inglobando il primitivo ingresso ha comunque conservato il suggestivo aspetto della volta rocciosa.<\/p>\n<p><a href=\"https:\/\/eremos.eu\/wp-content\/uploads\/2015\/08\/40a1.jpg\"><img loading=\"lazy\" decoding=\"async\" class=\"alignleft wp-image-1095\" src=\"https:\/\/eremos.eu\/wp-content\/uploads\/2015\/08\/40a1.jpg\" alt=\"40a\" width=\"300\" height=\"170\" \/><\/a><a href=\"https:\/\/eremos.eu\/wp-content\/uploads\/2015\/08\/40b1.jpg\"><img loading=\"lazy\" decoding=\"async\" class=\"alignnone wp-image-1096\" src=\"https:\/\/eremos.eu\/wp-content\/uploads\/2015\/08\/40b1-300x200.jpg\" alt=\"40b\" width=\"255\" height=\"170\" srcset=\"https:\/\/eremos.eu\/wp-content\/uploads\/2015\/08\/40b1-300x200.jpg 300w, https:\/\/eremos.eu\/wp-content\/uploads\/2015\/08\/40b1.jpg 914w\" sizes=\"auto, (max-width: 255px) 100vw, 255px\" \/><\/a><\/p>\n<hr \/>\n<p><strong>GROTTA DI SAN MICHELE ARCANGELO O DEI LONGOBARDI<\/strong> (Santuario rupestre &#8211; VII secolo)<\/p>\n<p>Localit\u00e0: <strong>Petruro di Forino<\/strong> (AV)<\/p>\n<p style=\"text-align: justify;\">La grotta di San Michele Arcangelo o dei Longobardi \u00e8 l\u2019ampio riparo del monte Faliesi stillante acqua sorgiva, scavato nella roccia dalle truppe di Romualdo nel 663 in onore del Santo per festeggiare la vittoria sui bizantini. All\u2019interno un primo altare dedicato all\u2019Arcangelo, posto a poca distanza dall\u2019ingresso, reca fiori e ceri votivi; mentre un altro, incastonato verso il fondo della caverna, \u00e8 provvisto di un piccolo corridoio retrostante per consentire ai pellegrini, secondo il rito di matrice pagana, di girarci attorno per \u201csette\u201d volte.<\/p>\n<p><a href=\"https:\/\/eremos.eu\/wp-content\/uploads\/2015\/08\/416.jpg\"><img loading=\"lazy\" decoding=\"async\" class=\"alignleft wp-image-1097\" src=\"https:\/\/eremos.eu\/wp-content\/uploads\/2015\/08\/416-300x224.jpg\" alt=\"41\" width=\"300\" height=\"224\" srcset=\"https:\/\/eremos.eu\/wp-content\/uploads\/2015\/08\/416-300x224.jpg 300w, https:\/\/eremos.eu\/wp-content\/uploads\/2015\/08\/416.jpg 812w\" sizes=\"auto, (max-width: 300px) 100vw, 300px\" \/><\/a><a href=\"https:\/\/eremos.eu\/wp-content\/uploads\/2015\/08\/41a10.jpg\"><img loading=\"lazy\" decoding=\"async\" class=\"wp-image-5313 alignnone\" src=\"https:\/\/eremos.eu\/wp-content\/uploads\/2015\/08\/41a10.jpg\" alt=\"41a\" width=\"294\" height=\"224\" \/><\/a><\/p>\n<p><a href=\"https:\/\/eremos.eu\/wp-content\/uploads\/2015\/08\/41b3.jpg\"><img loading=\"lazy\" decoding=\"async\" class=\"alignleft wp-image-1099\" src=\"https:\/\/eremos.eu\/wp-content\/uploads\/2015\/08\/41b3-300x166.jpg\" alt=\"41b\" width=\"300\" height=\"166\" srcset=\"https:\/\/eremos.eu\/wp-content\/uploads\/2015\/08\/41b3-300x166.jpg 300w, https:\/\/eremos.eu\/wp-content\/uploads\/2015\/08\/41b3.jpg 502w\" sizes=\"auto, (max-width: 300px) 100vw, 300px\" \/><\/a><\/p>\n<p><a href=\"https:\/\/eremos.eu\/wp-content\/uploads\/2015\/08\/41c2.jpg\"><img loading=\"lazy\" decoding=\"async\" class=\"alignnone wp-image-1100\" src=\"https:\/\/eremos.eu\/wp-content\/uploads\/2015\/08\/41c2-300x171.jpg\" alt=\"41c\" width=\"291\" height=\"166\" srcset=\"https:\/\/eremos.eu\/wp-content\/uploads\/2015\/08\/41c2-300x171.jpg 300w, https:\/\/eremos.eu\/wp-content\/uploads\/2015\/08\/41c2.jpg 500w\" sizes=\"auto, (max-width: 291px) 100vw, 291px\" \/><\/a><\/p>\n<hr \/>\n<p><strong>BASILICA ANTICA DELL&#8217;ANNUNZIATA<\/strong> (Chiesa rupestre &#8211; VIII secolo)<\/p>\n<p>Localit\u00e0: <strong>Prata Principato Ultra<\/strong> (AV)<\/p>\n<p style=\"text-align: justify;\"><a href=\"https:\/\/eremos.eu\/wp-content\/uploads\/2015\/08\/annunz.jpg\"><img loading=\"lazy\" decoding=\"async\" class=\"alignleft size-medium wp-image-5316\" src=\"https:\/\/eremos.eu\/wp-content\/uploads\/2015\/08\/annunz-300x200.jpg\" alt=\"annunz\" width=\"300\" height=\"200\" srcset=\"https:\/\/eremos.eu\/wp-content\/uploads\/2015\/08\/annunz-300x200.jpg 300w, https:\/\/eremos.eu\/wp-content\/uploads\/2015\/08\/annunz.jpg 800w\" sizes=\"auto, (max-width: 300px) 100vw, 300px\" \/><\/a>La basilica antica dell\u2019Annunziata, a breve distanza dal fiume Sabato ed a circa un chilometro dal centro abitato, occupa il livello inferiore del banco di tufo su cui poggia la chiesa moderna che in qualche modo la ingloba. La struttura muraria che la connota \u00e8 assimilabile ad altri edifici di epoca longobarda, tanto da far ritenere che le sue origini pi\u00f9 che paleocristiane (VI secolo), come inizialmente ipotizzato, siano invece altomedievali (VIII secolo). La basilica antica consta di un interno a navata unica, con volta a botte ribassata e con tre archi sorretti da pilastri incapsulati nelle pareti. La sua fondazione, probabilmente realizzata servendosi di materiali e frammenti di epoca romana provenienti dall&#8217;area limitrofa, pu\u00f2 essere suddivisa in tre diverse epoche. In quella delle persecuzioni cristiane (fino al IV secolo), che ha visto i primi cristiani rifugiarsi al riparo delle cavit\u00e0 e dei cunicoli scavati nel tufo nei pressi della basilica, a conferma della presenza cristiana in Irpinia sin dal II-III secolo. In quella cristiana (IV-VI secolo), quando con l\u2019editto costantiniano e l\u2019avvento dei longobardi venne pressoch\u00e9 demolita la struttura tufacea e realizzata la primitiva basilica. Pi\u00f9 avanti, in quella bizantina (VI-IX secolo), per ampliare e soprattutto abbellire l\u2019edificio religioso con numerosi affreschi, per gran parte non giunti fino a noi, come testimoniano la residua immagine bizantineggiante della <i>Vergine orante <\/i>collocata in<a href=\"https:\/\/eremos.eu\/wp-content\/uploads\/2015\/08\/423.jpg\"><img loading=\"lazy\" decoding=\"async\" class=\"alignright wp-image-1102\" src=\"https:\/\/eremos.eu\/wp-content\/uploads\/2015\/08\/423-300x199.jpg\" alt=\"42\" width=\"308\" height=\"205\" srcset=\"https:\/\/eremos.eu\/wp-content\/uploads\/2015\/08\/423-300x199.jpg 300w, https:\/\/eremos.eu\/wp-content\/uploads\/2015\/08\/423.jpg 691w\" sizes=\"auto, (max-width: 308px) 100vw, 308px\" \/><\/a> una nicchia di forma semicircolare, scavata nel tufo sul fondo della navata, e risalente con ogni probabilit\u00e0 all\u2019VIII secolo, ed alcuni altri affreschi sulle pareti che, per quanto non ben conservati, mostrano la <i>Crocifissione<\/i>, un sant\u2019Antonio con in braccio il Bambino Ges\u00f9, e sotto la volta dell\u2019abside, il <i>Redentore tra due angeli<\/i>, presumibilmente dell\u2019XI secolo. Non trascurando, infine, la grande cripta sepolcrale che si apre a destra della basilica, con una decina di arcosoli ed un paio di sarcofagi, contraddistinta da un\u2019arcata d\u2019ingresso affrescata ai lati con l\u2019<i>Annunciazione <\/i>e l\u2019Arcangelo Gabriele genuflesso.<\/p>\n<p style=\"text-align: justify;\"><a href=\"https:\/\/eremos.eu\/wp-content\/uploads\/2015\/08\/altare_basilica_antica_annunziata.jpg\"><img loading=\"lazy\" decoding=\"async\" class=\"alignleft wp-image-5315 size-medium\" src=\"https:\/\/eremos.eu\/wp-content\/uploads\/2015\/08\/altare_basilica_antica_annunziata-300x199.jpg\" alt=\"altare_basilica_antica_annunziata\" width=\"300\" height=\"199\" srcset=\"https:\/\/eremos.eu\/wp-content\/uploads\/2015\/08\/altare_basilica_antica_annunziata-300x199.jpg 300w, https:\/\/eremos.eu\/wp-content\/uploads\/2015\/08\/altare_basilica_antica_annunziata.jpg 700w\" sizes=\"auto, (max-width: 300px) 100vw, 300px\" \/><\/a><\/p>\n<p style=\"text-align: justify;\"><a href=\"https:\/\/eremos.eu\/wp-content\/uploads\/2015\/08\/42a11.jpg\"><img loading=\"lazy\" decoding=\"async\" class=\"alignnone wp-image-5314\" src=\"https:\/\/eremos.eu\/wp-content\/uploads\/2015\/08\/42a11-300x202.jpg\" alt=\"42a\" width=\"296\" height=\"199\" srcset=\"https:\/\/eremos.eu\/wp-content\/uploads\/2015\/08\/42a11-300x202.jpg 300w, https:\/\/eremos.eu\/wp-content\/uploads\/2015\/08\/42a11.jpg 506w\" sizes=\"auto, (max-width: 296px) 100vw, 296px\" \/><\/a><\/p>\n<p style=\"text-align: justify;\"><a href=\"https:\/\/eremos.eu\/wp-content\/uploads\/2015\/08\/42b12.jpg\"><img loading=\"lazy\" decoding=\"async\" class=\"alignleft wp-image-5318 size-medium\" src=\"https:\/\/eremos.eu\/wp-content\/uploads\/2015\/08\/42b12-300x208.jpg\" alt=\"42b\" width=\"300\" height=\"208\" srcset=\"https:\/\/eremos.eu\/wp-content\/uploads\/2015\/08\/42b12-300x208.jpg 300w, https:\/\/eremos.eu\/wp-content\/uploads\/2015\/08\/42b12.jpg 637w\" sizes=\"auto, (max-width: 300px) 100vw, 300px\" \/><\/a><\/p>\n<p><a href=\"https:\/\/eremos.eu\/wp-content\/uploads\/2015\/08\/42c8.jpg\"><img loading=\"lazy\" decoding=\"async\" class=\"alignnone wp-image-5317\" src=\"https:\/\/eremos.eu\/wp-content\/uploads\/2015\/08\/42c8-300x214.jpg\" alt=\"42c\" width=\"291\" height=\"208\" srcset=\"https:\/\/eremos.eu\/wp-content\/uploads\/2015\/08\/42c8-300x214.jpg 300w, https:\/\/eremos.eu\/wp-content\/uploads\/2015\/08\/42c8.jpg 673w\" sizes=\"auto, (max-width: 291px) 100vw, 291px\" \/><\/a><\/p>\n<hr \/>\n<p><strong>GROTTA DELL&#8217;ANGELO<\/strong> (Santuario rupestre &#8211; VIII secolo)<\/p>\n<p><a href=\"https:\/\/eremos.eu\/wp-content\/uploads\/2015\/08\/43a12.jpg\"><img loading=\"lazy\" decoding=\"async\" class=\"alignright wp-image-5319\" src=\"https:\/\/eremos.eu\/wp-content\/uploads\/2015\/08\/43a12-200x300.jpg\" alt=\"43a\" width=\"180\" height=\"270\" srcset=\"https:\/\/eremos.eu\/wp-content\/uploads\/2015\/08\/43a12-200x300.jpg 200w, https:\/\/eremos.eu\/wp-content\/uploads\/2015\/08\/43a12-682x1024.jpg 682w, https:\/\/eremos.eu\/wp-content\/uploads\/2015\/08\/43a12.jpg 683w\" sizes=\"auto, (max-width: 180px) 100vw, 180px\" \/><\/a>Localit\u00e0: <strong>Prata Principato Ultra<\/strong> (AV)<\/p>\n<p style=\"text-align: justify;\"><a href=\"https:\/\/eremos.eu\/wp-content\/uploads\/2015\/08\/4313.jpg\"><img loading=\"lazy\" decoding=\"async\" class=\"alignleft size-full wp-image-5320\" src=\"https:\/\/eremos.eu\/wp-content\/uploads\/2015\/08\/4313.jpg\" alt=\"43\" width=\"183\" height=\"227\" \/><\/a>La grotta dell\u2019Angelo \u00e8 un&#8217;ampia spelonca, incavata nella collina tufacea ma circa 6 metri pi\u00f9 in alto rispetto all\u2019antica Basilica dell\u2019Annunziata. L\u2019ingresso \u00e8 costituito da un\u2019ampia arcata decorata con un affresco raffigurante la <i>Vergine<\/i> <i>con<\/i> <i>san<\/i> <i>Michele psicopompo<\/i>. \u00a0 \u00a0 \u00a0 \u00a0 \u00a0 \u00a0 \u00a0 \u00a0 \u00a0 \u00a0 \u00a0 \u00a0 \u00a0 \u00a0 \u00a0 \u00a0 <span style=\"color: #ffffff;\">mmmmmmmmmmmmm \u00a0 \u00a0 \u00a0 \u00a0 \u00a0 \u00a0 \u00a0 \u00a0 \u00a0mmmmmmmmmmmmmmmm<\/span><\/p>\n<p>&nbsp;<\/p>\n<hr \/>\n<p><strong>GROTTA DEL SANTISSIMO SALVATORE<\/strong> (Santuario rupestre e romitorio &#8211; XIV-XV secolo)<\/p>\n<p>Localit\u00e0: <strong>Serino<\/strong> (AV)<\/p>\n<p style=\"text-align: justify;\">La grotta del Santissimo Salvatore \u00e8 la cavit\u00e0 naturale tra le rupi scoscese delle falde del monte Terminio, anticamente chiamata \u201cgrotta dell\u2019Angelo o di San Michele, affiancata intorno al XIV-XV secolo dall\u2019insediamento di<a href=\"https:\/\/eremos.eu\/wp-content\/uploads\/2015\/08\/44b.jpg\"><img loading=\"lazy\" decoding=\"async\" class=\"alignright wp-image-1107\" src=\"https:\/\/eremos.eu\/wp-content\/uploads\/2015\/08\/44b-241x300.jpg\" alt=\"44b\" width=\"265\" height=\"330\" srcset=\"https:\/\/eremos.eu\/wp-content\/uploads\/2015\/08\/44b-241x300.jpg 241w, https:\/\/eremos.eu\/wp-content\/uploads\/2015\/08\/44b.jpg 475w\" sizes=\"auto, (max-width: 265px) 100vw, 265px\" \/><\/a> una piccola comunit\u00e0 eremitica. Tale ipotesi \u00e8 suffragata dalla tipologia di costruzione in muratura a secco su due distinti livelli, uno per la chiesa e l\u2019altro per il romitorio, nonch\u00e9 da una grande vasca artificiale per la raccolta dell\u2019acqua da stillicidio. In ogni caso il santuario \u00e8 da sempre oggetto di venerazione e di pellegrinaggio da parte dei serinesi.<\/p>\n<p style=\"text-align: justify;\"><a href=\"https:\/\/eremos.eu\/wp-content\/uploads\/2015\/08\/44c1.jpg\"><img loading=\"lazy\" decoding=\"async\" class=\" wp-image-1108 size-full alignnone\" src=\"https:\/\/eremos.eu\/wp-content\/uploads\/2015\/08\/44c1.jpg\" alt=\"44c\" width=\"258\" height=\"181\" \/><\/a><\/p>\n<p><a href=\"https:\/\/eremos.eu\/wp-content\/uploads\/2015\/08\/44a1.jpg\"><img loading=\"lazy\" decoding=\"async\" class=\"alignleft wp-image-1109\" src=\"https:\/\/eremos.eu\/wp-content\/uploads\/2015\/08\/44a1-300x208.jpg\" alt=\"44a\" width=\"261\" height=\"181\" srcset=\"https:\/\/eremos.eu\/wp-content\/uploads\/2015\/08\/44a1-300x208.jpg 300w, https:\/\/eremos.eu\/wp-content\/uploads\/2015\/08\/44a1.jpg 501w\" sizes=\"auto, (max-width: 261px) 100vw, 261px\" \/><\/a><\/p>\n<p><a href=\"https:\/\/eremos.eu\/wp-content\/uploads\/2015\/08\/443.jpg\"><img loading=\"lazy\" decoding=\"async\" class=\" wp-image-1110 size-full alignnone\" src=\"https:\/\/eremos.eu\/wp-content\/uploads\/2015\/08\/443.jpg\" alt=\"44\" width=\"259\" height=\"181\" \/><\/a><\/p>\n<hr \/>\n<p><strong><a href=\"https:\/\/eremos.eu\/wp-content\/uploads\/2015\/08\/4514.jpg\"><img loading=\"lazy\" decoding=\"async\" class=\"alignright size-medium wp-image-5321\" src=\"https:\/\/eremos.eu\/wp-content\/uploads\/2015\/08\/4514-225x300.jpg\" alt=\"45\" width=\"225\" height=\"300\" srcset=\"https:\/\/eremos.eu\/wp-content\/uploads\/2015\/08\/4514-225x300.jpg 225w, https:\/\/eremos.eu\/wp-content\/uploads\/2015\/08\/4514.jpg 364w\" sizes=\"auto, (max-width: 225px) 100vw, 225px\" \/><\/a>GROTTA DI SAN MICHELE ARCANGELO<\/strong> (Santuario e romitorio rupestri &#8211; VIII secolo)<\/p>\n<p>Localit\u00e0: <strong>Tufo<\/strong> (AV)<\/p>\n<p style=\"text-align: justify;\">La grotta di San Michele Arcangelo, profonda oltre cinquanta metri, \u00e8 uno dei luoghi di culto micaelico pi\u00f9 significativi dell\u2019intera area irpina. Si tratta di una cavit\u00e0 naturale, anticamente attraversata da un torrente, frequentata in epoca precristiana per riti orfici e pratiche religiose pagane e, solo dopo l&#8217;avvento del cristianesimo e la conseguente conversione dei longobardi, <a href=\"https:\/\/eremos.eu\/wp-content\/uploads\/2015\/08\/45b7.jpg\"><img loading=\"lazy\" decoding=\"async\" class=\"alignleft wp-image-5322\" src=\"https:\/\/eremos.eu\/wp-content\/uploads\/2015\/08\/45b7-231x300.jpg\" alt=\"45b\" width=\"204\" height=\"265\" srcset=\"https:\/\/eremos.eu\/wp-content\/uploads\/2015\/08\/45b7-231x300.jpg 231w, https:\/\/eremos.eu\/wp-content\/uploads\/2015\/08\/45b7.jpg 332w\" sizes=\"auto, (max-width: 204px) 100vw, 204px\" \/><\/a>dedicata a San Michele Arcangelo e consacrata alla preghiera ed al battesimo. Poi, dal medioevo fino a tutto il XIX secolo, \u00e8 stata adibita a romitorio oltre che a temporaneo reliquiario dei santi protomartiri Stefano e Mauro. La crescente notoriet\u00e0 del luogo di culto \u00e8 testimoniata dalle numerose e ingenti donazioni da parte della popolazione locale nel corso dei secoli, che tuttavia non l\u2019hanno salvato dall\u2019incuria e dai danni del tempo. Grazie a dei recenti lavori di restauro sono potuti ritornare alla luce non solo alcuni affreschi medievali raffiguranti un trittico dedicato a san Francesco d&#8217;Assisi ma anche importanti reperti di epoca protocristiana, come taluni lastroni di pietra sistemati a guisa d\u2019altare.<\/p>\n<hr \/>\n<h3><strong><span style=\"color: #0000ff;\">MONTE TABURNO<\/span><\/strong><\/h3>\n<p><strong>GROTTA DI SAN SIMEONE<\/strong> (Chiesa rupestre &#8211; VIII-IX secolo)<\/p>\n<p>Localit\u00e0: <strong>Bucciano<\/strong> (BN) \u00a0 \u00a0 \u00a0 \u00a0 \u00a0 \u00a0 \u00a0 \u00a0 \u00a0Sub-area: <span style=\"color: #0000ff;\">Parco Regionale del Taburno-Camposauro<\/span><\/p>\n<p style=\"text-align: justify;\">La grotta di San Simeone, tra quelle presenti nel monte Taburno, \u00e8 sicuramente la pi\u00f9 interessante, non solo sotto il profilo storico ma anche artistico. Si presume che sia stata utilizzata come luogo di culto sin dal basso medioevo dai primi abitanti dell\u2019antica Bucciano, come testimoniano i vicini ruderi di un agglomerato urbano risalente a tale periodo. La venerazione per il santo vescovo, protettore del bel tempo, \u00e8 attestata sul finire del XVI secolo e si protrae almeno fino alla seconda met\u00e0 dell\u2019Ottocento con processioni e pellegrinaggi.\u00a0La grotta, piuttosto ampia e con numerose stalattiti, presenta sulla parete di fondo un pregevole, e ben conservato, affresco seicentesco raffigurante \u201cSan Simeone vescovo\u201d affiancato, su quelle laterali, da frammenti di decorazioni medievali. Sulla destra della grotta \u00e8 possibile ancora ammirare un dipinto risalente al periodo bizantino che raffigura <i>Cristo in cattedra<\/i>; mentre sulla sinistra \u00e8 situata un\u2019acquasantiera incavata nella roccia. Non vanno trascurati i resti di un altare e quelli di una piccola rientranza con probabili funzioni di sagrestia.<\/p>\n<p style=\"text-align: justify;\"><a href=\"https:\/\/eremos.eu\/wp-content\/uploads\/2015\/08\/463.jpg\"><img loading=\"lazy\" decoding=\"async\" class=\"alignleft size-medium wp-image-1113\" src=\"https:\/\/eremos.eu\/wp-content\/uploads\/2015\/08\/463-300x225.jpg\" alt=\"46\" width=\"300\" height=\"225\" srcset=\"https:\/\/eremos.eu\/wp-content\/uploads\/2015\/08\/463-300x225.jpg 300w, https:\/\/eremos.eu\/wp-content\/uploads\/2015\/08\/463.jpg 502w\" sizes=\"auto, (max-width: 300px) 100vw, 300px\" \/><\/a><a href=\"https:\/\/eremos.eu\/wp-content\/uploads\/2015\/08\/46a3.jpg\"><img loading=\"lazy\" decoding=\"async\" class=\" size-medium wp-image-1115 alignnone\" src=\"https:\/\/eremos.eu\/wp-content\/uploads\/2015\/08\/46a3-300x226.jpg\" alt=\"46a\" width=\"300\" height=\"226\" srcset=\"https:\/\/eremos.eu\/wp-content\/uploads\/2015\/08\/46a3-300x226.jpg 300w, https:\/\/eremos.eu\/wp-content\/uploads\/2015\/08\/46a3.jpg 500w\" sizes=\"auto, (max-width: 300px) 100vw, 300px\" \/><\/a><\/p>\n<p><a href=\"https:\/\/eremos.eu\/wp-content\/uploads\/2015\/08\/46b2.jpg\"><img loading=\"lazy\" decoding=\"async\" class=\"alignleft size-medium wp-image-1116\" src=\"https:\/\/eremos.eu\/wp-content\/uploads\/2015\/08\/46b2-300x224.jpg\" alt=\"46b\" width=\"300\" height=\"224\" srcset=\"https:\/\/eremos.eu\/wp-content\/uploads\/2015\/08\/46b2-300x224.jpg 300w, https:\/\/eremos.eu\/wp-content\/uploads\/2015\/08\/46b2-1024x766.jpg 1024w, https:\/\/eremos.eu\/wp-content\/uploads\/2015\/08\/46b2.jpg 1034w\" sizes=\"auto, (max-width: 300px) 100vw, 300px\" \/><\/a><a href=\"https:\/\/eremos.eu\/wp-content\/uploads\/2015\/08\/46c2.jpg\"><img loading=\"lazy\" decoding=\"async\" class=\" size-medium wp-image-1117 alignnone\" src=\"https:\/\/eremos.eu\/wp-content\/uploads\/2015\/08\/46c2-300x226.jpg\" alt=\"46c\" width=\"300\" height=\"226\" srcset=\"https:\/\/eremos.eu\/wp-content\/uploads\/2015\/08\/46c2-300x226.jpg 300w, https:\/\/eremos.eu\/wp-content\/uploads\/2015\/08\/46c2.jpg 781w\" sizes=\"auto, (max-width: 300px) 100vw, 300px\" \/><\/a><\/p>\n<hr \/>\n<p><strong>GROTTA DI SANTA MARIA DI PASTORANO<\/strong> (Santuario rupestre &#8211; X-XI secolo)<\/p>\n<p>Localit\u00e0: <strong>Bucciano<\/strong> (BN)<\/p>\n<p><a href=\"https:\/\/eremos.eu\/wp-content\/uploads\/2015\/08\/47a9.jpg\"><img loading=\"lazy\" decoding=\"async\" class=\"alignright size-medium wp-image-5323\" src=\"https:\/\/eremos.eu\/wp-content\/uploads\/2015\/08\/47a9-300x186.jpg\" alt=\"47a\" width=\"300\" height=\"186\" srcset=\"https:\/\/eremos.eu\/wp-content\/uploads\/2015\/08\/47a9-300x186.jpg 300w, https:\/\/eremos.eu\/wp-content\/uploads\/2015\/08\/47a9.jpg 632w\" sizes=\"auto, (max-width: 300px) 100vw, 300px\" \/><\/a>Sub-area: <span style=\"color: #0000ff;\">Parco Regionale del Taburno-Camposauro<\/span><\/p>\n<p style=\"text-align: justify;\">La grotta della Madonna di Pastorano, tra quelle presenti nel monte Taburno, \u00e8 la pi\u00f9 piccola e artisticamente meno importante, per quanto non va trascurato che a questo luogo di culto si deve l\u2019origine e la fondazione del vicino santuario del Taburno. In una delle pareti interne \u00e8 ancora visibile un affresco raffigurante la <i>Vergine<\/i> <i>con Bambino<\/i> che, per manierismo e colori trattati, richiama verosimilmente i dipinti della grotta di San Mauro.<\/p>\n<hr \/>\n<p><strong>GROTTA DI SAN MAURO EREMITA<\/strong> (Cappella-romitorio rupestre &#8211; X-XI secolo)<\/p>\n<p>Localit\u00e0: <strong>Moiano<\/strong> (BN) \u00a0 \u00a0 \u00a0 \u00a0 \u00a0 \u00a0 \u00a0 \u00a0 \u00a0Sub-area: <span style=\"color: #0000ff;\">Parco Regionale del Taburno-Camposauro<\/span><\/p>\n<p style=\"text-align: justify;\"><a href=\"https:\/\/eremos.eu\/wp-content\/uploads\/2015\/08\/483.jpg\"><img loading=\"lazy\" decoding=\"async\" class=\"alignleft wp-image-1120\" src=\"https:\/\/eremos.eu\/wp-content\/uploads\/2015\/08\/483-300x224.jpg\" alt=\"48\" width=\"275\" height=\"206\" srcset=\"https:\/\/eremos.eu\/wp-content\/uploads\/2015\/08\/483-300x224.jpg 300w, https:\/\/eremos.eu\/wp-content\/uploads\/2015\/08\/483-1024x766.jpg 1024w, https:\/\/eremos.eu\/wp-content\/uploads\/2015\/08\/483.jpg 1034w\" sizes=\"auto, (max-width: 275px) 100vw, 275px\" \/><\/a>La grotta di San Mauro Eremita, nonostante si trovi nella parte occidentale del monte Taburno, geograficamente ricade nel territorio comunale di Moiano. A differenza di quella di San Simeone, cui i pellegrini si recavano per invocare il bel tempo, alla grotta di San Mauro ci si recava in tempi di siccit\u00e0 per invocare la pioggia. Al centro la grotta assume la forma di una cupola, sostenuta da un pilastro di roccia, che protegge i poveri resti di un altarino in pietra, ormai distrutto da svariati saccheggi e atti vandalici perpetrati nel corso dell\u2019ultimo secolo. Il forte degrado ha reso pressoch\u00e9 illeggibili gli avanzi di affreschi risalenti al X-XI secolo, insieme con episodi decorativi del XVII, come la <i>Vergine<\/i> ed un busto di san Menna.<\/p>\n<p style=\"text-align: justify;\"><a href=\"https:\/\/eremos.eu\/wp-content\/uploads\/2015\/08\/48b2.jpg\"><img loading=\"lazy\" decoding=\"async\" class=\"alignleft wp-image-1121\" src=\"https:\/\/eremos.eu\/wp-content\/uploads\/2015\/08\/48b2.jpg\" alt=\"48b\" width=\"275\" height=\"175\" \/><\/a><a href=\"https:\/\/eremos.eu\/wp-content\/uploads\/2015\/08\/48c1.jpg\"><img loading=\"lazy\" decoding=\"async\" class=\" wp-image-1122 alignnone\" src=\"https:\/\/eremos.eu\/wp-content\/uploads\/2015\/08\/48c1-300x188.jpg\" alt=\"48c\" width=\"279\" height=\"175\" srcset=\"https:\/\/eremos.eu\/wp-content\/uploads\/2015\/08\/48c1-300x188.jpg 300w, https:\/\/eremos.eu\/wp-content\/uploads\/2015\/08\/48c1.jpg 397w\" sizes=\"auto, (max-width: 279px) 100vw, 279px\" \/><\/a><\/p>\n<hr \/>\n<h3><span style=\"color: #0000ff;\"><strong>MONTI ALBURNI<\/strong><\/span><\/h3>\n<p><strong>GROTTA DI SANT&#8217;ELIA<\/strong> (Cappella rupestre &#8211; XVII secolo)<\/p>\n<p>Localit\u00e0: <strong>Postiglione<\/strong> (SA) \u00a0 \u00a0 \u00a0 \u00a0 \u00a0 \u00a0 \u00a0Sub-area: <span style=\"color: #0000ff;\">Parco Nazionale del Cilento, Vallo di Diano e Alburni \u00a0 \u00a0<\/span><\/p>\n<p style=\"text-align: justify;\">La grotta di Sant\u2019Elia, a circa 900 metri d\u2019altezza sui monti Alburni, \u00e8 la suggestiva cappella rupestre meta di celebrazioni e pellegrinaggi dagli ultimi anni del XVII secolo. Le sue origini sono, infatti, legate all\u2019antica tradizione secondo cui l\u2019effigie del Santo venne una prima volta scoperta da alcuni pastori in un anfratto a mezza costa degli Alburni e poi prodigiosamente ritrovata nell\u2019attuale grotta. In ogni caso, da secoli, la statua del venerato profeta viene annualmente prelevata dalla cappella e portata in processione per la montagna.<\/p>\n<p><a href=\"https:\/\/eremos.eu\/wp-content\/uploads\/2015\/08\/493.jpg\"><img loading=\"lazy\" decoding=\"async\" class=\"alignleft wp-image-1123\" src=\"https:\/\/eremos.eu\/wp-content\/uploads\/2015\/08\/493.jpg\" alt=\"49\" width=\"294\" height=\"220\" \/><\/a><a href=\"https:\/\/eremos.eu\/wp-content\/uploads\/2015\/08\/49a2.jpg\"><img loading=\"lazy\" decoding=\"async\" class=\" wp-image-1124 alignnone\" src=\"https:\/\/eremos.eu\/wp-content\/uploads\/2015\/08\/49a2-300x224.jpg\" alt=\"49a\" width=\"294\" height=\"220\" srcset=\"https:\/\/eremos.eu\/wp-content\/uploads\/2015\/08\/49a2-300x224.jpg 300w, https:\/\/eremos.eu\/wp-content\/uploads\/2015\/08\/49a2.jpg 646w\" sizes=\"auto, (max-width: 294px) 100vw, 294px\" \/><\/a><\/p>\n<hr \/>\n<p><strong>GROTTA DELL&#8217;ANGELO<\/strong> (Cenobio rupestre &#8211; VII-VIII secolo)<\/p>\n<p>Localit\u00e0: <strong>Sant&#8217;Angelo a Fasanella<\/strong> (SA)<\/p>\n<p>Sub-area: <span style=\"color: #0000ff;\">Parco Nazionale del Cilento, Vallo di Diano e Alburni<\/span><\/p>\n<p style=\"text-align: justify;\"><a href=\"https:\/\/eremos.eu\/wp-content\/uploads\/2015\/08\/687831841.jpg\"><img loading=\"lazy\" decoding=\"async\" class=\"alignleft size-medium wp-image-1139\" src=\"https:\/\/eremos.eu\/wp-content\/uploads\/2015\/08\/687831841-223x300.jpg\" alt=\"68783184\" width=\"223\" height=\"300\" srcset=\"https:\/\/eremos.eu\/wp-content\/uploads\/2015\/08\/687831841-223x300.jpg 223w, https:\/\/eremos.eu\/wp-content\/uploads\/2015\/08\/687831841.jpg 722w\" sizes=\"auto, (max-width: 223px) 100vw, 223px\" \/><\/a>La grotta dell\u2019Angelo \u00e8 un\u2019enorme caverna naturale che si apre in una parete rocciosa dell\u2019Alburno sede di un cenobio eremitico gi\u00e0 a partire dal VII-VIII secolo, visto che un certo san Ricario vi sarebbe morto nel 619. Come \u00e8 pure certo che il complesso religioso ha svolto un ruolo significativo nello sviluppo delle diverse comunit\u00e0 eremitiche del Cilento, esprimendo anche una comprovata capacit\u00e0 economica ed amministrativa all\u2019interno dello stesso ordine benedettino. Per quanto l\u2019originario aspetto, soprattutto esterno, della struttura sia stato notevolmente modificato, si presume che, in una prima fase, l\u2019abitazione dei monaci abbia occupato l\u2019estremit\u00e0 occidentale della grotta e che, solo in un secondo momento, si siano realizzate le opere murarie esterne di cui oggi scorgiamo solo i ruderi. In ogni caso, la tipologia costruttiva (frammenti di ogive, parti di volta a vela e del campanile) riconduce il tutto ai primi decenni del Trecento. Varcato l\u2019ingresso con il semplice portale architravato affiancato, alla base, da due leoni, si \u00e8 davanti ad un\u2019edicola, sopraelevata rispetto al piano del pavimento, con copertura a spioventi e due pannelli decorativi ai lati: uno con l\u2019effigie dell\u2019Angelo annunciante e l\u2019altro dell\u2019<i>Annunziata<\/i>. Appena oltre, ci troviamo nella grande navata della grotta dove, subito di fronte \u00e8 posto il monumento funebre dell\u2019abate Francesco Caracciolo fatto<a href=\"https:\/\/eremos.eu\/wp-content\/uploads\/2015\/08\/50c.jpg\"><img loading=\"lazy\" decoding=\"async\" class=\"alignright wp-image-1130\" src=\"https:\/\/eremos.eu\/wp-content\/uploads\/2015\/08\/50c.jpg\" alt=\"50c\" width=\"257\" height=\"259\" srcset=\"https:\/\/eremos.eu\/wp-content\/uploads\/2015\/08\/50c.jpg 224w, https:\/\/eremos.eu\/wp-content\/uploads\/2015\/08\/50c-150x150.jpg 150w\" sizes=\"auto, (max-width: 257px) 100vw, 257px\" \/><\/a> erigere nel 1585, costituito da una semplice lastra marmorea a copertura del sarcofago, e se a sinistra, un passaggio conduce agli ambienti esterni realizzati in muratura, a destra, c\u2019\u00e8 l&#8217;altare dell&#8217;Immacolata protetta da un baldacchino ligneo. Dietro l&#8217;altare dell&#8217;Immacolata si apre una cavit\u00e0 dove in un arcosolio sono stati realizzati degli affreschi raffiguranti santa Caterina d\u2019Alessandria e san Vito che affiancano, al centro dell&#8217;edicola, una statua della <i>Vergine con Bambino benedicente<\/i>. Nella seconda parte della cavit\u00e0 naturale, che si va ampliando nella zona prospiciente l&#8217;altare, qua e l\u00e0 inframmezzata da stalagmiti di varia altezza che sorgono dal pavimento, si trova sul fondo una costruzione in muratura della quale non \u00e8 facile interpretare l\u2019utilizzo, forse di raccolta della manna (acqua miracolosa) che sgorga dalla roccia.<\/p>\n<p><a href=\"https:\/\/eremos.eu\/wp-content\/uploads\/2015\/08\/santang-fas.jpg\"><img loading=\"lazy\" decoding=\"async\" class=\"alignleft wp-image-5326 size-medium\" src=\"https:\/\/eremos.eu\/wp-content\/uploads\/2015\/08\/santang-fas-300x200.jpg\" alt=\"sant'ang fas\" width=\"300\" height=\"200\" srcset=\"https:\/\/eremos.eu\/wp-content\/uploads\/2015\/08\/santang-fas-300x200.jpg 300w, https:\/\/eremos.eu\/wp-content\/uploads\/2015\/08\/santang-fas.jpg 1024w\" sizes=\"auto, (max-width: 300px) 100vw, 300px\" \/><\/a><a href=\"https:\/\/eremos.eu\/wp-content\/uploads\/2015\/08\/S.Angelo-a-Fasanella1.jpg\"><img loading=\"lazy\" decoding=\"async\" class=\"alignnone wp-image-5327\" src=\"https:\/\/eremos.eu\/wp-content\/uploads\/2015\/08\/S.Angelo-a-Fasanella1-300x210.jpg\" alt=\"S.Angelo a Fasanella\" width=\"285\" height=\"200\" srcset=\"https:\/\/eremos.eu\/wp-content\/uploads\/2015\/08\/S.Angelo-a-Fasanella1-300x210.jpg 300w, https:\/\/eremos.eu\/wp-content\/uploads\/2015\/08\/S.Angelo-a-Fasanella1.jpg 635w\" sizes=\"auto, (max-width: 285px) 100vw, 285px\" \/><\/a><\/p>\n<p><a href=\"https:\/\/eremos.eu\/wp-content\/uploads\/2015\/08\/DSC_0047.jpg\"><img loading=\"lazy\" decoding=\"async\" class=\"alignleft wp-image-1136 size-medium\" src=\"https:\/\/eremos.eu\/wp-content\/uploads\/2015\/08\/DSC_0047-300x198.jpg\" alt=\"DSC_0047\" width=\"300\" height=\"198\" srcset=\"https:\/\/eremos.eu\/wp-content\/uploads\/2015\/08\/DSC_0047-300x198.jpg 300w, https:\/\/eremos.eu\/wp-content\/uploads\/2015\/08\/DSC_0047.jpg 516w\" sizes=\"auto, (max-width: 300px) 100vw, 300px\" \/><\/a><\/p>\n<p><a href=\"https:\/\/eremos.eu\/wp-content\/uploads\/2015\/08\/santangeloafasanella1-61-1392072766.jpg\"><img loading=\"lazy\" decoding=\"async\" class=\"alignnone wp-image-1137 size-medium\" src=\"https:\/\/eremos.eu\/wp-content\/uploads\/2015\/08\/santangeloafasanella1-61-1392072766-300x200.jpg\" alt=\"santangeloafasanella1-61-1392072766\" width=\"300\" height=\"200\" srcset=\"https:\/\/eremos.eu\/wp-content\/uploads\/2015\/08\/santangeloafasanella1-61-1392072766-300x200.jpg 300w, https:\/\/eremos.eu\/wp-content\/uploads\/2015\/08\/santangeloafasanella1-61-1392072766.jpg 720w\" sizes=\"auto, (max-width: 300px) 100vw, 300px\" \/><\/a><\/p>\n<hr \/>\n<h3><span style=\"color: #0000ff;\"><strong>MONTI PICENTINI<\/strong><\/span><\/h3>\n<p><strong>GROTTA DI SAN PANTALEONE<\/strong> (Cappella-romitorio rupestre &#8211; XII secolo)<\/p>\n<p>Localit\u00e0: <strong>Bagnoli Irpino<\/strong> (AV) \u00a0 \u00a0 \u00a0 \u00a0 \u00a0 \u00a0 \u00a0 \u00a0 \u00a0 \u00a0 \u00a0 Sub-area: <span style=\"color: #0000ff;\">Parco Regionale dei Monti Picentini<\/span><\/p>\n<p style=\"text-align: justify;\"><a href=\"https:\/\/eremos.eu\/wp-content\/uploads\/2015\/08\/514.jpg\"><img loading=\"lazy\" decoding=\"async\" class=\"alignleft size-full wp-image-1140\" src=\"https:\/\/eremos.eu\/wp-content\/uploads\/2015\/08\/514.jpg\" alt=\"51\" width=\"205\" height=\"279\" \/><\/a>La grotta di San Pantaleone, ricavata nella roccia calcarea del costone che fiancheggia il lato sinistro del vallone Caliendo, all\u2019uscita dell\u2019inghiottitoio del lago Laceno, ospita un\u2019antica cappella-eremo rupestre. Situata a circa 910 metri d\u2019altezza, in una posizione panoramica mozzafiato, la cappella fino a met\u00e0 dello scorso secolo \u00e8 stata oggetto di venerazione e pellegrinaggio da parte della gente locale che si spingeva lungo l\u2019antico tratturo con il capo cinto da una corona di spine a simboleggiare il martirio subito dal Santo. Dopodich\u00e9, l\u2019abbandono totale, l\u2019incuria del tempo e, soprattutto, l\u2019inconsapevole ignoranza hanno finito per trasformarla in ovile e ricovero di capre selvatiche. Dallo scorso anno \u00e8 in corso un\u2019impegnativa opera di recupero, consolidamento e restauro conservativo della struttura, ivi compresi l\u2019installazione di un cancelletto d\u2019ingresso ed il ripristino della passerella che a guisa di ponticello sospeso ne agevola l\u2019accesso.<\/p>\n<p style=\"text-align: justify;\"><a href=\"https:\/\/eremos.eu\/wp-content\/uploads\/2015\/08\/51a3.jpg\"><img loading=\"lazy\" decoding=\"async\" class=\"alignleft wp-image-1141 size-medium\" src=\"https:\/\/eremos.eu\/wp-content\/uploads\/2015\/08\/51a3-300x226.jpg\" alt=\"51a\" width=\"300\" height=\"226\" srcset=\"https:\/\/eremos.eu\/wp-content\/uploads\/2015\/08\/51a3-300x226.jpg 300w, https:\/\/eremos.eu\/wp-content\/uploads\/2015\/08\/51a3.jpg 444w\" sizes=\"auto, (max-width: 300px) 100vw, 300px\" \/><\/a><a href=\"https:\/\/eremos.eu\/wp-content\/uploads\/2015\/08\/51b3.jpg\"><img loading=\"lazy\" decoding=\"async\" class=\"alignnone wp-image-1142\" src=\"https:\/\/eremos.eu\/wp-content\/uploads\/2015\/08\/51b3.jpg\" alt=\"51b\" width=\"278\" height=\"226\" \/><\/a><\/p>\n<hr \/>\n<p><strong>GROTTA DI SANTA NESTA<\/strong> (Romitorio rupestre &#8211; XII secolo)<\/p>\n<p>Localit\u00e0: <strong>Laceno di Bagnoli Irpino<\/strong> (AV) \u00a0 \u00a0 \u00a0 \u00a0 \u00a0 \u00a0 \u00a0Sub-area: <span style=\"color: #0000ff;\">Parco Regionale dei Monti Picentini \u00a0<\/span><\/p>\n<p style=\"text-align: justify;\"><a href=\"https:\/\/eremos.eu\/wp-content\/uploads\/2015\/08\/52b9.jpg\"><img loading=\"lazy\" decoding=\"async\" class=\"alignright size-medium wp-image-5328\" src=\"https:\/\/eremos.eu\/wp-content\/uploads\/2015\/08\/52b9-300x212.jpg\" alt=\"52b\" width=\"300\" height=\"212\" srcset=\"https:\/\/eremos.eu\/wp-content\/uploads\/2015\/08\/52b9-300x212.jpg 300w, https:\/\/eremos.eu\/wp-content\/uploads\/2015\/08\/52b9.jpg 378w\" sizes=\"auto, (max-width: 300px) 100vw, 300px\" \/><\/a>La grotta di Santa Nesta o di San Guglielmo, nella fattispecie una cavit\u00e0 naturale posta al di sotto del diruto ostello del lago Laceno, secondo la tradizione locale, \u00e8 il luogo in cui san Guglielmo da Vercelli si sarebbe ritirato in eremitaggio agli inizi del 1100. La grotta, il cui accesso \u00e8 in parte chiuso da un muro con una finestrella quadrangolare, presenta una piccola anticamera separata da un cortina di roccia dal resto della cavit\u00e0. A sua volta la grande camera di fondo, provvista di alcune piccole nicchie, presenta al centro una vasca ovoidale ricavata da un grande spuntone di roccia che lascia prefigurare l\u2019impianto di un altare. Nella grotta non vi \u00e8 alcuna evidenza di culto e, tantomeno, di affreschi alle pareti, per quanto l\u2019intenso e incessante stillicidio avrebbe rovinato in breve tempo qualsiasi manufatto.<\/p>\n<p style=\"text-align: justify;\"><a href=\"https:\/\/eremos.eu\/wp-content\/uploads\/2015\/08\/522.jpg\"><img loading=\"lazy\" decoding=\"async\" class=\"alignleft size-medium wp-image-1144\" src=\"https:\/\/eremos.eu\/wp-content\/uploads\/2015\/08\/522-300x226.jpg\" alt=\"52\" width=\"300\" height=\"226\" srcset=\"https:\/\/eremos.eu\/wp-content\/uploads\/2015\/08\/522-300x226.jpg 300w, https:\/\/eremos.eu\/wp-content\/uploads\/2015\/08\/522.jpg 399w\" sizes=\"auto, (max-width: 300px) 100vw, 300px\" \/><\/a><a href=\"https:\/\/eremos.eu\/wp-content\/uploads\/2015\/08\/52a2.jpg\"><img loading=\"lazy\" decoding=\"async\" class=\" size-medium wp-image-1145 alignnone\" src=\"https:\/\/eremos.eu\/wp-content\/uploads\/2015\/08\/52a2-300x225.jpg\" alt=\"52a\" width=\"300\" height=\"225\" srcset=\"https:\/\/eremos.eu\/wp-content\/uploads\/2015\/08\/52a2-300x225.jpg 300w, https:\/\/eremos.eu\/wp-content\/uploads\/2015\/08\/52a2.jpg 398w\" sizes=\"auto, (max-width: 300px) 100vw, 300px\" \/><\/a><\/p>\n<hr \/>\n<p><strong>EREMO DI SAN MICHELE IN MONTENERO<\/strong> (Cenobio rupestre &#8211; X secolo)<\/p>\n<p>Localit\u00e0: <strong>Campagna<\/strong> (SA) \u00a0 \u00a0 \u00a0 \u00a0 \u00a0\u00a0Sub-area: <span style=\"color: #0000ff;\">Parco Regionale dei Monti Picentini <\/span><\/p>\n<p style=\"text-align: justify;\"><a href=\"https:\/\/eremos.eu\/wp-content\/uploads\/2015\/08\/montenero.jpg\"><img loading=\"lazy\" decoding=\"async\" class=\"alignleft size-medium wp-image-5329\" src=\"https:\/\/eremos.eu\/wp-content\/uploads\/2015\/08\/montenero-300x197.jpg\" alt=\"montenero\" width=\"300\" height=\"197\" srcset=\"https:\/\/eremos.eu\/wp-content\/uploads\/2015\/08\/montenero-300x197.jpg 300w, https:\/\/eremos.eu\/wp-content\/uploads\/2015\/08\/montenero.jpg 700w\" sizes=\"auto, (max-width: 300px) 100vw, 300px\" \/><\/a>L\u2019eremo di San Michele \u00e8 racchiuso nell\u2019incavo di un\u2019altissima e scoscesa rupe, a 1.000 metri d\u2019altezza quasi a voler dominare la valle sottostante. Le sue origini risalgono alla fine del X secolo, quando tre eremiti decidono di ritirarsi nel luogo in cui, secondo la tradizione, alcuni decenni prima era apparso l\u2019Arcangelo Michele e perci\u00f2 divenuto meta di pellegrinaggio. Poco tempo <a href=\"https:\/\/eremos.eu\/wp-content\/uploads\/2015\/08\/53a10.jpg\"><img loading=\"lazy\" decoding=\"async\" class=\"alignright size-medium wp-image-5330\" src=\"https:\/\/eremos.eu\/wp-content\/uploads\/2015\/08\/53a10-165x300.jpg\" alt=\"53a\" width=\"165\" height=\"300\" srcset=\"https:\/\/eremos.eu\/wp-content\/uploads\/2015\/08\/53a10-165x300.jpg 165w, https:\/\/eremos.eu\/wp-content\/uploads\/2015\/08\/53a10-563x1024.jpg 563w, https:\/\/eremos.eu\/wp-content\/uploads\/2015\/08\/53a10.jpg 597w\" sizes=\"auto, (max-width: 165px) 100vw, 165px\" \/><\/a>dopo se ne aggiunsero altri due e la fama del piccolo cenobio benedettino si sparse anche nei paesi limitrofi a Campagna. La chiesa, all\u2019inizio assai piccola, venne ultimata nel 1257; mentre i modesti locali adibiti a romitorio furono protetti e isolati con una forte palizzata. Solo nel XVI secolo si ha un primo e vero ampliamento della chiesa, con l\u2019aggiunta di decorazioni ed affreschi, come ad esempio quello della <i>Madonna con san Michele e sant\u2019Antonino<\/i>, pi\u00f9 volte rimaneggiato per l\u2019umidit\u00e0 e poi completamente coperto agli inizi del XVII secolo. L\u2019ultimo eremita vissuto a San Michele, un certo fra\u2019 Giovanni Spagnuolo, \u00e8 stato sepolto agli inizi del Settecento sotto la chiesa come tutti gli altri. Da l\u00ec in avanti l\u2019eremo \u00e8 stato mantenuto in vita dalla grande comunit\u00e0 dei devoti che non ha mai smesso di apportare migliorie alla costruzione s\u00ec da favorire non solo la visita ma anche l\u2019eventuale soggiorno dei pellegrini.<\/p>\n<p style=\"text-align: justify;\"><a href=\"https:\/\/eremos.eu\/wp-content\/uploads\/2015\/08\/eremo-di-San-Michele1.jpg\"><img loading=\"lazy\" decoding=\"async\" class=\"alignleft wp-image-5332 size-medium\" src=\"https:\/\/eremos.eu\/wp-content\/uploads\/2015\/08\/eremo-di-San-Michele1-300x198.jpg\" alt=\"eremo-di-San-Michele\" width=\"300\" height=\"198\" srcset=\"https:\/\/eremos.eu\/wp-content\/uploads\/2015\/08\/eremo-di-San-Michele1-300x198.jpg 300w, https:\/\/eremos.eu\/wp-content\/uploads\/2015\/08\/eremo-di-San-Michele1.jpg 800w\" sizes=\"auto, (max-width: 300px) 100vw, 300px\" \/><\/a><\/p>\n<p><a href=\"https:\/\/eremos.eu\/wp-content\/uploads\/2015\/08\/53b.jpg\"><img loading=\"lazy\" decoding=\"async\" class=\"alignnone wp-image-1148\" src=\"https:\/\/eremos.eu\/wp-content\/uploads\/2015\/08\/53b-300x201.jpg\" alt=\"53b\" width=\"296\" height=\"198\" srcset=\"https:\/\/eremos.eu\/wp-content\/uploads\/2015\/08\/53b-300x201.jpg 300w, https:\/\/eremos.eu\/wp-content\/uploads\/2015\/08\/53b.jpg 579w\" sizes=\"auto, (max-width: 296px) 100vw, 296px\" \/><\/a><\/p>\n<hr \/>\n<p><strong>EREMO DI SANT&#8217;ERASMO E SAN GIACOMO DEGLI EREMITI<\/strong> (Ruderi di cenobio rupestre &#8211; XII secolo)<\/p>\n<p>Localit\u00e0: <strong>Santa Maria La Nova di Campagna<\/strong> (SA) \u00a0 \u00a0 \u00a0Sub-area: <span style=\"color: #0000ff;\">Parco Regionale dei Monti Picentini<\/span><\/p>\n<p style=\"text-align: justify;\">Quel che rimane dell\u2019eremo di Sant&#8217;Erasmo e San Giacomo degli Eremiti si trova nei pressi di una grotta a 720 metri di altitudine, sul versante orientale del monte Ripalta nei pressi del vallone Palmentara. Per quanto documentata a partire dal 1192, la vicenda storica del cenobio rupestre benedettino risulta piuttosto frammentaria e si sa solo che, a causa di una disputa scoppiata al suo interno, una buona parte dei monaci decise di abbandonarlo per andare a fondare nel 1220 la vicina chiesa di Santa Maria La Nova.<\/p>\n<p style=\"text-align: justify;\"><a href=\"https:\/\/eremos.eu\/wp-content\/uploads\/2015\/08\/542.jpg\"><img loading=\"lazy\" decoding=\"async\" class=\"alignleft wp-image-1150\" src=\"https:\/\/eremos.eu\/wp-content\/uploads\/2015\/08\/542-226x300.jpg\" alt=\"54\" width=\"211\" height=\"280\" srcset=\"https:\/\/eremos.eu\/wp-content\/uploads\/2015\/08\/542-226x300.jpg 226w, https:\/\/eremos.eu\/wp-content\/uploads\/2015\/08\/542.jpg 240w\" sizes=\"auto, (max-width: 211px) 100vw, 211px\" \/><\/a><a href=\"https:\/\/eremos.eu\/wp-content\/uploads\/2015\/08\/54a1.jpg\"><img loading=\"lazy\" decoding=\"async\" class=\"alignleft wp-image-1151\" src=\"https:\/\/eremos.eu\/wp-content\/uploads\/2015\/08\/54a1-227x300.jpg\" alt=\"54a\" width=\"212\" height=\"280\" srcset=\"https:\/\/eremos.eu\/wp-content\/uploads\/2015\/08\/54a1-227x300.jpg 227w, https:\/\/eremos.eu\/wp-content\/uploads\/2015\/08\/54a1.jpg 241w\" sizes=\"auto, (max-width: 212px) 100vw, 212px\" \/><\/a><a href=\"https:\/\/eremos.eu\/wp-content\/uploads\/2015\/08\/54b.jpg\"><img loading=\"lazy\" decoding=\"async\" class=\"alignnone wp-image-1152\" src=\"https:\/\/eremos.eu\/wp-content\/uploads\/2015\/08\/54b-225x300.jpg\" alt=\"54b\" width=\"210\" height=\"280\" srcset=\"https:\/\/eremos.eu\/wp-content\/uploads\/2015\/08\/54b-225x300.jpg 225w, https:\/\/eremos.eu\/wp-content\/uploads\/2015\/08\/54b.jpg 239w\" sizes=\"auto, (max-width: 210px) 100vw, 210px\" \/><\/a><\/p>\n<p><a href=\"https:\/\/eremos.eu\/wp-content\/uploads\/2015\/08\/54c.jpg\"><img loading=\"lazy\" decoding=\"async\" class=\"alignleft wp-image-1153\" src=\"https:\/\/eremos.eu\/wp-content\/uploads\/2015\/08\/54c-226x300.jpg\" alt=\"54c\" width=\"211\" height=\"280\" srcset=\"https:\/\/eremos.eu\/wp-content\/uploads\/2015\/08\/54c-226x300.jpg 226w, https:\/\/eremos.eu\/wp-content\/uploads\/2015\/08\/54c.jpg 240w\" sizes=\"auto, (max-width: 211px) 100vw, 211px\" \/><\/a><a href=\"https:\/\/eremos.eu\/wp-content\/uploads\/2015\/08\/54d.jpg\"><img loading=\"lazy\" decoding=\"async\" class=\"alignleft wp-image-1154\" src=\"https:\/\/eremos.eu\/wp-content\/uploads\/2015\/08\/54d-225x300.jpg\" alt=\"54d\" width=\"210\" height=\"280\" srcset=\"https:\/\/eremos.eu\/wp-content\/uploads\/2015\/08\/54d-225x300.jpg 225w, https:\/\/eremos.eu\/wp-content\/uploads\/2015\/08\/54d.jpg 239w\" sizes=\"auto, (max-width: 210px) 100vw, 210px\" \/><\/a><a href=\"https:\/\/eremos.eu\/wp-content\/uploads\/2015\/08\/54e.jpg\"><img loading=\"lazy\" decoding=\"async\" class=\"alignnone wp-image-1155\" src=\"https:\/\/eremos.eu\/wp-content\/uploads\/2015\/08\/54e-225x300.jpg\" alt=\"54e\" width=\"210\" height=\"280\" srcset=\"https:\/\/eremos.eu\/wp-content\/uploads\/2015\/08\/54e-225x300.jpg 225w, https:\/\/eremos.eu\/wp-content\/uploads\/2015\/08\/54e.jpg 239w\" sizes=\"auto, (max-width: 210px) 100vw, 210px\" \/><\/a><\/p>\n<hr \/>\n<p><strong>EREMO DI SANTA MARIA DELLA VALLE<\/strong> (Chiesa-romitorio &#8211; XII secolo)<\/p>\n<p>Localit\u00e0: <strong>Chiusano San Domenico<\/strong> (AV)<\/p>\n<p><a href=\"https:\/\/eremos.eu\/wp-content\/uploads\/2015\/08\/5512.jpg\"><img loading=\"lazy\" decoding=\"async\" class=\"alignright size-full wp-image-5333\" src=\"https:\/\/eremos.eu\/wp-content\/uploads\/2015\/08\/5512.jpg\" alt=\"55\" width=\"275\" height=\"186\" \/><\/a>Sub-area: <span style=\"color: #0000ff;\">Parco Regionale dei Monti Picentini<\/span><\/p>\n<p style=\"text-align: justify;\">Le origini dell\u2019eremo di Santa Maria della Valle risalgono molto probabilmente al 1126 ed all\u2019opera dei guglielmiti, l\u2019ordine eremitico fondato da san Guglielmo da Vercelli. Poi, dal 1228 fino al 1533, passa sotto la gestione diretta dei monaci di Monte Vergine ed in seguito viene trasformato in cimitero, da qui il nome di \u201ccimitero vecchio\u201d come \u00e8 conosciuto dai chiusanesi. La chiesa, attualmente in ristrutturazione, conserva all\u2019interno un pregevole affresco raffigurante la <i>Madonna delle Grazie<\/i>.<\/p>\n<hr \/>\n<p><strong>GROTTA DELL&#8217;ANGELO<\/strong> (Santuario e romitorio rupestri &#8211; XII secolo)<\/p>\n<p>Localit\u00e0: <strong>Prepezzano di Giffoni Sei Casali<\/strong> (SA) \u00a0 \u00a0 \u00a0 \u00a0 \u00a0Sub-area: <span style=\"color: #0000ff;\">Parco Regionale dei Monti Picentini<\/span><\/p>\n<p style=\"text-align: justify;\">La grotta dell&#8217;Angelo, in localit\u00e0 Prepezzano nell\u2019area dei monti Picentini, \u00e8 una delle tante cappelle rupestri dedicate al culto micaelico affiancata per\u00f2, come in questo caso, da un romitorio. L\u2019interno, a pianta quadrangolare, si presenta a navata unica terminante in un\u2019abside lineare un tempo interamente affrescata, come testimoniano le evidenti tracce, ed oggi ornata da un moderno pannello ceramico raffigurante il Santo guerriero. Alle spalle della cappella, in un secondo e buio ambiente, su una stalagmite \u00e8 stata scolpita una <i>Madonna<\/i> (purtroppo, acefala dal secolo scorso) <i>con Bambino<\/i>. Alla sinistra della cappella rupestre \u00e8 situata la cella eremitica, costituita da un vano vagamente rettangolare, una volta a botte ed una finestra che si affaccia sulla vallata. Qui e l\u00e0 alcune nicchie incassate nel muro con molta probabilit\u00e0 hanno svolto la funzione di custodia per suppellettili.<\/p>\n<hr \/>\n<p><strong>GROTTA DEL SANTISSIMO SALVATORE<\/strong> (Santuario rupestre &#8211; VIII secolo)<\/p>\n<p>Localit\u00e0: <strong>Gauro di Montecorvino Rovella<\/strong> (SA)<\/p>\n<p><a href=\"https:\/\/eremos.eu\/wp-content\/uploads\/2015\/08\/5713.jpg\"><img loading=\"lazy\" decoding=\"async\" class=\"alignright size-full wp-image-5334\" src=\"https:\/\/eremos.eu\/wp-content\/uploads\/2015\/08\/5713.jpg\" alt=\"57\" width=\"267\" height=\"200\" \/><\/a>Sub-area: <span style=\"color: #0000ff;\">Parco Regionale dei Monti Picentini<\/span><\/p>\n<p style=\"text-align: justify;\">La grotta del Santissimo Salvatore, che si apre sui monti Picentini, ad una quota di circa 550 metri, nella piccola frazione di Gauro, \u00e8 un luogo di culto che affonda le sue radici nella notte dei tempi, a dispetto dei riscontri e delle documentazioni storiche che attestano l\u2019esistenza della chiesa rupestre solo a partire dal XVII secolo. Al centro dell\u2019ampia cavit\u00e0 \u00e8 collocato un altare su cui spicca una riproduzione della <i>Trasfigurazione<\/i>; mentre lungo il sentiero, poco distante ma pi\u00f9 in basso rispetto all\u2019accesso, un\u2019altra piccola cavit\u00e0 viene da sempre verosimilmente identificata come l\u2019alloggio di un custode o di un\u00a0 eremita.<\/p>\n<hr \/>\n<p><strong><a href=\"https:\/\/eremos.eu\/wp-content\/uploads\/2015\/08\/58a6.jpg\"><img loading=\"lazy\" decoding=\"async\" class=\"alignright wp-image-5336\" src=\"https:\/\/eremos.eu\/wp-content\/uploads\/2015\/08\/58a6-300x279.jpg\" alt=\"58a\" width=\"280\" height=\"260\" srcset=\"https:\/\/eremos.eu\/wp-content\/uploads\/2015\/08\/58a6-300x279.jpg 300w, https:\/\/eremos.eu\/wp-content\/uploads\/2015\/08\/58a6.jpg 499w\" sizes=\"auto, (max-width: 280px) 100vw, 280px\" \/><\/a>CELLA DI SAN VINCENZO<\/strong> (Cappella-romitorio &#8211; IX secolo)<\/p>\n<p>Localit\u00e0: <strong>Olevano sul Tusciano<\/strong> (SA)<\/p>\n<p>Sub-area: <span style=\"color: #0000ff;\">Parco Regionale dei Monti Picentini<\/span><\/p>\n<p style=\"text-align: justify;\">La cosiddetta \u201ccella di San Vincenzo\u201d, ubicata lungo l\u2019itinerario che conduce alla grotta dell&#8217;Angelo, a mezza costa del monte Raione, era il piccolo monastero distaccato dall\u2019abbazia di San Vincenzo al Volturno probabile sede dell\u2019eremita custode della \u201cgrotta\u201d. Citata per la prima volta in un documento dell\u2019819 emanato ad Aquisgrana con il quale l\u2019imperatore Ludovico I dona al monastero volturnense la <i>cellam Sanctii Vincentii <\/i>nei pressi del fiume Tusciano, a partire dall\u2019anno Mille, con la costituzione del feudo ecclesiastico di Olevano, diventa indipendente. A seguito di una ristrutturazione piuttosto radicale di pochi anni fa, <a href=\"https:\/\/eremos.eu\/wp-content\/uploads\/2015\/08\/5810.jpg\"><img loading=\"lazy\" decoding=\"async\" class=\"alignleft wp-image-5335\" src=\"https:\/\/eremos.eu\/wp-content\/uploads\/2015\/08\/5810-300x225.jpg\" alt=\"58\" width=\"286\" height=\"215\" srcset=\"https:\/\/eremos.eu\/wp-content\/uploads\/2015\/08\/5810-300x225.jpg 300w, https:\/\/eremos.eu\/wp-content\/uploads\/2015\/08\/5810.jpg 602w\" sizes=\"auto, (max-width: 286px) 100vw, 286px\" \/><\/a>dell\u2019originario edificio sacro rimangono solo le labili tracce che si possono rinvenire nella chiesetta con la volta a vela decorata da stucchi, nei vani di servizio al piano terra e nelle cellette dei monaci al piano elevato. Non solo il particolare impianto architettonico-strutturale ma ancor pi\u00f9 la posizione altamente strategica della \u201ccella\u201d, sulla strada che conduce alla Grotta dell\u2019Angelo ed al centro dei vasti appezzamenti di terreno di propriet\u00e0 dell\u2019abbazia, inducono a supporre che il piccolo edificio assolvesse anche ad una funzione difensiva, proprio perch\u00e9 i monaci dovevano guardarsi dai frequenti attacchi esterni.<\/p>\n<hr \/>\n<p><strong>GROTTA DI SAN MICHELE O DELL&#8217;ANGELO<\/strong> (Cenobio rupestre &#8211; IX secolo)<\/p>\n<p>Localit\u00e0: <strong>Olevano sul Tusciano<\/strong> (SA) \u00a0 \u00a0 \u00a0 \u00a0 \u00a0 \u00a0 \u00a0 \u00a0 \u00a0 \u00a0 \u00a0 \u00a0 \u00a0 \u00a0 \u00a0Sub-area: <span style=\"color: #0000ff;\">Parco Regionale dei Monti Picentini<\/span><\/p>\n<p style=\"text-align: justify;\"><a href=\"https:\/\/eremos.eu\/wp-content\/uploads\/2015\/08\/3693_6297.jpg\"><img loading=\"lazy\" decoding=\"async\" class=\"alignleft wp-image-1169 size-medium\" src=\"https:\/\/eremos.eu\/wp-content\/uploads\/2015\/08\/3693_6297-300x200.jpg\" alt=\"3693_6297\" width=\"300\" height=\"200\" srcset=\"https:\/\/eremos.eu\/wp-content\/uploads\/2015\/08\/3693_6297-300x200.jpg 300w, https:\/\/eremos.eu\/wp-content\/uploads\/2015\/08\/3693_6297.jpg 800w\" sizes=\"auto, (max-width: 300px) 100vw, 300px\" \/><\/a>La grotta di San Michele o dell\u2019Angelo si apre a mezza costa sul monte Raione, in posizione dominante sulla valle tuscianese e, quasi, di protezione (o difesa) dell\u2019abitato. Ferma restando all\u2019819 la prima attestazione del suo utilizzo come luogo sacro, l\u2019originario insediamento monastico nella grotta fu sicuramente di matrice greco-basiliana, come conferma la tipicit\u00e0 dell&#8217;architettura e della decorazione delle varie cappelle riconducibile a dettami e stilemi della cultura bizantina che, solo dopo la conquista longobarda, verr\u00e0 in qualche modo soppiantata o influenzata da quella latino-benedettina (infatti nella prima cappella \u00e8 presente l&#8217;immagine di san Benedetto e le scritte degli affreschi sono<a href=\"https:\/\/eremos.eu\/wp-content\/uploads\/2015\/08\/59d.jpg\"><img loading=\"lazy\" decoding=\"async\" class=\"alignright wp-image-1167\" src=\"https:\/\/eremos.eu\/wp-content\/uploads\/2015\/08\/59d-300x274.jpg\" alt=\"59d\" width=\"296\" height=\"270\" srcset=\"https:\/\/eremos.eu\/wp-content\/uploads\/2015\/08\/59d-300x274.jpg 300w, https:\/\/eremos.eu\/wp-content\/uploads\/2015\/08\/59d.jpg 332w\" sizes=\"auto, (max-width: 296px) 100vw, 296px\" \/><\/a> in latino). A parte questo, raffrontandola con altre costruzioni basiliane presenti in Campania, \u00e8 possibile ipotizzare che le sette cappelle presenti all\u2019interno della grotta fossero destinate a differenti usi, per quanto tutte insieme poi costituivano una sorta di \u201cvia sacra\u201d che i pellegrini si sentivano in dovere di percorrere per rendere ossequio alle reliquie di un certo santo (probabilmente, san Vito), cos\u00ec come avveniva nei \u201cmartyria\u201d bizantini. Tuttavia quello che pi\u00f9 colpisce \u00e8 la stupenda decorazione pittorica, che impreziosisce e rende pressoch\u00e9 \u201cunica\u201d la grotta dell&#8217;Angelo, nettamente distinta in due cicli: uno petriano, collegato cio\u00e8 al culto di san Pietro (alimentato dalla leggenda che il Santo sia passato da queste parti) e l&#8217;altro pi\u00f9 squisitamente cristologico.<\/p>\n<p style=\"text-align: justify;\"><a href=\"https:\/\/eremos.eu\/wp-content\/uploads\/2015\/08\/Santuario-micaelico-Olevano.jpg\"><img loading=\"lazy\" decoding=\"async\" class=\"alignleft wp-image-1168\" src=\"https:\/\/eremos.eu\/wp-content\/uploads\/2015\/08\/Santuario-micaelico-Olevano-300x206.jpg\" alt=\"Santuario-micaelico-Olevano\" width=\"300\" height=\"206\" srcset=\"https:\/\/eremos.eu\/wp-content\/uploads\/2015\/08\/Santuario-micaelico-Olevano-300x206.jpg 300w, https:\/\/eremos.eu\/wp-content\/uploads\/2015\/08\/Santuario-micaelico-Olevano.jpg 1024w\" sizes=\"auto, (max-width: 300px) 100vw, 300px\" \/><\/a><a href=\"https:\/\/eremos.eu\/wp-content\/uploads\/2015\/08\/5911.jpg\"><img loading=\"lazy\" decoding=\"async\" class=\"alignnone wp-image-5337\" src=\"https:\/\/eremos.eu\/wp-content\/uploads\/2015\/08\/5911-300x185.jpg\" alt=\"59\" width=\"334\" height=\"206\" srcset=\"https:\/\/eremos.eu\/wp-content\/uploads\/2015\/08\/5911-300x185.jpg 300w, https:\/\/eremos.eu\/wp-content\/uploads\/2015\/08\/5911.jpg 936w\" sizes=\"auto, (max-width: 334px) 100vw, 334px\" \/><\/a><\/p>\n<p style=\"text-align: justify;\"><a href=\"https:\/\/eremos.eu\/wp-content\/uploads\/2015\/08\/59b1.jpg\"><img loading=\"lazy\" decoding=\"async\" class=\"alignleft wp-image-1164\" src=\"https:\/\/eremos.eu\/wp-content\/uploads\/2015\/08\/59b1.jpg\" alt=\"59b\" width=\"300\" height=\"196\" \/><\/a><a href=\"https:\/\/eremos.eu\/wp-content\/uploads\/2015\/08\/59a1.jpg\"><img loading=\"lazy\" decoding=\"async\" class=\"alignnone wp-image-1162\" src=\"https:\/\/eremos.eu\/wp-content\/uploads\/2015\/08\/59a1-300x182.jpg\" alt=\"59a\" width=\"329\" height=\"200\" srcset=\"https:\/\/eremos.eu\/wp-content\/uploads\/2015\/08\/59a1-300x182.jpg 300w, https:\/\/eremos.eu\/wp-content\/uploads\/2015\/08\/59a1-1024x622.jpg 1024w, https:\/\/eremos.eu\/wp-content\/uploads\/2015\/08\/59a1.jpg 1151w\" sizes=\"auto, (max-width: 329px) 100vw, 329px\" \/><\/a><\/p>\n<p style=\"text-align: justify;\"><a href=\"https:\/\/eremos.eu\/wp-content\/uploads\/2015\/08\/59c1.jpg\"><img loading=\"lazy\" decoding=\"async\" class=\"alignleft wp-image-1165\" src=\"https:\/\/eremos.eu\/wp-content\/uploads\/2015\/08\/59c1-300x225.jpg\" alt=\"59c\" width=\"300\" height=\"225\" srcset=\"https:\/\/eremos.eu\/wp-content\/uploads\/2015\/08\/59c1-300x225.jpg 300w, https:\/\/eremos.eu\/wp-content\/uploads\/2015\/08\/59c1-1024x767.jpg 1024w, https:\/\/eremos.eu\/wp-content\/uploads\/2015\/08\/59c1.jpg 1026w\" sizes=\"auto, (max-width: 300px) 100vw, 300px\" \/><\/a><a href=\"https:\/\/eremos.eu\/wp-content\/uploads\/2015\/08\/312691_258747527497088_257811597590681_712887_1764369017_n.jpg\"><img loading=\"lazy\" decoding=\"async\" class=\"alignnone wp-image-1166 size-medium\" src=\"https:\/\/eremos.eu\/wp-content\/uploads\/2015\/08\/312691_258747527497088_257811597590681_712887_1764369017_n-300x225.jpg\" alt=\"312691_258747527497088_257811597590681_712887_1764369017_n\" width=\"300\" height=\"225\" srcset=\"https:\/\/eremos.eu\/wp-content\/uploads\/2015\/08\/312691_258747527497088_257811597590681_712887_1764369017_n-300x225.jpg 300w, https:\/\/eremos.eu\/wp-content\/uploads\/2015\/08\/312691_258747527497088_257811597590681_712887_1764369017_n.jpg 720w\" sizes=\"auto, (max-width: 300px) 100vw, 300px\" \/><\/a><\/p>\n<hr \/>\n<p style=\"text-align: justify;\"><strong>EREMO DI SAN MAGNO<\/strong> (Chiesa-romitorio rupestre &#8211; XI secolo)<\/p>\n<p style=\"text-align: justify;\">Localit\u00e0: <strong>San Mango Piemonte<\/strong> (SA) \u00a0 \u00a0 \u00a0 \u00a0 \u00a0 \u00a0 \u00a0 \u00a0\u00a0Sub-area: <span style=\"color: #0000ff;\">Parco Regionale dei Monti Picentini<\/span><\/p>\n<p style=\"text-align: justify;\">L\u2019eremo di San Magno sorge addossato ad una grotta dell\u2019omonimo monte dove, secondo la tradizione, il Santo vescovo di Trani ha trovato riparo durante la fuga dalle persecuzioni (III secolo). La chiesa, edificata intorno all\u2019anno Mille in ossequio alla volont\u00e0 popolare di erigere in quel luogo un eremo in ricordo del Santo patrono, \u00e8 da sempre meta di pellegrinaggio. All\u2019interno, sull\u2019altare, \u00e8 presente un bell\u2019affresco del 1542 di \u201cSan Magno benedicente\u201d.<\/p>\n<p style=\"text-align: justify;\"><a href=\"https:\/\/eremos.eu\/wp-content\/uploads\/2015\/08\/602.jpg\"><img loading=\"lazy\" decoding=\"async\" class=\"alignleft wp-image-1170 size-medium\" src=\"https:\/\/eremos.eu\/wp-content\/uploads\/2015\/08\/602-300x225.jpg\" alt=\"60\" width=\"300\" height=\"225\" srcset=\"https:\/\/eremos.eu\/wp-content\/uploads\/2015\/08\/602-300x225.jpg 300w, https:\/\/eremos.eu\/wp-content\/uploads\/2015\/08\/602.jpg 947w\" sizes=\"auto, (max-width: 300px) 100vw, 300px\" \/><\/a><a href=\"https:\/\/eremos.eu\/wp-content\/uploads\/2015\/08\/60a2.jpg\"><img loading=\"lazy\" decoding=\"async\" class=\"alignnone wp-image-1171\" src=\"https:\/\/eremos.eu\/wp-content\/uploads\/2015\/08\/60a2-300x226.jpg\" alt=\"60a\" width=\"299\" height=\"225\" srcset=\"https:\/\/eremos.eu\/wp-content\/uploads\/2015\/08\/60a2-300x226.jpg 300w, https:\/\/eremos.eu\/wp-content\/uploads\/2015\/08\/60a2.jpg 500w\" sizes=\"auto, (max-width: 299px) 100vw, 299px\" \/><\/a><\/p>\n<p style=\"text-align: justify;\"><a href=\"https:\/\/eremos.eu\/wp-content\/uploads\/2015\/08\/60b1.jpg\"><img loading=\"lazy\" decoding=\"async\" class=\"alignleft wp-image-1172\" src=\"https:\/\/eremos.eu\/wp-content\/uploads\/2015\/08\/60b1.jpg\" alt=\"60b\" width=\"300\" height=\"225\" \/><\/a><\/p>\n<p style=\"text-align: justify;\"><a href=\"https:\/\/eremos.eu\/wp-content\/uploads\/2015\/08\/60c1.jpg\"><img loading=\"lazy\" decoding=\"async\" class=\"alignnone wp-image-1173\" src=\"https:\/\/eremos.eu\/wp-content\/uploads\/2015\/08\/60c1-300x224.jpg\" alt=\"60c\" width=\"301\" height=\"225\" srcset=\"https:\/\/eremos.eu\/wp-content\/uploads\/2015\/08\/60c1-300x224.jpg 300w, https:\/\/eremos.eu\/wp-content\/uploads\/2015\/08\/60c1-1024x766.jpg 1024w, https:\/\/eremos.eu\/wp-content\/uploads\/2015\/08\/60c1.jpg 1566w\" sizes=\"auto, (max-width: 301px) 100vw, 301px\" \/><\/a><\/p>\n<hr \/>\n<h3><span style=\"color: #0000ff;\"><strong>PENISOLA SORRENTINO-AMALFITANA<\/strong><\/span><\/h3>\n<p style=\"text-align: justify;\"><strong>GROTTE DI SANTA BARBARA<\/strong> (Ruderi di chiesa rupestre &#8211; XI secolo)<\/p>\n<p style=\"text-align: justify;\">Localit\u00e0: <strong>Agerola<\/strong> (NA) \u00a0 \u00a0 \u00a0 \u00a0 \u00a0 \u00a0 \u00a0 \u00a0 \u00a0 \u00a0 \u00a0Sub-area: <span style=\"color: #0000ff;\">Parco Regionale dei Monti Lattari<\/span><\/p>\n<p style=\"text-align: justify;\">Quello conosciuto come \u201cgrotte di Santa Barbara\u201d \u00e8 in realt\u00e0 un interessante insediamento rupestre di natura religiosa con molta probabilit\u00e0 risalente all\u2019anno Mille. All\u2019interno della grande grotta di Santa Barbara vi sono i resti della cappella rupestre dedicata alla santa composta da un corpo di fabbrica contraddistinto da tre navate, originariamente ricco di decorazioni ma oggi quasi del tutto distrutto. Va detto, infatti, che le condizioni del complesso sono da tempo piuttosto malandate e che il degrado avanza inesorabilmente a causa del crollo delle varie strutture, soprattutto di copertura, con il conseguente accumulo di sedimenti e macerie al suo interno, tanto da sconsigliarne l\u2019accesso, peraltro di per s\u00e9 non facile.<\/p>\n<p style=\"text-align: justify;\"><a href=\"https:\/\/eremos.eu\/wp-content\/uploads\/2015\/08\/613.jpg\"><img loading=\"lazy\" decoding=\"async\" class=\"alignleft wp-image-1174\" src=\"https:\/\/eremos.eu\/wp-content\/uploads\/2015\/08\/613-300x225.jpg\" alt=\"61\" width=\"267\" height=\"200\" srcset=\"https:\/\/eremos.eu\/wp-content\/uploads\/2015\/08\/613-300x225.jpg 300w, https:\/\/eremos.eu\/wp-content\/uploads\/2015\/08\/613.jpg 496w\" sizes=\"auto, (max-width: 267px) 100vw, 267px\" \/><\/a><a href=\"https:\/\/eremos.eu\/wp-content\/uploads\/2015\/08\/61a1.jpg\"><img loading=\"lazy\" decoding=\"async\" class=\" wp-image-1175 alignnone\" src=\"https:\/\/eremos.eu\/wp-content\/uploads\/2015\/08\/61a1.jpg\" alt=\"61a\" width=\"266\" height=\"200\" \/><\/a><\/p>\n<hr \/>\n<p style=\"text-align: justify;\"><strong>GROTTA DELL&#8217;EREMITA<\/strong> (Ruderi di cenobio e romitorio rupestre &#8211; XI secolo)<\/p>\n<p style=\"text-align: justify;\">Localit\u00e0: <strong>San Lazzaro di Agerola<\/strong> (NA) \u00a0 \u00a0 \u00a0 \u00a0 \u00a0 \u00a0 \u00a0 \u00a0 \u00a0 \u00a0 Sub-area: <span style=\"color: #0000ff;\">Parco Regionale dei Monti Lattari<\/span><\/p>\n<p style=\"text-align: justify;\"><a href=\"https:\/\/eremos.eu\/wp-content\/uploads\/2015\/08\/62b11.jpg\"><img loading=\"lazy\" decoding=\"async\" class=\"alignright size-medium wp-image-5339\" src=\"https:\/\/eremos.eu\/wp-content\/uploads\/2015\/08\/62b11-300x195.jpg\" alt=\"62b\" width=\"300\" height=\"195\" srcset=\"https:\/\/eremos.eu\/wp-content\/uploads\/2015\/08\/62b11-300x195.jpg 300w, https:\/\/eremos.eu\/wp-content\/uploads\/2015\/08\/62b11.jpg 401w\" sizes=\"auto, (max-width: 300px) 100vw, 300px\" \/><\/a>La grotta dell\u2019Eremita o di Sisto, dal nome del futuro papa Sisto IV che, prima di assurgere al pontificato, vi si rifugi\u00f2 per due anni, \u00e8 l\u2019impressionante cavit\u00e0, in parte murata, che si apre sulla dirupante parete dello sperone di roccia che, poco pi\u00f9 in basso, ospita i ruderi dell\u2019antico convento di San Francesco di Cospiti. Sia la grotta che le rovine del convento, per quanto abbandonati ed isolati a 630 metri di altezza sul versante meridionale del monte Murillo (catena dei Lattari), rimangono tra le pi\u00f9 vivide testimonianze storico-paesaggistiche dell\u2019intera costiera amalfitana.<\/p>\n<p><a href=\"https:\/\/eremos.eu\/wp-content\/uploads\/2015\/08\/622.jpg\"><img loading=\"lazy\" decoding=\"async\" class=\"alignleft wp-image-1177\" src=\"https:\/\/eremos.eu\/wp-content\/uploads\/2015\/08\/622-300x199.jpg\" alt=\"62\" width=\"300\" height=\"199\" srcset=\"https:\/\/eremos.eu\/wp-content\/uploads\/2015\/08\/622-300x199.jpg 300w, https:\/\/eremos.eu\/wp-content\/uploads\/2015\/08\/622.jpg 402w\" sizes=\"auto, (max-width: 300px) 100vw, 300px\" \/><\/a><a href=\"https:\/\/eremos.eu\/wp-content\/uploads\/2015\/08\/62a10.jpg\"><img loading=\"lazy\" decoding=\"async\" class=\"alignnone wp-image-5338\" src=\"https:\/\/eremos.eu\/wp-content\/uploads\/2015\/08\/62a10-300x202.jpg\" alt=\"62a\" width=\"296\" height=\"199\" srcset=\"https:\/\/eremos.eu\/wp-content\/uploads\/2015\/08\/62a10-300x202.jpg 300w, https:\/\/eremos.eu\/wp-content\/uploads\/2015\/08\/62a10.jpg 500w\" sizes=\"auto, (max-width: 296px) 100vw, 296px\" \/><\/a><\/p>\n<hr \/>\n<p style=\"text-align: justify;\"><strong>GROTTA DI SAN BIAGIO<\/strong> (Chiesa rupestre &#8211; V-VI secolo)<\/p>\n<p style=\"text-align: justify;\">Localit\u00e0: <strong>Castellammare di Stabia<\/strong> (NA)<\/p>\n<p style=\"text-align: justify;\">La grotta di San Biagio, originariamente dedicata ai santi Giasone e Mauro, \u00e8 ubicata ai piedi della collina di Varano e si sviluppa per oltre una trentina di metri (e circa tre di larghezza) dentro\u00a0la roccia tufacea. Consta di due nuclei distinti: quello meridionale, ristrutturato nel XIV secolo; e l\u2019altro, costituito da un lungo corridoio pavimentato e <a href=\"https:\/\/eremos.eu\/wp-content\/uploads\/2015\/08\/renato.jpg\"><img loading=\"lazy\" decoding=\"async\" class=\"alignleft wp-image-1183 size-full\" src=\"https:\/\/eremos.eu\/wp-content\/uploads\/2015\/08\/renato.jpg\" alt=\"renato\" width=\"248\" height=\"179\" \/><\/a>caratterizzato dalla presenza ai lati di quattro nicchie affrescate. In fondo al corridoio, poi, si apre uno spazio sopraelevato di circa un metro con due piccoli ambienti laterali, uno dei quali pavimentato con un mosaico a tessere bianche di et\u00e0 romana e con resti di un\u2019abside in muratura. Pi\u00f9 oltre, un ampio ambiente con una nicchia affrescata sulla parete di fondo e con l\u2019ingresso ad un\u2019aula rettangolare con abside semicircolare sul lato orientale. Il rinvenimento in prossimit\u00e0 dell\u2019ingresso alla grotta di un sepolcreto e di alcune lucerne con simboli cristiani, potrebbe collocare l\u2019avvio di un uso solo inizialmente funerario (non v\u2019\u00e8 traccia di loculi,<a href=\"https:\/\/eremos.eu\/wp-content\/uploads\/2015\/08\/63d.jpg\"><img loading=\"lazy\" decoding=\"async\" class=\"alignright wp-image-1182 size-full\" src=\"https:\/\/eremos.eu\/wp-content\/uploads\/2015\/08\/63d.jpg\" alt=\"63d\" width=\"224\" height=\"172\" \/><\/a> cubicoli e arcosoli) e, soprattutto, cultuale della cavit\u00e0 nel periodo compreso tra la fine del V secolo e l\u2019inizio del successivo, per quanto documentato con certezza solo tra la fine del VII secolo e gli inizi dell\u2019VIII, epoca alla quale risalgono gli affreschi pi\u00f9 antichi che decorano le pareti della chiesa rupestre. D\u2019altro canto se i cicli pittorici che si susseguirono sino al XIV secolo attestano la continuit\u00e0 dell\u2019uso cultuale, mancano dati certi sull\u2019utilizzo funerario della grotta, se non per l\u2019ipotesi che al suo interno potesse ospitare non solo le reliquie dei santi Giasone e Mauro ma anche quelle di san Catello, vescovo dell\u2019antica Stabia.<\/p>\n<p><a href=\"https:\/\/eremos.eu\/wp-content\/uploads\/2015\/08\/63b.jpg\"><img loading=\"lazy\" decoding=\"async\" class=\"alignleft wp-image-1179\" src=\"https:\/\/eremos.eu\/wp-content\/uploads\/2015\/08\/63b-224x300.jpg\" alt=\"63b\" width=\"209\" height=\"280\" srcset=\"https:\/\/eremos.eu\/wp-content\/uploads\/2015\/08\/63b-224x300.jpg 224w, https:\/\/eremos.eu\/wp-content\/uploads\/2015\/08\/63b.jpg 310w\" sizes=\"auto, (max-width: 209px) 100vw, 209px\" \/><\/a><a href=\"https:\/\/eremos.eu\/wp-content\/uploads\/2015\/08\/632.jpg\"><img loading=\"lazy\" decoding=\"async\" class=\" alignleft wp-image-1181\" src=\"https:\/\/eremos.eu\/wp-content\/uploads\/2015\/08\/632.jpg\" alt=\"63\" width=\"202\" height=\"250\" \/><\/a><\/p>\n<p style=\"text-align: justify;\"><a href=\"https:\/\/eremos.eu\/wp-content\/uploads\/2015\/08\/63a1.jpg\"><img loading=\"lazy\" decoding=\"async\" class=\"alignnone wp-image-1180\" src=\"https:\/\/eremos.eu\/wp-content\/uploads\/2015\/08\/63a1-225x300.jpg\" alt=\"63a\" width=\"210\" height=\"280\" srcset=\"https:\/\/eremos.eu\/wp-content\/uploads\/2015\/08\/63a1-225x300.jpg 225w, https:\/\/eremos.eu\/wp-content\/uploads\/2015\/08\/63a1.jpg 420w\" sizes=\"auto, (max-width: 210px) 100vw, 210px\" \/><\/a><\/p>\n<hr \/>\n<p style=\"text-align: justify;\"><strong><a href=\"https:\/\/eremos.eu\/wp-content\/uploads\/2015\/08\/64a7.jpg\"><img loading=\"lazy\" decoding=\"async\" class=\"alignright wp-image-5340\" src=\"https:\/\/eremos.eu\/wp-content\/uploads\/2015\/08\/64a7-225x300.jpg\" alt=\"64a\" width=\"195\" height=\"260\" srcset=\"https:\/\/eremos.eu\/wp-content\/uploads\/2015\/08\/64a7-225x300.jpg 225w, https:\/\/eremos.eu\/wp-content\/uploads\/2015\/08\/64a7.jpg 760w\" sizes=\"auto, (max-width: 195px) 100vw, 195px\" \/><\/a>GROTTA DI SAN CATELLO<\/strong> (Romitorio rupestre &#8211; VI secolo)<\/p>\n<p style=\"text-align: justify;\">Localit\u00e0: <strong>Castellammare di Stabia<\/strong> (NA)<\/p>\n<p style=\"text-align: justify;\">La grotta di San Catello o degli Eremiti \u00e8 l\u2019inospitale ed inaccessibile spelonca che si apre sulla dirupante parete del monte Molare, una delle creste del Faito, dove intorno al VI secolo si sono ritirati in preghiera e <a href=\"https:\/\/eremos.eu\/wp-content\/uploads\/2015\/08\/6412.jpg\"><img loading=\"lazy\" decoding=\"async\" class=\"alignleft wp-image-5341\" src=\"https:\/\/eremos.eu\/wp-content\/uploads\/2015\/08\/6412-300x225.jpg\" alt=\"64\" width=\"287\" height=\"215\" srcset=\"https:\/\/eremos.eu\/wp-content\/uploads\/2015\/08\/6412-300x225.jpg 300w, https:\/\/eremos.eu\/wp-content\/uploads\/2015\/08\/6412.jpg 838w\" sizes=\"auto, (max-width: 287px) 100vw, 287px\" \/><\/a>penitenza i due beati Antonino e Catello, vescovo di Stabia. Il luogo \u00e8 fortemente segnato dalla presenza e dal culto micaelico: come la \u201cciampa del diavolo\u201d, l\u2019orma lasciata sulla roccia dal diavolo messo in fuga da san Michele perch\u00e9 osava tentare i due beati; l\u201dacqua santa\u201d, che sgorga da una fenditura nella pietra provocata dalla lancia scagliata dall\u2019Arcangelo contro lo stesso diavolo; la <i>porta c<\/i><i>\u0153<\/i><i>li<\/i>, il luogo dove sarebbe morto il Santo vescovo.<\/p>\n<hr \/>\n<p style=\"text-align: justify;\"><strong>GROTTA DI SANT&#8217;ALFERIO<\/strong> (Cappella-romitorio rupestre &#8211; XI secolo)<\/p>\n<p style=\"text-align: justify;\">Localit\u00e0: <strong>Cava de&#8217; Tirreni<\/strong> (SA)<\/p>\n<p style=\"text-align: justify;\">La grotta di Sant\u2019Alferio o della Santa Roccia \u00e8 la grande cavit\u00e0 che un tempo si apriva nella valle Metelliana, nei pressi del ruscello Selano, dove il Santo nel 1011 si ritir\u00f2 a vita eremitica. Secondo la tradizione, proprio qui la Santissima Trinit\u00e0, sotto forma di raggi luminosi che si dipartivano da un unico punto della roccia, \u00e8 apparsa pi\u00f9 volte al Santo destinato a fondare l\u2019omonima badia, uno dei capisaldi benedettini della cristianit\u00e0 medievale. La grotta-cappella si trova accorpata nella parte antica dell\u2019abbazia benedettina cavense.<\/p>\n<p><a href=\"https:\/\/eremos.eu\/wp-content\/uploads\/2015\/08\/6510.jpg\"><img loading=\"lazy\" decoding=\"async\" class=\"alignleft size-medium wp-image-5342\" src=\"https:\/\/eremos.eu\/wp-content\/uploads\/2015\/08\/6510-226x300.jpg\" alt=\"65\" width=\"226\" height=\"300\" srcset=\"https:\/\/eremos.eu\/wp-content\/uploads\/2015\/08\/6510-226x300.jpg 226w, https:\/\/eremos.eu\/wp-content\/uploads\/2015\/08\/6510.jpg 376w\" sizes=\"auto, (max-width: 226px) 100vw, 226px\" \/><\/a><\/p>\n<p style=\"text-align: justify;\"><a href=\"https:\/\/eremos.eu\/wp-content\/uploads\/2015\/08\/65a6.jpg\"><img loading=\"lazy\" decoding=\"async\" class=\"size-medium wp-image-5343 alignnone\" src=\"https:\/\/eremos.eu\/wp-content\/uploads\/2015\/08\/65a6-253x300.jpg\" alt=\"65a\" width=\"253\" height=\"300\" srcset=\"https:\/\/eremos.eu\/wp-content\/uploads\/2015\/08\/65a6-253x300.jpg 253w, https:\/\/eremos.eu\/wp-content\/uploads\/2015\/08\/65a6.jpg 597w\" sizes=\"auto, (max-width: 253px) 100vw, 253px\" \/><\/a><\/p>\n<hr \/>\n<p style=\"text-align: justify;\"><strong>GROTTA DI SAN BENEDETTO<\/strong> (Cappella rupestre &#8211; VIII-IX secolo)<\/p>\n<p style=\"text-align: justify;\">Localit\u00e0: <strong>Lettere<\/strong> (NA) \u00a0 \u00a0 \u00a0 \u00a0 \u00a0 \u00a0 \u00a0 \u00a0 \u00a0 \u00a0 \u00a0 \u00a0 \u00a0 \u00a0 \u00a0 \u00a0 \u00a0 \u00a0 \u00a0 \u00a0 \u00a0 \u00a0 \u00a0 \u00a0 \u00a0 \u00a0 Sub-area: <span style=\"color: #0000ff;\">Parco Regionale dei Monti Lattari<\/span><\/p>\n<p style=\"text-align: justify;\"><a href=\"https:\/\/eremos.eu\/wp-content\/uploads\/2015\/08\/6611.jpg\"><img loading=\"lazy\" decoding=\"async\" class=\"alignright size-medium wp-image-5346\" src=\"https:\/\/eremos.eu\/wp-content\/uploads\/2015\/08\/6611-300x183.jpg\" alt=\"66\" width=\"300\" height=\"183\" srcset=\"https:\/\/eremos.eu\/wp-content\/uploads\/2015\/08\/6611-300x183.jpg 300w, https:\/\/eremos.eu\/wp-content\/uploads\/2015\/08\/6611.jpg 947w\" sizes=\"auto, (max-width: 300px) 100vw, 300px\" \/><\/a>La grotta di San Benedetto, che si apre sulla parete della grande falesia che sovrasta l\u2019abitato di Lettere, ospita una piccola cappella rupestre con all\u2019interno quel che rimane di un affresco di presumibile et\u00e0 medievale. La grotta ormai in stato di abbandono \u00e8 ancora oggi un luogo di culto e venerazione da parte dei locali giacch\u00e9 la tradizione vuole che sia stata abitata da monaci eremiti benedettini, al punto da far assumere all\u2019intera falesia o (in vernacolo) \u201cvena perciata\u201d la denominazione di \u201cvena di san Benedetto\u201d.<\/p>\n<p><a href=\"https:\/\/eremos.eu\/wp-content\/uploads\/2015\/08\/66a2.jpg\"><img loading=\"lazy\" decoding=\"async\" class=\"alignleft wp-image-1190 size-medium\" src=\"https:\/\/eremos.eu\/wp-content\/uploads\/2015\/08\/66a2-300x177.jpg\" alt=\"66a\" width=\"300\" height=\"177\" srcset=\"https:\/\/eremos.eu\/wp-content\/uploads\/2015\/08\/66a2-300x177.jpg 300w, https:\/\/eremos.eu\/wp-content\/uploads\/2015\/08\/66a2.jpg 944w\" sizes=\"auto, (max-width: 300px) 100vw, 300px\" \/><\/a><a href=\"https:\/\/eremos.eu\/wp-content\/uploads\/2015\/08\/66b2.jpg\"><img loading=\"lazy\" decoding=\"async\" class=\" wp-image-1191 alignnone\" src=\"https:\/\/eremos.eu\/wp-content\/uploads\/2015\/08\/66b2-300x184.jpg\" alt=\"66b\" width=\"289\" height=\"177\" srcset=\"https:\/\/eremos.eu\/wp-content\/uploads\/2015\/08\/66b2-300x184.jpg 300w, https:\/\/eremos.eu\/wp-content\/uploads\/2015\/08\/66b2.jpg 944w\" sizes=\"auto, (max-width: 289px) 100vw, 289px\" \/><\/a><\/p>\n<hr \/>\n<p style=\"text-align: justify;\"><strong>CHIESA DI SANT&#8217;ANGELO IN GROTTA<\/strong> (Ex chiesa rupestre &#8211; XI secolo)<\/p>\n<p style=\"text-align: justify;\">Localit\u00e0: <strong>Nocera Inferiore<\/strong> (SA) \u00a0 \u00a0 \u00a0 \u00a0 \u00a0 \u00a0 \u00a0 \u00a0 \u00a0 \u00a0\u00a0Sub-area: <span style=\"color: #0000ff;\">Parco Regionale dei Monti Lattari<\/span><\/p>\n<p style=\"text-align: justify;\"><a href=\"https:\/\/eremos.eu\/wp-content\/uploads\/2015\/08\/677.jpg\"><img loading=\"lazy\" decoding=\"async\" class=\"alignleft size-medium wp-image-5347\" src=\"https:\/\/eremos.eu\/wp-content\/uploads\/2015\/08\/677-300x201.jpg\" alt=\"67\" width=\"300\" height=\"201\" srcset=\"https:\/\/eremos.eu\/wp-content\/uploads\/2015\/08\/677-300x201.jpg 300w, https:\/\/eremos.eu\/wp-content\/uploads\/2015\/08\/677.jpg 679w\" sizes=\"auto, (max-width: 300px) 100vw, 300px\" \/><\/a>La\u00a0chiesa di Sant&#8217;Angelo in Grotta, a ridosso di un\u2019ampia grotta che si apre sul monte Albino, si trova all\u2019interno dell\u2019abitato di Nocera Inferiore. L\u2019edificio religioso viene realizzato tra il 1080 ed il 1086 inizialmente con funzione di ospizio del vicino monastero della Trinit\u00e0 di Cava de\u2019 Tirreni e solo, qualche secolo pi\u00f9 avanti, nel 1507, allorquando dovr\u00e0 ospitare i monaci in fuga dall\u2019abbazia cavense, acquisir\u00e0 quella di vero e proprio monastero. La chiesa \u00e8 a tre navate e presenta una struttura quadrata con quattro colonne che reggono le arcate a tutto sesto ed un portale d&#8217;ingresso, in tufo grigio nocerino, ricavato da un arco ogivale. L\u2019accesso alla grotta \u00e8 invece consentito dal giardino esterno adiacente alla struttura. Attualmente il luogo, sconsacrato, \u00e8 sede di un ristorante di lusso.<\/p>\n<hr \/>\n<h3 style=\"text-align: justify;\"><span style=\"color: #0000ff;\"><strong>PIANA DEL GARIGLIANO<\/strong><\/span><\/h3>\n<p style=\"text-align: justify;\"><strong>EREMO DI SAN MARTINO<\/strong> (Ruderi di cenobio rupestre &#8211; VI secolo)<\/p>\n<p style=\"text-align: justify;\">Localit\u00e0: <strong>Sessa Aurunca<\/strong> (CE)<\/p>\n<p style=\"text-align: justify;\">Sub-area: <span style=\"color: #0000ff;\">Parco Regionale di Roccamonfina-Foce Garigliano<a href=\"https:\/\/eremos.eu\/wp-content\/uploads\/2015\/08\/68b2.jpg\"><img loading=\"lazy\" decoding=\"async\" class=\"alignright wp-image-1193\" src=\"https:\/\/eremos.eu\/wp-content\/uploads\/2015\/08\/68b2-193x300.jpg\" alt=\"68b\" width=\"186\" height=\"290\" srcset=\"https:\/\/eremos.eu\/wp-content\/uploads\/2015\/08\/68b2-193x300.jpg 193w, https:\/\/eremos.eu\/wp-content\/uploads\/2015\/08\/68b2.jpg 488w\" sizes=\"auto, (max-width: 186px) 100vw, 186px\" \/><\/a><\/span><\/p>\n<p style=\"text-align: justify;\">L\u2019esistenza dell\u2019eremo di San Martino, come monastero di monte Massico, \u00e8 attestata in documenti dei primi anni del\u00a0700, per quanto la sua fondazione sia sicuramente antecedente. Gi\u00e0 nel VI secolo, infatti, si ha notizia di un eremita, che viveva in una grotta del Massico, attorno al quale si era raccolto uno stuolo di discepoli per seguirne le rigide regole di penitenza e privazione.\u00a0A met\u00e0 dell\u2019VIII secolo, il monastero \u00e8 retto da un abate ed esercita una certa autorit\u00e0 in larga parte del territorio; almeno fino a quando non verr\u00e0 assoggettato al monastero di San Vincenzo al Volturno. Poi, nell\u2019XI secolo, in concomitanza con la traslazione del corpo di san Martino a Carinola, il cenobio sar\u00e0 definitivamente abbandonato e fino a noi arriveranno soltanto spezzoni delle mura perimetrali di pietra a secco che danno un\u2019idea assai vaga della primitiva struttura.<\/p>\n<p><a href=\"https:\/\/eremos.eu\/wp-content\/uploads\/2015\/08\/682.jpg\"><img loading=\"lazy\" decoding=\"async\" class=\"alignleft wp-image-1194\" src=\"https:\/\/eremos.eu\/wp-content\/uploads\/2015\/08\/682.jpg\" alt=\"68\" width=\"260\" height=\"194\" \/><\/a><a href=\"https:\/\/eremos.eu\/wp-content\/uploads\/2015\/08\/68a2.jpg\"><img loading=\"lazy\" decoding=\"async\" class=\" wp-image-1195 size-full alignnone\" src=\"https:\/\/eremos.eu\/wp-content\/uploads\/2015\/08\/68a2.jpg\" alt=\"68a\" width=\"258\" height=\"194\" \/><\/a><\/p>\n<hr \/>\n<p style=\"text-align: justify;\"><strong>BASILICHETTA DEI SANTI CASTO E SECONDINO<\/strong> (Chiesa rupestre &#8211; IV-V secolo)<\/p>\n<p style=\"text-align: justify;\"><a href=\"https:\/\/eremos.eu\/wp-content\/uploads\/2015\/08\/698.jpg\"><img loading=\"lazy\" decoding=\"async\" class=\"alignright wp-image-5349\" src=\"https:\/\/eremos.eu\/wp-content\/uploads\/2015\/08\/698-300x209.jpg\" alt=\"69\" width=\"287\" height=\"200\" srcset=\"https:\/\/eremos.eu\/wp-content\/uploads\/2015\/08\/698-300x209.jpg 300w, https:\/\/eremos.eu\/wp-content\/uploads\/2015\/08\/698.jpg 793w\" sizes=\"auto, (max-width: 287px) 100vw, 287px\" \/><\/a>Localit\u00e0: <strong>Sessa Aurunca<\/strong> (CE)<\/p>\n<p style=\"text-align: justify;\">Sub-area: <span style=\"color: #0000ff;\">Parco Regionale di Roccamonfina-Foce Garigliano<\/span><\/p>\n<p style=\"text-align: justify;\"><a href=\"https:\/\/eremos.eu\/wp-content\/uploads\/2015\/08\/69a5.jpg\"><img loading=\"lazy\" decoding=\"async\" class=\"alignleft wp-image-5348\" src=\"https:\/\/eremos.eu\/wp-content\/uploads\/2015\/08\/69a5-225x300.jpg\" alt=\"69a\" width=\"195\" height=\"260\" srcset=\"https:\/\/eremos.eu\/wp-content\/uploads\/2015\/08\/69a5-225x300.jpg 225w, https:\/\/eremos.eu\/wp-content\/uploads\/2015\/08\/69a5.jpg 382w\" sizes=\"auto, (max-width: 195px) 100vw, 195px\" \/><\/a>La basilichetta dei Santi Casto e Secondino, all\u2019interno delle omonime catacombe in una zona collinare a nord-est di Sessa Aurunca denominata appunto \u201cCampo di San Casto o dei morti\u201d, ospita le spoglie mortali dei due Santi martiri vissuti nel III secolo: il primo, vescovo di Sessa, ed il secondo, di Sinuessa. Il piccolo oratorio con affreschi del <i>Redentore<\/i> e di altri santi prospiciente la cripta (<i>martiryum<\/i>) con la tomba dei Santi e l\u2019antica fede delle genti aurunche per il luogo di culto non lasciano dubbi sul fatto che questa sia stata una delle prime chiese paleocristiane (IV-V secolo) della regione.<\/p>\n<hr \/>\n<p style=\"text-align: justify;\"><strong>GROTTA DI SAN MICHELE A GUALANA<\/strong> (Chiesa rupestre &#8211; VIII-IX secolo)<\/p>\n<p style=\"text-align: justify;\"><a href=\"https:\/\/eremos.eu\/wp-content\/uploads\/2015\/08\/7010.jpg\"><img loading=\"lazy\" decoding=\"async\" class=\"alignright size-full wp-image-5350\" src=\"https:\/\/eremos.eu\/wp-content\/uploads\/2015\/08\/7010.jpg\" alt=\"70\" width=\"262\" height=\"194\" \/><\/a>Localit\u00e0: <strong>Fasani di Sessa Aurunca<\/strong> (CE)<\/p>\n<p style=\"text-align: justify;\">Sub-area: <span style=\"color: #0000ff;\">Parco Regionale di Roccamonfina-Foce Garigliano<\/span><\/p>\n<p style=\"text-align: justify;\"><a href=\"https:\/\/eremos.eu\/wp-content\/uploads\/2015\/08\/70d4.jpg\"><img loading=\"lazy\" decoding=\"async\" class=\"alignleft wp-image-5351\" src=\"https:\/\/eremos.eu\/wp-content\/uploads\/2015\/08\/70d4-139x300.jpg\" alt=\"70d\" width=\"130\" height=\"280\" srcset=\"https:\/\/eremos.eu\/wp-content\/uploads\/2015\/08\/70d4-139x300.jpg 139w, https:\/\/eremos.eu\/wp-content\/uploads\/2015\/08\/70d4.jpg 143w\" sizes=\"auto, (max-width: 130px) 100vw, 130px\" \/><\/a>La grotta di San Michele a Gualana si apre nella parete tufacea sulla riva destra del Rio Trabata, a breve distanza dalla strada che collega la via Appia al centro di Fasani. Nonostante la volta sia in parte crollata, si conservano ancora le strutture architettoniche di tre absidiole sulle cui superfici affrescate, grazie ad un recente restauro, si possono riconoscere le figure di san Massimo, della <i>Vergine orante tra i santi Tommaso e Nicola <\/i>e di <i>Cristo benedicente tra san Michele e san Pietro; <\/i>le pitture, tutte di pregevole fattura, sono ascrivibili all\u2019VIII secolo. Il pannello con la Vergine, come indica l\u2019iscrizione votiva, venne commissionato da un sacerdote, a testimonianza che la cavit\u00e0 non faceva parte di un insediamento monastico ma, pi\u00f9 semplicemente, ha svolto la funzione cultuale di cappella a favore della locale comunit\u00e0 rurale.<\/p>\n<p style=\"text-align: justify;\"><a href=\"https:\/\/eremos.eu\/wp-content\/uploads\/2015\/08\/70a8.jpg\"><img loading=\"lazy\" decoding=\"async\" class=\"alignleft wp-image-5950\" src=\"https:\/\/eremos.eu\/wp-content\/uploads\/2015\/08\/70a8.jpg\" alt=\"70a\" width=\"300\" height=\"209\" \/><\/a><\/p>\n<p style=\"text-align: justify;\"><a href=\"https:\/\/eremos.eu\/wp-content\/uploads\/2015\/08\/70b8.jpg\"><img loading=\"lazy\" decoding=\"async\" class=\"wp-image-5951 alignnone\" src=\"https:\/\/eremos.eu\/wp-content\/uploads\/2015\/08\/70b8-300x226.jpg\" alt=\"70b\" width=\"278\" height=\"209\" srcset=\"https:\/\/eremos.eu\/wp-content\/uploads\/2015\/08\/70b8-300x226.jpg 300w, https:\/\/eremos.eu\/wp-content\/uploads\/2015\/08\/70b8.jpg 448w\" sizes=\"auto, (max-width: 278px) 100vw, 278px\" \/><\/a><\/p>\n<hr \/>\n<p><strong>CHIESA DI SANTA MARIA IN GROTTA<\/strong> (Chiesa rupestre &#8211; XII secolo)<\/p>\n<p>Localit\u00e0: <strong>Rongolise di Sessa Aurunca<\/strong> (CE)<\/p>\n<p>Sub-area: <span style=\"color: #0000ff;\">Parco Regionale di Roccamonfina-Foce Garigliano<\/span><\/p>\n<p style=\"text-align: justify;\"><a href=\"https:\/\/eremos.eu\/wp-content\/uploads\/2015\/08\/rongolise-1.jpg\"><img loading=\"lazy\" decoding=\"async\" class=\"alignleft size-medium wp-image-1212\" src=\"https:\/\/eremos.eu\/wp-content\/uploads\/2015\/08\/rongolise-1-225x300.jpg\" alt=\"rongolise 1\" width=\"225\" height=\"300\" srcset=\"https:\/\/eremos.eu\/wp-content\/uploads\/2015\/08\/rongolise-1-225x300.jpg 225w, https:\/\/eremos.eu\/wp-content\/uploads\/2015\/08\/rongolise-1.jpg 375w\" sizes=\"auto, (max-width: 225px) 100vw, 225px\" \/><\/a>La chiesa di Santa Maria in Grotta, situata su un colle a circa tre chilometri da Sessa Aurunca, \u00e8 costituita da due cavit\u00e0 intercomunicanti ricavate nel banco di tufo oltre ad altri ambienti adiacenti, s\u00ec da formare un vero e proprio complesso rupestre. A differenza di altre grotte, come ad esempio quelle di Calvi, queste risultano, per\u00f2, collegate ad un sovrastante edificio in muratura che ha svolto funzione di romitorio fino agli inizi del Novecento. L\u2019invaso principale, a pianta rettangolare, consta di due ambienti, di diverso livello ed in origine separati, che sono stati messi in comunicazione nel 1691, modificando la parete di fondo dell\u2019invaso principale per creare un nuovo altare ed una lunetta con la <i>Vergine tra i santi Stefano e Girolamo<\/i>. Nella seconda met\u00e0 del XII secolo sulla parete orientale dell\u2019invaso principale \u00e8 stata affrescata una <i>Dormitio Virginis <\/i>che denuncia una visibile influenza bizantina e contraddistingue questa chiesa dagli altri luoghi di culto <i>in rupe <\/i>della regione. Sulle pareti laterali dell\u2019invaso principale, tra la fine del XII e la prima met\u00e0 del XIII secolo, sono state eseguiti alcuni pannelli con immagini di santi e della Vergine. Nella grotta di Rongolise, oltre ad una scala, una cisterna ed un acquedotto, \u00e8 presente anche una vasca, dotata di due gradini per la discesa ed un invaso circolare sul fondo che, per la forma e la vicinanza ad una nicchia decorata con una croce in rilievo, \u00e8 stata identificata con un fonte battesimale, sebbene la cerimonia del battesimo non sia stata solitamente praticata nelle chiese rupestri.<\/p>\n<p><a href=\"https:\/\/eremos.eu\/wp-content\/uploads\/2015\/08\/714.jpg\"><img loading=\"lazy\" decoding=\"async\" class=\"alignleft wp-image-1207 size-medium\" src=\"https:\/\/eremos.eu\/wp-content\/uploads\/2015\/08\/714-300x223.jpg\" alt=\"71\" width=\"300\" height=\"223\" srcset=\"https:\/\/eremos.eu\/wp-content\/uploads\/2015\/08\/714-300x223.jpg 300w, https:\/\/eremos.eu\/wp-content\/uploads\/2015\/08\/714.jpg 793w\" sizes=\"auto, (max-width: 300px) 100vw, 300px\" \/><\/a><a href=\"https:\/\/eremos.eu\/wp-content\/uploads\/2015\/08\/71b1.jpg\"><img loading=\"lazy\" decoding=\"async\" class=\" size-medium wp-image-1208 alignnone\" src=\"https:\/\/eremos.eu\/wp-content\/uploads\/2015\/08\/71b1-300x225.jpg\" alt=\"71b\" width=\"300\" height=\"225\" srcset=\"https:\/\/eremos.eu\/wp-content\/uploads\/2015\/08\/71b1-300x225.jpg 300w, https:\/\/eremos.eu\/wp-content\/uploads\/2015\/08\/71b1-1024x767.jpg 1024w, https:\/\/eremos.eu\/wp-content\/uploads\/2015\/08\/71b1.jpg 1194w\" sizes=\"auto, (max-width: 300px) 100vw, 300px\" \/><\/a><\/p>\n<p><a href=\"https:\/\/eremos.eu\/wp-content\/uploads\/2015\/08\/71c1.jpg\"><img loading=\"lazy\" decoding=\"async\" class=\"alignleft wp-image-1209\" src=\"https:\/\/eremos.eu\/wp-content\/uploads\/2015\/08\/71c1-300x222.jpg\" alt=\"71c\" width=\"300\" height=\"222\" srcset=\"https:\/\/eremos.eu\/wp-content\/uploads\/2015\/08\/71c1-300x222.jpg 300w, https:\/\/eremos.eu\/wp-content\/uploads\/2015\/08\/71c1.jpg 402w\" sizes=\"auto, (max-width: 300px) 100vw, 300px\" \/><\/a><\/p>\n<p><a href=\"https:\/\/eremos.eu\/wp-content\/uploads\/2015\/08\/rongolise1.jpg\"><img loading=\"lazy\" decoding=\"async\" class=\" wp-image-1211 alignnone\" src=\"https:\/\/eremos.eu\/wp-content\/uploads\/2015\/08\/rongolise1-300x212.jpg\" alt=\"rongolise\" width=\"314\" height=\"222\" srcset=\"https:\/\/eremos.eu\/wp-content\/uploads\/2015\/08\/rongolise1-300x212.jpg 300w, https:\/\/eremos.eu\/wp-content\/uploads\/2015\/08\/rongolise1.jpg 1024w\" sizes=\"auto, (max-width: 314px) 100vw, 314px\" \/><\/a><\/p>\n<p><a href=\"https:\/\/eremos.eu\/wp-content\/uploads\/2015\/08\/71a2.jpg\"><img loading=\"lazy\" decoding=\"async\" class=\"alignleft wp-image-1205\" src=\"https:\/\/eremos.eu\/wp-content\/uploads\/2015\/08\/71a2-253x300.jpg\" alt=\"71a\" width=\"232\" height=\"275\" srcset=\"https:\/\/eremos.eu\/wp-content\/uploads\/2015\/08\/71a2-253x300.jpg 253w, https:\/\/eremos.eu\/wp-content\/uploads\/2015\/08\/71a2.jpg 757w\" sizes=\"auto, (max-width: 232px) 100vw, 232px\" \/><\/a><\/p>\n<p><a href=\"https:\/\/eremos.eu\/wp-content\/uploads\/2015\/08\/71e1.jpg\"><img loading=\"lazy\" decoding=\"async\" class=\"alignleft wp-image-1204\" src=\"https:\/\/eremos.eu\/wp-content\/uploads\/2015\/08\/71e1-191x300.jpg\" alt=\"71e\" width=\"175\" height=\"275\" srcset=\"https:\/\/eremos.eu\/wp-content\/uploads\/2015\/08\/71e1-191x300.jpg 191w, https:\/\/eremos.eu\/wp-content\/uploads\/2015\/08\/71e1.jpg 510w\" sizes=\"auto, (max-width: 175px) 100vw, 175px\" \/><\/a><\/p>\n<p><img loading=\"lazy\" decoding=\"async\" class=\" alignnone wp-image-1206\" src=\"https:\/\/eremos.eu\/wp-content\/uploads\/2015\/08\/71d1-258x300.jpg\" alt=\"71d\" width=\"237\" height=\"275\" srcset=\"https:\/\/eremos.eu\/wp-content\/uploads\/2015\/08\/71d1-258x300.jpg 258w, https:\/\/eremos.eu\/wp-content\/uploads\/2015\/08\/71d1.jpg 400w\" sizes=\"auto, (max-width: 237px) 100vw, 237px\" \/><\/p>\n<hr \/>\n<h3><span style=\"color: #0000ff;\"><strong>PIANURA CAMPANA<\/strong><\/span><\/h3>\n<p><strong>EREMO DI SANTA MARIA DI PIETRA SPACCATA<\/strong> (Chiesa-romitorio rupestre &#8211; VIII-IX secolo)<\/p>\n<p>Localit\u00e0: <strong>Marano di Napoli<\/strong> (NA)<\/p>\n<p style=\"text-align: justify;\"><a href=\"https:\/\/eremos.eu\/wp-content\/uploads\/2015\/08\/72a2.jpg\"><img loading=\"lazy\" decoding=\"async\" class=\"alignleft wp-image-1215\" src=\"https:\/\/eremos.eu\/wp-content\/uploads\/2015\/08\/72a2-300x224.jpg\" alt=\"72a\" width=\"315\" height=\"235\" srcset=\"https:\/\/eremos.eu\/wp-content\/uploads\/2015\/08\/72a2-300x224.jpg 300w, https:\/\/eremos.eu\/wp-content\/uploads\/2015\/08\/72a2.jpg 853w\" sizes=\"auto, (max-width: 315px) 100vw, 315px\" \/><\/a>L\u2019eremo rupestre di Santa Maria di Pietra Spaccata, scavato nel banco tufaceo della montagna omonima, nella boscaglia della masseria Faragnano, rappresenta un <i>un<\/i>i<i>cum<\/i> archeo-architettonico per la Campania. Nonostante le forti manomissioni, subite soprattutto nel XVII secolo, lo sviluppo su pi\u00f9 livelli delle sue grotte evidenzia la chiara traccia di un primitivo insediamento rupestre risalente al neolitico, come attesterebbero anche i diversi utensili litici rinvenuti in loco. Nell\u2019alto-medioevo il luogo di culto viene probabilmente utilizzato come laura dai monaci basiliani per poi evolversi strutturalmente divenendo un vero e proprio santuario appannaggio della popolazione locale. Con l\u2019inevitabile susseguirsi nel corso del tempo di altri ordini eremitici, come i frati francescani (nell\u2019abside \u00e8 tutt\u2019ora affrescata una <i>Madonna con Bambino e frati adoranti <\/i>dall\u2019inequivocabile gusto giottesco), i gesuiti ed ancora altri, si arriva al 1800, data che coincide con il suo inesorabile abbandono ed il conseguente, pernicioso degrado. La chiesa conserva l\u2019impianto a navata unica con due profonde nicchie laterali ed abside semicircolare, ed un mosaico pavimentale che ne fa supporre la realizzazione nella tarda antichit\u00e0: ipotesi peraltro suffragata dall\u2019individuazione di alcuni siti di et\u00e0 romana nei dintorni della chiesa.<\/p>\n<p style=\"text-align: justify;\"><a href=\"https:\/\/eremos.eu\/wp-content\/uploads\/2015\/08\/722.jpg\"><img loading=\"lazy\" decoding=\"async\" class=\"alignleft wp-image-1213\" src=\"https:\/\/eremos.eu\/wp-content\/uploads\/2015\/08\/722-300x161.jpg\" alt=\"72\" width=\"354\" height=\"190\" srcset=\"https:\/\/eremos.eu\/wp-content\/uploads\/2015\/08\/722-300x161.jpg 300w, https:\/\/eremos.eu\/wp-content\/uploads\/2015\/08\/722.jpg 671w\" sizes=\"auto, (max-width: 354px) 100vw, 354px\" \/><\/a><\/p>\n<p><a href=\"https:\/\/eremos.eu\/wp-content\/uploads\/2015\/08\/72b2.jpg\"><img loading=\"lazy\" decoding=\"async\" class=\"alignnone wp-image-1214\" src=\"https:\/\/eremos.eu\/wp-content\/uploads\/2015\/08\/72b2-300x200.jpg\" alt=\"72b\" width=\"284\" height=\"190\" srcset=\"https:\/\/eremos.eu\/wp-content\/uploads\/2015\/08\/72b2-300x200.jpg 300w, https:\/\/eremos.eu\/wp-content\/uploads\/2015\/08\/72b2.jpg 654w\" sizes=\"auto, (max-width: 284px) 100vw, 284px\" \/><\/a><\/p>\n<hr \/>\n<h3><span style=\"color: #0000ff;\"><strong>SANNIO CAMPANO<\/strong><\/span><\/h3>\n<p><strong>GROTTE DEL BEATO GIOVANNI DA TUFARA<\/strong> (Romitori rupestri &#8211; XII secolo)<\/p>\n<p>Localit\u00e0: <strong>Baselice<\/strong> (BN)<\/p>\n<p style=\"text-align: justify;\"><a href=\"https:\/\/eremos.eu\/wp-content\/uploads\/2015\/08\/73d1.jpg\"><img loading=\"lazy\" decoding=\"async\" class=\"alignleft size-medium wp-image-1220\" src=\"https:\/\/eremos.eu\/wp-content\/uploads\/2015\/08\/73d1-300x228.jpg\" alt=\"73d\" width=\"300\" height=\"228\" srcset=\"https:\/\/eremos.eu\/wp-content\/uploads\/2015\/08\/73d1-300x228.jpg 300w, https:\/\/eremos.eu\/wp-content\/uploads\/2015\/08\/73d1.jpg 336w\" sizes=\"auto, (max-width: 300px) 100vw, 300px\" \/><\/a>Le grotte del Beato Giovanni da Tufara sono le tre cavit\u00e0 che si aprono nella roccia tufacea in un\u2019area della Valfortore denominata Ripa di Troia dove il Santo si sarebbe ritirato a vita eremitica per ben 46 anni, dal 1107 al 1153. La prima, sotto l\u2019altura (il Poggio) vicina alla cappella con la sua statua, contiene un piccolo altare con una Madonnina; nella seconda, pi\u00f9 ampia, una croce si accompagna ad un profondo fossato, protetto da una grata, dove a fine Ottocento venne uccisa e sepolta una donna accusata di stregoneria dall\u2019ignoranza e dalla superstizione di quei tempi; la terza, pi\u00f9 grande delle altre, costituita da due vani con soffitti molto alti, \u00e8 caratterizzata dalla presenza di una croce e di uno scranno scavati nella roccia: segni tipici della presenza eremitica. La parte finale a imbuto di quest\u2019ultima, pure protetta da una grata, si affaccia con un salto di 50 metri su un orrido strapiombante nel sottostante fiume Cervaro.<\/p>\n<p style=\"text-align: justify;\"><a href=\"https:\/\/eremos.eu\/wp-content\/uploads\/2015\/08\/732.jpg\"><img loading=\"lazy\" decoding=\"async\" class=\"alignleft size-full wp-image-1216\" src=\"https:\/\/eremos.eu\/wp-content\/uploads\/2015\/08\/732.jpg\" alt=\"73\" width=\"185\" height=\"250\" \/><\/a><a href=\"https:\/\/eremos.eu\/wp-content\/uploads\/2015\/08\/73a2.jpg\"><img loading=\"lazy\" decoding=\"async\" class=\"alignleft size-full wp-image-1217\" src=\"https:\/\/eremos.eu\/wp-content\/uploads\/2015\/08\/73a2.jpg\" alt=\"73a\" width=\"179\" height=\"249\" \/><\/a><a href=\"https:\/\/eremos.eu\/wp-content\/uploads\/2015\/08\/73b2.jpg\"><img loading=\"lazy\" decoding=\"async\" class=\" size-full wp-image-1218 alignnone\" src=\"https:\/\/eremos.eu\/wp-content\/uploads\/2015\/08\/73b2.jpg\" alt=\"73b\" width=\"175\" height=\"247\" \/><\/a><\/p>\n<hr \/>\n<p><strong>GROTTA DEI SANTI<\/strong> (Chiesa rupestre &#8211; VIII-X secolo)<\/p>\n<p>Localit\u00e0: <strong>Calvi<\/strong> (BN)<\/p>\n<p style=\"text-align: justify;\"><a href=\"https:\/\/eremos.eu\/wp-content\/uploads\/2015\/08\/742.jpg\"><img loading=\"lazy\" decoding=\"async\" class=\"alignleft wp-image-1222\" src=\"https:\/\/eremos.eu\/wp-content\/uploads\/2015\/08\/742.jpg\" alt=\"74\" width=\"210\" height=\"159\" \/><\/a>La grotta dei Santi si apre nella parete tufacea che costeggia il Rio dei Lanzi, in corrispondenza della zona nord-orientale di Cales, l\u2019antica Calvi. Costituita da tre diversi ambienti presenta l\u2019invaso principale, a pianta quadrata, con in fondo un altare; poco oltre un piccolo vano absidato, cui si accedeva grazie ad una scala scavata nel tufo; ed un terzo ambiente, a pianta rettangolare, con <a href=\"https:\/\/eremos.eu\/wp-content\/uploads\/2015\/08\/74d2.jpg\"><img loading=\"lazy\" decoding=\"async\" class=\"alignright size-medium wp-image-5352\" src=\"https:\/\/eremos.eu\/wp-content\/uploads\/2015\/08\/74d2-226x300.jpg\" alt=\"74d\" width=\"226\" height=\"300\" srcset=\"https:\/\/eremos.eu\/wp-content\/uploads\/2015\/08\/74d2-226x300.jpg 226w, https:\/\/eremos.eu\/wp-content\/uploads\/2015\/08\/74d2.jpg 373w\" sizes=\"auto, (max-width: 226px) 100vw, 226px\" \/><\/a>una nicchia sulla parete di sinistra. La configurazione dell\u2019ipogeo, i segni degli strumenti impiegati per l\u2019escavazione e la natura stessa del banco tufaceo non lasciano dubbi sul fatto che si tratti di una cavit\u00e0 artificiale riconducibile all\u2019et\u00e0 preromana o, quantomeno, romana. Ma \u00e8 solo nell\u2019alto-medioevo, in occasione del suo reimpiego cultuale cristiano, che nella parte superiore della parete di fondo viene ricavato il piccolo vano absidato. Ed \u00e8 sempre intorno al X secolo che si possono far risalire gli affreschi pi\u00f9 antichi che ne decorano le pareti; mentre tutti gli altri dipinti sono ascrivibili ad epoche successive che dalla met\u00e0 dell\u2019XI secolo vanno agli inizi del Duecento e oltre. L\u2019impronta inequivocabilmente laica degli affreschi della grotta dei Santi esclude la presenza anche temporanea di eremiti ed attesta, semmai, la mera funzione di oratorio campestre.<\/p>\n<p style=\"text-align: justify;\"><a href=\"https:\/\/eremos.eu\/wp-content\/uploads\/2015\/08\/calvi.jpg\"><img loading=\"lazy\" decoding=\"async\" class=\"alignleft wp-image-1227 size-medium\" src=\"https:\/\/eremos.eu\/wp-content\/uploads\/2015\/08\/calvi-300x225.jpg\" alt=\"calvi\" width=\"300\" height=\"225\" srcset=\"https:\/\/eremos.eu\/wp-content\/uploads\/2015\/08\/calvi-300x225.jpg 300w, https:\/\/eremos.eu\/wp-content\/uploads\/2015\/08\/calvi.jpg 1024w\" sizes=\"auto, (max-width: 300px) 100vw, 300px\" \/><\/a><\/p>\n<p style=\"text-align: justify;\"><a href=\"https:\/\/eremos.eu\/wp-content\/uploads\/2015\/08\/74a1.jpg\"><img loading=\"lazy\" decoding=\"async\" class=\" wp-image-1223 alignnone\" src=\"https:\/\/eremos.eu\/wp-content\/uploads\/2015\/08\/74a1.jpg\" alt=\"74a\" width=\"353\" height=\"225\" \/><\/a><\/p>\n<p style=\"text-align: justify;\"><a href=\"https:\/\/eremos.eu\/wp-content\/uploads\/2015\/08\/74e.jpg\"><img loading=\"lazy\" decoding=\"async\" class=\"alignleft wp-image-1224\" src=\"https:\/\/eremos.eu\/wp-content\/uploads\/2015\/08\/74e.jpg\" alt=\"74e\" width=\"300\" height=\"309\" \/><\/a><\/p>\n<p><a href=\"https:\/\/eremos.eu\/wp-content\/uploads\/2015\/08\/74f.jpg\"><img loading=\"lazy\" decoding=\"async\" class=\"alignnone wp-image-1225\" src=\"https:\/\/eremos.eu\/wp-content\/uploads\/2015\/08\/74f-261x300.jpg\" alt=\"74f\" width=\"269\" height=\"309\" srcset=\"https:\/\/eremos.eu\/wp-content\/uploads\/2015\/08\/74f-261x300.jpg 261w, https:\/\/eremos.eu\/wp-content\/uploads\/2015\/08\/74f.jpg 477w\" sizes=\"auto, (max-width: 269px) 100vw, 269px\" \/><\/a><\/p>\n<hr \/>\n<p><strong>GROTTA DELLE FORMELLE<\/strong> (Chiesa rupestre &#8211; IX-X secolo)<\/p>\n<p>Localit\u00e0: <strong>Calvi<\/strong> (BN)<\/p>\n<p style=\"text-align: justify;\">La grotta delle Formelle (o Fornelle) \u00e8 l\u2019ampio ipogeo scavato nel fianco della parete di tufo, sulla sinistra del Rio dei Lanzi, non lontano da Calvi e dall\u2019antica via Latina. Come gi\u00e0 per la grotta dei Santi, anche questa consta di tre ambienti ed evidenzia l\u2019invaso pi\u00f9 grande, a pianta quadrata, con in fondo una porta che immette in un secondo piccolo vano con soffitto piano, ed un ultimo ambiente, sempre a pianta quadrata con copertura a botte, lungo le cui pareti laterali corre una banchina scavata nel tufo. Le inevitabili analogie con la grotta dei Santi fanno escludere che quella delle Fornelle sia stata realizzata nel medioevo a scopo funerario e successivamente adattata a luogo di culto. Al contrario, \u00e8 assai plausibile che, nella seconda met\u00e0 dell\u2019XI secolo, assieme alla grotta dei Santi, venga trasformata a tutti gli effetti in chiesa rupestre: nell\u2019occasione, affrescando nella parete di fondo dell\u2019invaso principale un\u2019imponente <i>Ascensione<\/i>. Alla fine del XII secolo o alla prima met\u00e0 del Duecento risale, invece, il pannello con i santi Elena e Giovanni Evangelista, dipinto sulla parete destra dell\u2019ambiente principale. Per quanto anche in questo caso, come per la grotta dei Santi, vada escluso l\u2019impiego eremitico dell\u2019ipogeo, non si pu\u00f2 fare a meno di notare che, lo scadimento della funzione cultuale coincida con il suo utilizzo come ricovero di animali, con tutte le deleterie conseguenze.<\/p>\n<p><a href=\"https:\/\/eremos.eu\/wp-content\/uploads\/2015\/08\/752.jpg\"><img loading=\"lazy\" decoding=\"async\" class=\"alignleft wp-image-1228\" src=\"https:\/\/eremos.eu\/wp-content\/uploads\/2015\/08\/752.jpg\" alt=\"75\" width=\"200\" height=\"285\" \/><\/a><a href=\"https:\/\/eremos.eu\/wp-content\/uploads\/2015\/08\/75a1.jpg\"><img loading=\"lazy\" decoding=\"async\" class=\"alignleft wp-image-1229\" src=\"https:\/\/eremos.eu\/wp-content\/uploads\/2015\/08\/75a1-233x300.jpg\" alt=\"75a\" width=\"221\" height=\"285\" srcset=\"https:\/\/eremos.eu\/wp-content\/uploads\/2015\/08\/75a1-233x300.jpg 233w, https:\/\/eremos.eu\/wp-content\/uploads\/2015\/08\/75a1.jpg 485w\" sizes=\"auto, (max-width: 221px) 100vw, 221px\" \/><\/a><\/p>\n<p><a href=\"https:\/\/eremos.eu\/wp-content\/uploads\/2015\/08\/75b1.jpg\"><img loading=\"lazy\" decoding=\"async\" class=\" wp-image-1230 alignnone\" src=\"https:\/\/eremos.eu\/wp-content\/uploads\/2015\/08\/75b1.jpg\" alt=\"75b\" width=\"200\" height=\"285\" \/><\/a><\/p>\n<hr \/>\n<p><strong>CAPPELLA DI SANT&#8217;ANGELO IN SASSO<\/strong> (Cappella rupestre &#8211; VIII secolo)<\/p>\n<p>Localit\u00e0: <strong>Cerreto Sannita<\/strong> (BN)<\/p>\n<p style=\"text-align: justify;\"><a href=\"https:\/\/eremos.eu\/wp-content\/uploads\/2015\/08\/76a6.jpg\"><img loading=\"lazy\" decoding=\"async\" class=\"alignright size-full wp-image-5353\" src=\"https:\/\/eremos.eu\/wp-content\/uploads\/2015\/08\/76a6.jpg\" alt=\"76a\" width=\"193\" height=\"245\" \/><\/a><a href=\"https:\/\/eremos.eu\/wp-content\/uploads\/2015\/08\/morgia.jpg\"><img loading=\"lazy\" decoding=\"async\" class=\"alignleft wp-image-5354\" src=\"https:\/\/eremos.eu\/wp-content\/uploads\/2015\/08\/morgia-300x244.jpg\" alt=\"morgia\" width=\"246\" height=\"200\" srcset=\"https:\/\/eremos.eu\/wp-content\/uploads\/2015\/08\/morgia-300x244.jpg 300w, https:\/\/eremos.eu\/wp-content\/uploads\/2015\/08\/morgia-1024x832.jpg 1024w, https:\/\/eremos.eu\/wp-content\/uploads\/2015\/08\/morgia.jpg 1416w\" sizes=\"auto, (max-width: 246px) 100vw, 246px\" \/><\/a>La cappella di Sant\u2019Angelo in Sasso occupa la grotta della leonessa, la cavit\u00e0 naturale che si apre ai piedi della Morgia Sant\u2019Angelo, imponente masso erratico dalle sembianze feline, poco distante da Cerreto Sannita. La grotta della Leonessa, gi\u00e0 abitata sin dalla preistoria, \u00e8 stata adibita a luogo di culto micaelico intorno al 700 dai longobardi. Per quanto ci \u00e8 dato di conoscere, ha svolto le sue naturali funzioni almeno fino al 1524, anno in cui vi fu sepolto il vescovo di Telese, dopodich\u00e9 viene abbandonata e utilizzata fino a pochi decenni fa come ricovero per animali.<\/p>\n<hr \/>\n<p><strong>EREMO DI SAN MICHELE<\/strong> (Chiesa e romitorio rupestre &#8211; X secolo)<\/p>\n<p><a href=\"https:\/\/eremos.eu\/wp-content\/uploads\/2015\/08\/77b8.jpg\"><img loading=\"lazy\" decoding=\"async\" class=\"alignright wp-image-5355\" src=\"https:\/\/eremos.eu\/wp-content\/uploads\/2015\/08\/77b8.jpg\" alt=\"77b\" width=\"145\" height=\"260\" \/><\/a>Localit\u00e0: <strong>Frasso Telesino<\/strong> (BN)<\/p>\n<p>Sub-area: <span style=\"color: #0000ff;\">Parco Regionale del Taburno-Camposauro<\/span><\/p>\n<p style=\"text-align: justify;\">La storia dell\u2019eremo di San Michele di Frasso si perde nella notte dei tempi. E\u2019 assai probabile che la grotta fosse gi\u00e0 un luogo di culto al tempo dei longobardi; la chiesa rupestre, invece, potrebbe essere sorta pi\u00f9 avanti, tra il X ed il XIII secolo, visto che il <a href=\"https:\/\/eremos.eu\/wp-content\/uploads\/2015\/08\/77a7.jpg\"><img loading=\"lazy\" decoding=\"async\" class=\"alignleft size-full wp-image-5356\" src=\"https:\/\/eremos.eu\/wp-content\/uploads\/2015\/08\/77a7.jpg\" alt=\"77a\" width=\"275\" height=\"185\" \/><\/a>primo cenno storico si ha nel 1369. In ogni caso, qualche secolo pi\u00f9 avanti, i gravi danni causati dal terremoto che nel 1688 colpisce l\u2019intera regione spingono un piccolo gruppo di eremiti a prendersene cura, stabilendosi in alcune celle contigue alla chiesa. Di tutto questo, a parte la grotta, restano solo i ruderi di qualche cella e di una torre campanaria in alto alla sovrastante rupe, pure in compagnia della moderna costruzione.<\/p>\n<hr \/>\n<p><strong>GROTTA DI SAN MICHELE ARCANGELO<\/strong> (Santuario rupestre &#8211; XI-XII secolo)<\/p>\n<p>Localit\u00e0: <strong>Curti di Gioia Sannitica<\/strong> (BN)<\/p>\n<p style=\"text-align: justify;\"><a href=\"https:\/\/eremos.eu\/wp-content\/uploads\/2015\/08\/78d1.jpg\"><img loading=\"lazy\" decoding=\"async\" class=\"alignright wp-image-5357\" src=\"https:\/\/eremos.eu\/wp-content\/uploads\/2015\/08\/78d1.jpg\" alt=\"78d\" width=\"179\" height=\"240\" \/><\/a>La grotta di San Michele Arcangelo, situata a 450 metri d\u2019altezza nei pressi della localit\u00e0 di Curti, \u00e8 una piccola chiesa rupestre d&#8217;epoca longobarda. Grazie ad un recente restauro, che ha reso fruibile l\u2019ambiente e leggibili alcuni affreschi che erano coperti da stucchi ridipinti, attualmente la grotta si presenta in un discreto stato di conservazione. All\u2019ingresso l\u2019attenzione \u00e8 subito attratta dalle immagini che ricoprono completamente la parete in alto, con le raffigurazioni interrotte da alcuni buchi e dalla porta d\u2019ingresso alla cavit\u00e0 vera e propria. Al centro della scena \u00e8 dipinta la <i>Madonna orante <\/i>affiancata dall\u2019Arcangelo e da un altro non identificato santo: il tutto di buona fattura e, soprattutto, eseguito ricorrendo ad un cromatismo pittorico di indubbio effetto. Al disopra della porta \u00e8 presente una lunetta, delimitata da una cornice che ricopre quella pi\u00f9 antica, in cui \u00e8 raffigurata la <i>Madonna con Bambino e<\/i> <i>due angeli<\/i>. Alla destra dell\u2019ingresso \u00e8 collocata un\u2019edicola votiva quasi emisferica, anche questa interamente affrescata. Le raffigurazioni della grotta di Curti appartengono assai probabilmente a due differenti mani e, mentre quelle della lunetta sono chiaramente successive, tutte le altre si rifanno sicuramente ad una tradizione bizantina, che trova riferimenti in affreschi della fine dell\u2019XI e del XII secolo nell\u2019area campano-laziale.<\/p>\n<p><a href=\"https:\/\/eremos.eu\/wp-content\/uploads\/2015\/08\/782.jpg\"><img loading=\"lazy\" decoding=\"async\" class=\"alignleft wp-image-1240\" src=\"https:\/\/eremos.eu\/wp-content\/uploads\/2015\/08\/782.jpg\" alt=\"78\" width=\"310\" height=\"210\" \/><\/a><a href=\"https:\/\/eremos.eu\/wp-content\/uploads\/2015\/08\/78a2.jpg\"><img loading=\"lazy\" decoding=\"async\" class=\" wp-image-1241 alignnone\" src=\"https:\/\/eremos.eu\/wp-content\/uploads\/2015\/08\/78a2.jpg\" alt=\"78a\" width=\"310\" height=\"206\" \/><\/a><\/p>\n<p><a href=\"https:\/\/eremos.eu\/wp-content\/uploads\/2015\/08\/78b1.jpg\"><img loading=\"lazy\" decoding=\"async\" class=\"alignleft wp-image-1242\" src=\"https:\/\/eremos.eu\/wp-content\/uploads\/2015\/08\/78b1-300x194.jpg\" alt=\"78b\" width=\"310\" height=\"200\" srcset=\"https:\/\/eremos.eu\/wp-content\/uploads\/2015\/08\/78b1-300x194.jpg 300w, https:\/\/eremos.eu\/wp-content\/uploads\/2015\/08\/78b1.jpg 496w\" sizes=\"auto, (max-width: 310px) 100vw, 310px\" \/><\/a><a href=\"https:\/\/eremos.eu\/wp-content\/uploads\/2015\/08\/78c.jpg\"><img loading=\"lazy\" decoding=\"async\" class=\" wp-image-1243 alignnone\" src=\"https:\/\/eremos.eu\/wp-content\/uploads\/2015\/08\/78c-300x194.jpg\" alt=\"78c\" width=\"309\" height=\"200\" srcset=\"https:\/\/eremos.eu\/wp-content\/uploads\/2015\/08\/78c-300x194.jpg 300w, https:\/\/eremos.eu\/wp-content\/uploads\/2015\/08\/78c.jpg 501w\" sizes=\"auto, (max-width: 309px) 100vw, 309px\" \/><\/a><\/p>\n<hr \/>\n<p><strong><a href=\"https:\/\/eremos.eu\/wp-content\/uploads\/2015\/08\/79a6.jpg\"><img loading=\"lazy\" decoding=\"async\" class=\"alignright wp-image-5359\" src=\"https:\/\/eremos.eu\/wp-content\/uploads\/2015\/08\/79a6-225x300.jpg\" alt=\"79a\" width=\"206\" height=\"275\" srcset=\"https:\/\/eremos.eu\/wp-content\/uploads\/2015\/08\/79a6-225x300.jpg 225w, https:\/\/eremos.eu\/wp-content\/uploads\/2015\/08\/79a6.jpg 239w\" sizes=\"auto, (max-width: 206px) 100vw, 206px\" \/><\/a>GROTTA DI SANTA LUCIA<\/strong> (Cappella rupestre &#8211; XVII secolo)<\/p>\n<p>Localit\u00e0: <strong>Sassinoro<\/strong> (BN)<\/p>\n<p style=\"text-align: justify;\">La grotta di Santa Lucia, situata al livello sottostante dell\u2019omonimo santuario, <a href=\"https:\/\/eremos.eu\/wp-content\/uploads\/2015\/08\/797.jpg\"><img loading=\"lazy\" decoding=\"async\" class=\"alignleft size-medium wp-image-5360\" src=\"https:\/\/eremos.eu\/wp-content\/uploads\/2015\/08\/797-300x224.jpg\" alt=\"79\" width=\"300\" height=\"224\" srcset=\"https:\/\/eremos.eu\/wp-content\/uploads\/2015\/08\/797-300x224.jpg 300w, https:\/\/eremos.eu\/wp-content\/uploads\/2015\/08\/797.jpg 320w\" sizes=\"auto, (max-width: 300px) 100vw, 300px\" \/><\/a>secondo la tradizione, \u00e8 il luogo dove nel XVII secolo la Santa sarebbe apparsa assieme a san Michele ad alcuni pastori. Il successivo rinvenimento delle figure dei due santi impresse nella roccia ha reso il luogo cos\u00ec devotamente sacro da erigere un santuario. Fatto curioso, durante i lavori \u00e8 stata rinvenuta una statua bronzea della dea Demetra risalente al III secolo a.C.<\/p>\n<hr \/>\n<h3><span style=\"color: #0000ff;\"><strong>VALLE DEL SARNO<\/strong><\/span><\/h3>\n<p><strong>EREMO DI SANTA MARIA A CASTELLO<\/strong> (Romitorio semirupestre &#8211; VIII secolo)<\/p>\n<p>Localit\u00e0: <strong>Castel San Giorgio<\/strong> (SA)<\/p>\n<p style=\"text-align: justify;\"><a href=\"https:\/\/eremos.eu\/wp-content\/uploads\/2015\/08\/808.jpg\"><img loading=\"lazy\" decoding=\"async\" class=\"alignright size-full wp-image-5361\" src=\"https:\/\/eremos.eu\/wp-content\/uploads\/2015\/08\/808.jpg\" alt=\"80\" width=\"298\" height=\"169\" \/><\/a>La storia dell\u2019eremo di Santa Maria a Castello ha origine tra il 758 ed il 786, quando il principe longobardo Arechi di Benevento decide di far costruire una fortezza sulle rovine dell\u2019antico <i>castrum augusti<\/i>, in aggiunta alla nutrita sequela di castelli che assicuravano il controllo dell\u2019intero principato beneventano. Pi\u00f9 avanti, in coincidenza con la caduta dell&#8217;ultimo principe longobardo Gisulfo, l&#8217;antico castello si trova a perdere la primaria funzione militare e nel 1081 viene donato alla badia benedettina di Cava de\u2019 Tirreni. Dopo circa un secolo di parziale abbandono e ridotto al solo romitaggio, il castello viene affidato ai padri bianchi della vicina Badia di Mater Domini\u00a0per arrivare alla fine del Duecento, con l\u2019abate Giovanni, alla vera e propria fondazione dell&#8217;eremo di Santa Maria a Castello. Dopo circa tre secoli, nel 1575 l\u2019eremo passa\u00a0poi alla cura dei francescani conventuali, almeno fino alle soppressioni napoleoniche emanate da Murat. Dopo questa breve parentesi, torna di nuovo alle dipendenze della badia benedettina di Cava de\u2019 Tirreni e solo nel 1856, in seguito ad un apposito consiglio ecclesiastico tenutosi in uno dei saloni del signorile palazzo Lanzara, ne viene sancita la piena competenza a favore della locale parrocchia di San Biagio.<\/p>\n<hr \/>\n<h3><span style=\"color: #0000ff;\"><strong>VALLE DEL SELE<\/strong><\/span><\/h3>\n<p><strong>CHIESA DELLA MADONNA DEL FIUME<\/strong> (Chiesa rupestre &#8211; XIV secolo)<\/p>\n<p><a href=\"https:\/\/eremos.eu\/wp-content\/uploads\/2015\/08\/8117.jpg\"><img loading=\"lazy\" decoding=\"async\" class=\"alignright size-medium wp-image-5362\" src=\"https:\/\/eremos.eu\/wp-content\/uploads\/2015\/08\/8117-225x300.jpg\" alt=\"81\" width=\"225\" height=\"300\" srcset=\"https:\/\/eremos.eu\/wp-content\/uploads\/2015\/08\/8117-225x300.jpg 225w, https:\/\/eremos.eu\/wp-content\/uploads\/2015\/08\/8117.jpg 600w\" sizes=\"auto, (max-width: 225px) 100vw, 225px\" \/><\/a>Localit\u00e0: <strong>Calabritto<\/strong> (AV)<\/p>\n<p>Sub-area: <span style=\"color: #0000ff;\">Parco Regionale dei Monti Picentini<\/span><\/p>\n<p style=\"text-align: justify;\">La chiesa della Madonna del Fiume \u00e8 suggestivamente posta all\u2019interno di un\u2019ampia cavit\u00e0 carsica, ricca di stalattiti e di concrezioni calcaree da cui continuano a stillare gocce d\u2019acqua, che si apre in una parete rocciosa alle falde del monte Cervialto, oltre il vallone del Lupolo. Qualcuno l\u2019ha definita la \u201cmesa verde\u201d d\u2019Irpinia giacch\u00e9, per certi versi, la costruzione con l\u2019enorme muro in pietra richiama alla mente le umili chiese messicane. All\u2019interno un semplice altare con una modesta nicchia della Madonna del Fiume e poco avanti, alla sua destra, un piccolo vano con una pietra a forma di capezzolo di mammella da cui, per tradizione, le puerpere succhiano il cosiddetto \u201clatte della Madonna\u201d.<\/p>\n<p style=\"text-align: justify;\"><a href=\"https:\/\/eremos.eu\/wp-content\/uploads\/2015\/08\/81a8.jpg\"><img loading=\"lazy\" decoding=\"async\" class=\"alignleft wp-image-5363 size-medium\" src=\"https:\/\/eremos.eu\/wp-content\/uploads\/2015\/08\/81a8-300x227.jpg\" alt=\"81a\" width=\"300\" height=\"227\" srcset=\"https:\/\/eremos.eu\/wp-content\/uploads\/2015\/08\/81a8-300x227.jpg 300w, https:\/\/eremos.eu\/wp-content\/uploads\/2015\/08\/81a8.jpg 784w\" sizes=\"auto, (max-width: 300px) 100vw, 300px\" \/><\/a><\/p>\n<p style=\"text-align: justify;\"><a href=\"https:\/\/eremos.eu\/wp-content\/uploads\/2015\/08\/81b6.jpg\"><img loading=\"lazy\" decoding=\"async\" class=\"alignnone wp-image-5364\" src=\"https:\/\/eremos.eu\/wp-content\/uploads\/2015\/08\/81b6-300x224.jpg\" alt=\"81b\" width=\"303\" height=\"227\" srcset=\"https:\/\/eremos.eu\/wp-content\/uploads\/2015\/08\/81b6-300x224.jpg 300w, https:\/\/eremos.eu\/wp-content\/uploads\/2015\/08\/81b6.jpg 548w\" sizes=\"auto, (max-width: 303px) 100vw, 303px\" \/><\/a><\/p>\n<hr \/>\n<p><strong>GROTTA DELL&#8217;ANGELO<\/strong> (Santuario rupestre &#8211; VIII-IX secolo)<\/p>\n<p>Localit\u00e0: <strong>Calabritto<\/strong> (AV) \u00a0 \u00a0 \u00a0 \u00a0 \u00a0 \u00a0 \u00a0 \u00a0 \u00a0 \u00a0 \u00a0 \u00a0 \u00a0Sub-area: <span style=\"color: #0000ff;\">Parco Regionale dei Monti Picentini<\/span><\/p>\n<p style=\"text-align: justify;\">Sulla costa della montagna che fa da sfondo alla piazza centrale di Calabritto c\u2019\u00e8 una cavit\u00e0 naturale che dagli abitanti viene da sempre chiamata \u201cgrotta dell\u2019Angelo\u201d. Come in tutti i luoghi vocati al culto micaelico, nella parete di fondo \u00e8 collocato un altarino ai cui piedi sgorga una sorgente d\u2019acqua, mentre sulla rustica volta \u00e8 raffigurato un angelo con le ali spiegate.<\/p>\n<p style=\"text-align: justify;\"><a href=\"https:\/\/eremos.eu\/wp-content\/uploads\/2015\/08\/822.jpg\"><img loading=\"lazy\" decoding=\"async\" class=\"alignleft size-medium wp-image-1252\" src=\"https:\/\/eremos.eu\/wp-content\/uploads\/2015\/08\/822-300x225.jpg\" alt=\"82\" width=\"300\" height=\"225\" srcset=\"https:\/\/eremos.eu\/wp-content\/uploads\/2015\/08\/822-300x225.jpg 300w, https:\/\/eremos.eu\/wp-content\/uploads\/2015\/08\/822.jpg 812w\" sizes=\"auto, (max-width: 300px) 100vw, 300px\" \/><\/a><a href=\"https:\/\/eremos.eu\/wp-content\/uploads\/2015\/08\/82a1.jpg\"><img loading=\"lazy\" decoding=\"async\" class=\" size-medium wp-image-1253 alignnone\" src=\"https:\/\/eremos.eu\/wp-content\/uploads\/2015\/08\/82a1-300x226.jpg\" alt=\"82a\" width=\"300\" height=\"226\" srcset=\"https:\/\/eremos.eu\/wp-content\/uploads\/2015\/08\/82a1-300x226.jpg 300w, https:\/\/eremos.eu\/wp-content\/uploads\/2015\/08\/82a1.jpg 809w\" sizes=\"auto, (max-width: 300px) 100vw, 300px\" \/><\/a><\/p>\n<p><a href=\"https:\/\/eremos.eu\/wp-content\/uploads\/2015\/08\/82b1.jpg\"><img loading=\"lazy\" decoding=\"async\" class=\"alignleft size-medium wp-image-1254\" src=\"https:\/\/eremos.eu\/wp-content\/uploads\/2015\/08\/82b1-300x226.jpg\" alt=\"82b\" width=\"300\" height=\"226\" srcset=\"https:\/\/eremos.eu\/wp-content\/uploads\/2015\/08\/82b1-300x226.jpg 300w, https:\/\/eremos.eu\/wp-content\/uploads\/2015\/08\/82b1.jpg 778w\" sizes=\"auto, (max-width: 300px) 100vw, 300px\" \/><\/a><a href=\"https:\/\/eremos.eu\/wp-content\/uploads\/2015\/08\/82c.jpg\"><img loading=\"lazy\" decoding=\"async\" class=\" size-medium wp-image-1255 alignnone\" src=\"https:\/\/eremos.eu\/wp-content\/uploads\/2015\/08\/82c-300x225.jpg\" alt=\"82c\" width=\"300\" height=\"225\" srcset=\"https:\/\/eremos.eu\/wp-content\/uploads\/2015\/08\/82c-300x225.jpg 300w, https:\/\/eremos.eu\/wp-content\/uploads\/2015\/08\/82c.jpg 809w\" sizes=\"auto, (max-width: 300px) 100vw, 300px\" \/><\/a><\/p>\n<p><a href=\"https:\/\/eremos.eu\/wp-content\/uploads\/2015\/08\/82d.jpg\"><img loading=\"lazy\" decoding=\"async\" class=\"alignleft size-medium wp-image-1256\" src=\"https:\/\/eremos.eu\/wp-content\/uploads\/2015\/08\/82d-300x224.jpg\" alt=\"82d\" width=\"300\" height=\"224\" srcset=\"https:\/\/eremos.eu\/wp-content\/uploads\/2015\/08\/82d-300x224.jpg 300w, https:\/\/eremos.eu\/wp-content\/uploads\/2015\/08\/82d.jpg 812w\" sizes=\"auto, (max-width: 300px) 100vw, 300px\" \/><\/a><a href=\"https:\/\/eremos.eu\/wp-content\/uploads\/2015\/08\/82e.jpg\"><img loading=\"lazy\" decoding=\"async\" class=\" size-medium wp-image-1257 alignnone\" src=\"https:\/\/eremos.eu\/wp-content\/uploads\/2015\/08\/82e-300x225.jpg\" alt=\"82e\" width=\"300\" height=\"225\" srcset=\"https:\/\/eremos.eu\/wp-content\/uploads\/2015\/08\/82e-300x225.jpg 300w, https:\/\/eremos.eu\/wp-content\/uploads\/2015\/08\/82e.jpg 809w\" sizes=\"auto, (max-width: 300px) 100vw, 300px\" \/><\/a><\/p>\n<hr \/>\n<p><strong>GROTTA DI SANTA MARIA DELLA PETRARA<\/strong> (Santuario rupestre &#8211; VIII secolo)<\/p>\n<p>Localit\u00e0: <strong>Castelnuovo di Conza<\/strong> (SA)<\/p>\n<p style=\"text-align: justify;\">La grotta di Santa Maria della Petrara, una delle numerose cavit\u00e0 naturali che caratterizzano la particolare morfologia del promontorio roccioso su cui sorge l\u2019abitato di Castelnuovo di Conza, \u00e8 l\u2019antico luogo di culto che la tradizione accomuna all\u2019apparizione della Madonna ad un abitante locale. Quasi a suffragare la vecchia leggenda un monolito o una sorta di \u201cMadonna delle Colture\u201d protegge non solo l\u2019ingresso della caverna ma la basilica che, intorno al X secolo, le verr\u00e0 dedicata ed il borgo sovrastante.<\/p>\n<p style=\"text-align: justify;\"><a href=\"https:\/\/eremos.eu\/wp-content\/uploads\/2015\/08\/832.jpg\"><img loading=\"lazy\" decoding=\"async\" class=\"alignleft wp-image-1258 size-full\" src=\"https:\/\/eremos.eu\/wp-content\/uploads\/2015\/08\/832.jpg\" alt=\"83\" width=\"240\" height=\"164\" \/><\/a><a href=\"https:\/\/eremos.eu\/wp-content\/uploads\/2015\/08\/83a2.jpg\"><img loading=\"lazy\" decoding=\"async\" class=\" size-full wp-image-1259 alignnone\" src=\"https:\/\/eremos.eu\/wp-content\/uploads\/2015\/08\/83a2.jpg\" alt=\"83a\" width=\"240\" height=\"166\" \/><\/a><\/p>\n<p><a href=\"https:\/\/eremos.eu\/wp-content\/uploads\/2015\/08\/83b1.jpg\"><img loading=\"lazy\" decoding=\"async\" class=\"alignleft size-full wp-image-1260\" src=\"https:\/\/eremos.eu\/wp-content\/uploads\/2015\/08\/83b1.jpg\" alt=\"83b\" width=\"240\" height=\"164\" \/><\/a><a href=\"https:\/\/eremos.eu\/wp-content\/uploads\/2015\/08\/83c.jpg\"><img loading=\"lazy\" decoding=\"async\" class=\" size-full wp-image-1261 alignnone\" src=\"https:\/\/eremos.eu\/wp-content\/uploads\/2015\/08\/83c.jpg\" alt=\"83c\" width=\"239\" height=\"164\" \/><\/a><\/p>\n<hr \/>\n<p><strong><a href=\"https:\/\/eremos.eu\/wp-content\/uploads\/2015\/08\/8410.jpg\"><img loading=\"lazy\" decoding=\"async\" class=\"alignright wp-image-5365\" src=\"https:\/\/eremos.eu\/wp-content\/uploads\/2015\/08\/8410-226x300.jpg\" alt=\"84\" width=\"204\" height=\"270\" srcset=\"https:\/\/eremos.eu\/wp-content\/uploads\/2015\/08\/8410-226x300.jpg 226w, https:\/\/eremos.eu\/wp-content\/uploads\/2015\/08\/8410.jpg 303w\" sizes=\"auto, (max-width: 204px) 100vw, 204px\" \/><\/a>GROTTA DI SAN MICHELE ARCANGELO<\/strong> (Santuario rupestre &#8211; XII secolo)<\/p>\n<p>Localit\u00e0: <strong>Valva<\/strong>\u00a0(SA)<\/p>\n<p style=\"text-align: justify;\">La grotta di San Michele Arcangelo, situata tra le alte creste del monte che sovrasta Valva, \u00e8 la suggestiva chiesa rupestre attestata a partire dal 1108. Chiusa da un alto muro che segue l\u2019andamento curvilineo della roccia e provvisto di un\u2019ampia apertura e di due finestre laterali, la grotta all\u2019interno si presenta lunga e spaziosa con un baldacchino in fondo ad incorniciare l\u2019altare in muratura, decorato nel XVIII secolo, che conserva la statua di san Michele. Nei pressi dell\u2019altare, due grandi vasche scavate nella roccia sono adibite alla raccolta delle acque da stillicidio.<\/p>\n<p><a href=\"https:\/\/eremos.eu\/wp-content\/uploads\/2015\/08\/84c4.jpg\"><img loading=\"lazy\" decoding=\"async\" class=\"alignleft wp-image-5366 size-medium\" src=\"https:\/\/eremos.eu\/wp-content\/uploads\/2015\/08\/84c4-300x175.jpg\" alt=\"84c\" width=\"300\" height=\"175\" srcset=\"https:\/\/eremos.eu\/wp-content\/uploads\/2015\/08\/84c4-300x175.jpg 300w, https:\/\/eremos.eu\/wp-content\/uploads\/2015\/08\/84c4.jpg 399w\" sizes=\"auto, (max-width: 300px) 100vw, 300px\" \/><\/a><\/p>\n<p><a href=\"https:\/\/eremos.eu\/wp-content\/uploads\/2015\/08\/84b5.jpg\"><img loading=\"lazy\" decoding=\"async\" class=\"alignnone wp-image-5367\" src=\"https:\/\/eremos.eu\/wp-content\/uploads\/2015\/08\/84b5.jpg\" alt=\"84b\" width=\"282\" height=\"175\" \/><\/a><\/p>\n<p><a href=\"https:\/\/eremos.eu\/wp-content\/uploads\/2015\/08\/84d3.jpg\"><img loading=\"lazy\" decoding=\"async\" class=\"alignleft wp-image-5369 size-medium\" src=\"https:\/\/eremos.eu\/wp-content\/uploads\/2015\/08\/84d3-300x159.jpg\" alt=\"84d\" width=\"300\" height=\"159\" srcset=\"https:\/\/eremos.eu\/wp-content\/uploads\/2015\/08\/84d3-300x159.jpg 300w, https:\/\/eremos.eu\/wp-content\/uploads\/2015\/08\/84d3.jpg 439w\" sizes=\"auto, (max-width: 300px) 100vw, 300px\" \/><\/a><\/p>\n<p><a href=\"https:\/\/eremos.eu\/wp-content\/uploads\/2015\/08\/84a7.jpg\"><img loading=\"lazy\" decoding=\"async\" class=\"wp-image-5371 alignnone\" src=\"https:\/\/eremos.eu\/wp-content\/uploads\/2015\/08\/84a7-300x167.jpg\" alt=\"84a\" width=\"285\" height=\"159\" srcset=\"https:\/\/eremos.eu\/wp-content\/uploads\/2015\/08\/84a7-300x167.jpg 300w, https:\/\/eremos.eu\/wp-content\/uploads\/2015\/08\/84a7.jpg 434w\" sizes=\"auto, (max-width: 285px) 100vw, 285px\" \/><\/a><\/p>\n<hr \/>\n<h3><span style=\"color: #0000ff;\"><strong>VALLE DEL VOLTURNO<\/strong><\/span><\/h3>\n<p><strong>GROTTA DEI SANTI DONATO E ISIDORO<\/strong> (Cappella rupestre &#8211; XIII secolo)<\/p>\n<p>Localit\u00e0: <strong>Caianello Vecchio di Caianello<\/strong> (CE)<a href=\"https:\/\/eremos.eu\/wp-content\/uploads\/2015\/08\/852.jpg\"><img loading=\"lazy\" decoding=\"async\" class=\"alignright size-medium wp-image-1266\" src=\"https:\/\/eremos.eu\/wp-content\/uploads\/2015\/08\/852-300x200.jpg\" alt=\"85\" width=\"300\" height=\"200\" srcset=\"https:\/\/eremos.eu\/wp-content\/uploads\/2015\/08\/852-300x200.jpg 300w, https:\/\/eremos.eu\/wp-content\/uploads\/2015\/08\/852.jpg 483w\" sizes=\"auto, (max-width: 300px) 100vw, 300px\" \/><\/a><\/p>\n<p style=\"text-align: justify;\">La chiesa rupestre dei Santi Donato e Isidoro si trova a circa due chilometri ad ovest di Caianello Vecchio, all\u2019interno\u00a0della masseria San Donato. Interamente scavata nel banco di arenaria, \u00e8 costituita da un invaso trapezoidale e da una copertura con volta a botte. All\u2019interno, la parete di destra presenta una nicchia, mentre quella di fondo \u00e8 affrescata con l\u2019immagine di <i>Cristo tra i santi Donato e Isidoro <\/i>databile al XV secolo.<\/p>\n<hr \/>\n<p><strong>GROTTA DI SAN MICHELE<\/strong> (Santuario rupestre &#8211; XV secolo)<\/p>\n<p>Localit\u00e0: <strong>Camigliano<\/strong> (CE)<\/p>\n<p style=\"text-align: justify;\">La grotta di San Michele o Sant\u2019Angelo ad Gruttam si apre sul versante meridionale del monte Maggiore, non lontana\u00a0dai resti di quella che un tempo \u00e8 stata la \u201cvilla camilliana\u201d del nobile romano Lucio Paolo Fabato. La grotta, quasi certamente d\u2019origine vulcanica, si compone di un piano superiore molto ampio con un\u2019apertura verso ovest e di un piano inferiore a forma d\u2019imbuto rovesciato. Al suo interno, un atrio naturale \u00e8 occupato da un giardino <img loading=\"lazy\" decoding=\"async\" class=\"alignright wp-image-1267\" src=\"https:\/\/eremos.eu\/wp-content\/uploads\/2015\/08\/862-300x115.jpg\" alt=\"86\" width=\"483\" height=\"185\" srcset=\"https:\/\/eremos.eu\/wp-content\/uploads\/2015\/08\/862-300x115.jpg 300w, https:\/\/eremos.eu\/wp-content\/uploads\/2015\/08\/862.jpg 804w\" sizes=\"auto, (max-width: 483px) 100vw, 483px\" \/>con diverse variet\u00e0 di arbusti e alberi da frutta, oltre il quale \u00e8 collocato un altare riparato da un tempietto in muratura che poggia sulla parte destra della parete rocciosa. Sopra l\u2019altare \u00e8 collocato una piccola tela raffigurante \u201cSan Michele che scaccia il nemico\u201d. Un bel dipinto, che si trova sotto un arco cieco, raffigura la <i>Madonna con Bambino <\/i>affiancata da san Nicola e da san Michele Arcangelo che brandisce la spada con la mano destra, mentre con la sinistra tiene il filo con cui pesa un&#8217;anima. Sia questo che tutti gli altri affreschi, databili tra la fine del XV e l&#8217;inizio del XVI secolo, sono opera di un certo Antonio Solario detto lo Zingaro. Nella grotta si trovano anche due invasi in pietra viva formatisi attraverso i secoli grazie allo stillicidio delle stalattiti. Non si sa per quanti chilometri i vari cunicoli della grotta si diramino e, malgrado le varie esplorazioni succedutesi nel corso degli anni, mai si \u00e8 giunti ad una tracciatura risolutiva.<\/p>\n<p style=\"text-align: justify;\"><a href=\"https:\/\/eremos.eu\/wp-content\/uploads\/2015\/08\/86a1.jpg\"><img loading=\"lazy\" decoding=\"async\" class=\"alignleft wp-image-1268 size-medium\" src=\"https:\/\/eremos.eu\/wp-content\/uploads\/2015\/08\/86a1-300x213.jpg\" alt=\"86a\" width=\"300\" height=\"213\" srcset=\"https:\/\/eremos.eu\/wp-content\/uploads\/2015\/08\/86a1-300x213.jpg 300w, https:\/\/eremos.eu\/wp-content\/uploads\/2015\/08\/86a1.jpg 520w\" sizes=\"auto, (max-width: 300px) 100vw, 300px\" \/><\/a><a href=\"https:\/\/eremos.eu\/wp-content\/uploads\/2015\/08\/86b5.jpg\"><img loading=\"lazy\" decoding=\"async\" class=\"wp-image-5373 alignnone\" src=\"https:\/\/eremos.eu\/wp-content\/uploads\/2015\/08\/86b5-300x217.jpg\" alt=\"86b\" width=\"295\" height=\"213\" srcset=\"https:\/\/eremos.eu\/wp-content\/uploads\/2015\/08\/86b5-300x217.jpg 300w, https:\/\/eremos.eu\/wp-content\/uploads\/2015\/08\/86b5.jpg 906w\" sizes=\"auto, (max-width: 295px) 100vw, 295px\" \/><\/a><\/p>\n<p><a href=\"https:\/\/eremos.eu\/wp-content\/uploads\/2015\/08\/86c.jpg\"><img loading=\"lazy\" decoding=\"async\" class=\"alignleft wp-image-1270\" src=\"https:\/\/eremos.eu\/wp-content\/uploads\/2015\/08\/86c.jpg\" alt=\"86c\" width=\"300\" height=\"201\" \/><\/a><a href=\"https:\/\/eremos.eu\/wp-content\/uploads\/2015\/08\/86f.jpg\"><img loading=\"lazy\" decoding=\"async\" class=\"alignnone wp-image-1271\" src=\"https:\/\/eremos.eu\/wp-content\/uploads\/2015\/08\/86f-300x213.jpg\" alt=\"86f\" width=\"282\" height=\"201\" srcset=\"https:\/\/eremos.eu\/wp-content\/uploads\/2015\/08\/86f-300x213.jpg 300w, https:\/\/eremos.eu\/wp-content\/uploads\/2015\/08\/86f.jpg 520w\" sizes=\"auto, (max-width: 282px) 100vw, 282px\" \/><\/a><\/p>\n<hr \/>\n<p><strong>EREMO DI SAN VITALIANO<\/strong> (Chiesa e romitorio &#8211; IX-X secolo)<\/p>\n<p>Localit\u00e0: <strong>Casola di Caserta<\/strong> (CE)<\/p>\n<p style=\"text-align: justify;\">La chiesa con accluso romitorio di San Vitaliano, immersa nel verde, a pochi chilometri da Caserta, secondo la tradizione, va fatta risalire proprio al Santo vescovo capuano vissuto tra il VII e l\u2019VIII secolo. E\u2019 proprio in questo luogo, infatti, che trov\u00f2 rifugio dalle persecuzioni e si ritir\u00f2 per dieci anni in una cella in penitenza e preghiera, dando vita non solo all\u2019eremo ma anche ad un sentito pellegrinaggio per guadagnare i consigli e le grazie del Santo eremita che, trasferitosi successivamente a Montevergine, vi mor\u00ec all\u2019inizio dell\u2019VIII secolo. L\u2019attuale costruzione, probabilmente del IX o X secolo e pi\u00f9 volte rimaneggiata, \u00e8 caratterizzata da un sobrio campanile che le conferisce una certa eleganza. L\u2019eremo di San Vitaliano, la cui esistenza \u00e8 attestata in documenti del 1113 e pi\u00f9 avanti del 1627, gi\u00e0 nel 1700 versa in un pessimo stato di conservazione e solo di recente \u00e8 stato oggetto di un serio restauro che ne ha ripristinato la copertura a capriate e riportato alla luce l\u2019essenzialit\u00e0 delle primitive linee architettoniche.<\/p>\n<p><a href=\"https:\/\/eremos.eu\/wp-content\/uploads\/2015\/08\/871.jpg\"><img loading=\"lazy\" decoding=\"async\" class=\"alignleft wp-image-1272 size-medium\" src=\"https:\/\/eremos.eu\/wp-content\/uploads\/2015\/08\/871-300x224.jpg\" alt=\"87\" width=\"300\" height=\"224\" srcset=\"https:\/\/eremos.eu\/wp-content\/uploads\/2015\/08\/871-300x224.jpg 300w, https:\/\/eremos.eu\/wp-content\/uploads\/2015\/08\/871.jpg 399w\" sizes=\"auto, (max-width: 300px) 100vw, 300px\" \/><\/a><a href=\"https:\/\/eremos.eu\/wp-content\/uploads\/2015\/08\/87a.jpg\"><img loading=\"lazy\" decoding=\"async\" class=\"alignnone wp-image-1273\" src=\"https:\/\/eremos.eu\/wp-content\/uploads\/2015\/08\/87a-300x226.jpg\" alt=\"87a\" width=\"298\" height=\"224\" srcset=\"https:\/\/eremos.eu\/wp-content\/uploads\/2015\/08\/87a-300x226.jpg 300w, https:\/\/eremos.eu\/wp-content\/uploads\/2015\/08\/87a.jpg 554w\" sizes=\"auto, (max-width: 298px) 100vw, 298px\" \/><\/a><\/p>\n<p><a href=\"https:\/\/eremos.eu\/wp-content\/uploads\/2015\/08\/87b.jpg\"><img loading=\"lazy\" decoding=\"async\" class=\"alignleft wp-image-1274 size-medium\" src=\"https:\/\/eremos.eu\/wp-content\/uploads\/2015\/08\/87b-300x224.jpg\" alt=\"87b\" width=\"300\" height=\"224\" srcset=\"https:\/\/eremos.eu\/wp-content\/uploads\/2015\/08\/87b-300x224.jpg 300w, https:\/\/eremos.eu\/wp-content\/uploads\/2015\/08\/87b.jpg 654w\" sizes=\"auto, (max-width: 300px) 100vw, 300px\" \/><\/a><a href=\"https:\/\/eremos.eu\/wp-content\/uploads\/2015\/08\/87c.jpg\"><img loading=\"lazy\" decoding=\"async\" class=\" wp-image-1275 alignnone\" src=\"https:\/\/eremos.eu\/wp-content\/uploads\/2015\/08\/87c-300x226.jpg\" alt=\"87c\" width=\"298\" height=\"224\" srcset=\"https:\/\/eremos.eu\/wp-content\/uploads\/2015\/08\/87c-300x226.jpg 300w, https:\/\/eremos.eu\/wp-content\/uploads\/2015\/08\/87c.jpg 554w\" sizes=\"auto, (max-width: 298px) 100vw, 298px\" \/><\/a><\/p>\n<hr \/>\n<p><strong><a href=\"https:\/\/eremos.eu\/wp-content\/uploads\/2015\/08\/88b5.jpg\"><img loading=\"lazy\" decoding=\"async\" class=\"alignright wp-image-5374\" src=\"https:\/\/eremos.eu\/wp-content\/uploads\/2015\/08\/88b5-224x300.jpg\" alt=\"88b\" width=\"217\" height=\"290\" srcset=\"https:\/\/eremos.eu\/wp-content\/uploads\/2015\/08\/88b5-224x300.jpg 224w, https:\/\/eremos.eu\/wp-content\/uploads\/2015\/08\/88b5.jpg 352w\" sizes=\"auto, (max-width: 217px) 100vw, 217px\" \/><\/a>CHIESA DI SAN MICHELE ARCANGELO<\/strong> (Ex chiesa rupestre &#8211; X secolo)<\/p>\n<p>Localit\u00e0: <strong>Castel Campagnano<\/strong> (CE)<\/p>\n<p style=\"text-align: justify;\">Quella di San Michele Arcangelo \u00e8 la chiesa rupestre, pressoch\u00e9 sconosciuta, che si trova al disotto del palazzo\u00a0ducale di Castel Campagnano, un piccolo centro del casertano sulla sponda destra del fiume Volturno. Inglobata nella <a href=\"https:\/\/eremos.eu\/wp-content\/uploads\/2015\/08\/88a8.jpg\"><img loading=\"lazy\" decoding=\"async\" class=\"alignleft wp-image-5375\" src=\"https:\/\/eremos.eu\/wp-content\/uploads\/2015\/08\/88a8-300x224.jpg\" alt=\"88a\" width=\"281\" height=\"210\" srcset=\"https:\/\/eremos.eu\/wp-content\/uploads\/2015\/08\/88a8-300x224.jpg 300w, https:\/\/eremos.eu\/wp-content\/uploads\/2015\/08\/88a8.jpg 483w\" sizes=\"auto, (max-width: 281px) 100vw, 281px\" \/><\/a>residenza signorile, oggi sede di un ristorante di lusso, \u00e8 stata trasformata in cantina, al punto da non poterne pi\u00f9 riconoscere l\u2019impianto originario. Della chiesa, abbandonata dopo il XVI secolo, si conservano ancora nell\u2019abside alcuni inediti affreschi della <i>Vergine con Bambino<\/i>, di <i>Cristo tra gli angeli ed i santi<\/i>, di san Nicola di Bari e di san Michele Arcangelo risalenti al X-XI secolo.<\/p>\n<hr \/>\n<p><strong><a href=\"https:\/\/eremos.eu\/wp-content\/uploads\/2015\/08\/89e4.jpg\"><img loading=\"lazy\" decoding=\"async\" class=\"alignright size-medium wp-image-5377\" src=\"https:\/\/eremos.eu\/wp-content\/uploads\/2015\/08\/89e4-196x300.jpg\" alt=\"89e\" width=\"196\" height=\"300\" srcset=\"https:\/\/eremos.eu\/wp-content\/uploads\/2015\/08\/89e4-196x300.jpg 196w, https:\/\/eremos.eu\/wp-content\/uploads\/2015\/08\/89e4.jpg 419w\" sizes=\"auto, (max-width: 196px) 100vw, 196px\" \/><\/a>GROTTA DI SAN MICHELE<\/strong> (Santuario rupestre &#8211; VIII secolo)<\/p>\n<p>Localit\u00e0: <strong>Faicchio<\/strong> (BN)<\/p>\n<p style=\"text-align: justify;\"><a href=\"https:\/\/eremos.eu\/wp-content\/uploads\/2015\/08\/Faicchio-GrottaSM_2-001x4.jpg\"><img loading=\"lazy\" decoding=\"async\" class=\"alignleft wp-image-5382\" src=\"https:\/\/eremos.eu\/wp-content\/uploads\/2015\/08\/Faicchio-GrottaSM_2-001x4-118x300.jpg\" alt=\"Faicchio-GrottaSM_2-001x4\" width=\"129\" height=\"330\" srcset=\"https:\/\/eremos.eu\/wp-content\/uploads\/2015\/08\/Faicchio-GrottaSM_2-001x4-402x1024.jpg 402w, https:\/\/eremos.eu\/wp-content\/uploads\/2015\/08\/Faicchio-GrottaSM_2-001x4.jpg 549w\" sizes=\"auto, (max-width: 129px) 100vw, 129px\" \/><\/a>La\u00a0grotta di San Michele\u00a0si apre a circa 500 metri d\u2019altezza nella parete rocciosa del monte Erbano, poco distante\u00a0dall\u2019abitato di Faicchio. Adibita al culto micaelico dai longobardi intorno all\u2019VIII secolo quasi in concomitanza con l\u2019altro sito rupestre di Cerreto Sannita, \u00e8 stata per\u00f2 inaugurata ufficialmente solo nel 1172, dopo averla restaurata e pregevolmente affrescata. All\u2019interno, appena superati due piccoli ambienti, si perviene all\u2019ampia chiesa (10 x 6 x 5 metri) e da qui, attraverso un lungo corridoio, ad una cappella interamente intonacata ed affrescata, appunto, nel XII secolo. In particolare, sull\u2019arco di fronte l\u2019ingresso \u00e8 raffigurato il <i>Redentore<\/i> affiancato da un santo anonimo e da san Michele Arcangelo; mentre in un altro arco, si ritrova la <i>Madonna in trono con i santi Pietro, Paolo e Andrea<\/i>. Gli affreschi chiaramente bizantineggianti ed opera di un unico artista, a causa della costante umidit\u00e0 della grotta, denotano un pessimo stato di conservazione.<\/p>\n<p style=\"text-align: justify;\"><a href=\"https:\/\/eremos.eu\/wp-content\/uploads\/2015\/08\/896.jpg\"><img loading=\"lazy\" decoding=\"async\" class=\"alignleft wp-image-5376 size-full\" src=\"https:\/\/eremos.eu\/wp-content\/uploads\/2015\/08\/896.jpg\" alt=\"89\" width=\"176\" height=\"222\" \/><\/a><\/p>\n<p style=\"text-align: justify;\"><a href=\"https:\/\/eremos.eu\/wp-content\/uploads\/2015\/08\/89b5.jpg\"><img loading=\"lazy\" decoding=\"async\" class=\"alignleft wp-image-5380\" src=\"https:\/\/eremos.eu\/wp-content\/uploads\/2015\/08\/89b5.jpg\" alt=\"89b\" width=\"190\" height=\"222\" \/><\/a><\/p>\n<p style=\"text-align: justify;\"><a href=\"https:\/\/eremos.eu\/wp-content\/uploads\/2015\/08\/Faicchio-GrottaSM_1-145.jpg\"><img loading=\"lazy\" decoding=\"async\" class=\"alignnone wp-image-5381\" src=\"https:\/\/eremos.eu\/wp-content\/uploads\/2015\/08\/Faicchio-GrottaSM_1-145-300x270.jpg\" alt=\"Faicchio-GrottaSM_1-145\" width=\"246\" height=\"222\" srcset=\"https:\/\/eremos.eu\/wp-content\/uploads\/2015\/08\/Faicchio-GrottaSM_1-145-300x270.jpg 300w, https:\/\/eremos.eu\/wp-content\/uploads\/2015\/08\/Faicchio-GrottaSM_1-145.jpg 666w\" sizes=\"auto, (max-width: 246px) 100vw, 246px\" \/><\/a><\/p>\n<p style=\"text-align: justify;\"><a href=\"https:\/\/eremos.eu\/wp-content\/uploads\/2015\/08\/Faicchio-GrottaSM_1-140.jpg\"><img loading=\"lazy\" decoding=\"async\" class=\"alignleft wp-image-5378 size-medium\" src=\"https:\/\/eremos.eu\/wp-content\/uploads\/2015\/08\/Faicchio-GrottaSM_1-140-300x219.jpg\" alt=\"Faicchio-GrottaSM_1-140\" width=\"300\" height=\"219\" srcset=\"https:\/\/eremos.eu\/wp-content\/uploads\/2015\/08\/Faicchio-GrottaSM_1-140-300x219.jpg 300w, https:\/\/eremos.eu\/wp-content\/uploads\/2015\/08\/Faicchio-GrottaSM_1-140.jpg 919w\" sizes=\"auto, (max-width: 300px) 100vw, 300px\" \/><\/a><\/p>\n<p style=\"text-align: justify;\"><a href=\"https:\/\/eremos.eu\/wp-content\/uploads\/2015\/08\/Faicchio-GrottaSM_1-142.jpg\"><img loading=\"lazy\" decoding=\"async\" class=\"wp-image-5379 alignnone\" src=\"https:\/\/eremos.eu\/wp-content\/uploads\/2015\/08\/Faicchio-GrottaSM_1-142-300x227.jpg\" alt=\"Faicchio-GrottaSM_1-142\" width=\"290\" height=\"219\" srcset=\"https:\/\/eremos.eu\/wp-content\/uploads\/2015\/08\/Faicchio-GrottaSM_1-142-300x227.jpg 300w, https:\/\/eremos.eu\/wp-content\/uploads\/2015\/08\/Faicchio-GrottaSM_1-142.jpg 744w\" sizes=\"auto, (max-width: 290px) 100vw, 290px\" \/><\/a><\/p>\n<hr \/>\n<p><strong><a href=\"https:\/\/eremos.eu\/wp-content\/uploads\/2015\/08\/90a6.jpg\"><img loading=\"lazy\" decoding=\"async\" class=\"alignright wp-image-5383\" src=\"https:\/\/eremos.eu\/wp-content\/uploads\/2015\/08\/90a6-226x300.jpg\" alt=\"90a\" width=\"211\" height=\"280\" srcset=\"https:\/\/eremos.eu\/wp-content\/uploads\/2015\/08\/90a6-226x300.jpg 226w, https:\/\/eremos.eu\/wp-content\/uploads\/2015\/08\/90a6.jpg 242w\" sizes=\"auto, (max-width: 211px) 100vw, 211px\" \/><\/a>GROTTA DI SAN MICHELE IN MONTE MELANICO<\/strong> (Santuario rupestre &#8211; IX secolo)<\/p>\n<p>Localit\u00e0: <strong>Profeti di Liberi<\/strong> (CE)<\/p>\n<p style=\"text-align: justify;\">La grotta di San Michele in Monte Melanico si apre su un banco di roccia alto una cinquantina di metri, a nord-ovest dell\u2019abitato ed \u00e8 un antichissimo luogo di culto giacch\u00e9, ancor prima di diventare una chiesa rupestre dedicata all\u2019Arcangelo, \u00e8 stata frequentata a fini rituali sin dalla preistoria. Nella fattispecie, questa \u00e8 una delle poche grotte micaeliche di cui si conservano notazioni storiche ed \u00e8 sicuramente la sola ad aver assunto il rango di basilica, cosa che avvenne tra l\u2019892 e l&#8217;899. E proprio a questo periodo va fatta risalire la realizzazione dei tre altari, tra cui spicca quello in <a href=\"https:\/\/eremos.eu\/wp-content\/uploads\/2015\/08\/907.jpg\"><img loading=\"lazy\" decoding=\"async\" class=\"alignleft size-medium wp-image-5384\" src=\"https:\/\/eremos.eu\/wp-content\/uploads\/2015\/08\/907-300x195.jpg\" alt=\"90\" width=\"300\" height=\"195\" srcset=\"https:\/\/eremos.eu\/wp-content\/uploads\/2015\/08\/907-300x195.jpg 300w, https:\/\/eremos.eu\/wp-content\/uploads\/2015\/08\/907.jpg 944w\" sizes=\"auto, (max-width: 300px) 100vw, 300px\" \/><\/a>forma basilicale, e del ciborio. Nel corso dei secoli l\u2019acqua ha creato una camera alta e confortevole, adornata da stalattiti e stalagmiti. Alcune stalattiti riproducono in modo impressionante la mammella di una donna e l\u2019acqua che distilla dal capezzolo \u00e8 ritenuta miracolosa dai tanti fedeli che vi si bagnano la bocca, gli occhi e le orecchie.\u00a0Sul sentiero che conduce alla grotta vi \u00e8 inoltre un piccolo edificio altomedievale in scaglie di pietra che, come si evince dal nome \u201cLa Cella\u201d dato alla localit\u00e0, quasi sicuramente doveva ospitare un eremita.<\/p>\n<p><a href=\"https:\/\/eremos.eu\/wp-content\/uploads\/2015\/08\/90b.jpg\"><img loading=\"lazy\" decoding=\"async\" class=\"alignleft wp-image-1287 size-medium\" src=\"https:\/\/eremos.eu\/wp-content\/uploads\/2015\/08\/90b-300x224.jpg\" alt=\"90b\" width=\"300\" height=\"224\" srcset=\"https:\/\/eremos.eu\/wp-content\/uploads\/2015\/08\/90b-300x224.jpg 300w, https:\/\/eremos.eu\/wp-content\/uploads\/2015\/08\/90b.jpg 606w\" sizes=\"auto, (max-width: 300px) 100vw, 300px\" \/><\/a><a href=\"https:\/\/eremos.eu\/wp-content\/uploads\/2015\/08\/90c.jpg\"><img loading=\"lazy\" decoding=\"async\" class=\"alignnone wp-image-1288 size-medium\" src=\"https:\/\/eremos.eu\/wp-content\/uploads\/2015\/08\/90c-300x224.jpg\" alt=\"90c\" width=\"300\" height=\"224\" srcset=\"https:\/\/eremos.eu\/wp-content\/uploads\/2015\/08\/90c-300x224.jpg 300w, https:\/\/eremos.eu\/wp-content\/uploads\/2015\/08\/90c.jpg 601w\" sizes=\"auto, (max-width: 300px) 100vw, 300px\" \/><\/a><\/p>\n<hr \/>\n<p><strong><a href=\"https:\/\/eremos.eu\/wp-content\/uploads\/2015\/08\/91a7.jpg\"><img loading=\"lazy\" decoding=\"async\" class=\"alignright size-full wp-image-5385\" src=\"https:\/\/eremos.eu\/wp-content\/uploads\/2015\/08\/91a7.jpg\" alt=\"91a\" width=\"183\" height=\"275\" \/><\/a>EREMO DI FRATE JANNE<\/strong> (Cappella-romitorio &#8211; XII-XIII secolo)<\/p>\n<p>Localit\u00e0: <strong>Pietramelara<\/strong> (CE)<\/p>\n<p style=\"text-align: justify;\"><a href=\"https:\/\/eremos.eu\/wp-content\/uploads\/2015\/08\/9115.jpg\"><img loading=\"lazy\" decoding=\"async\" class=\"alignleft wp-image-5386\" src=\"https:\/\/eremos.eu\/wp-content\/uploads\/2015\/08\/9115.jpg\" alt=\"91\" width=\"224\" height=\"150\" \/><\/a>L\u2019eremo di Frate Janne si trova a circa 1.000 metri d\u2019altezza placidamente adagiato su uno sperone di roccia a strapiombo del monte Maggiore, in discreta compagnia del vicino eremo di San Salvatore. In assenza di notizie storiche possiamo solo rifarci alle tradizioni della gente locale che, sin dall\u2019epoca medievale, considera la montagna e i suoi due eremi meta di venerazione ed assiduo pellegrinaggio.<\/p>\n<hr \/>\n<p><strong><a href=\"https:\/\/eremos.eu\/wp-content\/uploads\/2015\/08\/9213.jpg\"><img loading=\"lazy\" decoding=\"async\" class=\"alignright size-full wp-image-5387\" src=\"https:\/\/eremos.eu\/wp-content\/uploads\/2015\/08\/9213.jpg\" alt=\"92\" width=\"184\" height=\"275\" \/><\/a>EREMO DI SAN SALVATORE<\/strong> (Cappella-romitorio &#8211; XI secolo)<\/p>\n<p>Localit\u00e0: <strong>Pietramelara<\/strong> (CE)<\/p>\n<p style=\"text-align: justify;\"><a href=\"https:\/\/eremos.eu\/wp-content\/uploads\/2015\/08\/92a8.jpg\"><img loading=\"lazy\" decoding=\"async\" class=\"alignleft wp-image-5388\" src=\"https:\/\/eremos.eu\/wp-content\/uploads\/2015\/08\/92a8.jpg\" alt=\"92a\" width=\"141\" height=\"185\" \/><\/a>L\u2019eremo di San Salvatore, come il vicino di Frate Janne, \u00e8 collocato a 857 metri di quota sui contrafforti rocciosi del\u00a0monte Maggiore, a circa cinque chilometri dall\u2019abitato di Pietramelara. La tradizione vuole che in questa modesta cappella nel 1098 abbia dimorato sant\u2019Anselmo d\u2019Aosta, durante il suo soggiorno d\u2019esilio in Italia.<\/p>\n<p>&nbsp;<\/p>\n<hr \/>\n<p><strong>GROTTA DI SAN MICHELE<\/strong> (Santuario rupestre &#8211; IX-X secolo)<\/p>\n<p>Localit\u00e0: <strong>Raviscanina (<\/strong>CE)<\/p>\n<p style=\"text-align: justify;\"><a href=\"https:\/\/eremos.eu\/wp-content\/uploads\/2015\/08\/9311.jpg\"><img loading=\"lazy\" decoding=\"async\" class=\"alignright size-medium wp-image-5389\" src=\"https:\/\/eremos.eu\/wp-content\/uploads\/2015\/08\/9311-300x224.jpg\" alt=\"93\" width=\"300\" height=\"224\" srcset=\"https:\/\/eremos.eu\/wp-content\/uploads\/2015\/08\/9311-300x224.jpg 300w, https:\/\/eremos.eu\/wp-content\/uploads\/2015\/08\/9311.jpg 499w\" sizes=\"auto, (max-width: 300px) 100vw, 300px\" \/><\/a>Ad un paio di chilometri circa dall&#8217;abitato di Raviscanina, sul fianco scosceso ed accidentato di un monte, un&#8217;apertura triangolare permette l&#8217;accesso alla grotta di San Michele. Di notevole ampiezza, lunga 25 e larga 11,50 metri, ha l&#8217;aspetto singolare di una piramide inclinata, sul cui vertice vi \u00e8 un foro che lascia filtrare una fioca luce, e presenta due rampe con sette rozzi scalini, a causa della pendenza del piano di calpestio. Sul fondo della grotta, dietro l&#8217;altare, diverse tracce di colore lasciano prefigurare che un tempo vi fosse dipinta l&#8217;immagine dell\u2019Arcangelo Michele cui la grotta fu consacrata dai longobardi. Altre impronte di affreschi si trovano all&#8217;esterno dove, purtroppo, rimangono solo una parte di aureola e qualche altro frammento. Al suo interno sono tutt\u2019ora custoditi un ciborio ed un edicola databili intorno al IX secolo.<\/p>\n<hr \/>\n<p style=\"text-align: justify;\"><strong><a href=\"https:\/\/eremos.eu\/wp-content\/uploads\/2015\/08\/94c4.jpg\"><img loading=\"lazy\" decoding=\"async\" class=\"alignright size-medium wp-image-5390\" src=\"https:\/\/eremos.eu\/wp-content\/uploads\/2015\/08\/94c4-218x300.jpg\" alt=\"94c\" width=\"218\" height=\"300\" srcset=\"https:\/\/eremos.eu\/wp-content\/uploads\/2015\/08\/94c4-218x300.jpg 218w, https:\/\/eremos.eu\/wp-content\/uploads\/2015\/08\/94c4.jpg 334w\" sizes=\"auto, (max-width: 218px) 100vw, 218px\" \/><\/a>GROTTA DI SAN MICHELE<\/strong> (Santuario rupestre &#8211; VIII-IX secolo)<\/p>\n<p style=\"text-align: justify;\">Localit\u00e0: <strong>Sant&#8217;Angelo d&#8217;Alife<\/strong> (CE)<\/p>\n<p style=\"text-align: justify;\">La grotta di San Michele, situata all&#8217;interno di un lungo inghiottitoio carsico, ai piedi della collina di Rupe Canina, \u00e8 un vero e proprio santuario rupestre dedicato all\u2019Arcangelo, che ha poi dato origine al toponimo di Sant\u2019Angelo. Fermo restando un suo probabile utilizzo in epoca preistorica, la chiesa longobarda presenta sul fondo alcune costruzioni, tra cui un&#8217;edicola centrale coperta da una cupola sorretta da quattro pilastrini collegati tra loro da rozzi archi a tutto sesto, ed un manufatto circolare con probabile funzione di fonte battesimale. Lateralmente, due arcosoli con tracce di affreschi ed infine un muretto che, a guisa di balaustra, separa l&#8217;area sacrale dal resto della grotta.<\/p>\n<p><a href=\"https:\/\/eremos.eu\/wp-content\/uploads\/2015\/08\/94a1.jpg\"><img loading=\"lazy\" decoding=\"async\" class=\"alignleft wp-image-1295\" src=\"https:\/\/eremos.eu\/wp-content\/uploads\/2015\/08\/94a1.jpg\" alt=\"94a\" width=\"300\" height=\"205\" \/><\/a><\/p>\n<p><a href=\"https:\/\/eremos.eu\/wp-content\/uploads\/2015\/08\/94b5.jpg\"><img loading=\"lazy\" decoding=\"async\" class=\"wp-image-5391 alignnone\" src=\"https:\/\/eremos.eu\/wp-content\/uploads\/2015\/08\/94b5-300x218.jpg\" alt=\"94b\" width=\"282\" height=\"205\" srcset=\"https:\/\/eremos.eu\/wp-content\/uploads\/2015\/08\/94b5-300x218.jpg 300w, https:\/\/eremos.eu\/wp-content\/uploads\/2015\/08\/94b5.jpg 947w\" sizes=\"auto, (max-width: 282px) 100vw, 282px\" \/><\/a><\/p>\n<hr \/>\n<h3><span style=\"color: #0000ff;\"><strong>VALLE DELL&#8217;IRNO<\/strong><\/span><\/h3>\n<p><strong>SANTUARIO DI SAN MICHELE DI MEZZO<\/strong> (Chiesa rupestre &#8211; VII secolo)<\/p>\n<p>Localit\u00e0: <strong>Carpineto di Fisciano<\/strong> (SA) \u00a0 \u00a0 \u00a0 \u00a0 \u00a0 \u00a0 \u00a0 \u00a0 \u00a0 \u00a0 \u00a0 \u00a0 \u00a0 \u00a0 Sub-area: <span style=\"color: #0000ff;\">Parco Regionale dei Monti Picentini<\/span><\/p>\n<p style=\"text-align: justify;\"><a href=\"https:\/\/eremos.eu\/wp-content\/uploads\/2015\/08\/95b.jpg\"><img loading=\"lazy\" decoding=\"async\" class=\"alignleft size-medium wp-image-1298\" src=\"https:\/\/eremos.eu\/wp-content\/uploads\/2015\/08\/95b-300x225.jpg\" alt=\"95b\" width=\"300\" height=\"225\" srcset=\"https:\/\/eremos.eu\/wp-content\/uploads\/2015\/08\/95b-300x225.jpg 300w, https:\/\/eremos.eu\/wp-content\/uploads\/2015\/08\/95b.jpg 990w\" sizes=\"auto, (max-width: 300px) 100vw, 300px\" \/><\/a>Il santuario di San Michele di Mezzo, le cui origini risalgono sicuramente ai primi secoli della penetrazione cristiana in Campania, \u00e8 edificato accorpando la sacra grotta, probabile sede di una laura di monaci di matrice orientale. L\u2019ipotesi \u00e8 suffragata dall\u2019affresco della <i>Vergine con Bambino<\/i>, denominata \u201cVergine greca\u201d per il gusto squisitamente bizantino, che \u00e8 collocata sopra l\u2019altare medievale. La chiesa baroccheggiante, interamente scavata nella roccia ed arricchita da affreschi del XVIII secolo, dopo alcuni decenni di incuria ed abbandono, \u00e8 stata di recente restaurata, tornando a svolgere l\u2019originario ruolo di polo spirituale per la gente\u00a0locale.<\/p>\n<p><a href=\"https:\/\/eremos.eu\/wp-content\/uploads\/2015\/08\/951.jpg\"><img loading=\"lazy\" decoding=\"async\" class=\"alignleft wp-image-1299 size-medium\" src=\"https:\/\/eremos.eu\/wp-content\/uploads\/2015\/08\/951-300x225.jpg\" alt=\"95\" width=\"300\" height=\"225\" srcset=\"https:\/\/eremos.eu\/wp-content\/uploads\/2015\/08\/951-300x225.jpg 300w, https:\/\/eremos.eu\/wp-content\/uploads\/2015\/08\/951.jpg 947w\" sizes=\"auto, (max-width: 300px) 100vw, 300px\" \/><\/a><a href=\"https:\/\/eremos.eu\/wp-content\/uploads\/2015\/08\/s.michmezzo.jpg\"><img loading=\"lazy\" decoding=\"async\" class=\"alignnone wp-image-5392 size-medium\" src=\"https:\/\/eremos.eu\/wp-content\/uploads\/2015\/08\/s.michmezzo-300x225.jpg\" alt=\"s.michmezzo\" width=\"300\" height=\"225\" srcset=\"https:\/\/eremos.eu\/wp-content\/uploads\/2015\/08\/s.michmezzo-300x225.jpg 300w, https:\/\/eremos.eu\/wp-content\/uploads\/2015\/08\/s.michmezzo.jpg 933w\" sizes=\"auto, (max-width: 300px) 100vw, 300px\" \/><\/a><\/p>\n<hr \/>\n<p><strong>GROTTA DI SAN MICHELE<\/strong> (Santuario e romitorio rupestri &#8211; IX secolo)<\/p>\n<p>Localit\u00e0: <strong>Preturo di Montoro Inferiore<\/strong> (AV) \u00a0 \u00a0 \u00a0 \u00a0 \u00a0 \u00a0 Sub-area: <span style=\"color: #0000ff;\">Parco Regionale dei Monti Picentini<\/span><\/p>\n<p style=\"text-align: justify;\">La grotta di San Michele o dell\u2019Arcangelo, situata sopra una collina panoramica, nell&#8217;ampia valle di Montoro, tra i monti Bufoni e Romola, \u00e8 un luogo di eremitaggio molto antico, attestato fin dall&#8217;841. E\u2019 formata da una doppia cavit\u00e0 naturale con due aperture ed una conca per la raccolta dell\u2019acqua che gronda dalle stalattiti. Nella grotta principale, la pi\u00f9 antica ed ampia, un affresco riproduce \u201cSan Michele che sconfigge il drago\u201d; mentre un altro, all\u2019interno di una nicchia, raffigura la <i>Piet\u00e0<\/i>; ed in quella secondaria, anch&#8217;essa abbastanza grande, altri affreschi bizantini, forse d&#8217;et\u00e0 longobarda, sono dedicati all&#8217;Arcangelo Michele, a san Biagio ed a san Gregorio. Va notato che tutte le pitture rupestri, paziente opera dei monaci eremiti che qui hanno vissuto, sono in larga parte rovinati dall\u2019umidit\u00e0 e dalle continue infiltrazioni d\u2019acqua nella roccia, nonostante i ripetuti interventi conservativi. Accanto alla secolare grotta, tra le ginestre e le querce, non va trascurato infine quel che rimane della povera e disastrata dimora eremitica dopo il terremoto che ha colpito la zona negli anni Ottanta.<\/p>\n<p style=\"text-align: justify;\"><a href=\"https:\/\/eremos.eu\/wp-content\/uploads\/2015\/08\/961.jpg\"><img loading=\"lazy\" decoding=\"async\" class=\"alignleft size-medium wp-image-1302\" src=\"https:\/\/eremos.eu\/wp-content\/uploads\/2015\/08\/961-300x223.jpg\" alt=\"96\" width=\"300\" height=\"223\" srcset=\"https:\/\/eremos.eu\/wp-content\/uploads\/2015\/08\/961-300x223.jpg 300w, https:\/\/eremos.eu\/wp-content\/uploads\/2015\/08\/961-1024x762.jpg 1024w, https:\/\/eremos.eu\/wp-content\/uploads\/2015\/08\/961.jpg 1049w\" sizes=\"auto, (max-width: 300px) 100vw, 300px\" \/><\/a><a href=\"https:\/\/eremos.eu\/wp-content\/uploads\/2015\/08\/96a1.jpg\"><img loading=\"lazy\" decoding=\"async\" class=\" size-medium wp-image-1303 alignnone\" src=\"https:\/\/eremos.eu\/wp-content\/uploads\/2015\/08\/96a1-300x224.jpg\" alt=\"96a\" width=\"300\" height=\"224\" srcset=\"https:\/\/eremos.eu\/wp-content\/uploads\/2015\/08\/96a1-300x224.jpg 300w, https:\/\/eremos.eu\/wp-content\/uploads\/2015\/08\/96a1-1024x765.jpg 1024w, https:\/\/eremos.eu\/wp-content\/uploads\/2015\/08\/96a1.jpg 1045w\" sizes=\"auto, (max-width: 300px) 100vw, 300px\" \/><\/a><\/p>\n<p><a href=\"https:\/\/eremos.eu\/wp-content\/uploads\/2015\/08\/96b1.jpg\"><img loading=\"lazy\" decoding=\"async\" class=\"alignleft size-medium wp-image-1304\" src=\"https:\/\/eremos.eu\/wp-content\/uploads\/2015\/08\/96b1-300x224.jpg\" alt=\"96b\" width=\"300\" height=\"224\" srcset=\"https:\/\/eremos.eu\/wp-content\/uploads\/2015\/08\/96b1-300x224.jpg 300w, https:\/\/eremos.eu\/wp-content\/uploads\/2015\/08\/96b1.jpg 1020w\" sizes=\"auto, (max-width: 300px) 100vw, 300px\" \/><\/a><a href=\"https:\/\/eremos.eu\/wp-content\/uploads\/2015\/08\/96c1.jpg\"><img loading=\"lazy\" decoding=\"async\" class=\" size-medium wp-image-1305 alignnone\" src=\"https:\/\/eremos.eu\/wp-content\/uploads\/2015\/08\/96c1-300x224.jpg\" alt=\"96c\" width=\"300\" height=\"224\" srcset=\"https:\/\/eremos.eu\/wp-content\/uploads\/2015\/08\/96c1-300x224.jpg 300w, https:\/\/eremos.eu\/wp-content\/uploads\/2015\/08\/96c1.jpg 1016w\" sizes=\"auto, (max-width: 300px) 100vw, 300px\" \/><\/a><\/p>\n<p><a href=\"https:\/\/eremos.eu\/wp-content\/uploads\/2015\/08\/96d1.jpg\"><img loading=\"lazy\" decoding=\"async\" class=\"alignleft size-medium wp-image-1306\" src=\"https:\/\/eremos.eu\/wp-content\/uploads\/2015\/08\/96d1-300x225.jpg\" alt=\"96d\" width=\"300\" height=\"225\" srcset=\"https:\/\/eremos.eu\/wp-content\/uploads\/2015\/08\/96d1-300x225.jpg 300w, https:\/\/eremos.eu\/wp-content\/uploads\/2015\/08\/96d1.jpg 444w\" sizes=\"auto, (max-width: 300px) 100vw, 300px\" \/><\/a><a href=\"https:\/\/eremos.eu\/wp-content\/uploads\/2015\/08\/96e1.jpg\"><img loading=\"lazy\" decoding=\"async\" class=\" size-medium wp-image-1307 alignnone\" src=\"https:\/\/eremos.eu\/wp-content\/uploads\/2015\/08\/96e1-300x225.jpg\" alt=\"96e\" width=\"300\" height=\"225\" srcset=\"https:\/\/eremos.eu\/wp-content\/uploads\/2015\/08\/96e1-300x225.jpg 300w, https:\/\/eremos.eu\/wp-content\/uploads\/2015\/08\/96e1-1024x769.jpg 1024w, https:\/\/eremos.eu\/wp-content\/uploads\/2015\/08\/96e1.jpg 1045w\" sizes=\"auto, (max-width: 300px) 100vw, 300px\" \/><\/a><\/p>\n<hr \/>\n<p><strong>EREMO DELLO SPIRITO SANTO<\/strong> (Complesso cenobitico &#8211; XIV secolo)<\/p>\n<p>Localit\u00e0: <strong>Pellezzano<\/strong> (SA)<\/p>\n<p style=\"text-align: justify;\">Dell\u2019eremo agostiniano dello Spirito Santo, un imponente complesso religioso sull\u2019omonima collina tra Capriglia e Pellezzano, quasi a dominare l\u2019intera valle dell\u2019Irno, non si hanno notizie storiche se non a partire dal 1653, anno della soppressione papale degli ordini. Ma \u00e8 lecito supporre che la sua fondazione sia molto pi\u00f9 antica, forse medievale come traspare dall\u2019abside della chiesa, e che precedentemente agli agostiniani (ordine di recente costituzione) vi abbiano dimorato altre congregazioni o comunit\u00e0 monastiche. Va da s\u00e9 che a causa dell\u2019abbandono sia divenuto un covo ideale per i carbonari durante i moti rivoluzionari e in seguito per i briganti ed i contrabbandieri, come \u00e8 testimoniato dai passaggi o vie di fuga appositamente predisposti nelle caverne-stalle. Oggi, dopo un provvidenziale intervento di riqualificazione, si pu\u00f2 dire che il convento sia ritornato all\u2019antico splendore.<\/p>\n<p><a href=\"https:\/\/eremos.eu\/wp-content\/uploads\/2015\/08\/971.jpg\"><img loading=\"lazy\" decoding=\"async\" class=\"alignleft wp-image-1308\" src=\"https:\/\/eremos.eu\/wp-content\/uploads\/2015\/08\/971-300x152.jpg\" alt=\"97\" width=\"345\" height=\"175\" srcset=\"https:\/\/eremos.eu\/wp-content\/uploads\/2015\/08\/971-300x152.jpg 300w, https:\/\/eremos.eu\/wp-content\/uploads\/2015\/08\/971.jpg 315w\" sizes=\"auto, (max-width: 345px) 100vw, 345px\" \/><\/a><a href=\"https:\/\/eremos.eu\/wp-content\/uploads\/2015\/08\/97a.jpg\"><img loading=\"lazy\" decoding=\"async\" class=\" wp-image-1309 alignnone\" src=\"https:\/\/eremos.eu\/wp-content\/uploads\/2015\/08\/97a.jpg\" alt=\"97a\" width=\"265\" height=\"175\" \/><\/a><\/p>\n<hr \/>\n<p><strong>GROTTA DEL SANTO SALVATORE<\/strong> (Chiesa rupestre &#8211; VIII-X secolo)<\/p>\n<p>Localit\u00e0: <strong>Ogliara di Salerno<\/strong> (SA)<\/p>\n<p style=\"text-align: justify;\"><a href=\"https:\/\/eremos.eu\/wp-content\/uploads\/2015\/08\/986.jpg\"><img loading=\"lazy\" decoding=\"async\" class=\"alignright size-medium wp-image-5393\" src=\"https:\/\/eremos.eu\/wp-content\/uploads\/2015\/08\/986-300x225.jpg\" alt=\"98\" width=\"300\" height=\"225\" srcset=\"https:\/\/eremos.eu\/wp-content\/uploads\/2015\/08\/986-300x225.jpg 300w, https:\/\/eremos.eu\/wp-content\/uploads\/2015\/08\/986-1024x767.jpg 1024w, https:\/\/eremos.eu\/wp-content\/uploads\/2015\/08\/986.jpg 1049w\" sizes=\"auto, (max-width: 300px) 100vw, 300px\" \/><\/a>La grotta del Santo Salvatore, pi\u00f9 nota come \u201cil Salvatoriello\u201d, s\u2019apre a 750 metri sulla parete nordorientale del monte Stella, appena fuori dell\u2019abitato di Ogliara, ed ospita l\u2019antica struttura d\u2019una chiesa rupestre in stile bizantino, a testimonianza eloquente dell\u2019insediamento monastico greco-orientale. Sulla parete di fondo della grotta una vasca quadrangolare, che tutt\u2019oggi raccoglie le acque di stillicidio della roccia, precede una cavit\u00e0 con una piccola cisterna seguita da una terzo e pi\u00f9 esteso ambiente ipogeo di forma irregolare e caratterizzato da complesse opere murarie. Vani sovrapposti, nicchie, una probabile cella, archi e pilastri fino ad arrivare ad una cappella chiusa frontalmente da una parete absidale eretta a ridosso della roccia e, un tempo, interamente ricoperta d\u2019intonaco. Tracce e frammenti della decorazione di figure fortemente stilizzate (collocabili tra la fine del XIV e gli inizi del XV secolo) ma ancora piuttosto evidenti lasciano intuire la presenza di un importante affresco. Da quanto si evince dallo studio dei documenti storici, la chiesa del Santo Salvatore dipendeva dal monastero di Santa Maria de Vetero, consentendo cos\u00ec ai cenobiti del monte Vetero di fruire della grotta come luogo di raccoglimento e di ascetica solitudine. Tutto questo ovviamente prima dello stanziamento monastico benedettino, con regole e stile di vita assai diversi, che anche in quest\u2019area succeder\u00e0 alla penetrazione basiliana.<\/p>\n<p style=\"text-align: justify;\"><a href=\"https:\/\/eremos.eu\/wp-content\/uploads\/2015\/08\/98b.jpg\"><img loading=\"lazy\" decoding=\"async\" class=\" size-medium wp-image-1311 alignleft\" src=\"https:\/\/eremos.eu\/wp-content\/uploads\/2015\/08\/98a-300x225.jpg\" alt=\"98a\" width=\"300\" height=\"225\" srcset=\"https:\/\/eremos.eu\/wp-content\/uploads\/2015\/08\/98a-300x225.jpg 300w, https:\/\/eremos.eu\/wp-content\/uploads\/2015\/08\/98a.jpg 496w\" sizes=\"auto, (max-width: 300px) 100vw, 300px\" \/><img loading=\"lazy\" decoding=\"async\" class=\" size-medium wp-image-1310 alignnone\" src=\"https:\/\/eremos.eu\/wp-content\/uploads\/2015\/08\/98b-300x224.jpg\" alt=\"98b\" width=\"300\" height=\"224\" srcset=\"https:\/\/eremos.eu\/wp-content\/uploads\/2015\/08\/98b-300x224.jpg 300w, https:\/\/eremos.eu\/wp-content\/uploads\/2015\/08\/98b.jpg 496w\" sizes=\"auto, (max-width: 300px) 100vw, 300px\" \/><\/a><\/p>\n<hr \/>\n<h3><span style=\"color: #0000ff;\"><strong>VALLE VITULANESE<\/strong><\/span><\/h3>\n<p><strong>ABBAZIA DI SANTA MARIA IN GRUPTIS<\/strong> (Ruderi di complesso cenobitico semirupestre &#8211; X secolo)<\/p>\n<p>Localit\u00e0: <strong>Foglianise<\/strong> (BN) \u00a0 \u00a0 \u00a0 \u00a0 \u00a0 \u00a0 \u00a0 \u00a0 \u00a0 \u00a0 \u00a0 \u00a0 \u00a0 \u00a0Sub-area: <span style=\"color: #0000ff;\">Parco Regionale del Taburno-Camposauro<\/span><\/p>\n<p style=\"text-align: justify;\"><a href=\"https:\/\/eremos.eu\/wp-content\/uploads\/2015\/08\/998.jpg\"><img loading=\"lazy\" decoding=\"async\" class=\"alignleft size-medium wp-image-5394\" src=\"https:\/\/eremos.eu\/wp-content\/uploads\/2015\/08\/998-300x200.jpg\" alt=\"99\" width=\"300\" height=\"200\" srcset=\"https:\/\/eremos.eu\/wp-content\/uploads\/2015\/08\/998-300x200.jpg 300w, https:\/\/eremos.eu\/wp-content\/uploads\/2015\/08\/998.jpg 713w\" sizes=\"auto, (max-width: 300px) 100vw, 300px\" \/><\/a>I ruderi della badia benedettina\u00a0di Santa Maria in Gruptis o della Grotta, su uno strapiombo detto il Funno, in una posizione strategica in corrispondenza delle vecchie mulattiere che collegavano la valle Telesina a quella Vitulanese, sono ancora l\u00ec a testimonianza di un passato ricco di storia e di leggende. L\u2019abbazia, il cui nome pi\u00f9 antico spesso ritrovato nei documenti era quello di Santa Maria di Monte Drago, venne\u00a0fondata\u00a0tra il\u00a0940\u00a0e il\u00a0944\u00a0dal principe longobardo Atenulfo di Benevento e dedicato alla Madonna. In seguito, probabilmente, fu aggiunto il toponimo \u201cdella Grotta\u201d per via delle grotte naturali di origine carsica e dimore di eremiti, tutt\u2019ora presenti lungo la parete rocciosa. Tuttavia \u00e8 opinione comune che il monastero sia stato costruito e abitato da monaci eremiti benedettini che, fatto salvo il periodo celestino durato un paio di secoli, vi restarono fino alle soppressioni papali del 1652. Con il\u00a01660\u00a0ha inizio la breve permanenza dei monaci\u00a0camaldolesi <a href=\"https:\/\/eremos.eu\/wp-content\/uploads\/2015\/08\/99a5.jpg\"><img loading=\"lazy\" decoding=\"async\" class=\"alignright wp-image-5395\" src=\"https:\/\/eremos.eu\/wp-content\/uploads\/2015\/08\/99a5-300x233.jpg\" alt=\"99a\" width=\"283\" height=\"220\" srcset=\"https:\/\/eremos.eu\/wp-content\/uploads\/2015\/08\/99a5-300x233.jpg 300w, https:\/\/eremos.eu\/wp-content\/uploads\/2015\/08\/99a5.jpg 872w\" sizes=\"auto, (max-width: 283px) 100vw, 283px\" \/><\/a>che, dopo il terremoto del 1688, saranno costretti ad abbandonarlo, condannandolo cos\u00ec al degrado. Dall\u2019ammasso di ruderi che, ancora oggi, riescono ancora a dare un\u2019idea dell\u2019originaria imponenza dell\u2019edificio (lungo 59 metri, largo 20 e alto circa 28) \u00e8 possibile riconoscere la torre quadrata su tre livelli, l\u2019alto recinto murario che chiudeva il monastero a monte, la porta d\u2019ingresso principale e la parte absidale della chiesa con tracce d\u2019intonaco. A destra di quest\u2019ultima una scala conduce ad una quota pi\u00f9 alta dove una serie di ambienti comunicanti doveva probabilmente costituire la zona riservata ai monaci.<\/p>\n<p><a href=\"https:\/\/eremos.eu\/wp-content\/uploads\/2015\/08\/99b.jpg\"><img loading=\"lazy\" decoding=\"async\" class=\"alignleft wp-image-1316\" src=\"https:\/\/eremos.eu\/wp-content\/uploads\/2015\/08\/99b.jpg\" alt=\"99b\" width=\"286\" height=\"220\" \/><\/a><\/p>\n<p><a href=\"https:\/\/eremos.eu\/wp-content\/uploads\/2015\/08\/99c.jpg\"><img loading=\"lazy\" decoding=\"async\" class=\" wp-image-1317 alignnone\" src=\"https:\/\/eremos.eu\/wp-content\/uploads\/2015\/08\/99c-300x213.jpg\" alt=\"99c\" width=\"310\" height=\"220\" srcset=\"https:\/\/eremos.eu\/wp-content\/uploads\/2015\/08\/99c-300x213.jpg 300w, https:\/\/eremos.eu\/wp-content\/uploads\/2015\/08\/99c.jpg 398w\" sizes=\"auto, (max-width: 310px) 100vw, 310px\" \/><\/a><\/p>\n<hr \/>\n<p><strong>EREMO DI SAN MICHELE ARCANGELO<\/strong> (Chiesa e romitorio rupestri &#8211; VI secolo)<\/p>\n<p>Localit\u00e0: <strong>Foglianise<\/strong> (BN) \u00a0 \u00a0 \u00a0 \u00a0 \u00a0 \u00a0 \u00a0 \u00a0 \u00a0 \u00a0 \u00a0 \u00a0 \u00a0 \u00a0Sub-area: <span style=\"color: #0000ff;\">Parco Regionale del Taburno-Camposauro<\/span><\/p>\n<p style=\"text-align: justify;\">L\u2019eremo di San Michele Arcangelo, sul versante meridionale del monte Caruso, \u00e8 un complesso rupestre edificato in corrispondenza di alcune grotte carsiche, con una marcata presenza di acqua. La chiesa, eretta intorno al VI secolo, occupa la grotta al livello superiore e consta di un altare in pietra viva con un affresco di epoca longobarda; mentre il romitorio con le celle per i monaci sfrutta alcune grotte sottostanti. Ristrutturato di recente, per ovvie ragioni storico<a href=\"https:\/\/eremos.eu\/wp-content\/uploads\/2015\/08\/100a1.jpg\"><img loading=\"lazy\" decoding=\"async\" class=\"alignright wp-image-1319\" src=\"https:\/\/eremos.eu\/wp-content\/uploads\/2015\/08\/100a1-235x300.jpg\" alt=\"100a\" width=\"211\" height=\"269\" srcset=\"https:\/\/eremos.eu\/wp-content\/uploads\/2015\/08\/100a1-235x300.jpg 235w, https:\/\/eremos.eu\/wp-content\/uploads\/2015\/08\/100a1.jpg 372w\" sizes=\"auto, (max-width: 211px) 100vw, 211px\" \/><\/a>-ambientali, l\u2019eremo costituisce un elemento peculiare dell\u2019identit\u00e0 culturale della popolazione di Foglianise e, pi\u00f9 in generale, del Sannio.<\/p>\n<p style=\"text-align: justify;\"><a href=\"https:\/\/eremos.eu\/wp-content\/uploads\/2015\/08\/1001.jpg\"><img loading=\"lazy\" decoding=\"async\" class=\"alignnone wp-image-1318 size-medium\" src=\"https:\/\/eremos.eu\/wp-content\/uploads\/2015\/08\/1001-300x200.jpg\" alt=\"100\" width=\"300\" height=\"200\" srcset=\"https:\/\/eremos.eu\/wp-content\/uploads\/2015\/08\/1001-300x200.jpg 300w, https:\/\/eremos.eu\/wp-content\/uploads\/2015\/08\/1001.jpg 483w\" sizes=\"auto, (max-width: 300px) 100vw, 300px\" \/><\/a><\/p>\n<p><a href=\"https:\/\/eremos.eu\/wp-content\/uploads\/2015\/08\/100b1.jpg\"><img loading=\"lazy\" decoding=\"async\" class=\"alignleft size-medium wp-image-1320\" src=\"https:\/\/eremos.eu\/wp-content\/uploads\/2015\/08\/100b1-300x224.jpg\" alt=\"100b\" width=\"300\" height=\"224\" srcset=\"https:\/\/eremos.eu\/wp-content\/uploads\/2015\/08\/100b1-300x224.jpg 300w, https:\/\/eremos.eu\/wp-content\/uploads\/2015\/08\/100b1.jpg 637w\" sizes=\"auto, (max-width: 300px) 100vw, 300px\" \/><\/a><a href=\"https:\/\/eremos.eu\/wp-content\/uploads\/2015\/08\/100c1.jpg\"><img loading=\"lazy\" decoding=\"async\" class=\" size-medium wp-image-1321 alignnone\" src=\"https:\/\/eremos.eu\/wp-content\/uploads\/2015\/08\/100c1-300x225.jpg\" alt=\"100c\" width=\"300\" height=\"225\" srcset=\"https:\/\/eremos.eu\/wp-content\/uploads\/2015\/08\/100c1-300x225.jpg 300w, https:\/\/eremos.eu\/wp-content\/uploads\/2015\/08\/100c1.jpg 634w\" sizes=\"auto, (max-width: 300px) 100vw, 300px\" \/><\/a><\/p>\n<hr \/>\n<p><strong>EREMO DI SAN MENNA<\/strong> (Chiesa-romitorio semirupestre &#8211; X secolo)<\/p>\n<p><a href=\"https:\/\/eremos.eu\/wp-content\/uploads\/2015\/08\/101b5.jpg\"><img loading=\"lazy\" decoding=\"async\" class=\"alignright size-medium wp-image-5396\" src=\"https:\/\/eremos.eu\/wp-content\/uploads\/2015\/08\/101b5-300x221.jpg\" alt=\"101b\" width=\"300\" height=\"221\" srcset=\"https:\/\/eremos.eu\/wp-content\/uploads\/2015\/08\/101b5-300x221.jpg 300w, https:\/\/eremos.eu\/wp-content\/uploads\/2015\/08\/101b5.jpg 631w\" sizes=\"auto, (max-width: 300px) 100vw, 300px\" \/><\/a>Localit\u00e0: <strong>Vitulano<\/strong> (BN)<\/p>\n<p>Sub-area: <span style=\"color: #0000ff;\">Parco Regionale del Taburno-Camposauro<\/span><\/p>\n<p style=\"text-align: justify;\">La chiesa o eremo di San Menna, situata sulla sommit\u00e0 dell\u2019omonimo monte a Vitulano ed uno dei pi\u00f9 importanti luoghi di culto per gli abitanti della valle Vitulanese, fu edificata nel X secolo nei pressi della cella dove il Santo si ritir\u00f2 nella prima met\u00e0 del VI secolo, di cui per\u00f2 non rimane alcuna traccia, fatta salva l\u2019ipotesi secondo cui la calotta della grotta possa essere crollata nel corso dei secoli.<\/p>\n<p style=\"text-align: justify;\"><a href=\"https:\/\/eremos.eu\/wp-content\/uploads\/2015\/08\/1013.jpg\"><img loading=\"lazy\" decoding=\"async\" class=\"alignleft wp-image-1323\" src=\"https:\/\/eremos.eu\/wp-content\/uploads\/2015\/08\/1013-300x214.jpg\" alt=\"101\" width=\"309\" height=\"220\" srcset=\"https:\/\/eremos.eu\/wp-content\/uploads\/2015\/08\/1013-300x214.jpg 300w, https:\/\/eremos.eu\/wp-content\/uploads\/2015\/08\/1013.jpg 595w\" sizes=\"auto, (max-width: 309px) 100vw, 309px\" \/><\/a><\/p>\n<p><a href=\"https:\/\/eremos.eu\/wp-content\/uploads\/2015\/08\/101a.jpg\"><img loading=\"lazy\" decoding=\"async\" class=\" wp-image-1324 alignnone\" src=\"https:\/\/eremos.eu\/wp-content\/uploads\/2015\/08\/101a-300x232.jpg\" alt=\"101a\" width=\"285\" height=\"220\" srcset=\"https:\/\/eremos.eu\/wp-content\/uploads\/2015\/08\/101a-300x232.jpg 300w, https:\/\/eremos.eu\/wp-content\/uploads\/2015\/08\/101a.jpg 584w\" sizes=\"auto, (max-width: 285px) 100vw, 285px\" \/><\/a><\/p>\n<hr \/>\n<h3><span style=\"color: #0000ff;\"><strong>VALLO DI DIANO<\/strong><\/span><\/h3>\n<p><strong>GROTTA DI SANT&#8217;ANGELO<\/strong> (Santuario rupestre &#8211; VIII-IX secolo)<\/p>\n<p>Localit\u00e0: <strong>Montesano sulla Marcellana<\/strong> (SA) \u00a0 \u00a0 \u00a0 \u00a0 \u00a0 \u00a0 \u00a0 \u00a0 \u00a0 \u00a0 \u00a0 \u00a0 \u00a0 \u00a0Sub-area: <span style=\"color: #0000ff;\">Monti della Maddalena<\/span><\/p>\n<p style=\"text-align: justify;\"><a href=\"https:\/\/eremos.eu\/wp-content\/uploads\/2015\/08\/10211.jpg\"><img loading=\"lazy\" decoding=\"async\" class=\"alignright size-medium wp-image-5397\" src=\"https:\/\/eremos.eu\/wp-content\/uploads\/2015\/08\/10211-300x237.jpg\" alt=\"102\" width=\"300\" height=\"237\" srcset=\"https:\/\/eremos.eu\/wp-content\/uploads\/2015\/08\/10211-300x237.jpg 300w, https:\/\/eremos.eu\/wp-content\/uploads\/2015\/08\/10211.jpg 506w\" sizes=\"auto, (max-width: 300px) 100vw, 300px\" \/><\/a>La grotta di Sant\u2019Angelo, ubicata in localit\u00e0 Eliceto, a breve distanza dal complesso termale di Montesano, \u00e8 una cappella rupestre dalla storia incerta. Per quanto la spelonca sia stata utilizzata in tempi assai remoti, le prime notizie documentali sul luogo di culto si cominciano ad avere solo a partire dal XVII secolo. In ogni caso, la sua denominazione rimanda inconfutabilmente al diffondersi in epoca altomedievale del culto micaelico. La grotta \u00e8 costituita da una prima galleria, di media grandezza, in cui trovano posto due tombe ed un altare che, fino a qualche tempo fa, era abbellito da un dipinto del Santo guerriero. Uno stretto cunicolo conduce, poi, ad un secondo ambiente, pi\u00f9 basso rispetto al primo e dotato anch\u2019esso di un altare. Dopo un\u2019incresciosa serie di deturpazioni e di atti vandalici, la chiesa rupestre \u00e8 attualmente oggetto di un serio ed attento recupero.<\/p>\n<hr \/>\n<p style=\"text-align: justify;\"><strong>EREMO DI SAN MICHELE ALLE GROTTELLE<\/strong> (Santuario rupestre &#8211; IV-X secolo)<\/p>\n<p style=\"text-align: justify;\">Localit\u00e0: <strong>Padula<\/strong> (SA) \u00a0 \u00a0 \u00a0 \u00a0 \u00a0 \u00a0 \u00a0 \u00a0 \u00a0 \u00a0 \u00a0 \u00a0 \u00a0 \u00a0 Sub-area: <span style=\"color: #0000ff;\">Monti della Maddalena<\/span><\/p>\n<p style=\"text-align: justify;\"><a href=\"https:\/\/eremos.eu\/wp-content\/uploads\/2015\/08\/103d1.jpg\"><img loading=\"lazy\" decoding=\"async\" class=\"alignright wp-image-5398 size-medium\" src=\"https:\/\/eremos.eu\/wp-content\/uploads\/2015\/08\/103d1-210x300.jpg\" alt=\"103d\" width=\"210\" height=\"300\" srcset=\"https:\/\/eremos.eu\/wp-content\/uploads\/2015\/08\/103d1-210x300.jpg 210w, https:\/\/eremos.eu\/wp-content\/uploads\/2015\/08\/103d1.jpg 353w\" sizes=\"auto, (max-width: 210px) 100vw, 210px\" \/><\/a>L\u2019eremo di San Michele alle Grottelle, situato alle pendici meridionali del colle Civita, \u00e8 la suggestiva chiesa rupestre eretta accorpando la preesistente grotta. Sulle origini del luogo di culto si hanno scarse notizie, per quanto la vicinanza con l&#8217;antica citt\u00e0 lucana di Padula lascia desumere la frequentazione dapprima in et\u00e0 preistorica, poi come tempio pagano del dio Attis, signore delle forze sotterranee, delle acque e dei terremoti, e infine, con l\u2019avvento costantiniano, come chiesa cristiana. La realizzazione dell\u2019edificio religioso, che si deve probabilmente all\u2019iniziativa e alla devozione di qualche pio cittadino, avviene invece pi\u00f9 avanti, forse intorno all\u2019anno Mille. Oltre l&#8217;ingresso, sulla sinistra, una rientranza della roccia ospita un primo ciclo di pitture della fine del Trecento con varie raffigurazioni della <i>Vergine<\/i> e, poco oltre, l&#8217;accesso alla grotta che costituisce la cappella principale. In questa, oltre alla tomba marmorea cinquecentesca di Bernardino Brancaccio, una nicchia semicircolare della roccia, quasi un\u2019abside naturale, ospita un altare con una piccola statua dell&#8217;Arcangelo e, dietro, un ciclo pittorico con un\u2019iconografia di san Giacomo de Compostela del XIV secolo.<\/p>\n<p style=\"text-align: justify;\"><a href=\"https:\/\/eremos.eu\/wp-content\/uploads\/2015\/08\/1031.jpg\"><img loading=\"lazy\" decoding=\"async\" class=\"alignleft size-medium wp-image-1326\" src=\"https:\/\/eremos.eu\/wp-content\/uploads\/2015\/08\/1031-300x201.jpg\" alt=\"103\" width=\"300\" height=\"201\" srcset=\"https:\/\/eremos.eu\/wp-content\/uploads\/2015\/08\/1031-300x201.jpg 300w, https:\/\/eremos.eu\/wp-content\/uploads\/2015\/08\/1031.jpg 811w\" sizes=\"auto, (max-width: 300px) 100vw, 300px\" \/><\/a><a href=\"https:\/\/eremos.eu\/wp-content\/uploads\/2015\/08\/103a1.jpg\"><img loading=\"lazy\" decoding=\"async\" class=\" size-medium wp-image-1327 alignnone\" src=\"https:\/\/eremos.eu\/wp-content\/uploads\/2015\/08\/103a1-300x200.jpg\" alt=\"103a\" width=\"300\" height=\"200\" srcset=\"https:\/\/eremos.eu\/wp-content\/uploads\/2015\/08\/103a1-300x200.jpg 300w, https:\/\/eremos.eu\/wp-content\/uploads\/2015\/08\/103a1.jpg 872w\" sizes=\"auto, (max-width: 300px) 100vw, 300px\" \/><\/a><\/p>\n<p><a href=\"https:\/\/eremos.eu\/wp-content\/uploads\/2015\/08\/103b1.jpg\"><img loading=\"lazy\" decoding=\"async\" class=\"alignleft size-medium wp-image-1328\" src=\"https:\/\/eremos.eu\/wp-content\/uploads\/2015\/08\/103b1-300x199.jpg\" alt=\"103b\" width=\"300\" height=\"199\" srcset=\"https:\/\/eremos.eu\/wp-content\/uploads\/2015\/08\/103b1-300x199.jpg 300w, https:\/\/eremos.eu\/wp-content\/uploads\/2015\/08\/103b1.jpg 504w\" sizes=\"auto, (max-width: 300px) 100vw, 300px\" \/><\/a><a href=\"https:\/\/eremos.eu\/wp-content\/uploads\/2015\/08\/103c.jpg\"><img loading=\"lazy\" decoding=\"async\" class=\" size-medium wp-image-1329 alignnone\" src=\"https:\/\/eremos.eu\/wp-content\/uploads\/2015\/08\/103c-300x199.jpg\" alt=\"103c\" width=\"300\" height=\"199\" srcset=\"https:\/\/eremos.eu\/wp-content\/uploads\/2015\/08\/103c-300x199.jpg 300w, https:\/\/eremos.eu\/wp-content\/uploads\/2015\/08\/103c.jpg 504w\" sizes=\"auto, (max-width: 300px) 100vw, 300px\" \/><\/a><\/p>\n<p><a href=\"https:\/\/eremos.eu\/wp-content\/uploads\/2015\/08\/103e.jpg\"><img loading=\"lazy\" decoding=\"async\" class=\"alignleft size-medium wp-image-1330\" src=\"https:\/\/eremos.eu\/wp-content\/uploads\/2015\/08\/103e-300x199.jpg\" alt=\"103e\" width=\"300\" height=\"199\" srcset=\"https:\/\/eremos.eu\/wp-content\/uploads\/2015\/08\/103e-300x199.jpg 300w, https:\/\/eremos.eu\/wp-content\/uploads\/2015\/08\/103e.jpg 504w\" sizes=\"auto, (max-width: 300px) 100vw, 300px\" \/><\/a><a href=\"https:\/\/eremos.eu\/wp-content\/uploads\/2015\/08\/103f.jpg\"><img loading=\"lazy\" decoding=\"async\" class=\" size-medium wp-image-1331 alignnone\" src=\"https:\/\/eremos.eu\/wp-content\/uploads\/2015\/08\/103f-300x199.jpg\" alt=\"103f\" width=\"300\" height=\"199\" srcset=\"https:\/\/eremos.eu\/wp-content\/uploads\/2015\/08\/103f-300x199.jpg 300w, https:\/\/eremos.eu\/wp-content\/uploads\/2015\/08\/103f.jpg 504w\" sizes=\"auto, (max-width: 300px) 100vw, 300px\" \/><\/a><\/p>\n<hr \/>\n<p><strong>GROTTA DI SANT&#8217;ANGELO<\/strong> (Ruderi di cenobio e chiesa rupestri &#8211; VIII-IX secolo)<\/p>\n<p>Localit\u00e0: <strong>Sala Consilina<\/strong> (SA) \u00a0 \u00a0 \u00a0 \u00a0 \u00a0 \u00a0 \u00a0 \u00a0 \u00a0 \u00a0 \u00a0 \u00a0 \u00a0 \u00a0 \u00a0Sub-area: <span style=\"color: #0000ff;\">Monti della Maddalena<\/span><\/p>\n<p style=\"text-align: justify;\">La grotta di Sant\u2019Angelo, situata a mezza costa della montagna, sull\u2019antico tratturo che collega Sala Consilina a Padula, \u00e8 la cappella rupestre con annesso romitorio da sempre luogo di culto e pellegrinaggio per la gente del luogo. Con gli ampliamenti effettuati nel Settecento il complesso religioso ha assunto l\u2019aspetto attuale, con<a href=\"https:\/\/eremos.eu\/wp-content\/uploads\/2015\/08\/104b.jpg\"><img loading=\"lazy\" decoding=\"async\" class=\"alignright wp-image-1335\" src=\"https:\/\/eremos.eu\/wp-content\/uploads\/2015\/08\/104b-300x129.jpg\" alt=\"104b\" width=\"373\" height=\"160\" srcset=\"https:\/\/eremos.eu\/wp-content\/uploads\/2015\/08\/104b-300x129.jpg 300w, https:\/\/eremos.eu\/wp-content\/uploads\/2015\/08\/104b.jpg 583w\" sizes=\"auto, (max-width: 373px) 100vw, 373px\" \/><\/a> l\u2019inconfondibile colore rosso pompeiano, affinch\u00e9 si potesse scorgere anche dal paese. All\u2019interno \u00e8 custodita l\u2019immagine del Santo, probabilmente della fine del \u2018500. Dell\u2019antico romitorio, forse il vicino monastero di Sant\u2019Angelo in Fonti (XIV secolo), sono invece rimasti un residuo di torre, che spicca ancora tra la rada vegetazione, ed altri spezzoni delle mura perimetrali. Si sa per certo che il monastero, nel quale peraltro erano magistralmente fusi lo stile romanico della struttura con quello gotico delle decorazioni, ha ospitato nella prima met\u00e0 del \u2018300 una comunit\u00e0 di monache cistercensi dell\u2019ordine di San Bernardo, per essere dopo pochi anni abbandonato a causa della grave pestilenza che colp\u00ec l\u2019intera penisola nel 1348.<\/p>\n<p style=\"text-align: justify;\"><a href=\"https:\/\/eremos.eu\/wp-content\/uploads\/2015\/08\/104a.jpg\"><img loading=\"lazy\" decoding=\"async\" class=\"alignleft wp-image-1334\" src=\"https:\/\/eremos.eu\/wp-content\/uploads\/2015\/08\/104a.jpg\" alt=\"104a\" width=\"280\" height=\"210\" \/><\/a><a href=\"https:\/\/eremos.eu\/wp-content\/uploads\/2015\/08\/1041.jpg\"><img loading=\"lazy\" decoding=\"async\" class=\" wp-image-1333 alignnone\" src=\"https:\/\/eremos.eu\/wp-content\/uploads\/2015\/08\/1041.jpg\" alt=\"104\" width=\"311\" height=\"210\" \/><\/a><\/p>\n<hr \/>\n<p>&nbsp;<\/p>\n","protected":false},"excerpt":{"rendered":"<p>&nbsp; ARCIPELAGO CAMPANO EREMO DI SANTA MARIA A CETRELLA (Chiesa-romitorio &#8211; XV secolo) Localit\u00e0: Anacapri (NA) L\u2019eremo di Santa Maria a Cetrella, in solitaria posizione sul ciglio dell\u2019alta parete rocciosa che sovrasta Anacapri, \u00e8 un esempio dell\u2019architettura tardogotica caprese del XV secolo. Si ipotizza che il toponimo \u201ccetrella\u201d possa derivare&#8230;<\/p>\n","protected":false},"author":1,"featured_media":0,"parent":0,"menu_order":0,"comment_status":"open","ping_status":"open","template":"","meta":{"footnotes":""},"class_list":["post-23","page","type-page","status-publish","hentry"],"_links":{"self":[{"href":"https:\/\/eremos.eu\/index.php\/wp-json\/wp\/v2\/pages\/23","targetHints":{"allow":["GET"]}}],"collection":[{"href":"https:\/\/eremos.eu\/index.php\/wp-json\/wp\/v2\/pages"}],"about":[{"href":"https:\/\/eremos.eu\/index.php\/wp-json\/wp\/v2\/types\/page"}],"author":[{"embeddable":true,"href":"https:\/\/eremos.eu\/index.php\/wp-json\/wp\/v2\/users\/1"}],"replies":[{"embeddable":true,"href":"https:\/\/eremos.eu\/index.php\/wp-json\/wp\/v2\/comments?post=23"}],"version-history":[{"count":5,"href":"https:\/\/eremos.eu\/index.php\/wp-json\/wp\/v2\/pages\/23\/revisions"}],"predecessor-version":[{"id":6119,"href":"https:\/\/eremos.eu\/index.php\/wp-json\/wp\/v2\/pages\/23\/revisions\/6119"}],"wp:attachment":[{"href":"https:\/\/eremos.eu\/index.php\/wp-json\/wp\/v2\/media?parent=23"}],"curies":[{"name":"wp","href":"https:\/\/api.w.org\/{rel}","templated":true}]}}